{"id":24992,"date":"2018-03-22T05:58:05","date_gmt":"2018-03-22T04:58:05","guid":{"rendered":"https:\/\/www.franceavelo.com\/product\/veloscenie-8jc\/"},"modified":"2025-11-05T10:06:13","modified_gmt":"2025-11-05T09:06:13","slug":"veloscenie-8-tage","status":"publish","type":"product","link":"https:\/\/www.franceavelo.com\/de\/product\/veloscenie-8-tage\/","title":{"rendered":"V\u00e9losc\u00e9nie &#8211; Ungef\u00fchrt &#8211; 8 Tage &#8211; Klassik"},"comment_status":"open","ping_status":"closed","template":"","class_list":["post-24992","product","type-product","status-publish","hentry"],"acf":{"product_code":"VS8C","product_title":"V\u00e9losc\u00e9nie - Ungef\u00fchrt - 8 Tage - Klassik","product_subtitle":"V\u00e9losc\u00e9nie, von Chartres nach Mont-Saint-Michel","product_description":"<p><strong>Eine au\u00dfergew\u00f6hnliche Radtour von Chartres, mit seiner Kathedrale des Lichts, \u00fcber normannische Wald- und Heckenlandschaften, die Thermen von Bagnoles de l\u2019Orne bis zum Mont-St.-Michel. 5 der UNESCO Weltkulturerbe liegen auf dem Weg und ein hoher Anteil an Fahrradwegen bieten eine ideale Kombination von Kultur- und Genussradeln.<\/strong><\/p>\n<p>&nbsp;<\/p>\n<h4><strong>HIGHLIGHTS<\/strong><\/h4>\n<p><span style=\"color: #35a186\"><strong>3 UNESCO Weltkulturerbe<\/strong><\/span><br \/>\n<span style=\"color: #35a186\"><strong>Regionalpark Normandie-Maine<\/strong><\/span><br \/>\n<span style=\"color: #35a186\"><strong>Radeln auf der V\u00e9loscenie<\/strong><\/span><br \/>\n<span style=\"color: #35a186\"><strong>Katedrale von Chartres<\/strong><\/span><\/p>\n<p><span style=\"color: #35a186\"><strong>Mont St Michel<\/strong><\/span><\/p>\n","product_pdf_datasheet":{"ID":76006,"id":76006,"title":"Angebot_V\u00e9loscenie_Individuell_VS8C_Classique_2026_compressed","filename":"Angebot_Veloscenie_Individuell_VS8C_Classique_2026_compressed-1.pdf","filesize":786756,"url":"https:\/\/www.franceavelo.com\/wp-content\/uploads\/2018\/03\/Angebot_Veloscenie_Individuell_VS8C_Classique_2026_compressed-1.pdf","link":"https:\/\/www.franceavelo.com\/de\/product\/veloscenie-8-tage\/angebot_veloscenie_individuell_vs8c_classique_2026_compressed-2\/","alt":"","author":"12","description":"","caption":"","name":"angebot_veloscenie_individuell_vs8c_classique_2026_compressed-2","status":"inherit","uploaded_to":24992,"date":"2025-10-27 10:26:52","modified":"2025-10-27 10:26:52","menu_order":0,"mime_type":"application\/pdf","type":"application","subtype":"pdf","icon":"https:\/\/www.franceavelo.com\/wp-includes\/images\/media\/document.png"},"product_zone":"fr","product_subzone":"fr_15","product_travel_type":{"value":"ty_2","label":"Non Guid\u00e9"},"product_ambiance":[{"value":"am_4","label":"E bike"},{"value":"am_5","label":"Culture\u00a0"}],"product_landscape":[{"value":"la_2","label":"Nature"},{"value":"la_5","label":"Ch\u00e2teau"},{"value":"la_6","label":"Voie verte"}],"product_nb_kilometer":"327","product_nb_day":"8","product_nb_night":"7","product_day_by_day_repeat":[{"product_day_by_day_bloc":"<h4><strong>Tag 1 Chartres<\/strong><\/h4>\n<p>Anreise bis nach <strong>Chartres<\/strong>. In den kleinen Gassen der Altstadt k\u00f6nnen Sie sich perfekt mit einem Caf\u00e9 auf den Radurlaub einstellen. Einen Besuch in der ber\u00fchmten <strong><span style=\"color: #35a186\"><a style=\"color: #35a186\" href=\"https:\/\/www.chartres-tourisme.com\/de\/die-kathedrale\/die-geschichte-der-kathedrale-von-chartres\" target=\"_blank\" rel=\"noopener\">Kathedrale<\/a><\/span><\/strong> mit ihren ber\u00fchmten Glasfenstern sollten Sie auf keinen Fall vers\u00e4umen.<\/p>\n"},{"product_day_by_day_bloc":"<h4><strong>Tag 2 Chartres \u00a0\u2013 Illiers Combray 30 km<\/strong><\/h4>\n<p>Am Morgen haben Sie nochmals Zeit die Stadt zu besichtigen. Dann brechen Sie nach Illiers auf. Sie radeln durch romantische Landschaften, die schon Marcel Proust zu seinem ber\u00fchmten Roman \u201eAuf der Suche nach der verlorenen Zeit\u201c inspirierten.<\/p>\n"},{"product_day_by_day_bloc":"<h4><strong>Tag 3 Illiers Combray \u2013 Condeau 61 km<\/strong><\/h4>\n<p>Pr\u00e4gend f\u00fcr diese Etappe sind die vielen G\u00e4rten, welche sich auf dem Weg zu den Abteig\u00e4rten der Abbaye de Thiron-Gardais befinden. Weiterfahrt nach <strong>Nogent-le-Rotrou<\/strong> mit seiner <strong><span style=\"color: #35a186\"><a style=\"color: #35a186\" href=\"http:\/\/www.perche-tourisme.fr\/Explorer\/Nos-incontournables\/Chateau-des-Comtes-du-Perche-Nogent-le-Rotrou\" target=\"_blank\" rel=\"noopener\">mittelalterlichen Festungsanlage<\/a><\/span><\/strong>.<\/p>\n"},{"product_day_by_day_bloc":"<h4><strong>Tag 4 Condeau\u2013 Alen\u00e7on 60 km<\/strong><\/h4>\n<p>Vorbei an Herrenh\u00e4usern und M\u00fchlen, durch pittoreske D\u00f6rfer geht es durch den Regionalpark Normandie-Maine bis nach <strong>Alen\u00e7on<\/strong>. Die Spitze (der Stoff) \u201ePoint d\u2018Alencon\u201c wurde mit in die Liste des immateriellen Kulturerbes der UNESCO aufgenommen.<\/p>\n"},{"product_day_by_day_bloc":"<h4><strong>Tag 5 Alen\u00e7on \u2013 Bagnoles-de l\u2019Orne <\/strong><strong>53 km<\/strong><\/h4>\n<p>Das <span style=\"color: #35a186\"><a style=\"color: #35a186\" href=\"http:\/\/www.chateau-carrouges.fr\/en\/\" target=\"_blank\" rel=\"noopener\"><strong>Ch\u00e2teau de Carrouges<\/strong><\/a><\/span> aus dem 14. &#8211; 17. Jahrhundert und anschlie\u00dfend die Thermalstadt <strong>Bagnoles-de-l\u2019Orne<\/strong>\u00a0 bieten zwei erlebnisreiche Tagesprogramme.<\/p>\n"},{"product_day_by_day_bloc":"<h4><strong>Tag 6 Bagnoles \u2013 St Hilaire du Harcou\u00ebt 61 km<\/strong><\/h4>\n<p>Die mittelalterliche Stadt <strong>Domfront<\/strong> ist ein erster kultureller Stopp, bevor Sie die gr\u00f6\u00dften Wasserf\u00e4lle des Nordwesten Frankreichs erreichen. Unterwegs typische normannische Farmh\u00e4user mit Apfelplantagen.<\/p>\n"},{"product_day_by_day_bloc":"<h4><strong>Tag 7 St Hilaire \u2013 Mont St Michel 61 km<\/strong><\/h4>\n<p>Auf schmalen Stra\u00dfen und Radwegen geht es durch die normannische Landschaft zum H\u00f6hepunkt der Reise und weiteres Weltkulturerbe der UNESCO: der<span style=\"color: #35a186\"><a style=\"color: #35a186\" href=\"https:\/\/de.normandie-tourisme.fr\/absolut-sehenswert\/mont-saint-michel\/\" target=\"_blank\" rel=\"noopener\"><strong> Mont St Michel<\/strong><\/a><\/span>!<\/p>\n"},{"product_day_by_day_bloc":"<h4><strong>Tag 8 Abreise<\/strong><\/h4>\n<p>Das Ende Ihrer Radreise ist gekommen. Transfer nach dem Fr\u00fchst\u00fcck zum Bahnhof von Saint Malo.<\/p>\n<p><strong> M\u00f6glichkeit unseren Shuttle-Service zur\u00fcck nach Chartres zu buchen.<\/strong><\/p>\n"}],"product_additional_info":"<p><strong>Streckencharakteristik<\/strong>: Der Gro\u00dfteil der Strecken verl\u00e4uft in der Ebene und ist somit flach. Bei den gelegentlichen Abstechern zu den D\u00f6rfern gibt es leichte Anstiege auf Nebenstra\u00dfen.<\/p>\n","product_how_to_come":"<table>\n<tbody>\n<tr>\n<td><strong>Mit dem Flugzeug:<\/strong> PARIS CHARLES DE GAULLE \/ PARIS ORLY \/ PARIS BEAUVAIS<br \/>\nMit Shuttle und Bussen erreicht man das Stadtzentrum von Paris. FRANCE A VELO bietet private Transporte von diesen Flugh\u00e4fen an &#8211; Preis auf Anfrage<strong>Mit dem Zug<\/strong>: Ankunft Bahnhof: CHARTRES<br \/>\nAlle 30 Minuten Verbindung von Paris Montparnasse<strong>Mit dem Auto<\/strong>:<br \/>\nParis (A10-A11)<br \/>\nLille \/ Belgien (A1-A3-A6B-A10-A11)<br \/>\nMetz \/ Luxembourg (A4-A86-A10-A11)<br \/>\nStrasbourg \/ Deutschland (A4-A86-A10-A11)<br \/>\nGenf \/ Schweiz\u00a0 (A40-A6-N104-A10-A11)<strong>Parkplatz: <\/strong>Unser Partner-Hotel bietet einen gesicherten Parkplatz f\u00fcr Ihren Pkw w\u00e4hrend der gesamten Reisedauer<\/td>\n<\/tr>\n<\/tbody>\n<\/table>\n","product_start_date_type":"range","product_days_range":["lundi","mardi","mercredi","jeudi","vendredi","samedi","dimanche"],"product_option_third_place_available":"false","product_option_road_bike":"","product_option_children_seat":"","product_option_follow_bike":"","product_option_trailer":"","product_dates":"<p><strong>Anreise<\/strong>: T\u00e4glich 14.03. -31.10.26<\/p>\n","product_link_product_repeat":[{"product_link_product_item":{"ID":60437,"post_author":"12","post_date":"2020-10-08 16:00:34","post_date_gmt":"2020-10-08 14:00:34","post_content":"","post_title":"V\u00e9losc\u00e9nie - Ungef\u00fchrt - 8 Tage - Eco","post_excerpt":"","post_status":"publish","comment_status":"open","ping_status":"closed","post_password":"","post_name":"veloscenie-8-tage-eco","to_ping":"","pinged":"","post_modified":"2025-11-05 10:05:50","post_modified_gmt":"2025-11-05 09:05:50","post_content_filtered":"","post_parent":0,"guid":"https:\/\/www.franceavelo.com\/?post_type=product&#038;p=60437","menu_order":0,"post_type":"product","post_mime_type":"","comment_count":"0","filter":"raw"}},{"product_link_product_item":{"ID":25042,"post_author":"42","post_date":"2018-03-22 06:41:53","post_date_gmt":"2018-03-22 05:41:53","post_content":"","post_title":"V\u00e9losc\u00e9nie - Ungef\u00fchrt - 10 Tage - Klassik","post_excerpt":"","post_status":"publish","comment_status":"open","ping_status":"closed","post_password":"","post_name":"paris-mont-saint-michel-10-tage","to_ping":"","pinged":"","post_modified":"2025-10-27 16:36:13","post_modified_gmt":"2025-10-27 15:36:13","post_content_filtered":"","post_parent":0,"guid":"https:\/\/www.franceavelo.com\/product\/veloscenie-10-j\/","menu_order":0,"post_type":"product","post_mime_type":"","comment_count":"0","filter":"raw"}},{"product_link_product_item":{"ID":25022,"post_author":"42","post_date":"2018-03-22 06:21:19","post_date_gmt":"2018-03-22 05:21:19","post_content":"","post_title":"V\u00e9losc\u00e9nie - Ungef\u00fchrt - 9 Tage - Klassik","post_excerpt":"","post_status":"publish","comment_status":"open","ping_status":"closed","post_password":"","post_name":"veloscenie-9-tage","to_ping":"","pinged":"","post_modified":"2025-10-28 09:47:04","post_modified_gmt":"2025-10-28 08:47:04","post_content_filtered":"","post_parent":0,"guid":"https:\/\/www.franceavelo.com\/product\/veloscenie-9-jc\/","menu_order":0,"post_type":"product","post_mime_type":"","comment_count":"0","filter":"raw"}}],"product_seasons":false,"product_difficulty":"2","product_lodging":"<p>2 \u00dcbernachtungen in 4-Sterne-Hotels<br \/>\n5 \u00dcbernachtungen in 3-Sterne-Hotels<\/p>\n","product_services":"<ul>\n<li>2 \u00dcbernachtungen in 4-Sterne-Hotels<\/li>\n<li>5 \u00dcbernachtungen in 3-Sterne-Hotels<\/li>\n<li>T\u00e4glich erweitertes Fr\u00fchst\u00fcck<\/li>\n<li>Begr\u00fc\u00dfungsgespr\u00e4ch<\/li>\n<li>T\u00e4glicher Gep\u00e4cktransfer<\/li>\n<li>Tourenbeschreibung auf unserer App<\/li>\n<li>Tourenbeschreibung mit Kartenmaterial<\/li>\n<li>Privattransfer zum Bahnhof in St Malo<\/li>\n<li>7\/7 Service Hotline<\/li>\n<\/ul>\n<p><em>Kurtaxe ist nicht im Preis mit inbegriffen. Diese muss vor Ort gezahlt werden.<\/em><\/p>\n<p><strong>Option :\u00a0<\/strong><\/p>\n<p>Vermietung Helm(e), Handyhalterung<\/p>\n<p>Aufpreis Einzelreisende: 510 \u20ac<\/p>\n<p>R\u00fccktransfer Saint Malo &#8211; Chartres : 150 \u20ac<\/p>\n<p>R\u00fccktransfer Pontorson &#8211; Chartres : 210 \u20ac<\/p>\n<p>10 Tage Variante ab Paris<br \/>\n9 Tage Variante ab Versailles<\/p>\n","product_option_add_night_single_before":"194","product_option_add_night_single_after":"122","product_option_add_night_double_after":"98","product_price_double_room":"1160","product_price_simple_room":"1627","product_option_add_night_double_before":"112","product_start_date_range":"14\/03\/2026","product_end_date_range":"31\/10\/2026","product_gallery_items":[{"product_gallery_item_type":"image","product_gallery_item_image":{"ID":73184,"id":73184,"title":"louvre-5767708_1280","filename":"louvre-5767708_1280.jpg","filesize":328458,"url":"https:\/\/www.franceavelo.com\/wp-content\/uploads\/2018\/03\/louvre-5767708_1280.jpg","link":"https:\/\/www.franceavelo.com\/de\/product\/veloscenie-8-tage\/louvre-5767708_1280-2\/","alt":"","author":"12","description":"","caption":"","name":"louvre-5767708_1280-2","status":"inherit","uploaded_to":24992,"date":"2024-12-14 14:17:06","modified":"2024-12-14 14:17:06","menu_order":0,"mime_type":"image\/jpeg","type":"image","subtype":"jpeg","icon":"https:\/\/www.franceavelo.com\/wp-includes\/images\/media\/default.png","width":1280,"height":853,"sizes":{"thumbnail":"https:\/\/www.franceavelo.com\/wp-content\/uploads\/2018\/03\/louvre-5767708_1280-150x150.jpg","thumbnail-width":150,"thumbnail-height":150,"medium":"https:\/\/www.franceavelo.com\/wp-content\/uploads\/2018\/03\/louvre-5767708_1280-300x200.jpg","medium-width":300,"medium-height":200,"medium_large":"https:\/\/www.franceavelo.com\/wp-content\/uploads\/2018\/03\/louvre-5767708_1280-768x512.jpg","medium_large-width":768,"medium_large-height":512,"large":"https:\/\/www.franceavelo.com\/wp-content\/uploads\/2018\/03\/louvre-5767708_1280-1024x682.jpg","large-width":1024,"large-height":682,"1536x1536":"https:\/\/www.franceavelo.com\/wp-content\/uploads\/2018\/03\/louvre-5767708_1280.jpg","1536x1536-width":1280,"1536x1536-height":853,"2048x2048":"https:\/\/www.franceavelo.com\/wp-content\/uploads\/2018\/03\/louvre-5767708_1280.jpg","2048x2048-width":1280,"2048x2048-height":853,"product_option_intro":"https:\/\/www.franceavelo.com\/wp-content\/uploads\/2018\/03\/louvre-5767708_1280-300x220.jpg","product_option_intro-width":300,"product_option_intro-height":220,"postlist_thumbnail":"https:\/\/www.franceavelo.com\/wp-content\/uploads\/2018\/03\/louvre-5767708_1280-200x200.jpg","postlist_thumbnail-width":200,"postlist_thumbnail-height":200,"content_full_desktop":"https:\/\/www.franceavelo.com\/wp-content\/uploads\/2018\/03\/louvre-5767708_1280-970x646.jpg","content_full_desktop-width":970,"content_full_desktop-height":646,"content_full_desktop_retina":"https:\/\/www.franceavelo.com\/wp-content\/uploads\/2018\/03\/louvre-5767708_1280.jpg","content_full_desktop_retina-width":1280,"content_full_desktop_retina-height":853,"content_half_desktop":"https:\/\/www.franceavelo.com\/wp-content\/uploads\/2018\/03\/louvre-5767708_1280-485x323.jpg","content_half_desktop-width":485,"content_half_desktop-height":323,"content_full_tablet":"https:\/\/www.franceavelo.com\/wp-content\/uploads\/2018\/03\/louvre-5767708_1280-750x500.jpg","content_full_tablet-width":750,"content_full_tablet-height":500,"content_full_tablet_retina":"https:\/\/www.franceavelo.com\/wp-content\/uploads\/2018\/03\/louvre-5767708_1280.jpg","content_full_tablet_retina-width":1280,"content_full_tablet_retina-height":853,"content_half_tablet":"https:\/\/www.franceavelo.com\/wp-content\/uploads\/2018\/03\/louvre-5767708_1280-375x250.jpg","content_half_tablet-width":375,"content_half_tablet-height":250,"content_full_mobile":"https:\/\/www.franceavelo.com\/wp-content\/uploads\/2018\/03\/louvre-5767708_1280-500x333.jpg","content_full_mobile-width":500,"content_full_mobile-height":333,"content_full_mobile_retina":"https:\/\/www.franceavelo.com\/wp-content\/uploads\/2018\/03\/louvre-5767708_1280-1000x666.jpg","content_full_mobile_retina-width":1000,"content_full_mobile_retina-height":666,"content_full_smallmobile":"https:\/\/www.franceavelo.com\/wp-content\/uploads\/2018\/03\/louvre-5767708_1280-380x180.jpg","content_full_smallmobile-width":380,"content_full_smallmobile-height":180,"content_head_mobile":"https:\/\/www.franceavelo.com\/wp-content\/uploads\/2018\/03\/louvre-5767708_1280-320x430.jpg","content_head_mobile-width":320,"content_head_mobile-height":430,"content_head_tablet":"https:\/\/www.franceavelo.com\/wp-content\/uploads\/2018\/03\/louvre-5767708_1280-540x500.jpg","content_head_tablet-width":540,"content_head_tablet-height":500,"content_highlight_desktop":"https:\/\/www.franceavelo.com\/wp-content\/uploads\/2018\/03\/louvre-5767708_1280-350x240.jpg","content_highlight_desktop-width":350,"content_highlight_desktop-height":240,"content_highlight_desktop_retina":"https:\/\/www.franceavelo.com\/wp-content\/uploads\/2018\/03\/louvre-5767708_1280-700x480.jpg","content_highlight_desktop_retina-width":700,"content_highlight_desktop_retina-height":480,"content_testimony_mobile":"https:\/\/www.franceavelo.com\/wp-content\/uploads\/2018\/03\/louvre-5767708_1280-480x853.jpg","content_testimony_mobile-width":480,"content_testimony_mobile-height":853,"content_type_image_desktop":"https:\/\/www.franceavelo.com\/wp-content\/uploads\/2018\/03\/louvre-5767708_1280-600x400.jpg","content_type_image_desktop-width":600,"content_type_image_desktop-height":400,"content_type_image_desktop_retina":"https:\/\/www.franceavelo.com\/wp-content\/uploads\/2018\/03\/louvre-5767708_1280-1200x800.jpg","content_type_image_desktop_retina-width":1200,"content_type_image_desktop_retina-height":800,"content_type_image_mobile":"https:\/\/www.franceavelo.com\/wp-content\/uploads\/2018\/03\/louvre-5767708_1280-450x300.jpg","content_type_image_mobile-width":450,"content_type_image_mobile-height":300,"gform-image-choice-sm":"https:\/\/www.franceavelo.com\/wp-content\/uploads\/2018\/03\/louvre-5767708_1280.jpg","gform-image-choice-sm-width":300,"gform-image-choice-sm-height":200,"gform-image-choice-md":"https:\/\/www.franceavelo.com\/wp-content\/uploads\/2018\/03\/louvre-5767708_1280.jpg","gform-image-choice-md-width":400,"gform-image-choice-md-height":267,"gform-image-choice-lg":"https:\/\/www.franceavelo.com\/wp-content\/uploads\/2018\/03\/louvre-5767708_1280.jpg","gform-image-choice-lg-width":600,"gform-image-choice-lg-height":400}},"product_gallery_item_video_thumbnail":false,"product_gallery_item_video_url":""},{"product_gallery_item_type":"image","product_gallery_item_image":{"ID":73193,"id":73193,"title":"paris-4353533_1280","filename":"paris-4353533_1280-1.jpg","filesize":371731,"url":"https:\/\/www.franceavelo.com\/wp-content\/uploads\/2018\/03\/paris-4353533_1280-1.jpg","link":"https:\/\/www.franceavelo.com\/de\/product\/veloscenie-8-tage\/paris-4353533_1280-3\/","alt":"","author":"12","description":"","caption":"","name":"paris-4353533_1280-3","status":"inherit","uploaded_to":24992,"date":"2024-12-14 14:17:17","modified":"2024-12-14 14:17:17","menu_order":0,"mime_type":"image\/jpeg","type":"image","subtype":"jpeg","icon":"https:\/\/www.franceavelo.com\/wp-includes\/images\/media\/default.png","width":1280,"height":720,"sizes":{"thumbnail":"https:\/\/www.franceavelo.com\/wp-content\/uploads\/2018\/03\/paris-4353533_1280-1-150x150.jpg","thumbnail-width":150,"thumbnail-height":150,"medium":"https:\/\/www.franceavelo.com\/wp-content\/uploads\/2018\/03\/paris-4353533_1280-1-300x169.jpg","medium-width":300,"medium-height":169,"medium_large":"https:\/\/www.franceavelo.com\/wp-content\/uploads\/2018\/03\/paris-4353533_1280-1-768x432.jpg","medium_large-width":768,"medium_large-height":432,"large":"https:\/\/www.franceavelo.com\/wp-content\/uploads\/2018\/03\/paris-4353533_1280-1-1024x576.jpg","large-width":1024,"large-height":576,"1536x1536":"https:\/\/www.franceavelo.com\/wp-content\/uploads\/2018\/03\/paris-4353533_1280-1.jpg","1536x1536-width":1280,"1536x1536-height":720,"2048x2048":"https:\/\/www.franceavelo.com\/wp-content\/uploads\/2018\/03\/paris-4353533_1280-1.jpg","2048x2048-width":1280,"2048x2048-height":720,"product_option_intro":"https:\/\/www.franceavelo.com\/wp-content\/uploads\/2018\/03\/paris-4353533_1280-1-300x220.jpg","product_option_intro-width":300,"product_option_intro-height":220,"postlist_thumbnail":"https:\/\/www.franceavelo.com\/wp-content\/uploads\/2018\/03\/paris-4353533_1280-1-200x200.jpg","postlist_thumbnail-width":200,"postlist_thumbnail-height":200,"content_full_desktop":"https:\/\/www.franceavelo.com\/wp-content\/uploads\/2018\/03\/paris-4353533_1280-1-970x546.jpg","content_full_desktop-width":970,"content_full_desktop-height":546,"content_full_desktop_retina":"https:\/\/www.franceavelo.com\/wp-content\/uploads\/2018\/03\/paris-4353533_1280-1.jpg","content_full_desktop_retina-width":1280,"content_full_desktop_retina-height":720,"content_half_desktop":"https:\/\/www.franceavelo.com\/wp-content\/uploads\/2018\/03\/paris-4353533_1280-1-485x273.jpg","content_half_desktop-width":485,"content_half_desktop-height":273,"content_full_tablet":"https:\/\/www.franceavelo.com\/wp-content\/uploads\/2018\/03\/paris-4353533_1280-1-750x422.jpg","content_full_tablet-width":750,"content_full_tablet-height":422,"content_full_tablet_retina":"https:\/\/www.franceavelo.com\/wp-content\/uploads\/2018\/03\/paris-4353533_1280-1.jpg","content_full_tablet_retina-width":1280,"content_full_tablet_retina-height":720,"content_half_tablet":"https:\/\/www.franceavelo.com\/wp-content\/uploads\/2018\/03\/paris-4353533_1280-1-375x211.jpg","content_half_tablet-width":375,"content_half_tablet-height":211,"content_full_mobile":"https:\/\/www.franceavelo.com\/wp-content\/uploads\/2018\/03\/paris-4353533_1280-1-500x281.jpg","content_full_mobile-width":500,"content_full_mobile-height":281,"content_full_mobile_retina":"https:\/\/www.franceavelo.com\/wp-content\/uploads\/2018\/03\/paris-4353533_1280-1-1000x563.jpg","content_full_mobile_retina-width":1000,"content_full_mobile_retina-height":563,"content_full_smallmobile":"https:\/\/www.franceavelo.com\/wp-content\/uploads\/2018\/03\/paris-4353533_1280-1-380x180.jpg","content_full_smallmobile-width":380,"content_full_smallmobile-height":180,"content_head_mobile":"https:\/\/www.franceavelo.com\/wp-content\/uploads\/2018\/03\/paris-4353533_1280-1-320x430.jpg","content_head_mobile-width":320,"content_head_mobile-height":430,"content_head_tablet":"https:\/\/www.franceavelo.com\/wp-content\/uploads\/2018\/03\/paris-4353533_1280-1-540x500.jpg","content_head_tablet-width":540,"content_head_tablet-height":500,"content_highlight_desktop":"https:\/\/www.franceavelo.com\/wp-content\/uploads\/2018\/03\/paris-4353533_1280-1-350x240.jpg","content_highlight_desktop-width":350,"content_highlight_desktop-height":240,"content_highlight_desktop_retina":"https:\/\/www.franceavelo.com\/wp-content\/uploads\/2018\/03\/paris-4353533_1280-1-700x480.jpg","content_highlight_desktop_retina-width":700,"content_highlight_desktop_retina-height":480,"content_testimony_mobile":"https:\/\/www.franceavelo.com\/wp-content\/uploads\/2018\/03\/paris-4353533_1280-1-480x720.jpg","content_testimony_mobile-width":480,"content_testimony_mobile-height":720,"content_type_image_desktop":"https:\/\/www.franceavelo.com\/wp-content\/uploads\/2018\/03\/paris-4353533_1280-1-600x338.jpg","content_type_image_desktop-width":600,"content_type_image_desktop-height":338,"content_type_image_desktop_retina":"https:\/\/www.franceavelo.com\/wp-content\/uploads\/2018\/03\/paris-4353533_1280-1-1200x675.jpg","content_type_image_desktop_retina-width":1200,"content_type_image_desktop_retina-height":675,"content_type_image_mobile":"https:\/\/www.franceavelo.com\/wp-content\/uploads\/2018\/03\/paris-4353533_1280-1-450x253.jpg","content_type_image_mobile-width":450,"content_type_image_mobile-height":253,"gform-image-choice-sm":"https:\/\/www.franceavelo.com\/wp-content\/uploads\/2018\/03\/paris-4353533_1280-1.jpg","gform-image-choice-sm-width":300,"gform-image-choice-sm-height":169,"gform-image-choice-md":"https:\/\/www.franceavelo.com\/wp-content\/uploads\/2018\/03\/paris-4353533_1280-1.jpg","gform-image-choice-md-width":400,"gform-image-choice-md-height":225,"gform-image-choice-lg":"https:\/\/www.franceavelo.com\/wp-content\/uploads\/2018\/03\/paris-4353533_1280-1.jpg","gform-image-choice-lg-width":600,"gform-image-choice-lg-height":338}},"product_gallery_item_video_thumbnail":false,"product_gallery_item_video_url":""},{"product_gallery_item_type":"image","product_gallery_item_image":{"ID":74656,"id":74656,"title":"V\u00e9loscenie-france-a-velo (2)","filename":"Veloscenie-france-a-velo-2-scaled.jpg","filesize":998059,"url":"https:\/\/www.franceavelo.com\/wp-content\/uploads\/2018\/03\/Veloscenie-france-a-velo-2-scaled.jpg","link":"https:\/\/www.franceavelo.com\/de\/product\/paris-mont-saint-michel-10-tage\/veloscenie-france-a-velo-2-2\/","alt":"","author":"12","description":"","caption":"","name":"veloscenie-france-a-velo-2-2","status":"inherit","uploaded_to":25042,"date":"2025-01-27 08:57:22","modified":"2025-01-27 08:57:22","menu_order":0,"mime_type":"image\/jpeg","type":"image","subtype":"jpeg","icon":"https:\/\/www.franceavelo.com\/wp-includes\/images\/media\/default.png","width":2560,"height":1920,"sizes":{"thumbnail":"https:\/\/www.franceavelo.com\/wp-content\/uploads\/2018\/03\/Veloscenie-france-a-velo-2-150x150.jpg","thumbnail-width":150,"thumbnail-height":150,"medium":"https:\/\/www.franceavelo.com\/wp-content\/uploads\/2018\/03\/Veloscenie-france-a-velo-2-300x225.jpg","medium-width":300,"medium-height":225,"medium_large":"https:\/\/www.franceavelo.com\/wp-content\/uploads\/2018\/03\/Veloscenie-france-a-velo-2-768x576.jpg","medium_large-width":768,"medium_large-height":576,"large":"https:\/\/www.franceavelo.com\/wp-content\/uploads\/2018\/03\/Veloscenie-france-a-velo-2-1024x768.jpg","large-width":1024,"large-height":768,"1536x1536":"https:\/\/www.franceavelo.com\/wp-content\/uploads\/2018\/03\/Veloscenie-france-a-velo-2-1536x1152.jpg","1536x1536-width":1536,"1536x1536-height":1152,"2048x2048":"https:\/\/www.franceavelo.com\/wp-content\/uploads\/2018\/03\/Veloscenie-france-a-velo-2-2048x1536.jpg","2048x2048-width":2048,"2048x2048-height":1536,"product_option_intro":"https:\/\/www.franceavelo.com\/wp-content\/uploads\/2018\/03\/Veloscenie-france-a-velo-2-300x220.jpg","product_option_intro-width":300,"product_option_intro-height":220,"postlist_thumbnail":"https:\/\/www.franceavelo.com\/wp-content\/uploads\/2018\/03\/Veloscenie-france-a-velo-2-200x200.jpg","postlist_thumbnail-width":200,"postlist_thumbnail-height":200,"content_full_desktop":"https:\/\/www.franceavelo.com\/wp-content\/uploads\/2018\/03\/Veloscenie-france-a-velo-2-970x728.jpg","content_full_desktop-width":970,"content_full_desktop-height":728,"content_full_desktop_retina":"https:\/\/www.franceavelo.com\/wp-content\/uploads\/2018\/03\/Veloscenie-france-a-velo-2-1940x1455.jpg","content_full_desktop_retina-width":1940,"content_full_desktop_retina-height":1455,"content_half_desktop":"https:\/\/www.franceavelo.com\/wp-content\/uploads\/2018\/03\/Veloscenie-france-a-velo-2-485x364.jpg","content_half_desktop-width":485,"content_half_desktop-height":364,"content_full_tablet":"https:\/\/www.franceavelo.com\/wp-content\/uploads\/2018\/03\/Veloscenie-france-a-velo-2-750x563.jpg","content_full_tablet-width":750,"content_full_tablet-height":563,"content_full_tablet_retina":"https:\/\/www.franceavelo.com\/wp-content\/uploads\/2018\/03\/Veloscenie-france-a-velo-2-1500x1125.jpg","content_full_tablet_retina-width":1500,"content_full_tablet_retina-height":1125,"content_half_tablet":"https:\/\/www.franceavelo.com\/wp-content\/uploads\/2018\/03\/Veloscenie-france-a-velo-2-375x281.jpg","content_half_tablet-width":375,"content_half_tablet-height":281,"content_full_mobile":"https:\/\/www.franceavelo.com\/wp-content\/uploads\/2018\/03\/Veloscenie-france-a-velo-2-500x375.jpg","content_full_mobile-width":500,"content_full_mobile-height":375,"content_full_mobile_retina":"https:\/\/www.franceavelo.com\/wp-content\/uploads\/2018\/03\/Veloscenie-france-a-velo-2-1000x750.jpg","content_full_mobile_retina-width":1000,"content_full_mobile_retina-height":750,"content_full_smallmobile":"https:\/\/www.franceavelo.com\/wp-content\/uploads\/2018\/03\/Veloscenie-france-a-velo-2-380x180.jpg","content_full_smallmobile-width":380,"content_full_smallmobile-height":180,"content_head_mobile":"https:\/\/www.franceavelo.com\/wp-content\/uploads\/2018\/03\/Veloscenie-france-a-velo-2-320x430.jpg","content_head_mobile-width":320,"content_head_mobile-height":430,"content_head_tablet":"https:\/\/www.franceavelo.com\/wp-content\/uploads\/2018\/03\/Veloscenie-france-a-velo-2-540x500.jpg","content_head_tablet-width":540,"content_head_tablet-height":500,"content_highlight_desktop":"https:\/\/www.franceavelo.com\/wp-content\/uploads\/2018\/03\/Veloscenie-france-a-velo-2-350x240.jpg","content_highlight_desktop-width":350,"content_highlight_desktop-height":240,"content_highlight_desktop_retina":"https:\/\/www.franceavelo.com\/wp-content\/uploads\/2018\/03\/Veloscenie-france-a-velo-2-700x480.jpg","content_highlight_desktop_retina-width":700,"content_highlight_desktop_retina-height":480,"content_testimony_mobile":"https:\/\/www.franceavelo.com\/wp-content\/uploads\/2018\/03\/Veloscenie-france-a-velo-2-480x1100.jpg","content_testimony_mobile-width":480,"content_testimony_mobile-height":1100,"content_type_image_desktop":"https:\/\/www.franceavelo.com\/wp-content\/uploads\/2018\/03\/Veloscenie-france-a-velo-2-600x450.jpg","content_type_image_desktop-width":600,"content_type_image_desktop-height":450,"content_type_image_desktop_retina":"https:\/\/www.franceavelo.com\/wp-content\/uploads\/2018\/03\/Veloscenie-france-a-velo-2-1200x900.jpg","content_type_image_desktop_retina-width":1200,"content_type_image_desktop_retina-height":900,"content_type_image_mobile":"https:\/\/www.franceavelo.com\/wp-content\/uploads\/2018\/03\/Veloscenie-france-a-velo-2-450x338.jpg","content_type_image_mobile-width":450,"content_type_image_mobile-height":338,"gform-image-choice-sm":"https:\/\/www.franceavelo.com\/wp-content\/uploads\/2018\/03\/Veloscenie-france-a-velo-2-300x300.jpg","gform-image-choice-sm-width":300,"gform-image-choice-sm-height":300,"gform-image-choice-md":"https:\/\/www.franceavelo.com\/wp-content\/uploads\/2018\/03\/Veloscenie-france-a-velo-2-400x400.jpg","gform-image-choice-md-width":400,"gform-image-choice-md-height":400,"gform-image-choice-lg":"https:\/\/www.franceavelo.com\/wp-content\/uploads\/2018\/03\/Veloscenie-france-a-velo-2-600x600.jpg","gform-image-choice-lg-width":600,"gform-image-choice-lg-height":600}},"product_gallery_item_video_thumbnail":false,"product_gallery_item_video_url":""},{"product_gallery_item_type":"image","product_gallery_item_image":{"ID":73196,"id":73196,"title":"V\u00e9loscenie-france-a-velo (4)","filename":"Veloscenie-france-a-velo-4-scaled.jpg","filesize":782912,"url":"https:\/\/www.franceavelo.com\/wp-content\/uploads\/2018\/03\/Veloscenie-france-a-velo-4-scaled.jpg","link":"https:\/\/www.franceavelo.com\/de\/product\/veloscenie-8-tage\/veloscenie-france-a-velo-4-2\/","alt":"","author":"12","description":"","caption":"","name":"veloscenie-france-a-velo-4-2","status":"inherit","uploaded_to":24992,"date":"2024-12-14 14:18:36","modified":"2024-12-14 14:18:36","menu_order":0,"mime_type":"image\/jpeg","type":"image","subtype":"jpeg","icon":"https:\/\/www.franceavelo.com\/wp-includes\/images\/media\/default.png","width":2560,"height":1920,"sizes":{"thumbnail":"https:\/\/www.franceavelo.com\/wp-content\/uploads\/2018\/03\/Veloscenie-france-a-velo-4-150x150.jpg","thumbnail-width":150,"thumbnail-height":150,"medium":"https:\/\/www.franceavelo.com\/wp-content\/uploads\/2018\/03\/Veloscenie-france-a-velo-4-300x225.jpg","medium-width":300,"medium-height":225,"medium_large":"https:\/\/www.franceavelo.com\/wp-content\/uploads\/2018\/03\/Veloscenie-france-a-velo-4-768x576.jpg","medium_large-width":768,"medium_large-height":576,"large":"https:\/\/www.franceavelo.com\/wp-content\/uploads\/2018\/03\/Veloscenie-france-a-velo-4-1024x768.jpg","large-width":1024,"large-height":768,"1536x1536":"https:\/\/www.franceavelo.com\/wp-content\/uploads\/2018\/03\/Veloscenie-france-a-velo-4-1536x1152.jpg","1536x1536-width":1536,"1536x1536-height":1152,"2048x2048":"https:\/\/www.franceavelo.com\/wp-content\/uploads\/2018\/03\/Veloscenie-france-a-velo-4-2048x1536.jpg","2048x2048-width":2048,"2048x2048-height":1536,"product_option_intro":"https:\/\/www.franceavelo.com\/wp-content\/uploads\/2018\/03\/Veloscenie-france-a-velo-4-300x220.jpg","product_option_intro-width":300,"product_option_intro-height":220,"postlist_thumbnail":"https:\/\/www.franceavelo.com\/wp-content\/uploads\/2018\/03\/Veloscenie-france-a-velo-4-200x200.jpg","postlist_thumbnail-width":200,"postlist_thumbnail-height":200,"content_full_desktop":"https:\/\/www.franceavelo.com\/wp-content\/uploads\/2018\/03\/Veloscenie-france-a-velo-4-970x728.jpg","content_full_desktop-width":970,"content_full_desktop-height":728,"content_full_desktop_retina":"https:\/\/www.franceavelo.com\/wp-content\/uploads\/2018\/03\/Veloscenie-france-a-velo-4-1940x1455.jpg","content_full_desktop_retina-width":1940,"content_full_desktop_retina-height":1455,"content_half_desktop":"https:\/\/www.franceavelo.com\/wp-content\/uploads\/2018\/03\/Veloscenie-france-a-velo-4-485x364.jpg","content_half_desktop-width":485,"content_half_desktop-height":364,"content_full_tablet":"https:\/\/www.franceavelo.com\/wp-content\/uploads\/2018\/03\/Veloscenie-france-a-velo-4-750x563.jpg","content_full_tablet-width":750,"content_full_tablet-height":563,"content_full_tablet_retina":"https:\/\/www.franceavelo.com\/wp-content\/uploads\/2018\/03\/Veloscenie-france-a-velo-4-1500x1125.jpg","content_full_tablet_retina-width":1500,"content_full_tablet_retina-height":1125,"content_half_tablet":"https:\/\/www.franceavelo.com\/wp-content\/uploads\/2018\/03\/Veloscenie-france-a-velo-4-375x281.jpg","content_half_tablet-width":375,"content_half_tablet-height":281,"content_full_mobile":"https:\/\/www.franceavelo.com\/wp-content\/uploads\/2018\/03\/Veloscenie-france-a-velo-4-500x375.jpg","content_full_mobile-width":500,"content_full_mobile-height":375,"content_full_mobile_retina":"https:\/\/www.franceavelo.com\/wp-content\/uploads\/2018\/03\/Veloscenie-france-a-velo-4-1000x750.jpg","content_full_mobile_retina-width":1000,"content_full_mobile_retina-height":750,"content_full_smallmobile":"https:\/\/www.franceavelo.com\/wp-content\/uploads\/2018\/03\/Veloscenie-france-a-velo-4-380x180.jpg","content_full_smallmobile-width":380,"content_full_smallmobile-height":180,"content_head_mobile":"https:\/\/www.franceavelo.com\/wp-content\/uploads\/2018\/03\/Veloscenie-france-a-velo-4-320x430.jpg","content_head_mobile-width":320,"content_head_mobile-height":430,"content_head_tablet":"https:\/\/www.franceavelo.com\/wp-content\/uploads\/2018\/03\/Veloscenie-france-a-velo-4-540x500.jpg","content_head_tablet-width":540,"content_head_tablet-height":500,"content_highlight_desktop":"https:\/\/www.franceavelo.com\/wp-content\/uploads\/2018\/03\/Veloscenie-france-a-velo-4-350x240.jpg","content_highlight_desktop-width":350,"content_highlight_desktop-height":240,"content_highlight_desktop_retina":"https:\/\/www.franceavelo.com\/wp-content\/uploads\/2018\/03\/Veloscenie-france-a-velo-4-700x480.jpg","content_highlight_desktop_retina-width":700,"content_highlight_desktop_retina-height":480,"content_testimony_mobile":"https:\/\/www.franceavelo.com\/wp-content\/uploads\/2018\/03\/Veloscenie-france-a-velo-4-480x1100.jpg","content_testimony_mobile-width":480,"content_testimony_mobile-height":1100,"content_type_image_desktop":"https:\/\/www.franceavelo.com\/wp-content\/uploads\/2018\/03\/Veloscenie-france-a-velo-4-600x450.jpg","content_type_image_desktop-width":600,"content_type_image_desktop-height":450,"content_type_image_desktop_retina":"https:\/\/www.franceavelo.com\/wp-content\/uploads\/2018\/03\/Veloscenie-france-a-velo-4-1200x900.jpg","content_type_image_desktop_retina-width":1200,"content_type_image_desktop_retina-height":900,"content_type_image_mobile":"https:\/\/www.franceavelo.com\/wp-content\/uploads\/2018\/03\/Veloscenie-france-a-velo-4-450x338.jpg","content_type_image_mobile-width":450,"content_type_image_mobile-height":338,"gform-image-choice-sm":"https:\/\/www.franceavelo.com\/wp-content\/uploads\/2018\/03\/Veloscenie-france-a-velo-4-scaled.jpg","gform-image-choice-sm-width":300,"gform-image-choice-sm-height":225,"gform-image-choice-md":"https:\/\/www.franceavelo.com\/wp-content\/uploads\/2018\/03\/Veloscenie-france-a-velo-4-scaled.jpg","gform-image-choice-md-width":400,"gform-image-choice-md-height":300,"gform-image-choice-lg":"https:\/\/www.franceavelo.com\/wp-content\/uploads\/2018\/03\/Veloscenie-france-a-velo-4-scaled.jpg","gform-image-choice-lg-width":600,"gform-image-choice-lg-height":450}},"product_gallery_item_video_thumbnail":false,"product_gallery_item_video_url":""},{"product_gallery_item_type":"image","product_gallery_item_image":{"ID":74665,"id":74665,"title":"V\u00e9loscenie-france-a-velo (9)","filename":"Veloscenie-france-a-velo-9-scaled.jpg","filesize":776019,"url":"https:\/\/www.franceavelo.com\/wp-content\/uploads\/2018\/03\/Veloscenie-france-a-velo-9-scaled.jpg","link":"https:\/\/www.franceavelo.com\/de\/product\/paris-mont-saint-michel-10-tage\/veloscenie-france-a-velo-9-2\/","alt":"","author":"12","description":"","caption":"","name":"veloscenie-france-a-velo-9-2","status":"inherit","uploaded_to":25042,"date":"2025-01-27 08:57:46","modified":"2025-01-27 08:57:46","menu_order":0,"mime_type":"image\/jpeg","type":"image","subtype":"jpeg","icon":"https:\/\/www.franceavelo.com\/wp-includes\/images\/media\/default.png","width":2560,"height":1920,"sizes":{"thumbnail":"https:\/\/www.franceavelo.com\/wp-content\/uploads\/2018\/03\/Veloscenie-france-a-velo-9-150x150.jpg","thumbnail-width":150,"thumbnail-height":150,"medium":"https:\/\/www.franceavelo.com\/wp-content\/uploads\/2018\/03\/Veloscenie-france-a-velo-9-300x225.jpg","medium-width":300,"medium-height":225,"medium_large":"https:\/\/www.franceavelo.com\/wp-content\/uploads\/2018\/03\/Veloscenie-france-a-velo-9-768x576.jpg","medium_large-width":768,"medium_large-height":576,"large":"https:\/\/www.franceavelo.com\/wp-content\/uploads\/2018\/03\/Veloscenie-france-a-velo-9-1024x768.jpg","large-width":1024,"large-height":768,"1536x1536":"https:\/\/www.franceavelo.com\/wp-content\/uploads\/2018\/03\/Veloscenie-france-a-velo-9-1536x1152.jpg","1536x1536-width":1536,"1536x1536-height":1152,"2048x2048":"https:\/\/www.franceavelo.com\/wp-content\/uploads\/2018\/03\/Veloscenie-france-a-velo-9-2048x1536.jpg","2048x2048-width":2048,"2048x2048-height":1536,"product_option_intro":"https:\/\/www.franceavelo.com\/wp-content\/uploads\/2018\/03\/Veloscenie-france-a-velo-9-300x220.jpg","product_option_intro-width":300,"product_option_intro-height":220,"postlist_thumbnail":"https:\/\/www.franceavelo.com\/wp-content\/uploads\/2018\/03\/Veloscenie-france-a-velo-9-200x200.jpg","postlist_thumbnail-width":200,"postlist_thumbnail-height":200,"content_full_desktop":"https:\/\/www.franceavelo.com\/wp-content\/uploads\/2018\/03\/Veloscenie-france-a-velo-9-970x728.jpg","content_full_desktop-width":970,"content_full_desktop-height":728,"content_full_desktop_retina":"https:\/\/www.franceavelo.com\/wp-content\/uploads\/2018\/03\/Veloscenie-france-a-velo-9-1940x1455.jpg","content_full_desktop_retina-width":1940,"content_full_desktop_retina-height":1455,"content_half_desktop":"https:\/\/www.franceavelo.com\/wp-content\/uploads\/2018\/03\/Veloscenie-france-a-velo-9-485x364.jpg","content_half_desktop-width":485,"content_half_desktop-height":364,"content_full_tablet":"https:\/\/www.franceavelo.com\/wp-content\/uploads\/2018\/03\/Veloscenie-france-a-velo-9-750x563.jpg","content_full_tablet-width":750,"content_full_tablet-height":563,"content_full_tablet_retina":"https:\/\/www.franceavelo.com\/wp-content\/uploads\/2018\/03\/Veloscenie-france-a-velo-9-1500x1125.jpg","content_full_tablet_retina-width":1500,"content_full_tablet_retina-height":1125,"content_half_tablet":"https:\/\/www.franceavelo.com\/wp-content\/uploads\/2018\/03\/Veloscenie-france-a-velo-9-375x281.jpg","content_half_tablet-width":375,"content_half_tablet-height":281,"content_full_mobile":"https:\/\/www.franceavelo.com\/wp-content\/uploads\/2018\/03\/Veloscenie-france-a-velo-9-500x375.jpg","content_full_mobile-width":500,"content_full_mobile-height":375,"content_full_mobile_retina":"https:\/\/www.franceavelo.com\/wp-content\/uploads\/2018\/03\/Veloscenie-france-a-velo-9-1000x750.jpg","content_full_mobile_retina-width":1000,"content_full_mobile_retina-height":750,"content_full_smallmobile":"https:\/\/www.franceavelo.com\/wp-content\/uploads\/2018\/03\/Veloscenie-france-a-velo-9-380x180.jpg","content_full_smallmobile-width":380,"content_full_smallmobile-height":180,"content_head_mobile":"https:\/\/www.franceavelo.com\/wp-content\/uploads\/2018\/03\/Veloscenie-france-a-velo-9-320x430.jpg","content_head_mobile-width":320,"content_head_mobile-height":430,"content_head_tablet":"https:\/\/www.franceavelo.com\/wp-content\/uploads\/2018\/03\/Veloscenie-france-a-velo-9-540x500.jpg","content_head_tablet-width":540,"content_head_tablet-height":500,"content_highlight_desktop":"https:\/\/www.franceavelo.com\/wp-content\/uploads\/2018\/03\/Veloscenie-france-a-velo-9-350x240.jpg","content_highlight_desktop-width":350,"content_highlight_desktop-height":240,"content_highlight_desktop_retina":"https:\/\/www.franceavelo.com\/wp-content\/uploads\/2018\/03\/Veloscenie-france-a-velo-9-700x480.jpg","content_highlight_desktop_retina-width":700,"content_highlight_desktop_retina-height":480,"content_testimony_mobile":"https:\/\/www.franceavelo.com\/wp-content\/uploads\/2018\/03\/Veloscenie-france-a-velo-9-480x1100.jpg","content_testimony_mobile-width":480,"content_testimony_mobile-height":1100,"content_type_image_desktop":"https:\/\/www.franceavelo.com\/wp-content\/uploads\/2018\/03\/Veloscenie-france-a-velo-9-600x450.jpg","content_type_image_desktop-width":600,"content_type_image_desktop-height":450,"content_type_image_desktop_retina":"https:\/\/www.franceavelo.com\/wp-content\/uploads\/2018\/03\/Veloscenie-france-a-velo-9-1200x900.jpg","content_type_image_desktop_retina-width":1200,"content_type_image_desktop_retina-height":900,"content_type_image_mobile":"https:\/\/www.franceavelo.com\/wp-content\/uploads\/2018\/03\/Veloscenie-france-a-velo-9-450x338.jpg","content_type_image_mobile-width":450,"content_type_image_mobile-height":338,"gform-image-choice-sm":"https:\/\/www.franceavelo.com\/wp-content\/uploads\/2018\/03\/Veloscenie-france-a-velo-9-300x300.jpg","gform-image-choice-sm-width":300,"gform-image-choice-sm-height":300,"gform-image-choice-md":"https:\/\/www.franceavelo.com\/wp-content\/uploads\/2018\/03\/Veloscenie-france-a-velo-9-400x400.jpg","gform-image-choice-md-width":400,"gform-image-choice-md-height":400,"gform-image-choice-lg":"https:\/\/www.franceavelo.com\/wp-content\/uploads\/2018\/03\/Veloscenie-france-a-velo-9-600x600.jpg","gform-image-choice-lg-width":600,"gform-image-choice-lg-height":600}},"product_gallery_item_video_thumbnail":false,"product_gallery_item_video_url":""},{"product_gallery_item_type":"image","product_gallery_item_image":{"ID":74662,"id":74662,"title":"V\u00e9loscenie-france-a-velo (6)","filename":"Veloscenie-france-a-velo-6-scaled.jpg","filesize":1007494,"url":"https:\/\/www.franceavelo.com\/wp-content\/uploads\/2018\/03\/Veloscenie-france-a-velo-6-scaled.jpg","link":"https:\/\/www.franceavelo.com\/de\/product\/paris-mont-saint-michel-10-tage\/veloscenie-france-a-velo-6-2\/","alt":"","author":"12","description":"","caption":"","name":"veloscenie-france-a-velo-6-2","status":"inherit","uploaded_to":25042,"date":"2025-01-27 08:57:38","modified":"2025-01-27 08:57:38","menu_order":0,"mime_type":"image\/jpeg","type":"image","subtype":"jpeg","icon":"https:\/\/www.franceavelo.com\/wp-includes\/images\/media\/default.png","width":2560,"height":1920,"sizes":{"thumbnail":"https:\/\/www.franceavelo.com\/wp-content\/uploads\/2018\/03\/Veloscenie-france-a-velo-6-150x150.jpg","thumbnail-width":150,"thumbnail-height":150,"medium":"https:\/\/www.franceavelo.com\/wp-content\/uploads\/2018\/03\/Veloscenie-france-a-velo-6-300x225.jpg","medium-width":300,"medium-height":225,"medium_large":"https:\/\/www.franceavelo.com\/wp-content\/uploads\/2018\/03\/Veloscenie-france-a-velo-6-768x576.jpg","medium_large-width":768,"medium_large-height":576,"large":"https:\/\/www.franceavelo.com\/wp-content\/uploads\/2018\/03\/Veloscenie-france-a-velo-6-1024x768.jpg","large-width":1024,"large-height":768,"1536x1536":"https:\/\/www.franceavelo.com\/wp-content\/uploads\/2018\/03\/Veloscenie-france-a-velo-6-1536x1152.jpg","1536x1536-width":1536,"1536x1536-height":1152,"2048x2048":"https:\/\/www.franceavelo.com\/wp-content\/uploads\/2018\/03\/Veloscenie-france-a-velo-6-2048x1536.jpg","2048x2048-width":2048,"2048x2048-height":1536,"product_option_intro":"https:\/\/www.franceavelo.com\/wp-content\/uploads\/2018\/03\/Veloscenie-france-a-velo-6-300x220.jpg","product_option_intro-width":300,"product_option_intro-height":220,"postlist_thumbnail":"https:\/\/www.franceavelo.com\/wp-content\/uploads\/2018\/03\/Veloscenie-france-a-velo-6-200x200.jpg","postlist_thumbnail-width":200,"postlist_thumbnail-height":200,"content_full_desktop":"https:\/\/www.franceavelo.com\/wp-content\/uploads\/2018\/03\/Veloscenie-france-a-velo-6-970x728.jpg","content_full_desktop-width":970,"content_full_desktop-height":728,"content_full_desktop_retina":"https:\/\/www.franceavelo.com\/wp-content\/uploads\/2018\/03\/Veloscenie-france-a-velo-6-1940x1455.jpg","content_full_desktop_retina-width":1940,"content_full_desktop_retina-height":1455,"content_half_desktop":"https:\/\/www.franceavelo.com\/wp-content\/uploads\/2018\/03\/Veloscenie-france-a-velo-6-485x364.jpg","content_half_desktop-width":485,"content_half_desktop-height":364,"content_full_tablet":"https:\/\/www.franceavelo.com\/wp-content\/uploads\/2018\/03\/Veloscenie-france-a-velo-6-750x563.jpg","content_full_tablet-width":750,"content_full_tablet-height":563,"content_full_tablet_retina":"https:\/\/www.franceavelo.com\/wp-content\/uploads\/2018\/03\/Veloscenie-france-a-velo-6-1500x1125.jpg","content_full_tablet_retina-width":1500,"content_full_tablet_retina-height":1125,"content_half_tablet":"https:\/\/www.franceavelo.com\/wp-content\/uploads\/2018\/03\/Veloscenie-france-a-velo-6-375x281.jpg","content_half_tablet-width":375,"content_half_tablet-height":281,"content_full_mobile":"https:\/\/www.franceavelo.com\/wp-content\/uploads\/2018\/03\/Veloscenie-france-a-velo-6-500x375.jpg","content_full_mobile-width":500,"content_full_mobile-height":375,"content_full_mobile_retina":"https:\/\/www.franceavelo.com\/wp-content\/uploads\/2018\/03\/Veloscenie-france-a-velo-6-1000x750.jpg","content_full_mobile_retina-width":1000,"content_full_mobile_retina-height":750,"content_full_smallmobile":"https:\/\/www.franceavelo.com\/wp-content\/uploads\/2018\/03\/Veloscenie-france-a-velo-6-380x180.jpg","content_full_smallmobile-width":380,"content_full_smallmobile-height":180,"content_head_mobile":"https:\/\/www.franceavelo.com\/wp-content\/uploads\/2018\/03\/Veloscenie-france-a-velo-6-320x430.jpg","content_head_mobile-width":320,"content_head_mobile-height":430,"content_head_tablet":"https:\/\/www.franceavelo.com\/wp-content\/uploads\/2018\/03\/Veloscenie-france-a-velo-6-540x500.jpg","content_head_tablet-width":540,"content_head_tablet-height":500,"content_highlight_desktop":"https:\/\/www.franceavelo.com\/wp-content\/uploads\/2018\/03\/Veloscenie-france-a-velo-6-350x240.jpg","content_highlight_desktop-width":350,"content_highlight_desktop-height":240,"content_highlight_desktop_retina":"https:\/\/www.franceavelo.com\/wp-content\/uploads\/2018\/03\/Veloscenie-france-a-velo-6-700x480.jpg","content_highlight_desktop_retina-width":700,"content_highlight_desktop_retina-height":480,"content_testimony_mobile":"https:\/\/www.franceavelo.com\/wp-content\/uploads\/2018\/03\/Veloscenie-france-a-velo-6-480x1100.jpg","content_testimony_mobile-width":480,"content_testimony_mobile-height":1100,"content_type_image_desktop":"https:\/\/www.franceavelo.com\/wp-content\/uploads\/2018\/03\/Veloscenie-france-a-velo-6-600x450.jpg","content_type_image_desktop-width":600,"content_type_image_desktop-height":450,"content_type_image_desktop_retina":"https:\/\/www.franceavelo.com\/wp-content\/uploads\/2018\/03\/Veloscenie-france-a-velo-6-1200x900.jpg","content_type_image_desktop_retina-width":1200,"content_type_image_desktop_retina-height":900,"content_type_image_mobile":"https:\/\/www.franceavelo.com\/wp-content\/uploads\/2018\/03\/Veloscenie-france-a-velo-6-450x338.jpg","content_type_image_mobile-width":450,"content_type_image_mobile-height":338,"gform-image-choice-sm":"https:\/\/www.franceavelo.com\/wp-content\/uploads\/2018\/03\/Veloscenie-france-a-velo-6-300x300.jpg","gform-image-choice-sm-width":300,"gform-image-choice-sm-height":300,"gform-image-choice-md":"https:\/\/www.franceavelo.com\/wp-content\/uploads\/2018\/03\/Veloscenie-france-a-velo-6-400x400.jpg","gform-image-choice-md-width":400,"gform-image-choice-md-height":400,"gform-image-choice-lg":"https:\/\/www.franceavelo.com\/wp-content\/uploads\/2018\/03\/Veloscenie-france-a-velo-6-600x600.jpg","gform-image-choice-lg-width":600,"gform-image-choice-lg-height":600}},"product_gallery_item_video_thumbnail":false,"product_gallery_item_video_url":""},{"product_gallery_item_type":"image","product_gallery_item_image":{"ID":73187,"id":73187,"title":"Paris 2022 (11)","filename":"Paris-2022-11-1-scaled.jpg","filesize":812913,"url":"https:\/\/www.franceavelo.com\/wp-content\/uploads\/2018\/03\/Paris-2022-11-1-scaled.jpg","link":"https:\/\/www.franceavelo.com\/de\/product\/veloscenie-8-tage\/paris-2022-11-3\/","alt":"","author":"12","description":"","caption":"","name":"paris-2022-11-3","status":"inherit","uploaded_to":24992,"date":"2024-12-14 14:17:09","modified":"2024-12-14 14:17:09","menu_order":0,"mime_type":"image\/jpeg","type":"image","subtype":"jpeg","icon":"https:\/\/www.franceavelo.com\/wp-includes\/images\/media\/default.png","width":2560,"height":1920,"sizes":{"thumbnail":"https:\/\/www.franceavelo.com\/wp-content\/uploads\/2018\/03\/Paris-2022-11-1-150x150.jpg","thumbnail-width":150,"thumbnail-height":150,"medium":"https:\/\/www.franceavelo.com\/wp-content\/uploads\/2018\/03\/Paris-2022-11-1-300x225.jpg","medium-width":300,"medium-height":225,"medium_large":"https:\/\/www.franceavelo.com\/wp-content\/uploads\/2018\/03\/Paris-2022-11-1-768x576.jpg","medium_large-width":768,"medium_large-height":576,"large":"https:\/\/www.franceavelo.com\/wp-content\/uploads\/2018\/03\/Paris-2022-11-1-1024x768.jpg","large-width":1024,"large-height":768,"1536x1536":"https:\/\/www.franceavelo.com\/wp-content\/uploads\/2018\/03\/Paris-2022-11-1-1536x1152.jpg","1536x1536-width":1536,"1536x1536-height":1152,"2048x2048":"https:\/\/www.franceavelo.com\/wp-content\/uploads\/2018\/03\/Paris-2022-11-1-2048x1536.jpg","2048x2048-width":2048,"2048x2048-height":1536,"product_option_intro":"https:\/\/www.franceavelo.com\/wp-content\/uploads\/2018\/03\/Paris-2022-11-1-300x220.jpg","product_option_intro-width":300,"product_option_intro-height":220,"postlist_thumbnail":"https:\/\/www.franceavelo.com\/wp-content\/uploads\/2018\/03\/Paris-2022-11-1-200x200.jpg","postlist_thumbnail-width":200,"postlist_thumbnail-height":200,"content_full_desktop":"https:\/\/www.franceavelo.com\/wp-content\/uploads\/2018\/03\/Paris-2022-11-1-970x728.jpg","content_full_desktop-width":970,"content_full_desktop-height":728,"content_full_desktop_retina":"https:\/\/www.franceavelo.com\/wp-content\/uploads\/2018\/03\/Paris-2022-11-1-1940x1455.jpg","content_full_desktop_retina-width":1940,"content_full_desktop_retina-height":1455,"content_half_desktop":"https:\/\/www.franceavelo.com\/wp-content\/uploads\/2018\/03\/Paris-2022-11-1-485x364.jpg","content_half_desktop-width":485,"content_half_desktop-height":364,"content_full_tablet":"https:\/\/www.franceavelo.com\/wp-content\/uploads\/2018\/03\/Paris-2022-11-1-750x563.jpg","content_full_tablet-width":750,"content_full_tablet-height":563,"content_full_tablet_retina":"https:\/\/www.franceavelo.com\/wp-content\/uploads\/2018\/03\/Paris-2022-11-1-1500x1125.jpg","content_full_tablet_retina-width":1500,"content_full_tablet_retina-height":1125,"content_half_tablet":"https:\/\/www.franceavelo.com\/wp-content\/uploads\/2018\/03\/Paris-2022-11-1-375x281.jpg","content_half_tablet-width":375,"content_half_tablet-height":281,"content_full_mobile":"https:\/\/www.franceavelo.com\/wp-content\/uploads\/2018\/03\/Paris-2022-11-1-500x375.jpg","content_full_mobile-width":500,"content_full_mobile-height":375,"content_full_mobile_retina":"https:\/\/www.franceavelo.com\/wp-content\/uploads\/2018\/03\/Paris-2022-11-1-1000x750.jpg","content_full_mobile_retina-width":1000,"content_full_mobile_retina-height":750,"content_full_smallmobile":"https:\/\/www.franceavelo.com\/wp-content\/uploads\/2018\/03\/Paris-2022-11-1-380x180.jpg","content_full_smallmobile-width":380,"content_full_smallmobile-height":180,"content_head_mobile":"https:\/\/www.franceavelo.com\/wp-content\/uploads\/2018\/03\/Paris-2022-11-1-320x430.jpg","content_head_mobile-width":320,"content_head_mobile-height":430,"content_head_tablet":"https:\/\/www.franceavelo.com\/wp-content\/uploads\/2018\/03\/Paris-2022-11-1-540x500.jpg","content_head_tablet-width":540,"content_head_tablet-height":500,"content_highlight_desktop":"https:\/\/www.franceavelo.com\/wp-content\/uploads\/2018\/03\/Paris-2022-11-1-350x240.jpg","content_highlight_desktop-width":350,"content_highlight_desktop-height":240,"content_highlight_desktop_retina":"https:\/\/www.franceavelo.com\/wp-content\/uploads\/2018\/03\/Paris-2022-11-1-700x480.jpg","content_highlight_desktop_retina-width":700,"content_highlight_desktop_retina-height":480,"content_testimony_mobile":"https:\/\/www.franceavelo.com\/wp-content\/uploads\/2018\/03\/Paris-2022-11-1-480x1100.jpg","content_testimony_mobile-width":480,"content_testimony_mobile-height":1100,"content_type_image_desktop":"https:\/\/www.franceavelo.com\/wp-content\/uploads\/2018\/03\/Paris-2022-11-1-600x450.jpg","content_type_image_desktop-width":600,"content_type_image_desktop-height":450,"content_type_image_desktop_retina":"https:\/\/www.franceavelo.com\/wp-content\/uploads\/2018\/03\/Paris-2022-11-1-1200x900.jpg","content_type_image_desktop_retina-width":1200,"content_type_image_desktop_retina-height":900,"content_type_image_mobile":"https:\/\/www.franceavelo.com\/wp-content\/uploads\/2018\/03\/Paris-2022-11-1-450x338.jpg","content_type_image_mobile-width":450,"content_type_image_mobile-height":338,"gform-image-choice-sm":"https:\/\/www.franceavelo.com\/wp-content\/uploads\/2018\/03\/Paris-2022-11-1-scaled.jpg","gform-image-choice-sm-width":300,"gform-image-choice-sm-height":225,"gform-image-choice-md":"https:\/\/www.franceavelo.com\/wp-content\/uploads\/2018\/03\/Paris-2022-11-1-scaled.jpg","gform-image-choice-md-width":400,"gform-image-choice-md-height":300,"gform-image-choice-lg":"https:\/\/www.franceavelo.com\/wp-content\/uploads\/2018\/03\/Paris-2022-11-1-scaled.jpg","gform-image-choice-lg-width":600,"gform-image-choice-lg-height":450}},"product_gallery_item_video_thumbnail":false,"product_gallery_item_video_url":""},{"product_gallery_item_type":"image","product_gallery_item_image":{"ID":73190,"id":73190,"title":"Paris 2023 (2)","filename":"Paris-2023-2-1.jpg","filesize":356186,"url":"https:\/\/www.franceavelo.com\/wp-content\/uploads\/2018\/03\/Paris-2023-2-1.jpg","link":"https:\/\/www.franceavelo.com\/de\/product\/veloscenie-8-tage\/paris-2023-2-3\/","alt":"","author":"12","description":"","caption":"","name":"paris-2023-2-3","status":"inherit","uploaded_to":24992,"date":"2024-12-14 14:17:14","modified":"2024-12-14 14:17:14","menu_order":0,"mime_type":"image\/jpeg","type":"image","subtype":"jpeg","icon":"https:\/\/www.franceavelo.com\/wp-includes\/images\/media\/default.png","width":1600,"height":1200,"sizes":{"thumbnail":"https:\/\/www.franceavelo.com\/wp-content\/uploads\/2018\/03\/Paris-2023-2-1-150x150.jpg","thumbnail-width":150,"thumbnail-height":150,"medium":"https:\/\/www.franceavelo.com\/wp-content\/uploads\/2018\/03\/Paris-2023-2-1-300x225.jpg","medium-width":300,"medium-height":225,"medium_large":"https:\/\/www.franceavelo.com\/wp-content\/uploads\/2018\/03\/Paris-2023-2-1-768x576.jpg","medium_large-width":768,"medium_large-height":576,"large":"https:\/\/www.franceavelo.com\/wp-content\/uploads\/2018\/03\/Paris-2023-2-1-1024x768.jpg","large-width":1024,"large-height":768,"1536x1536":"https:\/\/www.franceavelo.com\/wp-content\/uploads\/2018\/03\/Paris-2023-2-1-1536x1152.jpg","1536x1536-width":1536,"1536x1536-height":1152,"2048x2048":"https:\/\/www.franceavelo.com\/wp-content\/uploads\/2018\/03\/Paris-2023-2-1.jpg","2048x2048-width":1600,"2048x2048-height":1200,"product_option_intro":"https:\/\/www.franceavelo.com\/wp-content\/uploads\/2018\/03\/Paris-2023-2-1-300x220.jpg","product_option_intro-width":300,"product_option_intro-height":220,"postlist_thumbnail":"https:\/\/www.franceavelo.com\/wp-content\/uploads\/2018\/03\/Paris-2023-2-1-200x200.jpg","postlist_thumbnail-width":200,"postlist_thumbnail-height":200,"content_full_desktop":"https:\/\/www.franceavelo.com\/wp-content\/uploads\/2018\/03\/Paris-2023-2-1-970x728.jpg","content_full_desktop-width":970,"content_full_desktop-height":728,"content_full_desktop_retina":"https:\/\/www.franceavelo.com\/wp-content\/uploads\/2018\/03\/Paris-2023-2-1.jpg","content_full_desktop_retina-width":1600,"content_full_desktop_retina-height":1200,"content_half_desktop":"https:\/\/www.franceavelo.com\/wp-content\/uploads\/2018\/03\/Paris-2023-2-1-485x364.jpg","content_half_desktop-width":485,"content_half_desktop-height":364,"content_full_tablet":"https:\/\/www.franceavelo.com\/wp-content\/uploads\/2018\/03\/Paris-2023-2-1-750x563.jpg","content_full_tablet-width":750,"content_full_tablet-height":563,"content_full_tablet_retina":"https:\/\/www.franceavelo.com\/wp-content\/uploads\/2018\/03\/Paris-2023-2-1-1500x1125.jpg","content_full_tablet_retina-width":1500,"content_full_tablet_retina-height":1125,"content_half_tablet":"https:\/\/www.franceavelo.com\/wp-content\/uploads\/2018\/03\/Paris-2023-2-1-375x281.jpg","content_half_tablet-width":375,"content_half_tablet-height":281,"content_full_mobile":"https:\/\/www.franceavelo.com\/wp-content\/uploads\/2018\/03\/Paris-2023-2-1-500x375.jpg","content_full_mobile-width":500,"content_full_mobile-height":375,"content_full_mobile_retina":"https:\/\/www.franceavelo.com\/wp-content\/uploads\/2018\/03\/Paris-2023-2-1-1000x750.jpg","content_full_mobile_retina-width":1000,"content_full_mobile_retina-height":750,"content_full_smallmobile":"https:\/\/www.franceavelo.com\/wp-content\/uploads\/2018\/03\/Paris-2023-2-1-380x180.jpg","content_full_smallmobile-width":380,"content_full_smallmobile-height":180,"content_head_mobile":"https:\/\/www.franceavelo.com\/wp-content\/uploads\/2018\/03\/Paris-2023-2-1-320x430.jpg","content_head_mobile-width":320,"content_head_mobile-height":430,"content_head_tablet":"https:\/\/www.franceavelo.com\/wp-content\/uploads\/2018\/03\/Paris-2023-2-1-540x500.jpg","content_head_tablet-width":540,"content_head_tablet-height":500,"content_highlight_desktop":"https:\/\/www.franceavelo.com\/wp-content\/uploads\/2018\/03\/Paris-2023-2-1-350x240.jpg","content_highlight_desktop-width":350,"content_highlight_desktop-height":240,"content_highlight_desktop_retina":"https:\/\/www.franceavelo.com\/wp-content\/uploads\/2018\/03\/Paris-2023-2-1-700x480.jpg","content_highlight_desktop_retina-width":700,"content_highlight_desktop_retina-height":480,"content_testimony_mobile":"https:\/\/www.franceavelo.com\/wp-content\/uploads\/2018\/03\/Paris-2023-2-1-480x1100.jpg","content_testimony_mobile-width":480,"content_testimony_mobile-height":1100,"content_type_image_desktop":"https:\/\/www.franceavelo.com\/wp-content\/uploads\/2018\/03\/Paris-2023-2-1-600x450.jpg","content_type_image_desktop-width":600,"content_type_image_desktop-height":450,"content_type_image_desktop_retina":"https:\/\/www.franceavelo.com\/wp-content\/uploads\/2018\/03\/Paris-2023-2-1-1200x900.jpg","content_type_image_desktop_retina-width":1200,"content_type_image_desktop_retina-height":900,"content_type_image_mobile":"https:\/\/www.franceavelo.com\/wp-content\/uploads\/2018\/03\/Paris-2023-2-1-450x338.jpg","content_type_image_mobile-width":450,"content_type_image_mobile-height":338,"gform-image-choice-sm":"https:\/\/www.franceavelo.com\/wp-content\/uploads\/2018\/03\/Paris-2023-2-1.jpg","gform-image-choice-sm-width":300,"gform-image-choice-sm-height":225,"gform-image-choice-md":"https:\/\/www.franceavelo.com\/wp-content\/uploads\/2018\/03\/Paris-2023-2-1.jpg","gform-image-choice-md-width":400,"gform-image-choice-md-height":300,"gform-image-choice-lg":"https:\/\/www.franceavelo.com\/wp-content\/uploads\/2018\/03\/Paris-2023-2-1.jpg","gform-image-choice-lg-width":600,"gform-image-choice-lg-height":450}},"product_gallery_item_video_thumbnail":false,"product_gallery_item_video_url":""},{"product_gallery_item_type":"image","product_gallery_item_image":{"ID":73199,"id":73199,"title":"veloscenie-voie-verte-france-a-velo","filename":"veloscenie-voie-verte-france-a-velo-scaled.jpg","filesize":1319277,"url":"https:\/\/www.franceavelo.com\/wp-content\/uploads\/2018\/03\/veloscenie-voie-verte-france-a-velo-scaled.jpg","link":"https:\/\/www.franceavelo.com\/de\/product\/veloscenie-8-tage\/veloscenie-voie-verte-france-a-velo-2\/","alt":"","author":"12","description":"","caption":"","name":"veloscenie-voie-verte-france-a-velo-2","status":"inherit","uploaded_to":24992,"date":"2024-12-14 14:18:43","modified":"2024-12-14 14:18:43","menu_order":0,"mime_type":"image\/jpeg","type":"image","subtype":"jpeg","icon":"https:\/\/www.franceavelo.com\/wp-includes\/images\/media\/default.png","width":2560,"height":1920,"sizes":{"thumbnail":"https:\/\/www.franceavelo.com\/wp-content\/uploads\/2018\/03\/veloscenie-voie-verte-france-a-velo-150x150.jpg","thumbnail-width":150,"thumbnail-height":150,"medium":"https:\/\/www.franceavelo.com\/wp-content\/uploads\/2018\/03\/veloscenie-voie-verte-france-a-velo-300x225.jpg","medium-width":300,"medium-height":225,"medium_large":"https:\/\/www.franceavelo.com\/wp-content\/uploads\/2018\/03\/veloscenie-voie-verte-france-a-velo-768x576.jpg","medium_large-width":768,"medium_large-height":576,"large":"https:\/\/www.franceavelo.com\/wp-content\/uploads\/2018\/03\/veloscenie-voie-verte-france-a-velo-1024x768.jpg","large-width":1024,"large-height":768,"1536x1536":"https:\/\/www.franceavelo.com\/wp-content\/uploads\/2018\/03\/veloscenie-voie-verte-france-a-velo-1536x1152.jpg","1536x1536-width":1536,"1536x1536-height":1152,"2048x2048":"https:\/\/www.franceavelo.com\/wp-content\/uploads\/2018\/03\/veloscenie-voie-verte-france-a-velo-2048x1536.jpg","2048x2048-width":2048,"2048x2048-height":1536,"product_option_intro":"https:\/\/www.franceavelo.com\/wp-content\/uploads\/2018\/03\/veloscenie-voie-verte-france-a-velo-300x220.jpg","product_option_intro-width":300,"product_option_intro-height":220,"postlist_thumbnail":"https:\/\/www.franceavelo.com\/wp-content\/uploads\/2018\/03\/veloscenie-voie-verte-france-a-velo-200x200.jpg","postlist_thumbnail-width":200,"postlist_thumbnail-height":200,"content_full_desktop":"https:\/\/www.franceavelo.com\/wp-content\/uploads\/2018\/03\/veloscenie-voie-verte-france-a-velo-970x728.jpg","content_full_desktop-width":970,"content_full_desktop-height":728,"content_full_desktop_retina":"https:\/\/www.franceavelo.com\/wp-content\/uploads\/2018\/03\/veloscenie-voie-verte-france-a-velo-1940x1455.jpg","content_full_desktop_retina-width":1940,"content_full_desktop_retina-height":1455,"content_half_desktop":"https:\/\/www.franceavelo.com\/wp-content\/uploads\/2018\/03\/veloscenie-voie-verte-france-a-velo-485x364.jpg","content_half_desktop-width":485,"content_half_desktop-height":364,"content_full_tablet":"https:\/\/www.franceavelo.com\/wp-content\/uploads\/2018\/03\/veloscenie-voie-verte-france-a-velo-750x563.jpg","content_full_tablet-width":750,"content_full_tablet-height":563,"content_full_tablet_retina":"https:\/\/www.franceavelo.com\/wp-content\/uploads\/2018\/03\/veloscenie-voie-verte-france-a-velo-1500x1125.jpg","content_full_tablet_retina-width":1500,"content_full_tablet_retina-height":1125,"content_half_tablet":"https:\/\/www.franceavelo.com\/wp-content\/uploads\/2018\/03\/veloscenie-voie-verte-france-a-velo-375x281.jpg","content_half_tablet-width":375,"content_half_tablet-height":281,"content_full_mobile":"https:\/\/www.franceavelo.com\/wp-content\/uploads\/2018\/03\/veloscenie-voie-verte-france-a-velo-500x375.jpg","content_full_mobile-width":500,"content_full_mobile-height":375,"content_full_mobile_retina":"https:\/\/www.franceavelo.com\/wp-content\/uploads\/2018\/03\/veloscenie-voie-verte-france-a-velo-1000x750.jpg","content_full_mobile_retina-width":1000,"content_full_mobile_retina-height":750,"content_full_smallmobile":"https:\/\/www.franceavelo.com\/wp-content\/uploads\/2018\/03\/veloscenie-voie-verte-france-a-velo-380x180.jpg","content_full_smallmobile-width":380,"content_full_smallmobile-height":180,"content_head_mobile":"https:\/\/www.franceavelo.com\/wp-content\/uploads\/2018\/03\/veloscenie-voie-verte-france-a-velo-320x430.jpg","content_head_mobile-width":320,"content_head_mobile-height":430,"content_head_tablet":"https:\/\/www.franceavelo.com\/wp-content\/uploads\/2018\/03\/veloscenie-voie-verte-france-a-velo-540x500.jpg","content_head_tablet-width":540,"content_head_tablet-height":500,"content_highlight_desktop":"https:\/\/www.franceavelo.com\/wp-content\/uploads\/2018\/03\/veloscenie-voie-verte-france-a-velo-350x240.jpg","content_highlight_desktop-width":350,"content_highlight_desktop-height":240,"content_highlight_desktop_retina":"https:\/\/www.franceavelo.com\/wp-content\/uploads\/2018\/03\/veloscenie-voie-verte-france-a-velo-700x480.jpg","content_highlight_desktop_retina-width":700,"content_highlight_desktop_retina-height":480,"content_testimony_mobile":"https:\/\/www.franceavelo.com\/wp-content\/uploads\/2018\/03\/veloscenie-voie-verte-france-a-velo-480x1100.jpg","content_testimony_mobile-width":480,"content_testimony_mobile-height":1100,"content_type_image_desktop":"https:\/\/www.franceavelo.com\/wp-content\/uploads\/2018\/03\/veloscenie-voie-verte-france-a-velo-600x450.jpg","content_type_image_desktop-width":600,"content_type_image_desktop-height":450,"content_type_image_desktop_retina":"https:\/\/www.franceavelo.com\/wp-content\/uploads\/2018\/03\/veloscenie-voie-verte-france-a-velo-1200x900.jpg","content_type_image_desktop_retina-width":1200,"content_type_image_desktop_retina-height":900,"content_type_image_mobile":"https:\/\/www.franceavelo.com\/wp-content\/uploads\/2018\/03\/veloscenie-voie-verte-france-a-velo-450x338.jpg","content_type_image_mobile-width":450,"content_type_image_mobile-height":338,"gform-image-choice-sm":"https:\/\/www.franceavelo.com\/wp-content\/uploads\/2018\/03\/veloscenie-voie-verte-france-a-velo-scaled.jpg","gform-image-choice-sm-width":300,"gform-image-choice-sm-height":225,"gform-image-choice-md":"https:\/\/www.franceavelo.com\/wp-content\/uploads\/2018\/03\/veloscenie-voie-verte-france-a-velo-scaled.jpg","gform-image-choice-md-width":400,"gform-image-choice-md-height":300,"gform-image-choice-lg":"https:\/\/www.franceavelo.com\/wp-content\/uploads\/2018\/03\/veloscenie-voie-verte-france-a-velo-scaled.jpg","gform-image-choice-lg-width":600,"gform-image-choice-lg-height":450}},"product_gallery_item_video_thumbnail":false,"product_gallery_item_video_url":""},{"product_gallery_item_type":"image","product_gallery_item_image":{"ID":74659,"id":74659,"title":"V\u00e9loscenie-france-a-velo (4)","filename":"Veloscenie-france-a-velo-4-1-scaled.jpg","filesize":782912,"url":"https:\/\/www.franceavelo.com\/wp-content\/uploads\/2018\/03\/Veloscenie-france-a-velo-4-1-scaled.jpg","link":"https:\/\/www.franceavelo.com\/de\/product\/paris-mont-saint-michel-10-tage\/veloscenie-france-a-velo-4-2-2\/","alt":"","author":"12","description":"","caption":"","name":"veloscenie-france-a-velo-4-2-2","status":"inherit","uploaded_to":25042,"date":"2025-01-27 08:57:30","modified":"2025-01-27 08:57:30","menu_order":0,"mime_type":"image\/jpeg","type":"image","subtype":"jpeg","icon":"https:\/\/www.franceavelo.com\/wp-includes\/images\/media\/default.png","width":2560,"height":1920,"sizes":{"thumbnail":"https:\/\/www.franceavelo.com\/wp-content\/uploads\/2018\/03\/Veloscenie-france-a-velo-4-1-150x150.jpg","thumbnail-width":150,"thumbnail-height":150,"medium":"https:\/\/www.franceavelo.com\/wp-content\/uploads\/2018\/03\/Veloscenie-france-a-velo-4-1-300x225.jpg","medium-width":300,"medium-height":225,"medium_large":"https:\/\/www.franceavelo.com\/wp-content\/uploads\/2018\/03\/Veloscenie-france-a-velo-4-1-768x576.jpg","medium_large-width":768,"medium_large-height":576,"large":"https:\/\/www.franceavelo.com\/wp-content\/uploads\/2018\/03\/Veloscenie-france-a-velo-4-1-1024x768.jpg","large-width":1024,"large-height":768,"1536x1536":"https:\/\/www.franceavelo.com\/wp-content\/uploads\/2018\/03\/Veloscenie-france-a-velo-4-1-1536x1152.jpg","1536x1536-width":1536,"1536x1536-height":1152,"2048x2048":"https:\/\/www.franceavelo.com\/wp-content\/uploads\/2018\/03\/Veloscenie-france-a-velo-4-1-2048x1536.jpg","2048x2048-width":2048,"2048x2048-height":1536,"product_option_intro":"https:\/\/www.franceavelo.com\/wp-content\/uploads\/2018\/03\/Veloscenie-france-a-velo-4-1-300x220.jpg","product_option_intro-width":300,"product_option_intro-height":220,"postlist_thumbnail":"https:\/\/www.franceavelo.com\/wp-content\/uploads\/2018\/03\/Veloscenie-france-a-velo-4-1-200x200.jpg","postlist_thumbnail-width":200,"postlist_thumbnail-height":200,"content_full_desktop":"https:\/\/www.franceavelo.com\/wp-content\/uploads\/2018\/03\/Veloscenie-france-a-velo-4-1-970x728.jpg","content_full_desktop-width":970,"content_full_desktop-height":728,"content_full_desktop_retina":"https:\/\/www.franceavelo.com\/wp-content\/uploads\/2018\/03\/Veloscenie-france-a-velo-4-1-1940x1455.jpg","content_full_desktop_retina-width":1940,"content_full_desktop_retina-height":1455,"content_half_desktop":"https:\/\/www.franceavelo.com\/wp-content\/uploads\/2018\/03\/Veloscenie-france-a-velo-4-1-485x364.jpg","content_half_desktop-width":485,"content_half_desktop-height":364,"content_full_tablet":"https:\/\/www.franceavelo.com\/wp-content\/uploads\/2018\/03\/Veloscenie-france-a-velo-4-1-750x563.jpg","content_full_tablet-width":750,"content_full_tablet-height":563,"content_full_tablet_retina":"https:\/\/www.franceavelo.com\/wp-content\/uploads\/2018\/03\/Veloscenie-france-a-velo-4-1-1500x1125.jpg","content_full_tablet_retina-width":1500,"content_full_tablet_retina-height":1125,"content_half_tablet":"https:\/\/www.franceavelo.com\/wp-content\/uploads\/2018\/03\/Veloscenie-france-a-velo-4-1-375x281.jpg","content_half_tablet-width":375,"content_half_tablet-height":281,"content_full_mobile":"https:\/\/www.franceavelo.com\/wp-content\/uploads\/2018\/03\/Veloscenie-france-a-velo-4-1-500x375.jpg","content_full_mobile-width":500,"content_full_mobile-height":375,"content_full_mobile_retina":"https:\/\/www.franceavelo.com\/wp-content\/uploads\/2018\/03\/Veloscenie-france-a-velo-4-1-1000x750.jpg","content_full_mobile_retina-width":1000,"content_full_mobile_retina-height":750,"content_full_smallmobile":"https:\/\/www.franceavelo.com\/wp-content\/uploads\/2018\/03\/Veloscenie-france-a-velo-4-1-380x180.jpg","content_full_smallmobile-width":380,"content_full_smallmobile-height":180,"content_head_mobile":"https:\/\/www.franceavelo.com\/wp-content\/uploads\/2018\/03\/Veloscenie-france-a-velo-4-1-320x430.jpg","content_head_mobile-width":320,"content_head_mobile-height":430,"content_head_tablet":"https:\/\/www.franceavelo.com\/wp-content\/uploads\/2018\/03\/Veloscenie-france-a-velo-4-1-540x500.jpg","content_head_tablet-width":540,"content_head_tablet-height":500,"content_highlight_desktop":"https:\/\/www.franceavelo.com\/wp-content\/uploads\/2018\/03\/Veloscenie-france-a-velo-4-1-350x240.jpg","content_highlight_desktop-width":350,"content_highlight_desktop-height":240,"content_highlight_desktop_retina":"https:\/\/www.franceavelo.com\/wp-content\/uploads\/2018\/03\/Veloscenie-france-a-velo-4-1-700x480.jpg","content_highlight_desktop_retina-width":700,"content_highlight_desktop_retina-height":480,"content_testimony_mobile":"https:\/\/www.franceavelo.com\/wp-content\/uploads\/2018\/03\/Veloscenie-france-a-velo-4-1-480x1100.jpg","content_testimony_mobile-width":480,"content_testimony_mobile-height":1100,"content_type_image_desktop":"https:\/\/www.franceavelo.com\/wp-content\/uploads\/2018\/03\/Veloscenie-france-a-velo-4-1-600x450.jpg","content_type_image_desktop-width":600,"content_type_image_desktop-height":450,"content_type_image_desktop_retina":"https:\/\/www.franceavelo.com\/wp-content\/uploads\/2018\/03\/Veloscenie-france-a-velo-4-1-1200x900.jpg","content_type_image_desktop_retina-width":1200,"content_type_image_desktop_retina-height":900,"content_type_image_mobile":"https:\/\/www.franceavelo.com\/wp-content\/uploads\/2018\/03\/Veloscenie-france-a-velo-4-1-450x338.jpg","content_type_image_mobile-width":450,"content_type_image_mobile-height":338,"gform-image-choice-sm":"https:\/\/www.franceavelo.com\/wp-content\/uploads\/2018\/03\/Veloscenie-france-a-velo-4-1-300x300.jpg","gform-image-choice-sm-width":300,"gform-image-choice-sm-height":300,"gform-image-choice-md":"https:\/\/www.franceavelo.com\/wp-content\/uploads\/2018\/03\/Veloscenie-france-a-velo-4-1-400x400.jpg","gform-image-choice-md-width":400,"gform-image-choice-md-height":400,"gform-image-choice-lg":"https:\/\/www.franceavelo.com\/wp-content\/uploads\/2018\/03\/Veloscenie-france-a-velo-4-1-600x600.jpg","gform-image-choice-lg-width":600,"gform-image-choice-lg-height":600}},"product_gallery_item_video_thumbnail":false,"product_gallery_item_video_url":""}],"product_option_transfert_repeat":[{"product_option_transfert_city":"R\u00fccktransfer von Saint Malo nach Chartres","product_option_transfert_price":"150","product_option_transfert_display_as_checkbox":true},{"product_option_transfert_city":"R\u00fccktransfer von Pontorson nach Chartres","product_option_transfert_price":"210","product_option_transfert_display_as_checkbox":true}],"product_super_small_group_price":"","product_super_small_group_number":"","product_option_transfert_disable":false,"product_price_from":"1160","product_small_group_price":"367","product_option_vtc_bike":"130","product_option_electric_bike":"260","product_option_helmet":"","product_solo_traveler_price":"510","product_small_group_number":"4","product_main_img":{"ID":74668,"id":74668,"title":"V\u00e9loscenie-france-a-velo (2)","filename":"Veloscenie-france-a-velo-2-1-scaled.jpg","filesize":998059,"url":"https:\/\/www.franceavelo.com\/wp-content\/uploads\/2018\/03\/Veloscenie-france-a-velo-2-1-scaled.jpg","link":"https:\/\/www.franceavelo.com\/de\/product\/veloscenie-8-tage\/veloscenie-france-a-velo-2-2-2\/","alt":"","author":"12","description":"","caption":"","name":"veloscenie-france-a-velo-2-2-2","status":"inherit","uploaded_to":24992,"date":"2025-01-27 09:00:44","modified":"2025-01-27 09:00:44","menu_order":0,"mime_type":"image\/jpeg","type":"image","subtype":"jpeg","icon":"https:\/\/www.franceavelo.com\/wp-includes\/images\/media\/default.png","width":2560,"height":1920,"sizes":{"thumbnail":"https:\/\/www.franceavelo.com\/wp-content\/uploads\/2018\/03\/Veloscenie-france-a-velo-2-1-150x150.jpg","thumbnail-width":150,"thumbnail-height":150,"medium":"https:\/\/www.franceavelo.com\/wp-content\/uploads\/2018\/03\/Veloscenie-france-a-velo-2-1-300x225.jpg","medium-width":300,"medium-height":225,"medium_large":"https:\/\/www.franceavelo.com\/wp-content\/uploads\/2018\/03\/Veloscenie-france-a-velo-2-1-768x576.jpg","medium_large-width":768,"medium_large-height":576,"large":"https:\/\/www.franceavelo.com\/wp-content\/uploads\/2018\/03\/Veloscenie-france-a-velo-2-1-1024x768.jpg","large-width":1024,"large-height":768,"1536x1536":"https:\/\/www.franceavelo.com\/wp-content\/uploads\/2018\/03\/Veloscenie-france-a-velo-2-1-1536x1152.jpg","1536x1536-width":1536,"1536x1536-height":1152,"2048x2048":"https:\/\/www.franceavelo.com\/wp-content\/uploads\/2018\/03\/Veloscenie-france-a-velo-2-1-2048x1536.jpg","2048x2048-width":2048,"2048x2048-height":1536,"product_option_intro":"https:\/\/www.franceavelo.com\/wp-content\/uploads\/2018\/03\/Veloscenie-france-a-velo-2-1-300x220.jpg","product_option_intro-width":300,"product_option_intro-height":220,"postlist_thumbnail":"https:\/\/www.franceavelo.com\/wp-content\/uploads\/2018\/03\/Veloscenie-france-a-velo-2-1-200x200.jpg","postlist_thumbnail-width":200,"postlist_thumbnail-height":200,"content_full_desktop":"https:\/\/www.franceavelo.com\/wp-content\/uploads\/2018\/03\/Veloscenie-france-a-velo-2-1-970x728.jpg","content_full_desktop-width":970,"content_full_desktop-height":728,"content_full_desktop_retina":"https:\/\/www.franceavelo.com\/wp-content\/uploads\/2018\/03\/Veloscenie-france-a-velo-2-1-1940x1455.jpg","content_full_desktop_retina-width":1940,"content_full_desktop_retina-height":1455,"content_half_desktop":"https:\/\/www.franceavelo.com\/wp-content\/uploads\/2018\/03\/Veloscenie-france-a-velo-2-1-485x364.jpg","content_half_desktop-width":485,"content_half_desktop-height":364,"content_full_tablet":"https:\/\/www.franceavelo.com\/wp-content\/uploads\/2018\/03\/Veloscenie-france-a-velo-2-1-750x563.jpg","content_full_tablet-width":750,"content_full_tablet-height":563,"content_full_tablet_retina":"https:\/\/www.franceavelo.com\/wp-content\/uploads\/2018\/03\/Veloscenie-france-a-velo-2-1-1500x1125.jpg","content_full_tablet_retina-width":1500,"content_full_tablet_retina-height":1125,"content_half_tablet":"https:\/\/www.franceavelo.com\/wp-content\/uploads\/2018\/03\/Veloscenie-france-a-velo-2-1-375x281.jpg","content_half_tablet-width":375,"content_half_tablet-height":281,"content_full_mobile":"https:\/\/www.franceavelo.com\/wp-content\/uploads\/2018\/03\/Veloscenie-france-a-velo-2-1-500x375.jpg","content_full_mobile-width":500,"content_full_mobile-height":375,"content_full_mobile_retina":"https:\/\/www.franceavelo.com\/wp-content\/uploads\/2018\/03\/Veloscenie-france-a-velo-2-1-1000x750.jpg","content_full_mobile_retina-width":1000,"content_full_mobile_retina-height":750,"content_full_smallmobile":"https:\/\/www.franceavelo.com\/wp-content\/uploads\/2018\/03\/Veloscenie-france-a-velo-2-1-380x180.jpg","content_full_smallmobile-width":380,"content_full_smallmobile-height":180,"content_head_mobile":"https:\/\/www.franceavelo.com\/wp-content\/uploads\/2018\/03\/Veloscenie-france-a-velo-2-1-320x430.jpg","content_head_mobile-width":320,"content_head_mobile-height":430,"content_head_tablet":"https:\/\/www.franceavelo.com\/wp-content\/uploads\/2018\/03\/Veloscenie-france-a-velo-2-1-540x500.jpg","content_head_tablet-width":540,"content_head_tablet-height":500,"content_highlight_desktop":"https:\/\/www.franceavelo.com\/wp-content\/uploads\/2018\/03\/Veloscenie-france-a-velo-2-1-350x240.jpg","content_highlight_desktop-width":350,"content_highlight_desktop-height":240,"content_highlight_desktop_retina":"https:\/\/www.franceavelo.com\/wp-content\/uploads\/2018\/03\/Veloscenie-france-a-velo-2-1-700x480.jpg","content_highlight_desktop_retina-width":700,"content_highlight_desktop_retina-height":480,"content_testimony_mobile":"https:\/\/www.franceavelo.com\/wp-content\/uploads\/2018\/03\/Veloscenie-france-a-velo-2-1-480x1100.jpg","content_testimony_mobile-width":480,"content_testimony_mobile-height":1100,"content_type_image_desktop":"https:\/\/www.franceavelo.com\/wp-content\/uploads\/2018\/03\/Veloscenie-france-a-velo-2-1-600x450.jpg","content_type_image_desktop-width":600,"content_type_image_desktop-height":450,"content_type_image_desktop_retina":"https:\/\/www.franceavelo.com\/wp-content\/uploads\/2018\/03\/Veloscenie-france-a-velo-2-1-1200x900.jpg","content_type_image_desktop_retina-width":1200,"content_type_image_desktop_retina-height":900,"content_type_image_mobile":"https:\/\/www.franceavelo.com\/wp-content\/uploads\/2018\/03\/Veloscenie-france-a-velo-2-1-450x338.jpg","content_type_image_mobile-width":450,"content_type_image_mobile-height":338,"gform-image-choice-sm":"https:\/\/www.franceavelo.com\/wp-content\/uploads\/2018\/03\/Veloscenie-france-a-velo-2-1-300x300.jpg","gform-image-choice-sm-width":300,"gform-image-choice-sm-height":300,"gform-image-choice-md":"https:\/\/www.franceavelo.com\/wp-content\/uploads\/2018\/03\/Veloscenie-france-a-velo-2-1-400x400.jpg","gform-image-choice-md-width":400,"gform-image-choice-md-height":400,"gform-image-choice-lg":"https:\/\/www.franceavelo.com\/wp-content\/uploads\/2018\/03\/Veloscenie-france-a-velo-2-1-600x600.jpg","gform-image-choice-lg-width":600,"gform-image-choice-lg-height":600}},"product_map_circuit":{"ID":58297,"id":58297,"title":"Karte Frankreich_Centre_Normandie","filename":"Karte-Frankreich_Centre_Normandie.png","filesize":26606,"url":"https:\/\/www.franceavelo.com\/wp-content\/uploads\/2018\/03\/Karte-Frankreich_Centre_Normandie.png","link":"https:\/\/www.franceavelo.com\/de\/product\/veloscenie-8-tage\/karte-frankreich_centre_normandie-2\/","alt":"Karte Centre Normandie","author":"12","description":"","caption":"","name":"karte-frankreich_centre_normandie-2","status":"inherit","uploaded_to":24992,"date":"2020-03-10 10:48:29","modified":"2020-03-10 10:48:44","menu_order":0,"mime_type":"image\/png","type":"image","subtype":"png","icon":"https:\/\/www.franceavelo.com\/wp-includes\/images\/media\/default.png","width":831,"height":818,"sizes":{"thumbnail":"https:\/\/www.franceavelo.com\/wp-content\/uploads\/2018\/03\/Karte-Frankreich_Centre_Normandie-150x150.png","thumbnail-width":150,"thumbnail-height":150,"medium":"https:\/\/www.franceavelo.com\/wp-content\/uploads\/2018\/03\/Karte-Frankreich_Centre_Normandie-300x295.png","medium-width":300,"medium-height":295,"medium_large":"https:\/\/www.franceavelo.com\/wp-content\/uploads\/2018\/03\/Karte-Frankreich_Centre_Normandie-768x756.png","medium_large-width":768,"medium_large-height":756,"large":"https:\/\/www.franceavelo.com\/wp-content\/uploads\/2018\/03\/Karte-Frankreich_Centre_Normandie.png","large-width":831,"large-height":818,"1536x1536":"https:\/\/www.franceavelo.com\/wp-content\/uploads\/2018\/03\/Karte-Frankreich_Centre_Normandie.png","1536x1536-width":831,"1536x1536-height":818,"2048x2048":"https:\/\/www.franceavelo.com\/wp-content\/uploads\/2018\/03\/Karte-Frankreich_Centre_Normandie.png","2048x2048-width":831,"2048x2048-height":818,"product_option_intro":"https:\/\/www.franceavelo.com\/wp-content\/uploads\/2018\/03\/Karte-Frankreich_Centre_Normandie-300x220.png","product_option_intro-width":300,"product_option_intro-height":220,"postlist_thumbnail":"https:\/\/www.franceavelo.com\/wp-content\/uploads\/2018\/03\/Karte-Frankreich_Centre_Normandie.png","postlist_thumbnail-width":200,"postlist_thumbnail-height":197,"content_full_desktop":"https:\/\/www.franceavelo.com\/wp-content\/uploads\/2018\/03\/Karte-Frankreich_Centre_Normandie.png","content_full_desktop-width":831,"content_full_desktop-height":818,"content_full_desktop_retina":"https:\/\/www.franceavelo.com\/wp-content\/uploads\/2018\/03\/Karte-Frankreich_Centre_Normandie.png","content_full_desktop_retina-width":831,"content_full_desktop_retina-height":818,"content_half_desktop":"https:\/\/www.franceavelo.com\/wp-content\/uploads\/2018\/03\/Karte-Frankreich_Centre_Normandie-485x477.png","content_half_desktop-width":485,"content_half_desktop-height":477,"content_full_tablet":"https:\/\/www.franceavelo.com\/wp-content\/uploads\/2018\/03\/Karte-Frankreich_Centre_Normandie-750x738.png","content_full_tablet-width":750,"content_full_tablet-height":738,"content_full_tablet_retina":"https:\/\/www.franceavelo.com\/wp-content\/uploads\/2018\/03\/Karte-Frankreich_Centre_Normandie.png","content_full_tablet_retina-width":831,"content_full_tablet_retina-height":818,"content_half_tablet":"https:\/\/www.franceavelo.com\/wp-content\/uploads\/2018\/03\/Karte-Frankreich_Centre_Normandie-375x369.png","content_half_tablet-width":375,"content_half_tablet-height":369,"content_full_mobile":"https:\/\/www.franceavelo.com\/wp-content\/uploads\/2018\/03\/Karte-Frankreich_Centre_Normandie-500x492.png","content_full_mobile-width":500,"content_full_mobile-height":492,"content_full_mobile_retina":"https:\/\/www.franceavelo.com\/wp-content\/uploads\/2018\/03\/Karte-Frankreich_Centre_Normandie.png","content_full_mobile_retina-width":831,"content_full_mobile_retina-height":818,"content_full_smallmobile":"https:\/\/www.franceavelo.com\/wp-content\/uploads\/2018\/03\/Karte-Frankreich_Centre_Normandie-380x180.png","content_full_smallmobile-width":380,"content_full_smallmobile-height":180,"content_head_mobile":"https:\/\/www.franceavelo.com\/wp-content\/uploads\/2018\/03\/Karte-Frankreich_Centre_Normandie-320x430.png","content_head_mobile-width":320,"content_head_mobile-height":430,"content_head_tablet":"https:\/\/www.franceavelo.com\/wp-content\/uploads\/2018\/03\/Karte-Frankreich_Centre_Normandie-540x500.png","content_head_tablet-width":540,"content_head_tablet-height":500,"content_highlight_desktop":"https:\/\/www.franceavelo.com\/wp-content\/uploads\/2018\/03\/Karte-Frankreich_Centre_Normandie-350x240.png","content_highlight_desktop-width":350,"content_highlight_desktop-height":240,"content_highlight_desktop_retina":"https:\/\/www.franceavelo.com\/wp-content\/uploads\/2018\/03\/Karte-Frankreich_Centre_Normandie-700x480.png","content_highlight_desktop_retina-width":700,"content_highlight_desktop_retina-height":480,"content_testimony_mobile":"https:\/\/www.franceavelo.com\/wp-content\/uploads\/2018\/03\/Karte-Frankreich_Centre_Normandie-480x818.png","content_testimony_mobile-width":480,"content_testimony_mobile-height":818,"content_type_image_desktop":"https:\/\/www.franceavelo.com\/wp-content\/uploads\/2018\/03\/Karte-Frankreich_Centre_Normandie-600x591.png","content_type_image_desktop-width":600,"content_type_image_desktop-height":591,"content_type_image_desktop_retina":"https:\/\/www.franceavelo.com\/wp-content\/uploads\/2018\/03\/Karte-Frankreich_Centre_Normandie.png","content_type_image_desktop_retina-width":831,"content_type_image_desktop_retina-height":818,"content_type_image_mobile":"https:\/\/www.franceavelo.com\/wp-content\/uploads\/2018\/03\/Karte-Frankreich_Centre_Normandie-450x443.png","content_type_image_mobile-width":450,"content_type_image_mobile-height":443,"gform-image-choice-sm":"https:\/\/www.franceavelo.com\/wp-content\/uploads\/2018\/03\/Karte-Frankreich_Centre_Normandie.png","gform-image-choice-sm-width":300,"gform-image-choice-sm-height":295,"gform-image-choice-md":"https:\/\/www.franceavelo.com\/wp-content\/uploads\/2018\/03\/Karte-Frankreich_Centre_Normandie.png","gform-image-choice-md-width":400,"gform-image-choice-md-height":394,"gform-image-choice-lg":"https:\/\/www.franceavelo.com\/wp-content\/uploads\/2018\/03\/Karte-Frankreich_Centre_Normandie.png","gform-image-choice-lg-width":600,"gform-image-choice-lg-height":591}},"product_map_region":{"ID":75991,"id":75991,"title":"FAV_V\u00e9losc\u00e9nie_Chartres_8J_VS8C 820 px","filename":"FAV_Veloscenie_Chartres_8J_VS8C-820-px.png","filesize":204773,"url":"https:\/\/www.franceavelo.com\/wp-content\/uploads\/2020\/10\/FAV_Veloscenie_Chartres_8J_VS8C-820-px.png","link":"https:\/\/www.franceavelo.com\/de\/product\/veloscenie-8-tage-eco\/fav_veloscenie_chartres_8j_vs8c-820-px\/","alt":"","author":"12","description":"","caption":"","name":"fav_veloscenie_chartres_8j_vs8c-820-px","status":"inherit","uploaded_to":60437,"date":"2025-10-27 09:29:21","modified":"2025-10-27 09:29:21","menu_order":0,"mime_type":"image\/png","type":"image","subtype":"png","icon":"https:\/\/www.franceavelo.com\/wp-includes\/images\/media\/default.png","width":1375,"height":550,"sizes":{"thumbnail":"https:\/\/www.franceavelo.com\/wp-content\/uploads\/2020\/10\/FAV_Veloscenie_Chartres_8J_VS8C-820-px-150x150.png","thumbnail-width":150,"thumbnail-height":150,"medium":"https:\/\/www.franceavelo.com\/wp-content\/uploads\/2020\/10\/FAV_Veloscenie_Chartres_8J_VS8C-820-px-300x120.png","medium-width":300,"medium-height":120,"medium_large":"https:\/\/www.franceavelo.com\/wp-content\/uploads\/2020\/10\/FAV_Veloscenie_Chartres_8J_VS8C-820-px-768x307.png","medium_large-width":768,"medium_large-height":307,"large":"https:\/\/www.franceavelo.com\/wp-content\/uploads\/2020\/10\/FAV_Veloscenie_Chartres_8J_VS8C-820-px-1024x410.png","large-width":1024,"large-height":410,"1536x1536":"https:\/\/www.franceavelo.com\/wp-content\/uploads\/2020\/10\/FAV_Veloscenie_Chartres_8J_VS8C-820-px.png","1536x1536-width":1375,"1536x1536-height":550,"2048x2048":"https:\/\/www.franceavelo.com\/wp-content\/uploads\/2020\/10\/FAV_Veloscenie_Chartres_8J_VS8C-820-px.png","2048x2048-width":1375,"2048x2048-height":550,"product_option_intro":"https:\/\/www.franceavelo.com\/wp-content\/uploads\/2020\/10\/FAV_Veloscenie_Chartres_8J_VS8C-820-px-300x220.png","product_option_intro-width":300,"product_option_intro-height":220,"postlist_thumbnail":"https:\/\/www.franceavelo.com\/wp-content\/uploads\/2020\/10\/FAV_Veloscenie_Chartres_8J_VS8C-820-px-200x200.png","postlist_thumbnail-width":200,"postlist_thumbnail-height":200,"content_full_desktop":"https:\/\/www.franceavelo.com\/wp-content\/uploads\/2020\/10\/FAV_Veloscenie_Chartres_8J_VS8C-820-px-970x388.png","content_full_desktop-width":970,"content_full_desktop-height":388,"content_full_desktop_retina":"https:\/\/www.franceavelo.com\/wp-content\/uploads\/2020\/10\/FAV_Veloscenie_Chartres_8J_VS8C-820-px.png","content_full_desktop_retina-width":1375,"content_full_desktop_retina-height":550,"content_half_desktop":"https:\/\/www.franceavelo.com\/wp-content\/uploads\/2020\/10\/FAV_Veloscenie_Chartres_8J_VS8C-820-px-485x194.png","content_half_desktop-width":485,"content_half_desktop-height":194,"content_full_tablet":"https:\/\/www.franceavelo.com\/wp-content\/uploads\/2020\/10\/FAV_Veloscenie_Chartres_8J_VS8C-820-px-750x300.png","content_full_tablet-width":750,"content_full_tablet-height":300,"content_full_tablet_retina":"https:\/\/www.franceavelo.com\/wp-content\/uploads\/2020\/10\/FAV_Veloscenie_Chartres_8J_VS8C-820-px.png","content_full_tablet_retina-width":1375,"content_full_tablet_retina-height":550,"content_half_tablet":"https:\/\/www.franceavelo.com\/wp-content\/uploads\/2020\/10\/FAV_Veloscenie_Chartres_8J_VS8C-820-px-375x150.png","content_half_tablet-width":375,"content_half_tablet-height":150,"content_full_mobile":"https:\/\/www.franceavelo.com\/wp-content\/uploads\/2020\/10\/FAV_Veloscenie_Chartres_8J_VS8C-820-px-500x200.png","content_full_mobile-width":500,"content_full_mobile-height":200,"content_full_mobile_retina":"https:\/\/www.franceavelo.com\/wp-content\/uploads\/2020\/10\/FAV_Veloscenie_Chartres_8J_VS8C-820-px-1000x400.png","content_full_mobile_retina-width":1000,"content_full_mobile_retina-height":400,"content_full_smallmobile":"https:\/\/www.franceavelo.com\/wp-content\/uploads\/2020\/10\/FAV_Veloscenie_Chartres_8J_VS8C-820-px-380x180.png","content_full_smallmobile-width":380,"content_full_smallmobile-height":180,"content_head_mobile":"https:\/\/www.franceavelo.com\/wp-content\/uploads\/2020\/10\/FAV_Veloscenie_Chartres_8J_VS8C-820-px-320x430.png","content_head_mobile-width":320,"content_head_mobile-height":430,"content_head_tablet":"https:\/\/www.franceavelo.com\/wp-content\/uploads\/2020\/10\/FAV_Veloscenie_Chartres_8J_VS8C-820-px-540x500.png","content_head_tablet-width":540,"content_head_tablet-height":500,"content_highlight_desktop":"https:\/\/www.franceavelo.com\/wp-content\/uploads\/2020\/10\/FAV_Veloscenie_Chartres_8J_VS8C-820-px-350x240.png","content_highlight_desktop-width":350,"content_highlight_desktop-height":240,"content_highlight_desktop_retina":"https:\/\/www.franceavelo.com\/wp-content\/uploads\/2020\/10\/FAV_Veloscenie_Chartres_8J_VS8C-820-px-700x480.png","content_highlight_desktop_retina-width":700,"content_highlight_desktop_retina-height":480,"content_testimony_mobile":"https:\/\/www.franceavelo.com\/wp-content\/uploads\/2020\/10\/FAV_Veloscenie_Chartres_8J_VS8C-820-px-480x550.png","content_testimony_mobile-width":480,"content_testimony_mobile-height":550,"content_type_image_desktop":"https:\/\/www.franceavelo.com\/wp-content\/uploads\/2020\/10\/FAV_Veloscenie_Chartres_8J_VS8C-820-px-600x240.png","content_type_image_desktop-width":600,"content_type_image_desktop-height":240,"content_type_image_desktop_retina":"https:\/\/www.franceavelo.com\/wp-content\/uploads\/2020\/10\/FAV_Veloscenie_Chartres_8J_VS8C-820-px-1200x480.png","content_type_image_desktop_retina-width":1200,"content_type_image_desktop_retina-height":480,"content_type_image_mobile":"https:\/\/www.franceavelo.com\/wp-content\/uploads\/2020\/10\/FAV_Veloscenie_Chartres_8J_VS8C-820-px-450x180.png","content_type_image_mobile-width":450,"content_type_image_mobile-height":180,"gform-image-choice-sm":"https:\/\/www.franceavelo.com\/wp-content\/uploads\/2020\/10\/FAV_Veloscenie_Chartres_8J_VS8C-820-px.png","gform-image-choice-sm-width":300,"gform-image-choice-sm-height":120,"gform-image-choice-md":"https:\/\/www.franceavelo.com\/wp-content\/uploads\/2020\/10\/FAV_Veloscenie_Chartres_8J_VS8C-820-px.png","gform-image-choice-md-width":400,"gform-image-choice-md-height":160,"gform-image-choice-lg":"https:\/\/www.franceavelo.com\/wp-content\/uploads\/2020\/10\/FAV_Veloscenie_Chartres_8J_VS8C-820-px.png","gform-image-choice-lg-width":600,"gform-image-choice-lg-height":240}}},"yoast_head":"<!-- This site is optimized with the Yoast SEO plugin v27.4 - https:\/\/yoast.com\/product\/yoast-seo-wordpress\/ -->\n<title>Au\u00dfergew\u00f6hnliche Radreise Chartres - Mont Saint Michel - 8T\/7N<\/title>\n<meta name=\"description\" content=\"Eine au\u00dfergew\u00f6hnliche Radreise, die mit 5 UNESCO Weltkulturerben eine ideale Kombination aus Kultur- und Genussradeln bietet.\" \/>\n<meta name=\"robots\" content=\"index, follow, max-snippet:-1, max-image-preview:large, max-video-preview:-1\" \/>\n<link rel=\"canonical\" href=\"https:\/\/www.franceavelo.com\/de\/product\/veloscenie-8-tage\/\" \/>\n<meta property=\"og:locale\" content=\"de_DE\" \/>\n<meta property=\"og:type\" content=\"article\" \/>\n<meta property=\"og:title\" content=\"Au\u00dfergew\u00f6hnliche Radreise Chartres - Mont Saint Michel - 8T\/7N\" \/>\n<meta property=\"og:description\" content=\"Eine au\u00dfergew\u00f6hnliche Radreise, die mit 5 UNESCO Weltkulturerben eine ideale Kombination aus Kultur- und Genussradeln bietet.\" \/>\n<meta property=\"og:url\" content=\"https:\/\/www.franceavelo.com\/de\/product\/veloscenie-8-tage\/\" \/>\n<meta property=\"og:site_name\" content=\"France \u00e0 v\u00e9lo\" \/>\n<meta property=\"article:modified_time\" content=\"2025-11-05T09:06:13+00:00\" \/>\n<meta name=\"twitter:card\" content=\"summary_large_image\" \/>\n<meta name=\"twitter:label1\" content=\"Gesch\u00e4tzte Lesezeit\" \/>\n\t<meta name=\"twitter:data1\" content=\"6\u00a0Minuten\" \/>\n<script type=\"application\/ld+json\" class=\"yoast-schema-graph\">{\"@context\":\"https:\\\/\\\/schema.org\",\"@graph\":[{\"@type\":\"WebPage\",\"@id\":\"https:\\\/\\\/www.franceavelo.com\\\/de\\\/product\\\/veloscenie-8-tage\\\/\",\"url\":\"https:\\\/\\\/www.franceavelo.com\\\/de\\\/product\\\/veloscenie-8-tage\\\/\",\"name\":\"Au\u00dfergew\u00f6hnliche Radreise Chartres - Mont Saint Michel - 8T\\\/7N\",\"isPartOf\":{\"@id\":\"https:\\\/\\\/www.franceavelo.com\\\/fr\\\/#website\"},\"datePublished\":\"2018-03-22T04:58:05+00:00\",\"dateModified\":\"2025-11-05T09:06:13+00:00\",\"description\":\"Eine au\u00dfergew\u00f6hnliche Radreise, die mit 5 UNESCO Weltkulturerben eine ideale Kombination aus Kultur- und Genussradeln bietet.\",\"breadcrumb\":{\"@id\":\"https:\\\/\\\/www.franceavelo.com\\\/de\\\/product\\\/veloscenie-8-tage\\\/#breadcrumb\"},\"inLanguage\":\"de\",\"potentialAction\":[{\"@type\":\"ReadAction\",\"target\":[\"https:\\\/\\\/www.franceavelo.com\\\/de\\\/product\\\/veloscenie-8-tage\\\/\"]}]},{\"@type\":\"BreadcrumbList\",\"@id\":\"https:\\\/\\\/www.franceavelo.com\\\/de\\\/product\\\/veloscenie-8-tage\\\/#breadcrumb\",\"itemListElement\":[{\"@type\":\"ListItem\",\"position\":1,\"name\":\"Home\",\"item\":\"https:\\\/\\\/www.franceavelo.com\\\/de\\\/\"},{\"@type\":\"ListItem\",\"position\":2,\"name\":\"Produits\",\"item\":\"https:\\\/\\\/www.franceavelo.com\\\/produits\\\/\"},{\"@type\":\"ListItem\",\"position\":3,\"name\":\"V\u00e9losc\u00e9nie &#8211; Ungef\u00fchrt &#8211; 8 Tage &#8211; Klassik\"}]},{\"@type\":\"WebSite\",\"@id\":\"https:\\\/\\\/www.franceavelo.com\\\/fr\\\/#website\",\"url\":\"https:\\\/\\\/www.franceavelo.com\\\/fr\\\/\",\"name\":\"France \u00e0 v\u00e9lo\",\"description\":\"Un site utilisant WordPress\",\"publisher\":{\"@id\":\"https:\\\/\\\/www.franceavelo.com\\\/fr\\\/#organization\"},\"potentialAction\":[{\"@type\":\"SearchAction\",\"target\":{\"@type\":\"EntryPoint\",\"urlTemplate\":\"https:\\\/\\\/www.franceavelo.com\\\/fr\\\/?s={search_term_string}\"},\"query-input\":{\"@type\":\"PropertyValueSpecification\",\"valueRequired\":true,\"valueName\":\"search_term_string\"}}],\"inLanguage\":\"de\"},{\"@type\":\"Organization\",\"@id\":\"https:\\\/\\\/www.franceavelo.com\\\/fr\\\/#organization\",\"name\":\"France \u00e0 v\u00e9lo\",\"url\":\"https:\\\/\\\/www.franceavelo.com\\\/fr\\\/\",\"logo\":{\"@type\":\"ImageObject\",\"inLanguage\":\"de\",\"@id\":\"https:\\\/\\\/www.franceavelo.com\\\/fr\\\/#\\\/schema\\\/logo\\\/image\\\/\",\"url\":\"https:\\\/\\\/www.franceavelo.com\\\/wp-content\\\/uploads\\\/2024\\\/07\\\/favicon-large.png\",\"contentUrl\":\"https:\\\/\\\/www.franceavelo.com\\\/wp-content\\\/uploads\\\/2024\\\/07\\\/favicon-large.png\",\"width\":696,\"height\":696,\"caption\":\"France \u00e0 v\u00e9lo\"},\"image\":{\"@id\":\"https:\\\/\\\/www.franceavelo.com\\\/fr\\\/#\\\/schema\\\/logo\\\/image\\\/\"}}]}<\/script>\n<!-- \/ Yoast SEO plugin. -->","yoast_head_json":{"title":"Au\u00dfergew\u00f6hnliche Radreise Chartres - Mont Saint Michel - 8T\/7N","description":"Eine au\u00dfergew\u00f6hnliche Radreise, die mit 5 UNESCO Weltkulturerben eine ideale Kombination aus Kultur- und Genussradeln bietet.","robots":{"index":"index","follow":"follow","max-snippet":"max-snippet:-1","max-image-preview":"max-image-preview:large","max-video-preview":"max-video-preview:-1"},"canonical":"https:\/\/www.franceavelo.com\/de\/product\/veloscenie-8-tage\/","og_locale":"de_DE","og_type":"article","og_title":"Au\u00dfergew\u00f6hnliche Radreise Chartres - Mont Saint Michel - 8T\/7N","og_description":"Eine au\u00dfergew\u00f6hnliche Radreise, die mit 5 UNESCO Weltkulturerben eine ideale Kombination aus Kultur- und Genussradeln bietet.","og_url":"https:\/\/www.franceavelo.com\/de\/product\/veloscenie-8-tage\/","og_site_name":"France \u00e0 v\u00e9lo","article_modified_time":"2025-11-05T09:06:13+00:00","twitter_card":"summary_large_image","twitter_misc":{"Gesch\u00e4tzte Lesezeit":"6\u00a0Minuten"},"schema":{"@context":"https:\/\/schema.org","@graph":[{"@type":"WebPage","@id":"https:\/\/www.franceavelo.com\/de\/product\/veloscenie-8-tage\/","url":"https:\/\/www.franceavelo.com\/de\/product\/veloscenie-8-tage\/","name":"Au\u00dfergew\u00f6hnliche Radreise Chartres - Mont Saint Michel - 8T\/7N","isPartOf":{"@id":"https:\/\/www.franceavelo.com\/fr\/#website"},"datePublished":"2018-03-22T04:58:05+00:00","dateModified":"2025-11-05T09:06:13+00:00","description":"Eine au\u00dfergew\u00f6hnliche Radreise, die mit 5 UNESCO Weltkulturerben eine ideale Kombination aus Kultur- und Genussradeln bietet.","breadcrumb":{"@id":"https:\/\/www.franceavelo.com\/de\/product\/veloscenie-8-tage\/#breadcrumb"},"inLanguage":"de","potentialAction":[{"@type":"ReadAction","target":["https:\/\/www.franceavelo.com\/de\/product\/veloscenie-8-tage\/"]}]},{"@type":"BreadcrumbList","@id":"https:\/\/www.franceavelo.com\/de\/product\/veloscenie-8-tage\/#breadcrumb","itemListElement":[{"@type":"ListItem","position":1,"name":"Home","item":"https:\/\/www.franceavelo.com\/de\/"},{"@type":"ListItem","position":2,"name":"Produits","item":"https:\/\/www.franceavelo.com\/produits\/"},{"@type":"ListItem","position":3,"name":"V\u00e9losc\u00e9nie &#8211; Ungef\u00fchrt &#8211; 8 Tage &#8211; Klassik"}]},{"@type":"WebSite","@id":"https:\/\/www.franceavelo.com\/fr\/#website","url":"https:\/\/www.franceavelo.com\/fr\/","name":"France \u00e0 v\u00e9lo","description":"Un site utilisant WordPress","publisher":{"@id":"https:\/\/www.franceavelo.com\/fr\/#organization"},"potentialAction":[{"@type":"SearchAction","target":{"@type":"EntryPoint","urlTemplate":"https:\/\/www.franceavelo.com\/fr\/?s={search_term_string}"},"query-input":{"@type":"PropertyValueSpecification","valueRequired":true,"valueName":"search_term_string"}}],"inLanguage":"de"},{"@type":"Organization","@id":"https:\/\/www.franceavelo.com\/fr\/#organization","name":"France \u00e0 v\u00e9lo","url":"https:\/\/www.franceavelo.com\/fr\/","logo":{"@type":"ImageObject","inLanguage":"de","@id":"https:\/\/www.franceavelo.com\/fr\/#\/schema\/logo\/image\/","url":"https:\/\/www.franceavelo.com\/wp-content\/uploads\/2024\/07\/favicon-large.png","contentUrl":"https:\/\/www.franceavelo.com\/wp-content\/uploads\/2024\/07\/favicon-large.png","width":696,"height":696,"caption":"France \u00e0 v\u00e9lo"},"image":{"@id":"https:\/\/www.franceavelo.com\/fr\/#\/schema\/logo\/image\/"}}]}},"_links":{"self":[{"href":"https:\/\/www.franceavelo.com\/de\/wp-json\/wp\/v2\/product\/24992","targetHints":{"allow":["GET"]}}],"collection":[{"href":"https:\/\/www.franceavelo.com\/de\/wp-json\/wp\/v2\/product"}],"about":[{"href":"https:\/\/www.franceavelo.com\/de\/wp-json\/wp\/v2\/types\/product"}],"replies":[{"embeddable":true,"href":"https:\/\/www.franceavelo.com\/de\/wp-json\/wp\/v2\/comments?post=24992"}],"wp:attachment":[{"href":"https:\/\/www.franceavelo.com\/de\/wp-json\/wp\/v2\/media?parent=24992"}],"curies":[{"name":"wp","href":"https:\/\/api.w.org\/{rel}","templated":true}]}}