{"id":60782,"date":"2020-11-13T14:31:56","date_gmt":"2020-11-13T13:31:56","guid":{"rendered":"https:\/\/www.franceavelo.com\/?post_type=product&#038;p=60782"},"modified":"2024-11-07T10:25:24","modified_gmt":"2024-11-07T09:25:24","slug":"radreise-canal-du-midi-7-tage-6-naechte","status":"publish","type":"product","link":"https:\/\/www.franceavelo.com\/de\/product\/radreise-canal-du-midi-7-tage-6-naechte\/","title":{"rendered":"Radreise Canal du Midi\/Garonne 7 Tage \/ 6 N\u00e4chte"},"comment_status":"open","ping_status":"closed","template":"","class_list":["post-60782","product","type-product","status-publish","hentry"],"acf":{"product_code":"CDM7C","product_main_img":{"ID":60783,"id":60783,"title":"P28-bandeau-Canal du midi","filename":"P28-bandeau-Canal-du-midi-scaled.jpg","filesize":1058728,"url":"https:\/\/www.franceavelo.com\/wp-content\/uploads\/2020\/11\/P28-bandeau-Canal-du-midi-scaled.jpg","link":"https:\/\/www.franceavelo.com\/de\/product\/radreise-canal-du-midi-7-tage-6-naechte\/p28-bandeau-canal-du-midi\/","alt":"","author":"12","description":"","caption":"","name":"p28-bandeau-canal-du-midi","status":"inherit","uploaded_to":60782,"date":"2020-11-13 13:02:55","modified":"2020-11-13 13:02:55","menu_order":0,"mime_type":"image\/jpeg","type":"image","subtype":"jpeg","icon":"https:\/\/www.franceavelo.com\/wp-includes\/images\/media\/default.png","width":2560,"height":1912,"sizes":{"thumbnail":"https:\/\/www.franceavelo.com\/wp-content\/uploads\/2020\/11\/P28-bandeau-Canal-du-midi-150x150.jpg","thumbnail-width":150,"thumbnail-height":150,"medium":"https:\/\/www.franceavelo.com\/wp-content\/uploads\/2020\/11\/P28-bandeau-Canal-du-midi-300x224.jpg","medium-width":300,"medium-height":224,"medium_large":"https:\/\/www.franceavelo.com\/wp-content\/uploads\/2020\/11\/P28-bandeau-Canal-du-midi-768x574.jpg","medium_large-width":768,"medium_large-height":574,"large":"https:\/\/www.franceavelo.com\/wp-content\/uploads\/2020\/11\/P28-bandeau-Canal-du-midi-1024x765.jpg","large-width":1024,"large-height":765,"1536x1536":"https:\/\/www.franceavelo.com\/wp-content\/uploads\/2020\/11\/P28-bandeau-Canal-du-midi-1536x1147.jpg","1536x1536-width":1536,"1536x1536-height":1147,"2048x2048":"https:\/\/www.franceavelo.com\/wp-content\/uploads\/2020\/11\/P28-bandeau-Canal-du-midi-2048x1530.jpg","2048x2048-width":2048,"2048x2048-height":1530,"product_option_intro":"https:\/\/www.franceavelo.com\/wp-content\/uploads\/2020\/11\/P28-bandeau-Canal-du-midi-300x220.jpg","product_option_intro-width":300,"product_option_intro-height":220,"postlist_thumbnail":"https:\/\/www.franceavelo.com\/wp-content\/uploads\/2020\/11\/P28-bandeau-Canal-du-midi-200x200.jpg","postlist_thumbnail-width":200,"postlist_thumbnail-height":200,"content_full_desktop":"https:\/\/www.franceavelo.com\/wp-content\/uploads\/2020\/11\/P28-bandeau-Canal-du-midi-970x725.jpg","content_full_desktop-width":970,"content_full_desktop-height":725,"content_full_desktop_retina":"https:\/\/www.franceavelo.com\/wp-content\/uploads\/2020\/11\/P28-bandeau-Canal-du-midi-1940x1449.jpg","content_full_desktop_retina-width":1940,"content_full_desktop_retina-height":1449,"content_half_desktop":"https:\/\/www.franceavelo.com\/wp-content\/uploads\/2020\/11\/P28-bandeau-Canal-du-midi-485x362.jpg","content_half_desktop-width":485,"content_half_desktop-height":362,"content_full_tablet":"https:\/\/www.franceavelo.com\/wp-content\/uploads\/2020\/11\/P28-bandeau-Canal-du-midi-750x560.jpg","content_full_tablet-width":750,"content_full_tablet-height":560,"content_full_tablet_retina":"https:\/\/www.franceavelo.com\/wp-content\/uploads\/2020\/11\/P28-bandeau-Canal-du-midi-1500x1120.jpg","content_full_tablet_retina-width":1500,"content_full_tablet_retina-height":1120,"content_half_tablet":"https:\/\/www.franceavelo.com\/wp-content\/uploads\/2020\/11\/P28-bandeau-Canal-du-midi-375x280.jpg","content_half_tablet-width":375,"content_half_tablet-height":280,"content_full_mobile":"https:\/\/www.franceavelo.com\/wp-content\/uploads\/2020\/11\/P28-bandeau-Canal-du-midi-500x373.jpg","content_full_mobile-width":500,"content_full_mobile-height":373,"content_full_mobile_retina":"https:\/\/www.franceavelo.com\/wp-content\/uploads\/2020\/11\/P28-bandeau-Canal-du-midi-1000x747.jpg","content_full_mobile_retina-width":1000,"content_full_mobile_retina-height":747,"content_full_smallmobile":"https:\/\/www.franceavelo.com\/wp-content\/uploads\/2020\/11\/P28-bandeau-Canal-du-midi-380x180.jpg","content_full_smallmobile-width":380,"content_full_smallmobile-height":180,"content_head_mobile":"https:\/\/www.franceavelo.com\/wp-content\/uploads\/2020\/11\/P28-bandeau-Canal-du-midi-320x430.jpg","content_head_mobile-width":320,"content_head_mobile-height":430,"content_head_tablet":"https:\/\/www.franceavelo.com\/wp-content\/uploads\/2020\/11\/P28-bandeau-Canal-du-midi-540x500.jpg","content_head_tablet-width":540,"content_head_tablet-height":500,"content_highlight_desktop":"https:\/\/www.franceavelo.com\/wp-content\/uploads\/2020\/11\/P28-bandeau-Canal-du-midi-350x240.jpg","content_highlight_desktop-width":350,"content_highlight_desktop-height":240,"content_highlight_desktop_retina":"https:\/\/www.franceavelo.com\/wp-content\/uploads\/2020\/11\/P28-bandeau-Canal-du-midi-700x480.jpg","content_highlight_desktop_retina-width":700,"content_highlight_desktop_retina-height":480,"content_testimony_mobile":"https:\/\/www.franceavelo.com\/wp-content\/uploads\/2020\/11\/P28-bandeau-Canal-du-midi-480x1100.jpg","content_testimony_mobile-width":480,"content_testimony_mobile-height":1100,"content_type_image_desktop":"https:\/\/www.franceavelo.com\/wp-content\/uploads\/2020\/11\/P28-bandeau-Canal-du-midi-600x448.jpg","content_type_image_desktop-width":600,"content_type_image_desktop-height":448,"content_type_image_desktop_retina":"https:\/\/www.franceavelo.com\/wp-content\/uploads\/2020\/11\/P28-bandeau-Canal-du-midi-1200x896.jpg","content_type_image_desktop_retina-width":1200,"content_type_image_desktop_retina-height":896,"content_type_image_mobile":"https:\/\/www.franceavelo.com\/wp-content\/uploads\/2020\/11\/P28-bandeau-Canal-du-midi-450x336.jpg","content_type_image_mobile-width":450,"content_type_image_mobile-height":336,"gform-image-choice-sm":"https:\/\/www.franceavelo.com\/wp-content\/uploads\/2020\/11\/P28-bandeau-Canal-du-midi-scaled.jpg","gform-image-choice-sm-width":300,"gform-image-choice-sm-height":224,"gform-image-choice-md":"https:\/\/www.franceavelo.com\/wp-content\/uploads\/2020\/11\/P28-bandeau-Canal-du-midi-scaled.jpg","gform-image-choice-md-width":400,"gform-image-choice-md-height":299,"gform-image-choice-lg":"https:\/\/www.franceavelo.com\/wp-content\/uploads\/2020\/11\/P28-bandeau-Canal-du-midi-scaled.jpg","gform-image-choice-lg-width":600,"gform-image-choice-lg-height":448}},"product_title":"Radreise - Canal du Midi - Individuell - 7 Tage \/ 6 N\u00e4chte","product_subtitle":"Zwischen Reben und Burgen ","product_description":"<p><strong>Damals wie heute schl\u00e4ngelt sich der Canal du Midi \u00fcber rund 260 km und mit 64 Schleusen durch herrliche Landschaften, durch Ortschaften, wo die Zeit noch immer stillgestanden zu sein scheint. Auf Sie warten das elegante Montpellier, die lebendige Hafen\u2013 und Fischerstadt S\u00e8te, das griechische Agde mit seiner romanischen Wehrkirche aus Basaltgestein, B\u00e9ziers mit Kathedrale, Altstadt und r\u00f6mischer Br\u00fccke, Narbonne mit Erzbischofspalast und gotischer Kathedrale sowie r\u00f6m. unterirdische Speicheranlagen, Carcassonne mit der m\u00e4chtigsten mittelalterlichen<\/strong><strong> D<\/strong><strong>oppelwehranlage Europas (Weltkulturgut).<\/strong><\/p>\n","product_map_circuit":{"ID":60819,"id":60819,"title":"FRANCE A VELO_Canal du Midi 7 Jours_non guid\u00e9e","filename":"FRANCE-A-VELO_Canal-du-Midi-7-Jours_non-guid\u00e9e.png","filesize":45570,"url":"https:\/\/www.franceavelo.com\/wp-content\/uploads\/2020\/11\/FRANCE-A-VELO_Canal-du-Midi-7-Jours_non-guid\u00e9e.png","link":"https:\/\/www.franceavelo.com\/de\/product\/radreise-canal-du-midi-7-tage-6-naechte\/france-a-velo_canal-du-midi-7-jours_non-guidee\/","alt":"","author":"12","description":"","caption":"","name":"france-a-velo_canal-du-midi-7-jours_non-guidee","status":"inherit","uploaded_to":60782,"date":"2020-11-13 13:12:26","modified":"2020-11-13 13:12:26","menu_order":0,"mime_type":"image\/png","type":"image","subtype":"png","icon":"https:\/\/www.franceavelo.com\/wp-includes\/images\/media\/default.png","width":839,"height":949,"sizes":{"thumbnail":"https:\/\/www.franceavelo.com\/wp-content\/uploads\/2020\/11\/FRANCE-A-VELO_Canal-du-Midi-7-Jours_non-guid\u00e9e-150x150.png","thumbnail-width":150,"thumbnail-height":150,"medium":"https:\/\/www.franceavelo.com\/wp-content\/uploads\/2020\/11\/FRANCE-A-VELO_Canal-du-Midi-7-Jours_non-guid\u00e9e-265x300.png","medium-width":265,"medium-height":300,"medium_large":"https:\/\/www.franceavelo.com\/wp-content\/uploads\/2020\/11\/FRANCE-A-VELO_Canal-du-Midi-7-Jours_non-guid\u00e9e-768x869.png","medium_large-width":768,"medium_large-height":869,"large":"https:\/\/www.franceavelo.com\/wp-content\/uploads\/2020\/11\/FRANCE-A-VELO_Canal-du-Midi-7-Jours_non-guid\u00e9e.png","large-width":839,"large-height":949,"1536x1536":"https:\/\/www.franceavelo.com\/wp-content\/uploads\/2020\/11\/FRANCE-A-VELO_Canal-du-Midi-7-Jours_non-guid\u00e9e.png","1536x1536-width":839,"1536x1536-height":949,"2048x2048":"https:\/\/www.franceavelo.com\/wp-content\/uploads\/2020\/11\/FRANCE-A-VELO_Canal-du-Midi-7-Jours_non-guid\u00e9e.png","2048x2048-width":839,"2048x2048-height":949,"product_option_intro":"https:\/\/www.franceavelo.com\/wp-content\/uploads\/2020\/11\/FRANCE-A-VELO_Canal-du-Midi-7-Jours_non-guid\u00e9e-300x220.png","product_option_intro-width":300,"product_option_intro-height":220,"postlist_thumbnail":"https:\/\/www.franceavelo.com\/wp-content\/uploads\/2020\/11\/FRANCE-A-VELO_Canal-du-Midi-7-Jours_non-guid\u00e9e-200x200.png","postlist_thumbnail-width":200,"postlist_thumbnail-height":200,"content_full_desktop":"https:\/\/www.franceavelo.com\/wp-content\/uploads\/2020\/11\/FRANCE-A-VELO_Canal-du-Midi-7-Jours_non-guid\u00e9e.png","content_full_desktop-width":839,"content_full_desktop-height":949,"content_full_desktop_retina":"https:\/\/www.franceavelo.com\/wp-content\/uploads\/2020\/11\/FRANCE-A-VELO_Canal-du-Midi-7-Jours_non-guid\u00e9e.png","content_full_desktop_retina-width":839,"content_full_desktop_retina-height":949,"content_half_desktop":"https:\/\/www.franceavelo.com\/wp-content\/uploads\/2020\/11\/FRANCE-A-VELO_Canal-du-Midi-7-Jours_non-guid\u00e9e-485x549.png","content_half_desktop-width":485,"content_half_desktop-height":549,"content_full_tablet":"https:\/\/www.franceavelo.com\/wp-content\/uploads\/2020\/11\/FRANCE-A-VELO_Canal-du-Midi-7-Jours_non-guid\u00e9e-750x848.png","content_full_tablet-width":750,"content_full_tablet-height":848,"content_full_tablet_retina":"https:\/\/www.franceavelo.com\/wp-content\/uploads\/2020\/11\/FRANCE-A-VELO_Canal-du-Midi-7-Jours_non-guid\u00e9e.png","content_full_tablet_retina-width":839,"content_full_tablet_retina-height":949,"content_half_tablet":"https:\/\/www.franceavelo.com\/wp-content\/uploads\/2020\/11\/FRANCE-A-VELO_Canal-du-Midi-7-Jours_non-guid\u00e9e-375x424.png","content_half_tablet-width":375,"content_half_tablet-height":424,"content_full_mobile":"https:\/\/www.franceavelo.com\/wp-content\/uploads\/2020\/11\/FRANCE-A-VELO_Canal-du-Midi-7-Jours_non-guid\u00e9e-500x566.png","content_full_mobile-width":500,"content_full_mobile-height":566,"content_full_mobile_retina":"https:\/\/www.franceavelo.com\/wp-content\/uploads\/2020\/11\/FRANCE-A-VELO_Canal-du-Midi-7-Jours_non-guid\u00e9e.png","content_full_mobile_retina-width":839,"content_full_mobile_retina-height":949,"content_full_smallmobile":"https:\/\/www.franceavelo.com\/wp-content\/uploads\/2020\/11\/FRANCE-A-VELO_Canal-du-Midi-7-Jours_non-guid\u00e9e-380x180.png","content_full_smallmobile-width":380,"content_full_smallmobile-height":180,"content_head_mobile":"https:\/\/www.franceavelo.com\/wp-content\/uploads\/2020\/11\/FRANCE-A-VELO_Canal-du-Midi-7-Jours_non-guid\u00e9e-320x430.png","content_head_mobile-width":320,"content_head_mobile-height":430,"content_head_tablet":"https:\/\/www.franceavelo.com\/wp-content\/uploads\/2020\/11\/FRANCE-A-VELO_Canal-du-Midi-7-Jours_non-guid\u00e9e-540x500.png","content_head_tablet-width":540,"content_head_tablet-height":500,"content_highlight_desktop":"https:\/\/www.franceavelo.com\/wp-content\/uploads\/2020\/11\/FRANCE-A-VELO_Canal-du-Midi-7-Jours_non-guid\u00e9e-350x240.png","content_highlight_desktop-width":350,"content_highlight_desktop-height":240,"content_highlight_desktop_retina":"https:\/\/www.franceavelo.com\/wp-content\/uploads\/2020\/11\/FRANCE-A-VELO_Canal-du-Midi-7-Jours_non-guid\u00e9e-700x480.png","content_highlight_desktop_retina-width":700,"content_highlight_desktop_retina-height":480,"content_testimony_mobile":"https:\/\/www.franceavelo.com\/wp-content\/uploads\/2020\/11\/FRANCE-A-VELO_Canal-du-Midi-7-Jours_non-guid\u00e9e-480x949.png","content_testimony_mobile-width":480,"content_testimony_mobile-height":949,"content_type_image_desktop":"https:\/\/www.franceavelo.com\/wp-content\/uploads\/2020\/11\/FRANCE-A-VELO_Canal-du-Midi-7-Jours_non-guid\u00e9e-600x679.png","content_type_image_desktop-width":600,"content_type_image_desktop-height":679,"content_type_image_desktop_retina":"https:\/\/www.franceavelo.com\/wp-content\/uploads\/2020\/11\/FRANCE-A-VELO_Canal-du-Midi-7-Jours_non-guid\u00e9e.png","content_type_image_desktop_retina-width":839,"content_type_image_desktop_retina-height":949,"content_type_image_mobile":"https:\/\/www.franceavelo.com\/wp-content\/uploads\/2020\/11\/FRANCE-A-VELO_Canal-du-Midi-7-Jours_non-guid\u00e9e-450x509.png","content_type_image_mobile-width":450,"content_type_image_mobile-height":509,"gform-image-choice-sm":"https:\/\/www.franceavelo.com\/wp-content\/uploads\/2020\/11\/FRANCE-A-VELO_Canal-du-Midi-7-Jours_non-guid\u00e9e.png","gform-image-choice-sm-width":265,"gform-image-choice-sm-height":300,"gform-image-choice-md":"https:\/\/www.franceavelo.com\/wp-content\/uploads\/2020\/11\/FRANCE-A-VELO_Canal-du-Midi-7-Jours_non-guid\u00e9e.png","gform-image-choice-md-width":354,"gform-image-choice-md-height":400,"gform-image-choice-lg":"https:\/\/www.franceavelo.com\/wp-content\/uploads\/2020\/11\/FRANCE-A-VELO_Canal-du-Midi-7-Jours_non-guid\u00e9e.png","gform-image-choice-lg-width":530,"gform-image-choice-lg-height":600}},"product_map_region":false,"product_pdf_datasheet":false,"product_price_from":"695","product_zone":"fr","product_subzone":"fr_18","product_travel_type":{"value":"ty_2","label":"Non Guid\u00e9"},"product_ambiance":[{"value":"am_4","label":"E bike"},{"value":"am_5","label":"Culture\u00a0"},{"value":"am_7","label":"Vin"}],"product_landscape":[{"value":"la_1","label":"Mer\/oc\u00e9an"},{"value":"la_2","label":"Nature"},{"value":"la_6","label":"Voie verte"}],"product_difficulty":"1","product_nb_kilometer":"230","product_nb_day":"7","product_nb_night":"6","product_gallery_items":[{"product_gallery_item_type":"image","product_gallery_item_image":{"ID":60786,"id":60786,"title":"canal du midi-france-a-velo (1)","filename":"canal-du-midi-france-a-velo-1-scaled.jpg","filesize":729130,"url":"https:\/\/www.franceavelo.com\/wp-content\/uploads\/2020\/11\/canal-du-midi-france-a-velo-1-scaled.jpg","link":"https:\/\/www.franceavelo.com\/de\/product\/radreise-canal-du-midi-7-tage-6-naechte\/canal-du-midi-france-a-velo-1\/","alt":"","author":"12","description":"","caption":"","name":"canal-du-midi-france-a-velo-1","status":"inherit","uploaded_to":60782,"date":"2020-11-13 13:10:40","modified":"2020-11-13 13:10:40","menu_order":0,"mime_type":"image\/jpeg","type":"image","subtype":"jpeg","icon":"https:\/\/www.franceavelo.com\/wp-includes\/images\/media\/default.png","width":2560,"height":1912,"sizes":{"thumbnail":"https:\/\/www.franceavelo.com\/wp-content\/uploads\/2020\/11\/canal-du-midi-france-a-velo-1-150x150.jpg","thumbnail-width":150,"thumbnail-height":150,"medium":"https:\/\/www.franceavelo.com\/wp-content\/uploads\/2020\/11\/canal-du-midi-france-a-velo-1-300x224.jpg","medium-width":300,"medium-height":224,"medium_large":"https:\/\/www.franceavelo.com\/wp-content\/uploads\/2020\/11\/canal-du-midi-france-a-velo-1-768x574.jpg","medium_large-width":768,"medium_large-height":574,"large":"https:\/\/www.franceavelo.com\/wp-content\/uploads\/2020\/11\/canal-du-midi-france-a-velo-1-1024x765.jpg","large-width":1024,"large-height":765,"1536x1536":"https:\/\/www.franceavelo.com\/wp-content\/uploads\/2020\/11\/canal-du-midi-france-a-velo-1-1536x1147.jpg","1536x1536-width":1536,"1536x1536-height":1147,"2048x2048":"https:\/\/www.franceavelo.com\/wp-content\/uploads\/2020\/11\/canal-du-midi-france-a-velo-1-2048x1530.jpg","2048x2048-width":2048,"2048x2048-height":1530,"product_option_intro":"https:\/\/www.franceavelo.com\/wp-content\/uploads\/2020\/11\/canal-du-midi-france-a-velo-1-300x220.jpg","product_option_intro-width":300,"product_option_intro-height":220,"postlist_thumbnail":"https:\/\/www.franceavelo.com\/wp-content\/uploads\/2020\/11\/canal-du-midi-france-a-velo-1-200x200.jpg","postlist_thumbnail-width":200,"postlist_thumbnail-height":200,"content_full_desktop":"https:\/\/www.franceavelo.com\/wp-content\/uploads\/2020\/11\/canal-du-midi-france-a-velo-1-970x725.jpg","content_full_desktop-width":970,"content_full_desktop-height":725,"content_full_desktop_retina":"https:\/\/www.franceavelo.com\/wp-content\/uploads\/2020\/11\/canal-du-midi-france-a-velo-1-1940x1449.jpg","content_full_desktop_retina-width":1940,"content_full_desktop_retina-height":1449,"content_half_desktop":"https:\/\/www.franceavelo.com\/wp-content\/uploads\/2020\/11\/canal-du-midi-france-a-velo-1-485x362.jpg","content_half_desktop-width":485,"content_half_desktop-height":362,"content_full_tablet":"https:\/\/www.franceavelo.com\/wp-content\/uploads\/2020\/11\/canal-du-midi-france-a-velo-1-750x560.jpg","content_full_tablet-width":750,"content_full_tablet-height":560,"content_full_tablet_retina":"https:\/\/www.franceavelo.com\/wp-content\/uploads\/2020\/11\/canal-du-midi-france-a-velo-1-1500x1120.jpg","content_full_tablet_retina-width":1500,"content_full_tablet_retina-height":1120,"content_half_tablet":"https:\/\/www.franceavelo.com\/wp-content\/uploads\/2020\/11\/canal-du-midi-france-a-velo-1-375x280.jpg","content_half_tablet-width":375,"content_half_tablet-height":280,"content_full_mobile":"https:\/\/www.franceavelo.com\/wp-content\/uploads\/2020\/11\/canal-du-midi-france-a-velo-1-500x373.jpg","content_full_mobile-width":500,"content_full_mobile-height":373,"content_full_mobile_retina":"https:\/\/www.franceavelo.com\/wp-content\/uploads\/2020\/11\/canal-du-midi-france-a-velo-1-1000x747.jpg","content_full_mobile_retina-width":1000,"content_full_mobile_retina-height":747,"content_full_smallmobile":"https:\/\/www.franceavelo.com\/wp-content\/uploads\/2020\/11\/canal-du-midi-france-a-velo-1-380x180.jpg","content_full_smallmobile-width":380,"content_full_smallmobile-height":180,"content_head_mobile":"https:\/\/www.franceavelo.com\/wp-content\/uploads\/2020\/11\/canal-du-midi-france-a-velo-1-320x430.jpg","content_head_mobile-width":320,"content_head_mobile-height":430,"content_head_tablet":"https:\/\/www.franceavelo.com\/wp-content\/uploads\/2020\/11\/canal-du-midi-france-a-velo-1-540x500.jpg","content_head_tablet-width":540,"content_head_tablet-height":500,"content_highlight_desktop":"https:\/\/www.franceavelo.com\/wp-content\/uploads\/2020\/11\/canal-du-midi-france-a-velo-1-350x240.jpg","content_highlight_desktop-width":350,"content_highlight_desktop-height":240,"content_highlight_desktop_retina":"https:\/\/www.franceavelo.com\/wp-content\/uploads\/2020\/11\/canal-du-midi-france-a-velo-1-700x480.jpg","content_highlight_desktop_retina-width":700,"content_highlight_desktop_retina-height":480,"content_testimony_mobile":"https:\/\/www.franceavelo.com\/wp-content\/uploads\/2020\/11\/canal-du-midi-france-a-velo-1-480x1100.jpg","content_testimony_mobile-width":480,"content_testimony_mobile-height":1100,"content_type_image_desktop":"https:\/\/www.franceavelo.com\/wp-content\/uploads\/2020\/11\/canal-du-midi-france-a-velo-1-600x448.jpg","content_type_image_desktop-width":600,"content_type_image_desktop-height":448,"content_type_image_desktop_retina":"https:\/\/www.franceavelo.com\/wp-content\/uploads\/2020\/11\/canal-du-midi-france-a-velo-1-1200x896.jpg","content_type_image_desktop_retina-width":1200,"content_type_image_desktop_retina-height":896,"content_type_image_mobile":"https:\/\/www.franceavelo.com\/wp-content\/uploads\/2020\/11\/canal-du-midi-france-a-velo-1-450x336.jpg","content_type_image_mobile-width":450,"content_type_image_mobile-height":336,"gform-image-choice-sm":"https:\/\/www.franceavelo.com\/wp-content\/uploads\/2020\/11\/canal-du-midi-france-a-velo-1-scaled.jpg","gform-image-choice-sm-width":300,"gform-image-choice-sm-height":224,"gform-image-choice-md":"https:\/\/www.franceavelo.com\/wp-content\/uploads\/2020\/11\/canal-du-midi-france-a-velo-1-scaled.jpg","gform-image-choice-md-width":400,"gform-image-choice-md-height":299,"gform-image-choice-lg":"https:\/\/www.franceavelo.com\/wp-content\/uploads\/2020\/11\/canal-du-midi-france-a-velo-1-scaled.jpg","gform-image-choice-lg-width":600,"gform-image-choice-lg-height":448}},"product_gallery_item_video_thumbnail":false,"product_gallery_item_video_url":""},{"product_gallery_item_type":"image","product_gallery_item_image":{"ID":60789,"id":60789,"title":"canal du midi-france-a-velo (4)","filename":"canal-du-midi-france-a-velo-4-scaled.jpg","filesize":762241,"url":"https:\/\/www.franceavelo.com\/wp-content\/uploads\/2020\/11\/canal-du-midi-france-a-velo-4-scaled.jpg","link":"https:\/\/www.franceavelo.com\/de\/product\/radreise-canal-du-midi-7-tage-6-naechte\/canal-du-midi-france-a-velo-4\/","alt":"","author":"12","description":"","caption":"","name":"canal-du-midi-france-a-velo-4","status":"inherit","uploaded_to":60782,"date":"2020-11-13 13:10:44","modified":"2020-11-13 13:10:44","menu_order":0,"mime_type":"image\/jpeg","type":"image","subtype":"jpeg","icon":"https:\/\/www.franceavelo.com\/wp-includes\/images\/media\/default.png","width":2560,"height":1920,"sizes":{"thumbnail":"https:\/\/www.franceavelo.com\/wp-content\/uploads\/2020\/11\/canal-du-midi-france-a-velo-4-150x150.jpg","thumbnail-width":150,"thumbnail-height":150,"medium":"https:\/\/www.franceavelo.com\/wp-content\/uploads\/2020\/11\/canal-du-midi-france-a-velo-4-300x225.jpg","medium-width":300,"medium-height":225,"medium_large":"https:\/\/www.franceavelo.com\/wp-content\/uploads\/2020\/11\/canal-du-midi-france-a-velo-4-768x576.jpg","medium_large-width":768,"medium_large-height":576,"large":"https:\/\/www.franceavelo.com\/wp-content\/uploads\/2020\/11\/canal-du-midi-france-a-velo-4-1024x768.jpg","large-width":1024,"large-height":768,"1536x1536":"https:\/\/www.franceavelo.com\/wp-content\/uploads\/2020\/11\/canal-du-midi-france-a-velo-4-1536x1152.jpg","1536x1536-width":1536,"1536x1536-height":1152,"2048x2048":"https:\/\/www.franceavelo.com\/wp-content\/uploads\/2020\/11\/canal-du-midi-france-a-velo-4-2048x1536.jpg","2048x2048-width":2048,"2048x2048-height":1536,"product_option_intro":"https:\/\/www.franceavelo.com\/wp-content\/uploads\/2020\/11\/canal-du-midi-france-a-velo-4-300x220.jpg","product_option_intro-width":300,"product_option_intro-height":220,"postlist_thumbnail":"https:\/\/www.franceavelo.com\/wp-content\/uploads\/2020\/11\/canal-du-midi-france-a-velo-4-200x200.jpg","postlist_thumbnail-width":200,"postlist_thumbnail-height":200,"content_full_desktop":"https:\/\/www.franceavelo.com\/wp-content\/uploads\/2020\/11\/canal-du-midi-france-a-velo-4-970x728.jpg","content_full_desktop-width":970,"content_full_desktop-height":728,"content_full_desktop_retina":"https:\/\/www.franceavelo.com\/wp-content\/uploads\/2020\/11\/canal-du-midi-france-a-velo-4-1940x1455.jpg","content_full_desktop_retina-width":1940,"content_full_desktop_retina-height":1455,"content_half_desktop":"https:\/\/www.franceavelo.com\/wp-content\/uploads\/2020\/11\/canal-du-midi-france-a-velo-4-485x364.jpg","content_half_desktop-width":485,"content_half_desktop-height":364,"content_full_tablet":"https:\/\/www.franceavelo.com\/wp-content\/uploads\/2020\/11\/canal-du-midi-france-a-velo-4-750x563.jpg","content_full_tablet-width":750,"content_full_tablet-height":563,"content_full_tablet_retina":"https:\/\/www.franceavelo.com\/wp-content\/uploads\/2020\/11\/canal-du-midi-france-a-velo-4-1500x1125.jpg","content_full_tablet_retina-width":1500,"content_full_tablet_retina-height":1125,"content_half_tablet":"https:\/\/www.franceavelo.com\/wp-content\/uploads\/2020\/11\/canal-du-midi-france-a-velo-4-375x281.jpg","content_half_tablet-width":375,"content_half_tablet-height":281,"content_full_mobile":"https:\/\/www.franceavelo.com\/wp-content\/uploads\/2020\/11\/canal-du-midi-france-a-velo-4-500x375.jpg","content_full_mobile-width":500,"content_full_mobile-height":375,"content_full_mobile_retina":"https:\/\/www.franceavelo.com\/wp-content\/uploads\/2020\/11\/canal-du-midi-france-a-velo-4-1000x750.jpg","content_full_mobile_retina-width":1000,"content_full_mobile_retina-height":750,"content_full_smallmobile":"https:\/\/www.franceavelo.com\/wp-content\/uploads\/2020\/11\/canal-du-midi-france-a-velo-4-380x180.jpg","content_full_smallmobile-width":380,"content_full_smallmobile-height":180,"content_head_mobile":"https:\/\/www.franceavelo.com\/wp-content\/uploads\/2020\/11\/canal-du-midi-france-a-velo-4-320x430.jpg","content_head_mobile-width":320,"content_head_mobile-height":430,"content_head_tablet":"https:\/\/www.franceavelo.com\/wp-content\/uploads\/2020\/11\/canal-du-midi-france-a-velo-4-540x500.jpg","content_head_tablet-width":540,"content_head_tablet-height":500,"content_highlight_desktop":"https:\/\/www.franceavelo.com\/wp-content\/uploads\/2020\/11\/canal-du-midi-france-a-velo-4-350x240.jpg","content_highlight_desktop-width":350,"content_highlight_desktop-height":240,"content_highlight_desktop_retina":"https:\/\/www.franceavelo.com\/wp-content\/uploads\/2020\/11\/canal-du-midi-france-a-velo-4-700x480.jpg","content_highlight_desktop_retina-width":700,"content_highlight_desktop_retina-height":480,"content_testimony_mobile":"https:\/\/www.franceavelo.com\/wp-content\/uploads\/2020\/11\/canal-du-midi-france-a-velo-4-480x1100.jpg","content_testimony_mobile-width":480,"content_testimony_mobile-height":1100,"content_type_image_desktop":"https:\/\/www.franceavelo.com\/wp-content\/uploads\/2020\/11\/canal-du-midi-france-a-velo-4-600x450.jpg","content_type_image_desktop-width":600,"content_type_image_desktop-height":450,"content_type_image_desktop_retina":"https:\/\/www.franceavelo.com\/wp-content\/uploads\/2020\/11\/canal-du-midi-france-a-velo-4-1200x900.jpg","content_type_image_desktop_retina-width":1200,"content_type_image_desktop_retina-height":900,"content_type_image_mobile":"https:\/\/www.franceavelo.com\/wp-content\/uploads\/2020\/11\/canal-du-midi-france-a-velo-4-450x338.jpg","content_type_image_mobile-width":450,"content_type_image_mobile-height":338,"gform-image-choice-sm":"https:\/\/www.franceavelo.com\/wp-content\/uploads\/2020\/11\/canal-du-midi-france-a-velo-4-scaled.jpg","gform-image-choice-sm-width":300,"gform-image-choice-sm-height":225,"gform-image-choice-md":"https:\/\/www.franceavelo.com\/wp-content\/uploads\/2020\/11\/canal-du-midi-france-a-velo-4-scaled.jpg","gform-image-choice-md-width":400,"gform-image-choice-md-height":300,"gform-image-choice-lg":"https:\/\/www.franceavelo.com\/wp-content\/uploads\/2020\/11\/canal-du-midi-france-a-velo-4-scaled.jpg","gform-image-choice-lg-width":600,"gform-image-choice-lg-height":450}},"product_gallery_item_video_thumbnail":false,"product_gallery_item_video_url":""},{"product_gallery_item_type":"image","product_gallery_item_image":{"ID":60792,"id":60792,"title":"canal du midi-france-a-velo (6)","filename":"canal-du-midi-france-a-velo-6-scaled.jpg","filesize":638517,"url":"https:\/\/www.franceavelo.com\/wp-content\/uploads\/2020\/11\/canal-du-midi-france-a-velo-6-scaled.jpg","link":"https:\/\/www.franceavelo.com\/de\/product\/radreise-canal-du-midi-7-tage-6-naechte\/canal-du-midi-france-a-velo-6\/","alt":"","author":"12","description":"","caption":"","name":"canal-du-midi-france-a-velo-6","status":"inherit","uploaded_to":60782,"date":"2020-11-13 13:10:50","modified":"2020-11-13 13:10:50","menu_order":0,"mime_type":"image\/jpeg","type":"image","subtype":"jpeg","icon":"https:\/\/www.franceavelo.com\/wp-includes\/images\/media\/default.png","width":2560,"height":1920,"sizes":{"thumbnail":"https:\/\/www.franceavelo.com\/wp-content\/uploads\/2020\/11\/canal-du-midi-france-a-velo-6-150x150.jpg","thumbnail-width":150,"thumbnail-height":150,"medium":"https:\/\/www.franceavelo.com\/wp-content\/uploads\/2020\/11\/canal-du-midi-france-a-velo-6-300x225.jpg","medium-width":300,"medium-height":225,"medium_large":"https:\/\/www.franceavelo.com\/wp-content\/uploads\/2020\/11\/canal-du-midi-france-a-velo-6-768x576.jpg","medium_large-width":768,"medium_large-height":576,"large":"https:\/\/www.franceavelo.com\/wp-content\/uploads\/2020\/11\/canal-du-midi-france-a-velo-6-1024x768.jpg","large-width":1024,"large-height":768,"1536x1536":"https:\/\/www.franceavelo.com\/wp-content\/uploads\/2020\/11\/canal-du-midi-france-a-velo-6-1536x1152.jpg","1536x1536-width":1536,"1536x1536-height":1152,"2048x2048":"https:\/\/www.franceavelo.com\/wp-content\/uploads\/2020\/11\/canal-du-midi-france-a-velo-6-2048x1536.jpg","2048x2048-width":2048,"2048x2048-height":1536,"product_option_intro":"https:\/\/www.franceavelo.com\/wp-content\/uploads\/2020\/11\/canal-du-midi-france-a-velo-6-300x220.jpg","product_option_intro-width":300,"product_option_intro-height":220,"postlist_thumbnail":"https:\/\/www.franceavelo.com\/wp-content\/uploads\/2020\/11\/canal-du-midi-france-a-velo-6-200x200.jpg","postlist_thumbnail-width":200,"postlist_thumbnail-height":200,"content_full_desktop":"https:\/\/www.franceavelo.com\/wp-content\/uploads\/2020\/11\/canal-du-midi-france-a-velo-6-970x728.jpg","content_full_desktop-width":970,"content_full_desktop-height":728,"content_full_desktop_retina":"https:\/\/www.franceavelo.com\/wp-content\/uploads\/2020\/11\/canal-du-midi-france-a-velo-6-1940x1455.jpg","content_full_desktop_retina-width":1940,"content_full_desktop_retina-height":1455,"content_half_desktop":"https:\/\/www.franceavelo.com\/wp-content\/uploads\/2020\/11\/canal-du-midi-france-a-velo-6-485x364.jpg","content_half_desktop-width":485,"content_half_desktop-height":364,"content_full_tablet":"https:\/\/www.franceavelo.com\/wp-content\/uploads\/2020\/11\/canal-du-midi-france-a-velo-6-750x563.jpg","content_full_tablet-width":750,"content_full_tablet-height":563,"content_full_tablet_retina":"https:\/\/www.franceavelo.com\/wp-content\/uploads\/2020\/11\/canal-du-midi-france-a-velo-6-1500x1125.jpg","content_full_tablet_retina-width":1500,"content_full_tablet_retina-height":1125,"content_half_tablet":"https:\/\/www.franceavelo.com\/wp-content\/uploads\/2020\/11\/canal-du-midi-france-a-velo-6-375x281.jpg","content_half_tablet-width":375,"content_half_tablet-height":281,"content_full_mobile":"https:\/\/www.franceavelo.com\/wp-content\/uploads\/2020\/11\/canal-du-midi-france-a-velo-6-500x375.jpg","content_full_mobile-width":500,"content_full_mobile-height":375,"content_full_mobile_retina":"https:\/\/www.franceavelo.com\/wp-content\/uploads\/2020\/11\/canal-du-midi-france-a-velo-6-1000x750.jpg","content_full_mobile_retina-width":1000,"content_full_mobile_retina-height":750,"content_full_smallmobile":"https:\/\/www.franceavelo.com\/wp-content\/uploads\/2020\/11\/canal-du-midi-france-a-velo-6-380x180.jpg","content_full_smallmobile-width":380,"content_full_smallmobile-height":180,"content_head_mobile":"https:\/\/www.franceavelo.com\/wp-content\/uploads\/2020\/11\/canal-du-midi-france-a-velo-6-320x430.jpg","content_head_mobile-width":320,"content_head_mobile-height":430,"content_head_tablet":"https:\/\/www.franceavelo.com\/wp-content\/uploads\/2020\/11\/canal-du-midi-france-a-velo-6-540x500.jpg","content_head_tablet-width":540,"content_head_tablet-height":500,"content_highlight_desktop":"https:\/\/www.franceavelo.com\/wp-content\/uploads\/2020\/11\/canal-du-midi-france-a-velo-6-350x240.jpg","content_highlight_desktop-width":350,"content_highlight_desktop-height":240,"content_highlight_desktop_retina":"https:\/\/www.franceavelo.com\/wp-content\/uploads\/2020\/11\/canal-du-midi-france-a-velo-6-700x480.jpg","content_highlight_desktop_retina-width":700,"content_highlight_desktop_retina-height":480,"content_testimony_mobile":"https:\/\/www.franceavelo.com\/wp-content\/uploads\/2020\/11\/canal-du-midi-france-a-velo-6-480x1100.jpg","content_testimony_mobile-width":480,"content_testimony_mobile-height":1100,"content_type_image_desktop":"https:\/\/www.franceavelo.com\/wp-content\/uploads\/2020\/11\/canal-du-midi-france-a-velo-6-600x450.jpg","content_type_image_desktop-width":600,"content_type_image_desktop-height":450,"content_type_image_desktop_retina":"https:\/\/www.franceavelo.com\/wp-content\/uploads\/2020\/11\/canal-du-midi-france-a-velo-6-1200x900.jpg","content_type_image_desktop_retina-width":1200,"content_type_image_desktop_retina-height":900,"content_type_image_mobile":"https:\/\/www.franceavelo.com\/wp-content\/uploads\/2020\/11\/canal-du-midi-france-a-velo-6-450x338.jpg","content_type_image_mobile-width":450,"content_type_image_mobile-height":338,"gform-image-choice-sm":"https:\/\/www.franceavelo.com\/wp-content\/uploads\/2020\/11\/canal-du-midi-france-a-velo-6-scaled.jpg","gform-image-choice-sm-width":300,"gform-image-choice-sm-height":225,"gform-image-choice-md":"https:\/\/www.franceavelo.com\/wp-content\/uploads\/2020\/11\/canal-du-midi-france-a-velo-6-scaled.jpg","gform-image-choice-md-width":400,"gform-image-choice-md-height":300,"gform-image-choice-lg":"https:\/\/www.franceavelo.com\/wp-content\/uploads\/2020\/11\/canal-du-midi-france-a-velo-6-scaled.jpg","gform-image-choice-lg-width":600,"gform-image-choice-lg-height":450}},"product_gallery_item_video_thumbnail":false,"product_gallery_item_video_url":""},{"product_gallery_item_type":"image","product_gallery_item_image":{"ID":60795,"id":60795,"title":"canal du midi-france-a-velo (7)","filename":"canal-du-midi-france-a-velo-7-scaled.jpg","filesize":992470,"url":"https:\/\/www.franceavelo.com\/wp-content\/uploads\/2020\/11\/canal-du-midi-france-a-velo-7-scaled.jpg","link":"https:\/\/www.franceavelo.com\/de\/product\/radreise-canal-du-midi-7-tage-6-naechte\/canal-du-midi-france-a-velo-7\/","alt":"","author":"12","description":"","caption":"","name":"canal-du-midi-france-a-velo-7","status":"inherit","uploaded_to":60782,"date":"2020-11-13 13:10:56","modified":"2020-11-13 13:10:56","menu_order":0,"mime_type":"image\/jpeg","type":"image","subtype":"jpeg","icon":"https:\/\/www.franceavelo.com\/wp-includes\/images\/media\/default.png","width":2560,"height":1920,"sizes":{"thumbnail":"https:\/\/www.franceavelo.com\/wp-content\/uploads\/2020\/11\/canal-du-midi-france-a-velo-7-150x150.jpg","thumbnail-width":150,"thumbnail-height":150,"medium":"https:\/\/www.franceavelo.com\/wp-content\/uploads\/2020\/11\/canal-du-midi-france-a-velo-7-300x225.jpg","medium-width":300,"medium-height":225,"medium_large":"https:\/\/www.franceavelo.com\/wp-content\/uploads\/2020\/11\/canal-du-midi-france-a-velo-7-768x576.jpg","medium_large-width":768,"medium_large-height":576,"large":"https:\/\/www.franceavelo.com\/wp-content\/uploads\/2020\/11\/canal-du-midi-france-a-velo-7-1024x768.jpg","large-width":1024,"large-height":768,"1536x1536":"https:\/\/www.franceavelo.com\/wp-content\/uploads\/2020\/11\/canal-du-midi-france-a-velo-7-1536x1152.jpg","1536x1536-width":1536,"1536x1536-height":1152,"2048x2048":"https:\/\/www.franceavelo.com\/wp-content\/uploads\/2020\/11\/canal-du-midi-france-a-velo-7-2048x1536.jpg","2048x2048-width":2048,"2048x2048-height":1536,"product_option_intro":"https:\/\/www.franceavelo.com\/wp-content\/uploads\/2020\/11\/canal-du-midi-france-a-velo-7-300x220.jpg","product_option_intro-width":300,"product_option_intro-height":220,"postlist_thumbnail":"https:\/\/www.franceavelo.com\/wp-content\/uploads\/2020\/11\/canal-du-midi-france-a-velo-7-200x200.jpg","postlist_thumbnail-width":200,"postlist_thumbnail-height":200,"content_full_desktop":"https:\/\/www.franceavelo.com\/wp-content\/uploads\/2020\/11\/canal-du-midi-france-a-velo-7-970x728.jpg","content_full_desktop-width":970,"content_full_desktop-height":728,"content_full_desktop_retina":"https:\/\/www.franceavelo.com\/wp-content\/uploads\/2020\/11\/canal-du-midi-france-a-velo-7-1940x1455.jpg","content_full_desktop_retina-width":1940,"content_full_desktop_retina-height":1455,"content_half_desktop":"https:\/\/www.franceavelo.com\/wp-content\/uploads\/2020\/11\/canal-du-midi-france-a-velo-7-485x364.jpg","content_half_desktop-width":485,"content_half_desktop-height":364,"content_full_tablet":"https:\/\/www.franceavelo.com\/wp-content\/uploads\/2020\/11\/canal-du-midi-france-a-velo-7-750x563.jpg","content_full_tablet-width":750,"content_full_tablet-height":563,"content_full_tablet_retina":"https:\/\/www.franceavelo.com\/wp-content\/uploads\/2020\/11\/canal-du-midi-france-a-velo-7-1500x1125.jpg","content_full_tablet_retina-width":1500,"content_full_tablet_retina-height":1125,"content_half_tablet":"https:\/\/www.franceavelo.com\/wp-content\/uploads\/2020\/11\/canal-du-midi-france-a-velo-7-375x281.jpg","content_half_tablet-width":375,"content_half_tablet-height":281,"content_full_mobile":"https:\/\/www.franceavelo.com\/wp-content\/uploads\/2020\/11\/canal-du-midi-france-a-velo-7-500x375.jpg","content_full_mobile-width":500,"content_full_mobile-height":375,"content_full_mobile_retina":"https:\/\/www.franceavelo.com\/wp-content\/uploads\/2020\/11\/canal-du-midi-france-a-velo-7-1000x750.jpg","content_full_mobile_retina-width":1000,"content_full_mobile_retina-height":750,"content_full_smallmobile":"https:\/\/www.franceavelo.com\/wp-content\/uploads\/2020\/11\/canal-du-midi-france-a-velo-7-380x180.jpg","content_full_smallmobile-width":380,"content_full_smallmobile-height":180,"content_head_mobile":"https:\/\/www.franceavelo.com\/wp-content\/uploads\/2020\/11\/canal-du-midi-france-a-velo-7-320x430.jpg","content_head_mobile-width":320,"content_head_mobile-height":430,"content_head_tablet":"https:\/\/www.franceavelo.com\/wp-content\/uploads\/2020\/11\/canal-du-midi-france-a-velo-7-540x500.jpg","content_head_tablet-width":540,"content_head_tablet-height":500,"content_highlight_desktop":"https:\/\/www.franceavelo.com\/wp-content\/uploads\/2020\/11\/canal-du-midi-france-a-velo-7-350x240.jpg","content_highlight_desktop-width":350,"content_highlight_desktop-height":240,"content_highlight_desktop_retina":"https:\/\/www.franceavelo.com\/wp-content\/uploads\/2020\/11\/canal-du-midi-france-a-velo-7-700x480.jpg","content_highlight_desktop_retina-width":700,"content_highlight_desktop_retina-height":480,"content_testimony_mobile":"https:\/\/www.franceavelo.com\/wp-content\/uploads\/2020\/11\/canal-du-midi-france-a-velo-7-480x1100.jpg","content_testimony_mobile-width":480,"content_testimony_mobile-height":1100,"content_type_image_desktop":"https:\/\/www.franceavelo.com\/wp-content\/uploads\/2020\/11\/canal-du-midi-france-a-velo-7-600x450.jpg","content_type_image_desktop-width":600,"content_type_image_desktop-height":450,"content_type_image_desktop_retina":"https:\/\/www.franceavelo.com\/wp-content\/uploads\/2020\/11\/canal-du-midi-france-a-velo-7-1200x900.jpg","content_type_image_desktop_retina-width":1200,"content_type_image_desktop_retina-height":900,"content_type_image_mobile":"https:\/\/www.franceavelo.com\/wp-content\/uploads\/2020\/11\/canal-du-midi-france-a-velo-7-450x338.jpg","content_type_image_mobile-width":450,"content_type_image_mobile-height":338,"gform-image-choice-sm":"https:\/\/www.franceavelo.com\/wp-content\/uploads\/2020\/11\/canal-du-midi-france-a-velo-7-scaled.jpg","gform-image-choice-sm-width":300,"gform-image-choice-sm-height":225,"gform-image-choice-md":"https:\/\/www.franceavelo.com\/wp-content\/uploads\/2020\/11\/canal-du-midi-france-a-velo-7-scaled.jpg","gform-image-choice-md-width":400,"gform-image-choice-md-height":300,"gform-image-choice-lg":"https:\/\/www.franceavelo.com\/wp-content\/uploads\/2020\/11\/canal-du-midi-france-a-velo-7-scaled.jpg","gform-image-choice-lg-width":600,"gform-image-choice-lg-height":450}},"product_gallery_item_video_thumbnail":false,"product_gallery_item_video_url":""},{"product_gallery_item_type":"image","product_gallery_item_image":{"ID":60798,"id":60798,"title":"canal du midi-france-a-velo (10)","filename":"canal-du-midi-france-a-velo-10-scaled.jpg","filesize":1033815,"url":"https:\/\/www.franceavelo.com\/wp-content\/uploads\/2020\/11\/canal-du-midi-france-a-velo-10-scaled.jpg","link":"https:\/\/www.franceavelo.com\/de\/product\/radreise-canal-du-midi-7-tage-6-naechte\/canal-du-midi-france-a-velo-10\/","alt":"","author":"12","description":"","caption":"","name":"canal-du-midi-france-a-velo-10","status":"inherit","uploaded_to":60782,"date":"2020-11-13 13:11:01","modified":"2020-11-13 13:11:01","menu_order":0,"mime_type":"image\/jpeg","type":"image","subtype":"jpeg","icon":"https:\/\/www.franceavelo.com\/wp-includes\/images\/media\/default.png","width":2560,"height":1920,"sizes":{"thumbnail":"https:\/\/www.franceavelo.com\/wp-content\/uploads\/2020\/11\/canal-du-midi-france-a-velo-10-150x150.jpg","thumbnail-width":150,"thumbnail-height":150,"medium":"https:\/\/www.franceavelo.com\/wp-content\/uploads\/2020\/11\/canal-du-midi-france-a-velo-10-300x225.jpg","medium-width":300,"medium-height":225,"medium_large":"https:\/\/www.franceavelo.com\/wp-content\/uploads\/2020\/11\/canal-du-midi-france-a-velo-10-768x576.jpg","medium_large-width":768,"medium_large-height":576,"large":"https:\/\/www.franceavelo.com\/wp-content\/uploads\/2020\/11\/canal-du-midi-france-a-velo-10-1024x768.jpg","large-width":1024,"large-height":768,"1536x1536":"https:\/\/www.franceavelo.com\/wp-content\/uploads\/2020\/11\/canal-du-midi-france-a-velo-10-1536x1152.jpg","1536x1536-width":1536,"1536x1536-height":1152,"2048x2048":"https:\/\/www.franceavelo.com\/wp-content\/uploads\/2020\/11\/canal-du-midi-france-a-velo-10-2048x1536.jpg","2048x2048-width":2048,"2048x2048-height":1536,"product_option_intro":"https:\/\/www.franceavelo.com\/wp-content\/uploads\/2020\/11\/canal-du-midi-france-a-velo-10-300x220.jpg","product_option_intro-width":300,"product_option_intro-height":220,"postlist_thumbnail":"https:\/\/www.franceavelo.com\/wp-content\/uploads\/2020\/11\/canal-du-midi-france-a-velo-10-200x200.jpg","postlist_thumbnail-width":200,"postlist_thumbnail-height":200,"content_full_desktop":"https:\/\/www.franceavelo.com\/wp-content\/uploads\/2020\/11\/canal-du-midi-france-a-velo-10-970x728.jpg","content_full_desktop-width":970,"content_full_desktop-height":728,"content_full_desktop_retina":"https:\/\/www.franceavelo.com\/wp-content\/uploads\/2020\/11\/canal-du-midi-france-a-velo-10-1940x1455.jpg","content_full_desktop_retina-width":1940,"content_full_desktop_retina-height":1455,"content_half_desktop":"https:\/\/www.franceavelo.com\/wp-content\/uploads\/2020\/11\/canal-du-midi-france-a-velo-10-485x364.jpg","content_half_desktop-width":485,"content_half_desktop-height":364,"content_full_tablet":"https:\/\/www.franceavelo.com\/wp-content\/uploads\/2020\/11\/canal-du-midi-france-a-velo-10-750x563.jpg","content_full_tablet-width":750,"content_full_tablet-height":563,"content_full_tablet_retina":"https:\/\/www.franceavelo.com\/wp-content\/uploads\/2020\/11\/canal-du-midi-france-a-velo-10-1500x1125.jpg","content_full_tablet_retina-width":1500,"content_full_tablet_retina-height":1125,"content_half_tablet":"https:\/\/www.franceavelo.com\/wp-content\/uploads\/2020\/11\/canal-du-midi-france-a-velo-10-375x281.jpg","content_half_tablet-width":375,"content_half_tablet-height":281,"content_full_mobile":"https:\/\/www.franceavelo.com\/wp-content\/uploads\/2020\/11\/canal-du-midi-france-a-velo-10-500x375.jpg","content_full_mobile-width":500,"content_full_mobile-height":375,"content_full_mobile_retina":"https:\/\/www.franceavelo.com\/wp-content\/uploads\/2020\/11\/canal-du-midi-france-a-velo-10-1000x750.jpg","content_full_mobile_retina-width":1000,"content_full_mobile_retina-height":750,"content_full_smallmobile":"https:\/\/www.franceavelo.com\/wp-content\/uploads\/2020\/11\/canal-du-midi-france-a-velo-10-380x180.jpg","content_full_smallmobile-width":380,"content_full_smallmobile-height":180,"content_head_mobile":"https:\/\/www.franceavelo.com\/wp-content\/uploads\/2020\/11\/canal-du-midi-france-a-velo-10-320x430.jpg","content_head_mobile-width":320,"content_head_mobile-height":430,"content_head_tablet":"https:\/\/www.franceavelo.com\/wp-content\/uploads\/2020\/11\/canal-du-midi-france-a-velo-10-540x500.jpg","content_head_tablet-width":540,"content_head_tablet-height":500,"content_highlight_desktop":"https:\/\/www.franceavelo.com\/wp-content\/uploads\/2020\/11\/canal-du-midi-france-a-velo-10-350x240.jpg","content_highlight_desktop-width":350,"content_highlight_desktop-height":240,"content_highlight_desktop_retina":"https:\/\/www.franceavelo.com\/wp-content\/uploads\/2020\/11\/canal-du-midi-france-a-velo-10-700x480.jpg","content_highlight_desktop_retina-width":700,"content_highlight_desktop_retina-height":480,"content_testimony_mobile":"https:\/\/www.franceavelo.com\/wp-content\/uploads\/2020\/11\/canal-du-midi-france-a-velo-10-480x1100.jpg","content_testimony_mobile-width":480,"content_testimony_mobile-height":1100,"content_type_image_desktop":"https:\/\/www.franceavelo.com\/wp-content\/uploads\/2020\/11\/canal-du-midi-france-a-velo-10-600x450.jpg","content_type_image_desktop-width":600,"content_type_image_desktop-height":450,"content_type_image_desktop_retina":"https:\/\/www.franceavelo.com\/wp-content\/uploads\/2020\/11\/canal-du-midi-france-a-velo-10-1200x900.jpg","content_type_image_desktop_retina-width":1200,"content_type_image_desktop_retina-height":900,"content_type_image_mobile":"https:\/\/www.franceavelo.com\/wp-content\/uploads\/2020\/11\/canal-du-midi-france-a-velo-10-450x338.jpg","content_type_image_mobile-width":450,"content_type_image_mobile-height":338,"gform-image-choice-sm":"https:\/\/www.franceavelo.com\/wp-content\/uploads\/2020\/11\/canal-du-midi-france-a-velo-10-scaled.jpg","gform-image-choice-sm-width":300,"gform-image-choice-sm-height":225,"gform-image-choice-md":"https:\/\/www.franceavelo.com\/wp-content\/uploads\/2020\/11\/canal-du-midi-france-a-velo-10-scaled.jpg","gform-image-choice-md-width":400,"gform-image-choice-md-height":300,"gform-image-choice-lg":"https:\/\/www.franceavelo.com\/wp-content\/uploads\/2020\/11\/canal-du-midi-france-a-velo-10-scaled.jpg","gform-image-choice-lg-width":600,"gform-image-choice-lg-height":450}},"product_gallery_item_video_thumbnail":false,"product_gallery_item_video_url":""},{"product_gallery_item_type":"image","product_gallery_item_image":{"ID":60801,"id":60801,"title":"canal du midi-france-a-velo (11)","filename":"canal-du-midi-france-a-velo-11-scaled.jpg","filesize":1058728,"url":"https:\/\/www.franceavelo.com\/wp-content\/uploads\/2020\/11\/canal-du-midi-france-a-velo-11-scaled.jpg","link":"https:\/\/www.franceavelo.com\/de\/product\/radreise-canal-du-midi-7-tage-6-naechte\/canal-du-midi-france-a-velo-11\/","alt":"","author":"12","description":"","caption":"","name":"canal-du-midi-france-a-velo-11","status":"inherit","uploaded_to":60782,"date":"2020-11-13 13:11:07","modified":"2020-11-13 13:11:07","menu_order":0,"mime_type":"image\/jpeg","type":"image","subtype":"jpeg","icon":"https:\/\/www.franceavelo.com\/wp-includes\/images\/media\/default.png","width":2560,"height":1912,"sizes":{"thumbnail":"https:\/\/www.franceavelo.com\/wp-content\/uploads\/2020\/11\/canal-du-midi-france-a-velo-11-150x150.jpg","thumbnail-width":150,"thumbnail-height":150,"medium":"https:\/\/www.franceavelo.com\/wp-content\/uploads\/2020\/11\/canal-du-midi-france-a-velo-11-300x224.jpg","medium-width":300,"medium-height":224,"medium_large":"https:\/\/www.franceavelo.com\/wp-content\/uploads\/2020\/11\/canal-du-midi-france-a-velo-11-768x574.jpg","medium_large-width":768,"medium_large-height":574,"large":"https:\/\/www.franceavelo.com\/wp-content\/uploads\/2020\/11\/canal-du-midi-france-a-velo-11-1024x765.jpg","large-width":1024,"large-height":765,"1536x1536":"https:\/\/www.franceavelo.com\/wp-content\/uploads\/2020\/11\/canal-du-midi-france-a-velo-11-1536x1147.jpg","1536x1536-width":1536,"1536x1536-height":1147,"2048x2048":"https:\/\/www.franceavelo.com\/wp-content\/uploads\/2020\/11\/canal-du-midi-france-a-velo-11-2048x1530.jpg","2048x2048-width":2048,"2048x2048-height":1530,"product_option_intro":"https:\/\/www.franceavelo.com\/wp-content\/uploads\/2020\/11\/canal-du-midi-france-a-velo-11-300x220.jpg","product_option_intro-width":300,"product_option_intro-height":220,"postlist_thumbnail":"https:\/\/www.franceavelo.com\/wp-content\/uploads\/2020\/11\/canal-du-midi-france-a-velo-11-200x200.jpg","postlist_thumbnail-width":200,"postlist_thumbnail-height":200,"content_full_desktop":"https:\/\/www.franceavelo.com\/wp-content\/uploads\/2020\/11\/canal-du-midi-france-a-velo-11-970x725.jpg","content_full_desktop-width":970,"content_full_desktop-height":725,"content_full_desktop_retina":"https:\/\/www.franceavelo.com\/wp-content\/uploads\/2020\/11\/canal-du-midi-france-a-velo-11-1940x1449.jpg","content_full_desktop_retina-width":1940,"content_full_desktop_retina-height":1449,"content_half_desktop":"https:\/\/www.franceavelo.com\/wp-content\/uploads\/2020\/11\/canal-du-midi-france-a-velo-11-485x362.jpg","content_half_desktop-width":485,"content_half_desktop-height":362,"content_full_tablet":"https:\/\/www.franceavelo.com\/wp-content\/uploads\/2020\/11\/canal-du-midi-france-a-velo-11-750x560.jpg","content_full_tablet-width":750,"content_full_tablet-height":560,"content_full_tablet_retina":"https:\/\/www.franceavelo.com\/wp-content\/uploads\/2020\/11\/canal-du-midi-france-a-velo-11-1500x1120.jpg","content_full_tablet_retina-width":1500,"content_full_tablet_retina-height":1120,"content_half_tablet":"https:\/\/www.franceavelo.com\/wp-content\/uploads\/2020\/11\/canal-du-midi-france-a-velo-11-375x280.jpg","content_half_tablet-width":375,"content_half_tablet-height":280,"content_full_mobile":"https:\/\/www.franceavelo.com\/wp-content\/uploads\/2020\/11\/canal-du-midi-france-a-velo-11-500x373.jpg","content_full_mobile-width":500,"content_full_mobile-height":373,"content_full_mobile_retina":"https:\/\/www.franceavelo.com\/wp-content\/uploads\/2020\/11\/canal-du-midi-france-a-velo-11-1000x747.jpg","content_full_mobile_retina-width":1000,"content_full_mobile_retina-height":747,"content_full_smallmobile":"https:\/\/www.franceavelo.com\/wp-content\/uploads\/2020\/11\/canal-du-midi-france-a-velo-11-380x180.jpg","content_full_smallmobile-width":380,"content_full_smallmobile-height":180,"content_head_mobile":"https:\/\/www.franceavelo.com\/wp-content\/uploads\/2020\/11\/canal-du-midi-france-a-velo-11-320x430.jpg","content_head_mobile-width":320,"content_head_mobile-height":430,"content_head_tablet":"https:\/\/www.franceavelo.com\/wp-content\/uploads\/2020\/11\/canal-du-midi-france-a-velo-11-540x500.jpg","content_head_tablet-width":540,"content_head_tablet-height":500,"content_highlight_desktop":"https:\/\/www.franceavelo.com\/wp-content\/uploads\/2020\/11\/canal-du-midi-france-a-velo-11-350x240.jpg","content_highlight_desktop-width":350,"content_highlight_desktop-height":240,"content_highlight_desktop_retina":"https:\/\/www.franceavelo.com\/wp-content\/uploads\/2020\/11\/canal-du-midi-france-a-velo-11-700x480.jpg","content_highlight_desktop_retina-width":700,"content_highlight_desktop_retina-height":480,"content_testimony_mobile":"https:\/\/www.franceavelo.com\/wp-content\/uploads\/2020\/11\/canal-du-midi-france-a-velo-11-480x1100.jpg","content_testimony_mobile-width":480,"content_testimony_mobile-height":1100,"content_type_image_desktop":"https:\/\/www.franceavelo.com\/wp-content\/uploads\/2020\/11\/canal-du-midi-france-a-velo-11-600x448.jpg","content_type_image_desktop-width":600,"content_type_image_desktop-height":448,"content_type_image_desktop_retina":"https:\/\/www.franceavelo.com\/wp-content\/uploads\/2020\/11\/canal-du-midi-france-a-velo-11-1200x896.jpg","content_type_image_desktop_retina-width":1200,"content_type_image_desktop_retina-height":896,"content_type_image_mobile":"https:\/\/www.franceavelo.com\/wp-content\/uploads\/2020\/11\/canal-du-midi-france-a-velo-11-450x336.jpg","content_type_image_mobile-width":450,"content_type_image_mobile-height":336,"gform-image-choice-sm":"https:\/\/www.franceavelo.com\/wp-content\/uploads\/2020\/11\/canal-du-midi-france-a-velo-11-scaled.jpg","gform-image-choice-sm-width":300,"gform-image-choice-sm-height":224,"gform-image-choice-md":"https:\/\/www.franceavelo.com\/wp-content\/uploads\/2020\/11\/canal-du-midi-france-a-velo-11-scaled.jpg","gform-image-choice-md-width":400,"gform-image-choice-md-height":299,"gform-image-choice-lg":"https:\/\/www.franceavelo.com\/wp-content\/uploads\/2020\/11\/canal-du-midi-france-a-velo-11-scaled.jpg","gform-image-choice-lg-width":600,"gform-image-choice-lg-height":448}},"product_gallery_item_video_thumbnail":false,"product_gallery_item_video_url":""},{"product_gallery_item_type":"image","product_gallery_item_image":{"ID":60804,"id":60804,"title":"canal du midi-france-a-velo (13)","filename":"canal-du-midi-france-a-velo-13-scaled.jpg","filesize":850989,"url":"https:\/\/www.franceavelo.com\/wp-content\/uploads\/2020\/11\/canal-du-midi-france-a-velo-13-scaled.jpg","link":"https:\/\/www.franceavelo.com\/de\/product\/radreise-canal-du-midi-7-tage-6-naechte\/canal-du-midi-france-a-velo-13\/","alt":"","author":"12","description":"","caption":"","name":"canal-du-midi-france-a-velo-13","status":"inherit","uploaded_to":60782,"date":"2020-11-13 13:11:11","modified":"2020-11-13 13:11:11","menu_order":0,"mime_type":"image\/jpeg","type":"image","subtype":"jpeg","icon":"https:\/\/www.franceavelo.com\/wp-includes\/images\/media\/default.png","width":2560,"height":1920,"sizes":{"thumbnail":"https:\/\/www.franceavelo.com\/wp-content\/uploads\/2020\/11\/canal-du-midi-france-a-velo-13-150x150.jpg","thumbnail-width":150,"thumbnail-height":150,"medium":"https:\/\/www.franceavelo.com\/wp-content\/uploads\/2020\/11\/canal-du-midi-france-a-velo-13-300x225.jpg","medium-width":300,"medium-height":225,"medium_large":"https:\/\/www.franceavelo.com\/wp-content\/uploads\/2020\/11\/canal-du-midi-france-a-velo-13-768x576.jpg","medium_large-width":768,"medium_large-height":576,"large":"https:\/\/www.franceavelo.com\/wp-content\/uploads\/2020\/11\/canal-du-midi-france-a-velo-13-1024x768.jpg","large-width":1024,"large-height":768,"1536x1536":"https:\/\/www.franceavelo.com\/wp-content\/uploads\/2020\/11\/canal-du-midi-france-a-velo-13-1536x1152.jpg","1536x1536-width":1536,"1536x1536-height":1152,"2048x2048":"https:\/\/www.franceavelo.com\/wp-content\/uploads\/2020\/11\/canal-du-midi-france-a-velo-13-2048x1536.jpg","2048x2048-width":2048,"2048x2048-height":1536,"product_option_intro":"https:\/\/www.franceavelo.com\/wp-content\/uploads\/2020\/11\/canal-du-midi-france-a-velo-13-300x220.jpg","product_option_intro-width":300,"product_option_intro-height":220,"postlist_thumbnail":"https:\/\/www.franceavelo.com\/wp-content\/uploads\/2020\/11\/canal-du-midi-france-a-velo-13-200x200.jpg","postlist_thumbnail-width":200,"postlist_thumbnail-height":200,"content_full_desktop":"https:\/\/www.franceavelo.com\/wp-content\/uploads\/2020\/11\/canal-du-midi-france-a-velo-13-970x728.jpg","content_full_desktop-width":970,"content_full_desktop-height":728,"content_full_desktop_retina":"https:\/\/www.franceavelo.com\/wp-content\/uploads\/2020\/11\/canal-du-midi-france-a-velo-13-1940x1455.jpg","content_full_desktop_retina-width":1940,"content_full_desktop_retina-height":1455,"content_half_desktop":"https:\/\/www.franceavelo.com\/wp-content\/uploads\/2020\/11\/canal-du-midi-france-a-velo-13-485x364.jpg","content_half_desktop-width":485,"content_half_desktop-height":364,"content_full_tablet":"https:\/\/www.franceavelo.com\/wp-content\/uploads\/2020\/11\/canal-du-midi-france-a-velo-13-750x563.jpg","content_full_tablet-width":750,"content_full_tablet-height":563,"content_full_tablet_retina":"https:\/\/www.franceavelo.com\/wp-content\/uploads\/2020\/11\/canal-du-midi-france-a-velo-13-1500x1125.jpg","content_full_tablet_retina-width":1500,"content_full_tablet_retina-height":1125,"content_half_tablet":"https:\/\/www.franceavelo.com\/wp-content\/uploads\/2020\/11\/canal-du-midi-france-a-velo-13-375x281.jpg","content_half_tablet-width":375,"content_half_tablet-height":281,"content_full_mobile":"https:\/\/www.franceavelo.com\/wp-content\/uploads\/2020\/11\/canal-du-midi-france-a-velo-13-500x375.jpg","content_full_mobile-width":500,"content_full_mobile-height":375,"content_full_mobile_retina":"https:\/\/www.franceavelo.com\/wp-content\/uploads\/2020\/11\/canal-du-midi-france-a-velo-13-1000x750.jpg","content_full_mobile_retina-width":1000,"content_full_mobile_retina-height":750,"content_full_smallmobile":"https:\/\/www.franceavelo.com\/wp-content\/uploads\/2020\/11\/canal-du-midi-france-a-velo-13-380x180.jpg","content_full_smallmobile-width":380,"content_full_smallmobile-height":180,"content_head_mobile":"https:\/\/www.franceavelo.com\/wp-content\/uploads\/2020\/11\/canal-du-midi-france-a-velo-13-320x430.jpg","content_head_mobile-width":320,"content_head_mobile-height":430,"content_head_tablet":"https:\/\/www.franceavelo.com\/wp-content\/uploads\/2020\/11\/canal-du-midi-france-a-velo-13-540x500.jpg","content_head_tablet-width":540,"content_head_tablet-height":500,"content_highlight_desktop":"https:\/\/www.franceavelo.com\/wp-content\/uploads\/2020\/11\/canal-du-midi-france-a-velo-13-350x240.jpg","content_highlight_desktop-width":350,"content_highlight_desktop-height":240,"content_highlight_desktop_retina":"https:\/\/www.franceavelo.com\/wp-content\/uploads\/2020\/11\/canal-du-midi-france-a-velo-13-700x480.jpg","content_highlight_desktop_retina-width":700,"content_highlight_desktop_retina-height":480,"content_testimony_mobile":"https:\/\/www.franceavelo.com\/wp-content\/uploads\/2020\/11\/canal-du-midi-france-a-velo-13-480x1100.jpg","content_testimony_mobile-width":480,"content_testimony_mobile-height":1100,"content_type_image_desktop":"https:\/\/www.franceavelo.com\/wp-content\/uploads\/2020\/11\/canal-du-midi-france-a-velo-13-600x450.jpg","content_type_image_desktop-width":600,"content_type_image_desktop-height":450,"content_type_image_desktop_retina":"https:\/\/www.franceavelo.com\/wp-content\/uploads\/2020\/11\/canal-du-midi-france-a-velo-13-1200x900.jpg","content_type_image_desktop_retina-width":1200,"content_type_image_desktop_retina-height":900,"content_type_image_mobile":"https:\/\/www.franceavelo.com\/wp-content\/uploads\/2020\/11\/canal-du-midi-france-a-velo-13-450x338.jpg","content_type_image_mobile-width":450,"content_type_image_mobile-height":338,"gform-image-choice-sm":"https:\/\/www.franceavelo.com\/wp-content\/uploads\/2020\/11\/canal-du-midi-france-a-velo-13-scaled.jpg","gform-image-choice-sm-width":300,"gform-image-choice-sm-height":225,"gform-image-choice-md":"https:\/\/www.franceavelo.com\/wp-content\/uploads\/2020\/11\/canal-du-midi-france-a-velo-13-scaled.jpg","gform-image-choice-md-width":400,"gform-image-choice-md-height":300,"gform-image-choice-lg":"https:\/\/www.franceavelo.com\/wp-content\/uploads\/2020\/11\/canal-du-midi-france-a-velo-13-scaled.jpg","gform-image-choice-lg-width":600,"gform-image-choice-lg-height":450}},"product_gallery_item_video_thumbnail":false,"product_gallery_item_video_url":""},{"product_gallery_item_type":"image","product_gallery_item_image":{"ID":60807,"id":60807,"title":"canal du midi-france-a-velo (15)","filename":"canal-du-midi-france-a-velo-15-scaled.jpg","filesize":630366,"url":"https:\/\/www.franceavelo.com\/wp-content\/uploads\/2020\/11\/canal-du-midi-france-a-velo-15-scaled.jpg","link":"https:\/\/www.franceavelo.com\/de\/product\/radreise-canal-du-midi-7-tage-6-naechte\/canal-du-midi-france-a-velo-15\/","alt":"","author":"12","description":"","caption":"","name":"canal-du-midi-france-a-velo-15","status":"inherit","uploaded_to":60782,"date":"2020-11-13 13:11:16","modified":"2020-11-13 13:11:16","menu_order":0,"mime_type":"image\/jpeg","type":"image","subtype":"jpeg","icon":"https:\/\/www.franceavelo.com\/wp-includes\/images\/media\/default.png","width":2560,"height":1920,"sizes":{"thumbnail":"https:\/\/www.franceavelo.com\/wp-content\/uploads\/2020\/11\/canal-du-midi-france-a-velo-15-150x150.jpg","thumbnail-width":150,"thumbnail-height":150,"medium":"https:\/\/www.franceavelo.com\/wp-content\/uploads\/2020\/11\/canal-du-midi-france-a-velo-15-300x225.jpg","medium-width":300,"medium-height":225,"medium_large":"https:\/\/www.franceavelo.com\/wp-content\/uploads\/2020\/11\/canal-du-midi-france-a-velo-15-768x576.jpg","medium_large-width":768,"medium_large-height":576,"large":"https:\/\/www.franceavelo.com\/wp-content\/uploads\/2020\/11\/canal-du-midi-france-a-velo-15-1024x768.jpg","large-width":1024,"large-height":768,"1536x1536":"https:\/\/www.franceavelo.com\/wp-content\/uploads\/2020\/11\/canal-du-midi-france-a-velo-15-1536x1152.jpg","1536x1536-width":1536,"1536x1536-height":1152,"2048x2048":"https:\/\/www.franceavelo.com\/wp-content\/uploads\/2020\/11\/canal-du-midi-france-a-velo-15-2048x1536.jpg","2048x2048-width":2048,"2048x2048-height":1536,"product_option_intro":"https:\/\/www.franceavelo.com\/wp-content\/uploads\/2020\/11\/canal-du-midi-france-a-velo-15-300x220.jpg","product_option_intro-width":300,"product_option_intro-height":220,"postlist_thumbnail":"https:\/\/www.franceavelo.com\/wp-content\/uploads\/2020\/11\/canal-du-midi-france-a-velo-15-200x200.jpg","postlist_thumbnail-width":200,"postlist_thumbnail-height":200,"content_full_desktop":"https:\/\/www.franceavelo.com\/wp-content\/uploads\/2020\/11\/canal-du-midi-france-a-velo-15-970x728.jpg","content_full_desktop-width":970,"content_full_desktop-height":728,"content_full_desktop_retina":"https:\/\/www.franceavelo.com\/wp-content\/uploads\/2020\/11\/canal-du-midi-france-a-velo-15-1940x1455.jpg","content_full_desktop_retina-width":1940,"content_full_desktop_retina-height":1455,"content_half_desktop":"https:\/\/www.franceavelo.com\/wp-content\/uploads\/2020\/11\/canal-du-midi-france-a-velo-15-485x364.jpg","content_half_desktop-width":485,"content_half_desktop-height":364,"content_full_tablet":"https:\/\/www.franceavelo.com\/wp-content\/uploads\/2020\/11\/canal-du-midi-france-a-velo-15-750x563.jpg","content_full_tablet-width":750,"content_full_tablet-height":563,"content_full_tablet_retina":"https:\/\/www.franceavelo.com\/wp-content\/uploads\/2020\/11\/canal-du-midi-france-a-velo-15-1500x1125.jpg","content_full_tablet_retina-width":1500,"content_full_tablet_retina-height":1125,"content_half_tablet":"https:\/\/www.franceavelo.com\/wp-content\/uploads\/2020\/11\/canal-du-midi-france-a-velo-15-375x281.jpg","content_half_tablet-width":375,"content_half_tablet-height":281,"content_full_mobile":"https:\/\/www.franceavelo.com\/wp-content\/uploads\/2020\/11\/canal-du-midi-france-a-velo-15-500x375.jpg","content_full_mobile-width":500,"content_full_mobile-height":375,"content_full_mobile_retina":"https:\/\/www.franceavelo.com\/wp-content\/uploads\/2020\/11\/canal-du-midi-france-a-velo-15-1000x750.jpg","content_full_mobile_retina-width":1000,"content_full_mobile_retina-height":750,"content_full_smallmobile":"https:\/\/www.franceavelo.com\/wp-content\/uploads\/2020\/11\/canal-du-midi-france-a-velo-15-380x180.jpg","content_full_smallmobile-width":380,"content_full_smallmobile-height":180,"content_head_mobile":"https:\/\/www.franceavelo.com\/wp-content\/uploads\/2020\/11\/canal-du-midi-france-a-velo-15-320x430.jpg","content_head_mobile-width":320,"content_head_mobile-height":430,"content_head_tablet":"https:\/\/www.franceavelo.com\/wp-content\/uploads\/2020\/11\/canal-du-midi-france-a-velo-15-540x500.jpg","content_head_tablet-width":540,"content_head_tablet-height":500,"content_highlight_desktop":"https:\/\/www.franceavelo.com\/wp-content\/uploads\/2020\/11\/canal-du-midi-france-a-velo-15-350x240.jpg","content_highlight_desktop-width":350,"content_highlight_desktop-height":240,"content_highlight_desktop_retina":"https:\/\/www.franceavelo.com\/wp-content\/uploads\/2020\/11\/canal-du-midi-france-a-velo-15-700x480.jpg","content_highlight_desktop_retina-width":700,"content_highlight_desktop_retina-height":480,"content_testimony_mobile":"https:\/\/www.franceavelo.com\/wp-content\/uploads\/2020\/11\/canal-du-midi-france-a-velo-15-480x1100.jpg","content_testimony_mobile-width":480,"content_testimony_mobile-height":1100,"content_type_image_desktop":"https:\/\/www.franceavelo.com\/wp-content\/uploads\/2020\/11\/canal-du-midi-france-a-velo-15-600x450.jpg","content_type_image_desktop-width":600,"content_type_image_desktop-height":450,"content_type_image_desktop_retina":"https:\/\/www.franceavelo.com\/wp-content\/uploads\/2020\/11\/canal-du-midi-france-a-velo-15-1200x900.jpg","content_type_image_desktop_retina-width":1200,"content_type_image_desktop_retina-height":900,"content_type_image_mobile":"https:\/\/www.franceavelo.com\/wp-content\/uploads\/2020\/11\/canal-du-midi-france-a-velo-15-450x338.jpg","content_type_image_mobile-width":450,"content_type_image_mobile-height":338,"gform-image-choice-sm":"https:\/\/www.franceavelo.com\/wp-content\/uploads\/2020\/11\/canal-du-midi-france-a-velo-15-scaled.jpg","gform-image-choice-sm-width":300,"gform-image-choice-sm-height":225,"gform-image-choice-md":"https:\/\/www.franceavelo.com\/wp-content\/uploads\/2020\/11\/canal-du-midi-france-a-velo-15-scaled.jpg","gform-image-choice-md-width":400,"gform-image-choice-md-height":300,"gform-image-choice-lg":"https:\/\/www.franceavelo.com\/wp-content\/uploads\/2020\/11\/canal-du-midi-france-a-velo-15-scaled.jpg","gform-image-choice-lg-width":600,"gform-image-choice-lg-height":450}},"product_gallery_item_video_thumbnail":false,"product_gallery_item_video_url":""},{"product_gallery_item_type":"image","product_gallery_item_image":{"ID":60810,"id":60810,"title":"canal du midi-france-a-velo (17)","filename":"canal-du-midi-france-a-velo-17-scaled.jpg","filesize":790046,"url":"https:\/\/www.franceavelo.com\/wp-content\/uploads\/2020\/11\/canal-du-midi-france-a-velo-17-scaled.jpg","link":"https:\/\/www.franceavelo.com\/de\/product\/radreise-canal-du-midi-7-tage-6-naechte\/canal-du-midi-france-a-velo-17\/","alt":"","author":"12","description":"","caption":"","name":"canal-du-midi-france-a-velo-17","status":"inherit","uploaded_to":60782,"date":"2020-11-13 13:11:22","modified":"2020-11-13 13:11:22","menu_order":0,"mime_type":"image\/jpeg","type":"image","subtype":"jpeg","icon":"https:\/\/www.franceavelo.com\/wp-includes\/images\/media\/default.png","width":2560,"height":1912,"sizes":{"thumbnail":"https:\/\/www.franceavelo.com\/wp-content\/uploads\/2020\/11\/canal-du-midi-france-a-velo-17-150x150.jpg","thumbnail-width":150,"thumbnail-height":150,"medium":"https:\/\/www.franceavelo.com\/wp-content\/uploads\/2020\/11\/canal-du-midi-france-a-velo-17-300x224.jpg","medium-width":300,"medium-height":224,"medium_large":"https:\/\/www.franceavelo.com\/wp-content\/uploads\/2020\/11\/canal-du-midi-france-a-velo-17-768x574.jpg","medium_large-width":768,"medium_large-height":574,"large":"https:\/\/www.franceavelo.com\/wp-content\/uploads\/2020\/11\/canal-du-midi-france-a-velo-17-1024x765.jpg","large-width":1024,"large-height":765,"1536x1536":"https:\/\/www.franceavelo.com\/wp-content\/uploads\/2020\/11\/canal-du-midi-france-a-velo-17-1536x1147.jpg","1536x1536-width":1536,"1536x1536-height":1147,"2048x2048":"https:\/\/www.franceavelo.com\/wp-content\/uploads\/2020\/11\/canal-du-midi-france-a-velo-17-2048x1530.jpg","2048x2048-width":2048,"2048x2048-height":1530,"product_option_intro":"https:\/\/www.franceavelo.com\/wp-content\/uploads\/2020\/11\/canal-du-midi-france-a-velo-17-300x220.jpg","product_option_intro-width":300,"product_option_intro-height":220,"postlist_thumbnail":"https:\/\/www.franceavelo.com\/wp-content\/uploads\/2020\/11\/canal-du-midi-france-a-velo-17-200x200.jpg","postlist_thumbnail-width":200,"postlist_thumbnail-height":200,"content_full_desktop":"https:\/\/www.franceavelo.com\/wp-content\/uploads\/2020\/11\/canal-du-midi-france-a-velo-17-970x725.jpg","content_full_desktop-width":970,"content_full_desktop-height":725,"content_full_desktop_retina":"https:\/\/www.franceavelo.com\/wp-content\/uploads\/2020\/11\/canal-du-midi-france-a-velo-17-1940x1449.jpg","content_full_desktop_retina-width":1940,"content_full_desktop_retina-height":1449,"content_half_desktop":"https:\/\/www.franceavelo.com\/wp-content\/uploads\/2020\/11\/canal-du-midi-france-a-velo-17-485x362.jpg","content_half_desktop-width":485,"content_half_desktop-height":362,"content_full_tablet":"https:\/\/www.franceavelo.com\/wp-content\/uploads\/2020\/11\/canal-du-midi-france-a-velo-17-750x560.jpg","content_full_tablet-width":750,"content_full_tablet-height":560,"content_full_tablet_retina":"https:\/\/www.franceavelo.com\/wp-content\/uploads\/2020\/11\/canal-du-midi-france-a-velo-17-1500x1120.jpg","content_full_tablet_retina-width":1500,"content_full_tablet_retina-height":1120,"content_half_tablet":"https:\/\/www.franceavelo.com\/wp-content\/uploads\/2020\/11\/canal-du-midi-france-a-velo-17-375x280.jpg","content_half_tablet-width":375,"content_half_tablet-height":280,"content_full_mobile":"https:\/\/www.franceavelo.com\/wp-content\/uploads\/2020\/11\/canal-du-midi-france-a-velo-17-500x373.jpg","content_full_mobile-width":500,"content_full_mobile-height":373,"content_full_mobile_retina":"https:\/\/www.franceavelo.com\/wp-content\/uploads\/2020\/11\/canal-du-midi-france-a-velo-17-1000x747.jpg","content_full_mobile_retina-width":1000,"content_full_mobile_retina-height":747,"content_full_smallmobile":"https:\/\/www.franceavelo.com\/wp-content\/uploads\/2020\/11\/canal-du-midi-france-a-velo-17-380x180.jpg","content_full_smallmobile-width":380,"content_full_smallmobile-height":180,"content_head_mobile":"https:\/\/www.franceavelo.com\/wp-content\/uploads\/2020\/11\/canal-du-midi-france-a-velo-17-320x430.jpg","content_head_mobile-width":320,"content_head_mobile-height":430,"content_head_tablet":"https:\/\/www.franceavelo.com\/wp-content\/uploads\/2020\/11\/canal-du-midi-france-a-velo-17-540x500.jpg","content_head_tablet-width":540,"content_head_tablet-height":500,"content_highlight_desktop":"https:\/\/www.franceavelo.com\/wp-content\/uploads\/2020\/11\/canal-du-midi-france-a-velo-17-350x240.jpg","content_highlight_desktop-width":350,"content_highlight_desktop-height":240,"content_highlight_desktop_retina":"https:\/\/www.franceavelo.com\/wp-content\/uploads\/2020\/11\/canal-du-midi-france-a-velo-17-700x480.jpg","content_highlight_desktop_retina-width":700,"content_highlight_desktop_retina-height":480,"content_testimony_mobile":"https:\/\/www.franceavelo.com\/wp-content\/uploads\/2020\/11\/canal-du-midi-france-a-velo-17-480x1100.jpg","content_testimony_mobile-width":480,"content_testimony_mobile-height":1100,"content_type_image_desktop":"https:\/\/www.franceavelo.com\/wp-content\/uploads\/2020\/11\/canal-du-midi-france-a-velo-17-600x448.jpg","content_type_image_desktop-width":600,"content_type_image_desktop-height":448,"content_type_image_desktop_retina":"https:\/\/www.franceavelo.com\/wp-content\/uploads\/2020\/11\/canal-du-midi-france-a-velo-17-1200x896.jpg","content_type_image_desktop_retina-width":1200,"content_type_image_desktop_retina-height":896,"content_type_image_mobile":"https:\/\/www.franceavelo.com\/wp-content\/uploads\/2020\/11\/canal-du-midi-france-a-velo-17-450x336.jpg","content_type_image_mobile-width":450,"content_type_image_mobile-height":336,"gform-image-choice-sm":"https:\/\/www.franceavelo.com\/wp-content\/uploads\/2020\/11\/canal-du-midi-france-a-velo-17-scaled.jpg","gform-image-choice-sm-width":300,"gform-image-choice-sm-height":224,"gform-image-choice-md":"https:\/\/www.franceavelo.com\/wp-content\/uploads\/2020\/11\/canal-du-midi-france-a-velo-17-scaled.jpg","gform-image-choice-md-width":400,"gform-image-choice-md-height":299,"gform-image-choice-lg":"https:\/\/www.franceavelo.com\/wp-content\/uploads\/2020\/11\/canal-du-midi-france-a-velo-17-scaled.jpg","gform-image-choice-lg-width":600,"gform-image-choice-lg-height":448}},"product_gallery_item_video_thumbnail":false,"product_gallery_item_video_url":""},{"product_gallery_item_type":"image","product_gallery_item_image":{"ID":60813,"id":60813,"title":"canal du midi-france-a-velo (18)","filename":"canal-du-midi-france-a-velo-18.jpg","filesize":2195105,"url":"https:\/\/www.franceavelo.com\/wp-content\/uploads\/2020\/11\/canal-du-midi-france-a-velo-18.jpg","link":"https:\/\/www.franceavelo.com\/de\/product\/radreise-canal-du-midi-7-tage-6-naechte\/canal-du-midi-france-a-velo-18\/","alt":"","author":"12","description":"","caption":"","name":"canal-du-midi-france-a-velo-18","status":"inherit","uploaded_to":60782,"date":"2020-11-13 13:11:27","modified":"2020-11-13 13:11:27","menu_order":0,"mime_type":"image\/jpeg","type":"image","subtype":"jpeg","icon":"https:\/\/www.franceavelo.com\/wp-includes\/images\/media\/default.png","width":2448,"height":2448,"sizes":{"thumbnail":"https:\/\/www.franceavelo.com\/wp-content\/uploads\/2020\/11\/canal-du-midi-france-a-velo-18-150x150.jpg","thumbnail-width":150,"thumbnail-height":150,"medium":"https:\/\/www.franceavelo.com\/wp-content\/uploads\/2020\/11\/canal-du-midi-france-a-velo-18-300x300.jpg","medium-width":300,"medium-height":300,"medium_large":"https:\/\/www.franceavelo.com\/wp-content\/uploads\/2020\/11\/canal-du-midi-france-a-velo-18-768x768.jpg","medium_large-width":768,"medium_large-height":768,"large":"https:\/\/www.franceavelo.com\/wp-content\/uploads\/2020\/11\/canal-du-midi-france-a-velo-18-1024x1024.jpg","large-width":1024,"large-height":1024,"1536x1536":"https:\/\/www.franceavelo.com\/wp-content\/uploads\/2020\/11\/canal-du-midi-france-a-velo-18-1536x1536.jpg","1536x1536-width":1536,"1536x1536-height":1536,"2048x2048":"https:\/\/www.franceavelo.com\/wp-content\/uploads\/2020\/11\/canal-du-midi-france-a-velo-18-2048x2048.jpg","2048x2048-width":2048,"2048x2048-height":2048,"product_option_intro":"https:\/\/www.franceavelo.com\/wp-content\/uploads\/2020\/11\/canal-du-midi-france-a-velo-18-300x220.jpg","product_option_intro-width":300,"product_option_intro-height":220,"postlist_thumbnail":"https:\/\/www.franceavelo.com\/wp-content\/uploads\/2020\/11\/canal-du-midi-france-a-velo-18-200x200.jpg","postlist_thumbnail-width":200,"postlist_thumbnail-height":200,"content_full_desktop":"https:\/\/www.franceavelo.com\/wp-content\/uploads\/2020\/11\/canal-du-midi-france-a-velo-18-970x970.jpg","content_full_desktop-width":970,"content_full_desktop-height":970,"content_full_desktop_retina":"https:\/\/www.franceavelo.com\/wp-content\/uploads\/2020\/11\/canal-du-midi-france-a-velo-18-1940x1940.jpg","content_full_desktop_retina-width":1940,"content_full_desktop_retina-height":1940,"content_half_desktop":"https:\/\/www.franceavelo.com\/wp-content\/uploads\/2020\/11\/canal-du-midi-france-a-velo-18-485x485.jpg","content_half_desktop-width":485,"content_half_desktop-height":485,"content_full_tablet":"https:\/\/www.franceavelo.com\/wp-content\/uploads\/2020\/11\/canal-du-midi-france-a-velo-18-750x750.jpg","content_full_tablet-width":750,"content_full_tablet-height":750,"content_full_tablet_retina":"https:\/\/www.franceavelo.com\/wp-content\/uploads\/2020\/11\/canal-du-midi-france-a-velo-18-1500x1500.jpg","content_full_tablet_retina-width":1500,"content_full_tablet_retina-height":1500,"content_half_tablet":"https:\/\/www.franceavelo.com\/wp-content\/uploads\/2020\/11\/canal-du-midi-france-a-velo-18-375x375.jpg","content_half_tablet-width":375,"content_half_tablet-height":375,"content_full_mobile":"https:\/\/www.franceavelo.com\/wp-content\/uploads\/2020\/11\/canal-du-midi-france-a-velo-18-500x500.jpg","content_full_mobile-width":500,"content_full_mobile-height":500,"content_full_mobile_retina":"https:\/\/www.franceavelo.com\/wp-content\/uploads\/2020\/11\/canal-du-midi-france-a-velo-18-1000x1000.jpg","content_full_mobile_retina-width":1000,"content_full_mobile_retina-height":1000,"content_full_smallmobile":"https:\/\/www.franceavelo.com\/wp-content\/uploads\/2020\/11\/canal-du-midi-france-a-velo-18-380x180.jpg","content_full_smallmobile-width":380,"content_full_smallmobile-height":180,"content_head_mobile":"https:\/\/www.franceavelo.com\/wp-content\/uploads\/2020\/11\/canal-du-midi-france-a-velo-18-320x430.jpg","content_head_mobile-width":320,"content_head_mobile-height":430,"content_head_tablet":"https:\/\/www.franceavelo.com\/wp-content\/uploads\/2020\/11\/canal-du-midi-france-a-velo-18-540x500.jpg","content_head_tablet-width":540,"content_head_tablet-height":500,"content_highlight_desktop":"https:\/\/www.franceavelo.com\/wp-content\/uploads\/2020\/11\/canal-du-midi-france-a-velo-18-350x240.jpg","content_highlight_desktop-width":350,"content_highlight_desktop-height":240,"content_highlight_desktop_retina":"https:\/\/www.franceavelo.com\/wp-content\/uploads\/2020\/11\/canal-du-midi-france-a-velo-18-700x480.jpg","content_highlight_desktop_retina-width":700,"content_highlight_desktop_retina-height":480,"content_testimony_mobile":"https:\/\/www.franceavelo.com\/wp-content\/uploads\/2020\/11\/canal-du-midi-france-a-velo-18-480x1100.jpg","content_testimony_mobile-width":480,"content_testimony_mobile-height":1100,"content_type_image_desktop":"https:\/\/www.franceavelo.com\/wp-content\/uploads\/2020\/11\/canal-du-midi-france-a-velo-18-600x600.jpg","content_type_image_desktop-width":600,"content_type_image_desktop-height":600,"content_type_image_desktop_retina":"https:\/\/www.franceavelo.com\/wp-content\/uploads\/2020\/11\/canal-du-midi-france-a-velo-18-1200x1200.jpg","content_type_image_desktop_retina-width":1200,"content_type_image_desktop_retina-height":1200,"content_type_image_mobile":"https:\/\/www.franceavelo.com\/wp-content\/uploads\/2020\/11\/canal-du-midi-france-a-velo-18-450x450.jpg","content_type_image_mobile-width":450,"content_type_image_mobile-height":450,"gform-image-choice-sm":"https:\/\/www.franceavelo.com\/wp-content\/uploads\/2020\/11\/canal-du-midi-france-a-velo-18.jpg","gform-image-choice-sm-width":300,"gform-image-choice-sm-height":300,"gform-image-choice-md":"https:\/\/www.franceavelo.com\/wp-content\/uploads\/2020\/11\/canal-du-midi-france-a-velo-18.jpg","gform-image-choice-md-width":400,"gform-image-choice-md-height":400,"gform-image-choice-lg":"https:\/\/www.franceavelo.com\/wp-content\/uploads\/2020\/11\/canal-du-midi-france-a-velo-18.jpg","gform-image-choice-lg-width":600,"gform-image-choice-lg-height":600}},"product_gallery_item_video_thumbnail":false,"product_gallery_item_video_url":""}],"product_day_by_day_repeat":[{"product_day_by_day_bloc":"<p><strong>1. Tag<\/strong><\/p>\n<p>Bei Ankunft erhalten Sie an der Hotelrezeption Ihr pers\u00f6nliches Dossier mit allen notwendigen Karten und Unter- lagen f\u00fcr die bevorstehende Reise. Danach sollten Sie sich die Zeit nehmen, Montpellier ein bisschen besser kennen zu lernen. Sehr jung und dynamisch pr\u00e4sentiert sich Ihnen diese Universit\u00e4tsstadt mit seinem \u201aPlace de la Com\u00e9die\u2019 und seinem typisch mittelalterlichen Zentrum mit den kleinen, verwinkelten Gassen und den zahllosen Caf\u00e9s und Restaurants.<\/p>\n"},{"product_day_by_day_bloc":"<p><strong>2. Tag<\/strong>\u00a0 \u00a0<strong>Montpellier \u2013 S\u00e8te\u00a0 45 km<\/strong><\/p>\n<p>Von der eleganten Stadt Montpellier fahren Sie gen S\u00fcden am kleinen Fluss Lez auf einem Radweg durch ein Vogelschutzgebiet nach Palavas zum Mittelmeer. Dort erreichen Sie schlie\u00dflich den Rhone-S\u00e8te Kanal. Dieser f\u00fchrt parallel zur K\u00fcstenlinie und mitten durch das hier typische Seengebiet nach Frontignan-Plage und schlie\u00dflich weiter in das romantische Fischerst\u00e4dtchen S\u00e8te.<\/p>\n"},{"product_day_by_day_bloc":"<p><strong>3. Tag\u00a0 \u00a0S\u00e8te\u00a0 \u2013 B\u00e9ziers 60 km<\/strong><\/p>\n<p>Direkt nach der Ausfahrt aus S\u00e8te erreichen Sie den Radweg, der Sie entlang des herrlich glitzernden Strandes nach Marseillan bringt. Der Gelegenheit einen schnellen Sprung ins k\u00fchle Nass zu unternehmen kann man kaum widerstehen. In Marseillan l\u00e4dt der liebliche kleine Hafen mit seinen zahlreichen Restaurants und Caf\u00e9s erneut zum Verweilen ein. Anschlie\u00dfend fahren Sie entlang an Weinfeldern ins griechische Agde, wo Sie auf den Canal du Midi treffen, welchem Sie bis Beziers folgen werden.<\/p>\n<p>&nbsp;<\/p>\n"},{"product_day_by_day_bloc":"<p><strong>4. Tag\u00a0<\/strong> <strong>B\u00e9ziers \u2013 Narbonne 45 km<\/strong><\/p>\n<p>Heute erwarten Sie bei der Ausfahrt aus B\u00e9ziers gleich 2 architektonische Lecker- bissen. Zuerst wird der Kanal mittels einer imposanten Br\u00fcckenkonstruktion \u00fcber den Fluss Orb hinweg geleitet und nur wenige hundert Meter weiter erreichen Sie die Schleusentreppe Fons\u00e9ranes. Hier wird der Kanal mittels einer siebenstufigen Schleusentreppe um etwa 22 Meter angehoben. Sie folgen nun dem Kanal auf dem Treidelpfad bis nach Capestang, wo viele kleine und gem\u00fctliche Restaurants zur Mittagspause einladen. Frisch gest\u00e4rkt verlassen Sie nun den Canal du Midi und radeln entlang der Weinfelder Narbonne entgegen.<\/p>\n"},{"product_day_by_day_bloc":"<p><strong>5. Tag\u00a0 Narbonne \u2013 Homps\/Olonzac 40\/45 km<\/strong><\/p>\n<p>Am Vormittag sollten Sie vor Ihrer Abfahrt noch Narbonne erkunden. Der Erz- bischofspalast, die gotische Kathedrale und die unterirdischen r\u00f6mischen Spei- cheranlagen geben dazu gen\u00fcgend Anlass. Anschlie\u00dfend verlassen Sie Narbonne auf dem Canal de la Robine um sp\u00e4ter wieder auf den Canal du Midi zu treffen, welcher Sie direkt zu Ihrem Etappenziel, den kleinen St\u00e4dtchen Homps oder Olonzac f\u00fchren wird.<\/p>\n<p>&nbsp;<\/p>\n"},{"product_day_by_day_bloc":"<p><strong>6. Tag<\/strong>\u00a0 <strong>Homps\/Olonzac<\/strong><strong> \u2013 Carcassonne 40\/35 km<\/strong><\/p>\n<p>Heute radeln Sie die gesamte Zeit am Canal du Midi entlang nach Carcassonne. M\u00e4rchenhaft ragt hier die imposante \u201aCit\u00e9\u2019, die ber\u00fchmte mittelalterliche Festungs- anlage empor, deren Besuch ein wahrlich kr\u00f6nender Abschluss Ihrer Radreise sein wird. Von unserem 4-Sterne-Hotel haben Sie den sch\u00f6nsten Blick auf die mittelalterliche Festung.<\/p>\n<p>&nbsp;<\/p>\n"},{"product_day_by_day_bloc":"<p>7. Tag<\/p>\n<p>Mit dem Bus oder Zug zur\u00fcck nach Mont- pellier. Abreise oder Verl\u00e4ngerung!<\/p>\n"}],"product_lodging":"<p>\u00dcbernachtung in stilvollen 3 Sterne Charme Hotels und Chambres d&#8217;h\u00f4tes<\/p>\n","product_services":"<p>&#8211; 6 \u00dcbernachtungen in stilvollen 3 Sterne Hotels\/Chambre d\u2018H\u00f4te und 4 Sterne Hotel<\/p>\n<p>&#8211; T\u00e4glich erweitertes Fr\u00fchst\u00fcck<\/p>\n<p>-Pers\u00f6nliches Begr\u00fc\u00dfungsgespr\u00e4ch<\/p>\n<p>&#8211; Abendessen mit 3-Gang-Men\u00fc (Option)<\/p>\n<p>&#8211; T\u00e4glicher Gep\u00e4cktransfer<\/p>\n<p>&#8211; Detailierte Routenbeschreibung<\/p>\n<p>&#8211; Detailiertes Kartenmaterial<\/p>\n<p>&#8211; 24h Service Hotline<\/p>\n<p>&#8211; GPS-Daten auf Anfrage<\/p>\n","product_dates":"<p><strong>Saison I 14.03.-17.04.\/26.09.-31.10.21<\/strong><\/p>\n<p><strong>Saison II 18.04.-26.06.\/05.09.-25.09.21<\/strong><\/p>\n<p><strong>Saison III 27.06.-04.09.21<\/strong><\/p>\n","product_additional_info":"<p>Individuelle R\u00fcckreise per Bahn nach Montpellier ca. \u20ac 25,00.<br \/>\nR\u00fccktransfer mit Sonder- Bus Carcassonne oder Toulouse &#8211; Montpellier (inkl. Rad, max. 7 Pers., zahlbar<br \/>\nvor Ort, au\u00dfer samstags vom 04.07. bis einschlie\u00dflich 05.09.2020)<\/p>\n","product_how_to_come":"<p><strong>Anreise Auto:<\/strong>\u00a0 Autobahn bis Montpellier<\/p>\n<p><strong>Zug<\/strong>: Mit TGV bis Bahnhof Montpellier<\/p>\n<p><strong>Flug<\/strong>: Flughafen Montpellier.<\/p>\n<p><strong>Parken:<\/strong><br \/>\nParken im Parkhaus in Hoteln\u00e4he. Parkgeb\u00fchr \/ Tag, ca. 15 \u20ac , zahlbar an Kasse vor Ort.<\/p>\n<p>Individuelle R\u00fcckreise per Bahn nach Montpellier ca. \u20ac 25,00.<br \/>\nR\u00fccktransfer mit Sonder- Bus Carcassonne oder Toulouse &#8211; Montpellier (inkl. Rad, max. 7 Pers., zahlbar<br \/>\nvor Ort, au\u00dfer samstags vom 04.07. bis einschlie\u00dflich 05.09.2020)<\/p>\n","product_link_product_repeat":[{"product_link_product_item":false},{"product_link_product_item":{"ID":1792,"post_author":"42","post_date":"2018-03-19 20:05:57","post_date_gmt":"2018-03-19 19:05:57","post_content":"","post_title":"Nordburgund Kan\u00e4le - Ungef\u00fchrt - 7 Tage - Klassik","post_excerpt":"","post_status":"publish","comment_status":"open","ping_status":"closed","post_password":"","post_name":"radreise-an-den-kanaelen-burgunds-7-tage","to_ping":"","pinged":"","post_modified":"2025-10-31 12:21:57","post_modified_gmt":"2025-10-31 11:21:57","post_content_filtered":"","post_parent":0,"guid":"https:\/\/www.franceavelo.com\/?post_type=product&#038;p=1792","menu_order":0,"post_type":"product","post_mime_type":"","comment_count":"1","filter":"raw"}},{"product_link_product_item":{"ID":5962,"post_author":"42","post_date":"2018-03-21 14:56:43","post_date_gmt":"2018-03-21 13:56:43","post_content":"","post_title":"Loire - Ungef\u00fchrt - 8 Tage - Klassik","post_excerpt":"","post_status":"publish","comment_status":"open","ping_status":"closed","post_password":"","post_name":"loire-individuell-8-tage-klassik","to_ping":"","pinged":"","post_modified":"2025-11-24 09:43:04","post_modified_gmt":"2025-11-24 08:43:04","post_content_filtered":"","post_parent":0,"guid":"https:\/\/www.franceavelo.com\/?post_type=product&#038;p=5962","menu_order":0,"post_type":"product","post_mime_type":"","comment_count":"0","filter":"raw"}}],"product_start_date_type":"repeater","product_start_date_repeat":[{"product_start_date":"14\/03\/2021"}],"product_seasons":[{"product_seasons_begin_date":"20210418","product_seasons_end_date":"20210626","product_seasons_double_room_price":"785","product_seasons_option_add_night_double_before":"","product_seasons_option_add_night_double_after":"","product_seasons_single_room_price":"1035","product_seasons_option_add_night_single_before":"","product_seasons_option_add_night_single_after":""},{"product_seasons_begin_date":"20210627","product_seasons_end_date":"20210906","product_seasons_double_room_price":"815","product_seasons_option_add_night_double_before":"","product_seasons_option_add_night_double_after":"","product_seasons_single_room_price":"1065","product_seasons_option_add_night_single_before":"","product_seasons_option_add_night_single_after":""}],"product_small_group_price":"","product_small_group_number":"","product_price_double_room":"695","product_option_third_place_available":"false","product_price_simple_room":"945","product_option_half_pension":"210","product_option_road_bike":"","product_option_vtc_bike":"90","product_option_electric_bike":"180","product_option_helmet":"","product_option_children_seat":"","product_option_follow_bike":"","product_option_trailer":"","product_option_transfert_repeat":false,"product_option_add_night_double_before":"","product_option_add_night_double_after":"","product_option_add_night_single_before":"","product_option_add_night_single_after":"","product_option_children_bike":""},"yoast_head":"<!-- This site is optimized with the Yoast SEO plugin v27.4 - https:\/\/yoast.com\/product\/yoast-seo-wordpress\/ -->\n<title>Radreise Canal du Midi\/Garonne 7 Tage \/ 6 N\u00e4chte | France \u00e0 v\u00e9lo<\/title>\n<meta name=\"description\" content=\"R\u00f6mische St\u00e4tten und traumhafte Landschaften begleiten Sie entlang dem Canal du Midi auf dieser einzigartigen Radtour.\" \/>\n<meta name=\"robots\" content=\"index, follow, max-snippet:-1, max-image-preview:large, max-video-preview:-1\" \/>\n<link rel=\"canonical\" href=\"https:\/\/www.franceavelo.com\/de\/product\/radreise-canal-du-midi-7-tage-6-naechte\/\" \/>\n<meta property=\"og:locale\" content=\"de_DE\" \/>\n<meta property=\"og:type\" content=\"article\" \/>\n<meta property=\"og:title\" content=\"Radreise Canal du Midi\/Garonne 7 Tage \/ 6 N\u00e4chte | France \u00e0 v\u00e9lo\" \/>\n<meta property=\"og:description\" content=\"R\u00f6mische St\u00e4tten und traumhafte Landschaften begleiten Sie entlang dem Canal du Midi auf dieser einzigartigen Radtour.\" \/>\n<meta property=\"og:url\" content=\"https:\/\/www.franceavelo.com\/de\/product\/radreise-canal-du-midi-7-tage-6-naechte\/\" \/>\n<meta property=\"og:site_name\" content=\"France \u00e0 v\u00e9lo\" \/>\n<meta property=\"article:modified_time\" content=\"2024-11-07T09:25:24+00:00\" \/>\n<meta name=\"twitter:card\" content=\"summary_large_image\" \/>\n<meta name=\"twitter:label1\" content=\"Gesch\u00e4tzte Lesezeit\" \/>\n\t<meta name=\"twitter:data1\" content=\"7\u00a0Minuten\" \/>\n<script type=\"application\/ld+json\" class=\"yoast-schema-graph\">{\"@context\":\"https:\\\/\\\/schema.org\",\"@graph\":[{\"@type\":\"WebPage\",\"@id\":\"https:\\\/\\\/www.franceavelo.com\\\/de\\\/product\\\/radreise-canal-du-midi-7-tage-6-naechte\\\/\",\"url\":\"https:\\\/\\\/www.franceavelo.com\\\/de\\\/product\\\/radreise-canal-du-midi-7-tage-6-naechte\\\/\",\"name\":\"Radreise Canal du Midi\\\/Garonne 7 Tage \\\/ 6 N\u00e4chte | France \u00e0 v\u00e9lo\",\"isPartOf\":{\"@id\":\"https:\\\/\\\/www.franceavelo.com\\\/fr\\\/#website\"},\"datePublished\":\"2020-11-13T13:31:56+00:00\",\"dateModified\":\"2024-11-07T09:25:24+00:00\",\"description\":\"R\u00f6mische St\u00e4tten und traumhafte Landschaften begleiten Sie entlang dem Canal du Midi auf dieser einzigartigen Radtour.\",\"breadcrumb\":{\"@id\":\"https:\\\/\\\/www.franceavelo.com\\\/de\\\/product\\\/radreise-canal-du-midi-7-tage-6-naechte\\\/#breadcrumb\"},\"inLanguage\":\"de\",\"potentialAction\":[{\"@type\":\"ReadAction\",\"target\":[\"https:\\\/\\\/www.franceavelo.com\\\/de\\\/product\\\/radreise-canal-du-midi-7-tage-6-naechte\\\/\"]}]},{\"@type\":\"BreadcrumbList\",\"@id\":\"https:\\\/\\\/www.franceavelo.com\\\/de\\\/product\\\/radreise-canal-du-midi-7-tage-6-naechte\\\/#breadcrumb\",\"itemListElement\":[{\"@type\":\"ListItem\",\"position\":1,\"name\":\"Home\",\"item\":\"https:\\\/\\\/www.franceavelo.com\\\/de\\\/\"},{\"@type\":\"ListItem\",\"position\":2,\"name\":\"Produits\",\"item\":\"https:\\\/\\\/www.franceavelo.com\\\/produits\\\/\"},{\"@type\":\"ListItem\",\"position\":3,\"name\":\"Radreise Canal du Midi\\\/Garonne 7 Tage \\\/ 6 N\u00e4chte\"}]},{\"@type\":\"WebSite\",\"@id\":\"https:\\\/\\\/www.franceavelo.com\\\/fr\\\/#website\",\"url\":\"https:\\\/\\\/www.franceavelo.com\\\/fr\\\/\",\"name\":\"France \u00e0 v\u00e9lo\",\"description\":\"Un site utilisant WordPress\",\"publisher\":{\"@id\":\"https:\\\/\\\/www.franceavelo.com\\\/fr\\\/#organization\"},\"potentialAction\":[{\"@type\":\"SearchAction\",\"target\":{\"@type\":\"EntryPoint\",\"urlTemplate\":\"https:\\\/\\\/www.franceavelo.com\\\/fr\\\/?s={search_term_string}\"},\"query-input\":{\"@type\":\"PropertyValueSpecification\",\"valueRequired\":true,\"valueName\":\"search_term_string\"}}],\"inLanguage\":\"de\"},{\"@type\":\"Organization\",\"@id\":\"https:\\\/\\\/www.franceavelo.com\\\/fr\\\/#organization\",\"name\":\"France \u00e0 v\u00e9lo\",\"url\":\"https:\\\/\\\/www.franceavelo.com\\\/fr\\\/\",\"logo\":{\"@type\":\"ImageObject\",\"inLanguage\":\"de\",\"@id\":\"https:\\\/\\\/www.franceavelo.com\\\/fr\\\/#\\\/schema\\\/logo\\\/image\\\/\",\"url\":\"https:\\\/\\\/www.franceavelo.com\\\/wp-content\\\/uploads\\\/2024\\\/07\\\/favicon-large.png\",\"contentUrl\":\"https:\\\/\\\/www.franceavelo.com\\\/wp-content\\\/uploads\\\/2024\\\/07\\\/favicon-large.png\",\"width\":696,\"height\":696,\"caption\":\"France \u00e0 v\u00e9lo\"},\"image\":{\"@id\":\"https:\\\/\\\/www.franceavelo.com\\\/fr\\\/#\\\/schema\\\/logo\\\/image\\\/\"}}]}<\/script>\n<!-- \/ Yoast SEO plugin. -->","yoast_head_json":{"title":"Radreise Canal du Midi\/Garonne 7 Tage \/ 6 N\u00e4chte | France \u00e0 v\u00e9lo","description":"R\u00f6mische St\u00e4tten und traumhafte Landschaften begleiten Sie entlang dem Canal du Midi auf dieser einzigartigen Radtour.","robots":{"index":"index","follow":"follow","max-snippet":"max-snippet:-1","max-image-preview":"max-image-preview:large","max-video-preview":"max-video-preview:-1"},"canonical":"https:\/\/www.franceavelo.com\/de\/product\/radreise-canal-du-midi-7-tage-6-naechte\/","og_locale":"de_DE","og_type":"article","og_title":"Radreise Canal du Midi\/Garonne 7 Tage \/ 6 N\u00e4chte | France \u00e0 v\u00e9lo","og_description":"R\u00f6mische St\u00e4tten und traumhafte Landschaften begleiten Sie entlang dem Canal du Midi auf dieser einzigartigen Radtour.","og_url":"https:\/\/www.franceavelo.com\/de\/product\/radreise-canal-du-midi-7-tage-6-naechte\/","og_site_name":"France \u00e0 v\u00e9lo","article_modified_time":"2024-11-07T09:25:24+00:00","twitter_card":"summary_large_image","twitter_misc":{"Gesch\u00e4tzte Lesezeit":"7\u00a0Minuten"},"schema":{"@context":"https:\/\/schema.org","@graph":[{"@type":"WebPage","@id":"https:\/\/www.franceavelo.com\/de\/product\/radreise-canal-du-midi-7-tage-6-naechte\/","url":"https:\/\/www.franceavelo.com\/de\/product\/radreise-canal-du-midi-7-tage-6-naechte\/","name":"Radreise Canal du Midi\/Garonne 7 Tage \/ 6 N\u00e4chte | France \u00e0 v\u00e9lo","isPartOf":{"@id":"https:\/\/www.franceavelo.com\/fr\/#website"},"datePublished":"2020-11-13T13:31:56+00:00","dateModified":"2024-11-07T09:25:24+00:00","description":"R\u00f6mische St\u00e4tten und traumhafte Landschaften begleiten Sie entlang dem Canal du Midi auf dieser einzigartigen Radtour.","breadcrumb":{"@id":"https:\/\/www.franceavelo.com\/de\/product\/radreise-canal-du-midi-7-tage-6-naechte\/#breadcrumb"},"inLanguage":"de","potentialAction":[{"@type":"ReadAction","target":["https:\/\/www.franceavelo.com\/de\/product\/radreise-canal-du-midi-7-tage-6-naechte\/"]}]},{"@type":"BreadcrumbList","@id":"https:\/\/www.franceavelo.com\/de\/product\/radreise-canal-du-midi-7-tage-6-naechte\/#breadcrumb","itemListElement":[{"@type":"ListItem","position":1,"name":"Home","item":"https:\/\/www.franceavelo.com\/de\/"},{"@type":"ListItem","position":2,"name":"Produits","item":"https:\/\/www.franceavelo.com\/produits\/"},{"@type":"ListItem","position":3,"name":"Radreise Canal du Midi\/Garonne 7 Tage \/ 6 N\u00e4chte"}]},{"@type":"WebSite","@id":"https:\/\/www.franceavelo.com\/fr\/#website","url":"https:\/\/www.franceavelo.com\/fr\/","name":"France \u00e0 v\u00e9lo","description":"Un site utilisant WordPress","publisher":{"@id":"https:\/\/www.franceavelo.com\/fr\/#organization"},"potentialAction":[{"@type":"SearchAction","target":{"@type":"EntryPoint","urlTemplate":"https:\/\/www.franceavelo.com\/fr\/?s={search_term_string}"},"query-input":{"@type":"PropertyValueSpecification","valueRequired":true,"valueName":"search_term_string"}}],"inLanguage":"de"},{"@type":"Organization","@id":"https:\/\/www.franceavelo.com\/fr\/#organization","name":"France \u00e0 v\u00e9lo","url":"https:\/\/www.franceavelo.com\/fr\/","logo":{"@type":"ImageObject","inLanguage":"de","@id":"https:\/\/www.franceavelo.com\/fr\/#\/schema\/logo\/image\/","url":"https:\/\/www.franceavelo.com\/wp-content\/uploads\/2024\/07\/favicon-large.png","contentUrl":"https:\/\/www.franceavelo.com\/wp-content\/uploads\/2024\/07\/favicon-large.png","width":696,"height":696,"caption":"France \u00e0 v\u00e9lo"},"image":{"@id":"https:\/\/www.franceavelo.com\/fr\/#\/schema\/logo\/image\/"}}]}},"_links":{"self":[{"href":"https:\/\/www.franceavelo.com\/de\/wp-json\/wp\/v2\/product\/60782","targetHints":{"allow":["GET"]}}],"collection":[{"href":"https:\/\/www.franceavelo.com\/de\/wp-json\/wp\/v2\/product"}],"about":[{"href":"https:\/\/www.franceavelo.com\/de\/wp-json\/wp\/v2\/types\/product"}],"replies":[{"embeddable":true,"href":"https:\/\/www.franceavelo.com\/de\/wp-json\/wp\/v2\/comments?post=60782"}],"wp:attachment":[{"href":"https:\/\/www.franceavelo.com\/de\/wp-json\/wp\/v2\/media?parent=60782"}],"curies":[{"name":"wp","href":"https:\/\/api.w.org\/{rel}","templated":true}]}}