{"id":62305,"date":"2021-02-16T14:12:17","date_gmt":"2021-02-16T13:12:17","guid":{"rendered":"https:\/\/www.franceavelo.com\/?post_type=product&#038;p=62305"},"modified":"2025-11-05T10:55:49","modified_gmt":"2025-11-05T09:55:49","slug":"paris-mont-saint-michel-10-tage-eco","status":"publish","type":"product","link":"https:\/\/www.franceavelo.com\/de\/product\/paris-mont-saint-michel-10-tage-eco\/","title":{"rendered":"V\u00e9losc\u00e9nie &#8211; Ungef\u00fchrt &#8211; 10 Tage &#8211; Eco"},"comment_status":"open","ping_status":"closed","template":"","class_list":["post-62305","product","type-product","status-publish","hentry"],"acf":{"product_code":"VS10CS","product_title":"V\u00e9losc\u00e9nie - Ungef\u00fchrt - 10 Tage - Eco","product_subtitle":"V\u00e9losc\u00e9nie - Schl\u00f6sser und G\u00e4rten zwischen Paris und dem Mont-St.-Michel","product_description":"<p><strong>Erleben Sie eine individuelle Radreise auf der V\u00e9losc\u00e9nie von Paris zum Mont-Saint-Michel und genie\u00dfen Sie die Natur der Normandie.<\/strong><\/p>\n<p><strong>Diese au\u00dfergew\u00f6hnliche Radreise f\u00fchrt Sie auf der V\u00e9losc\u00e9nie von der Metropole Paris \u00fcber die Schl\u00f6sser und G\u00e4rten von Versailles, Maintenon zur Kathedrale des Lichts, Chartres. Durch Wald- und Heckenlandschaften der Normandie, \u00fcber die Thermen von Bagnoles de l\u2019Orne bis zum Mont-St.-Michel. 5 der UNESCO Weltkulturerbe liegen auf dem Weg und ein hoher Anteil an Fahrradwegen bieten eine ideale Kombination von Kultur- und Genussradeln.<\/strong><\/p>\n<p>&nbsp;<\/p>\n<h4><strong>HIGHLIGHTS<\/strong><\/h4>\n<p><span style=\"color: #35a186\"><strong>Metropole Paris<\/strong><\/span><br \/>\n<span style=\"color: #35a186\"><strong>Mont St Michel<\/strong><\/span><br \/>\n<span style=\"color: #35a186\"><strong>Schloss von Versailles<\/strong><\/span><br \/>\n<span style=\"color: #35a186\"><strong>5 UNESCO Weltkulturerbe<\/strong><\/span><br \/>\n<span style=\"color: #35a186\"><strong>Radeln auf der V\u00e9loscenie<\/strong><\/span><\/p>\n","product_pdf_datasheet":{"ID":76031,"id":76031,"title":"Angebot_V\u00e9loscenie_Individuell_VS10CS_Eco_2026","filename":"Angebot_Veloscenie_Individuell_VS10CS_Eco_2026-1.pdf","filesize":10060162,"url":"https:\/\/www.franceavelo.com\/wp-content\/uploads\/2021\/02\/Angebot_Veloscenie_Individuell_VS10CS_Eco_2026-1.pdf","link":"https:\/\/www.franceavelo.com\/de\/product\/paris-mont-saint-michel-10-tage-eco\/angebot_veloscenie_individuell_vs10cs_eco_2026\/","alt":"","author":"12","description":"","caption":"","name":"angebot_veloscenie_individuell_vs10cs_eco_2026","status":"inherit","uploaded_to":62305,"date":"2025-10-27 14:43:28","modified":"2025-10-27 14:43:28","menu_order":0,"mime_type":"application\/pdf","type":"application","subtype":"pdf","icon":"https:\/\/www.franceavelo.com\/wp-includes\/images\/media\/document.png"},"product_zone":"fr","product_travel_type":{"value":"ty_2","label":"Non Guid\u00e9"},"product_ambiance":[{"value":"am_4","label":"E bike"},{"value":"am_5","label":"Culture\u00a0"}],"product_landscape":[{"value":"la_2","label":"Nature"},{"value":"la_5","label":"Ch\u00e2teau"},{"value":"la_6","label":"Voie verte"}],"product_difficulty":"2","product_nb_kilometer":"464","product_nb_day":"10","product_nb_night":"9","product_gallery_items":[{"product_gallery_item_type":"image","product_gallery_item_image":{"ID":6962,"id":6962,"title":"Radreise V\u00e9losc\u00e9nie Schloss Rambouillet France \u00e0 V\u00e9lo","filename":"veloscenie-rambouillet-france-a-velo-scaled.jpg","filesize":1113989,"url":"https:\/\/www.franceavelo.com\/wp-content\/uploads\/2018\/03\/veloscenie-rambouillet-france-a-velo-scaled.jpg","link":"https:\/\/www.franceavelo.com\/de\/product\/veloscenie-8-tage\/la-v%c2%8elosc%c2%8enie-rambouillet-dep78-ile-de-france-france-2\/","alt":"Blick auf Schloss von Rambouillet","author":"42","description":"","caption":"","name":"la-v%c2%8elosc%c2%8enie-rambouillet-dep78-ile-de-france-france-2","status":"inherit","uploaded_to":24992,"date":"2018-03-22 04:21:06","modified":"2020-01-09 09:44:13","menu_order":0,"mime_type":"image\/jpeg","type":"image","subtype":"jpeg","icon":"https:\/\/www.franceavelo.com\/wp-includes\/images\/media\/default.png","width":7360,"height":4912,"sizes":{"thumbnail":"https:\/\/www.franceavelo.com\/wp-content\/uploads\/2018\/03\/veloscenie-rambouillet-france-a-velo-scaled.jpg","thumbnail-width":150,"thumbnail-height":100,"medium":"https:\/\/www.franceavelo.com\/wp-content\/uploads\/2018\/03\/veloscenie-rambouillet-france-a-velo-scaled.jpg","medium-width":300,"medium-height":200,"medium_large":"https:\/\/www.franceavelo.com\/wp-content\/uploads\/2018\/03\/veloscenie-rambouillet-france-a-velo-scaled.jpg","medium_large-width":768,"medium_large-height":513,"large":"https:\/\/www.franceavelo.com\/wp-content\/uploads\/2018\/03\/veloscenie-rambouillet-france-a-velo-scaled.jpg","large-width":1024,"large-height":683,"1536x1536":"https:\/\/www.franceavelo.com\/wp-content\/uploads\/2018\/03\/veloscenie-rambouillet-france-a-velo-scaled.jpg","1536x1536-width":1536,"1536x1536-height":1025,"2048x2048":"https:\/\/www.franceavelo.com\/wp-content\/uploads\/2018\/03\/veloscenie-rambouillet-france-a-velo-scaled.jpg","2048x2048-width":2048,"2048x2048-height":1367,"product_option_intro":"https:\/\/www.franceavelo.com\/wp-content\/uploads\/2018\/03\/veloscenie-rambouillet-france-a-velo-scaled.jpg","product_option_intro-width":300,"product_option_intro-height":200,"postlist_thumbnail":"https:\/\/www.franceavelo.com\/wp-content\/uploads\/2018\/03\/veloscenie-rambouillet-france-a-velo-scaled.jpg","postlist_thumbnail-width":200,"postlist_thumbnail-height":133,"content_full_desktop":"https:\/\/www.franceavelo.com\/wp-content\/uploads\/2018\/03\/veloscenie-rambouillet-france-a-velo-scaled.jpg","content_full_desktop-width":970,"content_full_desktop-height":647,"content_full_desktop_retina":"https:\/\/www.franceavelo.com\/wp-content\/uploads\/2018\/03\/veloscenie-rambouillet-france-a-velo-scaled.jpg","content_full_desktop_retina-width":1940,"content_full_desktop_retina-height":1295,"content_half_desktop":"https:\/\/www.franceavelo.com\/wp-content\/uploads\/2018\/03\/veloscenie-rambouillet-france-a-velo-scaled.jpg","content_half_desktop-width":485,"content_half_desktop-height":324,"content_full_tablet":"https:\/\/www.franceavelo.com\/wp-content\/uploads\/2018\/03\/veloscenie-rambouillet-france-a-velo-scaled.jpg","content_full_tablet-width":750,"content_full_tablet-height":501,"content_full_tablet_retina":"https:\/\/www.franceavelo.com\/wp-content\/uploads\/2018\/03\/veloscenie-rambouillet-france-a-velo-scaled.jpg","content_full_tablet_retina-width":1500,"content_full_tablet_retina-height":1001,"content_half_tablet":"https:\/\/www.franceavelo.com\/wp-content\/uploads\/2018\/03\/veloscenie-rambouillet-france-a-velo-scaled.jpg","content_half_tablet-width":375,"content_half_tablet-height":250,"content_full_mobile":"https:\/\/www.franceavelo.com\/wp-content\/uploads\/2018\/03\/veloscenie-rambouillet-france-a-velo-scaled.jpg","content_full_mobile-width":500,"content_full_mobile-height":334,"content_full_mobile_retina":"https:\/\/www.franceavelo.com\/wp-content\/uploads\/2018\/03\/veloscenie-rambouillet-france-a-velo-scaled.jpg","content_full_mobile_retina-width":1000,"content_full_mobile_retina-height":667,"content_full_smallmobile":"https:\/\/www.franceavelo.com\/wp-content\/uploads\/2018\/03\/veloscenie-rambouillet-france-a-velo-scaled.jpg","content_full_smallmobile-width":270,"content_full_smallmobile-height":180,"content_head_mobile":"https:\/\/www.franceavelo.com\/wp-content\/uploads\/2018\/03\/veloscenie-rambouillet-france-a-velo-scaled.jpg","content_head_mobile-width":320,"content_head_mobile-height":214,"content_head_tablet":"https:\/\/www.franceavelo.com\/wp-content\/uploads\/2018\/03\/veloscenie-rambouillet-france-a-velo-scaled.jpg","content_head_tablet-width":540,"content_head_tablet-height":360,"content_highlight_desktop":"https:\/\/www.franceavelo.com\/wp-content\/uploads\/2018\/03\/veloscenie-rambouillet-france-a-velo-scaled.jpg","content_highlight_desktop-width":350,"content_highlight_desktop-height":234,"content_highlight_desktop_retina":"https:\/\/www.franceavelo.com\/wp-content\/uploads\/2018\/03\/veloscenie-rambouillet-france-a-velo-scaled.jpg","content_highlight_desktop_retina-width":700,"content_highlight_desktop_retina-height":467,"content_testimony_mobile":"https:\/\/www.franceavelo.com\/wp-content\/uploads\/2018\/03\/veloscenie-rambouillet-france-a-velo-scaled.jpg","content_testimony_mobile-width":480,"content_testimony_mobile-height":320,"content_type_image_desktop":"https:\/\/www.franceavelo.com\/wp-content\/uploads\/2018\/03\/veloscenie-rambouillet-france-a-velo-600x400.jpg","content_type_image_desktop-width":600,"content_type_image_desktop-height":400,"content_type_image_desktop_retina":"https:\/\/www.franceavelo.com\/wp-content\/uploads\/2018\/03\/veloscenie-rambouillet-france-a-velo-1200x801.jpg","content_type_image_desktop_retina-width":1200,"content_type_image_desktop_retina-height":801,"content_type_image_mobile":"https:\/\/www.franceavelo.com\/wp-content\/uploads\/2018\/03\/veloscenie-rambouillet-france-a-velo-450x300.jpg","content_type_image_mobile-width":450,"content_type_image_mobile-height":300,"gform-image-choice-sm":"https:\/\/www.franceavelo.com\/wp-content\/uploads\/2018\/03\/veloscenie-rambouillet-france-a-velo-scaled.jpg","gform-image-choice-sm-width":300,"gform-image-choice-sm-height":200,"gform-image-choice-md":"https:\/\/www.franceavelo.com\/wp-content\/uploads\/2018\/03\/veloscenie-rambouillet-france-a-velo-scaled.jpg","gform-image-choice-md-width":400,"gform-image-choice-md-height":267,"gform-image-choice-lg":"https:\/\/www.franceavelo.com\/wp-content\/uploads\/2018\/03\/veloscenie-rambouillet-france-a-velo-scaled.jpg","gform-image-choice-lg-width":600,"gform-image-choice-lg-height":400}},"product_gallery_item_video_thumbnail":false,"product_gallery_item_video_url":""},{"product_gallery_item_type":"image","product_gallery_item_image":{"ID":7492,"id":7492,"title":"Radreise V\u00e9losc\u00e9nie Mont Saint Michel France \u00e0 V\u00e9lo","filename":"Mont-Saint-Michel\u00a9V\u00e9losc\u00e9nie_David-Darrault-4-scaled.jpg","filesize":697155,"url":"https:\/\/www.franceavelo.com\/wp-content\/uploads\/2018\/03\/Mont-Saint-Michel\u00a9V\u00e9losc\u00e9nie_David-Darrault-4-scaled.jpg","link":"https:\/\/www.franceavelo.com\/de\/product\/paris-mont-saint-michel-10-tage\/mont-saint-michelveloscenie_david-darrault-4-2\/","alt":"Blick auf Mont Saint Michel von der V\u00e9losc\u00e9nie","author":"42","description":"","caption":"","name":"mont-saint-michelveloscenie_david-darrault-4-2","status":"inherit","uploaded_to":25042,"date":"2018-03-22 05:25:00","modified":"2020-01-09 10:18:29","menu_order":0,"mime_type":"image\/jpeg","type":"image","subtype":"jpeg","icon":"https:\/\/www.franceavelo.com\/wp-includes\/images\/media\/default.png","width":7360,"height":4912,"sizes":{"thumbnail":"https:\/\/www.franceavelo.com\/wp-content\/uploads\/2018\/03\/Mont-Saint-Michel\u00a9V\u00e9losc\u00e9nie_David-Darrault-4-scaled.jpg","thumbnail-width":150,"thumbnail-height":100,"medium":"https:\/\/www.franceavelo.com\/wp-content\/uploads\/2018\/03\/Mont-Saint-Michel\u00a9V\u00e9losc\u00e9nie_David-Darrault-4-scaled.jpg","medium-width":300,"medium-height":200,"medium_large":"https:\/\/www.franceavelo.com\/wp-content\/uploads\/2018\/03\/Mont-Saint-Michel\u00a9V\u00e9losc\u00e9nie_David-Darrault-4-scaled.jpg","medium_large-width":768,"medium_large-height":513,"large":"https:\/\/www.franceavelo.com\/wp-content\/uploads\/2018\/03\/Mont-Saint-Michel\u00a9V\u00e9losc\u00e9nie_David-Darrault-4-scaled.jpg","large-width":1024,"large-height":683,"1536x1536":"https:\/\/www.franceavelo.com\/wp-content\/uploads\/2018\/03\/Mont-Saint-Michel\u00a9V\u00e9losc\u00e9nie_David-Darrault-4-scaled.jpg","1536x1536-width":1536,"1536x1536-height":1025,"2048x2048":"https:\/\/www.franceavelo.com\/wp-content\/uploads\/2018\/03\/Mont-Saint-Michel\u00a9V\u00e9losc\u00e9nie_David-Darrault-4-scaled.jpg","2048x2048-width":2048,"2048x2048-height":1367,"product_option_intro":"https:\/\/www.franceavelo.com\/wp-content\/uploads\/2018\/03\/Mont-Saint-Michel\u00a9V\u00e9losc\u00e9nie_David-Darrault-4-scaled.jpg","product_option_intro-width":300,"product_option_intro-height":200,"postlist_thumbnail":"https:\/\/www.franceavelo.com\/wp-content\/uploads\/2018\/03\/Mont-Saint-Michel\u00a9V\u00e9losc\u00e9nie_David-Darrault-4-scaled.jpg","postlist_thumbnail-width":200,"postlist_thumbnail-height":133,"content_full_desktop":"https:\/\/www.franceavelo.com\/wp-content\/uploads\/2018\/03\/Mont-Saint-Michel\u00a9V\u00e9losc\u00e9nie_David-Darrault-4-scaled.jpg","content_full_desktop-width":970,"content_full_desktop-height":647,"content_full_desktop_retina":"https:\/\/www.franceavelo.com\/wp-content\/uploads\/2018\/03\/Mont-Saint-Michel\u00a9V\u00e9losc\u00e9nie_David-Darrault-4-scaled.jpg","content_full_desktop_retina-width":1940,"content_full_desktop_retina-height":1295,"content_half_desktop":"https:\/\/www.franceavelo.com\/wp-content\/uploads\/2018\/03\/Mont-Saint-Michel\u00a9V\u00e9losc\u00e9nie_David-Darrault-4-scaled.jpg","content_half_desktop-width":485,"content_half_desktop-height":324,"content_full_tablet":"https:\/\/www.franceavelo.com\/wp-content\/uploads\/2018\/03\/Mont-Saint-Michel\u00a9V\u00e9losc\u00e9nie_David-Darrault-4-scaled.jpg","content_full_tablet-width":750,"content_full_tablet-height":501,"content_full_tablet_retina":"https:\/\/www.franceavelo.com\/wp-content\/uploads\/2018\/03\/Mont-Saint-Michel\u00a9V\u00e9losc\u00e9nie_David-Darrault-4-scaled.jpg","content_full_tablet_retina-width":1500,"content_full_tablet_retina-height":1001,"content_half_tablet":"https:\/\/www.franceavelo.com\/wp-content\/uploads\/2018\/03\/Mont-Saint-Michel\u00a9V\u00e9losc\u00e9nie_David-Darrault-4-scaled.jpg","content_half_tablet-width":375,"content_half_tablet-height":250,"content_full_mobile":"https:\/\/www.franceavelo.com\/wp-content\/uploads\/2018\/03\/Mont-Saint-Michel\u00a9V\u00e9losc\u00e9nie_David-Darrault-4-scaled.jpg","content_full_mobile-width":500,"content_full_mobile-height":334,"content_full_mobile_retina":"https:\/\/www.franceavelo.com\/wp-content\/uploads\/2018\/03\/Mont-Saint-Michel\u00a9V\u00e9losc\u00e9nie_David-Darrault-4-scaled.jpg","content_full_mobile_retina-width":1000,"content_full_mobile_retina-height":667,"content_full_smallmobile":"https:\/\/www.franceavelo.com\/wp-content\/uploads\/2018\/03\/Mont-Saint-Michel\u00a9V\u00e9losc\u00e9nie_David-Darrault-4-scaled.jpg","content_full_smallmobile-width":270,"content_full_smallmobile-height":180,"content_head_mobile":"https:\/\/www.franceavelo.com\/wp-content\/uploads\/2018\/03\/Mont-Saint-Michel\u00a9V\u00e9losc\u00e9nie_David-Darrault-4-scaled.jpg","content_head_mobile-width":320,"content_head_mobile-height":214,"content_head_tablet":"https:\/\/www.franceavelo.com\/wp-content\/uploads\/2018\/03\/Mont-Saint-Michel\u00a9V\u00e9losc\u00e9nie_David-Darrault-4-scaled.jpg","content_head_tablet-width":540,"content_head_tablet-height":360,"content_highlight_desktop":"https:\/\/www.franceavelo.com\/wp-content\/uploads\/2018\/03\/Mont-Saint-Michel\u00a9V\u00e9losc\u00e9nie_David-Darrault-4-scaled.jpg","content_highlight_desktop-width":350,"content_highlight_desktop-height":234,"content_highlight_desktop_retina":"https:\/\/www.franceavelo.com\/wp-content\/uploads\/2018\/03\/Mont-Saint-Michel\u00a9V\u00e9losc\u00e9nie_David-Darrault-4-scaled.jpg","content_highlight_desktop_retina-width":700,"content_highlight_desktop_retina-height":467,"content_testimony_mobile":"https:\/\/www.franceavelo.com\/wp-content\/uploads\/2018\/03\/Mont-Saint-Michel\u00a9V\u00e9losc\u00e9nie_David-Darrault-4-scaled.jpg","content_testimony_mobile-width":480,"content_testimony_mobile-height":320,"content_type_image_desktop":"https:\/\/www.franceavelo.com\/wp-content\/uploads\/2018\/03\/Mont-Saint-Michel\u00a9V\u00e9losc\u00e9nie_David-Darrault-4-600x400.jpg","content_type_image_desktop-width":600,"content_type_image_desktop-height":400,"content_type_image_desktop_retina":"https:\/\/www.franceavelo.com\/wp-content\/uploads\/2018\/03\/Mont-Saint-Michel\u00a9V\u00e9losc\u00e9nie_David-Darrault-4-1200x801.jpg","content_type_image_desktop_retina-width":1200,"content_type_image_desktop_retina-height":801,"content_type_image_mobile":"https:\/\/www.franceavelo.com\/wp-content\/uploads\/2018\/03\/Mont-Saint-Michel\u00a9V\u00e9losc\u00e9nie_David-Darrault-4-450x300.jpg","content_type_image_mobile-width":450,"content_type_image_mobile-height":300,"gform-image-choice-sm":"https:\/\/www.franceavelo.com\/wp-content\/uploads\/2018\/03\/Mont-Saint-Michel\u00a9V\u00e9losc\u00e9nie_David-Darrault-4-scaled.jpg","gform-image-choice-sm-width":300,"gform-image-choice-sm-height":200,"gform-image-choice-md":"https:\/\/www.franceavelo.com\/wp-content\/uploads\/2018\/03\/Mont-Saint-Michel\u00a9V\u00e9losc\u00e9nie_David-Darrault-4-scaled.jpg","gform-image-choice-md-width":400,"gform-image-choice-md-height":267,"gform-image-choice-lg":"https:\/\/www.franceavelo.com\/wp-content\/uploads\/2018\/03\/Mont-Saint-Michel\u00a9V\u00e9losc\u00e9nie_David-Darrault-4-scaled.jpg","gform-image-choice-lg-width":600,"gform-image-choice-lg-height":400}},"product_gallery_item_video_thumbnail":false,"product_gallery_item_video_url":""},{"product_gallery_item_type":"image","product_gallery_item_image":{"ID":7452,"id":7452,"title":"Radreise Mont Saint Michel France \u00e0 V\u00e9lo","filename":"mont-saint-michel-radfahren-france-a-velo-1-scaled.jpg","filesize":559545,"url":"https:\/\/www.franceavelo.com\/wp-content\/uploads\/2018\/03\/mont-saint-michel-radfahren-france-a-velo-1-scaled.jpg","link":"https:\/\/www.franceavelo.com\/de\/?attachment_id=7452","alt":"Radfahrerinnen vor dem Mont Saint Michel","author":"42","description":"","caption":"","name":"mont-saint-michel-radfahren-france-a-velo-3","status":"inherit","uploaded_to":12932,"date":"2018-03-22 05:05:20","modified":"2020-01-09 10:01:34","menu_order":0,"mime_type":"image\/jpeg","type":"image","subtype":"jpeg","icon":"https:\/\/www.franceavelo.com\/wp-includes\/images\/media\/default.png","width":3264,"height":2448,"sizes":{"thumbnail":"https:\/\/www.franceavelo.com\/wp-content\/uploads\/2018\/03\/mont-saint-michel-radfahren-france-a-velo-1-scaled.jpg","thumbnail-width":150,"thumbnail-height":113,"medium":"https:\/\/www.franceavelo.com\/wp-content\/uploads\/2018\/03\/mont-saint-michel-radfahren-france-a-velo-1-scaled.jpg","medium-width":300,"medium-height":225,"medium_large":"https:\/\/www.franceavelo.com\/wp-content\/uploads\/2018\/03\/mont-saint-michel-radfahren-france-a-velo-1-scaled.jpg","medium_large-width":768,"medium_large-height":576,"large":"https:\/\/www.franceavelo.com\/wp-content\/uploads\/2018\/03\/mont-saint-michel-radfahren-france-a-velo-1-scaled.jpg","large-width":1024,"large-height":768,"1536x1536":"https:\/\/www.franceavelo.com\/wp-content\/uploads\/2018\/03\/mont-saint-michel-radfahren-france-a-velo-1-scaled.jpg","1536x1536-width":1536,"1536x1536-height":1152,"2048x2048":"https:\/\/www.franceavelo.com\/wp-content\/uploads\/2018\/03\/mont-saint-michel-radfahren-france-a-velo-1-scaled.jpg","2048x2048-width":2048,"2048x2048-height":1536,"product_option_intro":"https:\/\/www.franceavelo.com\/wp-content\/uploads\/2018\/03\/mont-saint-michel-radfahren-france-a-velo-1-scaled.jpg","product_option_intro-width":293,"product_option_intro-height":220,"postlist_thumbnail":"https:\/\/www.franceavelo.com\/wp-content\/uploads\/2018\/03\/mont-saint-michel-radfahren-france-a-velo-1-scaled.jpg","postlist_thumbnail-width":200,"postlist_thumbnail-height":150,"content_full_desktop":"https:\/\/www.franceavelo.com\/wp-content\/uploads\/2018\/03\/mont-saint-michel-radfahren-france-a-velo-1-scaled.jpg","content_full_desktop-width":970,"content_full_desktop-height":728,"content_full_desktop_retina":"https:\/\/www.franceavelo.com\/wp-content\/uploads\/2018\/03\/mont-saint-michel-radfahren-france-a-velo-1-scaled.jpg","content_full_desktop_retina-width":1940,"content_full_desktop_retina-height":1455,"content_half_desktop":"https:\/\/www.franceavelo.com\/wp-content\/uploads\/2018\/03\/mont-saint-michel-radfahren-france-a-velo-1-scaled.jpg","content_half_desktop-width":485,"content_half_desktop-height":364,"content_full_tablet":"https:\/\/www.franceavelo.com\/wp-content\/uploads\/2018\/03\/mont-saint-michel-radfahren-france-a-velo-1-scaled.jpg","content_full_tablet-width":750,"content_full_tablet-height":563,"content_full_tablet_retina":"https:\/\/www.franceavelo.com\/wp-content\/uploads\/2018\/03\/mont-saint-michel-radfahren-france-a-velo-1-scaled.jpg","content_full_tablet_retina-width":1500,"content_full_tablet_retina-height":1125,"content_half_tablet":"https:\/\/www.franceavelo.com\/wp-content\/uploads\/2018\/03\/mont-saint-michel-radfahren-france-a-velo-1-scaled.jpg","content_half_tablet-width":375,"content_half_tablet-height":281,"content_full_mobile":"https:\/\/www.franceavelo.com\/wp-content\/uploads\/2018\/03\/mont-saint-michel-radfahren-france-a-velo-1-scaled.jpg","content_full_mobile-width":500,"content_full_mobile-height":375,"content_full_mobile_retina":"https:\/\/www.franceavelo.com\/wp-content\/uploads\/2018\/03\/mont-saint-michel-radfahren-france-a-velo-1-scaled.jpg","content_full_mobile_retina-width":1000,"content_full_mobile_retina-height":750,"content_full_smallmobile":"https:\/\/www.franceavelo.com\/wp-content\/uploads\/2018\/03\/mont-saint-michel-radfahren-france-a-velo-1-scaled.jpg","content_full_smallmobile-width":240,"content_full_smallmobile-height":180,"content_head_mobile":"https:\/\/www.franceavelo.com\/wp-content\/uploads\/2018\/03\/mont-saint-michel-radfahren-france-a-velo-1-scaled.jpg","content_head_mobile-width":320,"content_head_mobile-height":240,"content_head_tablet":"https:\/\/www.franceavelo.com\/wp-content\/uploads\/2018\/03\/mont-saint-michel-radfahren-france-a-velo-1-scaled.jpg","content_head_tablet-width":540,"content_head_tablet-height":405,"content_highlight_desktop":"https:\/\/www.franceavelo.com\/wp-content\/uploads\/2018\/03\/mont-saint-michel-radfahren-france-a-velo-1-scaled.jpg","content_highlight_desktop-width":320,"content_highlight_desktop-height":240,"content_highlight_desktop_retina":"https:\/\/www.franceavelo.com\/wp-content\/uploads\/2018\/03\/mont-saint-michel-radfahren-france-a-velo-1-scaled.jpg","content_highlight_desktop_retina-width":640,"content_highlight_desktop_retina-height":480,"content_testimony_mobile":"https:\/\/www.franceavelo.com\/wp-content\/uploads\/2018\/03\/mont-saint-michel-radfahren-france-a-velo-1-scaled.jpg","content_testimony_mobile-width":480,"content_testimony_mobile-height":360,"content_type_image_desktop":"https:\/\/www.franceavelo.com\/wp-content\/uploads\/2018\/03\/mont-saint-michel-radfahren-france-a-velo-1-600x450.jpg","content_type_image_desktop-width":600,"content_type_image_desktop-height":450,"content_type_image_desktop_retina":"https:\/\/www.franceavelo.com\/wp-content\/uploads\/2018\/03\/mont-saint-michel-radfahren-france-a-velo-1-1200x900.jpg","content_type_image_desktop_retina-width":1200,"content_type_image_desktop_retina-height":900,"content_type_image_mobile":"https:\/\/www.franceavelo.com\/wp-content\/uploads\/2018\/03\/mont-saint-michel-radfahren-france-a-velo-1-450x338.jpg","content_type_image_mobile-width":450,"content_type_image_mobile-height":338,"gform-image-choice-sm":"https:\/\/www.franceavelo.com\/wp-content\/uploads\/2018\/03\/mont-saint-michel-radfahren-france-a-velo-1-scaled.jpg","gform-image-choice-sm-width":300,"gform-image-choice-sm-height":225,"gform-image-choice-md":"https:\/\/www.franceavelo.com\/wp-content\/uploads\/2018\/03\/mont-saint-michel-radfahren-france-a-velo-1-scaled.jpg","gform-image-choice-md-width":400,"gform-image-choice-md-height":300,"gform-image-choice-lg":"https:\/\/www.franceavelo.com\/wp-content\/uploads\/2018\/03\/mont-saint-michel-radfahren-france-a-velo-1-scaled.jpg","gform-image-choice-lg-width":600,"gform-image-choice-lg-height":450}},"product_gallery_item_video_thumbnail":false,"product_gallery_item_video_url":""},{"product_gallery_item_type":"image","product_gallery_item_image":{"ID":7582,"id":7582,"title":"Radreise Maintenon France \u00e0 V\u00e9lo","filename":"maintenon-gaerten-france-a-velo-scaled.jpg","filesize":814274,"url":"https:\/\/www.franceavelo.com\/wp-content\/uploads\/2018\/03\/maintenon-gaerten-france-a-velo-scaled.jpg","link":"https:\/\/www.franceavelo.com\/de\/?attachment_id=7582","alt":"Blick auf G\u00e4rten in Maintenon","author":"42","description":"","caption":"","name":"maintenon-gaerten-france-a-velo-2","status":"inherit","uploaded_to":12932,"date":"2018-03-22 05:41:27","modified":"2020-01-09 10:24:00","menu_order":0,"mime_type":"image\/jpeg","type":"image","subtype":"jpeg","icon":"https:\/\/www.franceavelo.com\/wp-includes\/images\/media\/default.png","width":4288,"height":2848,"sizes":{"thumbnail":"https:\/\/www.franceavelo.com\/wp-content\/uploads\/2018\/03\/maintenon-gaerten-france-a-velo-scaled.jpg","thumbnail-width":150,"thumbnail-height":100,"medium":"https:\/\/www.franceavelo.com\/wp-content\/uploads\/2018\/03\/maintenon-gaerten-france-a-velo-scaled.jpg","medium-width":300,"medium-height":199,"medium_large":"https:\/\/www.franceavelo.com\/wp-content\/uploads\/2018\/03\/maintenon-gaerten-france-a-velo-scaled.jpg","medium_large-width":768,"medium_large-height":510,"large":"https:\/\/www.franceavelo.com\/wp-content\/uploads\/2018\/03\/maintenon-gaerten-france-a-velo-scaled.jpg","large-width":1024,"large-height":680,"1536x1536":"https:\/\/www.franceavelo.com\/wp-content\/uploads\/2018\/03\/maintenon-gaerten-france-a-velo-scaled.jpg","1536x1536-width":1536,"1536x1536-height":1020,"2048x2048":"https:\/\/www.franceavelo.com\/wp-content\/uploads\/2018\/03\/maintenon-gaerten-france-a-velo-scaled.jpg","2048x2048-width":2048,"2048x2048-height":1360,"product_option_intro":"https:\/\/www.franceavelo.com\/wp-content\/uploads\/2018\/03\/maintenon-gaerten-france-a-velo-scaled.jpg","product_option_intro-width":300,"product_option_intro-height":199,"postlist_thumbnail":"https:\/\/www.franceavelo.com\/wp-content\/uploads\/2018\/03\/maintenon-gaerten-france-a-velo-scaled.jpg","postlist_thumbnail-width":200,"postlist_thumbnail-height":133,"content_full_desktop":"https:\/\/www.franceavelo.com\/wp-content\/uploads\/2018\/03\/maintenon-gaerten-france-a-velo-scaled.jpg","content_full_desktop-width":970,"content_full_desktop-height":644,"content_full_desktop_retina":"https:\/\/www.franceavelo.com\/wp-content\/uploads\/2018\/03\/maintenon-gaerten-france-a-velo-scaled.jpg","content_full_desktop_retina-width":1940,"content_full_desktop_retina-height":1289,"content_half_desktop":"https:\/\/www.franceavelo.com\/wp-content\/uploads\/2018\/03\/maintenon-gaerten-france-a-velo-scaled.jpg","content_half_desktop-width":485,"content_half_desktop-height":322,"content_full_tablet":"https:\/\/www.franceavelo.com\/wp-content\/uploads\/2018\/03\/maintenon-gaerten-france-a-velo-scaled.jpg","content_full_tablet-width":750,"content_full_tablet-height":498,"content_full_tablet_retina":"https:\/\/www.franceavelo.com\/wp-content\/uploads\/2018\/03\/maintenon-gaerten-france-a-velo-scaled.jpg","content_full_tablet_retina-width":1500,"content_full_tablet_retina-height":996,"content_half_tablet":"https:\/\/www.franceavelo.com\/wp-content\/uploads\/2018\/03\/maintenon-gaerten-france-a-velo-scaled.jpg","content_half_tablet-width":375,"content_half_tablet-height":249,"content_full_mobile":"https:\/\/www.franceavelo.com\/wp-content\/uploads\/2018\/03\/maintenon-gaerten-france-a-velo-scaled.jpg","content_full_mobile-width":500,"content_full_mobile-height":332,"content_full_mobile_retina":"https:\/\/www.franceavelo.com\/wp-content\/uploads\/2018\/03\/maintenon-gaerten-france-a-velo-scaled.jpg","content_full_mobile_retina-width":1000,"content_full_mobile_retina-height":664,"content_full_smallmobile":"https:\/\/www.franceavelo.com\/wp-content\/uploads\/2018\/03\/maintenon-gaerten-france-a-velo-scaled.jpg","content_full_smallmobile-width":271,"content_full_smallmobile-height":180,"content_head_mobile":"https:\/\/www.franceavelo.com\/wp-content\/uploads\/2018\/03\/maintenon-gaerten-france-a-velo-scaled.jpg","content_head_mobile-width":320,"content_head_mobile-height":213,"content_head_tablet":"https:\/\/www.franceavelo.com\/wp-content\/uploads\/2018\/03\/maintenon-gaerten-france-a-velo-scaled.jpg","content_head_tablet-width":540,"content_head_tablet-height":359,"content_highlight_desktop":"https:\/\/www.franceavelo.com\/wp-content\/uploads\/2018\/03\/maintenon-gaerten-france-a-velo-scaled.jpg","content_highlight_desktop-width":350,"content_highlight_desktop-height":232,"content_highlight_desktop_retina":"https:\/\/www.franceavelo.com\/wp-content\/uploads\/2018\/03\/maintenon-gaerten-france-a-velo-scaled.jpg","content_highlight_desktop_retina-width":700,"content_highlight_desktop_retina-height":465,"content_testimony_mobile":"https:\/\/www.franceavelo.com\/wp-content\/uploads\/2018\/03\/maintenon-gaerten-france-a-velo-scaled.jpg","content_testimony_mobile-width":480,"content_testimony_mobile-height":319,"content_type_image_desktop":"https:\/\/www.franceavelo.com\/wp-content\/uploads\/2018\/03\/maintenon-gaerten-france-a-velo-600x399.jpg","content_type_image_desktop-width":600,"content_type_image_desktop-height":399,"content_type_image_desktop_retina":"https:\/\/www.franceavelo.com\/wp-content\/uploads\/2018\/03\/maintenon-gaerten-france-a-velo-1200x797.jpg","content_type_image_desktop_retina-width":1200,"content_type_image_desktop_retina-height":797,"content_type_image_mobile":"https:\/\/www.franceavelo.com\/wp-content\/uploads\/2018\/03\/maintenon-gaerten-france-a-velo-450x299.jpg","content_type_image_mobile-width":450,"content_type_image_mobile-height":299,"gform-image-choice-sm":"https:\/\/www.franceavelo.com\/wp-content\/uploads\/2018\/03\/maintenon-gaerten-france-a-velo-scaled.jpg","gform-image-choice-sm-width":300,"gform-image-choice-sm-height":199,"gform-image-choice-md":"https:\/\/www.franceavelo.com\/wp-content\/uploads\/2018\/03\/maintenon-gaerten-france-a-velo-scaled.jpg","gform-image-choice-md-width":400,"gform-image-choice-md-height":266,"gform-image-choice-lg":"https:\/\/www.franceavelo.com\/wp-content\/uploads\/2018\/03\/maintenon-gaerten-france-a-velo-scaled.jpg","gform-image-choice-lg-width":600,"gform-image-choice-lg-height":399}},"product_gallery_item_video_thumbnail":false,"product_gallery_item_video_url":""},{"product_gallery_item_type":"image","product_gallery_item_image":{"ID":73193,"id":73193,"title":"paris-4353533_1280","filename":"paris-4353533_1280-1.jpg","filesize":371731,"url":"https:\/\/www.franceavelo.com\/wp-content\/uploads\/2018\/03\/paris-4353533_1280-1.jpg","link":"https:\/\/www.franceavelo.com\/de\/product\/veloscenie-8-tage\/paris-4353533_1280-3\/","alt":"","author":"12","description":"","caption":"","name":"paris-4353533_1280-3","status":"inherit","uploaded_to":24992,"date":"2024-12-14 14:17:17","modified":"2024-12-14 14:17:17","menu_order":0,"mime_type":"image\/jpeg","type":"image","subtype":"jpeg","icon":"https:\/\/www.franceavelo.com\/wp-includes\/images\/media\/default.png","width":1280,"height":720,"sizes":{"thumbnail":"https:\/\/www.franceavelo.com\/wp-content\/uploads\/2018\/03\/paris-4353533_1280-1-150x150.jpg","thumbnail-width":150,"thumbnail-height":150,"medium":"https:\/\/www.franceavelo.com\/wp-content\/uploads\/2018\/03\/paris-4353533_1280-1-300x169.jpg","medium-width":300,"medium-height":169,"medium_large":"https:\/\/www.franceavelo.com\/wp-content\/uploads\/2018\/03\/paris-4353533_1280-1-768x432.jpg","medium_large-width":768,"medium_large-height":432,"large":"https:\/\/www.franceavelo.com\/wp-content\/uploads\/2018\/03\/paris-4353533_1280-1-1024x576.jpg","large-width":1024,"large-height":576,"1536x1536":"https:\/\/www.franceavelo.com\/wp-content\/uploads\/2018\/03\/paris-4353533_1280-1.jpg","1536x1536-width":1280,"1536x1536-height":720,"2048x2048":"https:\/\/www.franceavelo.com\/wp-content\/uploads\/2018\/03\/paris-4353533_1280-1.jpg","2048x2048-width":1280,"2048x2048-height":720,"product_option_intro":"https:\/\/www.franceavelo.com\/wp-content\/uploads\/2018\/03\/paris-4353533_1280-1-300x220.jpg","product_option_intro-width":300,"product_option_intro-height":220,"postlist_thumbnail":"https:\/\/www.franceavelo.com\/wp-content\/uploads\/2018\/03\/paris-4353533_1280-1-200x200.jpg","postlist_thumbnail-width":200,"postlist_thumbnail-height":200,"content_full_desktop":"https:\/\/www.franceavelo.com\/wp-content\/uploads\/2018\/03\/paris-4353533_1280-1-970x546.jpg","content_full_desktop-width":970,"content_full_desktop-height":546,"content_full_desktop_retina":"https:\/\/www.franceavelo.com\/wp-content\/uploads\/2018\/03\/paris-4353533_1280-1.jpg","content_full_desktop_retina-width":1280,"content_full_desktop_retina-height":720,"content_half_desktop":"https:\/\/www.franceavelo.com\/wp-content\/uploads\/2018\/03\/paris-4353533_1280-1-485x273.jpg","content_half_desktop-width":485,"content_half_desktop-height":273,"content_full_tablet":"https:\/\/www.franceavelo.com\/wp-content\/uploads\/2018\/03\/paris-4353533_1280-1-750x422.jpg","content_full_tablet-width":750,"content_full_tablet-height":422,"content_full_tablet_retina":"https:\/\/www.franceavelo.com\/wp-content\/uploads\/2018\/03\/paris-4353533_1280-1.jpg","content_full_tablet_retina-width":1280,"content_full_tablet_retina-height":720,"content_half_tablet":"https:\/\/www.franceavelo.com\/wp-content\/uploads\/2018\/03\/paris-4353533_1280-1-375x211.jpg","content_half_tablet-width":375,"content_half_tablet-height":211,"content_full_mobile":"https:\/\/www.franceavelo.com\/wp-content\/uploads\/2018\/03\/paris-4353533_1280-1-500x281.jpg","content_full_mobile-width":500,"content_full_mobile-height":281,"content_full_mobile_retina":"https:\/\/www.franceavelo.com\/wp-content\/uploads\/2018\/03\/paris-4353533_1280-1-1000x563.jpg","content_full_mobile_retina-width":1000,"content_full_mobile_retina-height":563,"content_full_smallmobile":"https:\/\/www.franceavelo.com\/wp-content\/uploads\/2018\/03\/paris-4353533_1280-1-380x180.jpg","content_full_smallmobile-width":380,"content_full_smallmobile-height":180,"content_head_mobile":"https:\/\/www.franceavelo.com\/wp-content\/uploads\/2018\/03\/paris-4353533_1280-1-320x430.jpg","content_head_mobile-width":320,"content_head_mobile-height":430,"content_head_tablet":"https:\/\/www.franceavelo.com\/wp-content\/uploads\/2018\/03\/paris-4353533_1280-1-540x500.jpg","content_head_tablet-width":540,"content_head_tablet-height":500,"content_highlight_desktop":"https:\/\/www.franceavelo.com\/wp-content\/uploads\/2018\/03\/paris-4353533_1280-1-350x240.jpg","content_highlight_desktop-width":350,"content_highlight_desktop-height":240,"content_highlight_desktop_retina":"https:\/\/www.franceavelo.com\/wp-content\/uploads\/2018\/03\/paris-4353533_1280-1-700x480.jpg","content_highlight_desktop_retina-width":700,"content_highlight_desktop_retina-height":480,"content_testimony_mobile":"https:\/\/www.franceavelo.com\/wp-content\/uploads\/2018\/03\/paris-4353533_1280-1-480x720.jpg","content_testimony_mobile-width":480,"content_testimony_mobile-height":720,"content_type_image_desktop":"https:\/\/www.franceavelo.com\/wp-content\/uploads\/2018\/03\/paris-4353533_1280-1-600x338.jpg","content_type_image_desktop-width":600,"content_type_image_desktop-height":338,"content_type_image_desktop_retina":"https:\/\/www.franceavelo.com\/wp-content\/uploads\/2018\/03\/paris-4353533_1280-1-1200x675.jpg","content_type_image_desktop_retina-width":1200,"content_type_image_desktop_retina-height":675,"content_type_image_mobile":"https:\/\/www.franceavelo.com\/wp-content\/uploads\/2018\/03\/paris-4353533_1280-1-450x253.jpg","content_type_image_mobile-width":450,"content_type_image_mobile-height":253,"gform-image-choice-sm":"https:\/\/www.franceavelo.com\/wp-content\/uploads\/2018\/03\/paris-4353533_1280-1.jpg","gform-image-choice-sm-width":300,"gform-image-choice-sm-height":169,"gform-image-choice-md":"https:\/\/www.franceavelo.com\/wp-content\/uploads\/2018\/03\/paris-4353533_1280-1.jpg","gform-image-choice-md-width":400,"gform-image-choice-md-height":225,"gform-image-choice-lg":"https:\/\/www.franceavelo.com\/wp-content\/uploads\/2018\/03\/paris-4353533_1280-1.jpg","gform-image-choice-lg-width":600,"gform-image-choice-lg-height":338}},"product_gallery_item_video_thumbnail":false,"product_gallery_item_video_url":""},{"product_gallery_item_type":"image","product_gallery_item_image":{"ID":73190,"id":73190,"title":"Paris 2023 (2)","filename":"Paris-2023-2-1.jpg","filesize":356186,"url":"https:\/\/www.franceavelo.com\/wp-content\/uploads\/2018\/03\/Paris-2023-2-1.jpg","link":"https:\/\/www.franceavelo.com\/de\/product\/veloscenie-8-tage\/paris-2023-2-3\/","alt":"","author":"12","description":"","caption":"","name":"paris-2023-2-3","status":"inherit","uploaded_to":24992,"date":"2024-12-14 14:17:14","modified":"2024-12-14 14:17:14","menu_order":0,"mime_type":"image\/jpeg","type":"image","subtype":"jpeg","icon":"https:\/\/www.franceavelo.com\/wp-includes\/images\/media\/default.png","width":1600,"height":1200,"sizes":{"thumbnail":"https:\/\/www.franceavelo.com\/wp-content\/uploads\/2018\/03\/Paris-2023-2-1-150x150.jpg","thumbnail-width":150,"thumbnail-height":150,"medium":"https:\/\/www.franceavelo.com\/wp-content\/uploads\/2018\/03\/Paris-2023-2-1-300x225.jpg","medium-width":300,"medium-height":225,"medium_large":"https:\/\/www.franceavelo.com\/wp-content\/uploads\/2018\/03\/Paris-2023-2-1-768x576.jpg","medium_large-width":768,"medium_large-height":576,"large":"https:\/\/www.franceavelo.com\/wp-content\/uploads\/2018\/03\/Paris-2023-2-1-1024x768.jpg","large-width":1024,"large-height":768,"1536x1536":"https:\/\/www.franceavelo.com\/wp-content\/uploads\/2018\/03\/Paris-2023-2-1-1536x1152.jpg","1536x1536-width":1536,"1536x1536-height":1152,"2048x2048":"https:\/\/www.franceavelo.com\/wp-content\/uploads\/2018\/03\/Paris-2023-2-1.jpg","2048x2048-width":1600,"2048x2048-height":1200,"product_option_intro":"https:\/\/www.franceavelo.com\/wp-content\/uploads\/2018\/03\/Paris-2023-2-1-300x220.jpg","product_option_intro-width":300,"product_option_intro-height":220,"postlist_thumbnail":"https:\/\/www.franceavelo.com\/wp-content\/uploads\/2018\/03\/Paris-2023-2-1-200x200.jpg","postlist_thumbnail-width":200,"postlist_thumbnail-height":200,"content_full_desktop":"https:\/\/www.franceavelo.com\/wp-content\/uploads\/2018\/03\/Paris-2023-2-1-970x728.jpg","content_full_desktop-width":970,"content_full_desktop-height":728,"content_full_desktop_retina":"https:\/\/www.franceavelo.com\/wp-content\/uploads\/2018\/03\/Paris-2023-2-1.jpg","content_full_desktop_retina-width":1600,"content_full_desktop_retina-height":1200,"content_half_desktop":"https:\/\/www.franceavelo.com\/wp-content\/uploads\/2018\/03\/Paris-2023-2-1-485x364.jpg","content_half_desktop-width":485,"content_half_desktop-height":364,"content_full_tablet":"https:\/\/www.franceavelo.com\/wp-content\/uploads\/2018\/03\/Paris-2023-2-1-750x563.jpg","content_full_tablet-width":750,"content_full_tablet-height":563,"content_full_tablet_retina":"https:\/\/www.franceavelo.com\/wp-content\/uploads\/2018\/03\/Paris-2023-2-1-1500x1125.jpg","content_full_tablet_retina-width":1500,"content_full_tablet_retina-height":1125,"content_half_tablet":"https:\/\/www.franceavelo.com\/wp-content\/uploads\/2018\/03\/Paris-2023-2-1-375x281.jpg","content_half_tablet-width":375,"content_half_tablet-height":281,"content_full_mobile":"https:\/\/www.franceavelo.com\/wp-content\/uploads\/2018\/03\/Paris-2023-2-1-500x375.jpg","content_full_mobile-width":500,"content_full_mobile-height":375,"content_full_mobile_retina":"https:\/\/www.franceavelo.com\/wp-content\/uploads\/2018\/03\/Paris-2023-2-1-1000x750.jpg","content_full_mobile_retina-width":1000,"content_full_mobile_retina-height":750,"content_full_smallmobile":"https:\/\/www.franceavelo.com\/wp-content\/uploads\/2018\/03\/Paris-2023-2-1-380x180.jpg","content_full_smallmobile-width":380,"content_full_smallmobile-height":180,"content_head_mobile":"https:\/\/www.franceavelo.com\/wp-content\/uploads\/2018\/03\/Paris-2023-2-1-320x430.jpg","content_head_mobile-width":320,"content_head_mobile-height":430,"content_head_tablet":"https:\/\/www.franceavelo.com\/wp-content\/uploads\/2018\/03\/Paris-2023-2-1-540x500.jpg","content_head_tablet-width":540,"content_head_tablet-height":500,"content_highlight_desktop":"https:\/\/www.franceavelo.com\/wp-content\/uploads\/2018\/03\/Paris-2023-2-1-350x240.jpg","content_highlight_desktop-width":350,"content_highlight_desktop-height":240,"content_highlight_desktop_retina":"https:\/\/www.franceavelo.com\/wp-content\/uploads\/2018\/03\/Paris-2023-2-1-700x480.jpg","content_highlight_desktop_retina-width":700,"content_highlight_desktop_retina-height":480,"content_testimony_mobile":"https:\/\/www.franceavelo.com\/wp-content\/uploads\/2018\/03\/Paris-2023-2-1-480x1100.jpg","content_testimony_mobile-width":480,"content_testimony_mobile-height":1100,"content_type_image_desktop":"https:\/\/www.franceavelo.com\/wp-content\/uploads\/2018\/03\/Paris-2023-2-1-600x450.jpg","content_type_image_desktop-width":600,"content_type_image_desktop-height":450,"content_type_image_desktop_retina":"https:\/\/www.franceavelo.com\/wp-content\/uploads\/2018\/03\/Paris-2023-2-1-1200x900.jpg","content_type_image_desktop_retina-width":1200,"content_type_image_desktop_retina-height":900,"content_type_image_mobile":"https:\/\/www.franceavelo.com\/wp-content\/uploads\/2018\/03\/Paris-2023-2-1-450x338.jpg","content_type_image_mobile-width":450,"content_type_image_mobile-height":338,"gform-image-choice-sm":"https:\/\/www.franceavelo.com\/wp-content\/uploads\/2018\/03\/Paris-2023-2-1.jpg","gform-image-choice-sm-width":300,"gform-image-choice-sm-height":225,"gform-image-choice-md":"https:\/\/www.franceavelo.com\/wp-content\/uploads\/2018\/03\/Paris-2023-2-1.jpg","gform-image-choice-md-width":400,"gform-image-choice-md-height":300,"gform-image-choice-lg":"https:\/\/www.franceavelo.com\/wp-content\/uploads\/2018\/03\/Paris-2023-2-1.jpg","gform-image-choice-lg-width":600,"gform-image-choice-lg-height":450}},"product_gallery_item_video_thumbnail":false,"product_gallery_item_video_url":""},{"product_gallery_item_type":"image","product_gallery_item_image":{"ID":73187,"id":73187,"title":"Paris 2022 (11)","filename":"Paris-2022-11-1-scaled.jpg","filesize":812913,"url":"https:\/\/www.franceavelo.com\/wp-content\/uploads\/2018\/03\/Paris-2022-11-1-scaled.jpg","link":"https:\/\/www.franceavelo.com\/de\/product\/veloscenie-8-tage\/paris-2022-11-3\/","alt":"","author":"12","description":"","caption":"","name":"paris-2022-11-3","status":"inherit","uploaded_to":24992,"date":"2024-12-14 14:17:09","modified":"2024-12-14 14:17:09","menu_order":0,"mime_type":"image\/jpeg","type":"image","subtype":"jpeg","icon":"https:\/\/www.franceavelo.com\/wp-includes\/images\/media\/default.png","width":2560,"height":1920,"sizes":{"thumbnail":"https:\/\/www.franceavelo.com\/wp-content\/uploads\/2018\/03\/Paris-2022-11-1-150x150.jpg","thumbnail-width":150,"thumbnail-height":150,"medium":"https:\/\/www.franceavelo.com\/wp-content\/uploads\/2018\/03\/Paris-2022-11-1-300x225.jpg","medium-width":300,"medium-height":225,"medium_large":"https:\/\/www.franceavelo.com\/wp-content\/uploads\/2018\/03\/Paris-2022-11-1-768x576.jpg","medium_large-width":768,"medium_large-height":576,"large":"https:\/\/www.franceavelo.com\/wp-content\/uploads\/2018\/03\/Paris-2022-11-1-1024x768.jpg","large-width":1024,"large-height":768,"1536x1536":"https:\/\/www.franceavelo.com\/wp-content\/uploads\/2018\/03\/Paris-2022-11-1-1536x1152.jpg","1536x1536-width":1536,"1536x1536-height":1152,"2048x2048":"https:\/\/www.franceavelo.com\/wp-content\/uploads\/2018\/03\/Paris-2022-11-1-2048x1536.jpg","2048x2048-width":2048,"2048x2048-height":1536,"product_option_intro":"https:\/\/www.franceavelo.com\/wp-content\/uploads\/2018\/03\/Paris-2022-11-1-300x220.jpg","product_option_intro-width":300,"product_option_intro-height":220,"postlist_thumbnail":"https:\/\/www.franceavelo.com\/wp-content\/uploads\/2018\/03\/Paris-2022-11-1-200x200.jpg","postlist_thumbnail-width":200,"postlist_thumbnail-height":200,"content_full_desktop":"https:\/\/www.franceavelo.com\/wp-content\/uploads\/2018\/03\/Paris-2022-11-1-970x728.jpg","content_full_desktop-width":970,"content_full_desktop-height":728,"content_full_desktop_retina":"https:\/\/www.franceavelo.com\/wp-content\/uploads\/2018\/03\/Paris-2022-11-1-1940x1455.jpg","content_full_desktop_retina-width":1940,"content_full_desktop_retina-height":1455,"content_half_desktop":"https:\/\/www.franceavelo.com\/wp-content\/uploads\/2018\/03\/Paris-2022-11-1-485x364.jpg","content_half_desktop-width":485,"content_half_desktop-height":364,"content_full_tablet":"https:\/\/www.franceavelo.com\/wp-content\/uploads\/2018\/03\/Paris-2022-11-1-750x563.jpg","content_full_tablet-width":750,"content_full_tablet-height":563,"content_full_tablet_retina":"https:\/\/www.franceavelo.com\/wp-content\/uploads\/2018\/03\/Paris-2022-11-1-1500x1125.jpg","content_full_tablet_retina-width":1500,"content_full_tablet_retina-height":1125,"content_half_tablet":"https:\/\/www.franceavelo.com\/wp-content\/uploads\/2018\/03\/Paris-2022-11-1-375x281.jpg","content_half_tablet-width":375,"content_half_tablet-height":281,"content_full_mobile":"https:\/\/www.franceavelo.com\/wp-content\/uploads\/2018\/03\/Paris-2022-11-1-500x375.jpg","content_full_mobile-width":500,"content_full_mobile-height":375,"content_full_mobile_retina":"https:\/\/www.franceavelo.com\/wp-content\/uploads\/2018\/03\/Paris-2022-11-1-1000x750.jpg","content_full_mobile_retina-width":1000,"content_full_mobile_retina-height":750,"content_full_smallmobile":"https:\/\/www.franceavelo.com\/wp-content\/uploads\/2018\/03\/Paris-2022-11-1-380x180.jpg","content_full_smallmobile-width":380,"content_full_smallmobile-height":180,"content_head_mobile":"https:\/\/www.franceavelo.com\/wp-content\/uploads\/2018\/03\/Paris-2022-11-1-320x430.jpg","content_head_mobile-width":320,"content_head_mobile-height":430,"content_head_tablet":"https:\/\/www.franceavelo.com\/wp-content\/uploads\/2018\/03\/Paris-2022-11-1-540x500.jpg","content_head_tablet-width":540,"content_head_tablet-height":500,"content_highlight_desktop":"https:\/\/www.franceavelo.com\/wp-content\/uploads\/2018\/03\/Paris-2022-11-1-350x240.jpg","content_highlight_desktop-width":350,"content_highlight_desktop-height":240,"content_highlight_desktop_retina":"https:\/\/www.franceavelo.com\/wp-content\/uploads\/2018\/03\/Paris-2022-11-1-700x480.jpg","content_highlight_desktop_retina-width":700,"content_highlight_desktop_retina-height":480,"content_testimony_mobile":"https:\/\/www.franceavelo.com\/wp-content\/uploads\/2018\/03\/Paris-2022-11-1-480x1100.jpg","content_testimony_mobile-width":480,"content_testimony_mobile-height":1100,"content_type_image_desktop":"https:\/\/www.franceavelo.com\/wp-content\/uploads\/2018\/03\/Paris-2022-11-1-600x450.jpg","content_type_image_desktop-width":600,"content_type_image_desktop-height":450,"content_type_image_desktop_retina":"https:\/\/www.franceavelo.com\/wp-content\/uploads\/2018\/03\/Paris-2022-11-1-1200x900.jpg","content_type_image_desktop_retina-width":1200,"content_type_image_desktop_retina-height":900,"content_type_image_mobile":"https:\/\/www.franceavelo.com\/wp-content\/uploads\/2018\/03\/Paris-2022-11-1-450x338.jpg","content_type_image_mobile-width":450,"content_type_image_mobile-height":338,"gform-image-choice-sm":"https:\/\/www.franceavelo.com\/wp-content\/uploads\/2018\/03\/Paris-2022-11-1-scaled.jpg","gform-image-choice-sm-width":300,"gform-image-choice-sm-height":225,"gform-image-choice-md":"https:\/\/www.franceavelo.com\/wp-content\/uploads\/2018\/03\/Paris-2022-11-1-scaled.jpg","gform-image-choice-md-width":400,"gform-image-choice-md-height":300,"gform-image-choice-lg":"https:\/\/www.franceavelo.com\/wp-content\/uploads\/2018\/03\/Paris-2022-11-1-scaled.jpg","gform-image-choice-lg-width":600,"gform-image-choice-lg-height":450}},"product_gallery_item_video_thumbnail":false,"product_gallery_item_video_url":""},{"product_gallery_item_type":"image","product_gallery_item_image":{"ID":73184,"id":73184,"title":"louvre-5767708_1280","filename":"louvre-5767708_1280.jpg","filesize":328458,"url":"https:\/\/www.franceavelo.com\/wp-content\/uploads\/2018\/03\/louvre-5767708_1280.jpg","link":"https:\/\/www.franceavelo.com\/de\/product\/veloscenie-8-tage\/louvre-5767708_1280-2\/","alt":"","author":"12","description":"","caption":"","name":"louvre-5767708_1280-2","status":"inherit","uploaded_to":24992,"date":"2024-12-14 14:17:06","modified":"2024-12-14 14:17:06","menu_order":0,"mime_type":"image\/jpeg","type":"image","subtype":"jpeg","icon":"https:\/\/www.franceavelo.com\/wp-includes\/images\/media\/default.png","width":1280,"height":853,"sizes":{"thumbnail":"https:\/\/www.franceavelo.com\/wp-content\/uploads\/2018\/03\/louvre-5767708_1280-150x150.jpg","thumbnail-width":150,"thumbnail-height":150,"medium":"https:\/\/www.franceavelo.com\/wp-content\/uploads\/2018\/03\/louvre-5767708_1280-300x200.jpg","medium-width":300,"medium-height":200,"medium_large":"https:\/\/www.franceavelo.com\/wp-content\/uploads\/2018\/03\/louvre-5767708_1280-768x512.jpg","medium_large-width":768,"medium_large-height":512,"large":"https:\/\/www.franceavelo.com\/wp-content\/uploads\/2018\/03\/louvre-5767708_1280-1024x682.jpg","large-width":1024,"large-height":682,"1536x1536":"https:\/\/www.franceavelo.com\/wp-content\/uploads\/2018\/03\/louvre-5767708_1280.jpg","1536x1536-width":1280,"1536x1536-height":853,"2048x2048":"https:\/\/www.franceavelo.com\/wp-content\/uploads\/2018\/03\/louvre-5767708_1280.jpg","2048x2048-width":1280,"2048x2048-height":853,"product_option_intro":"https:\/\/www.franceavelo.com\/wp-content\/uploads\/2018\/03\/louvre-5767708_1280-300x220.jpg","product_option_intro-width":300,"product_option_intro-height":220,"postlist_thumbnail":"https:\/\/www.franceavelo.com\/wp-content\/uploads\/2018\/03\/louvre-5767708_1280-200x200.jpg","postlist_thumbnail-width":200,"postlist_thumbnail-height":200,"content_full_desktop":"https:\/\/www.franceavelo.com\/wp-content\/uploads\/2018\/03\/louvre-5767708_1280-970x646.jpg","content_full_desktop-width":970,"content_full_desktop-height":646,"content_full_desktop_retina":"https:\/\/www.franceavelo.com\/wp-content\/uploads\/2018\/03\/louvre-5767708_1280.jpg","content_full_desktop_retina-width":1280,"content_full_desktop_retina-height":853,"content_half_desktop":"https:\/\/www.franceavelo.com\/wp-content\/uploads\/2018\/03\/louvre-5767708_1280-485x323.jpg","content_half_desktop-width":485,"content_half_desktop-height":323,"content_full_tablet":"https:\/\/www.franceavelo.com\/wp-content\/uploads\/2018\/03\/louvre-5767708_1280-750x500.jpg","content_full_tablet-width":750,"content_full_tablet-height":500,"content_full_tablet_retina":"https:\/\/www.franceavelo.com\/wp-content\/uploads\/2018\/03\/louvre-5767708_1280.jpg","content_full_tablet_retina-width":1280,"content_full_tablet_retina-height":853,"content_half_tablet":"https:\/\/www.franceavelo.com\/wp-content\/uploads\/2018\/03\/louvre-5767708_1280-375x250.jpg","content_half_tablet-width":375,"content_half_tablet-height":250,"content_full_mobile":"https:\/\/www.franceavelo.com\/wp-content\/uploads\/2018\/03\/louvre-5767708_1280-500x333.jpg","content_full_mobile-width":500,"content_full_mobile-height":333,"content_full_mobile_retina":"https:\/\/www.franceavelo.com\/wp-content\/uploads\/2018\/03\/louvre-5767708_1280-1000x666.jpg","content_full_mobile_retina-width":1000,"content_full_mobile_retina-height":666,"content_full_smallmobile":"https:\/\/www.franceavelo.com\/wp-content\/uploads\/2018\/03\/louvre-5767708_1280-380x180.jpg","content_full_smallmobile-width":380,"content_full_smallmobile-height":180,"content_head_mobile":"https:\/\/www.franceavelo.com\/wp-content\/uploads\/2018\/03\/louvre-5767708_1280-320x430.jpg","content_head_mobile-width":320,"content_head_mobile-height":430,"content_head_tablet":"https:\/\/www.franceavelo.com\/wp-content\/uploads\/2018\/03\/louvre-5767708_1280-540x500.jpg","content_head_tablet-width":540,"content_head_tablet-height":500,"content_highlight_desktop":"https:\/\/www.franceavelo.com\/wp-content\/uploads\/2018\/03\/louvre-5767708_1280-350x240.jpg","content_highlight_desktop-width":350,"content_highlight_desktop-height":240,"content_highlight_desktop_retina":"https:\/\/www.franceavelo.com\/wp-content\/uploads\/2018\/03\/louvre-5767708_1280-700x480.jpg","content_highlight_desktop_retina-width":700,"content_highlight_desktop_retina-height":480,"content_testimony_mobile":"https:\/\/www.franceavelo.com\/wp-content\/uploads\/2018\/03\/louvre-5767708_1280-480x853.jpg","content_testimony_mobile-width":480,"content_testimony_mobile-height":853,"content_type_image_desktop":"https:\/\/www.franceavelo.com\/wp-content\/uploads\/2018\/03\/louvre-5767708_1280-600x400.jpg","content_type_image_desktop-width":600,"content_type_image_desktop-height":400,"content_type_image_desktop_retina":"https:\/\/www.franceavelo.com\/wp-content\/uploads\/2018\/03\/louvre-5767708_1280-1200x800.jpg","content_type_image_desktop_retina-width":1200,"content_type_image_desktop_retina-height":800,"content_type_image_mobile":"https:\/\/www.franceavelo.com\/wp-content\/uploads\/2018\/03\/louvre-5767708_1280-450x300.jpg","content_type_image_mobile-width":450,"content_type_image_mobile-height":300,"gform-image-choice-sm":"https:\/\/www.franceavelo.com\/wp-content\/uploads\/2018\/03\/louvre-5767708_1280.jpg","gform-image-choice-sm-width":300,"gform-image-choice-sm-height":200,"gform-image-choice-md":"https:\/\/www.franceavelo.com\/wp-content\/uploads\/2018\/03\/louvre-5767708_1280.jpg","gform-image-choice-md-width":400,"gform-image-choice-md-height":267,"gform-image-choice-lg":"https:\/\/www.franceavelo.com\/wp-content\/uploads\/2018\/03\/louvre-5767708_1280.jpg","gform-image-choice-lg-width":600,"gform-image-choice-lg-height":400}},"product_gallery_item_video_thumbnail":false,"product_gallery_item_video_url":""},{"product_gallery_item_type":"image","product_gallery_item_image":{"ID":73196,"id":73196,"title":"V\u00e9loscenie-france-a-velo (4)","filename":"Veloscenie-france-a-velo-4-scaled.jpg","filesize":782912,"url":"https:\/\/www.franceavelo.com\/wp-content\/uploads\/2018\/03\/Veloscenie-france-a-velo-4-scaled.jpg","link":"https:\/\/www.franceavelo.com\/de\/product\/veloscenie-8-tage\/veloscenie-france-a-velo-4-2\/","alt":"","author":"12","description":"","caption":"","name":"veloscenie-france-a-velo-4-2","status":"inherit","uploaded_to":24992,"date":"2024-12-14 14:18:36","modified":"2024-12-14 14:18:36","menu_order":0,"mime_type":"image\/jpeg","type":"image","subtype":"jpeg","icon":"https:\/\/www.franceavelo.com\/wp-includes\/images\/media\/default.png","width":2560,"height":1920,"sizes":{"thumbnail":"https:\/\/www.franceavelo.com\/wp-content\/uploads\/2018\/03\/Veloscenie-france-a-velo-4-150x150.jpg","thumbnail-width":150,"thumbnail-height":150,"medium":"https:\/\/www.franceavelo.com\/wp-content\/uploads\/2018\/03\/Veloscenie-france-a-velo-4-300x225.jpg","medium-width":300,"medium-height":225,"medium_large":"https:\/\/www.franceavelo.com\/wp-content\/uploads\/2018\/03\/Veloscenie-france-a-velo-4-768x576.jpg","medium_large-width":768,"medium_large-height":576,"large":"https:\/\/www.franceavelo.com\/wp-content\/uploads\/2018\/03\/Veloscenie-france-a-velo-4-1024x768.jpg","large-width":1024,"large-height":768,"1536x1536":"https:\/\/www.franceavelo.com\/wp-content\/uploads\/2018\/03\/Veloscenie-france-a-velo-4-1536x1152.jpg","1536x1536-width":1536,"1536x1536-height":1152,"2048x2048":"https:\/\/www.franceavelo.com\/wp-content\/uploads\/2018\/03\/Veloscenie-france-a-velo-4-2048x1536.jpg","2048x2048-width":2048,"2048x2048-height":1536,"product_option_intro":"https:\/\/www.franceavelo.com\/wp-content\/uploads\/2018\/03\/Veloscenie-france-a-velo-4-300x220.jpg","product_option_intro-width":300,"product_option_intro-height":220,"postlist_thumbnail":"https:\/\/www.franceavelo.com\/wp-content\/uploads\/2018\/03\/Veloscenie-france-a-velo-4-200x200.jpg","postlist_thumbnail-width":200,"postlist_thumbnail-height":200,"content_full_desktop":"https:\/\/www.franceavelo.com\/wp-content\/uploads\/2018\/03\/Veloscenie-france-a-velo-4-970x728.jpg","content_full_desktop-width":970,"content_full_desktop-height":728,"content_full_desktop_retina":"https:\/\/www.franceavelo.com\/wp-content\/uploads\/2018\/03\/Veloscenie-france-a-velo-4-1940x1455.jpg","content_full_desktop_retina-width":1940,"content_full_desktop_retina-height":1455,"content_half_desktop":"https:\/\/www.franceavelo.com\/wp-content\/uploads\/2018\/03\/Veloscenie-france-a-velo-4-485x364.jpg","content_half_desktop-width":485,"content_half_desktop-height":364,"content_full_tablet":"https:\/\/www.franceavelo.com\/wp-content\/uploads\/2018\/03\/Veloscenie-france-a-velo-4-750x563.jpg","content_full_tablet-width":750,"content_full_tablet-height":563,"content_full_tablet_retina":"https:\/\/www.franceavelo.com\/wp-content\/uploads\/2018\/03\/Veloscenie-france-a-velo-4-1500x1125.jpg","content_full_tablet_retina-width":1500,"content_full_tablet_retina-height":1125,"content_half_tablet":"https:\/\/www.franceavelo.com\/wp-content\/uploads\/2018\/03\/Veloscenie-france-a-velo-4-375x281.jpg","content_half_tablet-width":375,"content_half_tablet-height":281,"content_full_mobile":"https:\/\/www.franceavelo.com\/wp-content\/uploads\/2018\/03\/Veloscenie-france-a-velo-4-500x375.jpg","content_full_mobile-width":500,"content_full_mobile-height":375,"content_full_mobile_retina":"https:\/\/www.franceavelo.com\/wp-content\/uploads\/2018\/03\/Veloscenie-france-a-velo-4-1000x750.jpg","content_full_mobile_retina-width":1000,"content_full_mobile_retina-height":750,"content_full_smallmobile":"https:\/\/www.franceavelo.com\/wp-content\/uploads\/2018\/03\/Veloscenie-france-a-velo-4-380x180.jpg","content_full_smallmobile-width":380,"content_full_smallmobile-height":180,"content_head_mobile":"https:\/\/www.franceavelo.com\/wp-content\/uploads\/2018\/03\/Veloscenie-france-a-velo-4-320x430.jpg","content_head_mobile-width":320,"content_head_mobile-height":430,"content_head_tablet":"https:\/\/www.franceavelo.com\/wp-content\/uploads\/2018\/03\/Veloscenie-france-a-velo-4-540x500.jpg","content_head_tablet-width":540,"content_head_tablet-height":500,"content_highlight_desktop":"https:\/\/www.franceavelo.com\/wp-content\/uploads\/2018\/03\/Veloscenie-france-a-velo-4-350x240.jpg","content_highlight_desktop-width":350,"content_highlight_desktop-height":240,"content_highlight_desktop_retina":"https:\/\/www.franceavelo.com\/wp-content\/uploads\/2018\/03\/Veloscenie-france-a-velo-4-700x480.jpg","content_highlight_desktop_retina-width":700,"content_highlight_desktop_retina-height":480,"content_testimony_mobile":"https:\/\/www.franceavelo.com\/wp-content\/uploads\/2018\/03\/Veloscenie-france-a-velo-4-480x1100.jpg","content_testimony_mobile-width":480,"content_testimony_mobile-height":1100,"content_type_image_desktop":"https:\/\/www.franceavelo.com\/wp-content\/uploads\/2018\/03\/Veloscenie-france-a-velo-4-600x450.jpg","content_type_image_desktop-width":600,"content_type_image_desktop-height":450,"content_type_image_desktop_retina":"https:\/\/www.franceavelo.com\/wp-content\/uploads\/2018\/03\/Veloscenie-france-a-velo-4-1200x900.jpg","content_type_image_desktop_retina-width":1200,"content_type_image_desktop_retina-height":900,"content_type_image_mobile":"https:\/\/www.franceavelo.com\/wp-content\/uploads\/2018\/03\/Veloscenie-france-a-velo-4-450x338.jpg","content_type_image_mobile-width":450,"content_type_image_mobile-height":338,"gform-image-choice-sm":"https:\/\/www.franceavelo.com\/wp-content\/uploads\/2018\/03\/Veloscenie-france-a-velo-4-scaled.jpg","gform-image-choice-sm-width":300,"gform-image-choice-sm-height":225,"gform-image-choice-md":"https:\/\/www.franceavelo.com\/wp-content\/uploads\/2018\/03\/Veloscenie-france-a-velo-4-scaled.jpg","gform-image-choice-md-width":400,"gform-image-choice-md-height":300,"gform-image-choice-lg":"https:\/\/www.franceavelo.com\/wp-content\/uploads\/2018\/03\/Veloscenie-france-a-velo-4-scaled.jpg","gform-image-choice-lg-width":600,"gform-image-choice-lg-height":450}},"product_gallery_item_video_thumbnail":false,"product_gallery_item_video_url":""},{"product_gallery_item_type":"image","product_gallery_item_image":{"ID":73199,"id":73199,"title":"veloscenie-voie-verte-france-a-velo","filename":"veloscenie-voie-verte-france-a-velo-scaled.jpg","filesize":1319277,"url":"https:\/\/www.franceavelo.com\/wp-content\/uploads\/2018\/03\/veloscenie-voie-verte-france-a-velo-scaled.jpg","link":"https:\/\/www.franceavelo.com\/de\/product\/veloscenie-8-tage\/veloscenie-voie-verte-france-a-velo-2\/","alt":"","author":"12","description":"","caption":"","name":"veloscenie-voie-verte-france-a-velo-2","status":"inherit","uploaded_to":24992,"date":"2024-12-14 14:18:43","modified":"2024-12-14 14:18:43","menu_order":0,"mime_type":"image\/jpeg","type":"image","subtype":"jpeg","icon":"https:\/\/www.franceavelo.com\/wp-includes\/images\/media\/default.png","width":2560,"height":1920,"sizes":{"thumbnail":"https:\/\/www.franceavelo.com\/wp-content\/uploads\/2018\/03\/veloscenie-voie-verte-france-a-velo-150x150.jpg","thumbnail-width":150,"thumbnail-height":150,"medium":"https:\/\/www.franceavelo.com\/wp-content\/uploads\/2018\/03\/veloscenie-voie-verte-france-a-velo-300x225.jpg","medium-width":300,"medium-height":225,"medium_large":"https:\/\/www.franceavelo.com\/wp-content\/uploads\/2018\/03\/veloscenie-voie-verte-france-a-velo-768x576.jpg","medium_large-width":768,"medium_large-height":576,"large":"https:\/\/www.franceavelo.com\/wp-content\/uploads\/2018\/03\/veloscenie-voie-verte-france-a-velo-1024x768.jpg","large-width":1024,"large-height":768,"1536x1536":"https:\/\/www.franceavelo.com\/wp-content\/uploads\/2018\/03\/veloscenie-voie-verte-france-a-velo-1536x1152.jpg","1536x1536-width":1536,"1536x1536-height":1152,"2048x2048":"https:\/\/www.franceavelo.com\/wp-content\/uploads\/2018\/03\/veloscenie-voie-verte-france-a-velo-2048x1536.jpg","2048x2048-width":2048,"2048x2048-height":1536,"product_option_intro":"https:\/\/www.franceavelo.com\/wp-content\/uploads\/2018\/03\/veloscenie-voie-verte-france-a-velo-300x220.jpg","product_option_intro-width":300,"product_option_intro-height":220,"postlist_thumbnail":"https:\/\/www.franceavelo.com\/wp-content\/uploads\/2018\/03\/veloscenie-voie-verte-france-a-velo-200x200.jpg","postlist_thumbnail-width":200,"postlist_thumbnail-height":200,"content_full_desktop":"https:\/\/www.franceavelo.com\/wp-content\/uploads\/2018\/03\/veloscenie-voie-verte-france-a-velo-970x728.jpg","content_full_desktop-width":970,"content_full_desktop-height":728,"content_full_desktop_retina":"https:\/\/www.franceavelo.com\/wp-content\/uploads\/2018\/03\/veloscenie-voie-verte-france-a-velo-1940x1455.jpg","content_full_desktop_retina-width":1940,"content_full_desktop_retina-height":1455,"content_half_desktop":"https:\/\/www.franceavelo.com\/wp-content\/uploads\/2018\/03\/veloscenie-voie-verte-france-a-velo-485x364.jpg","content_half_desktop-width":485,"content_half_desktop-height":364,"content_full_tablet":"https:\/\/www.franceavelo.com\/wp-content\/uploads\/2018\/03\/veloscenie-voie-verte-france-a-velo-750x563.jpg","content_full_tablet-width":750,"content_full_tablet-height":563,"content_full_tablet_retina":"https:\/\/www.franceavelo.com\/wp-content\/uploads\/2018\/03\/veloscenie-voie-verte-france-a-velo-1500x1125.jpg","content_full_tablet_retina-width":1500,"content_full_tablet_retina-height":1125,"content_half_tablet":"https:\/\/www.franceavelo.com\/wp-content\/uploads\/2018\/03\/veloscenie-voie-verte-france-a-velo-375x281.jpg","content_half_tablet-width":375,"content_half_tablet-height":281,"content_full_mobile":"https:\/\/www.franceavelo.com\/wp-content\/uploads\/2018\/03\/veloscenie-voie-verte-france-a-velo-500x375.jpg","content_full_mobile-width":500,"content_full_mobile-height":375,"content_full_mobile_retina":"https:\/\/www.franceavelo.com\/wp-content\/uploads\/2018\/03\/veloscenie-voie-verte-france-a-velo-1000x750.jpg","content_full_mobile_retina-width":1000,"content_full_mobile_retina-height":750,"content_full_smallmobile":"https:\/\/www.franceavelo.com\/wp-content\/uploads\/2018\/03\/veloscenie-voie-verte-france-a-velo-380x180.jpg","content_full_smallmobile-width":380,"content_full_smallmobile-height":180,"content_head_mobile":"https:\/\/www.franceavelo.com\/wp-content\/uploads\/2018\/03\/veloscenie-voie-verte-france-a-velo-320x430.jpg","content_head_mobile-width":320,"content_head_mobile-height":430,"content_head_tablet":"https:\/\/www.franceavelo.com\/wp-content\/uploads\/2018\/03\/veloscenie-voie-verte-france-a-velo-540x500.jpg","content_head_tablet-width":540,"content_head_tablet-height":500,"content_highlight_desktop":"https:\/\/www.franceavelo.com\/wp-content\/uploads\/2018\/03\/veloscenie-voie-verte-france-a-velo-350x240.jpg","content_highlight_desktop-width":350,"content_highlight_desktop-height":240,"content_highlight_desktop_retina":"https:\/\/www.franceavelo.com\/wp-content\/uploads\/2018\/03\/veloscenie-voie-verte-france-a-velo-700x480.jpg","content_highlight_desktop_retina-width":700,"content_highlight_desktop_retina-height":480,"content_testimony_mobile":"https:\/\/www.franceavelo.com\/wp-content\/uploads\/2018\/03\/veloscenie-voie-verte-france-a-velo-480x1100.jpg","content_testimony_mobile-width":480,"content_testimony_mobile-height":1100,"content_type_image_desktop":"https:\/\/www.franceavelo.com\/wp-content\/uploads\/2018\/03\/veloscenie-voie-verte-france-a-velo-600x450.jpg","content_type_image_desktop-width":600,"content_type_image_desktop-height":450,"content_type_image_desktop_retina":"https:\/\/www.franceavelo.com\/wp-content\/uploads\/2018\/03\/veloscenie-voie-verte-france-a-velo-1200x900.jpg","content_type_image_desktop_retina-width":1200,"content_type_image_desktop_retina-height":900,"content_type_image_mobile":"https:\/\/www.franceavelo.com\/wp-content\/uploads\/2018\/03\/veloscenie-voie-verte-france-a-velo-450x338.jpg","content_type_image_mobile-width":450,"content_type_image_mobile-height":338,"gform-image-choice-sm":"https:\/\/www.franceavelo.com\/wp-content\/uploads\/2018\/03\/veloscenie-voie-verte-france-a-velo-scaled.jpg","gform-image-choice-sm-width":300,"gform-image-choice-sm-height":225,"gform-image-choice-md":"https:\/\/www.franceavelo.com\/wp-content\/uploads\/2018\/03\/veloscenie-voie-verte-france-a-velo-scaled.jpg","gform-image-choice-md-width":400,"gform-image-choice-md-height":300,"gform-image-choice-lg":"https:\/\/www.franceavelo.com\/wp-content\/uploads\/2018\/03\/veloscenie-voie-verte-france-a-velo-scaled.jpg","gform-image-choice-lg-width":600,"gform-image-choice-lg-height":450}},"product_gallery_item_video_thumbnail":false,"product_gallery_item_video_url":""}],"product_day_by_day_repeat":[{"product_day_by_day_bloc":"<h4><strong>Tag 1 Paris<\/strong><\/h4>\n<p>Anreise bis nach <strong>Paris<\/strong>. Je nach Ihrer Ankunftszeit in Paris haben Sie<br \/>\nvielleicht Zeit, die sch\u00f6nen Stra\u00dfen und Sehensw\u00fcrdigkeiten von Paris zu besichtigen.<\/p>\n"},{"product_day_by_day_bloc":"<h4><strong>Tag 2 Paris \u2013 Versailles 36 km<\/strong><\/h4>\n<p>Sie machen sich mit dem Fahrrad auf den Weg und entdecken, dass Paris ein wahres Paradies f\u00fcr Radfahrer ist. Notre Dame de Paris, der Eiffelturm und andere Sehensw\u00fcrdigkeiten der Hauptstadt liegen auf Ihrer Route. Radwege, gr\u00fcne Wege und kleine Stra\u00dfen entlang des Bi\u00e8vre-Tals f\u00fchren Sie bis zum Schloss Versailles.<\/p>\n"},{"product_day_by_day_bloc":"<h4><strong>Tag 3 Versailles \u2013 Epernon 70 km<\/strong><\/h4>\n<p>Sie verlassen Versailles und gelangen in das reizvolle Tal von Chevreuse. Die kleinen D\u00f6rfer dieser gr\u00fcnen Region halten sch\u00f6ne \u00dcberraschungen f\u00fcr Sie bereit. Sie k\u00f6nnen handwerklich hergestelltes Bier und K\u00e4se vom Bauernhof probieren oder bei einem Siruphersteller entlang Ihrer Route die Auswahl aus Hunderten von Sirupsorten entdecken. Im Schloss Rambouillet entdecken Sie den Prunk einer ganzen Epoche in der W\u00e4scherei der K\u00f6nigin Marie Antoinette und bewundern die unvergleichliche Feinheit der Dekorationen der ber\u00fchmten Chaumi\u00e8re aux Coquillages (Muschelh\u00fctte) der Prinzessin von Lamballe. Diese sch\u00f6ne Route endet in Epernon.<\/p>\n"},{"product_day_by_day_bloc":"<h4><strong>Tag 4 Epernon \u2013 Illiers Combray 66 km<\/strong><\/h4>\n<p>Es erwartet Sie ein gro\u00dfartiger Tag voller Entdeckungen. Nach wenigen Kilometern erreichen Sie das Schloss und die franz\u00f6sischen G\u00e4rten von Madame de Maintenon. Im Herzen des Eure-Tals erz\u00e4hlt das Schloss die unglaubliche Liebesgeschichte von Madame de Maintenon und Ludwig XIV. Ihre Reise f\u00fchrt Sie anschlie\u00dfend nach Chartres. Verpassen Sie nicht die Besichtigung der Kathedrale, die zum UNESCO-Weltkulturerbe geh\u00f6rt und ein Juwel der Kunst des 12. und 13. Jahrhunderts ist. Unterhalb der Kathedrale liegt die charmante, denkmalgesch\u00fctzte Stadt mit ihrem unvergleichlichen Charme: Kopfsteinpflastergassen, Fachwerkh\u00e4user, Br\u00fccken und Waschh\u00e4user laden zu einem Spaziergang entlang des Flusses ein. Nehmen Sie sich auch Zeit f\u00fcr einen Besuch des internationalen Zentrums f\u00fcr Glasmalerei, das nicht weit von der Kathedrale entfernt liegt. Anschlie\u00dfend fahren Sie weiter nach Illiers-Combray \u00fcber h\u00fcbsche Landstra\u00dfen, die Marcel Proust zu seinem Roman \u201eAuf der Suche nach der verlorenen Zeit\u201c inspiriert haben.<\/p>\n"},{"product_day_by_day_bloc":"<h4><strong>Tag 5 Illiers Combray \u2013 Condeau 61 km<\/strong><\/h4>\n<p>Sie durchqueren authentische Landschaften mit gr\u00fcner Landschaft, steilen H\u00fcgeln, D\u00f6rfern und normannischen Herrenh\u00e4usern. Vielleicht begegnen Sie sogar an einer Stra\u00dfenbiegung einem Percheron, einem starken und robusten Zugpferd, das das Wahrzeichen der Region ist. Die V\u00e9losc\u00e9nie f\u00fchrt \u00fcber kleine Stra\u00dfen in den Ausl\u00e4ufern des Perche, aber auch \u00fcber einen Radweg, um diesen sch\u00f6nen Tag abzurunden. Unterwegs k\u00f6nnen Sie die G\u00e4rten der Abtei von Thiron-Gardais besuchen und gelangen dann nach Nogentle-Rotrou, das von seiner mittelalterlichen Festung dominiert wird. Noch ein paar Kilometer, dann erreichen Sie Ihr Hotel, ein gem\u00fctliches Nest im Herzen der normannischen Natur.<\/p>\n"},{"product_day_by_day_bloc":"<h4><strong>Tag 6 Condeau \u2013 Alen\u00e7on 60 km<\/strong><\/h4>\n<p>Sie nehmen wieder den Radweg, um in das Gebiet des Regionalen Naturparks Normandie-Maine zu gelangen. Dieser f\u00fchrt durch den sehr gr\u00fcnen Wald von Bourse am Ufer des Flusses V\u00e9sone und m\u00fcndet<br \/>\nin eine kleine Stra\u00dfe inmitten von Weilern, bevor er das Zentrum von Alen\u00e7on erreicht. Die Hauptstadt des Departements Orne verdankt ihren Ruf einer der feinsten K\u00fcnste, der Spitzenkl\u00f6ppelei nach Art von Alen\u00e7on, einem Handwerk, das zum immateriellen Kulturerbe der Menschheit geh\u00f6rt und das Sie im Mus\u00e9e des Beaux Arts et de la Dentelle (Museum f\u00fcr Bildende K\u00fcnste und Spitzenkl\u00f6ppelei) entdecken k\u00f6nnen.<\/p>\n"},{"product_day_by_day_bloc":"<h4><strong>Tag 7 Alen\u00e7on \u2013 Bagnoles-de l\u2019Orne 53 km<\/strong><\/h4>\n<p>Diese Etappe f\u00fchrt Sie zum Ch\u00e2teau de Carrouges, einem beeindruckenden Bauwerk aus Granit, Ziegeln und Schiefer, das die Verteidigungsarchitektur des Mittelalters, die Eleganz der Renaissance und die Schlichtheit der Klassik vereint. Anschlie\u00dfend geht es weiter zum ber\u00fchmten Kurort Bagnoles-de-l&#8217;Orne, der nach dieser sportlichen Etappe den perfekten Zwischenstopp darstellt, zwischen dem Retro-Charme der Villen aus der Belle Epoque und Wellness-Behandlungen in den Thermen.<\/p>\n"},{"product_day_by_day_bloc":"<h4><strong>Tag 8 Bagnoles \u2013 St Hilaire du Harcou\u00ebt \u00a061 km<\/strong><\/h4>\n<p>Die Route beginnt in Bagnoles-de-L&#8217;Orne und f\u00fchrt \u00fcber kleine Stra\u00dfen am Rande des Waldes von Andaines bis zur charmanten mittelalterlichen Stadt Domfront. Unterwegs k\u00f6nnen Sie das Maison<br \/>\nde la Pomme et de la Poire besuchen, ein Museum, das in einem typisch normannischen Bauernhof untergebracht ist. Dort erfahren Sie alles \u00fcber die Arbeit eines Cidre-Herstellers, die Urspr\u00fcnge des Apfel- und Birnenanbaus und den Herstellungsprozess. Der Radweg f\u00fchrt weiter bis zur kleinen, dynamischen Stadt St. Hilaire du Harcou\u00ebt.<\/p>\n"},{"product_day_by_day_bloc":"<h4><span style=\"font-size: 14pt\"><strong>Tag 9 <\/strong><strong>St Hilaire \u2013 Mont St Michel 61 km<\/strong><\/span><\/h4>\n<p>Die letzte Etappe der V\u00e9losc\u00e9nie, der Radweg, schl\u00e4ngelt sich bis nach Pontaubault. Von dort aus k\u00f6nnen Sie bereits die Aussicht auf die Bucht und die Silhouette des Mont Saint Michel am Horizont bewundern. Das Wunder des Westens und seine Bucht, Schauplatz der<br \/>\nh\u00f6chsten Gezeiten Europas, geh\u00f6ren zum UNESCO-Weltkulturerbe.<\/p>\n"},{"product_day_by_day_bloc":"<h4><span style=\"font-size: 14pt\"><strong>Tag 10 Abreise<\/strong><\/span><\/h4>\n<p><span style=\"font-size: 10pt\">Das Ende Ihrer Radreise ist gekommen. Transfer nach dem Fr\u00fchst\u00fcck zum Bahnhof von <strong>Saint Malo<\/strong>.<\/span><\/p>\n<p><strong><span style=\"font-size: 10pt\">M\u00f6glichkeit unseren Shuttle-Service zur\u00fcck nach Chartres, Versailles oder Paris zu buchen.<\/span><\/strong><\/p>\n"}],"product_lodging":"<p>4 \u00dcbernachtungen in 3-Sterne-Hotels<br \/>\n3 \u00dcbernachtungen in 2-Sterne-Hotels<br \/>\n2 \u00dcbernachtungen in Chambres d\u2019H\u00f4tes<\/p>\n","product_services":"<ul>\n<li>4 \u00dcbernachtungen in 3-Sterne-Hotels<\/li>\n<li>3 \u00dcbernachtungen in 2-Sterne-Hotels<\/li>\n<li>2 \u00dcbernachtungen in Chambres d\u2019H\u00f4tes<\/li>\n<li>T\u00e4glich erweitertes Fr\u00fchst\u00fcck<\/li>\n<li>Begr\u00fc\u00dfungsgespr\u00e4ch<\/li>\n<li>T\u00e4glicher Gep\u00e4cktransfer<\/li>\n<li>Transfer zum Bahnhof in St Malo<\/li>\n<li>Tourenbeschreibung auf unserer App<\/li>\n<li>Tourenbeschreibung mit Kartenmaterial<\/li>\n<li>7\/7 Service Hotline<\/li>\n<\/ul>\n<p><em>Kurtaxe ist nicht im Preis mit inbegriffen. Diese muss vor Ort gezahlt werden.<\/em><\/p>\n<p><strong>M\u00f6gliche optionen<\/strong> :<\/p>\n<p>\u2022 Vermietung Helm(e), Handyhalterung<br \/>\n\u2022 Aufpreis Eninzelreisende: 528 \u20ac<br \/>\n\u2022 R\u00fccktransfer Saint Malo &#8211; Paris : auf Anfrage<br \/>\n\u2022 R\u00fccktransfer Pontorson -Versailles: auf Anfrage<br \/>\n\u2022 R\u00fccktransfer Pontorson-Saint Malo (2 pers.) : 55 \u20ac<br \/>\n\u2022 R\u00fccktransfer Pontorson-Saint Malo (4 pers.) : 35 \u20ac<\/p>\n<p>&nbsp;<\/p>\n","product_additional_info":"<p><strong>Streckencharakteristik<\/strong>: Der Gro\u00dfteil der Strecken verl\u00e4uft in der Ebene und ist somit flach. Bei den gelegentlichen Abstechern zu den D\u00f6rfern gibt es leichte Anstiege auf Nebenstra\u00dfen.<\/p>\n","product_how_to_come":"<table>\n<tbody>\n<tr>\n<td><strong>Mit dem Flugzeug:<\/strong> PARIS CHARLES DE GAULLE \/ PARIS ORLY \/ PARIS BEAUVAIS<br \/>\nMit Shuttle und Bussen erreicht man das Stadtzentrum von Paris. FRANCE A VELO bietet private Transporte von diesen Flugh\u00e4fen an &#8211; Preis auf Anfrage<strong>Mit dem Zug<\/strong>: Hauptbahnh\u00f6fe im Stadtzentrum von Paris: PARIS Gare du Nord \/ PARIS Gare d&#8217;Austerlitz \/PARIS Gare Montparnasse \/ Paris Gare de Lyon \/ PARIS Gare de l&#8217;Est \/ PARIS Gare Saint Lazare \/ PARIS Bercy<strong>Mit dem Auto<\/strong>: Wir senden Karten und GPS-Daten, um das erste Hotel leicht zu erreichen<strong>Parkplatz:<\/strong> \u00dcberwachtes Parkhaus in der N\u00e4he des Hotels<\/td>\n<\/tr>\n<\/tbody>\n<\/table>\n","product_start_date_type":"range","product_start_date_range":"14\/03\/2026","product_end_date_range":"31\/10\/2026","product_days_range":["lundi","mardi","mercredi","jeudi","vendredi","samedi","dimanche"],"product_option_third_place_available":"false","product_option_road_bike":"","product_option_vtc_bike":"160","product_option_electric_bike":"320","product_option_helmet":"","product_option_children_seat":"","product_option_follow_bike":"","product_option_trailer":"","product_option_transfert_repeat":[{"product_option_transfert_city":" R\u00fccktransfer Pontorson-Saint Malo (2 pers.)","product_option_transfert_price":"55","product_option_transfert_display_as_checkbox":true},{"product_option_transfert_city":"R\u00fccktransfer Pontorson-Saint Malo (4 pers.)","product_option_transfert_price":"35","product_option_transfert_display_as_checkbox":false}],"product_dates":"<p><strong>Anreise<\/strong>: T\u00e4glich <strong>14.03. \u2013 31.10.2026<\/strong><\/p>\n","product_option_add_night_double_before":"92","product_option_add_night_single_before":"164","product_price_double_room":"1141","product_price_from":"1141","product_price_simple_room":"1656","product_subzone":"fr_15","product_link_product_repeat":[{"product_link_product_item":{"ID":62227,"post_author":"12","post_date":"2021-02-10 15:18:56","post_date_gmt":"2021-02-10 14:18:56","post_content":"","post_title":"V\u00e9losc\u00e9nie - Ungef\u00fchrt - 9 Tage - Eco","post_excerpt":"","post_status":"publish","comment_status":"open","ping_status":"closed","post_password":"","post_name":"veloscenie-9-tage-eco","to_ping":"","pinged":"","post_modified":"2025-11-05 10:26:45","post_modified_gmt":"2025-11-05 09:26:45","post_content_filtered":"","post_parent":0,"guid":"https:\/\/www.franceavelo.com\/?post_type=product&#038;p=62227","menu_order":0,"post_type":"product","post_mime_type":"","comment_count":"0","filter":"raw"}},{"product_link_product_item":{"ID":60437,"post_author":"12","post_date":"2020-10-08 16:00:34","post_date_gmt":"2020-10-08 14:00:34","post_content":"","post_title":"V\u00e9losc\u00e9nie - Ungef\u00fchrt - 8 Tage - Eco","post_excerpt":"","post_status":"publish","comment_status":"open","ping_status":"closed","post_password":"","post_name":"veloscenie-8-tage-eco","to_ping":"","pinged":"","post_modified":"2025-11-05 10:05:50","post_modified_gmt":"2025-11-05 09:05:50","post_content_filtered":"","post_parent":0,"guid":"https:\/\/www.franceavelo.com\/?post_type=product&#038;p=60437","menu_order":0,"post_type":"product","post_mime_type":"","comment_count":"0","filter":"raw"}},{"product_link_product_item":{"ID":25022,"post_author":"42","post_date":"2018-03-22 06:21:19","post_date_gmt":"2018-03-22 05:21:19","post_content":"","post_title":"V\u00e9losc\u00e9nie - Ungef\u00fchrt - 9 Tage - Klassik","post_excerpt":"","post_status":"publish","comment_status":"open","ping_status":"closed","post_password":"","post_name":"veloscenie-9-tage","to_ping":"","pinged":"","post_modified":"2025-10-28 09:47:04","post_modified_gmt":"2025-10-28 08:47:04","post_content_filtered":"","post_parent":0,"guid":"https:\/\/www.franceavelo.com\/product\/veloscenie-9-jc\/","menu_order":0,"post_type":"product","post_mime_type":"","comment_count":"0","filter":"raw"}}],"product_seasons":false,"product_small_group_price":"298","product_small_group_number":"4","product_option_add_night_double_after":"69","product_main_img":{"ID":7582,"id":7582,"title":"Radreise Maintenon France \u00e0 V\u00e9lo","filename":"maintenon-gaerten-france-a-velo-scaled.jpg","filesize":814274,"url":"https:\/\/www.franceavelo.com\/wp-content\/uploads\/2018\/03\/maintenon-gaerten-france-a-velo-scaled.jpg","link":"https:\/\/www.franceavelo.com\/de\/?attachment_id=7582","alt":"Blick auf G\u00e4rten in Maintenon","author":"42","description":"","caption":"","name":"maintenon-gaerten-france-a-velo-2","status":"inherit","uploaded_to":12932,"date":"2018-03-22 05:41:27","modified":"2020-01-09 10:24:00","menu_order":0,"mime_type":"image\/jpeg","type":"image","subtype":"jpeg","icon":"https:\/\/www.franceavelo.com\/wp-includes\/images\/media\/default.png","width":4288,"height":2848,"sizes":{"thumbnail":"https:\/\/www.franceavelo.com\/wp-content\/uploads\/2018\/03\/maintenon-gaerten-france-a-velo-scaled.jpg","thumbnail-width":150,"thumbnail-height":100,"medium":"https:\/\/www.franceavelo.com\/wp-content\/uploads\/2018\/03\/maintenon-gaerten-france-a-velo-scaled.jpg","medium-width":300,"medium-height":199,"medium_large":"https:\/\/www.franceavelo.com\/wp-content\/uploads\/2018\/03\/maintenon-gaerten-france-a-velo-scaled.jpg","medium_large-width":768,"medium_large-height":510,"large":"https:\/\/www.franceavelo.com\/wp-content\/uploads\/2018\/03\/maintenon-gaerten-france-a-velo-scaled.jpg","large-width":1024,"large-height":680,"1536x1536":"https:\/\/www.franceavelo.com\/wp-content\/uploads\/2018\/03\/maintenon-gaerten-france-a-velo-scaled.jpg","1536x1536-width":1536,"1536x1536-height":1020,"2048x2048":"https:\/\/www.franceavelo.com\/wp-content\/uploads\/2018\/03\/maintenon-gaerten-france-a-velo-scaled.jpg","2048x2048-width":2048,"2048x2048-height":1360,"product_option_intro":"https:\/\/www.franceavelo.com\/wp-content\/uploads\/2018\/03\/maintenon-gaerten-france-a-velo-scaled.jpg","product_option_intro-width":300,"product_option_intro-height":199,"postlist_thumbnail":"https:\/\/www.franceavelo.com\/wp-content\/uploads\/2018\/03\/maintenon-gaerten-france-a-velo-scaled.jpg","postlist_thumbnail-width":200,"postlist_thumbnail-height":133,"content_full_desktop":"https:\/\/www.franceavelo.com\/wp-content\/uploads\/2018\/03\/maintenon-gaerten-france-a-velo-scaled.jpg","content_full_desktop-width":970,"content_full_desktop-height":644,"content_full_desktop_retina":"https:\/\/www.franceavelo.com\/wp-content\/uploads\/2018\/03\/maintenon-gaerten-france-a-velo-scaled.jpg","content_full_desktop_retina-width":1940,"content_full_desktop_retina-height":1289,"content_half_desktop":"https:\/\/www.franceavelo.com\/wp-content\/uploads\/2018\/03\/maintenon-gaerten-france-a-velo-scaled.jpg","content_half_desktop-width":485,"content_half_desktop-height":322,"content_full_tablet":"https:\/\/www.franceavelo.com\/wp-content\/uploads\/2018\/03\/maintenon-gaerten-france-a-velo-scaled.jpg","content_full_tablet-width":750,"content_full_tablet-height":498,"content_full_tablet_retina":"https:\/\/www.franceavelo.com\/wp-content\/uploads\/2018\/03\/maintenon-gaerten-france-a-velo-scaled.jpg","content_full_tablet_retina-width":1500,"content_full_tablet_retina-height":996,"content_half_tablet":"https:\/\/www.franceavelo.com\/wp-content\/uploads\/2018\/03\/maintenon-gaerten-france-a-velo-scaled.jpg","content_half_tablet-width":375,"content_half_tablet-height":249,"content_full_mobile":"https:\/\/www.franceavelo.com\/wp-content\/uploads\/2018\/03\/maintenon-gaerten-france-a-velo-scaled.jpg","content_full_mobile-width":500,"content_full_mobile-height":332,"content_full_mobile_retina":"https:\/\/www.franceavelo.com\/wp-content\/uploads\/2018\/03\/maintenon-gaerten-france-a-velo-scaled.jpg","content_full_mobile_retina-width":1000,"content_full_mobile_retina-height":664,"content_full_smallmobile":"https:\/\/www.franceavelo.com\/wp-content\/uploads\/2018\/03\/maintenon-gaerten-france-a-velo-scaled.jpg","content_full_smallmobile-width":271,"content_full_smallmobile-height":180,"content_head_mobile":"https:\/\/www.franceavelo.com\/wp-content\/uploads\/2018\/03\/maintenon-gaerten-france-a-velo-scaled.jpg","content_head_mobile-width":320,"content_head_mobile-height":213,"content_head_tablet":"https:\/\/www.franceavelo.com\/wp-content\/uploads\/2018\/03\/maintenon-gaerten-france-a-velo-scaled.jpg","content_head_tablet-width":540,"content_head_tablet-height":359,"content_highlight_desktop":"https:\/\/www.franceavelo.com\/wp-content\/uploads\/2018\/03\/maintenon-gaerten-france-a-velo-scaled.jpg","content_highlight_desktop-width":350,"content_highlight_desktop-height":232,"content_highlight_desktop_retina":"https:\/\/www.franceavelo.com\/wp-content\/uploads\/2018\/03\/maintenon-gaerten-france-a-velo-scaled.jpg","content_highlight_desktop_retina-width":700,"content_highlight_desktop_retina-height":465,"content_testimony_mobile":"https:\/\/www.franceavelo.com\/wp-content\/uploads\/2018\/03\/maintenon-gaerten-france-a-velo-scaled.jpg","content_testimony_mobile-width":480,"content_testimony_mobile-height":319,"content_type_image_desktop":"https:\/\/www.franceavelo.com\/wp-content\/uploads\/2018\/03\/maintenon-gaerten-france-a-velo-600x399.jpg","content_type_image_desktop-width":600,"content_type_image_desktop-height":399,"content_type_image_desktop_retina":"https:\/\/www.franceavelo.com\/wp-content\/uploads\/2018\/03\/maintenon-gaerten-france-a-velo-1200x797.jpg","content_type_image_desktop_retina-width":1200,"content_type_image_desktop_retina-height":797,"content_type_image_mobile":"https:\/\/www.franceavelo.com\/wp-content\/uploads\/2018\/03\/maintenon-gaerten-france-a-velo-450x299.jpg","content_type_image_mobile-width":450,"content_type_image_mobile-height":299,"gform-image-choice-sm":"https:\/\/www.franceavelo.com\/wp-content\/uploads\/2018\/03\/maintenon-gaerten-france-a-velo-scaled.jpg","gform-image-choice-sm-width":300,"gform-image-choice-sm-height":199,"gform-image-choice-md":"https:\/\/www.franceavelo.com\/wp-content\/uploads\/2018\/03\/maintenon-gaerten-france-a-velo-scaled.jpg","gform-image-choice-md-width":400,"gform-image-choice-md-height":266,"gform-image-choice-lg":"https:\/\/www.franceavelo.com\/wp-content\/uploads\/2018\/03\/maintenon-gaerten-france-a-velo-scaled.jpg","gform-image-choice-lg-width":600,"gform-image-choice-lg-height":399}},"product_map_circuit":{"ID":58277,"id":58277,"title":"Karte Frankreich_Ile de France_Normandie","filename":"Karte-Frankreich_Ile-de-France_Normandie.png","filesize":25854,"url":"https:\/\/www.franceavelo.com\/wp-content\/uploads\/2018\/03\/Karte-Frankreich_Ile-de-France_Normandie.png","link":"https:\/\/www.franceavelo.com\/de\/?attachment_id=58277","alt":"Karte Ile de France Normandie","author":"12","description":"","caption":"","name":"karte-frankreich_ile-de-france_normandie","status":"inherit","uploaded_to":12932,"date":"2020-03-10 10:00:21","modified":"2020-03-10 10:00:38","menu_order":0,"mime_type":"image\/png","type":"image","subtype":"png","icon":"https:\/\/www.franceavelo.com\/wp-includes\/images\/media\/default.png","width":831,"height":818,"sizes":{"thumbnail":"https:\/\/www.franceavelo.com\/wp-content\/uploads\/2018\/03\/Karte-Frankreich_Ile-de-France_Normandie-150x150.png","thumbnail-width":150,"thumbnail-height":150,"medium":"https:\/\/www.franceavelo.com\/wp-content\/uploads\/2018\/03\/Karte-Frankreich_Ile-de-France_Normandie-300x295.png","medium-width":300,"medium-height":295,"medium_large":"https:\/\/www.franceavelo.com\/wp-content\/uploads\/2018\/03\/Karte-Frankreich_Ile-de-France_Normandie-768x756.png","medium_large-width":768,"medium_large-height":756,"large":"https:\/\/www.franceavelo.com\/wp-content\/uploads\/2018\/03\/Karte-Frankreich_Ile-de-France_Normandie.png","large-width":831,"large-height":818,"1536x1536":"https:\/\/www.franceavelo.com\/wp-content\/uploads\/2018\/03\/Karte-Frankreich_Ile-de-France_Normandie.png","1536x1536-width":831,"1536x1536-height":818,"2048x2048":"https:\/\/www.franceavelo.com\/wp-content\/uploads\/2018\/03\/Karte-Frankreich_Ile-de-France_Normandie.png","2048x2048-width":831,"2048x2048-height":818,"product_option_intro":"https:\/\/www.franceavelo.com\/wp-content\/uploads\/2018\/03\/Karte-Frankreich_Ile-de-France_Normandie-300x220.png","product_option_intro-width":300,"product_option_intro-height":220,"postlist_thumbnail":"https:\/\/www.franceavelo.com\/wp-content\/uploads\/2018\/03\/Karte-Frankreich_Ile-de-France_Normandie.png","postlist_thumbnail-width":200,"postlist_thumbnail-height":197,"content_full_desktop":"https:\/\/www.franceavelo.com\/wp-content\/uploads\/2018\/03\/Karte-Frankreich_Ile-de-France_Normandie.png","content_full_desktop-width":831,"content_full_desktop-height":818,"content_full_desktop_retina":"https:\/\/www.franceavelo.com\/wp-content\/uploads\/2018\/03\/Karte-Frankreich_Ile-de-France_Normandie.png","content_full_desktop_retina-width":831,"content_full_desktop_retina-height":818,"content_half_desktop":"https:\/\/www.franceavelo.com\/wp-content\/uploads\/2018\/03\/Karte-Frankreich_Ile-de-France_Normandie-485x477.png","content_half_desktop-width":485,"content_half_desktop-height":477,"content_full_tablet":"https:\/\/www.franceavelo.com\/wp-content\/uploads\/2018\/03\/Karte-Frankreich_Ile-de-France_Normandie-750x738.png","content_full_tablet-width":750,"content_full_tablet-height":738,"content_full_tablet_retina":"https:\/\/www.franceavelo.com\/wp-content\/uploads\/2018\/03\/Karte-Frankreich_Ile-de-France_Normandie.png","content_full_tablet_retina-width":831,"content_full_tablet_retina-height":818,"content_half_tablet":"https:\/\/www.franceavelo.com\/wp-content\/uploads\/2018\/03\/Karte-Frankreich_Ile-de-France_Normandie-375x369.png","content_half_tablet-width":375,"content_half_tablet-height":369,"content_full_mobile":"https:\/\/www.franceavelo.com\/wp-content\/uploads\/2018\/03\/Karte-Frankreich_Ile-de-France_Normandie-500x492.png","content_full_mobile-width":500,"content_full_mobile-height":492,"content_full_mobile_retina":"https:\/\/www.franceavelo.com\/wp-content\/uploads\/2018\/03\/Karte-Frankreich_Ile-de-France_Normandie.png","content_full_mobile_retina-width":831,"content_full_mobile_retina-height":818,"content_full_smallmobile":"https:\/\/www.franceavelo.com\/wp-content\/uploads\/2018\/03\/Karte-Frankreich_Ile-de-France_Normandie-380x180.png","content_full_smallmobile-width":380,"content_full_smallmobile-height":180,"content_head_mobile":"https:\/\/www.franceavelo.com\/wp-content\/uploads\/2018\/03\/Karte-Frankreich_Ile-de-France_Normandie-320x430.png","content_head_mobile-width":320,"content_head_mobile-height":430,"content_head_tablet":"https:\/\/www.franceavelo.com\/wp-content\/uploads\/2018\/03\/Karte-Frankreich_Ile-de-France_Normandie-540x500.png","content_head_tablet-width":540,"content_head_tablet-height":500,"content_highlight_desktop":"https:\/\/www.franceavelo.com\/wp-content\/uploads\/2018\/03\/Karte-Frankreich_Ile-de-France_Normandie-350x240.png","content_highlight_desktop-width":350,"content_highlight_desktop-height":240,"content_highlight_desktop_retina":"https:\/\/www.franceavelo.com\/wp-content\/uploads\/2018\/03\/Karte-Frankreich_Ile-de-France_Normandie-700x480.png","content_highlight_desktop_retina-width":700,"content_highlight_desktop_retina-height":480,"content_testimony_mobile":"https:\/\/www.franceavelo.com\/wp-content\/uploads\/2018\/03\/Karte-Frankreich_Ile-de-France_Normandie-480x818.png","content_testimony_mobile-width":480,"content_testimony_mobile-height":818,"content_type_image_desktop":"https:\/\/www.franceavelo.com\/wp-content\/uploads\/2018\/03\/Karte-Frankreich_Ile-de-France_Normandie-600x591.png","content_type_image_desktop-width":600,"content_type_image_desktop-height":591,"content_type_image_desktop_retina":"https:\/\/www.franceavelo.com\/wp-content\/uploads\/2018\/03\/Karte-Frankreich_Ile-de-France_Normandie.png","content_type_image_desktop_retina-width":831,"content_type_image_desktop_retina-height":818,"content_type_image_mobile":"https:\/\/www.franceavelo.com\/wp-content\/uploads\/2018\/03\/Karte-Frankreich_Ile-de-France_Normandie-450x443.png","content_type_image_mobile-width":450,"content_type_image_mobile-height":443,"gform-image-choice-sm":"https:\/\/www.franceavelo.com\/wp-content\/uploads\/2018\/03\/Karte-Frankreich_Ile-de-France_Normandie.png","gform-image-choice-sm-width":300,"gform-image-choice-sm-height":295,"gform-image-choice-md":"https:\/\/www.franceavelo.com\/wp-content\/uploads\/2018\/03\/Karte-Frankreich_Ile-de-France_Normandie.png","gform-image-choice-md-width":400,"gform-image-choice-md-height":394,"gform-image-choice-lg":"https:\/\/www.franceavelo.com\/wp-content\/uploads\/2018\/03\/Karte-Frankreich_Ile-de-France_Normandie.png","gform-image-choice-lg-width":600,"gform-image-choice-lg-height":591}},"product_map_region":{"ID":76022,"id":76022,"title":"FAV_V\u00e9losc\u00e9nie_Paris_10J_VS10C 820 px","filename":"FAV_Veloscenie_Paris_10J_VS10C-820-px.png","filesize":98556,"url":"https:\/\/www.franceavelo.com\/wp-content\/uploads\/2021\/02\/FAV_Veloscenie_Paris_10J_VS10C-820-px.png","link":"https:\/\/www.franceavelo.com\/de\/product\/paris-mont-saint-michel-10-tage-eco\/fav_veloscenie_paris_10j_vs10c-820-px\/","alt":"","author":"12","description":"","caption":"","name":"fav_veloscenie_paris_10j_vs10c-820-px","status":"inherit","uploaded_to":62305,"date":"2025-10-27 14:14:00","modified":"2025-10-27 14:14:00","menu_order":0,"mime_type":"image\/png","type":"image","subtype":"png","icon":"https:\/\/www.franceavelo.com\/wp-includes\/images\/media\/default.png","width":820,"height":648,"sizes":{"thumbnail":"https:\/\/www.franceavelo.com\/wp-content\/uploads\/2021\/02\/FAV_Veloscenie_Paris_10J_VS10C-820-px-150x150.png","thumbnail-width":150,"thumbnail-height":150,"medium":"https:\/\/www.franceavelo.com\/wp-content\/uploads\/2021\/02\/FAV_Veloscenie_Paris_10J_VS10C-820-px-300x237.png","medium-width":300,"medium-height":237,"medium_large":"https:\/\/www.franceavelo.com\/wp-content\/uploads\/2021\/02\/FAV_Veloscenie_Paris_10J_VS10C-820-px-768x607.png","medium_large-width":768,"medium_large-height":607,"large":"https:\/\/www.franceavelo.com\/wp-content\/uploads\/2021\/02\/FAV_Veloscenie_Paris_10J_VS10C-820-px.png","large-width":820,"large-height":648,"1536x1536":"https:\/\/www.franceavelo.com\/wp-content\/uploads\/2021\/02\/FAV_Veloscenie_Paris_10J_VS10C-820-px.png","1536x1536-width":820,"1536x1536-height":648,"2048x2048":"https:\/\/www.franceavelo.com\/wp-content\/uploads\/2021\/02\/FAV_Veloscenie_Paris_10J_VS10C-820-px.png","2048x2048-width":820,"2048x2048-height":648,"product_option_intro":"https:\/\/www.franceavelo.com\/wp-content\/uploads\/2021\/02\/FAV_Veloscenie_Paris_10J_VS10C-820-px-300x220.png","product_option_intro-width":300,"product_option_intro-height":220,"postlist_thumbnail":"https:\/\/www.franceavelo.com\/wp-content\/uploads\/2021\/02\/FAV_Veloscenie_Paris_10J_VS10C-820-px-200x200.png","postlist_thumbnail-width":200,"postlist_thumbnail-height":200,"content_full_desktop":"https:\/\/www.franceavelo.com\/wp-content\/uploads\/2021\/02\/FAV_Veloscenie_Paris_10J_VS10C-820-px.png","content_full_desktop-width":820,"content_full_desktop-height":648,"content_full_desktop_retina":"https:\/\/www.franceavelo.com\/wp-content\/uploads\/2021\/02\/FAV_Veloscenie_Paris_10J_VS10C-820-px.png","content_full_desktop_retina-width":820,"content_full_desktop_retina-height":648,"content_half_desktop":"https:\/\/www.franceavelo.com\/wp-content\/uploads\/2021\/02\/FAV_Veloscenie_Paris_10J_VS10C-820-px-485x383.png","content_half_desktop-width":485,"content_half_desktop-height":383,"content_full_tablet":"https:\/\/www.franceavelo.com\/wp-content\/uploads\/2021\/02\/FAV_Veloscenie_Paris_10J_VS10C-820-px-750x593.png","content_full_tablet-width":750,"content_full_tablet-height":593,"content_full_tablet_retina":"https:\/\/www.franceavelo.com\/wp-content\/uploads\/2021\/02\/FAV_Veloscenie_Paris_10J_VS10C-820-px.png","content_full_tablet_retina-width":820,"content_full_tablet_retina-height":648,"content_half_tablet":"https:\/\/www.franceavelo.com\/wp-content\/uploads\/2021\/02\/FAV_Veloscenie_Paris_10J_VS10C-820-px-375x296.png","content_half_tablet-width":375,"content_half_tablet-height":296,"content_full_mobile":"https:\/\/www.franceavelo.com\/wp-content\/uploads\/2021\/02\/FAV_Veloscenie_Paris_10J_VS10C-820-px-500x395.png","content_full_mobile-width":500,"content_full_mobile-height":395,"content_full_mobile_retina":"https:\/\/www.franceavelo.com\/wp-content\/uploads\/2021\/02\/FAV_Veloscenie_Paris_10J_VS10C-820-px.png","content_full_mobile_retina-width":820,"content_full_mobile_retina-height":648,"content_full_smallmobile":"https:\/\/www.franceavelo.com\/wp-content\/uploads\/2021\/02\/FAV_Veloscenie_Paris_10J_VS10C-820-px-380x180.png","content_full_smallmobile-width":380,"content_full_smallmobile-height":180,"content_head_mobile":"https:\/\/www.franceavelo.com\/wp-content\/uploads\/2021\/02\/FAV_Veloscenie_Paris_10J_VS10C-820-px-320x430.png","content_head_mobile-width":320,"content_head_mobile-height":430,"content_head_tablet":"https:\/\/www.franceavelo.com\/wp-content\/uploads\/2021\/02\/FAV_Veloscenie_Paris_10J_VS10C-820-px-540x500.png","content_head_tablet-width":540,"content_head_tablet-height":500,"content_highlight_desktop":"https:\/\/www.franceavelo.com\/wp-content\/uploads\/2021\/02\/FAV_Veloscenie_Paris_10J_VS10C-820-px-350x240.png","content_highlight_desktop-width":350,"content_highlight_desktop-height":240,"content_highlight_desktop_retina":"https:\/\/www.franceavelo.com\/wp-content\/uploads\/2021\/02\/FAV_Veloscenie_Paris_10J_VS10C-820-px-700x480.png","content_highlight_desktop_retina-width":700,"content_highlight_desktop_retina-height":480,"content_testimony_mobile":"https:\/\/www.franceavelo.com\/wp-content\/uploads\/2021\/02\/FAV_Veloscenie_Paris_10J_VS10C-820-px-480x648.png","content_testimony_mobile-width":480,"content_testimony_mobile-height":648,"content_type_image_desktop":"https:\/\/www.franceavelo.com\/wp-content\/uploads\/2021\/02\/FAV_Veloscenie_Paris_10J_VS10C-820-px-600x474.png","content_type_image_desktop-width":600,"content_type_image_desktop-height":474,"content_type_image_desktop_retina":"https:\/\/www.franceavelo.com\/wp-content\/uploads\/2021\/02\/FAV_Veloscenie_Paris_10J_VS10C-820-px.png","content_type_image_desktop_retina-width":820,"content_type_image_desktop_retina-height":648,"content_type_image_mobile":"https:\/\/www.franceavelo.com\/wp-content\/uploads\/2021\/02\/FAV_Veloscenie_Paris_10J_VS10C-820-px-450x356.png","content_type_image_mobile-width":450,"content_type_image_mobile-height":356,"gform-image-choice-sm":"https:\/\/www.franceavelo.com\/wp-content\/uploads\/2021\/02\/FAV_Veloscenie_Paris_10J_VS10C-820-px.png","gform-image-choice-sm-width":300,"gform-image-choice-sm-height":237,"gform-image-choice-md":"https:\/\/www.franceavelo.com\/wp-content\/uploads\/2021\/02\/FAV_Veloscenie_Paris_10J_VS10C-820-px.png","gform-image-choice-md-width":400,"gform-image-choice-md-height":316,"gform-image-choice-lg":"https:\/\/www.franceavelo.com\/wp-content\/uploads\/2021\/02\/FAV_Veloscenie_Paris_10J_VS10C-820-px.png","gform-image-choice-lg-width":600,"gform-image-choice-lg-height":474}},"product_option_add_night_single_after":"123","product_super_small_group_price":"","product_super_small_group_number":"","product_solo_traveler_price":"528","product_option_transfert_disable":false},"yoast_head":"<!-- This site is optimized with the Yoast SEO plugin v27.4 - https:\/\/yoast.com\/product\/yoast-seo-wordpress\/ -->\n<title>V\u00e9losc\u00e9nie - Ungef\u00fchrt - 10 Tage - Eco | France \u00e0 v\u00e9lo<\/title>\n<meta name=\"description\" content=\"Erleben Sie eine kulturreiche Radreise auf der V\u00e9loscenie von Paris zum Mont Saint Michel und genie\u00dfen Sie die Natur der Normandie.\" \/>\n<meta name=\"robots\" content=\"index, follow, max-snippet:-1, max-image-preview:large, max-video-preview:-1\" \/>\n<link rel=\"canonical\" href=\"https:\/\/www.franceavelo.com\/de\/product\/paris-mont-saint-michel-10-tage-eco\/\" \/>\n<meta property=\"og:locale\" content=\"de_DE\" \/>\n<meta property=\"og:type\" content=\"article\" \/>\n<meta property=\"og:title\" content=\"V\u00e9losc\u00e9nie - Ungef\u00fchrt - 10 Tage - Eco | France \u00e0 v\u00e9lo\" \/>\n<meta property=\"og:description\" content=\"Erleben Sie eine kulturreiche Radreise auf der V\u00e9loscenie von Paris zum Mont Saint Michel und genie\u00dfen Sie die Natur der Normandie.\" \/>\n<meta property=\"og:url\" content=\"https:\/\/www.franceavelo.com\/de\/product\/paris-mont-saint-michel-10-tage-eco\/\" \/>\n<meta property=\"og:site_name\" content=\"France \u00e0 v\u00e9lo\" \/>\n<meta property=\"article:modified_time\" content=\"2025-11-05T09:55:49+00:00\" \/>\n<meta name=\"twitter:card\" content=\"summary_large_image\" \/>\n<meta name=\"twitter:label1\" content=\"Gesch\u00e4tzte Lesezeit\" \/>\n\t<meta name=\"twitter:data1\" content=\"8\u00a0Minuten\" \/>\n<script type=\"application\/ld+json\" class=\"yoast-schema-graph\">{\"@context\":\"https:\\\/\\\/schema.org\",\"@graph\":[{\"@type\":\"WebPage\",\"@id\":\"https:\\\/\\\/www.franceavelo.com\\\/de\\\/product\\\/paris-mont-saint-michel-10-tage-eco\\\/\",\"url\":\"https:\\\/\\\/www.franceavelo.com\\\/de\\\/product\\\/paris-mont-saint-michel-10-tage-eco\\\/\",\"name\":\"V\u00e9losc\u00e9nie - Ungef\u00fchrt - 10 Tage - Eco | France \u00e0 v\u00e9lo\",\"isPartOf\":{\"@id\":\"https:\\\/\\\/www.franceavelo.com\\\/fr\\\/#website\"},\"datePublished\":\"2021-02-16T13:12:17+00:00\",\"dateModified\":\"2025-11-05T09:55:49+00:00\",\"description\":\"Erleben Sie eine kulturreiche Radreise auf der V\u00e9loscenie von Paris zum Mont Saint Michel und genie\u00dfen Sie die Natur der Normandie.\",\"breadcrumb\":{\"@id\":\"https:\\\/\\\/www.franceavelo.com\\\/de\\\/product\\\/paris-mont-saint-michel-10-tage-eco\\\/#breadcrumb\"},\"inLanguage\":\"de\",\"potentialAction\":[{\"@type\":\"ReadAction\",\"target\":[\"https:\\\/\\\/www.franceavelo.com\\\/de\\\/product\\\/paris-mont-saint-michel-10-tage-eco\\\/\"]}]},{\"@type\":\"BreadcrumbList\",\"@id\":\"https:\\\/\\\/www.franceavelo.com\\\/de\\\/product\\\/paris-mont-saint-michel-10-tage-eco\\\/#breadcrumb\",\"itemListElement\":[{\"@type\":\"ListItem\",\"position\":1,\"name\":\"Home\",\"item\":\"https:\\\/\\\/www.franceavelo.com\\\/de\\\/\"},{\"@type\":\"ListItem\",\"position\":2,\"name\":\"Produits\",\"item\":\"https:\\\/\\\/www.franceavelo.com\\\/produits\\\/\"},{\"@type\":\"ListItem\",\"position\":3,\"name\":\"V\u00e9losc\u00e9nie &#8211; Ungef\u00fchrt &#8211; 10 Tage &#8211; Eco\"}]},{\"@type\":\"WebSite\",\"@id\":\"https:\\\/\\\/www.franceavelo.com\\\/fr\\\/#website\",\"url\":\"https:\\\/\\\/www.franceavelo.com\\\/fr\\\/\",\"name\":\"France \u00e0 v\u00e9lo\",\"description\":\"Un site utilisant WordPress\",\"publisher\":{\"@id\":\"https:\\\/\\\/www.franceavelo.com\\\/fr\\\/#organization\"},\"potentialAction\":[{\"@type\":\"SearchAction\",\"target\":{\"@type\":\"EntryPoint\",\"urlTemplate\":\"https:\\\/\\\/www.franceavelo.com\\\/fr\\\/?s={search_term_string}\"},\"query-input\":{\"@type\":\"PropertyValueSpecification\",\"valueRequired\":true,\"valueName\":\"search_term_string\"}}],\"inLanguage\":\"de\"},{\"@type\":\"Organization\",\"@id\":\"https:\\\/\\\/www.franceavelo.com\\\/fr\\\/#organization\",\"name\":\"France \u00e0 v\u00e9lo\",\"url\":\"https:\\\/\\\/www.franceavelo.com\\\/fr\\\/\",\"logo\":{\"@type\":\"ImageObject\",\"inLanguage\":\"de\",\"@id\":\"https:\\\/\\\/www.franceavelo.com\\\/fr\\\/#\\\/schema\\\/logo\\\/image\\\/\",\"url\":\"https:\\\/\\\/www.franceavelo.com\\\/wp-content\\\/uploads\\\/2024\\\/07\\\/favicon-large.png\",\"contentUrl\":\"https:\\\/\\\/www.franceavelo.com\\\/wp-content\\\/uploads\\\/2024\\\/07\\\/favicon-large.png\",\"width\":696,\"height\":696,\"caption\":\"France \u00e0 v\u00e9lo\"},\"image\":{\"@id\":\"https:\\\/\\\/www.franceavelo.com\\\/fr\\\/#\\\/schema\\\/logo\\\/image\\\/\"}}]}<\/script>\n<!-- \/ Yoast SEO plugin. -->","yoast_head_json":{"title":"V\u00e9losc\u00e9nie - Ungef\u00fchrt - 10 Tage - Eco | France \u00e0 v\u00e9lo","description":"Erleben Sie eine kulturreiche Radreise auf der V\u00e9loscenie von Paris zum Mont Saint Michel und genie\u00dfen Sie die Natur der Normandie.","robots":{"index":"index","follow":"follow","max-snippet":"max-snippet:-1","max-image-preview":"max-image-preview:large","max-video-preview":"max-video-preview:-1"},"canonical":"https:\/\/www.franceavelo.com\/de\/product\/paris-mont-saint-michel-10-tage-eco\/","og_locale":"de_DE","og_type":"article","og_title":"V\u00e9losc\u00e9nie - Ungef\u00fchrt - 10 Tage - Eco | France \u00e0 v\u00e9lo","og_description":"Erleben Sie eine kulturreiche Radreise auf der V\u00e9loscenie von Paris zum Mont Saint Michel und genie\u00dfen Sie die Natur der Normandie.","og_url":"https:\/\/www.franceavelo.com\/de\/product\/paris-mont-saint-michel-10-tage-eco\/","og_site_name":"France \u00e0 v\u00e9lo","article_modified_time":"2025-11-05T09:55:49+00:00","twitter_card":"summary_large_image","twitter_misc":{"Gesch\u00e4tzte Lesezeit":"8\u00a0Minuten"},"schema":{"@context":"https:\/\/schema.org","@graph":[{"@type":"WebPage","@id":"https:\/\/www.franceavelo.com\/de\/product\/paris-mont-saint-michel-10-tage-eco\/","url":"https:\/\/www.franceavelo.com\/de\/product\/paris-mont-saint-michel-10-tage-eco\/","name":"V\u00e9losc\u00e9nie - Ungef\u00fchrt - 10 Tage - Eco | France \u00e0 v\u00e9lo","isPartOf":{"@id":"https:\/\/www.franceavelo.com\/fr\/#website"},"datePublished":"2021-02-16T13:12:17+00:00","dateModified":"2025-11-05T09:55:49+00:00","description":"Erleben Sie eine kulturreiche Radreise auf der V\u00e9loscenie von Paris zum Mont Saint Michel und genie\u00dfen Sie die Natur der Normandie.","breadcrumb":{"@id":"https:\/\/www.franceavelo.com\/de\/product\/paris-mont-saint-michel-10-tage-eco\/#breadcrumb"},"inLanguage":"de","potentialAction":[{"@type":"ReadAction","target":["https:\/\/www.franceavelo.com\/de\/product\/paris-mont-saint-michel-10-tage-eco\/"]}]},{"@type":"BreadcrumbList","@id":"https:\/\/www.franceavelo.com\/de\/product\/paris-mont-saint-michel-10-tage-eco\/#breadcrumb","itemListElement":[{"@type":"ListItem","position":1,"name":"Home","item":"https:\/\/www.franceavelo.com\/de\/"},{"@type":"ListItem","position":2,"name":"Produits","item":"https:\/\/www.franceavelo.com\/produits\/"},{"@type":"ListItem","position":3,"name":"V\u00e9losc\u00e9nie &#8211; Ungef\u00fchrt &#8211; 10 Tage &#8211; Eco"}]},{"@type":"WebSite","@id":"https:\/\/www.franceavelo.com\/fr\/#website","url":"https:\/\/www.franceavelo.com\/fr\/","name":"France \u00e0 v\u00e9lo","description":"Un site utilisant WordPress","publisher":{"@id":"https:\/\/www.franceavelo.com\/fr\/#organization"},"potentialAction":[{"@type":"SearchAction","target":{"@type":"EntryPoint","urlTemplate":"https:\/\/www.franceavelo.com\/fr\/?s={search_term_string}"},"query-input":{"@type":"PropertyValueSpecification","valueRequired":true,"valueName":"search_term_string"}}],"inLanguage":"de"},{"@type":"Organization","@id":"https:\/\/www.franceavelo.com\/fr\/#organization","name":"France \u00e0 v\u00e9lo","url":"https:\/\/www.franceavelo.com\/fr\/","logo":{"@type":"ImageObject","inLanguage":"de","@id":"https:\/\/www.franceavelo.com\/fr\/#\/schema\/logo\/image\/","url":"https:\/\/www.franceavelo.com\/wp-content\/uploads\/2024\/07\/favicon-large.png","contentUrl":"https:\/\/www.franceavelo.com\/wp-content\/uploads\/2024\/07\/favicon-large.png","width":696,"height":696,"caption":"France \u00e0 v\u00e9lo"},"image":{"@id":"https:\/\/www.franceavelo.com\/fr\/#\/schema\/logo\/image\/"}}]}},"_links":{"self":[{"href":"https:\/\/www.franceavelo.com\/de\/wp-json\/wp\/v2\/product\/62305","targetHints":{"allow":["GET"]}}],"collection":[{"href":"https:\/\/www.franceavelo.com\/de\/wp-json\/wp\/v2\/product"}],"about":[{"href":"https:\/\/www.franceavelo.com\/de\/wp-json\/wp\/v2\/types\/product"}],"replies":[{"embeddable":true,"href":"https:\/\/www.franceavelo.com\/de\/wp-json\/wp\/v2\/comments?post=62305"}],"wp:attachment":[{"href":"https:\/\/www.franceavelo.com\/de\/wp-json\/wp\/v2\/media?parent=62305"}],"curies":[{"name":"wp","href":"https:\/\/api.w.org\/{rel}","templated":true}]}}