{"id":74440,"date":"2024-12-20T15:34:34","date_gmt":"2024-12-20T14:34:34","guid":{"rendered":"https:\/\/www.franceavelo.com\/?post_type=product&#038;p=74440"},"modified":"2025-11-26T15:19:55","modified_gmt":"2025-11-26T14:19:55","slug":"schweiz-route-1291-ungefuehrt-7-tage-klassik","status":"publish","type":"product","link":"https:\/\/www.franceavelo.com\/de\/product\/schweiz-route-1291-ungefuehrt-7-tage-klassik\/","title":{"rendered":"Schweiz &#8211; Route 1291 &#8211; Ungef\u00fchrt &#8211; 7 Tage &#8211; Klassik"},"comment_status":"open","ping_status":"closed","template":"","class_list":["post-74440","product","type-product","status-publish","hentry"],"acf":{"product_code":"SR7C","product_title":"Schweiz - Route 1291 - Ungef\u00fchrt - 7 Tage - Klassik","product_subtitle":"Atemberaubende Landschaften und Panoramen!","product_description":"<p>Die Zentralschweiz war nie leicht zu erobern: Nach langem Streit erschlug Wilhelm Tell dort den Habsburger F\u00fcrsten Gessler. Nach einem langen Streit t\u00f6tete Wilhelm Tell dort den Habsburger F\u00fcrsten Gessler, die Urkantone vereinigten sich auf der R\u00fctliwiese zur Schweizerischen Eidgenossenschaft, und das Reduit in der Gotthardregion galt w\u00e4hrend des Kalten Krieges als uneinnehmbare Festung. Die Route 1291 zeigt ihre Z\u00e4hne auch gerne bei der Durchquerung der Zentralschweiz. Vom Luzerner See aus erklimmen Sie die h\u00f6chsten P\u00e4sse der Zentralschweiz, besuchen die Moore des Entlebuchs und fahren durch die H\u00fcgel des Emmentals. Die kulinarischen Spezialit\u00e4ten und Weinberge des Seetals runden die Tour durch die Zentralschweiz ab. Es ist kein Spaziergang, aber mit dem richtigen Fahrrad wird die Route 1291 zu einem unvergesslichen Erlebnis.<\/p>\n<p>&nbsp;<\/p>\n<h4><strong>HIGHLIGHTS<\/strong><\/h4>\n<p><span style=\"color: #35a186\"><strong>Alpine Landschaften<br \/>\nPanorama auf den Genfer See<br \/>\nMalerische D\u00f6rfer<br \/>\nFrische Luft und Ruhe<br \/>\nUnber\u00fchrte Natur<br \/>\nKurvenreiche Stra\u00dfen<br \/>\nAuthentische Erfahrung<br \/>\nF\u00fcr alle Niveaus zug\u00e4nglich<br \/>\nEntdeckung des lokalen Erbes<\/strong><\/span><span style=\"color: #35a186\"><strong><br \/>\n<\/strong><\/span><\/p>\n","product_zone":"eu","product_travel_type":{"value":"ty_2","label":"Non Guid\u00e9"},"product_gallery_items":[{"product_gallery_item_type":"image","product_gallery_item_image":{"ID":74408,"id":74408,"title":"church-4850405_1920","filename":"church-4850405_1920.jpg","filesize":642573,"url":"https:\/\/www.franceavelo.com\/wp-content\/uploads\/2024\/12\/church-4850405_1920.jpg","link":"https:\/\/www.franceavelo.com\/de\/product\/schweiz-route-vevey-luzern-ungefuehrt-7-tage-klassik\/church-4850405_1920-2\/","alt":"Eglise - Circuit Suisse - Route 1291 - Lucerne","author":"12","description":"","caption":"","name":"church-4850405_1920-2","status":"inherit","uploaded_to":74320,"date":"2024-12-20 12:59:52","modified":"2026-04-03 12:09:42","menu_order":0,"mime_type":"image\/jpeg","type":"image","subtype":"jpeg","icon":"https:\/\/www.franceavelo.com\/wp-includes\/images\/media\/default.png","width":1920,"height":1280,"sizes":{"thumbnail":"https:\/\/www.franceavelo.com\/wp-content\/uploads\/2024\/12\/church-4850405_1920-150x150.jpg","thumbnail-width":150,"thumbnail-height":150,"medium":"https:\/\/www.franceavelo.com\/wp-content\/uploads\/2024\/12\/church-4850405_1920-300x200.jpg","medium-width":300,"medium-height":200,"medium_large":"https:\/\/www.franceavelo.com\/wp-content\/uploads\/2024\/12\/church-4850405_1920-768x512.jpg","medium_large-width":768,"medium_large-height":512,"large":"https:\/\/www.franceavelo.com\/wp-content\/uploads\/2024\/12\/church-4850405_1920-1024x683.jpg","large-width":1024,"large-height":683,"1536x1536":"https:\/\/www.franceavelo.com\/wp-content\/uploads\/2024\/12\/church-4850405_1920-1536x1024.jpg","1536x1536-width":1536,"1536x1536-height":1024,"2048x2048":"https:\/\/www.franceavelo.com\/wp-content\/uploads\/2024\/12\/church-4850405_1920.jpg","2048x2048-width":1920,"2048x2048-height":1280,"product_option_intro":"https:\/\/www.franceavelo.com\/wp-content\/uploads\/2024\/12\/church-4850405_1920-300x220.jpg","product_option_intro-width":300,"product_option_intro-height":220,"postlist_thumbnail":"https:\/\/www.franceavelo.com\/wp-content\/uploads\/2024\/12\/church-4850405_1920-200x200.jpg","postlist_thumbnail-width":200,"postlist_thumbnail-height":200,"content_full_desktop":"https:\/\/www.franceavelo.com\/wp-content\/uploads\/2024\/12\/church-4850405_1920-970x647.jpg","content_full_desktop-width":970,"content_full_desktop-height":647,"content_full_desktop_retina":"https:\/\/www.franceavelo.com\/wp-content\/uploads\/2024\/12\/church-4850405_1920.jpg","content_full_desktop_retina-width":1920,"content_full_desktop_retina-height":1280,"content_half_desktop":"https:\/\/www.franceavelo.com\/wp-content\/uploads\/2024\/12\/church-4850405_1920-485x323.jpg","content_half_desktop-width":485,"content_half_desktop-height":323,"content_full_tablet":"https:\/\/www.franceavelo.com\/wp-content\/uploads\/2024\/12\/church-4850405_1920-750x500.jpg","content_full_tablet-width":750,"content_full_tablet-height":500,"content_full_tablet_retina":"https:\/\/www.franceavelo.com\/wp-content\/uploads\/2024\/12\/church-4850405_1920-1500x1000.jpg","content_full_tablet_retina-width":1500,"content_full_tablet_retina-height":1000,"content_half_tablet":"https:\/\/www.franceavelo.com\/wp-content\/uploads\/2024\/12\/church-4850405_1920-375x250.jpg","content_half_tablet-width":375,"content_half_tablet-height":250,"content_full_mobile":"https:\/\/www.franceavelo.com\/wp-content\/uploads\/2024\/12\/church-4850405_1920-500x333.jpg","content_full_mobile-width":500,"content_full_mobile-height":333,"content_full_mobile_retina":"https:\/\/www.franceavelo.com\/wp-content\/uploads\/2024\/12\/church-4850405_1920-1000x667.jpg","content_full_mobile_retina-width":1000,"content_full_mobile_retina-height":667,"content_full_smallmobile":"https:\/\/www.franceavelo.com\/wp-content\/uploads\/2024\/12\/church-4850405_1920-380x180.jpg","content_full_smallmobile-width":380,"content_full_smallmobile-height":180,"content_head_mobile":"https:\/\/www.franceavelo.com\/wp-content\/uploads\/2024\/12\/church-4850405_1920-320x430.jpg","content_head_mobile-width":320,"content_head_mobile-height":430,"content_head_tablet":"https:\/\/www.franceavelo.com\/wp-content\/uploads\/2024\/12\/church-4850405_1920-540x500.jpg","content_head_tablet-width":540,"content_head_tablet-height":500,"content_highlight_desktop":"https:\/\/www.franceavelo.com\/wp-content\/uploads\/2024\/12\/church-4850405_1920-350x240.jpg","content_highlight_desktop-width":350,"content_highlight_desktop-height":240,"content_highlight_desktop_retina":"https:\/\/www.franceavelo.com\/wp-content\/uploads\/2024\/12\/church-4850405_1920-700x480.jpg","content_highlight_desktop_retina-width":700,"content_highlight_desktop_retina-height":480,"content_testimony_mobile":"https:\/\/www.franceavelo.com\/wp-content\/uploads\/2024\/12\/church-4850405_1920-480x1100.jpg","content_testimony_mobile-width":480,"content_testimony_mobile-height":1100,"content_type_image_desktop":"https:\/\/www.franceavelo.com\/wp-content\/uploads\/2024\/12\/church-4850405_1920-600x400.jpg","content_type_image_desktop-width":600,"content_type_image_desktop-height":400,"content_type_image_desktop_retina":"https:\/\/www.franceavelo.com\/wp-content\/uploads\/2024\/12\/church-4850405_1920-1200x800.jpg","content_type_image_desktop_retina-width":1200,"content_type_image_desktop_retina-height":800,"content_type_image_mobile":"https:\/\/www.franceavelo.com\/wp-content\/uploads\/2024\/12\/church-4850405_1920-450x300.jpg","content_type_image_mobile-width":450,"content_type_image_mobile-height":300,"gform-image-choice-sm":"https:\/\/www.franceavelo.com\/wp-content\/uploads\/2024\/12\/church-4850405_1920.jpg","gform-image-choice-sm-width":300,"gform-image-choice-sm-height":200,"gform-image-choice-md":"https:\/\/www.franceavelo.com\/wp-content\/uploads\/2024\/12\/church-4850405_1920.jpg","gform-image-choice-md-width":400,"gform-image-choice-md-height":267,"gform-image-choice-lg":"https:\/\/www.franceavelo.com\/wp-content\/uploads\/2024\/12\/church-4850405_1920.jpg","gform-image-choice-lg-width":600,"gform-image-choice-lg-height":400}},"product_gallery_item_video_thumbnail":false,"product_gallery_item_video_url":""},{"product_gallery_item_type":"image","product_gallery_item_image":{"ID":74411,"id":74411,"title":"fork-4876734_1920","filename":"fork-4876734_1920.jpg","filesize":731120,"url":"https:\/\/www.franceavelo.com\/wp-content\/uploads\/2024\/12\/fork-4876734_1920.jpg","link":"https:\/\/www.franceavelo.com\/de\/product\/schweiz-route-vevey-luzern-ungefuehrt-7-tage-klassik\/fork-4876734_1920-2\/","alt":"Lac circuit Suisse - Route 1291 - Lucerne","author":"12","description":"","caption":"","name":"fork-4876734_1920-2","status":"inherit","uploaded_to":74320,"date":"2024-12-20 12:59:55","modified":"2026-04-03 12:10:11","menu_order":0,"mime_type":"image\/jpeg","type":"image","subtype":"jpeg","icon":"https:\/\/www.franceavelo.com\/wp-includes\/images\/media\/default.png","width":1920,"height":1080,"sizes":{"thumbnail":"https:\/\/www.franceavelo.com\/wp-content\/uploads\/2024\/12\/fork-4876734_1920-150x150.jpg","thumbnail-width":150,"thumbnail-height":150,"medium":"https:\/\/www.franceavelo.com\/wp-content\/uploads\/2024\/12\/fork-4876734_1920-300x169.jpg","medium-width":300,"medium-height":169,"medium_large":"https:\/\/www.franceavelo.com\/wp-content\/uploads\/2024\/12\/fork-4876734_1920-768x432.jpg","medium_large-width":768,"medium_large-height":432,"large":"https:\/\/www.franceavelo.com\/wp-content\/uploads\/2024\/12\/fork-4876734_1920-1024x576.jpg","large-width":1024,"large-height":576,"1536x1536":"https:\/\/www.franceavelo.com\/wp-content\/uploads\/2024\/12\/fork-4876734_1920-1536x864.jpg","1536x1536-width":1536,"1536x1536-height":864,"2048x2048":"https:\/\/www.franceavelo.com\/wp-content\/uploads\/2024\/12\/fork-4876734_1920.jpg","2048x2048-width":1920,"2048x2048-height":1080,"product_option_intro":"https:\/\/www.franceavelo.com\/wp-content\/uploads\/2024\/12\/fork-4876734_1920-300x220.jpg","product_option_intro-width":300,"product_option_intro-height":220,"postlist_thumbnail":"https:\/\/www.franceavelo.com\/wp-content\/uploads\/2024\/12\/fork-4876734_1920-200x200.jpg","postlist_thumbnail-width":200,"postlist_thumbnail-height":200,"content_full_desktop":"https:\/\/www.franceavelo.com\/wp-content\/uploads\/2024\/12\/fork-4876734_1920-970x546.jpg","content_full_desktop-width":970,"content_full_desktop-height":546,"content_full_desktop_retina":"https:\/\/www.franceavelo.com\/wp-content\/uploads\/2024\/12\/fork-4876734_1920.jpg","content_full_desktop_retina-width":1920,"content_full_desktop_retina-height":1080,"content_half_desktop":"https:\/\/www.franceavelo.com\/wp-content\/uploads\/2024\/12\/fork-4876734_1920-485x273.jpg","content_half_desktop-width":485,"content_half_desktop-height":273,"content_full_tablet":"https:\/\/www.franceavelo.com\/wp-content\/uploads\/2024\/12\/fork-4876734_1920-750x422.jpg","content_full_tablet-width":750,"content_full_tablet-height":422,"content_full_tablet_retina":"https:\/\/www.franceavelo.com\/wp-content\/uploads\/2024\/12\/fork-4876734_1920-1500x844.jpg","content_full_tablet_retina-width":1500,"content_full_tablet_retina-height":844,"content_half_tablet":"https:\/\/www.franceavelo.com\/wp-content\/uploads\/2024\/12\/fork-4876734_1920-375x211.jpg","content_half_tablet-width":375,"content_half_tablet-height":211,"content_full_mobile":"https:\/\/www.franceavelo.com\/wp-content\/uploads\/2024\/12\/fork-4876734_1920-500x281.jpg","content_full_mobile-width":500,"content_full_mobile-height":281,"content_full_mobile_retina":"https:\/\/www.franceavelo.com\/wp-content\/uploads\/2024\/12\/fork-4876734_1920-1000x563.jpg","content_full_mobile_retina-width":1000,"content_full_mobile_retina-height":563,"content_full_smallmobile":"https:\/\/www.franceavelo.com\/wp-content\/uploads\/2024\/12\/fork-4876734_1920-380x180.jpg","content_full_smallmobile-width":380,"content_full_smallmobile-height":180,"content_head_mobile":"https:\/\/www.franceavelo.com\/wp-content\/uploads\/2024\/12\/fork-4876734_1920-320x430.jpg","content_head_mobile-width":320,"content_head_mobile-height":430,"content_head_tablet":"https:\/\/www.franceavelo.com\/wp-content\/uploads\/2024\/12\/fork-4876734_1920-540x500.jpg","content_head_tablet-width":540,"content_head_tablet-height":500,"content_highlight_desktop":"https:\/\/www.franceavelo.com\/wp-content\/uploads\/2024\/12\/fork-4876734_1920-350x240.jpg","content_highlight_desktop-width":350,"content_highlight_desktop-height":240,"content_highlight_desktop_retina":"https:\/\/www.franceavelo.com\/wp-content\/uploads\/2024\/12\/fork-4876734_1920-700x480.jpg","content_highlight_desktop_retina-width":700,"content_highlight_desktop_retina-height":480,"content_testimony_mobile":"https:\/\/www.franceavelo.com\/wp-content\/uploads\/2024\/12\/fork-4876734_1920-480x1080.jpg","content_testimony_mobile-width":480,"content_testimony_mobile-height":1080,"content_type_image_desktop":"https:\/\/www.franceavelo.com\/wp-content\/uploads\/2024\/12\/fork-4876734_1920-600x338.jpg","content_type_image_desktop-width":600,"content_type_image_desktop-height":338,"content_type_image_desktop_retina":"https:\/\/www.franceavelo.com\/wp-content\/uploads\/2024\/12\/fork-4876734_1920-1200x675.jpg","content_type_image_desktop_retina-width":1200,"content_type_image_desktop_retina-height":675,"content_type_image_mobile":"https:\/\/www.franceavelo.com\/wp-content\/uploads\/2024\/12\/fork-4876734_1920-450x253.jpg","content_type_image_mobile-width":450,"content_type_image_mobile-height":253,"gform-image-choice-sm":"https:\/\/www.franceavelo.com\/wp-content\/uploads\/2024\/12\/fork-4876734_1920.jpg","gform-image-choice-sm-width":300,"gform-image-choice-sm-height":169,"gform-image-choice-md":"https:\/\/www.franceavelo.com\/wp-content\/uploads\/2024\/12\/fork-4876734_1920.jpg","gform-image-choice-md-width":400,"gform-image-choice-md-height":225,"gform-image-choice-lg":"https:\/\/www.franceavelo.com\/wp-content\/uploads\/2024\/12\/fork-4876734_1920.jpg","gform-image-choice-lg-width":600,"gform-image-choice-lg-height":338}},"product_gallery_item_video_thumbnail":false,"product_gallery_item_video_url":""},{"product_gallery_item_type":"image","product_gallery_item_image":{"ID":74417,"id":74417,"title":"lake-4882411_1920","filename":"lake-4882411_1920.jpg","filesize":945444,"url":"https:\/\/www.franceavelo.com\/wp-content\/uploads\/2024\/12\/lake-4882411_1920.jpg","link":"https:\/\/www.franceavelo.com\/de\/product\/schweiz-route-vevey-luzern-ungefuehrt-7-tage-klassik\/lake-4882411_1920-2\/","alt":"","author":"12","description":"","caption":"","name":"lake-4882411_1920-2","status":"inherit","uploaded_to":74320,"date":"2024-12-20 13:00:01","modified":"2024-12-20 13:00:01","menu_order":0,"mime_type":"image\/jpeg","type":"image","subtype":"jpeg","icon":"https:\/\/www.franceavelo.com\/wp-includes\/images\/media\/default.png","width":1920,"height":1280,"sizes":{"thumbnail":"https:\/\/www.franceavelo.com\/wp-content\/uploads\/2024\/12\/lake-4882411_1920-150x150.jpg","thumbnail-width":150,"thumbnail-height":150,"medium":"https:\/\/www.franceavelo.com\/wp-content\/uploads\/2024\/12\/lake-4882411_1920-300x200.jpg","medium-width":300,"medium-height":200,"medium_large":"https:\/\/www.franceavelo.com\/wp-content\/uploads\/2024\/12\/lake-4882411_1920-768x512.jpg","medium_large-width":768,"medium_large-height":512,"large":"https:\/\/www.franceavelo.com\/wp-content\/uploads\/2024\/12\/lake-4882411_1920-1024x683.jpg","large-width":1024,"large-height":683,"1536x1536":"https:\/\/www.franceavelo.com\/wp-content\/uploads\/2024\/12\/lake-4882411_1920-1536x1024.jpg","1536x1536-width":1536,"1536x1536-height":1024,"2048x2048":"https:\/\/www.franceavelo.com\/wp-content\/uploads\/2024\/12\/lake-4882411_1920.jpg","2048x2048-width":1920,"2048x2048-height":1280,"product_option_intro":"https:\/\/www.franceavelo.com\/wp-content\/uploads\/2024\/12\/lake-4882411_1920-300x220.jpg","product_option_intro-width":300,"product_option_intro-height":220,"postlist_thumbnail":"https:\/\/www.franceavelo.com\/wp-content\/uploads\/2024\/12\/lake-4882411_1920-200x200.jpg","postlist_thumbnail-width":200,"postlist_thumbnail-height":200,"content_full_desktop":"https:\/\/www.franceavelo.com\/wp-content\/uploads\/2024\/12\/lake-4882411_1920-970x647.jpg","content_full_desktop-width":970,"content_full_desktop-height":647,"content_full_desktop_retina":"https:\/\/www.franceavelo.com\/wp-content\/uploads\/2024\/12\/lake-4882411_1920.jpg","content_full_desktop_retina-width":1920,"content_full_desktop_retina-height":1280,"content_half_desktop":"https:\/\/www.franceavelo.com\/wp-content\/uploads\/2024\/12\/lake-4882411_1920-485x323.jpg","content_half_desktop-width":485,"content_half_desktop-height":323,"content_full_tablet":"https:\/\/www.franceavelo.com\/wp-content\/uploads\/2024\/12\/lake-4882411_1920-750x500.jpg","content_full_tablet-width":750,"content_full_tablet-height":500,"content_full_tablet_retina":"https:\/\/www.franceavelo.com\/wp-content\/uploads\/2024\/12\/lake-4882411_1920-1500x1000.jpg","content_full_tablet_retina-width":1500,"content_full_tablet_retina-height":1000,"content_half_tablet":"https:\/\/www.franceavelo.com\/wp-content\/uploads\/2024\/12\/lake-4882411_1920-375x250.jpg","content_half_tablet-width":375,"content_half_tablet-height":250,"content_full_mobile":"https:\/\/www.franceavelo.com\/wp-content\/uploads\/2024\/12\/lake-4882411_1920-500x333.jpg","content_full_mobile-width":500,"content_full_mobile-height":333,"content_full_mobile_retina":"https:\/\/www.franceavelo.com\/wp-content\/uploads\/2024\/12\/lake-4882411_1920-1000x667.jpg","content_full_mobile_retina-width":1000,"content_full_mobile_retina-height":667,"content_full_smallmobile":"https:\/\/www.franceavelo.com\/wp-content\/uploads\/2024\/12\/lake-4882411_1920-380x180.jpg","content_full_smallmobile-width":380,"content_full_smallmobile-height":180,"content_head_mobile":"https:\/\/www.franceavelo.com\/wp-content\/uploads\/2024\/12\/lake-4882411_1920-320x430.jpg","content_head_mobile-width":320,"content_head_mobile-height":430,"content_head_tablet":"https:\/\/www.franceavelo.com\/wp-content\/uploads\/2024\/12\/lake-4882411_1920-540x500.jpg","content_head_tablet-width":540,"content_head_tablet-height":500,"content_highlight_desktop":"https:\/\/www.franceavelo.com\/wp-content\/uploads\/2024\/12\/lake-4882411_1920-350x240.jpg","content_highlight_desktop-width":350,"content_highlight_desktop-height":240,"content_highlight_desktop_retina":"https:\/\/www.franceavelo.com\/wp-content\/uploads\/2024\/12\/lake-4882411_1920-700x480.jpg","content_highlight_desktop_retina-width":700,"content_highlight_desktop_retina-height":480,"content_testimony_mobile":"https:\/\/www.franceavelo.com\/wp-content\/uploads\/2024\/12\/lake-4882411_1920-480x1100.jpg","content_testimony_mobile-width":480,"content_testimony_mobile-height":1100,"content_type_image_desktop":"https:\/\/www.franceavelo.com\/wp-content\/uploads\/2024\/12\/lake-4882411_1920-600x400.jpg","content_type_image_desktop-width":600,"content_type_image_desktop-height":400,"content_type_image_desktop_retina":"https:\/\/www.franceavelo.com\/wp-content\/uploads\/2024\/12\/lake-4882411_1920-1200x800.jpg","content_type_image_desktop_retina-width":1200,"content_type_image_desktop_retina-height":800,"content_type_image_mobile":"https:\/\/www.franceavelo.com\/wp-content\/uploads\/2024\/12\/lake-4882411_1920-450x300.jpg","content_type_image_mobile-width":450,"content_type_image_mobile-height":300,"gform-image-choice-sm":"https:\/\/www.franceavelo.com\/wp-content\/uploads\/2024\/12\/lake-4882411_1920.jpg","gform-image-choice-sm-width":300,"gform-image-choice-sm-height":200,"gform-image-choice-md":"https:\/\/www.franceavelo.com\/wp-content\/uploads\/2024\/12\/lake-4882411_1920.jpg","gform-image-choice-md-width":400,"gform-image-choice-md-height":267,"gform-image-choice-lg":"https:\/\/www.franceavelo.com\/wp-content\/uploads\/2024\/12\/lake-4882411_1920.jpg","gform-image-choice-lg-width":600,"gform-image-choice-lg-height":400}},"product_gallery_item_video_thumbnail":false,"product_gallery_item_video_url":""},{"product_gallery_item_type":"image","product_gallery_item_image":{"ID":74423,"id":74423,"title":"lake-7022344_1920","filename":"lake-7022344_1920.jpg","filesize":907151,"url":"https:\/\/www.franceavelo.com\/wp-content\/uploads\/2024\/12\/lake-7022344_1920.jpg","link":"https:\/\/www.franceavelo.com\/de\/product\/schweiz-route-vevey-luzern-ungefuehrt-7-tage-klassik\/lake-7022344_1920-2\/","alt":"Ville vue sur lac ","author":"12","description":"","caption":"","name":"lake-7022344_1920-2","status":"inherit","uploaded_to":74320,"date":"2024-12-20 13:00:07","modified":"2026-04-03 12:10:31","menu_order":0,"mime_type":"image\/jpeg","type":"image","subtype":"jpeg","icon":"https:\/\/www.franceavelo.com\/wp-includes\/images\/media\/default.png","width":1920,"height":1280,"sizes":{"thumbnail":"https:\/\/www.franceavelo.com\/wp-content\/uploads\/2024\/12\/lake-7022344_1920-150x150.jpg","thumbnail-width":150,"thumbnail-height":150,"medium":"https:\/\/www.franceavelo.com\/wp-content\/uploads\/2024\/12\/lake-7022344_1920-300x200.jpg","medium-width":300,"medium-height":200,"medium_large":"https:\/\/www.franceavelo.com\/wp-content\/uploads\/2024\/12\/lake-7022344_1920-768x512.jpg","medium_large-width":768,"medium_large-height":512,"large":"https:\/\/www.franceavelo.com\/wp-content\/uploads\/2024\/12\/lake-7022344_1920-1024x683.jpg","large-width":1024,"large-height":683,"1536x1536":"https:\/\/www.franceavelo.com\/wp-content\/uploads\/2024\/12\/lake-7022344_1920-1536x1024.jpg","1536x1536-width":1536,"1536x1536-height":1024,"2048x2048":"https:\/\/www.franceavelo.com\/wp-content\/uploads\/2024\/12\/lake-7022344_1920.jpg","2048x2048-width":1920,"2048x2048-height":1280,"product_option_intro":"https:\/\/www.franceavelo.com\/wp-content\/uploads\/2024\/12\/lake-7022344_1920-300x220.jpg","product_option_intro-width":300,"product_option_intro-height":220,"postlist_thumbnail":"https:\/\/www.franceavelo.com\/wp-content\/uploads\/2024\/12\/lake-7022344_1920-200x200.jpg","postlist_thumbnail-width":200,"postlist_thumbnail-height":200,"content_full_desktop":"https:\/\/www.franceavelo.com\/wp-content\/uploads\/2024\/12\/lake-7022344_1920-970x647.jpg","content_full_desktop-width":970,"content_full_desktop-height":647,"content_full_desktop_retina":"https:\/\/www.franceavelo.com\/wp-content\/uploads\/2024\/12\/lake-7022344_1920.jpg","content_full_desktop_retina-width":1920,"content_full_desktop_retina-height":1280,"content_half_desktop":"https:\/\/www.franceavelo.com\/wp-content\/uploads\/2024\/12\/lake-7022344_1920-485x323.jpg","content_half_desktop-width":485,"content_half_desktop-height":323,"content_full_tablet":"https:\/\/www.franceavelo.com\/wp-content\/uploads\/2024\/12\/lake-7022344_1920-750x500.jpg","content_full_tablet-width":750,"content_full_tablet-height":500,"content_full_tablet_retina":"https:\/\/www.franceavelo.com\/wp-content\/uploads\/2024\/12\/lake-7022344_1920-1500x1000.jpg","content_full_tablet_retina-width":1500,"content_full_tablet_retina-height":1000,"content_half_tablet":"https:\/\/www.franceavelo.com\/wp-content\/uploads\/2024\/12\/lake-7022344_1920-375x250.jpg","content_half_tablet-width":375,"content_half_tablet-height":250,"content_full_mobile":"https:\/\/www.franceavelo.com\/wp-content\/uploads\/2024\/12\/lake-7022344_1920-500x333.jpg","content_full_mobile-width":500,"content_full_mobile-height":333,"content_full_mobile_retina":"https:\/\/www.franceavelo.com\/wp-content\/uploads\/2024\/12\/lake-7022344_1920-1000x667.jpg","content_full_mobile_retina-width":1000,"content_full_mobile_retina-height":667,"content_full_smallmobile":"https:\/\/www.franceavelo.com\/wp-content\/uploads\/2024\/12\/lake-7022344_1920-380x180.jpg","content_full_smallmobile-width":380,"content_full_smallmobile-height":180,"content_head_mobile":"https:\/\/www.franceavelo.com\/wp-content\/uploads\/2024\/12\/lake-7022344_1920-320x430.jpg","content_head_mobile-width":320,"content_head_mobile-height":430,"content_head_tablet":"https:\/\/www.franceavelo.com\/wp-content\/uploads\/2024\/12\/lake-7022344_1920-540x500.jpg","content_head_tablet-width":540,"content_head_tablet-height":500,"content_highlight_desktop":"https:\/\/www.franceavelo.com\/wp-content\/uploads\/2024\/12\/lake-7022344_1920-350x240.jpg","content_highlight_desktop-width":350,"content_highlight_desktop-height":240,"content_highlight_desktop_retina":"https:\/\/www.franceavelo.com\/wp-content\/uploads\/2024\/12\/lake-7022344_1920-700x480.jpg","content_highlight_desktop_retina-width":700,"content_highlight_desktop_retina-height":480,"content_testimony_mobile":"https:\/\/www.franceavelo.com\/wp-content\/uploads\/2024\/12\/lake-7022344_1920-480x1100.jpg","content_testimony_mobile-width":480,"content_testimony_mobile-height":1100,"content_type_image_desktop":"https:\/\/www.franceavelo.com\/wp-content\/uploads\/2024\/12\/lake-7022344_1920-600x400.jpg","content_type_image_desktop-width":600,"content_type_image_desktop-height":400,"content_type_image_desktop_retina":"https:\/\/www.franceavelo.com\/wp-content\/uploads\/2024\/12\/lake-7022344_1920-1200x800.jpg","content_type_image_desktop_retina-width":1200,"content_type_image_desktop_retina-height":800,"content_type_image_mobile":"https:\/\/www.franceavelo.com\/wp-content\/uploads\/2024\/12\/lake-7022344_1920-450x300.jpg","content_type_image_mobile-width":450,"content_type_image_mobile-height":300,"gform-image-choice-sm":"https:\/\/www.franceavelo.com\/wp-content\/uploads\/2024\/12\/lake-7022344_1920.jpg","gform-image-choice-sm-width":300,"gform-image-choice-sm-height":200,"gform-image-choice-md":"https:\/\/www.franceavelo.com\/wp-content\/uploads\/2024\/12\/lake-7022344_1920.jpg","gform-image-choice-md-width":400,"gform-image-choice-md-height":267,"gform-image-choice-lg":"https:\/\/www.franceavelo.com\/wp-content\/uploads\/2024\/12\/lake-7022344_1920.jpg","gform-image-choice-lg-width":600,"gform-image-choice-lg-height":400}},"product_gallery_item_video_thumbnail":false,"product_gallery_item_video_url":""},{"product_gallery_item_type":"image","product_gallery_item_image":{"ID":74426,"id":74426,"title":"mountains-1645078_1920","filename":"mountains-1645078_1920.jpg","filesize":798077,"url":"https:\/\/www.franceavelo.com\/wp-content\/uploads\/2024\/12\/mountains-1645078_1920.jpg","link":"https:\/\/www.franceavelo.com\/de\/product\/schweiz-route-vevey-luzern-ungefuehrt-7-tage-klassik\/mountains-1645078_1920-2\/","alt":"Lac au milieu des montagnes ","author":"12","description":"","caption":"","name":"mountains-1645078_1920-2","status":"inherit","uploaded_to":74320,"date":"2024-12-20 13:00:10","modified":"2026-04-03 12:10:40","menu_order":0,"mime_type":"image\/jpeg","type":"image","subtype":"jpeg","icon":"https:\/\/www.franceavelo.com\/wp-includes\/images\/media\/default.png","width":1920,"height":1104,"sizes":{"thumbnail":"https:\/\/www.franceavelo.com\/wp-content\/uploads\/2024\/12\/mountains-1645078_1920-150x150.jpg","thumbnail-width":150,"thumbnail-height":150,"medium":"https:\/\/www.franceavelo.com\/wp-content\/uploads\/2024\/12\/mountains-1645078_1920-300x173.jpg","medium-width":300,"medium-height":173,"medium_large":"https:\/\/www.franceavelo.com\/wp-content\/uploads\/2024\/12\/mountains-1645078_1920-768x442.jpg","medium_large-width":768,"medium_large-height":442,"large":"https:\/\/www.franceavelo.com\/wp-content\/uploads\/2024\/12\/mountains-1645078_1920-1024x589.jpg","large-width":1024,"large-height":589,"1536x1536":"https:\/\/www.franceavelo.com\/wp-content\/uploads\/2024\/12\/mountains-1645078_1920-1536x883.jpg","1536x1536-width":1536,"1536x1536-height":883,"2048x2048":"https:\/\/www.franceavelo.com\/wp-content\/uploads\/2024\/12\/mountains-1645078_1920.jpg","2048x2048-width":1920,"2048x2048-height":1104,"product_option_intro":"https:\/\/www.franceavelo.com\/wp-content\/uploads\/2024\/12\/mountains-1645078_1920-300x220.jpg","product_option_intro-width":300,"product_option_intro-height":220,"postlist_thumbnail":"https:\/\/www.franceavelo.com\/wp-content\/uploads\/2024\/12\/mountains-1645078_1920-200x200.jpg","postlist_thumbnail-width":200,"postlist_thumbnail-height":200,"content_full_desktop":"https:\/\/www.franceavelo.com\/wp-content\/uploads\/2024\/12\/mountains-1645078_1920-970x558.jpg","content_full_desktop-width":970,"content_full_desktop-height":558,"content_full_desktop_retina":"https:\/\/www.franceavelo.com\/wp-content\/uploads\/2024\/12\/mountains-1645078_1920.jpg","content_full_desktop_retina-width":1920,"content_full_desktop_retina-height":1104,"content_half_desktop":"https:\/\/www.franceavelo.com\/wp-content\/uploads\/2024\/12\/mountains-1645078_1920-485x279.jpg","content_half_desktop-width":485,"content_half_desktop-height":279,"content_full_tablet":"https:\/\/www.franceavelo.com\/wp-content\/uploads\/2024\/12\/mountains-1645078_1920-750x431.jpg","content_full_tablet-width":750,"content_full_tablet-height":431,"content_full_tablet_retina":"https:\/\/www.franceavelo.com\/wp-content\/uploads\/2024\/12\/mountains-1645078_1920-1500x863.jpg","content_full_tablet_retina-width":1500,"content_full_tablet_retina-height":863,"content_half_tablet":"https:\/\/www.franceavelo.com\/wp-content\/uploads\/2024\/12\/mountains-1645078_1920-375x216.jpg","content_half_tablet-width":375,"content_half_tablet-height":216,"content_full_mobile":"https:\/\/www.franceavelo.com\/wp-content\/uploads\/2024\/12\/mountains-1645078_1920-500x288.jpg","content_full_mobile-width":500,"content_full_mobile-height":288,"content_full_mobile_retina":"https:\/\/www.franceavelo.com\/wp-content\/uploads\/2024\/12\/mountains-1645078_1920-1000x575.jpg","content_full_mobile_retina-width":1000,"content_full_mobile_retina-height":575,"content_full_smallmobile":"https:\/\/www.franceavelo.com\/wp-content\/uploads\/2024\/12\/mountains-1645078_1920-380x180.jpg","content_full_smallmobile-width":380,"content_full_smallmobile-height":180,"content_head_mobile":"https:\/\/www.franceavelo.com\/wp-content\/uploads\/2024\/12\/mountains-1645078_1920-320x430.jpg","content_head_mobile-width":320,"content_head_mobile-height":430,"content_head_tablet":"https:\/\/www.franceavelo.com\/wp-content\/uploads\/2024\/12\/mountains-1645078_1920-540x500.jpg","content_head_tablet-width":540,"content_head_tablet-height":500,"content_highlight_desktop":"https:\/\/www.franceavelo.com\/wp-content\/uploads\/2024\/12\/mountains-1645078_1920-350x240.jpg","content_highlight_desktop-width":350,"content_highlight_desktop-height":240,"content_highlight_desktop_retina":"https:\/\/www.franceavelo.com\/wp-content\/uploads\/2024\/12\/mountains-1645078_1920-700x480.jpg","content_highlight_desktop_retina-width":700,"content_highlight_desktop_retina-height":480,"content_testimony_mobile":"https:\/\/www.franceavelo.com\/wp-content\/uploads\/2024\/12\/mountains-1645078_1920-480x1100.jpg","content_testimony_mobile-width":480,"content_testimony_mobile-height":1100,"content_type_image_desktop":"https:\/\/www.franceavelo.com\/wp-content\/uploads\/2024\/12\/mountains-1645078_1920-600x345.jpg","content_type_image_desktop-width":600,"content_type_image_desktop-height":345,"content_type_image_desktop_retina":"https:\/\/www.franceavelo.com\/wp-content\/uploads\/2024\/12\/mountains-1645078_1920-1200x690.jpg","content_type_image_desktop_retina-width":1200,"content_type_image_desktop_retina-height":690,"content_type_image_mobile":"https:\/\/www.franceavelo.com\/wp-content\/uploads\/2024\/12\/mountains-1645078_1920-450x259.jpg","content_type_image_mobile-width":450,"content_type_image_mobile-height":259,"gform-image-choice-sm":"https:\/\/www.franceavelo.com\/wp-content\/uploads\/2024\/12\/mountains-1645078_1920.jpg","gform-image-choice-sm-width":300,"gform-image-choice-sm-height":173,"gform-image-choice-md":"https:\/\/www.franceavelo.com\/wp-content\/uploads\/2024\/12\/mountains-1645078_1920.jpg","gform-image-choice-md-width":400,"gform-image-choice-md-height":230,"gform-image-choice-lg":"https:\/\/www.franceavelo.com\/wp-content\/uploads\/2024\/12\/mountains-1645078_1920.jpg","gform-image-choice-lg-width":600,"gform-image-choice-lg-height":345}},"product_gallery_item_video_thumbnail":false,"product_gallery_item_video_url":""},{"product_gallery_item_type":"image","product_gallery_item_image":{"ID":74429,"id":74429,"title":"sarnen-4693767_1920","filename":"sarnen-4693767_1920.jpg","filesize":888908,"url":"https:\/\/www.franceavelo.com\/wp-content\/uploads\/2024\/12\/sarnen-4693767_1920.jpg","link":"https:\/\/www.franceavelo.com\/de\/product\/schweiz-route-vevey-luzern-ungefuehrt-7-tage-klassik\/sarnen-4693767_1920-2\/","alt":"Lac au milieu des montagnes","author":"12","description":"","caption":"","name":"sarnen-4693767_1920-2","status":"inherit","uploaded_to":74320,"date":"2024-12-20 13:00:13","modified":"2026-04-03 12:10:48","menu_order":0,"mime_type":"image\/jpeg","type":"image","subtype":"jpeg","icon":"https:\/\/www.franceavelo.com\/wp-includes\/images\/media\/default.png","width":1920,"height":1080,"sizes":{"thumbnail":"https:\/\/www.franceavelo.com\/wp-content\/uploads\/2024\/12\/sarnen-4693767_1920-150x150.jpg","thumbnail-width":150,"thumbnail-height":150,"medium":"https:\/\/www.franceavelo.com\/wp-content\/uploads\/2024\/12\/sarnen-4693767_1920-300x169.jpg","medium-width":300,"medium-height":169,"medium_large":"https:\/\/www.franceavelo.com\/wp-content\/uploads\/2024\/12\/sarnen-4693767_1920-768x432.jpg","medium_large-width":768,"medium_large-height":432,"large":"https:\/\/www.franceavelo.com\/wp-content\/uploads\/2024\/12\/sarnen-4693767_1920-1024x576.jpg","large-width":1024,"large-height":576,"1536x1536":"https:\/\/www.franceavelo.com\/wp-content\/uploads\/2024\/12\/sarnen-4693767_1920-1536x864.jpg","1536x1536-width":1536,"1536x1536-height":864,"2048x2048":"https:\/\/www.franceavelo.com\/wp-content\/uploads\/2024\/12\/sarnen-4693767_1920.jpg","2048x2048-width":1920,"2048x2048-height":1080,"product_option_intro":"https:\/\/www.franceavelo.com\/wp-content\/uploads\/2024\/12\/sarnen-4693767_1920-300x220.jpg","product_option_intro-width":300,"product_option_intro-height":220,"postlist_thumbnail":"https:\/\/www.franceavelo.com\/wp-content\/uploads\/2024\/12\/sarnen-4693767_1920-200x200.jpg","postlist_thumbnail-width":200,"postlist_thumbnail-height":200,"content_full_desktop":"https:\/\/www.franceavelo.com\/wp-content\/uploads\/2024\/12\/sarnen-4693767_1920-970x546.jpg","content_full_desktop-width":970,"content_full_desktop-height":546,"content_full_desktop_retina":"https:\/\/www.franceavelo.com\/wp-content\/uploads\/2024\/12\/sarnen-4693767_1920.jpg","content_full_desktop_retina-width":1920,"content_full_desktop_retina-height":1080,"content_half_desktop":"https:\/\/www.franceavelo.com\/wp-content\/uploads\/2024\/12\/sarnen-4693767_1920-485x273.jpg","content_half_desktop-width":485,"content_half_desktop-height":273,"content_full_tablet":"https:\/\/www.franceavelo.com\/wp-content\/uploads\/2024\/12\/sarnen-4693767_1920-750x422.jpg","content_full_tablet-width":750,"content_full_tablet-height":422,"content_full_tablet_retina":"https:\/\/www.franceavelo.com\/wp-content\/uploads\/2024\/12\/sarnen-4693767_1920-1500x844.jpg","content_full_tablet_retina-width":1500,"content_full_tablet_retina-height":844,"content_half_tablet":"https:\/\/www.franceavelo.com\/wp-content\/uploads\/2024\/12\/sarnen-4693767_1920-375x211.jpg","content_half_tablet-width":375,"content_half_tablet-height":211,"content_full_mobile":"https:\/\/www.franceavelo.com\/wp-content\/uploads\/2024\/12\/sarnen-4693767_1920-500x281.jpg","content_full_mobile-width":500,"content_full_mobile-height":281,"content_full_mobile_retina":"https:\/\/www.franceavelo.com\/wp-content\/uploads\/2024\/12\/sarnen-4693767_1920-1000x563.jpg","content_full_mobile_retina-width":1000,"content_full_mobile_retina-height":563,"content_full_smallmobile":"https:\/\/www.franceavelo.com\/wp-content\/uploads\/2024\/12\/sarnen-4693767_1920-380x180.jpg","content_full_smallmobile-width":380,"content_full_smallmobile-height":180,"content_head_mobile":"https:\/\/www.franceavelo.com\/wp-content\/uploads\/2024\/12\/sarnen-4693767_1920-320x430.jpg","content_head_mobile-width":320,"content_head_mobile-height":430,"content_head_tablet":"https:\/\/www.franceavelo.com\/wp-content\/uploads\/2024\/12\/sarnen-4693767_1920-540x500.jpg","content_head_tablet-width":540,"content_head_tablet-height":500,"content_highlight_desktop":"https:\/\/www.franceavelo.com\/wp-content\/uploads\/2024\/12\/sarnen-4693767_1920-350x240.jpg","content_highlight_desktop-width":350,"content_highlight_desktop-height":240,"content_highlight_desktop_retina":"https:\/\/www.franceavelo.com\/wp-content\/uploads\/2024\/12\/sarnen-4693767_1920-700x480.jpg","content_highlight_desktop_retina-width":700,"content_highlight_desktop_retina-height":480,"content_testimony_mobile":"https:\/\/www.franceavelo.com\/wp-content\/uploads\/2024\/12\/sarnen-4693767_1920-480x1080.jpg","content_testimony_mobile-width":480,"content_testimony_mobile-height":1080,"content_type_image_desktop":"https:\/\/www.franceavelo.com\/wp-content\/uploads\/2024\/12\/sarnen-4693767_1920-600x338.jpg","content_type_image_desktop-width":600,"content_type_image_desktop-height":338,"content_type_image_desktop_retina":"https:\/\/www.franceavelo.com\/wp-content\/uploads\/2024\/12\/sarnen-4693767_1920-1200x675.jpg","content_type_image_desktop_retina-width":1200,"content_type_image_desktop_retina-height":675,"content_type_image_mobile":"https:\/\/www.franceavelo.com\/wp-content\/uploads\/2024\/12\/sarnen-4693767_1920-450x253.jpg","content_type_image_mobile-width":450,"content_type_image_mobile-height":253,"gform-image-choice-sm":"https:\/\/www.franceavelo.com\/wp-content\/uploads\/2024\/12\/sarnen-4693767_1920.jpg","gform-image-choice-sm-width":300,"gform-image-choice-sm-height":169,"gform-image-choice-md":"https:\/\/www.franceavelo.com\/wp-content\/uploads\/2024\/12\/sarnen-4693767_1920.jpg","gform-image-choice-md-width":400,"gform-image-choice-md-height":225,"gform-image-choice-lg":"https:\/\/www.franceavelo.com\/wp-content\/uploads\/2024\/12\/sarnen-4693767_1920.jpg","gform-image-choice-lg-width":600,"gform-image-choice-lg-height":338}},"product_gallery_item_video_thumbnail":false,"product_gallery_item_video_url":""},{"product_gallery_item_type":"image","product_gallery_item_image":{"ID":74432,"id":74432,"title":"swiss-1560616_1920","filename":"swiss-1560616_1920.jpg","filesize":1252549,"url":"https:\/\/www.franceavelo.com\/wp-content\/uploads\/2024\/12\/swiss-1560616_1920.jpg","link":"https:\/\/www.franceavelo.com\/de\/product\/schweiz-route-vevey-luzern-ungefuehrt-7-tage-klassik\/swiss-1560616_1920-2\/","alt":"Vignes sur la c\u00f4te","author":"12","description":"","caption":"","name":"swiss-1560616_1920-2","status":"inherit","uploaded_to":74320,"date":"2024-12-20 13:00:16","modified":"2026-04-03 12:03:00","menu_order":0,"mime_type":"image\/jpeg","type":"image","subtype":"jpeg","icon":"https:\/\/www.franceavelo.com\/wp-includes\/images\/media\/default.png","width":1920,"height":1280,"sizes":{"thumbnail":"https:\/\/www.franceavelo.com\/wp-content\/uploads\/2024\/12\/swiss-1560616_1920-150x150.jpg","thumbnail-width":150,"thumbnail-height":150,"medium":"https:\/\/www.franceavelo.com\/wp-content\/uploads\/2024\/12\/swiss-1560616_1920-300x200.jpg","medium-width":300,"medium-height":200,"medium_large":"https:\/\/www.franceavelo.com\/wp-content\/uploads\/2024\/12\/swiss-1560616_1920-768x512.jpg","medium_large-width":768,"medium_large-height":512,"large":"https:\/\/www.franceavelo.com\/wp-content\/uploads\/2024\/12\/swiss-1560616_1920-1024x683.jpg","large-width":1024,"large-height":683,"1536x1536":"https:\/\/www.franceavelo.com\/wp-content\/uploads\/2024\/12\/swiss-1560616_1920-1536x1024.jpg","1536x1536-width":1536,"1536x1536-height":1024,"2048x2048":"https:\/\/www.franceavelo.com\/wp-content\/uploads\/2024\/12\/swiss-1560616_1920.jpg","2048x2048-width":1920,"2048x2048-height":1280,"product_option_intro":"https:\/\/www.franceavelo.com\/wp-content\/uploads\/2024\/12\/swiss-1560616_1920-300x220.jpg","product_option_intro-width":300,"product_option_intro-height":220,"postlist_thumbnail":"https:\/\/www.franceavelo.com\/wp-content\/uploads\/2024\/12\/swiss-1560616_1920-200x200.jpg","postlist_thumbnail-width":200,"postlist_thumbnail-height":200,"content_full_desktop":"https:\/\/www.franceavelo.com\/wp-content\/uploads\/2024\/12\/swiss-1560616_1920-970x647.jpg","content_full_desktop-width":970,"content_full_desktop-height":647,"content_full_desktop_retina":"https:\/\/www.franceavelo.com\/wp-content\/uploads\/2024\/12\/swiss-1560616_1920.jpg","content_full_desktop_retina-width":1920,"content_full_desktop_retina-height":1280,"content_half_desktop":"https:\/\/www.franceavelo.com\/wp-content\/uploads\/2024\/12\/swiss-1560616_1920-485x323.jpg","content_half_desktop-width":485,"content_half_desktop-height":323,"content_full_tablet":"https:\/\/www.franceavelo.com\/wp-content\/uploads\/2024\/12\/swiss-1560616_1920-750x500.jpg","content_full_tablet-width":750,"content_full_tablet-height":500,"content_full_tablet_retina":"https:\/\/www.franceavelo.com\/wp-content\/uploads\/2024\/12\/swiss-1560616_1920-1500x1000.jpg","content_full_tablet_retina-width":1500,"content_full_tablet_retina-height":1000,"content_half_tablet":"https:\/\/www.franceavelo.com\/wp-content\/uploads\/2024\/12\/swiss-1560616_1920-375x250.jpg","content_half_tablet-width":375,"content_half_tablet-height":250,"content_full_mobile":"https:\/\/www.franceavelo.com\/wp-content\/uploads\/2024\/12\/swiss-1560616_1920-500x333.jpg","content_full_mobile-width":500,"content_full_mobile-height":333,"content_full_mobile_retina":"https:\/\/www.franceavelo.com\/wp-content\/uploads\/2024\/12\/swiss-1560616_1920-1000x667.jpg","content_full_mobile_retina-width":1000,"content_full_mobile_retina-height":667,"content_full_smallmobile":"https:\/\/www.franceavelo.com\/wp-content\/uploads\/2024\/12\/swiss-1560616_1920-380x180.jpg","content_full_smallmobile-width":380,"content_full_smallmobile-height":180,"content_head_mobile":"https:\/\/www.franceavelo.com\/wp-content\/uploads\/2024\/12\/swiss-1560616_1920-320x430.jpg","content_head_mobile-width":320,"content_head_mobile-height":430,"content_head_tablet":"https:\/\/www.franceavelo.com\/wp-content\/uploads\/2024\/12\/swiss-1560616_1920-540x500.jpg","content_head_tablet-width":540,"content_head_tablet-height":500,"content_highlight_desktop":"https:\/\/www.franceavelo.com\/wp-content\/uploads\/2024\/12\/swiss-1560616_1920-350x240.jpg","content_highlight_desktop-width":350,"content_highlight_desktop-height":240,"content_highlight_desktop_retina":"https:\/\/www.franceavelo.com\/wp-content\/uploads\/2024\/12\/swiss-1560616_1920-700x480.jpg","content_highlight_desktop_retina-width":700,"content_highlight_desktop_retina-height":480,"content_testimony_mobile":"https:\/\/www.franceavelo.com\/wp-content\/uploads\/2024\/12\/swiss-1560616_1920-480x1100.jpg","content_testimony_mobile-width":480,"content_testimony_mobile-height":1100,"content_type_image_desktop":"https:\/\/www.franceavelo.com\/wp-content\/uploads\/2024\/12\/swiss-1560616_1920-600x400.jpg","content_type_image_desktop-width":600,"content_type_image_desktop-height":400,"content_type_image_desktop_retina":"https:\/\/www.franceavelo.com\/wp-content\/uploads\/2024\/12\/swiss-1560616_1920-1200x800.jpg","content_type_image_desktop_retina-width":1200,"content_type_image_desktop_retina-height":800,"content_type_image_mobile":"https:\/\/www.franceavelo.com\/wp-content\/uploads\/2024\/12\/swiss-1560616_1920-450x300.jpg","content_type_image_mobile-width":450,"content_type_image_mobile-height":300,"gform-image-choice-sm":"https:\/\/www.franceavelo.com\/wp-content\/uploads\/2024\/12\/swiss-1560616_1920.jpg","gform-image-choice-sm-width":300,"gform-image-choice-sm-height":200,"gform-image-choice-md":"https:\/\/www.franceavelo.com\/wp-content\/uploads\/2024\/12\/swiss-1560616_1920.jpg","gform-image-choice-md-width":400,"gform-image-choice-md-height":267,"gform-image-choice-lg":"https:\/\/www.franceavelo.com\/wp-content\/uploads\/2024\/12\/swiss-1560616_1920.jpg","gform-image-choice-lg-width":600,"gform-image-choice-lg-height":400}},"product_gallery_item_video_thumbnail":false,"product_gallery_item_video_url":""},{"product_gallery_item_type":"image","product_gallery_item_image":{"ID":74435,"id":74435,"title":"truebsee-5337646_1920","filename":"truebsee-5337646_1920.jpg","filesize":888580,"url":"https:\/\/www.franceavelo.com\/wp-content\/uploads\/2024\/12\/truebsee-5337646_1920.jpg","link":"https:\/\/www.franceavelo.com\/de\/product\/schweiz-route-vevey-luzern-ungefuehrt-7-tage-klassik\/truebsee-5337646_1920-2\/","alt":"Lac et montagnes ","author":"12","description":"","caption":"","name":"truebsee-5337646_1920-2","status":"inherit","uploaded_to":74320,"date":"2024-12-20 13:00:19","modified":"2026-04-03 12:12:12","menu_order":0,"mime_type":"image\/jpeg","type":"image","subtype":"jpeg","icon":"https:\/\/www.franceavelo.com\/wp-includes\/images\/media\/default.png","width":1920,"height":1281,"sizes":{"thumbnail":"https:\/\/www.franceavelo.com\/wp-content\/uploads\/2024\/12\/truebsee-5337646_1920-150x150.jpg","thumbnail-width":150,"thumbnail-height":150,"medium":"https:\/\/www.franceavelo.com\/wp-content\/uploads\/2024\/12\/truebsee-5337646_1920-300x200.jpg","medium-width":300,"medium-height":200,"medium_large":"https:\/\/www.franceavelo.com\/wp-content\/uploads\/2024\/12\/truebsee-5337646_1920-768x512.jpg","medium_large-width":768,"medium_large-height":512,"large":"https:\/\/www.franceavelo.com\/wp-content\/uploads\/2024\/12\/truebsee-5337646_1920-1024x683.jpg","large-width":1024,"large-height":683,"1536x1536":"https:\/\/www.franceavelo.com\/wp-content\/uploads\/2024\/12\/truebsee-5337646_1920-1536x1025.jpg","1536x1536-width":1536,"1536x1536-height":1025,"2048x2048":"https:\/\/www.franceavelo.com\/wp-content\/uploads\/2024\/12\/truebsee-5337646_1920.jpg","2048x2048-width":1920,"2048x2048-height":1281,"product_option_intro":"https:\/\/www.franceavelo.com\/wp-content\/uploads\/2024\/12\/truebsee-5337646_1920-300x220.jpg","product_option_intro-width":300,"product_option_intro-height":220,"postlist_thumbnail":"https:\/\/www.franceavelo.com\/wp-content\/uploads\/2024\/12\/truebsee-5337646_1920-200x200.jpg","postlist_thumbnail-width":200,"postlist_thumbnail-height":200,"content_full_desktop":"https:\/\/www.franceavelo.com\/wp-content\/uploads\/2024\/12\/truebsee-5337646_1920-970x647.jpg","content_full_desktop-width":970,"content_full_desktop-height":647,"content_full_desktop_retina":"https:\/\/www.franceavelo.com\/wp-content\/uploads\/2024\/12\/truebsee-5337646_1920.jpg","content_full_desktop_retina-width":1920,"content_full_desktop_retina-height":1281,"content_half_desktop":"https:\/\/www.franceavelo.com\/wp-content\/uploads\/2024\/12\/truebsee-5337646_1920-485x324.jpg","content_half_desktop-width":485,"content_half_desktop-height":324,"content_full_tablet":"https:\/\/www.franceavelo.com\/wp-content\/uploads\/2024\/12\/truebsee-5337646_1920-750x500.jpg","content_full_tablet-width":750,"content_full_tablet-height":500,"content_full_tablet_retina":"https:\/\/www.franceavelo.com\/wp-content\/uploads\/2024\/12\/truebsee-5337646_1920-1500x1001.jpg","content_full_tablet_retina-width":1500,"content_full_tablet_retina-height":1001,"content_half_tablet":"https:\/\/www.franceavelo.com\/wp-content\/uploads\/2024\/12\/truebsee-5337646_1920-375x250.jpg","content_half_tablet-width":375,"content_half_tablet-height":250,"content_full_mobile":"https:\/\/www.franceavelo.com\/wp-content\/uploads\/2024\/12\/truebsee-5337646_1920-500x334.jpg","content_full_mobile-width":500,"content_full_mobile-height":334,"content_full_mobile_retina":"https:\/\/www.franceavelo.com\/wp-content\/uploads\/2024\/12\/truebsee-5337646_1920-1000x667.jpg","content_full_mobile_retina-width":1000,"content_full_mobile_retina-height":667,"content_full_smallmobile":"https:\/\/www.franceavelo.com\/wp-content\/uploads\/2024\/12\/truebsee-5337646_1920-380x180.jpg","content_full_smallmobile-width":380,"content_full_smallmobile-height":180,"content_head_mobile":"https:\/\/www.franceavelo.com\/wp-content\/uploads\/2024\/12\/truebsee-5337646_1920-320x430.jpg","content_head_mobile-width":320,"content_head_mobile-height":430,"content_head_tablet":"https:\/\/www.franceavelo.com\/wp-content\/uploads\/2024\/12\/truebsee-5337646_1920-540x500.jpg","content_head_tablet-width":540,"content_head_tablet-height":500,"content_highlight_desktop":"https:\/\/www.franceavelo.com\/wp-content\/uploads\/2024\/12\/truebsee-5337646_1920-350x240.jpg","content_highlight_desktop-width":350,"content_highlight_desktop-height":240,"content_highlight_desktop_retina":"https:\/\/www.franceavelo.com\/wp-content\/uploads\/2024\/12\/truebsee-5337646_1920-700x480.jpg","content_highlight_desktop_retina-width":700,"content_highlight_desktop_retina-height":480,"content_testimony_mobile":"https:\/\/www.franceavelo.com\/wp-content\/uploads\/2024\/12\/truebsee-5337646_1920-480x1100.jpg","content_testimony_mobile-width":480,"content_testimony_mobile-height":1100,"content_type_image_desktop":"https:\/\/www.franceavelo.com\/wp-content\/uploads\/2024\/12\/truebsee-5337646_1920-600x400.jpg","content_type_image_desktop-width":600,"content_type_image_desktop-height":400,"content_type_image_desktop_retina":"https:\/\/www.franceavelo.com\/wp-content\/uploads\/2024\/12\/truebsee-5337646_1920-1200x801.jpg","content_type_image_desktop_retina-width":1200,"content_type_image_desktop_retina-height":801,"content_type_image_mobile":"https:\/\/www.franceavelo.com\/wp-content\/uploads\/2024\/12\/truebsee-5337646_1920-450x300.jpg","content_type_image_mobile-width":450,"content_type_image_mobile-height":300,"gform-image-choice-sm":"https:\/\/www.franceavelo.com\/wp-content\/uploads\/2024\/12\/truebsee-5337646_1920.jpg","gform-image-choice-sm-width":300,"gform-image-choice-sm-height":200,"gform-image-choice-md":"https:\/\/www.franceavelo.com\/wp-content\/uploads\/2024\/12\/truebsee-5337646_1920.jpg","gform-image-choice-md-width":400,"gform-image-choice-md-height":267,"gform-image-choice-lg":"https:\/\/www.franceavelo.com\/wp-content\/uploads\/2024\/12\/truebsee-5337646_1920.jpg","gform-image-choice-lg-width":600,"gform-image-choice-lg-height":400}},"product_gallery_item_video_thumbnail":false,"product_gallery_item_video_url":""},{"product_gallery_item_type":"image","product_gallery_item_image":{"ID":74438,"id":74438,"title":"lake-3918137_1920","filename":"lake-3918137_1920.jpg","filesize":1018328,"url":"https:\/\/www.franceavelo.com\/wp-content\/uploads\/2024\/12\/lake-3918137_1920.jpg","link":"https:\/\/www.franceavelo.com\/de\/product\/schweiz-route-vevey-luzern-ungefuehrt-7-tage-klassik\/lake-3918137_1920-2\/","alt":"Ville vue sur lac ","author":"12","description":"","caption":"","name":"lake-3918137_1920-2","status":"inherit","uploaded_to":74320,"date":"2024-12-20 13:00:22","modified":"2026-04-03 12:11:46","menu_order":0,"mime_type":"image\/jpeg","type":"image","subtype":"jpeg","icon":"https:\/\/www.franceavelo.com\/wp-includes\/images\/media\/default.png","width":1920,"height":1280,"sizes":{"thumbnail":"https:\/\/www.franceavelo.com\/wp-content\/uploads\/2024\/12\/lake-3918137_1920-150x150.jpg","thumbnail-width":150,"thumbnail-height":150,"medium":"https:\/\/www.franceavelo.com\/wp-content\/uploads\/2024\/12\/lake-3918137_1920-300x200.jpg","medium-width":300,"medium-height":200,"medium_large":"https:\/\/www.franceavelo.com\/wp-content\/uploads\/2024\/12\/lake-3918137_1920-768x512.jpg","medium_large-width":768,"medium_large-height":512,"large":"https:\/\/www.franceavelo.com\/wp-content\/uploads\/2024\/12\/lake-3918137_1920-1024x683.jpg","large-width":1024,"large-height":683,"1536x1536":"https:\/\/www.franceavelo.com\/wp-content\/uploads\/2024\/12\/lake-3918137_1920-1536x1024.jpg","1536x1536-width":1536,"1536x1536-height":1024,"2048x2048":"https:\/\/www.franceavelo.com\/wp-content\/uploads\/2024\/12\/lake-3918137_1920.jpg","2048x2048-width":1920,"2048x2048-height":1280,"product_option_intro":"https:\/\/www.franceavelo.com\/wp-content\/uploads\/2024\/12\/lake-3918137_1920-300x220.jpg","product_option_intro-width":300,"product_option_intro-height":220,"postlist_thumbnail":"https:\/\/www.franceavelo.com\/wp-content\/uploads\/2024\/12\/lake-3918137_1920-200x200.jpg","postlist_thumbnail-width":200,"postlist_thumbnail-height":200,"content_full_desktop":"https:\/\/www.franceavelo.com\/wp-content\/uploads\/2024\/12\/lake-3918137_1920-970x647.jpg","content_full_desktop-width":970,"content_full_desktop-height":647,"content_full_desktop_retina":"https:\/\/www.franceavelo.com\/wp-content\/uploads\/2024\/12\/lake-3918137_1920.jpg","content_full_desktop_retina-width":1920,"content_full_desktop_retina-height":1280,"content_half_desktop":"https:\/\/www.franceavelo.com\/wp-content\/uploads\/2024\/12\/lake-3918137_1920-485x323.jpg","content_half_desktop-width":485,"content_half_desktop-height":323,"content_full_tablet":"https:\/\/www.franceavelo.com\/wp-content\/uploads\/2024\/12\/lake-3918137_1920-750x500.jpg","content_full_tablet-width":750,"content_full_tablet-height":500,"content_full_tablet_retina":"https:\/\/www.franceavelo.com\/wp-content\/uploads\/2024\/12\/lake-3918137_1920-1500x1000.jpg","content_full_tablet_retina-width":1500,"content_full_tablet_retina-height":1000,"content_half_tablet":"https:\/\/www.franceavelo.com\/wp-content\/uploads\/2024\/12\/lake-3918137_1920-375x250.jpg","content_half_tablet-width":375,"content_half_tablet-height":250,"content_full_mobile":"https:\/\/www.franceavelo.com\/wp-content\/uploads\/2024\/12\/lake-3918137_1920-500x333.jpg","content_full_mobile-width":500,"content_full_mobile-height":333,"content_full_mobile_retina":"https:\/\/www.franceavelo.com\/wp-content\/uploads\/2024\/12\/lake-3918137_1920-1000x667.jpg","content_full_mobile_retina-width":1000,"content_full_mobile_retina-height":667,"content_full_smallmobile":"https:\/\/www.franceavelo.com\/wp-content\/uploads\/2024\/12\/lake-3918137_1920-380x180.jpg","content_full_smallmobile-width":380,"content_full_smallmobile-height":180,"content_head_mobile":"https:\/\/www.franceavelo.com\/wp-content\/uploads\/2024\/12\/lake-3918137_1920-320x430.jpg","content_head_mobile-width":320,"content_head_mobile-height":430,"content_head_tablet":"https:\/\/www.franceavelo.com\/wp-content\/uploads\/2024\/12\/lake-3918137_1920-540x500.jpg","content_head_tablet-width":540,"content_head_tablet-height":500,"content_highlight_desktop":"https:\/\/www.franceavelo.com\/wp-content\/uploads\/2024\/12\/lake-3918137_1920-350x240.jpg","content_highlight_desktop-width":350,"content_highlight_desktop-height":240,"content_highlight_desktop_retina":"https:\/\/www.franceavelo.com\/wp-content\/uploads\/2024\/12\/lake-3918137_1920-700x480.jpg","content_highlight_desktop_retina-width":700,"content_highlight_desktop_retina-height":480,"content_testimony_mobile":"https:\/\/www.franceavelo.com\/wp-content\/uploads\/2024\/12\/lake-3918137_1920-480x1100.jpg","content_testimony_mobile-width":480,"content_testimony_mobile-height":1100,"content_type_image_desktop":"https:\/\/www.franceavelo.com\/wp-content\/uploads\/2024\/12\/lake-3918137_1920-600x400.jpg","content_type_image_desktop-width":600,"content_type_image_desktop-height":400,"content_type_image_desktop_retina":"https:\/\/www.franceavelo.com\/wp-content\/uploads\/2024\/12\/lake-3918137_1920-1200x800.jpg","content_type_image_desktop_retina-width":1200,"content_type_image_desktop_retina-height":800,"content_type_image_mobile":"https:\/\/www.franceavelo.com\/wp-content\/uploads\/2024\/12\/lake-3918137_1920-450x300.jpg","content_type_image_mobile-width":450,"content_type_image_mobile-height":300,"gform-image-choice-sm":"https:\/\/www.franceavelo.com\/wp-content\/uploads\/2024\/12\/lake-3918137_1920.jpg","gform-image-choice-sm-width":300,"gform-image-choice-sm-height":200,"gform-image-choice-md":"https:\/\/www.franceavelo.com\/wp-content\/uploads\/2024\/12\/lake-3918137_1920.jpg","gform-image-choice-md-width":400,"gform-image-choice-md-height":267,"gform-image-choice-lg":"https:\/\/www.franceavelo.com\/wp-content\/uploads\/2024\/12\/lake-3918137_1920.jpg","gform-image-choice-lg-width":600,"gform-image-choice-lg-height":400}},"product_gallery_item_video_thumbnail":false,"product_gallery_item_video_url":""},{"product_gallery_item_type":"image","product_gallery_item_image":{"ID":74414,"id":74414,"title":"lake-4425606_1920","filename":"lake-4425606_1920.jpg","filesize":794327,"url":"https:\/\/www.franceavelo.com\/wp-content\/uploads\/2024\/12\/lake-4425606_1920.jpg","link":"https:\/\/www.franceavelo.com\/de\/product\/schweiz-route-vevey-luzern-ungefuehrt-7-tage-klassik\/lake-4425606_1920-2\/","alt":"Lac au milieu des montagnes","author":"12","description":"","caption":"","name":"lake-4425606_1920-2","status":"inherit","uploaded_to":74320,"date":"2024-12-20 12:59:58","modified":"2026-04-03 12:12:21","menu_order":0,"mime_type":"image\/jpeg","type":"image","subtype":"jpeg","icon":"https:\/\/www.franceavelo.com\/wp-includes\/images\/media\/default.png","width":1920,"height":1187,"sizes":{"thumbnail":"https:\/\/www.franceavelo.com\/wp-content\/uploads\/2024\/12\/lake-4425606_1920-150x150.jpg","thumbnail-width":150,"thumbnail-height":150,"medium":"https:\/\/www.franceavelo.com\/wp-content\/uploads\/2024\/12\/lake-4425606_1920-300x185.jpg","medium-width":300,"medium-height":185,"medium_large":"https:\/\/www.franceavelo.com\/wp-content\/uploads\/2024\/12\/lake-4425606_1920-768x475.jpg","medium_large-width":768,"medium_large-height":475,"large":"https:\/\/www.franceavelo.com\/wp-content\/uploads\/2024\/12\/lake-4425606_1920-1024x633.jpg","large-width":1024,"large-height":633,"1536x1536":"https:\/\/www.franceavelo.com\/wp-content\/uploads\/2024\/12\/lake-4425606_1920-1536x950.jpg","1536x1536-width":1536,"1536x1536-height":950,"2048x2048":"https:\/\/www.franceavelo.com\/wp-content\/uploads\/2024\/12\/lake-4425606_1920.jpg","2048x2048-width":1920,"2048x2048-height":1187,"product_option_intro":"https:\/\/www.franceavelo.com\/wp-content\/uploads\/2024\/12\/lake-4425606_1920-300x220.jpg","product_option_intro-width":300,"product_option_intro-height":220,"postlist_thumbnail":"https:\/\/www.franceavelo.com\/wp-content\/uploads\/2024\/12\/lake-4425606_1920-200x200.jpg","postlist_thumbnail-width":200,"postlist_thumbnail-height":200,"content_full_desktop":"https:\/\/www.franceavelo.com\/wp-content\/uploads\/2024\/12\/lake-4425606_1920-970x600.jpg","content_full_desktop-width":970,"content_full_desktop-height":600,"content_full_desktop_retina":"https:\/\/www.franceavelo.com\/wp-content\/uploads\/2024\/12\/lake-4425606_1920.jpg","content_full_desktop_retina-width":1920,"content_full_desktop_retina-height":1187,"content_half_desktop":"https:\/\/www.franceavelo.com\/wp-content\/uploads\/2024\/12\/lake-4425606_1920-485x300.jpg","content_half_desktop-width":485,"content_half_desktop-height":300,"content_full_tablet":"https:\/\/www.franceavelo.com\/wp-content\/uploads\/2024\/12\/lake-4425606_1920-750x464.jpg","content_full_tablet-width":750,"content_full_tablet-height":464,"content_full_tablet_retina":"https:\/\/www.franceavelo.com\/wp-content\/uploads\/2024\/12\/lake-4425606_1920-1500x927.jpg","content_full_tablet_retina-width":1500,"content_full_tablet_retina-height":927,"content_half_tablet":"https:\/\/www.franceavelo.com\/wp-content\/uploads\/2024\/12\/lake-4425606_1920-375x232.jpg","content_half_tablet-width":375,"content_half_tablet-height":232,"content_full_mobile":"https:\/\/www.franceavelo.com\/wp-content\/uploads\/2024\/12\/lake-4425606_1920-500x309.jpg","content_full_mobile-width":500,"content_full_mobile-height":309,"content_full_mobile_retina":"https:\/\/www.franceavelo.com\/wp-content\/uploads\/2024\/12\/lake-4425606_1920-1000x618.jpg","content_full_mobile_retina-width":1000,"content_full_mobile_retina-height":618,"content_full_smallmobile":"https:\/\/www.franceavelo.com\/wp-content\/uploads\/2024\/12\/lake-4425606_1920-380x180.jpg","content_full_smallmobile-width":380,"content_full_smallmobile-height":180,"content_head_mobile":"https:\/\/www.franceavelo.com\/wp-content\/uploads\/2024\/12\/lake-4425606_1920-320x430.jpg","content_head_mobile-width":320,"content_head_mobile-height":430,"content_head_tablet":"https:\/\/www.franceavelo.com\/wp-content\/uploads\/2024\/12\/lake-4425606_1920-540x500.jpg","content_head_tablet-width":540,"content_head_tablet-height":500,"content_highlight_desktop":"https:\/\/www.franceavelo.com\/wp-content\/uploads\/2024\/12\/lake-4425606_1920-350x240.jpg","content_highlight_desktop-width":350,"content_highlight_desktop-height":240,"content_highlight_desktop_retina":"https:\/\/www.franceavelo.com\/wp-content\/uploads\/2024\/12\/lake-4425606_1920-700x480.jpg","content_highlight_desktop_retina-width":700,"content_highlight_desktop_retina-height":480,"content_testimony_mobile":"https:\/\/www.franceavelo.com\/wp-content\/uploads\/2024\/12\/lake-4425606_1920-480x1100.jpg","content_testimony_mobile-width":480,"content_testimony_mobile-height":1100,"content_type_image_desktop":"https:\/\/www.franceavelo.com\/wp-content\/uploads\/2024\/12\/lake-4425606_1920-600x371.jpg","content_type_image_desktop-width":600,"content_type_image_desktop-height":371,"content_type_image_desktop_retina":"https:\/\/www.franceavelo.com\/wp-content\/uploads\/2024\/12\/lake-4425606_1920-1200x742.jpg","content_type_image_desktop_retina-width":1200,"content_type_image_desktop_retina-height":742,"content_type_image_mobile":"https:\/\/www.franceavelo.com\/wp-content\/uploads\/2024\/12\/lake-4425606_1920-450x278.jpg","content_type_image_mobile-width":450,"content_type_image_mobile-height":278,"gform-image-choice-sm":"https:\/\/www.franceavelo.com\/wp-content\/uploads\/2024\/12\/lake-4425606_1920.jpg","gform-image-choice-sm-width":300,"gform-image-choice-sm-height":185,"gform-image-choice-md":"https:\/\/www.franceavelo.com\/wp-content\/uploads\/2024\/12\/lake-4425606_1920.jpg","gform-image-choice-md-width":400,"gform-image-choice-md-height":247,"gform-image-choice-lg":"https:\/\/www.franceavelo.com\/wp-content\/uploads\/2024\/12\/lake-4425606_1920.jpg","gform-image-choice-lg-width":600,"gform-image-choice-lg-height":371}},"product_gallery_item_video_thumbnail":false,"product_gallery_item_video_url":""}],"product_day_by_day_repeat":[{"product_day_by_day_bloc":"<h4><strong>Tag 1 Ankunft in Luzern | Luzern &#8211; Brunnen | Schiffsausflug Brunnen &#8211; Fl\u00fcelen\/Altdorf 42 km<br \/>\n<\/strong><\/h4>\n<p>Gep\u00e4ckaufbewahrung in Luzern. Die Umrundung des Seebeckens von K\u00fcssnacht bildet den Auftakt der Reise durch die Zentralschweiz. Zur\u00fcck am Seeufer erwarten Sie ein fantastisches Bergpanorama und lebhafte Spazierg\u00e4nge am See. Die Axenstrasse vermeiden Sie mit einer Bootsfahrt von Brunnen nach Fl\u00fcelen. Das Telldenkmal in Altdorf ist nur noch einen Steinwurf entfernt.<\/p>\n"},{"product_day_by_day_bloc":"<h4><strong>Tag 2 <\/strong><strong>Altdorf \u2013 Andermatt 36 km<\/strong><\/h4>\n<p>W\u00e4hrend im Reusstal immer die Nord-S\u00fcd-Achse im Mittelpunkt steht, tauchen ab Amsteg die Urner Berge auf. Viadukte, Br\u00fccken und St\u00fctzmauern beherrschen hier das Bild, w\u00e4hrend unten im Tal die Reuss tobt und br\u00fcllt. Die Sch\u00f6llenenschlucht erz\u00e4hlt mit der Teufelsschlucht und den Denkm\u00e4lern aus dem Feldzug von Admiral Suworow unheimliche Geschichten. Eine wechselnde Landschaft erwartet Sie rund um das Bergdorf Andermatt.<\/p>\n"},{"product_day_by_day_bloc":"<h4><strong>Tag 3 <\/strong><strong>Andermatt \u2013 Meiringen \u00a070 km<\/strong><\/h4>\n<p>Runde um Runde schl\u00e4ngelt sich die Stra\u00dfe aus dem Urseren-Tal heraus. Eine rasante Abfahrt f\u00fchrt Sie am Rhonegletscher vorbei und geradewegs auf den n\u00e4chsten Pass. Auf dem Grimsel erwartet Sie ein wahres Wasserschloss mit unz\u00e4hligen Seen und m\u00e4chtigen Staumauern. Auf der Abfahrt gewinnt die Aare Kilometer f\u00fcr Kilometer an Kraft, so dass Sie in der Aareschlucht ins Staunen kommen.<\/p>\n"},{"product_day_by_day_bloc":"<h4><strong>Tag 4 <\/strong><strong>Meiringen \u2013 S\u00f6renberg 41 km<\/strong><\/h4>\n<p>Auch heute stehen wieder zwei P\u00e4sse auf dem Programm. Der Br\u00fcnig bietet einen herrlichen Blick auf den Lungernsee, und die Aussicht von der Panoramastra\u00dfe bis zum Glaubenbielenpass steht dem in nichts nach. Das Dorf S\u00f6renberg liegt in einer idyllischen Bergkulisse am Fu\u00dfe des Brienzer Rothorns.<\/p>\n"},{"product_day_by_day_bloc":"<h4><strong>Tag 5 <\/strong><strong>S\u00f6renberg \u2013 Entlebuch 59 km<\/strong><\/h4>\n<p>Die heutige Etappe f\u00fchrt \u00fcber etwas holprige Wege nach Schangnau, vorbei an den Felsw\u00e4nden des Schrattenfluh- und Hohgantmassivs. Dann erblicken Sie den hohen Turm der Kirche von Escholzmatt und fahren in st\u00e4ndigem Auf und Ab durch das Entlebuch.<\/p>\n"},{"product_day_by_day_bloc":"<h4><strong>Tag 6 <\/strong><strong>Entlebuch \u2013 Sursee 68 km<\/strong><\/h4>\n<p>Die heutige Etappe wird vom Napf dominiert. Sie folgen der gleichnamigen Herzschlaufe in stetigem Auf und Ab bis nach Willisau. Hier g\u00f6nnen Sie sich ein Willisauer Ringli zur Erfrischung und fahren dann weiter ins Seetal. Das St\u00e4dtchen Sursee am Sempachersee ist das Ziel des Tages.<\/p>\n"},{"product_day_by_day_bloc":"<h4><strong>Tag 7 Sursee &#8211; Luzern | 59 km | <\/strong><strong>Abreise <\/strong><strong>oder Verl\u00e4ngerung<br \/>\n<\/strong><\/h4>\n<p>Der Sempachersee liegt vertr\u00e4umt und malerisch hinter Ihnen, der rote Kirchturm der Wiege des Dorfes Berom\u00fcnster ragt vor Ihnen in den Himmel. Auch die letzte Etappe der Route 1291 zeichnet sich durch einige anspruchsvolle Steigungen aus. Ab Hohenrain geht es dann komplett bergab und Sie fahren entspannt zur\u00fcck nach Luzern. Gep\u00e4ckausgabe in Luzern und Abreise.<\/p>\n"}],"product_lodging":"<p>\u2022 6 \u00dcbernachtungen wie aufgef\u00fchrt inkl. Fr\u00fchst\u00fcck<\/p>\n","product_services":"<p>\u2022 6 \u00dcbernachtungen wie aufgef\u00fchrt inkl. Fr\u00fchst\u00fcck<br \/>\n\u2022 T\u00e4glicher Gep\u00e4cktransport<br \/>\n\u2022 Gep\u00e4ckabholgeb\u00fchr am Bahnhof (bei direkter An- und Abreise)<br \/>\n\u2022 Gutschein f\u00fcr die Anreise mit dem Zug<br \/>\n\u2022 Schifffahrt von Brunnen nach Fl\u00fcelen, inklusive Fahrrad<br \/>\n\u2022 Elektronische Reiseunterlagen, inklusive Navigations-App<br \/>\n\u2022 SchweizMobil-Plus-Abonnement f\u00fcr ein Jahr<br \/>\n\u2022 Service-Hotline<\/p>\n<p><em>Kurtaxe ist nicht im Preis mit inbegriffen. Muss vor Ort gezahlt werden.<\/em><\/p>\n","product_dates":"<p><strong>Anreise<\/strong>: T\u00e4glich 27.06 \u2013 13.09.2026<\/p>\n","product_link_product_repeat":[{"product_link_product_item":{"ID":42312,"post_author":"12","post_date":"2018-12-03 11:55:51","post_date_gmt":"2018-12-03 10:55:51","post_content":"","post_title":"Holland - Utrecht nach Amsterdam - Ungef\u00fchrt - 5 Tage - Klassik","post_excerpt":"","post_status":"publish","comment_status":"open","ping_status":"closed","post_password":"","post_name":"radreise-holland-gruene-herz-tour-individuell-5-tage","to_ping":"","pinged":"","post_modified":"2025-11-26 14:00:36","post_modified_gmt":"2025-11-26 13:00:36","post_content_filtered":"","post_parent":0,"guid":"https:\/\/www.franceavelo.com\/?post_type=product&#038;p=42312","menu_order":0,"post_type":"product","post_mime_type":"","comment_count":"0","filter":"raw"}},{"product_link_product_item":{"ID":73521,"post_author":"12","post_date":"2024-12-17 17:28:57","post_date_gmt":"2024-12-17 16:28:57","post_content":"","post_title":"Von Deutschland nach Ungarn - Passau nach Budapest - Ungef\u00fchrt - 10 Tage - Klassik","post_excerpt":"","post_status":"publish","comment_status":"open","ping_status":"closed","post_password":"","post_name":"radreise-von-deutschland-nach-ungarn-passau-budapest-10tage","to_ping":"","pinged":"","post_modified":"2025-11-13 12:07:05","post_modified_gmt":"2025-11-13 11:07:05","post_content_filtered":"","post_parent":0,"guid":"https:\/\/www.franceavelo.com\/?post_type=product&#038;p=73521","menu_order":0,"post_type":"product","post_mime_type":"","comment_count":"0","filter":"raw"}},{"product_link_product_item":{"ID":74047,"post_author":"12","post_date":"2024-12-18 16:48:09","post_date_gmt":"2024-12-18 15:48:09","post_content":"","post_title":"\u00d6sterreich - Neusiedler See Center Tour - Ungef\u00fchrt - 8 Tage - Classic","post_excerpt":"","post_status":"publish","comment_status":"open","ping_status":"closed","post_password":"","post_name":"radreise-neusiedler-see-center-tour-8tage","to_ping":"","pinged":"","post_modified":"2025-11-24 14:48:30","post_modified_gmt":"2025-11-24 13:48:30","post_content_filtered":"","post_parent":0,"guid":"https:\/\/www.franceavelo.com\/?post_type=product&#038;p=74047","menu_order":0,"post_type":"product","post_mime_type":"","comment_count":"0","filter":"raw"}}],"product_start_date_type":"range","product_start_date_repeat":[{"product_start_date":"12\/04\/2019"}],"product_price_double_room":"1545","product_option_third_place_available":"false","product_price_simple_room":"1862","product_option_road_bike":"","product_option_follow_bike":"","product_option_trailer":"","product_start_date_range":"27\/06\/2026","product_end_date_range":"13\/09\/2026","product_days_range":["lundi","mardi","mercredi","jeudi","vendredi","samedi","dimanche"],"product_small_group_price":"","product_small_group_number":"","product_additional_info":"<p><strong>Streckencharakteristik <\/strong><strong>: <\/strong><\/p>\n<p>Die Route ist entlang der vielen Seen nat\u00fcrlich flach &#8211; zwischen den Gew\u00e4ssern sind jedoch immer gr\u00f6\u00dfere Steigungen zu \u00fcberwinden: Weniger sportlichen Radfahrern wird daher ein Elektrofahrrad empfohlen, das f\u00fcr diese Route besonders geeignet ist. Sportliche Radfahrer nehmen die Etappen auf Tourenr\u00e4dern in Angriff und verk\u00fcrzen die Strecke bei Bedarf mit \u00f6ffentlichen Verkehrsmitteln.<\/p>\n<p>&nbsp;<\/p>\n","product_how_to_come":"<p><strong>Transportmittel :<\/strong><\/p>\n<p>&#8211; Anreise mit den \u00f6ffentlichen Verkehrsmitteln nach Luzern. Wenn Sie direkt anreisen, geben Sie Ihr Gep\u00e4ck bis sp\u00e4testens 10:00 Uhr am Gep\u00e4ckschalter ab.<br \/>\n&#8211; Abreise von Luzern mit \u00f6ffentlichen Verkehrsmitteln. Bei direkter Abreise muss das Gep\u00e4ck bis sp\u00e4testens 17.00 Uhr an der Gep\u00e4ckaufbewahrung abgegeben werden.<\/p>\n","product_super_small_group_price":"","product_super_small_group_number":"","product_option_transfert_disable":false,"product_map_circuit":false,"product_nb_day":"7","product_nb_night":"6","product_option_helmet":"","product_solo_traveler_price":"","product_option_add_night_double_after":"145","product_option_add_night_double_before":"145","product_option_add_night_single_before":"220","product_option_add_night_single_after":"220","product_landscape":[{"value":"la_1","label":"Mer\/oc\u00e9an"},{"value":"la_2","label":"Nature"},{"value":"la_3","label":"Fleuve"},{"value":"la_4","label":"Ville"},{"value":"la_6","label":"Voie verte"}],"product_subzone":"eu_3","product_ambiance":[{"value":"am_2","label":"Sportif"},{"value":"am_4","label":"E bike"},{"value":"am_5","label":"Culture\u00a0"}],"product_difficulty":"3","product_option_children_seat":"","product_nb_kilometer":"375","product_seasons":[{"product_seasons_begin_date":"20260829","product_seasons_end_date":"20260913","product_seasons_double_room_price":"1545","product_seasons_option_add_night_double_before":"145","product_seasons_option_add_night_double_after":"145","product_seasons_single_room_price":"1862","product_seasons_option_add_night_single_before":"220","product_seasons_option_add_night_single_after":"220"},{"product_seasons_begin_date":"20260627","product_seasons_end_date":"20260828","product_seasons_double_room_price":"1599","product_seasons_option_add_night_double_before":"145","product_seasons_option_add_night_double_after":"145","product_seasons_single_room_price":"1916","product_seasons_option_add_night_single_before":"220","product_seasons_option_add_night_single_after":"220"}],"product_price_from":"1545","product_option_vtc_bike":"204","product_option_electric_bike":"368","product_option_transfert_repeat":[{"product_option_transfert_city":"Gedrucktes Reisetagebuch pro Zimmer","product_option_transfert_price":"30","product_option_transfert_display_as_checkbox":true}],"product_pdf_datasheet":{"ID":79159,"id":79159,"title":"Schweiz_Route 1291_SR7C_7 tage_Klassik_2026","filename":"Schweiz_Route-1291_SR7C_7-tage_Klassik_2026.pdf","filesize":2752906,"url":"https:\/\/www.franceavelo.com\/wp-content\/uploads\/2024\/12\/Schweiz_Route-1291_SR7C_7-tage_Klassik_2026.pdf","link":"https:\/\/www.franceavelo.com\/de\/product\/schweiz-route-1291-ungefuehrt-7-tage-klassik\/schweiz_route-1291_sr7c_7-tage_klassik_2026\/","alt":"","author":"12","description":"","caption":"","name":"schweiz_route-1291_sr7c_7-tage_klassik_2026","status":"inherit","uploaded_to":74440,"date":"2025-11-26 14:17:33","modified":"2025-11-26 14:17:33","menu_order":0,"mime_type":"application\/pdf","type":"application","subtype":"pdf","icon":"https:\/\/www.franceavelo.com\/wp-includes\/images\/media\/document.png"},"product_main_img":{"ID":74432,"id":74432,"title":"swiss-1560616_1920","filename":"swiss-1560616_1920.jpg","filesize":1252549,"url":"https:\/\/www.franceavelo.com\/wp-content\/uploads\/2024\/12\/swiss-1560616_1920.jpg","link":"https:\/\/www.franceavelo.com\/de\/product\/schweiz-route-vevey-luzern-ungefuehrt-7-tage-klassik\/swiss-1560616_1920-2\/","alt":"Vignes sur la c\u00f4te","author":"12","description":"","caption":"","name":"swiss-1560616_1920-2","status":"inherit","uploaded_to":74320,"date":"2024-12-20 13:00:16","modified":"2026-04-03 12:03:00","menu_order":0,"mime_type":"image\/jpeg","type":"image","subtype":"jpeg","icon":"https:\/\/www.franceavelo.com\/wp-includes\/images\/media\/default.png","width":1920,"height":1280,"sizes":{"thumbnail":"https:\/\/www.franceavelo.com\/wp-content\/uploads\/2024\/12\/swiss-1560616_1920-150x150.jpg","thumbnail-width":150,"thumbnail-height":150,"medium":"https:\/\/www.franceavelo.com\/wp-content\/uploads\/2024\/12\/swiss-1560616_1920-300x200.jpg","medium-width":300,"medium-height":200,"medium_large":"https:\/\/www.franceavelo.com\/wp-content\/uploads\/2024\/12\/swiss-1560616_1920-768x512.jpg","medium_large-width":768,"medium_large-height":512,"large":"https:\/\/www.franceavelo.com\/wp-content\/uploads\/2024\/12\/swiss-1560616_1920-1024x683.jpg","large-width":1024,"large-height":683,"1536x1536":"https:\/\/www.franceavelo.com\/wp-content\/uploads\/2024\/12\/swiss-1560616_1920-1536x1024.jpg","1536x1536-width":1536,"1536x1536-height":1024,"2048x2048":"https:\/\/www.franceavelo.com\/wp-content\/uploads\/2024\/12\/swiss-1560616_1920.jpg","2048x2048-width":1920,"2048x2048-height":1280,"product_option_intro":"https:\/\/www.franceavelo.com\/wp-content\/uploads\/2024\/12\/swiss-1560616_1920-300x220.jpg","product_option_intro-width":300,"product_option_intro-height":220,"postlist_thumbnail":"https:\/\/www.franceavelo.com\/wp-content\/uploads\/2024\/12\/swiss-1560616_1920-200x200.jpg","postlist_thumbnail-width":200,"postlist_thumbnail-height":200,"content_full_desktop":"https:\/\/www.franceavelo.com\/wp-content\/uploads\/2024\/12\/swiss-1560616_1920-970x647.jpg","content_full_desktop-width":970,"content_full_desktop-height":647,"content_full_desktop_retina":"https:\/\/www.franceavelo.com\/wp-content\/uploads\/2024\/12\/swiss-1560616_1920.jpg","content_full_desktop_retina-width":1920,"content_full_desktop_retina-height":1280,"content_half_desktop":"https:\/\/www.franceavelo.com\/wp-content\/uploads\/2024\/12\/swiss-1560616_1920-485x323.jpg","content_half_desktop-width":485,"content_half_desktop-height":323,"content_full_tablet":"https:\/\/www.franceavelo.com\/wp-content\/uploads\/2024\/12\/swiss-1560616_1920-750x500.jpg","content_full_tablet-width":750,"content_full_tablet-height":500,"content_full_tablet_retina":"https:\/\/www.franceavelo.com\/wp-content\/uploads\/2024\/12\/swiss-1560616_1920-1500x1000.jpg","content_full_tablet_retina-width":1500,"content_full_tablet_retina-height":1000,"content_half_tablet":"https:\/\/www.franceavelo.com\/wp-content\/uploads\/2024\/12\/swiss-1560616_1920-375x250.jpg","content_half_tablet-width":375,"content_half_tablet-height":250,"content_full_mobile":"https:\/\/www.franceavelo.com\/wp-content\/uploads\/2024\/12\/swiss-1560616_1920-500x333.jpg","content_full_mobile-width":500,"content_full_mobile-height":333,"content_full_mobile_retina":"https:\/\/www.franceavelo.com\/wp-content\/uploads\/2024\/12\/swiss-1560616_1920-1000x667.jpg","content_full_mobile_retina-width":1000,"content_full_mobile_retina-height":667,"content_full_smallmobile":"https:\/\/www.franceavelo.com\/wp-content\/uploads\/2024\/12\/swiss-1560616_1920-380x180.jpg","content_full_smallmobile-width":380,"content_full_smallmobile-height":180,"content_head_mobile":"https:\/\/www.franceavelo.com\/wp-content\/uploads\/2024\/12\/swiss-1560616_1920-320x430.jpg","content_head_mobile-width":320,"content_head_mobile-height":430,"content_head_tablet":"https:\/\/www.franceavelo.com\/wp-content\/uploads\/2024\/12\/swiss-1560616_1920-540x500.jpg","content_head_tablet-width":540,"content_head_tablet-height":500,"content_highlight_desktop":"https:\/\/www.franceavelo.com\/wp-content\/uploads\/2024\/12\/swiss-1560616_1920-350x240.jpg","content_highlight_desktop-width":350,"content_highlight_desktop-height":240,"content_highlight_desktop_retina":"https:\/\/www.franceavelo.com\/wp-content\/uploads\/2024\/12\/swiss-1560616_1920-700x480.jpg","content_highlight_desktop_retina-width":700,"content_highlight_desktop_retina-height":480,"content_testimony_mobile":"https:\/\/www.franceavelo.com\/wp-content\/uploads\/2024\/12\/swiss-1560616_1920-480x1100.jpg","content_testimony_mobile-width":480,"content_testimony_mobile-height":1100,"content_type_image_desktop":"https:\/\/www.franceavelo.com\/wp-content\/uploads\/2024\/12\/swiss-1560616_1920-600x400.jpg","content_type_image_desktop-width":600,"content_type_image_desktop-height":400,"content_type_image_desktop_retina":"https:\/\/www.franceavelo.com\/wp-content\/uploads\/2024\/12\/swiss-1560616_1920-1200x800.jpg","content_type_image_desktop_retina-width":1200,"content_type_image_desktop_retina-height":800,"content_type_image_mobile":"https:\/\/www.franceavelo.com\/wp-content\/uploads\/2024\/12\/swiss-1560616_1920-450x300.jpg","content_type_image_mobile-width":450,"content_type_image_mobile-height":300,"gform-image-choice-sm":"https:\/\/www.franceavelo.com\/wp-content\/uploads\/2024\/12\/swiss-1560616_1920.jpg","gform-image-choice-sm-width":300,"gform-image-choice-sm-height":200,"gform-image-choice-md":"https:\/\/www.franceavelo.com\/wp-content\/uploads\/2024\/12\/swiss-1560616_1920.jpg","gform-image-choice-md-width":400,"gform-image-choice-md-height":267,"gform-image-choice-lg":"https:\/\/www.franceavelo.com\/wp-content\/uploads\/2024\/12\/swiss-1560616_1920.jpg","gform-image-choice-lg-width":600,"gform-image-choice-lg-height":400}},"product_map_region":{"ID":79152,"id":79152,"title":"Suisse Route 1291 Classic","filename":"Suisse-Route-1291-Classic.png","filesize":111815,"url":"https:\/\/www.franceavelo.com\/wp-content\/uploads\/2024\/12\/Suisse-Route-1291-Classic.png","link":"https:\/\/www.franceavelo.com\/de\/product\/schweiz-route-1291-ungefuehrt-7-tage-klassik\/suisse-route-1291-classic-2\/","alt":"Plan circuit \u00e0 v\u00e9lo : Suisse - Route 1291 - Lucerne","author":"12","description":"","caption":"","name":"suisse-route-1291-classic-2","status":"inherit","uploaded_to":74440,"date":"2025-11-26 14:10:55","modified":"2026-04-03 12:03:21","menu_order":0,"mime_type":"image\/png","type":"image","subtype":"png","icon":"https:\/\/www.franceavelo.com\/wp-includes\/images\/media\/default.png","width":919,"height":550,"sizes":{"thumbnail":"https:\/\/www.franceavelo.com\/wp-content\/uploads\/2024\/12\/Suisse-Route-1291-Classic-150x150.png","thumbnail-width":150,"thumbnail-height":150,"medium":"https:\/\/www.franceavelo.com\/wp-content\/uploads\/2024\/12\/Suisse-Route-1291-Classic-300x180.png","medium-width":300,"medium-height":180,"medium_large":"https:\/\/www.franceavelo.com\/wp-content\/uploads\/2024\/12\/Suisse-Route-1291-Classic-768x460.png","medium_large-width":768,"medium_large-height":460,"large":"https:\/\/www.franceavelo.com\/wp-content\/uploads\/2024\/12\/Suisse-Route-1291-Classic.png","large-width":919,"large-height":550,"1536x1536":"https:\/\/www.franceavelo.com\/wp-content\/uploads\/2024\/12\/Suisse-Route-1291-Classic.png","1536x1536-width":919,"1536x1536-height":550,"2048x2048":"https:\/\/www.franceavelo.com\/wp-content\/uploads\/2024\/12\/Suisse-Route-1291-Classic.png","2048x2048-width":919,"2048x2048-height":550,"product_option_intro":"https:\/\/www.franceavelo.com\/wp-content\/uploads\/2024\/12\/Suisse-Route-1291-Classic-300x220.png","product_option_intro-width":300,"product_option_intro-height":220,"postlist_thumbnail":"https:\/\/www.franceavelo.com\/wp-content\/uploads\/2024\/12\/Suisse-Route-1291-Classic-200x200.png","postlist_thumbnail-width":200,"postlist_thumbnail-height":200,"content_full_desktop":"https:\/\/www.franceavelo.com\/wp-content\/uploads\/2024\/12\/Suisse-Route-1291-Classic.png","content_full_desktop-width":919,"content_full_desktop-height":550,"content_full_desktop_retina":"https:\/\/www.franceavelo.com\/wp-content\/uploads\/2024\/12\/Suisse-Route-1291-Classic.png","content_full_desktop_retina-width":919,"content_full_desktop_retina-height":550,"content_half_desktop":"https:\/\/www.franceavelo.com\/wp-content\/uploads\/2024\/12\/Suisse-Route-1291-Classic-485x290.png","content_half_desktop-width":485,"content_half_desktop-height":290,"content_full_tablet":"https:\/\/www.franceavelo.com\/wp-content\/uploads\/2024\/12\/Suisse-Route-1291-Classic-750x449.png","content_full_tablet-width":750,"content_full_tablet-height":449,"content_full_tablet_retina":"https:\/\/www.franceavelo.com\/wp-content\/uploads\/2024\/12\/Suisse-Route-1291-Classic.png","content_full_tablet_retina-width":919,"content_full_tablet_retina-height":550,"content_half_tablet":"https:\/\/www.franceavelo.com\/wp-content\/uploads\/2024\/12\/Suisse-Route-1291-Classic-375x224.png","content_half_tablet-width":375,"content_half_tablet-height":224,"content_full_mobile":"https:\/\/www.franceavelo.com\/wp-content\/uploads\/2024\/12\/Suisse-Route-1291-Classic-500x299.png","content_full_mobile-width":500,"content_full_mobile-height":299,"content_full_mobile_retina":"https:\/\/www.franceavelo.com\/wp-content\/uploads\/2024\/12\/Suisse-Route-1291-Classic.png","content_full_mobile_retina-width":919,"content_full_mobile_retina-height":550,"content_full_smallmobile":"https:\/\/www.franceavelo.com\/wp-content\/uploads\/2024\/12\/Suisse-Route-1291-Classic-380x180.png","content_full_smallmobile-width":380,"content_full_smallmobile-height":180,"content_head_mobile":"https:\/\/www.franceavelo.com\/wp-content\/uploads\/2024\/12\/Suisse-Route-1291-Classic-320x430.png","content_head_mobile-width":320,"content_head_mobile-height":430,"content_head_tablet":"https:\/\/www.franceavelo.com\/wp-content\/uploads\/2024\/12\/Suisse-Route-1291-Classic-540x500.png","content_head_tablet-width":540,"content_head_tablet-height":500,"content_highlight_desktop":"https:\/\/www.franceavelo.com\/wp-content\/uploads\/2024\/12\/Suisse-Route-1291-Classic-350x240.png","content_highlight_desktop-width":350,"content_highlight_desktop-height":240,"content_highlight_desktop_retina":"https:\/\/www.franceavelo.com\/wp-content\/uploads\/2024\/12\/Suisse-Route-1291-Classic-700x480.png","content_highlight_desktop_retina-width":700,"content_highlight_desktop_retina-height":480,"content_testimony_mobile":"https:\/\/www.franceavelo.com\/wp-content\/uploads\/2024\/12\/Suisse-Route-1291-Classic-480x550.png","content_testimony_mobile-width":480,"content_testimony_mobile-height":550,"content_type_image_desktop":"https:\/\/www.franceavelo.com\/wp-content\/uploads\/2024\/12\/Suisse-Route-1291-Classic-600x359.png","content_type_image_desktop-width":600,"content_type_image_desktop-height":359,"content_type_image_desktop_retina":"https:\/\/www.franceavelo.com\/wp-content\/uploads\/2024\/12\/Suisse-Route-1291-Classic.png","content_type_image_desktop_retina-width":919,"content_type_image_desktop_retina-height":550,"content_type_image_mobile":"https:\/\/www.franceavelo.com\/wp-content\/uploads\/2024\/12\/Suisse-Route-1291-Classic-450x269.png","content_type_image_mobile-width":450,"content_type_image_mobile-height":269,"gform-image-choice-sm":"https:\/\/www.franceavelo.com\/wp-content\/uploads\/2024\/12\/Suisse-Route-1291-Classic.png","gform-image-choice-sm-width":300,"gform-image-choice-sm-height":180,"gform-image-choice-md":"https:\/\/www.franceavelo.com\/wp-content\/uploads\/2024\/12\/Suisse-Route-1291-Classic.png","gform-image-choice-md-width":400,"gform-image-choice-md-height":239,"gform-image-choice-lg":"https:\/\/www.franceavelo.com\/wp-content\/uploads\/2024\/12\/Suisse-Route-1291-Classic.png","gform-image-choice-lg-width":600,"gform-image-choice-lg-height":359}}},"yoast_head":"<!-- This site is optimized with the Yoast SEO plugin v27.4 - https:\/\/yoast.com\/product\/yoast-seo-wordpress\/ -->\n<title>Schweiz - Route 1291 - Ungef\u00fchrt - 7 Tage - Klassik | France \u00e0 v\u00e9lo<\/title>\n<meta name=\"description\" content=\"Begeben Sie sich auf ein Abenteuer auf der Route 1291 mit dem Fahrrad, einer Strecke, auf der die Natur ihre sch\u00f6nsten Geheimnisse enth\u00fcllt. Fahren Sie in Ihrem eigenen Tempo durch atemberaubende Landschaften, charmante D\u00f6rfer und malerische Pfade.\" \/>\n<meta name=\"robots\" content=\"index, follow, max-snippet:-1, max-image-preview:large, max-video-preview:-1\" \/>\n<link rel=\"canonical\" href=\"https:\/\/www.franceavelo.com\/de\/product\/schweiz-route-1291-ungefuehrt-7-tage-klassik\/\" \/>\n<meta property=\"og:locale\" content=\"de_DE\" \/>\n<meta property=\"og:type\" content=\"article\" \/>\n<meta property=\"og:title\" content=\"Schweiz - Route 1291 - Ungef\u00fchrt - 7 Tage - Klassik | France \u00e0 v\u00e9lo\" \/>\n<meta property=\"og:description\" content=\"Begeben Sie sich auf ein Abenteuer auf der Route 1291 mit dem Fahrrad, einer Strecke, auf der die Natur ihre sch\u00f6nsten Geheimnisse enth\u00fcllt. Fahren Sie in Ihrem eigenen Tempo durch atemberaubende Landschaften, charmante D\u00f6rfer und malerische Pfade.\" \/>\n<meta property=\"og:url\" content=\"https:\/\/www.franceavelo.com\/de\/product\/schweiz-route-1291-ungefuehrt-7-tage-klassik\/\" \/>\n<meta property=\"og:site_name\" content=\"France \u00e0 v\u00e9lo\" \/>\n<meta property=\"article:modified_time\" content=\"2025-11-26T14:19:55+00:00\" \/>\n<meta name=\"twitter:card\" content=\"summary_large_image\" \/>\n<meta name=\"twitter:label1\" content=\"Gesch\u00e4tzte Lesezeit\" \/>\n\t<meta name=\"twitter:data1\" content=\"6\u00a0Minuten\" \/>\n<script type=\"application\/ld+json\" class=\"yoast-schema-graph\">{\"@context\":\"https:\\\/\\\/schema.org\",\"@graph\":[{\"@type\":\"WebPage\",\"@id\":\"https:\\\/\\\/www.franceavelo.com\\\/de\\\/product\\\/schweiz-route-1291-ungefuehrt-7-tage-klassik\\\/\",\"url\":\"https:\\\/\\\/www.franceavelo.com\\\/de\\\/product\\\/schweiz-route-1291-ungefuehrt-7-tage-klassik\\\/\",\"name\":\"Schweiz - Route 1291 - Ungef\u00fchrt - 7 Tage - Klassik | France \u00e0 v\u00e9lo\",\"isPartOf\":{\"@id\":\"https:\\\/\\\/www.franceavelo.com\\\/fr\\\/#website\"},\"datePublished\":\"2024-12-20T14:34:34+00:00\",\"dateModified\":\"2025-11-26T14:19:55+00:00\",\"description\":\"Begeben Sie sich auf ein Abenteuer auf der Route 1291 mit dem Fahrrad, einer Strecke, auf der die Natur ihre sch\u00f6nsten Geheimnisse enth\u00fcllt. Fahren Sie in Ihrem eigenen Tempo durch atemberaubende Landschaften, charmante D\u00f6rfer und malerische Pfade.\",\"breadcrumb\":{\"@id\":\"https:\\\/\\\/www.franceavelo.com\\\/de\\\/product\\\/schweiz-route-1291-ungefuehrt-7-tage-klassik\\\/#breadcrumb\"},\"inLanguage\":\"de\",\"potentialAction\":[{\"@type\":\"ReadAction\",\"target\":[\"https:\\\/\\\/www.franceavelo.com\\\/de\\\/product\\\/schweiz-route-1291-ungefuehrt-7-tage-klassik\\\/\"]}]},{\"@type\":\"BreadcrumbList\",\"@id\":\"https:\\\/\\\/www.franceavelo.com\\\/de\\\/product\\\/schweiz-route-1291-ungefuehrt-7-tage-klassik\\\/#breadcrumb\",\"itemListElement\":[{\"@type\":\"ListItem\",\"position\":1,\"name\":\"Home\",\"item\":\"https:\\\/\\\/www.franceavelo.com\\\/de\\\/\"},{\"@type\":\"ListItem\",\"position\":2,\"name\":\"Produits\",\"item\":\"https:\\\/\\\/www.franceavelo.com\\\/produits\\\/\"},{\"@type\":\"ListItem\",\"position\":3,\"name\":\"Schweiz &#8211; Route 1291 &#8211; Ungef\u00fchrt &#8211; 7 Tage &#8211; Klassik\"}]},{\"@type\":\"WebSite\",\"@id\":\"https:\\\/\\\/www.franceavelo.com\\\/fr\\\/#website\",\"url\":\"https:\\\/\\\/www.franceavelo.com\\\/fr\\\/\",\"name\":\"France \u00e0 v\u00e9lo\",\"description\":\"Un site utilisant WordPress\",\"publisher\":{\"@id\":\"https:\\\/\\\/www.franceavelo.com\\\/fr\\\/#organization\"},\"potentialAction\":[{\"@type\":\"SearchAction\",\"target\":{\"@type\":\"EntryPoint\",\"urlTemplate\":\"https:\\\/\\\/www.franceavelo.com\\\/fr\\\/?s={search_term_string}\"},\"query-input\":{\"@type\":\"PropertyValueSpecification\",\"valueRequired\":true,\"valueName\":\"search_term_string\"}}],\"inLanguage\":\"de\"},{\"@type\":\"Organization\",\"@id\":\"https:\\\/\\\/www.franceavelo.com\\\/fr\\\/#organization\",\"name\":\"France \u00e0 v\u00e9lo\",\"url\":\"https:\\\/\\\/www.franceavelo.com\\\/fr\\\/\",\"logo\":{\"@type\":\"ImageObject\",\"inLanguage\":\"de\",\"@id\":\"https:\\\/\\\/www.franceavelo.com\\\/fr\\\/#\\\/schema\\\/logo\\\/image\\\/\",\"url\":\"https:\\\/\\\/www.franceavelo.com\\\/wp-content\\\/uploads\\\/2024\\\/07\\\/favicon-large.png\",\"contentUrl\":\"https:\\\/\\\/www.franceavelo.com\\\/wp-content\\\/uploads\\\/2024\\\/07\\\/favicon-large.png\",\"width\":696,\"height\":696,\"caption\":\"France \u00e0 v\u00e9lo\"},\"image\":{\"@id\":\"https:\\\/\\\/www.franceavelo.com\\\/fr\\\/#\\\/schema\\\/logo\\\/image\\\/\"}}]}<\/script>\n<!-- \/ Yoast SEO plugin. -->","yoast_head_json":{"title":"Schweiz - Route 1291 - Ungef\u00fchrt - 7 Tage - Klassik | France \u00e0 v\u00e9lo","description":"Begeben Sie sich auf ein Abenteuer auf der Route 1291 mit dem Fahrrad, einer Strecke, auf der die Natur ihre sch\u00f6nsten Geheimnisse enth\u00fcllt. Fahren Sie in Ihrem eigenen Tempo durch atemberaubende Landschaften, charmante D\u00f6rfer und malerische Pfade.","robots":{"index":"index","follow":"follow","max-snippet":"max-snippet:-1","max-image-preview":"max-image-preview:large","max-video-preview":"max-video-preview:-1"},"canonical":"https:\/\/www.franceavelo.com\/de\/product\/schweiz-route-1291-ungefuehrt-7-tage-klassik\/","og_locale":"de_DE","og_type":"article","og_title":"Schweiz - Route 1291 - Ungef\u00fchrt - 7 Tage - Klassik | France \u00e0 v\u00e9lo","og_description":"Begeben Sie sich auf ein Abenteuer auf der Route 1291 mit dem Fahrrad, einer Strecke, auf der die Natur ihre sch\u00f6nsten Geheimnisse enth\u00fcllt. Fahren Sie in Ihrem eigenen Tempo durch atemberaubende Landschaften, charmante D\u00f6rfer und malerische Pfade.","og_url":"https:\/\/www.franceavelo.com\/de\/product\/schweiz-route-1291-ungefuehrt-7-tage-klassik\/","og_site_name":"France \u00e0 v\u00e9lo","article_modified_time":"2025-11-26T14:19:55+00:00","twitter_card":"summary_large_image","twitter_misc":{"Gesch\u00e4tzte Lesezeit":"6\u00a0Minuten"},"schema":{"@context":"https:\/\/schema.org","@graph":[{"@type":"WebPage","@id":"https:\/\/www.franceavelo.com\/de\/product\/schweiz-route-1291-ungefuehrt-7-tage-klassik\/","url":"https:\/\/www.franceavelo.com\/de\/product\/schweiz-route-1291-ungefuehrt-7-tage-klassik\/","name":"Schweiz - Route 1291 - Ungef\u00fchrt - 7 Tage - Klassik | France \u00e0 v\u00e9lo","isPartOf":{"@id":"https:\/\/www.franceavelo.com\/fr\/#website"},"datePublished":"2024-12-20T14:34:34+00:00","dateModified":"2025-11-26T14:19:55+00:00","description":"Begeben Sie sich auf ein Abenteuer auf der Route 1291 mit dem Fahrrad, einer Strecke, auf der die Natur ihre sch\u00f6nsten Geheimnisse enth\u00fcllt. Fahren Sie in Ihrem eigenen Tempo durch atemberaubende Landschaften, charmante D\u00f6rfer und malerische Pfade.","breadcrumb":{"@id":"https:\/\/www.franceavelo.com\/de\/product\/schweiz-route-1291-ungefuehrt-7-tage-klassik\/#breadcrumb"},"inLanguage":"de","potentialAction":[{"@type":"ReadAction","target":["https:\/\/www.franceavelo.com\/de\/product\/schweiz-route-1291-ungefuehrt-7-tage-klassik\/"]}]},{"@type":"BreadcrumbList","@id":"https:\/\/www.franceavelo.com\/de\/product\/schweiz-route-1291-ungefuehrt-7-tage-klassik\/#breadcrumb","itemListElement":[{"@type":"ListItem","position":1,"name":"Home","item":"https:\/\/www.franceavelo.com\/de\/"},{"@type":"ListItem","position":2,"name":"Produits","item":"https:\/\/www.franceavelo.com\/produits\/"},{"@type":"ListItem","position":3,"name":"Schweiz &#8211; Route 1291 &#8211; Ungef\u00fchrt &#8211; 7 Tage &#8211; Klassik"}]},{"@type":"WebSite","@id":"https:\/\/www.franceavelo.com\/fr\/#website","url":"https:\/\/www.franceavelo.com\/fr\/","name":"France \u00e0 v\u00e9lo","description":"Un site utilisant WordPress","publisher":{"@id":"https:\/\/www.franceavelo.com\/fr\/#organization"},"potentialAction":[{"@type":"SearchAction","target":{"@type":"EntryPoint","urlTemplate":"https:\/\/www.franceavelo.com\/fr\/?s={search_term_string}"},"query-input":{"@type":"PropertyValueSpecification","valueRequired":true,"valueName":"search_term_string"}}],"inLanguage":"de"},{"@type":"Organization","@id":"https:\/\/www.franceavelo.com\/fr\/#organization","name":"France \u00e0 v\u00e9lo","url":"https:\/\/www.franceavelo.com\/fr\/","logo":{"@type":"ImageObject","inLanguage":"de","@id":"https:\/\/www.franceavelo.com\/fr\/#\/schema\/logo\/image\/","url":"https:\/\/www.franceavelo.com\/wp-content\/uploads\/2024\/07\/favicon-large.png","contentUrl":"https:\/\/www.franceavelo.com\/wp-content\/uploads\/2024\/07\/favicon-large.png","width":696,"height":696,"caption":"France \u00e0 v\u00e9lo"},"image":{"@id":"https:\/\/www.franceavelo.com\/fr\/#\/schema\/logo\/image\/"}}]}},"_links":{"self":[{"href":"https:\/\/www.franceavelo.com\/de\/wp-json\/wp\/v2\/product\/74440","targetHints":{"allow":["GET"]}}],"collection":[{"href":"https:\/\/www.franceavelo.com\/de\/wp-json\/wp\/v2\/product"}],"about":[{"href":"https:\/\/www.franceavelo.com\/de\/wp-json\/wp\/v2\/types\/product"}],"replies":[{"embeddable":true,"href":"https:\/\/www.franceavelo.com\/de\/wp-json\/wp\/v2\/comments?post=74440"}],"wp:attachment":[{"href":"https:\/\/www.franceavelo.com\/de\/wp-json\/wp\/v2\/media?parent=74440"}],"curies":[{"name":"wp","href":"https:\/\/api.w.org\/{rel}","templated":true}]}}