{"id":75833,"date":"2025-10-22T10:43:25","date_gmt":"2025-10-22T08:43:25","guid":{"rendered":"https:\/\/www.franceavelo.com\/?post_type=product&#038;p=75833"},"modified":"2025-11-14T14:33:14","modified_gmt":"2025-11-14T13:33:14","slug":"osterreich-enns-radweg-radstadt-nach-linz-8-tage-klassik-2026-2","status":"publish","type":"product","link":"https:\/\/www.franceavelo.com\/de\/product\/osterreich-enns-radweg-radstadt-nach-linz-8-tage-klassik-2026-2\/","title":{"rendered":"\u00d6STERREICH- Enns Radweg\u2013 Radstadt nach Linz-Ungef\u00fchrt &#8211; 8 Tage &#8211; Klassik"},"comment_status":"open","ping_status":"closed","template":"","class_list":["post-75833","product","type-product","status-publish","hentry"],"acf":{"product_code":"RL8C","product_title":"\u00d6STERREICH- Enns Radweg\u2013 Radstadt nach Linz-Ungef\u00fchrt - 8 Tage - Klassik","product_subtitle":"Enns Radweg-Radstadt nach Linz","product_description":"<p>Wenn Sie \u00d6sterreich mit all seinen nat\u00fcrlichen Reizen erleben m\u00f6chten, sollten Sie am besten mit dem Fahrrad entlang der Enns fahren. Vom Salzburger Land \u00fcber die Steiermark bis nach Ober\u00f6sterreich f\u00fchrt Sie diese Genusstour auf einem der sch\u00f6nsten Flussradwege des Landes \u2013 immer begleitet von rauschendem Wasser, stillen T\u00e4lern und m\u00e4chtigen Bergen. Sie durchqueren zwei Nationalparks, gleiten an steilen Felsw\u00e4nden vorbei, durch alpine T\u00e4ler und charmante Kleinst\u00e4dte. Diese Reise ist wie eine leckere Portion HolzknechtNocken: bodenst\u00e4ndig, energiespendend und voller Erinnerungen an das echte, urspr\u00fcngliche \u00d6sterreich.<\/p>\n<p>&nbsp;<\/p>\n<h4><strong>HIGHLIGHTS<\/strong><\/h4>\n<p><span style=\"color: #35a186\"><strong>\u00a0Entlang der K\u00fcste <\/strong><\/span><\/p>\n<p><span style=\"color: #35a186\"><strong>Sehensw\u00fcrdigkeiten und <\/strong><\/span><strong style=\"color: #35a186\">Klippen<\/strong><\/p>\n<p><span style=\"color: #35a186\"><strong> Kultur &amp; Landschaft<\/strong><\/span><\/p>\n<p>&nbsp;<\/p>\n","product_zone":"eu","product_subzone":"eu_4","product_travel_type":{"value":"ty_2","label":"Non Guid\u00e9"},"product_difficulty":"3","product_gallery_items":[{"product_gallery_item_type":"image","product_gallery_item_image":{"ID":75844,"id":75844,"title":"Erlebniszentrum Weidendom im Ges\u00e4use","filename":"Admont-Erlebniszentrum-Weidendom-7570_klein_c_Nationalpark-Gesaueuse-_-Stefan-Leitner.jpg","filesize":1220602,"url":"https:\/\/www.franceavelo.com\/wp-content\/uploads\/2025\/10\/Admont-Erlebniszentrum-Weidendom-7570_klein_c_Nationalpark-Gesaueuse-_-Stefan-Leitner.jpg","link":"https:\/\/www.franceavelo.com\/de\/product\/osterreich-enns-radweg-radstadt-nach-linz-8-tage-klassik-2026-2\/erlebniszentrum-weidendom-im-gesaeuse\/","alt":"","author":"12","description":"","caption":"Steiermark Bildrechte: Nationalpark Ges\u00e4use, Stefan Leitner Die Nutzung ist ausschlie\u00dflich f\u00fcr touristische Zwecke gestattet. Bei Verwendung der Lichtbilder sind Sie zur Angabe des definierten Urheber- oder Herstellervermerks verpflichtet. Die \u00dcbertragung der einger\u00e4umten Rechte an Dritte ist untersagt. Honorarfreie Verwendung gestattet. The use is permitted exclusively for touristic purposes. When using the photographs, you are obliged to provide the defined copyright or manufacturer's note. The transfer of the granted rights to third parties is prohibited. Use free of charge is permitted.","name":"erlebniszentrum-weidendom-im-gesaeuse","status":"inherit","uploaded_to":75833,"date":"2025-10-21 14:40:32","modified":"2025-10-21 14:40:32","menu_order":0,"mime_type":"image\/jpeg","type":"image","subtype":"jpeg","icon":"https:\/\/www.franceavelo.com\/wp-includes\/images\/media\/default.png","width":2362,"height":1890,"sizes":{"thumbnail":"https:\/\/www.franceavelo.com\/wp-content\/uploads\/2025\/10\/Admont-Erlebniszentrum-Weidendom-7570_klein_c_Nationalpark-Gesaueuse-_-Stefan-Leitner-150x150.jpg","thumbnail-width":150,"thumbnail-height":150,"medium":"https:\/\/www.franceavelo.com\/wp-content\/uploads\/2025\/10\/Admont-Erlebniszentrum-Weidendom-7570_klein_c_Nationalpark-Gesaueuse-_-Stefan-Leitner-300x240.jpg","medium-width":300,"medium-height":240,"medium_large":"https:\/\/www.franceavelo.com\/wp-content\/uploads\/2025\/10\/Admont-Erlebniszentrum-Weidendom-7570_klein_c_Nationalpark-Gesaueuse-_-Stefan-Leitner-768x615.jpg","medium_large-width":768,"medium_large-height":615,"large":"https:\/\/www.franceavelo.com\/wp-content\/uploads\/2025\/10\/Admont-Erlebniszentrum-Weidendom-7570_klein_c_Nationalpark-Gesaueuse-_-Stefan-Leitner-1024x819.jpg","large-width":1024,"large-height":819,"1536x1536":"https:\/\/www.franceavelo.com\/wp-content\/uploads\/2025\/10\/Admont-Erlebniszentrum-Weidendom-7570_klein_c_Nationalpark-Gesaueuse-_-Stefan-Leitner-1536x1229.jpg","1536x1536-width":1536,"1536x1536-height":1229,"2048x2048":"https:\/\/www.franceavelo.com\/wp-content\/uploads\/2025\/10\/Admont-Erlebniszentrum-Weidendom-7570_klein_c_Nationalpark-Gesaueuse-_-Stefan-Leitner-2048x1639.jpg","2048x2048-width":2048,"2048x2048-height":1639,"product_option_intro":"https:\/\/www.franceavelo.com\/wp-content\/uploads\/2025\/10\/Admont-Erlebniszentrum-Weidendom-7570_klein_c_Nationalpark-Gesaueuse-_-Stefan-Leitner-300x220.jpg","product_option_intro-width":300,"product_option_intro-height":220,"postlist_thumbnail":"https:\/\/www.franceavelo.com\/wp-content\/uploads\/2025\/10\/Admont-Erlebniszentrum-Weidendom-7570_klein_c_Nationalpark-Gesaueuse-_-Stefan-Leitner-200x200.jpg","postlist_thumbnail-width":200,"postlist_thumbnail-height":200,"content_full_desktop":"https:\/\/www.franceavelo.com\/wp-content\/uploads\/2025\/10\/Admont-Erlebniszentrum-Weidendom-7570_klein_c_Nationalpark-Gesaueuse-_-Stefan-Leitner-970x776.jpg","content_full_desktop-width":970,"content_full_desktop-height":776,"content_full_desktop_retina":"https:\/\/www.franceavelo.com\/wp-content\/uploads\/2025\/10\/Admont-Erlebniszentrum-Weidendom-7570_klein_c_Nationalpark-Gesaueuse-_-Stefan-Leitner-1940x1552.jpg","content_full_desktop_retina-width":1940,"content_full_desktop_retina-height":1552,"content_half_desktop":"https:\/\/www.franceavelo.com\/wp-content\/uploads\/2025\/10\/Admont-Erlebniszentrum-Weidendom-7570_klein_c_Nationalpark-Gesaueuse-_-Stefan-Leitner-485x388.jpg","content_half_desktop-width":485,"content_half_desktop-height":388,"content_full_tablet":"https:\/\/www.franceavelo.com\/wp-content\/uploads\/2025\/10\/Admont-Erlebniszentrum-Weidendom-7570_klein_c_Nationalpark-Gesaueuse-_-Stefan-Leitner-750x600.jpg","content_full_tablet-width":750,"content_full_tablet-height":600,"content_full_tablet_retina":"https:\/\/www.franceavelo.com\/wp-content\/uploads\/2025\/10\/Admont-Erlebniszentrum-Weidendom-7570_klein_c_Nationalpark-Gesaueuse-_-Stefan-Leitner-1500x1200.jpg","content_full_tablet_retina-width":1500,"content_full_tablet_retina-height":1200,"content_half_tablet":"https:\/\/www.franceavelo.com\/wp-content\/uploads\/2025\/10\/Admont-Erlebniszentrum-Weidendom-7570_klein_c_Nationalpark-Gesaueuse-_-Stefan-Leitner-375x300.jpg","content_half_tablet-width":375,"content_half_tablet-height":300,"content_full_mobile":"https:\/\/www.franceavelo.com\/wp-content\/uploads\/2025\/10\/Admont-Erlebniszentrum-Weidendom-7570_klein_c_Nationalpark-Gesaueuse-_-Stefan-Leitner-500x400.jpg","content_full_mobile-width":500,"content_full_mobile-height":400,"content_full_mobile_retina":"https:\/\/www.franceavelo.com\/wp-content\/uploads\/2025\/10\/Admont-Erlebniszentrum-Weidendom-7570_klein_c_Nationalpark-Gesaueuse-_-Stefan-Leitner-1000x800.jpg","content_full_mobile_retina-width":1000,"content_full_mobile_retina-height":800,"content_full_smallmobile":"https:\/\/www.franceavelo.com\/wp-content\/uploads\/2025\/10\/Admont-Erlebniszentrum-Weidendom-7570_klein_c_Nationalpark-Gesaueuse-_-Stefan-Leitner-380x180.jpg","content_full_smallmobile-width":380,"content_full_smallmobile-height":180,"content_head_mobile":"https:\/\/www.franceavelo.com\/wp-content\/uploads\/2025\/10\/Admont-Erlebniszentrum-Weidendom-7570_klein_c_Nationalpark-Gesaueuse-_-Stefan-Leitner-320x430.jpg","content_head_mobile-width":320,"content_head_mobile-height":430,"content_head_tablet":"https:\/\/www.franceavelo.com\/wp-content\/uploads\/2025\/10\/Admont-Erlebniszentrum-Weidendom-7570_klein_c_Nationalpark-Gesaueuse-_-Stefan-Leitner-540x500.jpg","content_head_tablet-width":540,"content_head_tablet-height":500,"content_highlight_desktop":"https:\/\/www.franceavelo.com\/wp-content\/uploads\/2025\/10\/Admont-Erlebniszentrum-Weidendom-7570_klein_c_Nationalpark-Gesaueuse-_-Stefan-Leitner-350x240.jpg","content_highlight_desktop-width":350,"content_highlight_desktop-height":240,"content_highlight_desktop_retina":"https:\/\/www.franceavelo.com\/wp-content\/uploads\/2025\/10\/Admont-Erlebniszentrum-Weidendom-7570_klein_c_Nationalpark-Gesaueuse-_-Stefan-Leitner-700x480.jpg","content_highlight_desktop_retina-width":700,"content_highlight_desktop_retina-height":480,"content_testimony_mobile":"https:\/\/www.franceavelo.com\/wp-content\/uploads\/2025\/10\/Admont-Erlebniszentrum-Weidendom-7570_klein_c_Nationalpark-Gesaueuse-_-Stefan-Leitner-480x1100.jpg","content_testimony_mobile-width":480,"content_testimony_mobile-height":1100,"content_type_image_desktop":"https:\/\/www.franceavelo.com\/wp-content\/uploads\/2025\/10\/Admont-Erlebniszentrum-Weidendom-7570_klein_c_Nationalpark-Gesaueuse-_-Stefan-Leitner-600x480.jpg","content_type_image_desktop-width":600,"content_type_image_desktop-height":480,"content_type_image_desktop_retina":"https:\/\/www.franceavelo.com\/wp-content\/uploads\/2025\/10\/Admont-Erlebniszentrum-Weidendom-7570_klein_c_Nationalpark-Gesaueuse-_-Stefan-Leitner-1200x960.jpg","content_type_image_desktop_retina-width":1200,"content_type_image_desktop_retina-height":960,"content_type_image_mobile":"https:\/\/www.franceavelo.com\/wp-content\/uploads\/2025\/10\/Admont-Erlebniszentrum-Weidendom-7570_klein_c_Nationalpark-Gesaueuse-_-Stefan-Leitner-450x360.jpg","content_type_image_mobile-width":450,"content_type_image_mobile-height":360,"gform-image-choice-sm":"https:\/\/www.franceavelo.com\/wp-content\/uploads\/2025\/10\/Admont-Erlebniszentrum-Weidendom-7570_klein_c_Nationalpark-Gesaueuse-_-Stefan-Leitner.jpg","gform-image-choice-sm-width":300,"gform-image-choice-sm-height":240,"gform-image-choice-md":"https:\/\/www.franceavelo.com\/wp-content\/uploads\/2025\/10\/Admont-Erlebniszentrum-Weidendom-7570_klein_c_Nationalpark-Gesaueuse-_-Stefan-Leitner.jpg","gform-image-choice-md-width":400,"gform-image-choice-md-height":320,"gform-image-choice-lg":"https:\/\/www.franceavelo.com\/wp-content\/uploads\/2025\/10\/Admont-Erlebniszentrum-Weidendom-7570_klein_c_Nationalpark-Gesaueuse-_-Stefan-Leitner.jpg","gform-image-choice-lg-width":600,"gform-image-choice-lg-height":480}},"product_gallery_item_video_thumbnail":false,"product_gallery_item_video_url":""},{"product_gallery_item_type":"image","product_gallery_item_image":{"ID":75847,"id":75847,"title":"Blick auf Steyrer Altstadt klein (c) Wolfgang Hack","filename":"Blick-auf-Steyrer-Altstadt-klein-c-Wolfgang-Hack.jpg","filesize":929419,"url":"https:\/\/www.franceavelo.com\/wp-content\/uploads\/2025\/10\/Blick-auf-Steyrer-Altstadt-klein-c-Wolfgang-Hack.jpg","link":"https:\/\/www.franceavelo.com\/de\/product\/osterreich-enns-radweg-radstadt-nach-linz-8-tage-klassik-2026-2\/blick-auf-steyrer-altstadt-klein-c-wolfgang-hack\/","alt":"","author":"12","description":"","caption":"Am Zusammenfluss von Steyr und Enns Bildrechte: Wolfgang Hack Die Nutzung ist ausschlie\u00dflich f\u00fcr touristische Zwecke gestattet. Bei Verwendung der Lichtbilder sind Sie zur Angabe des definierten Urheber- oder Herstellervermerks verpflichtet. Die \u00dcbertragung der einger\u00e4umten Rechte an Dritte ist untersagt. Honorarfreie Verwendung gestattet. The use is permitted exclusively for touristic purposes. When using the photographs, you are obliged to provide the defined copyright or manufacturer's note. The transfer of the granted rights to third parties is prohibited. Use free of charge is permitted.","name":"blick-auf-steyrer-altstadt-klein-c-wolfgang-hack","status":"inherit","uploaded_to":75833,"date":"2025-10-21 14:40:44","modified":"2025-10-21 14:40:44","menu_order":0,"mime_type":"image\/jpeg","type":"image","subtype":"jpeg","icon":"https:\/\/www.franceavelo.com\/wp-includes\/images\/media\/default.png","width":1772,"height":1175,"sizes":{"thumbnail":"https:\/\/www.franceavelo.com\/wp-content\/uploads\/2025\/10\/Blick-auf-Steyrer-Altstadt-klein-c-Wolfgang-Hack-150x150.jpg","thumbnail-width":150,"thumbnail-height":150,"medium":"https:\/\/www.franceavelo.com\/wp-content\/uploads\/2025\/10\/Blick-auf-Steyrer-Altstadt-klein-c-Wolfgang-Hack-300x199.jpg","medium-width":300,"medium-height":199,"medium_large":"https:\/\/www.franceavelo.com\/wp-content\/uploads\/2025\/10\/Blick-auf-Steyrer-Altstadt-klein-c-Wolfgang-Hack-768x509.jpg","medium_large-width":768,"medium_large-height":509,"large":"https:\/\/www.franceavelo.com\/wp-content\/uploads\/2025\/10\/Blick-auf-Steyrer-Altstadt-klein-c-Wolfgang-Hack-1024x679.jpg","large-width":1024,"large-height":679,"1536x1536":"https:\/\/www.franceavelo.com\/wp-content\/uploads\/2025\/10\/Blick-auf-Steyrer-Altstadt-klein-c-Wolfgang-Hack-1536x1019.jpg","1536x1536-width":1536,"1536x1536-height":1019,"2048x2048":"https:\/\/www.franceavelo.com\/wp-content\/uploads\/2025\/10\/Blick-auf-Steyrer-Altstadt-klein-c-Wolfgang-Hack.jpg","2048x2048-width":1772,"2048x2048-height":1175,"product_option_intro":"https:\/\/www.franceavelo.com\/wp-content\/uploads\/2025\/10\/Blick-auf-Steyrer-Altstadt-klein-c-Wolfgang-Hack-300x220.jpg","product_option_intro-width":300,"product_option_intro-height":220,"postlist_thumbnail":"https:\/\/www.franceavelo.com\/wp-content\/uploads\/2025\/10\/Blick-auf-Steyrer-Altstadt-klein-c-Wolfgang-Hack-200x200.jpg","postlist_thumbnail-width":200,"postlist_thumbnail-height":200,"content_full_desktop":"https:\/\/www.franceavelo.com\/wp-content\/uploads\/2025\/10\/Blick-auf-Steyrer-Altstadt-klein-c-Wolfgang-Hack-970x643.jpg","content_full_desktop-width":970,"content_full_desktop-height":643,"content_full_desktop_retina":"https:\/\/www.franceavelo.com\/wp-content\/uploads\/2025\/10\/Blick-auf-Steyrer-Altstadt-klein-c-Wolfgang-Hack.jpg","content_full_desktop_retina-width":1772,"content_full_desktop_retina-height":1175,"content_half_desktop":"https:\/\/www.franceavelo.com\/wp-content\/uploads\/2025\/10\/Blick-auf-Steyrer-Altstadt-klein-c-Wolfgang-Hack-485x322.jpg","content_half_desktop-width":485,"content_half_desktop-height":322,"content_full_tablet":"https:\/\/www.franceavelo.com\/wp-content\/uploads\/2025\/10\/Blick-auf-Steyrer-Altstadt-klein-c-Wolfgang-Hack-750x497.jpg","content_full_tablet-width":750,"content_full_tablet-height":497,"content_full_tablet_retina":"https:\/\/www.franceavelo.com\/wp-content\/uploads\/2025\/10\/Blick-auf-Steyrer-Altstadt-klein-c-Wolfgang-Hack-1500x995.jpg","content_full_tablet_retina-width":1500,"content_full_tablet_retina-height":995,"content_half_tablet":"https:\/\/www.franceavelo.com\/wp-content\/uploads\/2025\/10\/Blick-auf-Steyrer-Altstadt-klein-c-Wolfgang-Hack-375x249.jpg","content_half_tablet-width":375,"content_half_tablet-height":249,"content_full_mobile":"https:\/\/www.franceavelo.com\/wp-content\/uploads\/2025\/10\/Blick-auf-Steyrer-Altstadt-klein-c-Wolfgang-Hack-500x332.jpg","content_full_mobile-width":500,"content_full_mobile-height":332,"content_full_mobile_retina":"https:\/\/www.franceavelo.com\/wp-content\/uploads\/2025\/10\/Blick-auf-Steyrer-Altstadt-klein-c-Wolfgang-Hack-1000x663.jpg","content_full_mobile_retina-width":1000,"content_full_mobile_retina-height":663,"content_full_smallmobile":"https:\/\/www.franceavelo.com\/wp-content\/uploads\/2025\/10\/Blick-auf-Steyrer-Altstadt-klein-c-Wolfgang-Hack-380x180.jpg","content_full_smallmobile-width":380,"content_full_smallmobile-height":180,"content_head_mobile":"https:\/\/www.franceavelo.com\/wp-content\/uploads\/2025\/10\/Blick-auf-Steyrer-Altstadt-klein-c-Wolfgang-Hack-320x430.jpg","content_head_mobile-width":320,"content_head_mobile-height":430,"content_head_tablet":"https:\/\/www.franceavelo.com\/wp-content\/uploads\/2025\/10\/Blick-auf-Steyrer-Altstadt-klein-c-Wolfgang-Hack-540x500.jpg","content_head_tablet-width":540,"content_head_tablet-height":500,"content_highlight_desktop":"https:\/\/www.franceavelo.com\/wp-content\/uploads\/2025\/10\/Blick-auf-Steyrer-Altstadt-klein-c-Wolfgang-Hack-350x240.jpg","content_highlight_desktop-width":350,"content_highlight_desktop-height":240,"content_highlight_desktop_retina":"https:\/\/www.franceavelo.com\/wp-content\/uploads\/2025\/10\/Blick-auf-Steyrer-Altstadt-klein-c-Wolfgang-Hack-700x480.jpg","content_highlight_desktop_retina-width":700,"content_highlight_desktop_retina-height":480,"content_testimony_mobile":"https:\/\/www.franceavelo.com\/wp-content\/uploads\/2025\/10\/Blick-auf-Steyrer-Altstadt-klein-c-Wolfgang-Hack-480x1100.jpg","content_testimony_mobile-width":480,"content_testimony_mobile-height":1100,"content_type_image_desktop":"https:\/\/www.franceavelo.com\/wp-content\/uploads\/2025\/10\/Blick-auf-Steyrer-Altstadt-klein-c-Wolfgang-Hack-600x398.jpg","content_type_image_desktop-width":600,"content_type_image_desktop-height":398,"content_type_image_desktop_retina":"https:\/\/www.franceavelo.com\/wp-content\/uploads\/2025\/10\/Blick-auf-Steyrer-Altstadt-klein-c-Wolfgang-Hack-1200x796.jpg","content_type_image_desktop_retina-width":1200,"content_type_image_desktop_retina-height":796,"content_type_image_mobile":"https:\/\/www.franceavelo.com\/wp-content\/uploads\/2025\/10\/Blick-auf-Steyrer-Altstadt-klein-c-Wolfgang-Hack-450x298.jpg","content_type_image_mobile-width":450,"content_type_image_mobile-height":298,"gform-image-choice-sm":"https:\/\/www.franceavelo.com\/wp-content\/uploads\/2025\/10\/Blick-auf-Steyrer-Altstadt-klein-c-Wolfgang-Hack.jpg","gform-image-choice-sm-width":300,"gform-image-choice-sm-height":199,"gform-image-choice-md":"https:\/\/www.franceavelo.com\/wp-content\/uploads\/2025\/10\/Blick-auf-Steyrer-Altstadt-klein-c-Wolfgang-Hack.jpg","gform-image-choice-md-width":400,"gform-image-choice-md-height":265,"gform-image-choice-lg":"https:\/\/www.franceavelo.com\/wp-content\/uploads\/2025\/10\/Blick-auf-Steyrer-Altstadt-klein-c-Wolfgang-Hack.jpg","gform-image-choice-lg-width":600,"gform-image-choice-lg-height":398}},"product_gallery_item_video_thumbnail":false,"product_gallery_item_video_url":""},{"product_gallery_item_type":"image","product_gallery_item_image":{"ID":75850,"id":75850,"title":"Brettljause-8193_klein(c)Steiermark Tourismus _ Bernhard Loder","filename":"Brettljause-8193_kleincSteiermark-Tourismus-_-Bernhard-Loder.jpg","filesize":786668,"url":"https:\/\/www.franceavelo.com\/wp-content\/uploads\/2025\/10\/Brettljause-8193_kleincSteiermark-Tourismus-_-Bernhard-Loder.jpg","link":"https:\/\/www.franceavelo.com\/de\/product\/osterreich-enns-radweg-radstadt-nach-linz-8-tage-klassik-2026-2\/brettljause-8193_kleincsteiermark-tourismus-_-bernhard-loder\/","alt":"","author":"12","description":"","caption":"Steiermark Bildrechte: Steiermark Tourismus, Bernhard Loder Die Nutzung ist ausschlie\u00dflich f\u00fcr touristische Zwecke gestattet. Bei Verwendung der Lichtbilder sind Sie zur Angabe des definierten Urheber- oder Herstellervermerks verpflichtet. Die \u00dcbertragung der einger\u00e4umten Rechte an Dritte ist untersagt. Honorarfreie Verwendung gestattet. The use is permitted exclusively for touristic purposes. When using the photographs, you are obliged to provide the defined copyright or manufacturer's note. The transfer of the granted rights to third parties is prohibited. Use free of charge is permitted.","name":"brettljause-8193_kleincsteiermark-tourismus-_-bernhard-loder","status":"inherit","uploaded_to":75833,"date":"2025-10-21 14:40:54","modified":"2025-10-21 14:40:54","menu_order":0,"mime_type":"image\/jpeg","type":"image","subtype":"jpeg","icon":"https:\/\/www.franceavelo.com\/wp-includes\/images\/media\/default.png","width":2362,"height":1575,"sizes":{"thumbnail":"https:\/\/www.franceavelo.com\/wp-content\/uploads\/2025\/10\/Brettljause-8193_kleincSteiermark-Tourismus-_-Bernhard-Loder-150x150.jpg","thumbnail-width":150,"thumbnail-height":150,"medium":"https:\/\/www.franceavelo.com\/wp-content\/uploads\/2025\/10\/Brettljause-8193_kleincSteiermark-Tourismus-_-Bernhard-Loder-300x200.jpg","medium-width":300,"medium-height":200,"medium_large":"https:\/\/www.franceavelo.com\/wp-content\/uploads\/2025\/10\/Brettljause-8193_kleincSteiermark-Tourismus-_-Bernhard-Loder-768x512.jpg","medium_large-width":768,"medium_large-height":512,"large":"https:\/\/www.franceavelo.com\/wp-content\/uploads\/2025\/10\/Brettljause-8193_kleincSteiermark-Tourismus-_-Bernhard-Loder-1024x683.jpg","large-width":1024,"large-height":683,"1536x1536":"https:\/\/www.franceavelo.com\/wp-content\/uploads\/2025\/10\/Brettljause-8193_kleincSteiermark-Tourismus-_-Bernhard-Loder-1536x1024.jpg","1536x1536-width":1536,"1536x1536-height":1024,"2048x2048":"https:\/\/www.franceavelo.com\/wp-content\/uploads\/2025\/10\/Brettljause-8193_kleincSteiermark-Tourismus-_-Bernhard-Loder-2048x1366.jpg","2048x2048-width":2048,"2048x2048-height":1366,"product_option_intro":"https:\/\/www.franceavelo.com\/wp-content\/uploads\/2025\/10\/Brettljause-8193_kleincSteiermark-Tourismus-_-Bernhard-Loder-300x220.jpg","product_option_intro-width":300,"product_option_intro-height":220,"postlist_thumbnail":"https:\/\/www.franceavelo.com\/wp-content\/uploads\/2025\/10\/Brettljause-8193_kleincSteiermark-Tourismus-_-Bernhard-Loder-200x200.jpg","postlist_thumbnail-width":200,"postlist_thumbnail-height":200,"content_full_desktop":"https:\/\/www.franceavelo.com\/wp-content\/uploads\/2025\/10\/Brettljause-8193_kleincSteiermark-Tourismus-_-Bernhard-Loder-970x647.jpg","content_full_desktop-width":970,"content_full_desktop-height":647,"content_full_desktop_retina":"https:\/\/www.franceavelo.com\/wp-content\/uploads\/2025\/10\/Brettljause-8193_kleincSteiermark-Tourismus-_-Bernhard-Loder-1940x1294.jpg","content_full_desktop_retina-width":1940,"content_full_desktop_retina-height":1294,"content_half_desktop":"https:\/\/www.franceavelo.com\/wp-content\/uploads\/2025\/10\/Brettljause-8193_kleincSteiermark-Tourismus-_-Bernhard-Loder-485x323.jpg","content_half_desktop-width":485,"content_half_desktop-height":323,"content_full_tablet":"https:\/\/www.franceavelo.com\/wp-content\/uploads\/2025\/10\/Brettljause-8193_kleincSteiermark-Tourismus-_-Bernhard-Loder-750x500.jpg","content_full_tablet-width":750,"content_full_tablet-height":500,"content_full_tablet_retina":"https:\/\/www.franceavelo.com\/wp-content\/uploads\/2025\/10\/Brettljause-8193_kleincSteiermark-Tourismus-_-Bernhard-Loder-1500x1000.jpg","content_full_tablet_retina-width":1500,"content_full_tablet_retina-height":1000,"content_half_tablet":"https:\/\/www.franceavelo.com\/wp-content\/uploads\/2025\/10\/Brettljause-8193_kleincSteiermark-Tourismus-_-Bernhard-Loder-375x250.jpg","content_half_tablet-width":375,"content_half_tablet-height":250,"content_full_mobile":"https:\/\/www.franceavelo.com\/wp-content\/uploads\/2025\/10\/Brettljause-8193_kleincSteiermark-Tourismus-_-Bernhard-Loder-500x333.jpg","content_full_mobile-width":500,"content_full_mobile-height":333,"content_full_mobile_retina":"https:\/\/www.franceavelo.com\/wp-content\/uploads\/2025\/10\/Brettljause-8193_kleincSteiermark-Tourismus-_-Bernhard-Loder-1000x667.jpg","content_full_mobile_retina-width":1000,"content_full_mobile_retina-height":667,"content_full_smallmobile":"https:\/\/www.franceavelo.com\/wp-content\/uploads\/2025\/10\/Brettljause-8193_kleincSteiermark-Tourismus-_-Bernhard-Loder-380x180.jpg","content_full_smallmobile-width":380,"content_full_smallmobile-height":180,"content_head_mobile":"https:\/\/www.franceavelo.com\/wp-content\/uploads\/2025\/10\/Brettljause-8193_kleincSteiermark-Tourismus-_-Bernhard-Loder-320x430.jpg","content_head_mobile-width":320,"content_head_mobile-height":430,"content_head_tablet":"https:\/\/www.franceavelo.com\/wp-content\/uploads\/2025\/10\/Brettljause-8193_kleincSteiermark-Tourismus-_-Bernhard-Loder-540x500.jpg","content_head_tablet-width":540,"content_head_tablet-height":500,"content_highlight_desktop":"https:\/\/www.franceavelo.com\/wp-content\/uploads\/2025\/10\/Brettljause-8193_kleincSteiermark-Tourismus-_-Bernhard-Loder-350x240.jpg","content_highlight_desktop-width":350,"content_highlight_desktop-height":240,"content_highlight_desktop_retina":"https:\/\/www.franceavelo.com\/wp-content\/uploads\/2025\/10\/Brettljause-8193_kleincSteiermark-Tourismus-_-Bernhard-Loder-700x480.jpg","content_highlight_desktop_retina-width":700,"content_highlight_desktop_retina-height":480,"content_testimony_mobile":"https:\/\/www.franceavelo.com\/wp-content\/uploads\/2025\/10\/Brettljause-8193_kleincSteiermark-Tourismus-_-Bernhard-Loder-480x1100.jpg","content_testimony_mobile-width":480,"content_testimony_mobile-height":1100,"content_type_image_desktop":"https:\/\/www.franceavelo.com\/wp-content\/uploads\/2025\/10\/Brettljause-8193_kleincSteiermark-Tourismus-_-Bernhard-Loder-600x400.jpg","content_type_image_desktop-width":600,"content_type_image_desktop-height":400,"content_type_image_desktop_retina":"https:\/\/www.franceavelo.com\/wp-content\/uploads\/2025\/10\/Brettljause-8193_kleincSteiermark-Tourismus-_-Bernhard-Loder-1200x800.jpg","content_type_image_desktop_retina-width":1200,"content_type_image_desktop_retina-height":800,"content_type_image_mobile":"https:\/\/www.franceavelo.com\/wp-content\/uploads\/2025\/10\/Brettljause-8193_kleincSteiermark-Tourismus-_-Bernhard-Loder-450x300.jpg","content_type_image_mobile-width":450,"content_type_image_mobile-height":300,"gform-image-choice-sm":"https:\/\/www.franceavelo.com\/wp-content\/uploads\/2025\/10\/Brettljause-8193_kleincSteiermark-Tourismus-_-Bernhard-Loder.jpg","gform-image-choice-sm-width":300,"gform-image-choice-sm-height":200,"gform-image-choice-md":"https:\/\/www.franceavelo.com\/wp-content\/uploads\/2025\/10\/Brettljause-8193_kleincSteiermark-Tourismus-_-Bernhard-Loder.jpg","gform-image-choice-md-width":400,"gform-image-choice-md-height":267,"gform-image-choice-lg":"https:\/\/www.franceavelo.com\/wp-content\/uploads\/2025\/10\/Brettljause-8193_kleincSteiermark-Tourismus-_-Bernhard-Loder.jpg","gform-image-choice-lg-width":600,"gform-image-choice-lg-height":400}},"product_gallery_item_video_thumbnail":false,"product_gallery_item_video_url":""},{"product_gallery_item_type":"image","product_gallery_item_image":{"ID":75853,"id":75853,"title":"Burg Gallenstein mit Blick auf St. Gallen im Ges\u00e4use","filename":"Burg-Gallenstein-7616_kleinc_Nationalpark-Gesaueuse-_-Stefan-Leitner.jpg","filesize":1072906,"url":"https:\/\/www.franceavelo.com\/wp-content\/uploads\/2025\/10\/Burg-Gallenstein-7616_kleinc_Nationalpark-Gesaueuse-_-Stefan-Leitner.jpg","link":"https:\/\/www.franceavelo.com\/de\/product\/osterreich-enns-radweg-radstadt-nach-linz-8-tage-klassik-2026-2\/burg-gallenstein-mit-blick-auf-st-gallen-im-gesaeuse\/","alt":"","author":"12","description":"","caption":"St. Gallen, Steiermark Bildrechte: Nationalpark Ges\u00e4use, Stefan Leitner Die Nutzung ist ausschlie\u00dflich f\u00fcr touristische Zwecke gestattet. Bei Verwendung der Lichtbilder sind Sie zur Angabe des definierten Urheber- oder Herstellervermerks verpflichtet. Die \u00dcbertragung der einger\u00e4umten Rechte an Dritte ist untersagt. Honorarfreie Verwendung gestattet. The use is permitted exclusively for touristic purposes. When using the photographs, you are obliged to provide the defined copyright or manufacturer's note. The transfer of the granted rights to third parties is prohibited. Use free of charge is permitted.","name":"burg-gallenstein-mit-blick-auf-st-gallen-im-gesaeuse","status":"inherit","uploaded_to":75833,"date":"2025-10-21 14:41:06","modified":"2025-10-21 14:41:06","menu_order":0,"mime_type":"image\/jpeg","type":"image","subtype":"jpeg","icon":"https:\/\/www.franceavelo.com\/wp-includes\/images\/media\/default.png","width":2362,"height":1786,"sizes":{"thumbnail":"https:\/\/www.franceavelo.com\/wp-content\/uploads\/2025\/10\/Burg-Gallenstein-7616_kleinc_Nationalpark-Gesaueuse-_-Stefan-Leitner-150x150.jpg","thumbnail-width":150,"thumbnail-height":150,"medium":"https:\/\/www.franceavelo.com\/wp-content\/uploads\/2025\/10\/Burg-Gallenstein-7616_kleinc_Nationalpark-Gesaueuse-_-Stefan-Leitner-300x227.jpg","medium-width":300,"medium-height":227,"medium_large":"https:\/\/www.franceavelo.com\/wp-content\/uploads\/2025\/10\/Burg-Gallenstein-7616_kleinc_Nationalpark-Gesaueuse-_-Stefan-Leitner-768x581.jpg","medium_large-width":768,"medium_large-height":581,"large":"https:\/\/www.franceavelo.com\/wp-content\/uploads\/2025\/10\/Burg-Gallenstein-7616_kleinc_Nationalpark-Gesaueuse-_-Stefan-Leitner-1024x774.jpg","large-width":1024,"large-height":774,"1536x1536":"https:\/\/www.franceavelo.com\/wp-content\/uploads\/2025\/10\/Burg-Gallenstein-7616_kleinc_Nationalpark-Gesaueuse-_-Stefan-Leitner-1536x1161.jpg","1536x1536-width":1536,"1536x1536-height":1161,"2048x2048":"https:\/\/www.franceavelo.com\/wp-content\/uploads\/2025\/10\/Burg-Gallenstein-7616_kleinc_Nationalpark-Gesaueuse-_-Stefan-Leitner-2048x1549.jpg","2048x2048-width":2048,"2048x2048-height":1549,"product_option_intro":"https:\/\/www.franceavelo.com\/wp-content\/uploads\/2025\/10\/Burg-Gallenstein-7616_kleinc_Nationalpark-Gesaueuse-_-Stefan-Leitner-300x220.jpg","product_option_intro-width":300,"product_option_intro-height":220,"postlist_thumbnail":"https:\/\/www.franceavelo.com\/wp-content\/uploads\/2025\/10\/Burg-Gallenstein-7616_kleinc_Nationalpark-Gesaueuse-_-Stefan-Leitner-200x200.jpg","postlist_thumbnail-width":200,"postlist_thumbnail-height":200,"content_full_desktop":"https:\/\/www.franceavelo.com\/wp-content\/uploads\/2025\/10\/Burg-Gallenstein-7616_kleinc_Nationalpark-Gesaueuse-_-Stefan-Leitner-970x733.jpg","content_full_desktop-width":970,"content_full_desktop-height":733,"content_full_desktop_retina":"https:\/\/www.franceavelo.com\/wp-content\/uploads\/2025\/10\/Burg-Gallenstein-7616_kleinc_Nationalpark-Gesaueuse-_-Stefan-Leitner-1940x1467.jpg","content_full_desktop_retina-width":1940,"content_full_desktop_retina-height":1467,"content_half_desktop":"https:\/\/www.franceavelo.com\/wp-content\/uploads\/2025\/10\/Burg-Gallenstein-7616_kleinc_Nationalpark-Gesaueuse-_-Stefan-Leitner-485x367.jpg","content_half_desktop-width":485,"content_half_desktop-height":367,"content_full_tablet":"https:\/\/www.franceavelo.com\/wp-content\/uploads\/2025\/10\/Burg-Gallenstein-7616_kleinc_Nationalpark-Gesaueuse-_-Stefan-Leitner-750x567.jpg","content_full_tablet-width":750,"content_full_tablet-height":567,"content_full_tablet_retina":"https:\/\/www.franceavelo.com\/wp-content\/uploads\/2025\/10\/Burg-Gallenstein-7616_kleinc_Nationalpark-Gesaueuse-_-Stefan-Leitner-1500x1134.jpg","content_full_tablet_retina-width":1500,"content_full_tablet_retina-height":1134,"content_half_tablet":"https:\/\/www.franceavelo.com\/wp-content\/uploads\/2025\/10\/Burg-Gallenstein-7616_kleinc_Nationalpark-Gesaueuse-_-Stefan-Leitner-375x284.jpg","content_half_tablet-width":375,"content_half_tablet-height":284,"content_full_mobile":"https:\/\/www.franceavelo.com\/wp-content\/uploads\/2025\/10\/Burg-Gallenstein-7616_kleinc_Nationalpark-Gesaueuse-_-Stefan-Leitner-500x378.jpg","content_full_mobile-width":500,"content_full_mobile-height":378,"content_full_mobile_retina":"https:\/\/www.franceavelo.com\/wp-content\/uploads\/2025\/10\/Burg-Gallenstein-7616_kleinc_Nationalpark-Gesaueuse-_-Stefan-Leitner-1000x756.jpg","content_full_mobile_retina-width":1000,"content_full_mobile_retina-height":756,"content_full_smallmobile":"https:\/\/www.franceavelo.com\/wp-content\/uploads\/2025\/10\/Burg-Gallenstein-7616_kleinc_Nationalpark-Gesaueuse-_-Stefan-Leitner-380x180.jpg","content_full_smallmobile-width":380,"content_full_smallmobile-height":180,"content_head_mobile":"https:\/\/www.franceavelo.com\/wp-content\/uploads\/2025\/10\/Burg-Gallenstein-7616_kleinc_Nationalpark-Gesaueuse-_-Stefan-Leitner-320x430.jpg","content_head_mobile-width":320,"content_head_mobile-height":430,"content_head_tablet":"https:\/\/www.franceavelo.com\/wp-content\/uploads\/2025\/10\/Burg-Gallenstein-7616_kleinc_Nationalpark-Gesaueuse-_-Stefan-Leitner-540x500.jpg","content_head_tablet-width":540,"content_head_tablet-height":500,"content_highlight_desktop":"https:\/\/www.franceavelo.com\/wp-content\/uploads\/2025\/10\/Burg-Gallenstein-7616_kleinc_Nationalpark-Gesaueuse-_-Stefan-Leitner-350x240.jpg","content_highlight_desktop-width":350,"content_highlight_desktop-height":240,"content_highlight_desktop_retina":"https:\/\/www.franceavelo.com\/wp-content\/uploads\/2025\/10\/Burg-Gallenstein-7616_kleinc_Nationalpark-Gesaueuse-_-Stefan-Leitner-700x480.jpg","content_highlight_desktop_retina-width":700,"content_highlight_desktop_retina-height":480,"content_testimony_mobile":"https:\/\/www.franceavelo.com\/wp-content\/uploads\/2025\/10\/Burg-Gallenstein-7616_kleinc_Nationalpark-Gesaueuse-_-Stefan-Leitner-480x1100.jpg","content_testimony_mobile-width":480,"content_testimony_mobile-height":1100,"content_type_image_desktop":"https:\/\/www.franceavelo.com\/wp-content\/uploads\/2025\/10\/Burg-Gallenstein-7616_kleinc_Nationalpark-Gesaueuse-_-Stefan-Leitner-600x454.jpg","content_type_image_desktop-width":600,"content_type_image_desktop-height":454,"content_type_image_desktop_retina":"https:\/\/www.franceavelo.com\/wp-content\/uploads\/2025\/10\/Burg-Gallenstein-7616_kleinc_Nationalpark-Gesaueuse-_-Stefan-Leitner-1200x907.jpg","content_type_image_desktop_retina-width":1200,"content_type_image_desktop_retina-height":907,"content_type_image_mobile":"https:\/\/www.franceavelo.com\/wp-content\/uploads\/2025\/10\/Burg-Gallenstein-7616_kleinc_Nationalpark-Gesaueuse-_-Stefan-Leitner-450x340.jpg","content_type_image_mobile-width":450,"content_type_image_mobile-height":340,"gform-image-choice-sm":"https:\/\/www.franceavelo.com\/wp-content\/uploads\/2025\/10\/Burg-Gallenstein-7616_kleinc_Nationalpark-Gesaueuse-_-Stefan-Leitner.jpg","gform-image-choice-sm-width":300,"gform-image-choice-sm-height":227,"gform-image-choice-md":"https:\/\/www.franceavelo.com\/wp-content\/uploads\/2025\/10\/Burg-Gallenstein-7616_kleinc_Nationalpark-Gesaueuse-_-Stefan-Leitner.jpg","gform-image-choice-md-width":400,"gform-image-choice-md-height":302,"gform-image-choice-lg":"https:\/\/www.franceavelo.com\/wp-content\/uploads\/2025\/10\/Burg-Gallenstein-7616_kleinc_Nationalpark-Gesaueuse-_-Stefan-Leitner.jpg","gform-image-choice-lg-width":600,"gform-image-choice-lg-height":454}},"product_gallery_item_video_thumbnail":false,"product_gallery_item_video_url":""},{"product_gallery_item_type":"image","product_gallery_item_image":{"ID":75856,"id":75856,"title":"Ennsradweg mit Blick auf Burg Losenstein klein(c) Moritz Ablinger","filename":"Ennsradweg-mit-Blick-auf-Burg-Losenstein-kleinc-Moritz-Ablinger.jpg","filesize":941518,"url":"https:\/\/www.franceavelo.com\/wp-content\/uploads\/2025\/10\/Ennsradweg-mit-Blick-auf-Burg-Losenstein-kleinc-Moritz-Ablinger.jpg","link":"https:\/\/www.franceavelo.com\/de\/product\/osterreich-enns-radweg-radstadt-nach-linz-8-tage-klassik-2026-2\/ennsradweg-mit-blick-auf-burg-losenstein-kleinc-moritz-ablinger\/","alt":"","author":"12","description":"","caption":"Im Nationalpark Kalkalpen radeln. Bildrechte: Moritz Ablinger Die Nutzung ist ausschlie\u00dflich f\u00fcr touristische Zwecke gestattet. Bei Verwendung der Lichtbilder sind Sie zur Angabe des definierten Urheber- oder Herstellervermerks verpflichtet. Die \u00dcbertragung der einger\u00e4umten Rechte an Dritte ist untersagt. Honorarfreie Verwendung gestattet. The use is permitted exclusively for touristic purposes. When using the photographs, you are obliged to provide the defined copyright or manufacturer's note. The transfer of the granted rights to third parties is prohibited. Use free of charge is permitted.","name":"ennsradweg-mit-blick-auf-burg-losenstein-kleinc-moritz-ablinger","status":"inherit","uploaded_to":75833,"date":"2025-10-21 14:41:28","modified":"2025-10-21 14:41:28","menu_order":0,"mime_type":"image\/jpeg","type":"image","subtype":"jpeg","icon":"https:\/\/www.franceavelo.com\/wp-includes\/images\/media\/default.png","width":1772,"height":1181,"sizes":{"thumbnail":"https:\/\/www.franceavelo.com\/wp-content\/uploads\/2025\/10\/Ennsradweg-mit-Blick-auf-Burg-Losenstein-kleinc-Moritz-Ablinger-150x150.jpg","thumbnail-width":150,"thumbnail-height":150,"medium":"https:\/\/www.franceavelo.com\/wp-content\/uploads\/2025\/10\/Ennsradweg-mit-Blick-auf-Burg-Losenstein-kleinc-Moritz-Ablinger-300x200.jpg","medium-width":300,"medium-height":200,"medium_large":"https:\/\/www.franceavelo.com\/wp-content\/uploads\/2025\/10\/Ennsradweg-mit-Blick-auf-Burg-Losenstein-kleinc-Moritz-Ablinger-768x512.jpg","medium_large-width":768,"medium_large-height":512,"large":"https:\/\/www.franceavelo.com\/wp-content\/uploads\/2025\/10\/Ennsradweg-mit-Blick-auf-Burg-Losenstein-kleinc-Moritz-Ablinger-1024x682.jpg","large-width":1024,"large-height":682,"1536x1536":"https:\/\/www.franceavelo.com\/wp-content\/uploads\/2025\/10\/Ennsradweg-mit-Blick-auf-Burg-Losenstein-kleinc-Moritz-Ablinger-1536x1024.jpg","1536x1536-width":1536,"1536x1536-height":1024,"2048x2048":"https:\/\/www.franceavelo.com\/wp-content\/uploads\/2025\/10\/Ennsradweg-mit-Blick-auf-Burg-Losenstein-kleinc-Moritz-Ablinger.jpg","2048x2048-width":1772,"2048x2048-height":1181,"product_option_intro":"https:\/\/www.franceavelo.com\/wp-content\/uploads\/2025\/10\/Ennsradweg-mit-Blick-auf-Burg-Losenstein-kleinc-Moritz-Ablinger-300x220.jpg","product_option_intro-width":300,"product_option_intro-height":220,"postlist_thumbnail":"https:\/\/www.franceavelo.com\/wp-content\/uploads\/2025\/10\/Ennsradweg-mit-Blick-auf-Burg-Losenstein-kleinc-Moritz-Ablinger-200x200.jpg","postlist_thumbnail-width":200,"postlist_thumbnail-height":200,"content_full_desktop":"https:\/\/www.franceavelo.com\/wp-content\/uploads\/2025\/10\/Ennsradweg-mit-Blick-auf-Burg-Losenstein-kleinc-Moritz-Ablinger-970x646.jpg","content_full_desktop-width":970,"content_full_desktop-height":646,"content_full_desktop_retina":"https:\/\/www.franceavelo.com\/wp-content\/uploads\/2025\/10\/Ennsradweg-mit-Blick-auf-Burg-Losenstein-kleinc-Moritz-Ablinger.jpg","content_full_desktop_retina-width":1772,"content_full_desktop_retina-height":1181,"content_half_desktop":"https:\/\/www.franceavelo.com\/wp-content\/uploads\/2025\/10\/Ennsradweg-mit-Blick-auf-Burg-Losenstein-kleinc-Moritz-Ablinger-485x323.jpg","content_half_desktop-width":485,"content_half_desktop-height":323,"content_full_tablet":"https:\/\/www.franceavelo.com\/wp-content\/uploads\/2025\/10\/Ennsradweg-mit-Blick-auf-Burg-Losenstein-kleinc-Moritz-Ablinger-750x500.jpg","content_full_tablet-width":750,"content_full_tablet-height":500,"content_full_tablet_retina":"https:\/\/www.franceavelo.com\/wp-content\/uploads\/2025\/10\/Ennsradweg-mit-Blick-auf-Burg-Losenstein-kleinc-Moritz-Ablinger-1500x1000.jpg","content_full_tablet_retina-width":1500,"content_full_tablet_retina-height":1000,"content_half_tablet":"https:\/\/www.franceavelo.com\/wp-content\/uploads\/2025\/10\/Ennsradweg-mit-Blick-auf-Burg-Losenstein-kleinc-Moritz-Ablinger-375x250.jpg","content_half_tablet-width":375,"content_half_tablet-height":250,"content_full_mobile":"https:\/\/www.franceavelo.com\/wp-content\/uploads\/2025\/10\/Ennsradweg-mit-Blick-auf-Burg-Losenstein-kleinc-Moritz-Ablinger-500x333.jpg","content_full_mobile-width":500,"content_full_mobile-height":333,"content_full_mobile_retina":"https:\/\/www.franceavelo.com\/wp-content\/uploads\/2025\/10\/Ennsradweg-mit-Blick-auf-Burg-Losenstein-kleinc-Moritz-Ablinger-1000x666.jpg","content_full_mobile_retina-width":1000,"content_full_mobile_retina-height":666,"content_full_smallmobile":"https:\/\/www.franceavelo.com\/wp-content\/uploads\/2025\/10\/Ennsradweg-mit-Blick-auf-Burg-Losenstein-kleinc-Moritz-Ablinger-380x180.jpg","content_full_smallmobile-width":380,"content_full_smallmobile-height":180,"content_head_mobile":"https:\/\/www.franceavelo.com\/wp-content\/uploads\/2025\/10\/Ennsradweg-mit-Blick-auf-Burg-Losenstein-kleinc-Moritz-Ablinger-320x430.jpg","content_head_mobile-width":320,"content_head_mobile-height":430,"content_head_tablet":"https:\/\/www.franceavelo.com\/wp-content\/uploads\/2025\/10\/Ennsradweg-mit-Blick-auf-Burg-Losenstein-kleinc-Moritz-Ablinger-540x500.jpg","content_head_tablet-width":540,"content_head_tablet-height":500,"content_highlight_desktop":"https:\/\/www.franceavelo.com\/wp-content\/uploads\/2025\/10\/Ennsradweg-mit-Blick-auf-Burg-Losenstein-kleinc-Moritz-Ablinger-350x240.jpg","content_highlight_desktop-width":350,"content_highlight_desktop-height":240,"content_highlight_desktop_retina":"https:\/\/www.franceavelo.com\/wp-content\/uploads\/2025\/10\/Ennsradweg-mit-Blick-auf-Burg-Losenstein-kleinc-Moritz-Ablinger-700x480.jpg","content_highlight_desktop_retina-width":700,"content_highlight_desktop_retina-height":480,"content_testimony_mobile":"https:\/\/www.franceavelo.com\/wp-content\/uploads\/2025\/10\/Ennsradweg-mit-Blick-auf-Burg-Losenstein-kleinc-Moritz-Ablinger-480x1100.jpg","content_testimony_mobile-width":480,"content_testimony_mobile-height":1100,"content_type_image_desktop":"https:\/\/www.franceavelo.com\/wp-content\/uploads\/2025\/10\/Ennsradweg-mit-Blick-auf-Burg-Losenstein-kleinc-Moritz-Ablinger-600x400.jpg","content_type_image_desktop-width":600,"content_type_image_desktop-height":400,"content_type_image_desktop_retina":"https:\/\/www.franceavelo.com\/wp-content\/uploads\/2025\/10\/Ennsradweg-mit-Blick-auf-Burg-Losenstein-kleinc-Moritz-Ablinger-1200x800.jpg","content_type_image_desktop_retina-width":1200,"content_type_image_desktop_retina-height":800,"content_type_image_mobile":"https:\/\/www.franceavelo.com\/wp-content\/uploads\/2025\/10\/Ennsradweg-mit-Blick-auf-Burg-Losenstein-kleinc-Moritz-Ablinger-450x300.jpg","content_type_image_mobile-width":450,"content_type_image_mobile-height":300,"gform-image-choice-sm":"https:\/\/www.franceavelo.com\/wp-content\/uploads\/2025\/10\/Ennsradweg-mit-Blick-auf-Burg-Losenstein-kleinc-Moritz-Ablinger.jpg","gform-image-choice-sm-width":300,"gform-image-choice-sm-height":200,"gform-image-choice-md":"https:\/\/www.franceavelo.com\/wp-content\/uploads\/2025\/10\/Ennsradweg-mit-Blick-auf-Burg-Losenstein-kleinc-Moritz-Ablinger.jpg","gform-image-choice-md-width":400,"gform-image-choice-md-height":267,"gform-image-choice-lg":"https:\/\/www.franceavelo.com\/wp-content\/uploads\/2025\/10\/Ennsradweg-mit-Blick-auf-Burg-Losenstein-kleinc-Moritz-Ablinger.jpg","gform-image-choice-lg-width":600,"gform-image-choice-lg-height":400}},"product_gallery_item_video_thumbnail":false,"product_gallery_item_video_url":""},{"product_gallery_item_type":"image","product_gallery_item_image":{"ID":75859,"id":75859,"title":"Enns-Radweg","filename":"Ennsradweg-Nationalpark-Gesause_1-scaled.jpg","filesize":1127443,"url":"https:\/\/www.franceavelo.com\/wp-content\/uploads\/2025\/10\/Ennsradweg-Nationalpark-Gesause_1-scaled.jpg","link":"https:\/\/www.franceavelo.com\/de\/product\/osterreich-enns-radweg-radstadt-nach-linz-8-tage-klassik-2026-2\/enns-radweg\/","alt":"","author":"12","description":"","caption":"(c) Steiermark Tourismus \/ Thorsten Br\u00f6nner Urheberrechte Die honorarfreie Ver\u00f6ffentlichung der Bilder ist ausschlie\u00dflich f\u00fcr touristische Zwecke und unter Angabe der Urheberbezeichnung (lt. Darstellung beim jeweiligen Bild) m\u00f6glich.","name":"enns-radweg","status":"inherit","uploaded_to":75833,"date":"2025-10-21 14:41:43","modified":"2025-10-21 14:41:43","menu_order":0,"mime_type":"image\/jpeg","type":"image","subtype":"jpeg","icon":"https:\/\/www.franceavelo.com\/wp-includes\/images\/media\/default.png","width":2560,"height":1708,"sizes":{"thumbnail":"https:\/\/www.franceavelo.com\/wp-content\/uploads\/2025\/10\/Ennsradweg-Nationalpark-Gesause_1-150x150.jpg","thumbnail-width":150,"thumbnail-height":150,"medium":"https:\/\/www.franceavelo.com\/wp-content\/uploads\/2025\/10\/Ennsradweg-Nationalpark-Gesause_1-300x200.jpg","medium-width":300,"medium-height":200,"medium_large":"https:\/\/www.franceavelo.com\/wp-content\/uploads\/2025\/10\/Ennsradweg-Nationalpark-Gesause_1-768x513.jpg","medium_large-width":768,"medium_large-height":513,"large":"https:\/\/www.franceavelo.com\/wp-content\/uploads\/2025\/10\/Ennsradweg-Nationalpark-Gesause_1-1024x683.jpg","large-width":1024,"large-height":683,"1536x1536":"https:\/\/www.franceavelo.com\/wp-content\/uploads\/2025\/10\/Ennsradweg-Nationalpark-Gesause_1-1536x1025.jpg","1536x1536-width":1536,"1536x1536-height":1025,"2048x2048":"https:\/\/www.franceavelo.com\/wp-content\/uploads\/2025\/10\/Ennsradweg-Nationalpark-Gesause_1-2048x1367.jpg","2048x2048-width":2048,"2048x2048-height":1367,"product_option_intro":"https:\/\/www.franceavelo.com\/wp-content\/uploads\/2025\/10\/Ennsradweg-Nationalpark-Gesause_1-300x220.jpg","product_option_intro-width":300,"product_option_intro-height":220,"postlist_thumbnail":"https:\/\/www.franceavelo.com\/wp-content\/uploads\/2025\/10\/Ennsradweg-Nationalpark-Gesause_1-200x200.jpg","postlist_thumbnail-width":200,"postlist_thumbnail-height":200,"content_full_desktop":"https:\/\/www.franceavelo.com\/wp-content\/uploads\/2025\/10\/Ennsradweg-Nationalpark-Gesause_1-970x647.jpg","content_full_desktop-width":970,"content_full_desktop-height":647,"content_full_desktop_retina":"https:\/\/www.franceavelo.com\/wp-content\/uploads\/2025\/10\/Ennsradweg-Nationalpark-Gesause_1-1940x1295.jpg","content_full_desktop_retina-width":1940,"content_full_desktop_retina-height":1295,"content_half_desktop":"https:\/\/www.franceavelo.com\/wp-content\/uploads\/2025\/10\/Ennsradweg-Nationalpark-Gesause_1-485x324.jpg","content_half_desktop-width":485,"content_half_desktop-height":324,"content_full_tablet":"https:\/\/www.franceavelo.com\/wp-content\/uploads\/2025\/10\/Ennsradweg-Nationalpark-Gesause_1-750x501.jpg","content_full_tablet-width":750,"content_full_tablet-height":501,"content_full_tablet_retina":"https:\/\/www.franceavelo.com\/wp-content\/uploads\/2025\/10\/Ennsradweg-Nationalpark-Gesause_1-1500x1001.jpg","content_full_tablet_retina-width":1500,"content_full_tablet_retina-height":1001,"content_half_tablet":"https:\/\/www.franceavelo.com\/wp-content\/uploads\/2025\/10\/Ennsradweg-Nationalpark-Gesause_1-375x250.jpg","content_half_tablet-width":375,"content_half_tablet-height":250,"content_full_mobile":"https:\/\/www.franceavelo.com\/wp-content\/uploads\/2025\/10\/Ennsradweg-Nationalpark-Gesause_1-500x334.jpg","content_full_mobile-width":500,"content_full_mobile-height":334,"content_full_mobile_retina":"https:\/\/www.franceavelo.com\/wp-content\/uploads\/2025\/10\/Ennsradweg-Nationalpark-Gesause_1-1000x667.jpg","content_full_mobile_retina-width":1000,"content_full_mobile_retina-height":667,"content_full_smallmobile":"https:\/\/www.franceavelo.com\/wp-content\/uploads\/2025\/10\/Ennsradweg-Nationalpark-Gesause_1-380x180.jpg","content_full_smallmobile-width":380,"content_full_smallmobile-height":180,"content_head_mobile":"https:\/\/www.franceavelo.com\/wp-content\/uploads\/2025\/10\/Ennsradweg-Nationalpark-Gesause_1-320x430.jpg","content_head_mobile-width":320,"content_head_mobile-height":430,"content_head_tablet":"https:\/\/www.franceavelo.com\/wp-content\/uploads\/2025\/10\/Ennsradweg-Nationalpark-Gesause_1-540x500.jpg","content_head_tablet-width":540,"content_head_tablet-height":500,"content_highlight_desktop":"https:\/\/www.franceavelo.com\/wp-content\/uploads\/2025\/10\/Ennsradweg-Nationalpark-Gesause_1-350x240.jpg","content_highlight_desktop-width":350,"content_highlight_desktop-height":240,"content_highlight_desktop_retina":"https:\/\/www.franceavelo.com\/wp-content\/uploads\/2025\/10\/Ennsradweg-Nationalpark-Gesause_1-700x480.jpg","content_highlight_desktop_retina-width":700,"content_highlight_desktop_retina-height":480,"content_testimony_mobile":"https:\/\/www.franceavelo.com\/wp-content\/uploads\/2025\/10\/Ennsradweg-Nationalpark-Gesause_1-480x1100.jpg","content_testimony_mobile-width":480,"content_testimony_mobile-height":1100,"content_type_image_desktop":"https:\/\/www.franceavelo.com\/wp-content\/uploads\/2025\/10\/Ennsradweg-Nationalpark-Gesause_1-600x400.jpg","content_type_image_desktop-width":600,"content_type_image_desktop-height":400,"content_type_image_desktop_retina":"https:\/\/www.franceavelo.com\/wp-content\/uploads\/2025\/10\/Ennsradweg-Nationalpark-Gesause_1-1200x801.jpg","content_type_image_desktop_retina-width":1200,"content_type_image_desktop_retina-height":801,"content_type_image_mobile":"https:\/\/www.franceavelo.com\/wp-content\/uploads\/2025\/10\/Ennsradweg-Nationalpark-Gesause_1-450x300.jpg","content_type_image_mobile-width":450,"content_type_image_mobile-height":300,"gform-image-choice-sm":"https:\/\/www.franceavelo.com\/wp-content\/uploads\/2025\/10\/Ennsradweg-Nationalpark-Gesause_1-scaled.jpg","gform-image-choice-sm-width":300,"gform-image-choice-sm-height":200,"gform-image-choice-md":"https:\/\/www.franceavelo.com\/wp-content\/uploads\/2025\/10\/Ennsradweg-Nationalpark-Gesause_1-scaled.jpg","gform-image-choice-md-width":400,"gform-image-choice-md-height":267,"gform-image-choice-lg":"https:\/\/www.franceavelo.com\/wp-content\/uploads\/2025\/10\/Ennsradweg-Nationalpark-Gesause_1-scaled.jpg","gform-image-choice-lg-width":600,"gform-image-choice-lg-height":400}},"product_gallery_item_video_thumbnail":false,"product_gallery_item_video_url":""},{"product_gallery_item_type":"image","product_gallery_item_image":{"ID":75862,"id":75862,"title":"Ennsradweg, Steyr","filename":"Ennsradweg-Steyr_1-scaled.jpeg","filesize":530745,"url":"https:\/\/www.franceavelo.com\/wp-content\/uploads\/2025\/10\/Ennsradweg-Steyr_1-scaled.jpeg","link":"https:\/\/www.franceavelo.com\/de\/product\/osterreich-enns-radweg-radstadt-nach-linz-8-tage-klassik-2026-2\/ennsradweg-steyr\/","alt":"","author":"12","description":"","caption":"(c) O\u00d6 Tourismus, Robert Maybach Urheberrechte Die honorarfreie Ver\u00f6ffentlichung der Bilder ist ausschlie\u00dflich f\u00fcr touristische Zwecke und unter Angabe der Urheberbezeichnung (lt. Darstellung beim jeweiligen Bild) m\u00f6glich.","name":"ennsradweg-steyr","status":"inherit","uploaded_to":75833,"date":"2025-10-21 14:42:07","modified":"2025-10-21 14:42:07","menu_order":0,"mime_type":"image\/jpeg","type":"image","subtype":"jpeg","icon":"https:\/\/www.franceavelo.com\/wp-includes\/images\/media\/default.png","width":1707,"height":2560,"sizes":{"thumbnail":"https:\/\/www.franceavelo.com\/wp-content\/uploads\/2025\/10\/Ennsradweg-Steyr_1-150x150.jpeg","thumbnail-width":150,"thumbnail-height":150,"medium":"https:\/\/www.franceavelo.com\/wp-content\/uploads\/2025\/10\/Ennsradweg-Steyr_1-200x300.jpeg","medium-width":200,"medium-height":300,"medium_large":"https:\/\/www.franceavelo.com\/wp-content\/uploads\/2025\/10\/Ennsradweg-Steyr_1-768x1152.jpeg","medium_large-width":768,"medium_large-height":1152,"large":"https:\/\/www.franceavelo.com\/wp-content\/uploads\/2025\/10\/Ennsradweg-Steyr_1-683x1024.jpeg","large-width":683,"large-height":1024,"1536x1536":"https:\/\/www.franceavelo.com\/wp-content\/uploads\/2025\/10\/Ennsradweg-Steyr_1-1024x1536.jpeg","1536x1536-width":1024,"1536x1536-height":1536,"2048x2048":"https:\/\/www.franceavelo.com\/wp-content\/uploads\/2025\/10\/Ennsradweg-Steyr_1-1365x2048.jpeg","2048x2048-width":1365,"2048x2048-height":2048,"product_option_intro":"https:\/\/www.franceavelo.com\/wp-content\/uploads\/2025\/10\/Ennsradweg-Steyr_1-300x220.jpeg","product_option_intro-width":300,"product_option_intro-height":220,"postlist_thumbnail":"https:\/\/www.franceavelo.com\/wp-content\/uploads\/2025\/10\/Ennsradweg-Steyr_1-200x200.jpeg","postlist_thumbnail-width":200,"postlist_thumbnail-height":200,"content_full_desktop":"https:\/\/www.franceavelo.com\/wp-content\/uploads\/2025\/10\/Ennsradweg-Steyr_1-970x1455.jpeg","content_full_desktop-width":970,"content_full_desktop-height":1455,"content_full_desktop_retina":"https:\/\/www.franceavelo.com\/wp-content\/uploads\/2025\/10\/Ennsradweg-Steyr_1-1940x2910.jpeg","content_full_desktop_retina-width":1940,"content_full_desktop_retina-height":2910,"content_half_desktop":"https:\/\/www.franceavelo.com\/wp-content\/uploads\/2025\/10\/Ennsradweg-Steyr_1-485x728.jpeg","content_half_desktop-width":485,"content_half_desktop-height":728,"content_full_tablet":"https:\/\/www.franceavelo.com\/wp-content\/uploads\/2025\/10\/Ennsradweg-Steyr_1-750x1125.jpeg","content_full_tablet-width":750,"content_full_tablet-height":1125,"content_full_tablet_retina":"https:\/\/www.franceavelo.com\/wp-content\/uploads\/2025\/10\/Ennsradweg-Steyr_1-1500x2250.jpeg","content_full_tablet_retina-width":1500,"content_full_tablet_retina-height":2250,"content_half_tablet":"https:\/\/www.franceavelo.com\/wp-content\/uploads\/2025\/10\/Ennsradweg-Steyr_1-375x563.jpeg","content_half_tablet-width":375,"content_half_tablet-height":563,"content_full_mobile":"https:\/\/www.franceavelo.com\/wp-content\/uploads\/2025\/10\/Ennsradweg-Steyr_1-500x750.jpeg","content_full_mobile-width":500,"content_full_mobile-height":750,"content_full_mobile_retina":"https:\/\/www.franceavelo.com\/wp-content\/uploads\/2025\/10\/Ennsradweg-Steyr_1-1000x1500.jpeg","content_full_mobile_retina-width":1000,"content_full_mobile_retina-height":1500,"content_full_smallmobile":"https:\/\/www.franceavelo.com\/wp-content\/uploads\/2025\/10\/Ennsradweg-Steyr_1-380x180.jpeg","content_full_smallmobile-width":380,"content_full_smallmobile-height":180,"content_head_mobile":"https:\/\/www.franceavelo.com\/wp-content\/uploads\/2025\/10\/Ennsradweg-Steyr_1-320x430.jpeg","content_head_mobile-width":320,"content_head_mobile-height":430,"content_head_tablet":"https:\/\/www.franceavelo.com\/wp-content\/uploads\/2025\/10\/Ennsradweg-Steyr_1-540x500.jpeg","content_head_tablet-width":540,"content_head_tablet-height":500,"content_highlight_desktop":"https:\/\/www.franceavelo.com\/wp-content\/uploads\/2025\/10\/Ennsradweg-Steyr_1-350x240.jpeg","content_highlight_desktop-width":350,"content_highlight_desktop-height":240,"content_highlight_desktop_retina":"https:\/\/www.franceavelo.com\/wp-content\/uploads\/2025\/10\/Ennsradweg-Steyr_1-700x480.jpeg","content_highlight_desktop_retina-width":700,"content_highlight_desktop_retina-height":480,"content_testimony_mobile":"https:\/\/www.franceavelo.com\/wp-content\/uploads\/2025\/10\/Ennsradweg-Steyr_1-480x1100.jpeg","content_testimony_mobile-width":480,"content_testimony_mobile-height":1100,"content_type_image_desktop":"https:\/\/www.franceavelo.com\/wp-content\/uploads\/2025\/10\/Ennsradweg-Steyr_1-600x900.jpeg","content_type_image_desktop-width":600,"content_type_image_desktop-height":900,"content_type_image_desktop_retina":"https:\/\/www.franceavelo.com\/wp-content\/uploads\/2025\/10\/Ennsradweg-Steyr_1-1200x1800.jpeg","content_type_image_desktop_retina-width":1200,"content_type_image_desktop_retina-height":1800,"content_type_image_mobile":"https:\/\/www.franceavelo.com\/wp-content\/uploads\/2025\/10\/Ennsradweg-Steyr_1-450x675.jpeg","content_type_image_mobile-width":450,"content_type_image_mobile-height":675,"gform-image-choice-sm":"https:\/\/www.franceavelo.com\/wp-content\/uploads\/2025\/10\/Ennsradweg-Steyr_1-scaled.jpeg","gform-image-choice-sm-width":200,"gform-image-choice-sm-height":300,"gform-image-choice-md":"https:\/\/www.franceavelo.com\/wp-content\/uploads\/2025\/10\/Ennsradweg-Steyr_1-scaled.jpeg","gform-image-choice-md-width":267,"gform-image-choice-md-height":400,"gform-image-choice-lg":"https:\/\/www.franceavelo.com\/wp-content\/uploads\/2025\/10\/Ennsradweg-Steyr_1-scaled.jpeg","gform-image-choice-lg-width":400,"gform-image-choice-lg-height":600}},"product_gallery_item_video_thumbnail":false,"product_gallery_item_video_url":""},{"product_gallery_item_type":"image","product_gallery_item_image":{"ID":75865,"id":75865,"title":"Ennsradweg-Gesaeuseeingang_(c)\u00d6sterreich-Werbung_Sebastian-Canaves_www-off-the-path-com","filename":"Ennsradweg-Gesaeuseeingang_cOsterreich-Werbung_Sebastian-Canaves_www-off-the-path-com.jpg","filesize":714480,"url":"https:\/\/www.franceavelo.com\/wp-content\/uploads\/2025\/10\/Ennsradweg-Gesaeuseeingang_cOsterreich-Werbung_Sebastian-Canaves_www-off-the-path-com.jpg","link":"https:\/\/www.franceavelo.com\/de\/product\/osterreich-enns-radweg-radstadt-nach-linz-8-tage-klassik-2026-2\/ennsradweg-gesaeuseeingang_coesterreich-werbung_sebastian-canaves_www-off-the-path-com\/","alt":"","author":"12","description":"","caption":"Steiermark, Nationalpark Ges\u00e4use, Ges\u00e4useeingang","name":"ennsradweg-gesaeuseeingang_coesterreich-werbung_sebastian-canaves_www-off-the-path-com","status":"inherit","uploaded_to":75833,"date":"2025-10-21 14:42:36","modified":"2025-10-21 14:42:36","menu_order":0,"mime_type":"image\/jpeg","type":"image","subtype":"jpeg","icon":"https:\/\/www.franceavelo.com\/wp-includes\/images\/media\/default.png","width":1181,"height":787,"sizes":{"thumbnail":"https:\/\/www.franceavelo.com\/wp-content\/uploads\/2025\/10\/Ennsradweg-Gesaeuseeingang_cOsterreich-Werbung_Sebastian-Canaves_www-off-the-path-com-150x150.jpg","thumbnail-width":150,"thumbnail-height":150,"medium":"https:\/\/www.franceavelo.com\/wp-content\/uploads\/2025\/10\/Ennsradweg-Gesaeuseeingang_cOsterreich-Werbung_Sebastian-Canaves_www-off-the-path-com-300x200.jpg","medium-width":300,"medium-height":200,"medium_large":"https:\/\/www.franceavelo.com\/wp-content\/uploads\/2025\/10\/Ennsradweg-Gesaeuseeingang_cOsterreich-Werbung_Sebastian-Canaves_www-off-the-path-com-768x512.jpg","medium_large-width":768,"medium_large-height":512,"large":"https:\/\/www.franceavelo.com\/wp-content\/uploads\/2025\/10\/Ennsradweg-Gesaeuseeingang_cOsterreich-Werbung_Sebastian-Canaves_www-off-the-path-com-1024x682.jpg","large-width":1024,"large-height":682,"1536x1536":"https:\/\/www.franceavelo.com\/wp-content\/uploads\/2025\/10\/Ennsradweg-Gesaeuseeingang_cOsterreich-Werbung_Sebastian-Canaves_www-off-the-path-com.jpg","1536x1536-width":1181,"1536x1536-height":787,"2048x2048":"https:\/\/www.franceavelo.com\/wp-content\/uploads\/2025\/10\/Ennsradweg-Gesaeuseeingang_cOsterreich-Werbung_Sebastian-Canaves_www-off-the-path-com.jpg","2048x2048-width":1181,"2048x2048-height":787,"product_option_intro":"https:\/\/www.franceavelo.com\/wp-content\/uploads\/2025\/10\/Ennsradweg-Gesaeuseeingang_cOsterreich-Werbung_Sebastian-Canaves_www-off-the-path-com-300x220.jpg","product_option_intro-width":300,"product_option_intro-height":220,"postlist_thumbnail":"https:\/\/www.franceavelo.com\/wp-content\/uploads\/2025\/10\/Ennsradweg-Gesaeuseeingang_cOsterreich-Werbung_Sebastian-Canaves_www-off-the-path-com-200x200.jpg","postlist_thumbnail-width":200,"postlist_thumbnail-height":200,"content_full_desktop":"https:\/\/www.franceavelo.com\/wp-content\/uploads\/2025\/10\/Ennsradweg-Gesaeuseeingang_cOsterreich-Werbung_Sebastian-Canaves_www-off-the-path-com-970x646.jpg","content_full_desktop-width":970,"content_full_desktop-height":646,"content_full_desktop_retina":"https:\/\/www.franceavelo.com\/wp-content\/uploads\/2025\/10\/Ennsradweg-Gesaeuseeingang_cOsterreich-Werbung_Sebastian-Canaves_www-off-the-path-com.jpg","content_full_desktop_retina-width":1181,"content_full_desktop_retina-height":787,"content_half_desktop":"https:\/\/www.franceavelo.com\/wp-content\/uploads\/2025\/10\/Ennsradweg-Gesaeuseeingang_cOsterreich-Werbung_Sebastian-Canaves_www-off-the-path-com-485x323.jpg","content_half_desktop-width":485,"content_half_desktop-height":323,"content_full_tablet":"https:\/\/www.franceavelo.com\/wp-content\/uploads\/2025\/10\/Ennsradweg-Gesaeuseeingang_cOsterreich-Werbung_Sebastian-Canaves_www-off-the-path-com-750x500.jpg","content_full_tablet-width":750,"content_full_tablet-height":500,"content_full_tablet_retina":"https:\/\/www.franceavelo.com\/wp-content\/uploads\/2025\/10\/Ennsradweg-Gesaeuseeingang_cOsterreich-Werbung_Sebastian-Canaves_www-off-the-path-com.jpg","content_full_tablet_retina-width":1181,"content_full_tablet_retina-height":787,"content_half_tablet":"https:\/\/www.franceavelo.com\/wp-content\/uploads\/2025\/10\/Ennsradweg-Gesaeuseeingang_cOsterreich-Werbung_Sebastian-Canaves_www-off-the-path-com-375x250.jpg","content_half_tablet-width":375,"content_half_tablet-height":250,"content_full_mobile":"https:\/\/www.franceavelo.com\/wp-content\/uploads\/2025\/10\/Ennsradweg-Gesaeuseeingang_cOsterreich-Werbung_Sebastian-Canaves_www-off-the-path-com-500x333.jpg","content_full_mobile-width":500,"content_full_mobile-height":333,"content_full_mobile_retina":"https:\/\/www.franceavelo.com\/wp-content\/uploads\/2025\/10\/Ennsradweg-Gesaeuseeingang_cOsterreich-Werbung_Sebastian-Canaves_www-off-the-path-com-1000x666.jpg","content_full_mobile_retina-width":1000,"content_full_mobile_retina-height":666,"content_full_smallmobile":"https:\/\/www.franceavelo.com\/wp-content\/uploads\/2025\/10\/Ennsradweg-Gesaeuseeingang_cOsterreich-Werbung_Sebastian-Canaves_www-off-the-path-com-380x180.jpg","content_full_smallmobile-width":380,"content_full_smallmobile-height":180,"content_head_mobile":"https:\/\/www.franceavelo.com\/wp-content\/uploads\/2025\/10\/Ennsradweg-Gesaeuseeingang_cOsterreich-Werbung_Sebastian-Canaves_www-off-the-path-com-320x430.jpg","content_head_mobile-width":320,"content_head_mobile-height":430,"content_head_tablet":"https:\/\/www.franceavelo.com\/wp-content\/uploads\/2025\/10\/Ennsradweg-Gesaeuseeingang_cOsterreich-Werbung_Sebastian-Canaves_www-off-the-path-com-540x500.jpg","content_head_tablet-width":540,"content_head_tablet-height":500,"content_highlight_desktop":"https:\/\/www.franceavelo.com\/wp-content\/uploads\/2025\/10\/Ennsradweg-Gesaeuseeingang_cOsterreich-Werbung_Sebastian-Canaves_www-off-the-path-com-350x240.jpg","content_highlight_desktop-width":350,"content_highlight_desktop-height":240,"content_highlight_desktop_retina":"https:\/\/www.franceavelo.com\/wp-content\/uploads\/2025\/10\/Ennsradweg-Gesaeuseeingang_cOsterreich-Werbung_Sebastian-Canaves_www-off-the-path-com-700x480.jpg","content_highlight_desktop_retina-width":700,"content_highlight_desktop_retina-height":480,"content_testimony_mobile":"https:\/\/www.franceavelo.com\/wp-content\/uploads\/2025\/10\/Ennsradweg-Gesaeuseeingang_cOsterreich-Werbung_Sebastian-Canaves_www-off-the-path-com-480x787.jpg","content_testimony_mobile-width":480,"content_testimony_mobile-height":787,"content_type_image_desktop":"https:\/\/www.franceavelo.com\/wp-content\/uploads\/2025\/10\/Ennsradweg-Gesaeuseeingang_cOsterreich-Werbung_Sebastian-Canaves_www-off-the-path-com-600x400.jpg","content_type_image_desktop-width":600,"content_type_image_desktop-height":400,"content_type_image_desktop_retina":"https:\/\/www.franceavelo.com\/wp-content\/uploads\/2025\/10\/Ennsradweg-Gesaeuseeingang_cOsterreich-Werbung_Sebastian-Canaves_www-off-the-path-com.jpg","content_type_image_desktop_retina-width":1181,"content_type_image_desktop_retina-height":787,"content_type_image_mobile":"https:\/\/www.franceavelo.com\/wp-content\/uploads\/2025\/10\/Ennsradweg-Gesaeuseeingang_cOsterreich-Werbung_Sebastian-Canaves_www-off-the-path-com-450x300.jpg","content_type_image_mobile-width":450,"content_type_image_mobile-height":300,"gform-image-choice-sm":"https:\/\/www.franceavelo.com\/wp-content\/uploads\/2025\/10\/Ennsradweg-Gesaeuseeingang_cOsterreich-Werbung_Sebastian-Canaves_www-off-the-path-com.jpg","gform-image-choice-sm-width":300,"gform-image-choice-sm-height":200,"gform-image-choice-md":"https:\/\/www.franceavelo.com\/wp-content\/uploads\/2025\/10\/Ennsradweg-Gesaeuseeingang_cOsterreich-Werbung_Sebastian-Canaves_www-off-the-path-com.jpg","gform-image-choice-md-width":400,"gform-image-choice-md-height":267,"gform-image-choice-lg":"https:\/\/www.franceavelo.com\/wp-content\/uploads\/2025\/10\/Ennsradweg-Gesaeuseeingang_cOsterreich-Werbung_Sebastian-Canaves_www-off-the-path-com.jpg","gform-image-choice-lg-width":600,"gform-image-choice-lg-height":400}},"product_gallery_item_video_thumbnail":false,"product_gallery_item_video_url":""},{"product_gallery_item_type":"image","product_gallery_item_image":{"ID":75868,"id":75868,"title":"Hintergebirgsradweg-klein(c)Erwin_Haiden_8041","filename":"Hintergebirgsradweg-kleincErwin_Haiden_8041.jpg","filesize":858231,"url":"https:\/\/www.franceavelo.com\/wp-content\/uploads\/2025\/10\/Hintergebirgsradweg-kleincErwin_Haiden_8041.jpg","link":"https:\/\/www.franceavelo.com\/de\/product\/osterreich-enns-radweg-radstadt-nach-linz-8-tage-klassik-2026-2\/hintergebirgsradweg-kleincerwin_haiden_8041\/","alt":"","author":"12","description":"","caption":"Auf der Waldbahntrasse im Reichraminger Hintergebirge unterwegs. Am Ennsradweg durch den Nationalpark Kalkalpen radeln. Bildrechte: Erwin Haiden Die Nutzung ist ausschlie\u00dflich f\u00fcr touristische Zwecke gestattet. Bei Verwendung der Lichtbilder sind Sie zur Angabe des definierten Urheber- oder Herstellervermerks verpflichtet. Die \u00dcbertragung der einger\u00e4umten Rechte an Dritte ist untersagt. Honorarfreie Verwendung gestattet. The use is permitted exclusively for touristic purposes. When using the photographs, you are obliged to provide the defined copyright or manufacturer's note. The transfer of the granted rights to third parties is prohibited. Use free of charge is permitted.","name":"hintergebirgsradweg-kleincerwin_haiden_8041","status":"inherit","uploaded_to":75833,"date":"2025-10-21 14:43:03","modified":"2025-10-21 14:43:03","menu_order":0,"mime_type":"image\/jpeg","type":"image","subtype":"jpeg","icon":"https:\/\/www.franceavelo.com\/wp-includes\/images\/media\/default.png","width":1772,"height":1181,"sizes":{"thumbnail":"https:\/\/www.franceavelo.com\/wp-content\/uploads\/2025\/10\/Hintergebirgsradweg-kleincErwin_Haiden_8041-150x150.jpg","thumbnail-width":150,"thumbnail-height":150,"medium":"https:\/\/www.franceavelo.com\/wp-content\/uploads\/2025\/10\/Hintergebirgsradweg-kleincErwin_Haiden_8041-300x200.jpg","medium-width":300,"medium-height":200,"medium_large":"https:\/\/www.franceavelo.com\/wp-content\/uploads\/2025\/10\/Hintergebirgsradweg-kleincErwin_Haiden_8041-768x512.jpg","medium_large-width":768,"medium_large-height":512,"large":"https:\/\/www.franceavelo.com\/wp-content\/uploads\/2025\/10\/Hintergebirgsradweg-kleincErwin_Haiden_8041-1024x682.jpg","large-width":1024,"large-height":682,"1536x1536":"https:\/\/www.franceavelo.com\/wp-content\/uploads\/2025\/10\/Hintergebirgsradweg-kleincErwin_Haiden_8041-1536x1024.jpg","1536x1536-width":1536,"1536x1536-height":1024,"2048x2048":"https:\/\/www.franceavelo.com\/wp-content\/uploads\/2025\/10\/Hintergebirgsradweg-kleincErwin_Haiden_8041.jpg","2048x2048-width":1772,"2048x2048-height":1181,"product_option_intro":"https:\/\/www.franceavelo.com\/wp-content\/uploads\/2025\/10\/Hintergebirgsradweg-kleincErwin_Haiden_8041-300x220.jpg","product_option_intro-width":300,"product_option_intro-height":220,"postlist_thumbnail":"https:\/\/www.franceavelo.com\/wp-content\/uploads\/2025\/10\/Hintergebirgsradweg-kleincErwin_Haiden_8041-200x200.jpg","postlist_thumbnail-width":200,"postlist_thumbnail-height":200,"content_full_desktop":"https:\/\/www.franceavelo.com\/wp-content\/uploads\/2025\/10\/Hintergebirgsradweg-kleincErwin_Haiden_8041-970x646.jpg","content_full_desktop-width":970,"content_full_desktop-height":646,"content_full_desktop_retina":"https:\/\/www.franceavelo.com\/wp-content\/uploads\/2025\/10\/Hintergebirgsradweg-kleincErwin_Haiden_8041.jpg","content_full_desktop_retina-width":1772,"content_full_desktop_retina-height":1181,"content_half_desktop":"https:\/\/www.franceavelo.com\/wp-content\/uploads\/2025\/10\/Hintergebirgsradweg-kleincErwin_Haiden_8041-485x323.jpg","content_half_desktop-width":485,"content_half_desktop-height":323,"content_full_tablet":"https:\/\/www.franceavelo.com\/wp-content\/uploads\/2025\/10\/Hintergebirgsradweg-kleincErwin_Haiden_8041-750x500.jpg","content_full_tablet-width":750,"content_full_tablet-height":500,"content_full_tablet_retina":"https:\/\/www.franceavelo.com\/wp-content\/uploads\/2025\/10\/Hintergebirgsradweg-kleincErwin_Haiden_8041-1500x1000.jpg","content_full_tablet_retina-width":1500,"content_full_tablet_retina-height":1000,"content_half_tablet":"https:\/\/www.franceavelo.com\/wp-content\/uploads\/2025\/10\/Hintergebirgsradweg-kleincErwin_Haiden_8041-375x250.jpg","content_half_tablet-width":375,"content_half_tablet-height":250,"content_full_mobile":"https:\/\/www.franceavelo.com\/wp-content\/uploads\/2025\/10\/Hintergebirgsradweg-kleincErwin_Haiden_8041-500x333.jpg","content_full_mobile-width":500,"content_full_mobile-height":333,"content_full_mobile_retina":"https:\/\/www.franceavelo.com\/wp-content\/uploads\/2025\/10\/Hintergebirgsradweg-kleincErwin_Haiden_8041-1000x666.jpg","content_full_mobile_retina-width":1000,"content_full_mobile_retina-height":666,"content_full_smallmobile":"https:\/\/www.franceavelo.com\/wp-content\/uploads\/2025\/10\/Hintergebirgsradweg-kleincErwin_Haiden_8041-380x180.jpg","content_full_smallmobile-width":380,"content_full_smallmobile-height":180,"content_head_mobile":"https:\/\/www.franceavelo.com\/wp-content\/uploads\/2025\/10\/Hintergebirgsradweg-kleincErwin_Haiden_8041-320x430.jpg","content_head_mobile-width":320,"content_head_mobile-height":430,"content_head_tablet":"https:\/\/www.franceavelo.com\/wp-content\/uploads\/2025\/10\/Hintergebirgsradweg-kleincErwin_Haiden_8041-540x500.jpg","content_head_tablet-width":540,"content_head_tablet-height":500,"content_highlight_desktop":"https:\/\/www.franceavelo.com\/wp-content\/uploads\/2025\/10\/Hintergebirgsradweg-kleincErwin_Haiden_8041-350x240.jpg","content_highlight_desktop-width":350,"content_highlight_desktop-height":240,"content_highlight_desktop_retina":"https:\/\/www.franceavelo.com\/wp-content\/uploads\/2025\/10\/Hintergebirgsradweg-kleincErwin_Haiden_8041-700x480.jpg","content_highlight_desktop_retina-width":700,"content_highlight_desktop_retina-height":480,"content_testimony_mobile":"https:\/\/www.franceavelo.com\/wp-content\/uploads\/2025\/10\/Hintergebirgsradweg-kleincErwin_Haiden_8041-480x1100.jpg","content_testimony_mobile-width":480,"content_testimony_mobile-height":1100,"content_type_image_desktop":"https:\/\/www.franceavelo.com\/wp-content\/uploads\/2025\/10\/Hintergebirgsradweg-kleincErwin_Haiden_8041-600x400.jpg","content_type_image_desktop-width":600,"content_type_image_desktop-height":400,"content_type_image_desktop_retina":"https:\/\/www.franceavelo.com\/wp-content\/uploads\/2025\/10\/Hintergebirgsradweg-kleincErwin_Haiden_8041-1200x800.jpg","content_type_image_desktop_retina-width":1200,"content_type_image_desktop_retina-height":800,"content_type_image_mobile":"https:\/\/www.franceavelo.com\/wp-content\/uploads\/2025\/10\/Hintergebirgsradweg-kleincErwin_Haiden_8041-450x300.jpg","content_type_image_mobile-width":450,"content_type_image_mobile-height":300,"gform-image-choice-sm":"https:\/\/www.franceavelo.com\/wp-content\/uploads\/2025\/10\/Hintergebirgsradweg-kleincErwin_Haiden_8041.jpg","gform-image-choice-sm-width":300,"gform-image-choice-sm-height":200,"gform-image-choice-md":"https:\/\/www.franceavelo.com\/wp-content\/uploads\/2025\/10\/Hintergebirgsradweg-kleincErwin_Haiden_8041.jpg","gform-image-choice-md-width":400,"gform-image-choice-md-height":267,"gform-image-choice-lg":"https:\/\/www.franceavelo.com\/wp-content\/uploads\/2025\/10\/Hintergebirgsradweg-kleincErwin_Haiden_8041.jpg","gform-image-choice-lg-width":600,"gform-image-choice-lg-height":400}},"product_gallery_item_video_thumbnail":false,"product_gallery_item_video_url":""},{"product_gallery_item_type":"image","product_gallery_item_image":{"ID":75871,"id":75871,"title":"Stift Admont_c_steiermark_tourismus_ernst_reichenfelser","filename":"Stift-Admont_c_steiermark_tourismus_ernst_reichenfelser-scaled.jpg","filesize":1286686,"url":"https:\/\/www.franceavelo.com\/wp-content\/uploads\/2025\/10\/Stift-Admont_c_steiermark_tourismus_ernst_reichenfelser-scaled.jpg","link":"https:\/\/www.franceavelo.com\/de\/product\/osterreich-enns-radweg-radstadt-nach-linz-8-tage-klassik-2026-2\/stift-admont_c_steiermark_tourismus_ernst_reichenfelser\/","alt":"","author":"12","description":"","caption":"weltgr\u00f6\u00dfte Klosterbibliothek Bildrechte: Steiermark Tourismus, Ernst Reichenfelser Die Nutzung ist ausschlie\u00dflich f\u00fcr touristische Zwecke gestattet. Bei Verwendung der Lichtbilder sind Sie zur Angabe des definierten Urheber- oder Herstellervermerks verpflichtet. Die \u00dcbertragung der einger\u00e4umten Rechte an Dritte ist untersagt. Honorarfreie Verwendung gestattet. The use is permitted exclusively for touristic purposes. When using the photographs, you are obliged to provide the defined copyright or manufacturer's note. The transfer of the granted rights to third parties is prohibited. Use free of charge is permitted.","name":"stift-admont_c_steiermark_tourismus_ernst_reichenfelser","status":"inherit","uploaded_to":75833,"date":"2025-10-21 14:43:57","modified":"2025-10-21 14:43:57","menu_order":0,"mime_type":"image\/jpeg","type":"image","subtype":"jpeg","icon":"https:\/\/www.franceavelo.com\/wp-includes\/images\/media\/default.png","width":2560,"height":1713,"sizes":{"thumbnail":"https:\/\/www.franceavelo.com\/wp-content\/uploads\/2025\/10\/Stift-Admont_c_steiermark_tourismus_ernst_reichenfelser-150x150.jpg","thumbnail-width":150,"thumbnail-height":150,"medium":"https:\/\/www.franceavelo.com\/wp-content\/uploads\/2025\/10\/Stift-Admont_c_steiermark_tourismus_ernst_reichenfelser-300x201.jpg","medium-width":300,"medium-height":201,"medium_large":"https:\/\/www.franceavelo.com\/wp-content\/uploads\/2025\/10\/Stift-Admont_c_steiermark_tourismus_ernst_reichenfelser-768x514.jpg","medium_large-width":768,"medium_large-height":514,"large":"https:\/\/www.franceavelo.com\/wp-content\/uploads\/2025\/10\/Stift-Admont_c_steiermark_tourismus_ernst_reichenfelser-1024x685.jpg","large-width":1024,"large-height":685,"1536x1536":"https:\/\/www.franceavelo.com\/wp-content\/uploads\/2025\/10\/Stift-Admont_c_steiermark_tourismus_ernst_reichenfelser-1536x1028.jpg","1536x1536-width":1536,"1536x1536-height":1028,"2048x2048":"https:\/\/www.franceavelo.com\/wp-content\/uploads\/2025\/10\/Stift-Admont_c_steiermark_tourismus_ernst_reichenfelser-2048x1370.jpg","2048x2048-width":2048,"2048x2048-height":1370,"product_option_intro":"https:\/\/www.franceavelo.com\/wp-content\/uploads\/2025\/10\/Stift-Admont_c_steiermark_tourismus_ernst_reichenfelser-300x220.jpg","product_option_intro-width":300,"product_option_intro-height":220,"postlist_thumbnail":"https:\/\/www.franceavelo.com\/wp-content\/uploads\/2025\/10\/Stift-Admont_c_steiermark_tourismus_ernst_reichenfelser-200x200.jpg","postlist_thumbnail-width":200,"postlist_thumbnail-height":200,"content_full_desktop":"https:\/\/www.franceavelo.com\/wp-content\/uploads\/2025\/10\/Stift-Admont_c_steiermark_tourismus_ernst_reichenfelser-970x649.jpg","content_full_desktop-width":970,"content_full_desktop-height":649,"content_full_desktop_retina":"https:\/\/www.franceavelo.com\/wp-content\/uploads\/2025\/10\/Stift-Admont_c_steiermark_tourismus_ernst_reichenfelser-1940x1298.jpg","content_full_desktop_retina-width":1940,"content_full_desktop_retina-height":1298,"content_half_desktop":"https:\/\/www.franceavelo.com\/wp-content\/uploads\/2025\/10\/Stift-Admont_c_steiermark_tourismus_ernst_reichenfelser-485x324.jpg","content_half_desktop-width":485,"content_half_desktop-height":324,"content_full_tablet":"https:\/\/www.franceavelo.com\/wp-content\/uploads\/2025\/10\/Stift-Admont_c_steiermark_tourismus_ernst_reichenfelser-750x502.jpg","content_full_tablet-width":750,"content_full_tablet-height":502,"content_full_tablet_retina":"https:\/\/www.franceavelo.com\/wp-content\/uploads\/2025\/10\/Stift-Admont_c_steiermark_tourismus_ernst_reichenfelser-1500x1004.jpg","content_full_tablet_retina-width":1500,"content_full_tablet_retina-height":1004,"content_half_tablet":"https:\/\/www.franceavelo.com\/wp-content\/uploads\/2025\/10\/Stift-Admont_c_steiermark_tourismus_ernst_reichenfelser-375x251.jpg","content_half_tablet-width":375,"content_half_tablet-height":251,"content_full_mobile":"https:\/\/www.franceavelo.com\/wp-content\/uploads\/2025\/10\/Stift-Admont_c_steiermark_tourismus_ernst_reichenfelser-500x335.jpg","content_full_mobile-width":500,"content_full_mobile-height":335,"content_full_mobile_retina":"https:\/\/www.franceavelo.com\/wp-content\/uploads\/2025\/10\/Stift-Admont_c_steiermark_tourismus_ernst_reichenfelser-1000x669.jpg","content_full_mobile_retina-width":1000,"content_full_mobile_retina-height":669,"content_full_smallmobile":"https:\/\/www.franceavelo.com\/wp-content\/uploads\/2025\/10\/Stift-Admont_c_steiermark_tourismus_ernst_reichenfelser-380x180.jpg","content_full_smallmobile-width":380,"content_full_smallmobile-height":180,"content_head_mobile":"https:\/\/www.franceavelo.com\/wp-content\/uploads\/2025\/10\/Stift-Admont_c_steiermark_tourismus_ernst_reichenfelser-320x430.jpg","content_head_mobile-width":320,"content_head_mobile-height":430,"content_head_tablet":"https:\/\/www.franceavelo.com\/wp-content\/uploads\/2025\/10\/Stift-Admont_c_steiermark_tourismus_ernst_reichenfelser-540x500.jpg","content_head_tablet-width":540,"content_head_tablet-height":500,"content_highlight_desktop":"https:\/\/www.franceavelo.com\/wp-content\/uploads\/2025\/10\/Stift-Admont_c_steiermark_tourismus_ernst_reichenfelser-350x240.jpg","content_highlight_desktop-width":350,"content_highlight_desktop-height":240,"content_highlight_desktop_retina":"https:\/\/www.franceavelo.com\/wp-content\/uploads\/2025\/10\/Stift-Admont_c_steiermark_tourismus_ernst_reichenfelser-700x480.jpg","content_highlight_desktop_retina-width":700,"content_highlight_desktop_retina-height":480,"content_testimony_mobile":"https:\/\/www.franceavelo.com\/wp-content\/uploads\/2025\/10\/Stift-Admont_c_steiermark_tourismus_ernst_reichenfelser-480x1100.jpg","content_testimony_mobile-width":480,"content_testimony_mobile-height":1100,"content_type_image_desktop":"https:\/\/www.franceavelo.com\/wp-content\/uploads\/2025\/10\/Stift-Admont_c_steiermark_tourismus_ernst_reichenfelser-600x401.jpg","content_type_image_desktop-width":600,"content_type_image_desktop-height":401,"content_type_image_desktop_retina":"https:\/\/www.franceavelo.com\/wp-content\/uploads\/2025\/10\/Stift-Admont_c_steiermark_tourismus_ernst_reichenfelser-1200x803.jpg","content_type_image_desktop_retina-width":1200,"content_type_image_desktop_retina-height":803,"content_type_image_mobile":"https:\/\/www.franceavelo.com\/wp-content\/uploads\/2025\/10\/Stift-Admont_c_steiermark_tourismus_ernst_reichenfelser-450x301.jpg","content_type_image_mobile-width":450,"content_type_image_mobile-height":301,"gform-image-choice-sm":"https:\/\/www.franceavelo.com\/wp-content\/uploads\/2025\/10\/Stift-Admont_c_steiermark_tourismus_ernst_reichenfelser-scaled.jpg","gform-image-choice-sm-width":300,"gform-image-choice-sm-height":201,"gform-image-choice-md":"https:\/\/www.franceavelo.com\/wp-content\/uploads\/2025\/10\/Stift-Admont_c_steiermark_tourismus_ernst_reichenfelser-scaled.jpg","gform-image-choice-md-width":400,"gform-image-choice-md-height":268,"gform-image-choice-lg":"https:\/\/www.franceavelo.com\/wp-content\/uploads\/2025\/10\/Stift-Admont_c_steiermark_tourismus_ernst_reichenfelser-scaled.jpg","gform-image-choice-lg-width":600,"gform-image-choice-lg-height":401}},"product_gallery_item_video_thumbnail":false,"product_gallery_item_video_url":""}],"product_day_by_day_repeat":[{"product_day_by_day_bloc":"<h4><strong>Tag 1 Ankunft in Radstadt<\/strong><\/h4>\n<h4><span style=\"font-size: 10pt\">Individuelle Anreise nach Radstadt, Check-in im Hotel <\/span><span style=\"font-size: 10pt\">und \u00dcbergabe der Reiseunterlagen sowie (bei Buchung) <\/span><span style=\"font-size: 10pt\">Ihres Leihfahrrads. Radstadt, liebevoll auch \u201eAltstadt in <\/span><span style=\"font-size: 10pt\">den Bergen\u201c genannt, l\u00e4dt mit seinem mittelalterlichen <\/span><span style=\"font-size: 10pt\">Flair und Bergpanorama zu einem gem\u00fctlichen <\/span><span style=\"font-size: 10pt\">Spaziergang ein. Hotelbeispiel: Hotel Br\u00fcggler.<\/span><\/h4>\n"},{"product_day_by_day_bloc":"<h4><span style=\"font-size: 10pt;color: inherit;font-family: inherit\"><span style=\"font-size: 14pt\"><strong>Tag 2 Radstadt \u2013 Gr\u00f6bming 45 km<\/strong><\/span><\/span><\/h4>\n<h4><span style=\"font-size: 10pt;color: inherit;font-family: inherit\"><br \/>\nEs beginnt entlang der jungen Enns \u2013 lebhaft und klar. Bald \u00f6ffnet sich der Blick auf die imposanten S\u00fcdw\u00e4nde des Dachsteins. Sie radeln durch das Ennstal \u00fcber Schladming, vorbei an Almwiesen und mit einer m\u00e4chtigen Bergkulisse im R\u00fccken. Die Ankunft in Gr\u00f6bming wird mit Panorama und steirischer Herzlichkeit belohnt. Hotelbeispiel: Landhaus Amadeus.<\/span><\/h4>\n"},{"product_day_by_day_bloc":"<h4><b>Tag 3 Gr\u00f6bming \u2013 Admont 55 km<\/b><\/h4>\n<h4><b><br \/>\n<\/b><span style=\"font-size: 10pt\">Es ist eine gem\u00fctliche Fahrt durch das Tal \u2013 die Enns immer <\/span><span style=\"font-size: 10pt\">an Ihrer Seite. Bald erheben sich die schroffen Gipfel des <\/span><span style=\"font-size: 10pt\">Nationalparks Ges\u00e4use am Horizont \u2013 wie eine nat\u00fcrliche <\/span><span style=\"font-size: 10pt\">Kathedrale. In Admont erwartet Sie ein kulturelles <\/span><span style=\"font-size: 10pt\">Highlight: das Benediktinerkloster mit der gr\u00f6\u00dften <\/span><span style=\"font-size: 10pt\">Klosterbibliothek der Welt.<\/span><\/h4>\n"},{"product_day_by_day_bloc":"<h4><strong>Tag 4 Admont \u2013 St. Gallen 55 km<\/strong><\/h4>\n<h4><span style=\"font-size: 10pt\">Heute wird es wildromantisch: Die Enns schl\u00e4ngelt <\/span><span style=\"font-size: 10pt\">sich durch das spektakul\u00e4re Ges\u00e4use \u2013 eine 20 km <\/span><span style=\"font-size: 10pt\">lange Schlucht, die Naturliebhaber in Verz\u00fcckung <\/span><span style=\"font-size: 10pt\">versetzt. Felsen, Wald und Fluss bieten ein <\/span><span style=\"font-size: 10pt\">Naturspektakel, das seinesgleichen sucht. In St. <\/span><span style=\"font-size: 10pt\">Gallen l\u00e4sst sich der Tag am besten bei einem Glas <\/span><span style=\"font-size: 10pt\">steirischem Wein ausklingen. Beispielhotel: Hotel <\/span><span style=\"font-size: 10pt\">Hensle Seite 3 von 8.<\/span><\/h4>\n"},{"product_day_by_day_bloc":"<h4><strong>Tag 5 St. Gallen\u2013 Gro\u00dframing 45 km <\/strong><strong>(inkl. Bustransfer zur Moosh\u00f6he)<\/strong><\/h4>\n<h4><span style=\"font-size: 10pt\">Die Burg Gallstein hei\u00dft Sie zum Abschied willkommen. <\/span><span style=\"font-size: 10pt\">Weiter geht es durch den Nationalpark Kalkalpen \u2013 <\/span><span style=\"font-size: 10pt\">unber\u00fchrt, bewaldet, wild. Hier leben Luchse, <\/span><span style=\"font-size: 10pt\">Schwarzst\u00f6rche und vielleicht sogar ein echter <\/span><span style=\"font-size: 10pt\">Naturgeist. Der Aufstieg zur Moosh\u00f6he ist mit dem <\/span><span style=\"font-size: 10pt\">Bustransfer leicht zu bew\u00e4ltigen \u2013 so bleibt mehr Kraft <\/span><span style=\"font-size: 10pt\">zum Staunen. Beispielhotel: Hotel Kirchenwirt <\/span><\/h4>\n"},{"product_day_by_day_bloc":"<h4><strong>Tag 6 Gro\u00dframing \u2013 Steyr 42 km<\/strong><\/h4>\n<h4><span style=\"font-size: 10pt\">Flusstal und geschichtstr\u00e4chtig: Fr\u00fcher wurde hier Eisen <\/span><span style=\"font-size: 10pt\">auf Fl\u00f6\u00dfen transportiert, heute radeln Sie entspannt <\/span><span style=\"font-size: 10pt\">durch diese traditionsreiche Region. In Steyr m\u00fcndet die <\/span><span style=\"font-size: 10pt\">Steyr in die Enns \u2013 und Kulturliebhaber kommen voll auf <\/span><span style=\"font-size: 10pt\">ihre Kosten: historische Altstadt, Burgh\u00e4user,<\/span><br \/>\n<span style=\"font-size: 10pt\">Industriekultur pur. Hotelbeispiel: Stadthotel Styria.<\/span><\/h4>\n"},{"product_day_by_day_bloc":"<h4><strong>Tag 7 Steyr \u2013 Linz 50 km<\/strong><\/h4>\n<h4><span style=\"font-size: 10pt\">Die Enns wird tr\u00e4ge und breit \u2013 fast majest\u00e4tisch, wenn <\/span><span style=\"font-size: 10pt\">sie an der Stadt Enns, \u00d6sterreichs \u00e4ltester Stadt, <\/span><span style=\"font-size: 10pt\">vorbeiflie\u00dft. R\u00f6mer, Kelten und Babenberger haben hier <\/span><span style=\"font-size: 10pt\">ihre Spuren hinterlassen. Im Museum Lauriacum wird <\/span><span style=\"font-size: 10pt\">Geschichte greifbar, bevor es weiter zur Donau nach Linz <\/span><span style=\"font-size: 10pt\">geht. Beispielhotel: Arcotel Hotel Nike<\/span><\/h4>\n"},{"product_day_by_day_bloc":"<p><span style=\"font-size: 14pt\"><strong>Tag 8 Abreise<\/strong><\/span><\/p>\n<p><span style=\"font-size: 10pt\">Heimreise oder Verl\u00e4ngerung Nach dem Fr\u00fchst\u00fcck <\/span><span style=\"font-size: 10pt\">k\u00f6nnen Sie selbstst\u00e4ndig nach Hause reisen \u2013 oder <\/span><span style=\"font-size: 10pt\">Ihren Aufenthalt in Linz verl\u00e4ngern. Wenn Sie es lieber <\/span><span style=\"font-size: 10pt\">bequemer haben, buchen Sie einfach den R\u00fccktransfer <\/span><span style=\"font-size: 10pt\">nach Radstadt mit Bus oder Bahn. <\/span><\/p>\n"}],"product_lodging":"<p>7 \u00dcbernachtungen in 3-4-Sterne-Hotels<\/p>\n","product_services":"<p>\u2022 7 \u00dcbernachtungen in 4- und 3-Sterne-Hotels<br \/>\n\u2022 T\u00e4glich reichhaltiges Fr\u00fchst\u00fccksbuffet<br \/>\n\u2022 Gep\u00e4cktransfer von Hotel zu Hotel nach Linz (1 Gep\u00e4ckst\u00fcck pro Person, max. 23 kg)<br \/>\n\u2022 Individuelles Radbuch (digitale Anwendung)<br \/>\n\u2022 Hochwertige Lenkertasche f\u00fcr den optimalen Transport von Reiseunterlagen pro Zimmer<br \/>\n\u2022 GPX-Daten<br \/>\n\u2022 Kostenlose E-Bike-Ladem\u00f6glichkeiten in allen Hotels<br \/>\n\u2022 7\/7-Service-Hotline<\/p>\n<p><em>Kurtaxe ist nicht im preis mit inbegriffen. Diese muss vor ort gezahlt werden.<\/em><\/p>\n<p>&nbsp;<\/p>\n<p><strong>M\u00d6GLICHE OPTIONEN<\/strong><\/p>\n<p>HAFTUNGSAUSSCHLUSS F\u00dcR MIETFAHRR\u00c4DER : <strong>Preis zum Preis f\u00fcr die Miete der ausgew\u00e4hlten Fahrr\u00e4der hinzuf\u00fcgen<\/strong><\/p>\n<p>-21\/27-Gang Tourenrad\u00a0 \u00a0 \u00a0 \u00a0 \u00a0 \u00a0 \u00a0 \u00a0 \u00a0 \u00a0 \u00a023 \u20ac<\/p>\n<p>-Elektrorad (250 \u20ac Kaution)\u00a0 \u00a0 \u00a0 \u00a0 \u00a0 \u00a0 \u00a052 \u20ac<\/p>\n<p>\u2022 R\u00fccktransfer auf Anfrage<br \/>\n\u2022 Parkpl\u00e4tze am Ankunftshotel verf\u00fcgbar (ca. 10 \u20ac pro Tag) (vor Ort zu bezahlen)<\/p>\n","product_additional_info":"<p><strong>Streckencharakteristik<\/strong>:Verl\u00e4uft haupts\u00e4chlich auf kleinen, ruhigen und asphaltierten Landstra\u00dfen, teilweise auf asphaltierten oder separaten Radwegen. Zwischen W\u00fcrzburg und dem Taubertal sind Steigungen zu erwarten. Das Taubertal selbst ist dann flacher mit nur leichten Steigungen.<\/p>\n<p>&nbsp;<\/p>\n","product_how_to_come":"<p>Mit dem Flugzeug:<\/p>\n<p><strong>Deutschland<\/strong><\/p>\n<p>Frankfurt-Salzburg (1 Stunde) dann 50 Minuten mit dem Auto\/M\u00fcnchen-Salzburg (Zwischenstopp in Frankfurt) (ca. 3 Stunden) dann 50 Minuten mit dem Auto<\/p>\n<p>&nbsp;<\/p>\n<p>Mit dem Auto:<\/p>\n<p><strong>Deutschland<\/strong><\/p>\n<p>von M\u00fcnchen (ca. 2 Stunden)\/Stuttgart (ca. 4,5 Stunden)\/Z\u00fcrich (ca. 5,5 Stunden)<br \/>\n<strong>\u00d6sterreich<\/strong><\/p>\n<p>von Salzburg (50 Minuten)\/Innsbruck (ca. 3 Stunden)\/Wien (ca. 3,5 Stunden)<\/p>\n","product_link_product_repeat":[{"product_link_product_item":{"ID":74171,"post_author":"12","post_date":"2024-12-19 11:27:21","post_date_gmt":"2024-12-19 10:27:21","post_content":"","post_title":"\u00d6sterreich - Linz nach Wien - Ungef\u00fchrt - 8 Tage - Familie","post_excerpt":"","post_status":"publish","comment_status":"open","ping_status":"closed","post_password":"","post_name":"osterreich-linz-wien-ungefuhrt-8-tage-familie","to_ping":"","pinged":"","post_modified":"2025-11-26 09:33:42","post_modified_gmt":"2025-11-26 08:33:42","post_content_filtered":"","post_parent":0,"guid":"https:\/\/www.franceavelo.com\/?post_type=product&#038;p=74171","menu_order":0,"post_type":"product","post_mime_type":"","comment_count":"0","filter":"raw"}},{"product_link_product_item":{"ID":74183,"post_author":"12","post_date":"2024-12-19 12:19:33","post_date_gmt":"2024-12-19 11:19:33","post_content":"","post_title":"Von \u00d6sterreich nach Italien - von Wien nach Triest- Ungef\u00fchrt - 10 Tage - Klassik E-bike","post_excerpt":"","post_status":"publish","comment_status":"open","ping_status":"closed","post_password":"","post_name":"radreise-von-oesterreich-nach-italien-wien-triest-10tage-klassik-e-bike","to_ping":"","pinged":"","post_modified":"2025-11-26 10:02:30","post_modified_gmt":"2025-11-26 09:02:30","post_content_filtered":"","post_parent":0,"guid":"https:\/\/www.franceavelo.com\/?post_type=product&#038;p=74183","menu_order":0,"post_type":"product","post_mime_type":"","comment_count":"0","filter":"raw"}},{"product_link_product_item":{"ID":74132,"post_author":"12","post_date":"2024-12-19 10:28:28","post_date_gmt":"2024-12-19 09:28:28","post_content":"","post_title":"Von Deutschland nach \u00d6sterreich - Passau nach Linz - Ungef\u00fchrt - 6 Tage - Familie","post_excerpt":"","post_status":"publish","comment_status":"open","ping_status":"closed","post_password":"","post_name":"mit-dem-fahrrad-von-passau-nach-linz-familie-6-tage","to_ping":"","pinged":"","post_modified":"2025-11-26 09:40:46","post_modified_gmt":"2025-11-26 08:40:46","post_content_filtered":"","post_parent":0,"guid":"https:\/\/www.franceavelo.com\/?post_type=product&#038;p=74132","menu_order":0,"post_type":"product","post_mime_type":"","comment_count":"0","filter":"raw"}}],"product_start_date_type":"range","product_start_date_range":"25\/04\/2026","product_end_date_range":"02\/10\/2026","product_days_range":["lundi","mardi","mercredi","jeudi","vendredi","samedi","dimanche"],"product_price_double_room":"869","product_option_third_place_available":"false","product_price_simple_room":"1109","product_option_road_bike":"","product_option_children_seat":"","product_option_follow_bike":"","product_option_trailer":"","product_option_transfert_repeat":[{"product_option_transfert_city":"HAFTUNGSAUSSCHLUSS F\u00dcR MIETFAHRR\u00c4DER (21\/27-Gang Tourenrad)","product_option_transfert_price":"23","product_option_transfert_display_as_checkbox":true},{"product_option_transfert_city":"HAFTUNGSAUSSCHLUSS F\u00dcR MIETFAHRR\u00c4DER (Elektrorad (250 \u20ac Kaution))","product_option_transfert_price":"52","product_option_transfert_display_as_checkbox":true}],"product_dates":"<p><strong>Anreise: <\/strong><\/p>\n<p>T\u00e4glich 25.04. &#8211; 18.09.2026<\/p>\n<p>Freitag-Sonntag 19.09.-02.10.2026<\/p>\n<p>&nbsp;<\/p>\n","product_option_add_night_double_before":"79","product_option_add_night_double_after":"83","product_option_add_night_single_before":"99","product_option_add_night_single_after":"125","product_seasons":[{"product_seasons_begin_date":"20260425","product_seasons_end_date":"20260918","product_seasons_double_room_price":"979","product_seasons_option_add_night_double_before":"79","product_seasons_option_add_night_double_after":"83","product_seasons_single_room_price":"1219","product_seasons_option_add_night_single_before":"99","product_seasons_option_add_night_single_after":"125"},{"product_seasons_begin_date":"20260919","product_seasons_end_date":"20261002","product_seasons_double_room_price":"869","product_seasons_option_add_night_double_before":"79","product_seasons_option_add_night_double_after":"83","product_seasons_single_room_price":"1109","product_seasons_option_add_night_single_before":"99","product_seasons_option_add_night_single_after":"125"}],"product_small_group_number":"","product_super_small_group_price":"","product_super_small_group_number":"","product_option_transfert_disable":false,"product_landscape":[{"value":"la_2","label":"Nature"},{"value":"la_3","label":"Fleuve"},{"value":"la_4","label":"Ville"}],"product_map_circuit":{"ID":75841,"id":75841,"title":"From Radstadt to Linz 8 jours - Classique","filename":"From-Radstadt-to-Linz-8-jours-Classique-.png","filesize":125815,"url":"https:\/\/www.franceavelo.com\/wp-content\/uploads\/2025\/10\/From-Radstadt-to-Linz-8-jours-Classique-.png","link":"https:\/\/www.franceavelo.com\/de\/product\/osterreich-enns-radweg-radstadt-nach-linz-8-tage-klassik-2026-2\/from-radstadt-to-linz-8-jours-classique\/","alt":"","author":"12","description":"","caption":"","name":"from-radstadt-to-linz-8-jours-classique","status":"inherit","uploaded_to":75833,"date":"2025-10-21 14:38:17","modified":"2025-10-21 14:38:17","menu_order":0,"mime_type":"image\/png","type":"image","subtype":"png","icon":"https:\/\/www.franceavelo.com\/wp-includes\/images\/media\/default.png","width":1110,"height":1075,"sizes":{"thumbnail":"https:\/\/www.franceavelo.com\/wp-content\/uploads\/2025\/10\/From-Radstadt-to-Linz-8-jours-Classique--150x150.png","thumbnail-width":150,"thumbnail-height":150,"medium":"https:\/\/www.franceavelo.com\/wp-content\/uploads\/2025\/10\/From-Radstadt-to-Linz-8-jours-Classique--300x291.png","medium-width":300,"medium-height":291,"medium_large":"https:\/\/www.franceavelo.com\/wp-content\/uploads\/2025\/10\/From-Radstadt-to-Linz-8-jours-Classique--768x744.png","medium_large-width":768,"medium_large-height":744,"large":"https:\/\/www.franceavelo.com\/wp-content\/uploads\/2025\/10\/From-Radstadt-to-Linz-8-jours-Classique--1024x992.png","large-width":1024,"large-height":992,"1536x1536":"https:\/\/www.franceavelo.com\/wp-content\/uploads\/2025\/10\/From-Radstadt-to-Linz-8-jours-Classique-.png","1536x1536-width":1110,"1536x1536-height":1075,"2048x2048":"https:\/\/www.franceavelo.com\/wp-content\/uploads\/2025\/10\/From-Radstadt-to-Linz-8-jours-Classique-.png","2048x2048-width":1110,"2048x2048-height":1075,"product_option_intro":"https:\/\/www.franceavelo.com\/wp-content\/uploads\/2025\/10\/From-Radstadt-to-Linz-8-jours-Classique--300x220.png","product_option_intro-width":300,"product_option_intro-height":220,"postlist_thumbnail":"https:\/\/www.franceavelo.com\/wp-content\/uploads\/2025\/10\/From-Radstadt-to-Linz-8-jours-Classique--200x200.png","postlist_thumbnail-width":200,"postlist_thumbnail-height":200,"content_full_desktop":"https:\/\/www.franceavelo.com\/wp-content\/uploads\/2025\/10\/From-Radstadt-to-Linz-8-jours-Classique--970x939.png","content_full_desktop-width":970,"content_full_desktop-height":939,"content_full_desktop_retina":"https:\/\/www.franceavelo.com\/wp-content\/uploads\/2025\/10\/From-Radstadt-to-Linz-8-jours-Classique-.png","content_full_desktop_retina-width":1110,"content_full_desktop_retina-height":1075,"content_half_desktop":"https:\/\/www.franceavelo.com\/wp-content\/uploads\/2025\/10\/From-Radstadt-to-Linz-8-jours-Classique--485x470.png","content_half_desktop-width":485,"content_half_desktop-height":470,"content_full_tablet":"https:\/\/www.franceavelo.com\/wp-content\/uploads\/2025\/10\/From-Radstadt-to-Linz-8-jours-Classique--750x726.png","content_full_tablet-width":750,"content_full_tablet-height":726,"content_full_tablet_retina":"https:\/\/www.franceavelo.com\/wp-content\/uploads\/2025\/10\/From-Radstadt-to-Linz-8-jours-Classique-.png","content_full_tablet_retina-width":1110,"content_full_tablet_retina-height":1075,"content_half_tablet":"https:\/\/www.franceavelo.com\/wp-content\/uploads\/2025\/10\/From-Radstadt-to-Linz-8-jours-Classique--375x363.png","content_half_tablet-width":375,"content_half_tablet-height":363,"content_full_mobile":"https:\/\/www.franceavelo.com\/wp-content\/uploads\/2025\/10\/From-Radstadt-to-Linz-8-jours-Classique--500x484.png","content_full_mobile-width":500,"content_full_mobile-height":484,"content_full_mobile_retina":"https:\/\/www.franceavelo.com\/wp-content\/uploads\/2025\/10\/From-Radstadt-to-Linz-8-jours-Classique--1000x968.png","content_full_mobile_retina-width":1000,"content_full_mobile_retina-height":968,"content_full_smallmobile":"https:\/\/www.franceavelo.com\/wp-content\/uploads\/2025\/10\/From-Radstadt-to-Linz-8-jours-Classique--380x180.png","content_full_smallmobile-width":380,"content_full_smallmobile-height":180,"content_head_mobile":"https:\/\/www.franceavelo.com\/wp-content\/uploads\/2025\/10\/From-Radstadt-to-Linz-8-jours-Classique--320x430.png","content_head_mobile-width":320,"content_head_mobile-height":430,"content_head_tablet":"https:\/\/www.franceavelo.com\/wp-content\/uploads\/2025\/10\/From-Radstadt-to-Linz-8-jours-Classique--540x500.png","content_head_tablet-width":540,"content_head_tablet-height":500,"content_highlight_desktop":"https:\/\/www.franceavelo.com\/wp-content\/uploads\/2025\/10\/From-Radstadt-to-Linz-8-jours-Classique--350x240.png","content_highlight_desktop-width":350,"content_highlight_desktop-height":240,"content_highlight_desktop_retina":"https:\/\/www.franceavelo.com\/wp-content\/uploads\/2025\/10\/From-Radstadt-to-Linz-8-jours-Classique--700x480.png","content_highlight_desktop_retina-width":700,"content_highlight_desktop_retina-height":480,"content_testimony_mobile":"https:\/\/www.franceavelo.com\/wp-content\/uploads\/2025\/10\/From-Radstadt-to-Linz-8-jours-Classique--480x1075.png","content_testimony_mobile-width":480,"content_testimony_mobile-height":1075,"content_type_image_desktop":"https:\/\/www.franceavelo.com\/wp-content\/uploads\/2025\/10\/From-Radstadt-to-Linz-8-jours-Classique--600x581.png","content_type_image_desktop-width":600,"content_type_image_desktop-height":581,"content_type_image_desktop_retina":"https:\/\/www.franceavelo.com\/wp-content\/uploads\/2025\/10\/From-Radstadt-to-Linz-8-jours-Classique-.png","content_type_image_desktop_retina-width":1110,"content_type_image_desktop_retina-height":1075,"content_type_image_mobile":"https:\/\/www.franceavelo.com\/wp-content\/uploads\/2025\/10\/From-Radstadt-to-Linz-8-jours-Classique--450x436.png","content_type_image_mobile-width":450,"content_type_image_mobile-height":436,"gform-image-choice-sm":"https:\/\/www.franceavelo.com\/wp-content\/uploads\/2025\/10\/From-Radstadt-to-Linz-8-jours-Classique-.png","gform-image-choice-sm-width":300,"gform-image-choice-sm-height":291,"gform-image-choice-md":"https:\/\/www.franceavelo.com\/wp-content\/uploads\/2025\/10\/From-Radstadt-to-Linz-8-jours-Classique-.png","gform-image-choice-md-width":400,"gform-image-choice-md-height":387,"gform-image-choice-lg":"https:\/\/www.franceavelo.com\/wp-content\/uploads\/2025\/10\/From-Radstadt-to-Linz-8-jours-Classique-.png","gform-image-choice-lg-width":600,"gform-image-choice-lg-height":581}},"product_nb_day":"8","product_ambiance":[{"value":"am_2","label":"Sportif"},{"value":"am_4","label":"E bike"},{"value":"am_5","label":"Culture\u00a0"}],"product_option_helmet":"","product_main_img":{"ID":75835,"id":75835,"title":"Radfahren am Steyrer Stadtplatz klein (c) O\u00d6 Tourismus GmbH _ Moritz Ablinger 2","filename":"Radfahren-am-Steyrer-Stadtplatz-klein-c-OO-Tourismus-GmbH-_-Moritz-Ablinger-2.jpg","filesize":295973,"url":"https:\/\/www.franceavelo.com\/wp-content\/uploads\/2025\/10\/Radfahren-am-Steyrer-Stadtplatz-klein-c-OO-Tourismus-GmbH-_-Moritz-Ablinger-2.jpg","link":"https:\/\/www.franceavelo.com\/de\/product\/osterreich-enns-radweg-radstadt-nach-linz-8-tage-klassik-2026-2\/radfahren-am-steyrer-stadtplatz-klein-c-ooe-tourismus-gmbh-_-moritz-ablinger-2\/","alt":"","author":"12","description":"","caption":"","name":"radfahren-am-steyrer-stadtplatz-klein-c-ooe-tourismus-gmbh-_-moritz-ablinger-2","status":"inherit","uploaded_to":75833,"date":"2025-10-21 14:35:23","modified":"2025-10-21 14:35:23","menu_order":0,"mime_type":"image\/jpeg","type":"image","subtype":"jpeg","icon":"https:\/\/www.franceavelo.com\/wp-includes\/images\/media\/default.png","width":1800,"height":1200,"sizes":{"thumbnail":"https:\/\/www.franceavelo.com\/wp-content\/uploads\/2025\/10\/Radfahren-am-Steyrer-Stadtplatz-klein-c-OO-Tourismus-GmbH-_-Moritz-Ablinger-2-150x150.jpg","thumbnail-width":150,"thumbnail-height":150,"medium":"https:\/\/www.franceavelo.com\/wp-content\/uploads\/2025\/10\/Radfahren-am-Steyrer-Stadtplatz-klein-c-OO-Tourismus-GmbH-_-Moritz-Ablinger-2-300x200.jpg","medium-width":300,"medium-height":200,"medium_large":"https:\/\/www.franceavelo.com\/wp-content\/uploads\/2025\/10\/Radfahren-am-Steyrer-Stadtplatz-klein-c-OO-Tourismus-GmbH-_-Moritz-Ablinger-2-768x512.jpg","medium_large-width":768,"medium_large-height":512,"large":"https:\/\/www.franceavelo.com\/wp-content\/uploads\/2025\/10\/Radfahren-am-Steyrer-Stadtplatz-klein-c-OO-Tourismus-GmbH-_-Moritz-Ablinger-2-1024x683.jpg","large-width":1024,"large-height":683,"1536x1536":"https:\/\/www.franceavelo.com\/wp-content\/uploads\/2025\/10\/Radfahren-am-Steyrer-Stadtplatz-klein-c-OO-Tourismus-GmbH-_-Moritz-Ablinger-2-1536x1024.jpg","1536x1536-width":1536,"1536x1536-height":1024,"2048x2048":"https:\/\/www.franceavelo.com\/wp-content\/uploads\/2025\/10\/Radfahren-am-Steyrer-Stadtplatz-klein-c-OO-Tourismus-GmbH-_-Moritz-Ablinger-2.jpg","2048x2048-width":1800,"2048x2048-height":1200,"product_option_intro":"https:\/\/www.franceavelo.com\/wp-content\/uploads\/2025\/10\/Radfahren-am-Steyrer-Stadtplatz-klein-c-OO-Tourismus-GmbH-_-Moritz-Ablinger-2-300x220.jpg","product_option_intro-width":300,"product_option_intro-height":220,"postlist_thumbnail":"https:\/\/www.franceavelo.com\/wp-content\/uploads\/2025\/10\/Radfahren-am-Steyrer-Stadtplatz-klein-c-OO-Tourismus-GmbH-_-Moritz-Ablinger-2-200x200.jpg","postlist_thumbnail-width":200,"postlist_thumbnail-height":200,"content_full_desktop":"https:\/\/www.franceavelo.com\/wp-content\/uploads\/2025\/10\/Radfahren-am-Steyrer-Stadtplatz-klein-c-OO-Tourismus-GmbH-_-Moritz-Ablinger-2-970x647.jpg","content_full_desktop-width":970,"content_full_desktop-height":647,"content_full_desktop_retina":"https:\/\/www.franceavelo.com\/wp-content\/uploads\/2025\/10\/Radfahren-am-Steyrer-Stadtplatz-klein-c-OO-Tourismus-GmbH-_-Moritz-Ablinger-2.jpg","content_full_desktop_retina-width":1800,"content_full_desktop_retina-height":1200,"content_half_desktop":"https:\/\/www.franceavelo.com\/wp-content\/uploads\/2025\/10\/Radfahren-am-Steyrer-Stadtplatz-klein-c-OO-Tourismus-GmbH-_-Moritz-Ablinger-2-485x323.jpg","content_half_desktop-width":485,"content_half_desktop-height":323,"content_full_tablet":"https:\/\/www.franceavelo.com\/wp-content\/uploads\/2025\/10\/Radfahren-am-Steyrer-Stadtplatz-klein-c-OO-Tourismus-GmbH-_-Moritz-Ablinger-2-750x500.jpg","content_full_tablet-width":750,"content_full_tablet-height":500,"content_full_tablet_retina":"https:\/\/www.franceavelo.com\/wp-content\/uploads\/2025\/10\/Radfahren-am-Steyrer-Stadtplatz-klein-c-OO-Tourismus-GmbH-_-Moritz-Ablinger-2-1500x1000.jpg","content_full_tablet_retina-width":1500,"content_full_tablet_retina-height":1000,"content_half_tablet":"https:\/\/www.franceavelo.com\/wp-content\/uploads\/2025\/10\/Radfahren-am-Steyrer-Stadtplatz-klein-c-OO-Tourismus-GmbH-_-Moritz-Ablinger-2-375x250.jpg","content_half_tablet-width":375,"content_half_tablet-height":250,"content_full_mobile":"https:\/\/www.franceavelo.com\/wp-content\/uploads\/2025\/10\/Radfahren-am-Steyrer-Stadtplatz-klein-c-OO-Tourismus-GmbH-_-Moritz-Ablinger-2-500x333.jpg","content_full_mobile-width":500,"content_full_mobile-height":333,"content_full_mobile_retina":"https:\/\/www.franceavelo.com\/wp-content\/uploads\/2025\/10\/Radfahren-am-Steyrer-Stadtplatz-klein-c-OO-Tourismus-GmbH-_-Moritz-Ablinger-2-1000x667.jpg","content_full_mobile_retina-width":1000,"content_full_mobile_retina-height":667,"content_full_smallmobile":"https:\/\/www.franceavelo.com\/wp-content\/uploads\/2025\/10\/Radfahren-am-Steyrer-Stadtplatz-klein-c-OO-Tourismus-GmbH-_-Moritz-Ablinger-2-380x180.jpg","content_full_smallmobile-width":380,"content_full_smallmobile-height":180,"content_head_mobile":"https:\/\/www.franceavelo.com\/wp-content\/uploads\/2025\/10\/Radfahren-am-Steyrer-Stadtplatz-klein-c-OO-Tourismus-GmbH-_-Moritz-Ablinger-2-320x430.jpg","content_head_mobile-width":320,"content_head_mobile-height":430,"content_head_tablet":"https:\/\/www.franceavelo.com\/wp-content\/uploads\/2025\/10\/Radfahren-am-Steyrer-Stadtplatz-klein-c-OO-Tourismus-GmbH-_-Moritz-Ablinger-2-540x500.jpg","content_head_tablet-width":540,"content_head_tablet-height":500,"content_highlight_desktop":"https:\/\/www.franceavelo.com\/wp-content\/uploads\/2025\/10\/Radfahren-am-Steyrer-Stadtplatz-klein-c-OO-Tourismus-GmbH-_-Moritz-Ablinger-2-350x240.jpg","content_highlight_desktop-width":350,"content_highlight_desktop-height":240,"content_highlight_desktop_retina":"https:\/\/www.franceavelo.com\/wp-content\/uploads\/2025\/10\/Radfahren-am-Steyrer-Stadtplatz-klein-c-OO-Tourismus-GmbH-_-Moritz-Ablinger-2-700x480.jpg","content_highlight_desktop_retina-width":700,"content_highlight_desktop_retina-height":480,"content_testimony_mobile":"https:\/\/www.franceavelo.com\/wp-content\/uploads\/2025\/10\/Radfahren-am-Steyrer-Stadtplatz-klein-c-OO-Tourismus-GmbH-_-Moritz-Ablinger-2-480x1100.jpg","content_testimony_mobile-width":480,"content_testimony_mobile-height":1100,"content_type_image_desktop":"https:\/\/www.franceavelo.com\/wp-content\/uploads\/2025\/10\/Radfahren-am-Steyrer-Stadtplatz-klein-c-OO-Tourismus-GmbH-_-Moritz-Ablinger-2-600x400.jpg","content_type_image_desktop-width":600,"content_type_image_desktop-height":400,"content_type_image_desktop_retina":"https:\/\/www.franceavelo.com\/wp-content\/uploads\/2025\/10\/Radfahren-am-Steyrer-Stadtplatz-klein-c-OO-Tourismus-GmbH-_-Moritz-Ablinger-2-1200x800.jpg","content_type_image_desktop_retina-width":1200,"content_type_image_desktop_retina-height":800,"content_type_image_mobile":"https:\/\/www.franceavelo.com\/wp-content\/uploads\/2025\/10\/Radfahren-am-Steyrer-Stadtplatz-klein-c-OO-Tourismus-GmbH-_-Moritz-Ablinger-2-450x300.jpg","content_type_image_mobile-width":450,"content_type_image_mobile-height":300,"gform-image-choice-sm":"https:\/\/www.franceavelo.com\/wp-content\/uploads\/2025\/10\/Radfahren-am-Steyrer-Stadtplatz-klein-c-OO-Tourismus-GmbH-_-Moritz-Ablinger-2.jpg","gform-image-choice-sm-width":300,"gform-image-choice-sm-height":200,"gform-image-choice-md":"https:\/\/www.franceavelo.com\/wp-content\/uploads\/2025\/10\/Radfahren-am-Steyrer-Stadtplatz-klein-c-OO-Tourismus-GmbH-_-Moritz-Ablinger-2.jpg","gform-image-choice-md-width":400,"gform-image-choice-md-height":267,"gform-image-choice-lg":"https:\/\/www.franceavelo.com\/wp-content\/uploads\/2025\/10\/Radfahren-am-Steyrer-Stadtplatz-klein-c-OO-Tourismus-GmbH-_-Moritz-Ablinger-2.jpg","gform-image-choice-lg-width":600,"gform-image-choice-lg-height":400}},"product_map_region":{"ID":75838,"id":75838,"title":"Karte \u00d6sterreich","filename":"Karte-Osterreich-scaled.png","filesize":95308,"url":"https:\/\/www.franceavelo.com\/wp-content\/uploads\/2025\/10\/Karte-Osterreich-scaled.png","link":"https:\/\/www.franceavelo.com\/de\/product\/osterreich-enns-radweg-radstadt-nach-linz-8-tage-klassik-2026-2\/karte-oesterreich-2\/","alt":"","author":"12","description":"","caption":"","name":"karte-oesterreich-2","status":"inherit","uploaded_to":75833,"date":"2025-10-21 14:37:32","modified":"2025-10-21 14:37:32","menu_order":0,"mime_type":"image\/png","type":"image","subtype":"png","icon":"https:\/\/www.franceavelo.com\/wp-includes\/images\/media\/default.png","width":2560,"height":1336,"sizes":{"thumbnail":"https:\/\/www.franceavelo.com\/wp-content\/uploads\/2025\/10\/Karte-Osterreich-150x150.png","thumbnail-width":150,"thumbnail-height":150,"medium":"https:\/\/www.franceavelo.com\/wp-content\/uploads\/2025\/10\/Karte-Osterreich-300x157.png","medium-width":300,"medium-height":157,"medium_large":"https:\/\/www.franceavelo.com\/wp-content\/uploads\/2025\/10\/Karte-Osterreich-768x401.png","medium_large-width":768,"medium_large-height":401,"large":"https:\/\/www.franceavelo.com\/wp-content\/uploads\/2025\/10\/Karte-Osterreich-1024x534.png","large-width":1024,"large-height":534,"1536x1536":"https:\/\/www.franceavelo.com\/wp-content\/uploads\/2025\/10\/Karte-Osterreich-1536x802.png","1536x1536-width":1536,"1536x1536-height":802,"2048x2048":"https:\/\/www.franceavelo.com\/wp-content\/uploads\/2025\/10\/Karte-Osterreich-2048x1069.png","2048x2048-width":2048,"2048x2048-height":1069,"product_option_intro":"https:\/\/www.franceavelo.com\/wp-content\/uploads\/2025\/10\/Karte-Osterreich-300x220.png","product_option_intro-width":300,"product_option_intro-height":220,"postlist_thumbnail":"https:\/\/www.franceavelo.com\/wp-content\/uploads\/2025\/10\/Karte-Osterreich-200x200.png","postlist_thumbnail-width":200,"postlist_thumbnail-height":200,"content_full_desktop":"https:\/\/www.franceavelo.com\/wp-content\/uploads\/2025\/10\/Karte-Osterreich-970x506.png","content_full_desktop-width":970,"content_full_desktop-height":506,"content_full_desktop_retina":"https:\/\/www.franceavelo.com\/wp-content\/uploads\/2025\/10\/Karte-Osterreich-1940x1013.png","content_full_desktop_retina-width":1940,"content_full_desktop_retina-height":1013,"content_half_desktop":"https:\/\/www.franceavelo.com\/wp-content\/uploads\/2025\/10\/Karte-Osterreich-485x253.png","content_half_desktop-width":485,"content_half_desktop-height":253,"content_full_tablet":"https:\/\/www.franceavelo.com\/wp-content\/uploads\/2025\/10\/Karte-Osterreich-750x391.png","content_full_tablet-width":750,"content_full_tablet-height":391,"content_full_tablet_retina":"https:\/\/www.franceavelo.com\/wp-content\/uploads\/2025\/10\/Karte-Osterreich-1500x783.png","content_full_tablet_retina-width":1500,"content_full_tablet_retina-height":783,"content_half_tablet":"https:\/\/www.franceavelo.com\/wp-content\/uploads\/2025\/10\/Karte-Osterreich-375x196.png","content_half_tablet-width":375,"content_half_tablet-height":196,"content_full_mobile":"https:\/\/www.franceavelo.com\/wp-content\/uploads\/2025\/10\/Karte-Osterreich-500x261.png","content_full_mobile-width":500,"content_full_mobile-height":261,"content_full_mobile_retina":"https:\/\/www.franceavelo.com\/wp-content\/uploads\/2025\/10\/Karte-Osterreich-1000x522.png","content_full_mobile_retina-width":1000,"content_full_mobile_retina-height":522,"content_full_smallmobile":"https:\/\/www.franceavelo.com\/wp-content\/uploads\/2025\/10\/Karte-Osterreich-380x180.png","content_full_smallmobile-width":380,"content_full_smallmobile-height":180,"content_head_mobile":"https:\/\/www.franceavelo.com\/wp-content\/uploads\/2025\/10\/Karte-Osterreich-320x430.png","content_head_mobile-width":320,"content_head_mobile-height":430,"content_head_tablet":"https:\/\/www.franceavelo.com\/wp-content\/uploads\/2025\/10\/Karte-Osterreich-540x500.png","content_head_tablet-width":540,"content_head_tablet-height":500,"content_highlight_desktop":"https:\/\/www.franceavelo.com\/wp-content\/uploads\/2025\/10\/Karte-Osterreich-350x240.png","content_highlight_desktop-width":350,"content_highlight_desktop-height":240,"content_highlight_desktop_retina":"https:\/\/www.franceavelo.com\/wp-content\/uploads\/2025\/10\/Karte-Osterreich-700x480.png","content_highlight_desktop_retina-width":700,"content_highlight_desktop_retina-height":480,"content_testimony_mobile":"https:\/\/www.franceavelo.com\/wp-content\/uploads\/2025\/10\/Karte-Osterreich-480x1100.png","content_testimony_mobile-width":480,"content_testimony_mobile-height":1100,"content_type_image_desktop":"https:\/\/www.franceavelo.com\/wp-content\/uploads\/2025\/10\/Karte-Osterreich-600x313.png","content_type_image_desktop-width":600,"content_type_image_desktop-height":313,"content_type_image_desktop_retina":"https:\/\/www.franceavelo.com\/wp-content\/uploads\/2025\/10\/Karte-Osterreich-1200x626.png","content_type_image_desktop_retina-width":1200,"content_type_image_desktop_retina-height":626,"content_type_image_mobile":"https:\/\/www.franceavelo.com\/wp-content\/uploads\/2025\/10\/Karte-Osterreich-450x235.png","content_type_image_mobile-width":450,"content_type_image_mobile-height":235,"gform-image-choice-sm":"https:\/\/www.franceavelo.com\/wp-content\/uploads\/2025\/10\/Karte-Osterreich-scaled.png","gform-image-choice-sm-width":300,"gform-image-choice-sm-height":157,"gform-image-choice-md":"https:\/\/www.franceavelo.com\/wp-content\/uploads\/2025\/10\/Karte-Osterreich-scaled.png","gform-image-choice-md-width":400,"gform-image-choice-md-height":209,"gform-image-choice-lg":"https:\/\/www.franceavelo.com\/wp-content\/uploads\/2025\/10\/Karte-Osterreich-scaled.png","gform-image-choice-lg-width":600,"gform-image-choice-lg-height":313}},"product_nb_kilometer":"290","product_nb_night":"7","product_price_from":"869","product_small_group_price":"","product_option_vtc_bike":"115","product_option_electric_bike":"239","product_solo_traveler_price":"","product_pdf_datasheet":{"ID":75878,"id":75878,"title":"\u00d6sterreich_Von Radstadt nach Linz_RL8C_8 tage_Klassik_2026","filename":"Osterreich_Von-Radstadt-nach-Linz_RL8C_8-tage_Klassik_2026.pdf","filesize":5165388,"url":"https:\/\/www.franceavelo.com\/wp-content\/uploads\/2025\/10\/Osterreich_Von-Radstadt-nach-Linz_RL8C_8-tage_Klassik_2026.pdf","link":"https:\/\/www.franceavelo.com\/de\/product\/osterreich-enns-radweg-radstadt-nach-linz-8-tage-klassik-2026-2\/oesterreich_von-radstadt-nach-linz_rl8c_8-tage_klassik_2026\/","alt":"","author":"12","description":"","caption":"","name":"oesterreich_von-radstadt-nach-linz_rl8c_8-tage_klassik_2026","status":"inherit","uploaded_to":75833,"date":"2025-10-22 08:52:37","modified":"2025-10-22 08:52:37","menu_order":0,"mime_type":"application\/pdf","type":"application","subtype":"pdf","icon":"https:\/\/www.franceavelo.com\/wp-includes\/images\/media\/document.png"}},"yoast_head":"<!-- This site is optimized with the Yoast SEO plugin v27.4 - https:\/\/yoast.com\/product\/yoast-seo-wordpress\/ -->\n<title>\u00d6sterreich-Enns Radweg-Radstadt nach Linz-8 Tage-Klassic<\/title>\n<meta name=\"description\" content=\"Wenn Sie \u00d6sterreich mit all seinen nat\u00fcrlichen Reizen erleben m\u00f6chten, sollten Sie am besten mit dem Fahrradentlang der Enns fahren. Vom Salzburger Land \u00fcber die Steiermark bis nach Ober\u00f6sterreich f\u00fchrt Sie dieseGenusstour auf einem der sch\u00f6nsten Flussradwege des Landes \u2013 immer begleitet von rauschendem Wasser,stillen T\u00e4lern und m\u00e4chtigen Bergen. Sie durchqueren zwei Nationalparks, gleiten an steilen Felsw\u00e4ndenvorbei, durch alpine T\u00e4ler und charmante Kleinst\u00e4dte. Diese Reise ist wie eine leckere Portion HolzknechtNocken: bodenst\u00e4ndig, energiespendend und voller Erinnerungen an das echte, urspr\u00fcngliche \u00d6sterreich.\" \/>\n<meta name=\"robots\" content=\"index, follow, max-snippet:-1, max-image-preview:large, max-video-preview:-1\" \/>\n<link rel=\"canonical\" href=\"https:\/\/www.franceavelo.com\/de\/product\/osterreich-enns-radweg-radstadt-nach-linz-8-tage-klassik-2026-2\/\" \/>\n<meta property=\"og:locale\" content=\"de_DE\" \/>\n<meta property=\"og:type\" content=\"article\" \/>\n<meta property=\"og:title\" content=\"\u00d6sterreich-Enns Radweg-Radstadt nach Linz-8 Tage-Klassic\" \/>\n<meta property=\"og:description\" content=\"Wenn Sie \u00d6sterreich mit all seinen nat\u00fcrlichen Reizen erleben m\u00f6chten, sollten Sie am besten mit dem Fahrradentlang der Enns fahren. Vom Salzburger Land \u00fcber die Steiermark bis nach Ober\u00f6sterreich f\u00fchrt Sie dieseGenusstour auf einem der sch\u00f6nsten Flussradwege des Landes \u2013 immer begleitet von rauschendem Wasser,stillen T\u00e4lern und m\u00e4chtigen Bergen. Sie durchqueren zwei Nationalparks, gleiten an steilen Felsw\u00e4ndenvorbei, durch alpine T\u00e4ler und charmante Kleinst\u00e4dte. Diese Reise ist wie eine leckere Portion HolzknechtNocken: bodenst\u00e4ndig, energiespendend und voller Erinnerungen an das echte, urspr\u00fcngliche \u00d6sterreich.\" \/>\n<meta property=\"og:url\" content=\"https:\/\/www.franceavelo.com\/de\/product\/osterreich-enns-radweg-radstadt-nach-linz-8-tage-klassik-2026-2\/\" \/>\n<meta property=\"og:site_name\" content=\"France \u00e0 v\u00e9lo\" \/>\n<meta property=\"article:modified_time\" content=\"2025-11-14T13:33:14+00:00\" \/>\n<meta name=\"twitter:card\" content=\"summary_large_image\" \/>\n<meta name=\"twitter:label1\" content=\"Gesch\u00e4tzte Lesezeit\" \/>\n\t<meta name=\"twitter:data1\" content=\"6\u00a0Minuten\" \/>\n<script type=\"application\/ld+json\" class=\"yoast-schema-graph\">{\"@context\":\"https:\\\/\\\/schema.org\",\"@graph\":[{\"@type\":\"WebPage\",\"@id\":\"https:\\\/\\\/www.franceavelo.com\\\/de\\\/product\\\/osterreich-enns-radweg-radstadt-nach-linz-8-tage-klassik-2026-2\\\/\",\"url\":\"https:\\\/\\\/www.franceavelo.com\\\/de\\\/product\\\/osterreich-enns-radweg-radstadt-nach-linz-8-tage-klassik-2026-2\\\/\",\"name\":\"\u00d6sterreich-Enns Radweg-Radstadt nach Linz-8 Tage-Klassic\",\"isPartOf\":{\"@id\":\"https:\\\/\\\/www.franceavelo.com\\\/fr\\\/#website\"},\"datePublished\":\"2025-10-22T08:43:25+00:00\",\"dateModified\":\"2025-11-14T13:33:14+00:00\",\"description\":\"Wenn Sie \u00d6sterreich mit all seinen nat\u00fcrlichen Reizen erleben m\u00f6chten, sollten Sie am besten mit dem Fahrradentlang der Enns fahren. Vom Salzburger Land \u00fcber die Steiermark bis nach Ober\u00f6sterreich f\u00fchrt Sie dieseGenusstour auf einem der sch\u00f6nsten Flussradwege des Landes \u2013 immer begleitet von rauschendem Wasser,stillen T\u00e4lern und m\u00e4chtigen Bergen. Sie durchqueren zwei Nationalparks, gleiten an steilen Felsw\u00e4ndenvorbei, durch alpine T\u00e4ler und charmante Kleinst\u00e4dte. Diese Reise ist wie eine leckere Portion HolzknechtNocken: bodenst\u00e4ndig, energiespendend und voller Erinnerungen an das echte, urspr\u00fcngliche \u00d6sterreich.\",\"breadcrumb\":{\"@id\":\"https:\\\/\\\/www.franceavelo.com\\\/de\\\/product\\\/osterreich-enns-radweg-radstadt-nach-linz-8-tage-klassik-2026-2\\\/#breadcrumb\"},\"inLanguage\":\"de\",\"potentialAction\":[{\"@type\":\"ReadAction\",\"target\":[\"https:\\\/\\\/www.franceavelo.com\\\/de\\\/product\\\/osterreich-enns-radweg-radstadt-nach-linz-8-tage-klassik-2026-2\\\/\"]}]},{\"@type\":\"BreadcrumbList\",\"@id\":\"https:\\\/\\\/www.franceavelo.com\\\/de\\\/product\\\/osterreich-enns-radweg-radstadt-nach-linz-8-tage-klassik-2026-2\\\/#breadcrumb\",\"itemListElement\":[{\"@type\":\"ListItem\",\"position\":1,\"name\":\"Home\",\"item\":\"https:\\\/\\\/www.franceavelo.com\\\/de\\\/\"},{\"@type\":\"ListItem\",\"position\":2,\"name\":\"Produits\",\"item\":\"https:\\\/\\\/www.franceavelo.com\\\/produits\\\/\"},{\"@type\":\"ListItem\",\"position\":3,\"name\":\"\u00d6STERREICH- Enns Radweg\u2013 Radstadt nach Linz-Ungef\u00fchrt &#8211; 8 Tage &#8211; Klassik\"}]},{\"@type\":\"WebSite\",\"@id\":\"https:\\\/\\\/www.franceavelo.com\\\/fr\\\/#website\",\"url\":\"https:\\\/\\\/www.franceavelo.com\\\/fr\\\/\",\"name\":\"France \u00e0 v\u00e9lo\",\"description\":\"Un site utilisant WordPress\",\"publisher\":{\"@id\":\"https:\\\/\\\/www.franceavelo.com\\\/fr\\\/#organization\"},\"potentialAction\":[{\"@type\":\"SearchAction\",\"target\":{\"@type\":\"EntryPoint\",\"urlTemplate\":\"https:\\\/\\\/www.franceavelo.com\\\/fr\\\/?s={search_term_string}\"},\"query-input\":{\"@type\":\"PropertyValueSpecification\",\"valueRequired\":true,\"valueName\":\"search_term_string\"}}],\"inLanguage\":\"de\"},{\"@type\":\"Organization\",\"@id\":\"https:\\\/\\\/www.franceavelo.com\\\/fr\\\/#organization\",\"name\":\"France \u00e0 v\u00e9lo\",\"url\":\"https:\\\/\\\/www.franceavelo.com\\\/fr\\\/\",\"logo\":{\"@type\":\"ImageObject\",\"inLanguage\":\"de\",\"@id\":\"https:\\\/\\\/www.franceavelo.com\\\/fr\\\/#\\\/schema\\\/logo\\\/image\\\/\",\"url\":\"https:\\\/\\\/www.franceavelo.com\\\/wp-content\\\/uploads\\\/2024\\\/07\\\/favicon-large.png\",\"contentUrl\":\"https:\\\/\\\/www.franceavelo.com\\\/wp-content\\\/uploads\\\/2024\\\/07\\\/favicon-large.png\",\"width\":696,\"height\":696,\"caption\":\"France \u00e0 v\u00e9lo\"},\"image\":{\"@id\":\"https:\\\/\\\/www.franceavelo.com\\\/fr\\\/#\\\/schema\\\/logo\\\/image\\\/\"}}]}<\/script>\n<!-- \/ Yoast SEO plugin. -->","yoast_head_json":{"title":"\u00d6sterreich-Enns Radweg-Radstadt nach Linz-8 Tage-Klassic","description":"Wenn Sie \u00d6sterreich mit all seinen nat\u00fcrlichen Reizen erleben m\u00f6chten, sollten Sie am besten mit dem Fahrradentlang der Enns fahren. Vom Salzburger Land \u00fcber die Steiermark bis nach Ober\u00f6sterreich f\u00fchrt Sie dieseGenusstour auf einem der sch\u00f6nsten Flussradwege des Landes \u2013 immer begleitet von rauschendem Wasser,stillen T\u00e4lern und m\u00e4chtigen Bergen. Sie durchqueren zwei Nationalparks, gleiten an steilen Felsw\u00e4ndenvorbei, durch alpine T\u00e4ler und charmante Kleinst\u00e4dte. Diese Reise ist wie eine leckere Portion HolzknechtNocken: bodenst\u00e4ndig, energiespendend und voller Erinnerungen an das echte, urspr\u00fcngliche \u00d6sterreich.","robots":{"index":"index","follow":"follow","max-snippet":"max-snippet:-1","max-image-preview":"max-image-preview:large","max-video-preview":"max-video-preview:-1"},"canonical":"https:\/\/www.franceavelo.com\/de\/product\/osterreich-enns-radweg-radstadt-nach-linz-8-tage-klassik-2026-2\/","og_locale":"de_DE","og_type":"article","og_title":"\u00d6sterreich-Enns Radweg-Radstadt nach Linz-8 Tage-Klassic","og_description":"Wenn Sie \u00d6sterreich mit all seinen nat\u00fcrlichen Reizen erleben m\u00f6chten, sollten Sie am besten mit dem Fahrradentlang der Enns fahren. Vom Salzburger Land \u00fcber die Steiermark bis nach Ober\u00f6sterreich f\u00fchrt Sie dieseGenusstour auf einem der sch\u00f6nsten Flussradwege des Landes \u2013 immer begleitet von rauschendem Wasser,stillen T\u00e4lern und m\u00e4chtigen Bergen. Sie durchqueren zwei Nationalparks, gleiten an steilen Felsw\u00e4ndenvorbei, durch alpine T\u00e4ler und charmante Kleinst\u00e4dte. Diese Reise ist wie eine leckere Portion HolzknechtNocken: bodenst\u00e4ndig, energiespendend und voller Erinnerungen an das echte, urspr\u00fcngliche \u00d6sterreich.","og_url":"https:\/\/www.franceavelo.com\/de\/product\/osterreich-enns-radweg-radstadt-nach-linz-8-tage-klassik-2026-2\/","og_site_name":"France \u00e0 v\u00e9lo","article_modified_time":"2025-11-14T13:33:14+00:00","twitter_card":"summary_large_image","twitter_misc":{"Gesch\u00e4tzte Lesezeit":"6\u00a0Minuten"},"schema":{"@context":"https:\/\/schema.org","@graph":[{"@type":"WebPage","@id":"https:\/\/www.franceavelo.com\/de\/product\/osterreich-enns-radweg-radstadt-nach-linz-8-tage-klassik-2026-2\/","url":"https:\/\/www.franceavelo.com\/de\/product\/osterreich-enns-radweg-radstadt-nach-linz-8-tage-klassik-2026-2\/","name":"\u00d6sterreich-Enns Radweg-Radstadt nach Linz-8 Tage-Klassic","isPartOf":{"@id":"https:\/\/www.franceavelo.com\/fr\/#website"},"datePublished":"2025-10-22T08:43:25+00:00","dateModified":"2025-11-14T13:33:14+00:00","description":"Wenn Sie \u00d6sterreich mit all seinen nat\u00fcrlichen Reizen erleben m\u00f6chten, sollten Sie am besten mit dem Fahrradentlang der Enns fahren. Vom Salzburger Land \u00fcber die Steiermark bis nach Ober\u00f6sterreich f\u00fchrt Sie dieseGenusstour auf einem der sch\u00f6nsten Flussradwege des Landes \u2013 immer begleitet von rauschendem Wasser,stillen T\u00e4lern und m\u00e4chtigen Bergen. Sie durchqueren zwei Nationalparks, gleiten an steilen Felsw\u00e4ndenvorbei, durch alpine T\u00e4ler und charmante Kleinst\u00e4dte. Diese Reise ist wie eine leckere Portion HolzknechtNocken: bodenst\u00e4ndig, energiespendend und voller Erinnerungen an das echte, urspr\u00fcngliche \u00d6sterreich.","breadcrumb":{"@id":"https:\/\/www.franceavelo.com\/de\/product\/osterreich-enns-radweg-radstadt-nach-linz-8-tage-klassik-2026-2\/#breadcrumb"},"inLanguage":"de","potentialAction":[{"@type":"ReadAction","target":["https:\/\/www.franceavelo.com\/de\/product\/osterreich-enns-radweg-radstadt-nach-linz-8-tage-klassik-2026-2\/"]}]},{"@type":"BreadcrumbList","@id":"https:\/\/www.franceavelo.com\/de\/product\/osterreich-enns-radweg-radstadt-nach-linz-8-tage-klassik-2026-2\/#breadcrumb","itemListElement":[{"@type":"ListItem","position":1,"name":"Home","item":"https:\/\/www.franceavelo.com\/de\/"},{"@type":"ListItem","position":2,"name":"Produits","item":"https:\/\/www.franceavelo.com\/produits\/"},{"@type":"ListItem","position":3,"name":"\u00d6STERREICH- Enns Radweg\u2013 Radstadt nach Linz-Ungef\u00fchrt &#8211; 8 Tage &#8211; Klassik"}]},{"@type":"WebSite","@id":"https:\/\/www.franceavelo.com\/fr\/#website","url":"https:\/\/www.franceavelo.com\/fr\/","name":"France \u00e0 v\u00e9lo","description":"Un site utilisant WordPress","publisher":{"@id":"https:\/\/www.franceavelo.com\/fr\/#organization"},"potentialAction":[{"@type":"SearchAction","target":{"@type":"EntryPoint","urlTemplate":"https:\/\/www.franceavelo.com\/fr\/?s={search_term_string}"},"query-input":{"@type":"PropertyValueSpecification","valueRequired":true,"valueName":"search_term_string"}}],"inLanguage":"de"},{"@type":"Organization","@id":"https:\/\/www.franceavelo.com\/fr\/#organization","name":"France \u00e0 v\u00e9lo","url":"https:\/\/www.franceavelo.com\/fr\/","logo":{"@type":"ImageObject","inLanguage":"de","@id":"https:\/\/www.franceavelo.com\/fr\/#\/schema\/logo\/image\/","url":"https:\/\/www.franceavelo.com\/wp-content\/uploads\/2024\/07\/favicon-large.png","contentUrl":"https:\/\/www.franceavelo.com\/wp-content\/uploads\/2024\/07\/favicon-large.png","width":696,"height":696,"caption":"France \u00e0 v\u00e9lo"},"image":{"@id":"https:\/\/www.franceavelo.com\/fr\/#\/schema\/logo\/image\/"}}]}},"_links":{"self":[{"href":"https:\/\/www.franceavelo.com\/de\/wp-json\/wp\/v2\/product\/75833","targetHints":{"allow":["GET"]}}],"collection":[{"href":"https:\/\/www.franceavelo.com\/de\/wp-json\/wp\/v2\/product"}],"about":[{"href":"https:\/\/www.franceavelo.com\/de\/wp-json\/wp\/v2\/types\/product"}],"replies":[{"embeddable":true,"href":"https:\/\/www.franceavelo.com\/de\/wp-json\/wp\/v2\/comments?post=75833"}],"wp:attachment":[{"href":"https:\/\/www.franceavelo.com\/de\/wp-json\/wp\/v2\/media?parent=75833"}],"curies":[{"name":"wp","href":"https:\/\/api.w.org\/{rel}","templated":true}]}}