{"id":60439,"date":"2020-10-08T16:04:42","date_gmt":"2020-10-08T14:04:42","guid":{"rendered":"https:\/\/www.franceavelo.com\/?post_type=product&#038;p=60439"},"modified":"2025-11-04T16:57:09","modified_gmt":"2025-11-04T15:57:09","slug":"voyage-velo-veloscenie-en-liberte-8-jours-confort-simple","status":"publish","type":"product","link":"https:\/\/www.franceavelo.com\/fr\/product\/voyage-velo-veloscenie-en-liberte-8-jours-confort-simple\/","title":{"rendered":"V\u00e9losc\u00e9nie &#8211; Non guid\u00e9 &#8211; 8 jours &#8211; Eco"},"comment_status":"open","ping_status":"closed","template":"","class_list":["post-60439","product","type-product","status-publish","hentry"],"acf":{"product_code":"VS8CS","product_title":"V\u00e9losc\u00e9nie - Non guid\u00e9 - 8 jours - Eco","product_subtitle":"V\u00e9losc\u00e9nie - Jardins et Ch\u00e2teaux de Chartres au Mont Saint Michel","product_description":"<p><strong>D\u00e9couvrez la V\u00e9losc\u00e9nie, l&rsquo;itin\u00e9raire grand spectacle de Chartres avec sa cath\u00e9drale de lumi\u00e8res au Mont Saint Michel, tous deux list\u00e9s au Patrimoine Mondial de l\u2019Unesco. Au d\u00e9part de Chartres, vous cheminez chaque jour au c\u0153ur des for\u00eats et des bocages normands. Appr\u00e9ciez les Thermes de Bagnoles de l\u2019Orne et terminez en beaut\u00e9 au pied du majestueux Mont Saint Michel. Ce circuit \u00e0 v\u00e9lo sur la V\u00e9losc\u00e9nie est une merveilleuse combinaison entre culture et nature.<\/strong><\/p>\n<p>&nbsp;<\/p>\n<h4><span style=\"color: #000000\"><strong>Les +<\/strong><\/span><\/h4>\n<p><span style=\"color: #35a186\"><strong>Sites class\u00e9s UNESCO<\/strong><\/span><br \/>\n<span style=\"color: #35a186\"><strong>Villes d\u2019Art et d\u2019Histoire<\/strong><\/span><br \/>\n<span style=\"color: #35a186\"><strong>Voies vertes et v\u00e9loroute<\/strong><\/span><br \/>\n<span style=\"color: #35a186\"><strong>Parc naturel<\/strong><\/span><br \/>\n<span style=\"color: #35a186\"><strong>Cath\u00e9drale de Chartres<\/strong><\/span><br \/>\n<span style=\"color: #35a186\"><strong>Station thermale<\/strong><\/span><br \/>\n<span style=\"color: #35a186\"><strong>Maison de la Pomme et de la Poire<\/strong><\/span><br \/>\n<span style=\"color: #35a186\"><strong>Mus\u00e9e des Beaux-Arts et de la Dentelle<\/strong><\/span><br \/>\n<span style=\"color: #35a186\"><strong>Mont St Michel<\/strong><\/span><\/p>\n","product_pdf_datasheet":{"ID":74450,"id":74450,"title":"Offre_V\u00e9losc\u00e9nie_Individuel_VS8CS_8 Jours_Confort simple_2025","filename":"Offre_Veloscenie_Individuel_VS8CS_8-Jours_Confort-simple_2025.pdf","filesize":2614339,"url":"https:\/\/www.franceavelo.com\/wp-content\/uploads\/2020\/10\/Offre_Veloscenie_Individuel_VS8CS_8-Jours_Confort-simple_2025.pdf","link":"https:\/\/www.franceavelo.com\/fr\/product\/voyage-velo-veloscenie-en-liberte-8-jours-confort-simple\/offre_veloscenie_individuel_vs8cs_8-jours_confort-simple_2025\/","alt":"","author":"12","description":"","caption":"","name":"offre_veloscenie_individuel_vs8cs_8-jours_confort-simple_2025","status":"inherit","uploaded_to":60439,"date":"2025-01-08 13:30:52","modified":"2025-01-08 13:30:52","menu_order":0,"mime_type":"application\/pdf","type":"application","subtype":"pdf","icon":"https:\/\/www.franceavelo.com\/wp-includes\/images\/media\/document.png"},"product_zone":"fr","product_subzone":"fr_15","product_travel_type":{"value":"ty_2","label":"Non Guid\u00e9"},"product_landscape":[{"value":"la_2","label":"Nature"},{"value":"la_5","label":"Ch\u00e2teau"},{"value":"la_6","label":"Voie verte"}],"product_nb_day":"8","product_nb_night":"7","product_day_by_day_repeat":[{"product_day_by_day_bloc":"<h4><strong>Jour 1 Chartres<\/strong><\/h4>\n<p>Arriv\u00e9e \u00e0 Chartres. \u00a0Prenez le temps de d\u00e9couvrir les ruelles pav\u00e9es et les maisons \u00e0 colombages de la vieille ville, <span style=\"color: #35a186\"><a style=\"color: #35a186\" href=\"https:\/\/www.chartres-tourisme.com\/les-incontournables\/la-cathedrale\/histoire-de-la-cathedrale-de-chartres\" target=\"_blank\" rel=\"noopener\"><strong>la Cath\u00e9drale Notre-Dame<\/strong><\/a><\/span> et ses c\u00e9l\u00e8bres vitraux.<\/p>\n"},{"product_day_by_day_bloc":"<h4><strong>Jour 2 Chartres \u2013 Illiers Combray 30 km<\/strong><\/h4>\n<p>Votre \u00e9tape du jour \u00e9tant relativement courte, prenez le temps de vous impr\u00e9gner de l\u2019atmosph\u00e8re matinal de la vieille ville de Chartres. Les ponts et lavoirs vous invitent \u00e0 fl\u00e2ner le long de la rivi\u00e8re. Vous partez ensuite vers <strong>Illiers-Combray<\/strong> \u00e0 travers de jolies routes de campagne ayant inspir\u00e9 Marcel Proust pour l&rsquo;\u00e9criture de son roman \u00ab\u00a0A la recherche du temps perdu\u00a0\u00bb.<\/p>\n"},{"product_day_by_day_bloc":"<h4><strong>Jour 3 Illiers Combray \u2013 Nogent 51 km<\/strong><\/h4>\n<p>Des paysages authentiques, de verte campagne, de collines escarp\u00e9es, de villages, de manoirs o\u00f9 il est possible de croiser, au d\u00e9tour d&rsquo;une route un cheval percheron, fort et robuste cheval de trait, embl\u00e8me de la r\u00e9gion. La V\u00e9losc\u00e9nie emprunte des petites routes sur les contreforts du Perche mais aussi une voie verte pour \u00e9quilibrer cette belle journ\u00e9e. Sur votre chemin vous pouvez visiter les jardins de <span style=\"color: #35a186\"><a style=\"color: #35a186\" href=\"https:\/\/www.ledomainedelabbaye.net\/\" target=\"_blank\" rel=\"noopener\"><strong>l\u2019Abbaye de Thiron-Gardais<\/strong><\/a><\/span> puis passez \u00e0 <strong>Nogent-le-Rotrou<\/strong> domin\u00e9 par sa forteresse m\u00e9di\u00e9vale.<\/p>\n"},{"product_day_by_day_bloc":"<h4><strong>Jour 4 Nogent \u2013 Alen\u00e7on 66 km<\/strong><\/h4>\n<p>Cette \u00e9tape continue son chemin sur la voie verte et le paysage vallonn\u00e9 du Perche pour entrer sur le territoire du Parc naturel r\u00e9gional Normandie-Maine. La Voie verte traverse ensuite la tr\u00e8s verte for\u00eat de Bourse au bord de la rivi\u00e8re V\u00e9sone et rejoint une petite route au milieu de hameaux avant d&rsquo;atteindre le centre d&rsquo;<strong>Alen\u00e7on<\/strong>. La capitale de L&rsquo;Orne a fond\u00e9 sa renomm\u00e9e sur l&rsquo;un des arts les plus d\u00e9licats, celui de la dentelle au Point d&rsquo;Alen\u00e7on, un savoir-faire inscrit au patrimoine culturel immat\u00e9riel de l&rsquo;humanit\u00e9 que vous pourrez d\u00e9couvrir au <strong><span style=\"color: #35a186\"><a style=\"color: #35a186\" href=\"https:\/\/museedentelle.cu-alencon.fr\/\" target=\"_blank\" rel=\"noopener\">mus\u00e9e des Beaux Arts et de la Dentelle<\/a><\/span><\/strong>.<\/p>\n"},{"product_day_by_day_bloc":"<h4><strong>Jour 5 Alen\u00e7on \u2013 Bagnoles-de l\u2019Orne <\/strong><strong>53 km<\/strong><\/h4>\n<p>Cette \u00e9tape musarde jusqu&rsquo;au <span style=\"color: #35a186\"><a style=\"color: #35a186\" href=\"http:\/\/www.chateau-carrouges.fr\/\" target=\"_blank\" rel=\"noopener\"><strong>Ch\u00e2teau de Carrouges<\/strong><\/a><\/span>, impressionnante construction de granit, de brique et d&rsquo;ardoises qui allie l&rsquo;architecture d\u00e9fensive du Moyen-Age, l&rsquo;\u00e9l\u00e9gance de la Renaissance et la sobri\u00e9t\u00e9 de l&rsquo;\u00e9poque Classique. Par la suite, le parcours se dirige vers la fameuse station thermale de <strong>Bagnoles-de-l&rsquo;Orne<\/strong>. Halte parfaite apr\u00e8s cette \u00e9tape sportive, entre charme r\u00e9tro des villas Belle Epoque et soins bien-\u00eatre aux Thermes.<\/p>\n"},{"product_day_by_day_bloc":"<h4><strong>Jour 6 Bagnoles \u2013 St Hilaire du Harcou\u00ebt 61 km<\/strong><\/h4>\n<p>Au d\u00e9part de Bagnoles-de-L&rsquo;Orne, l&rsquo;itin\u00e9raire sillonne des petites routes en lisi\u00e8re de for\u00eat des Andaines pour rejoindre la charmante cit\u00e9 m\u00e9di\u00e9vale de Domfront. En route vous pouvez visiter la Maison de la Pomme et de la Poire, ce mus\u00e9e est log\u00e9 dans une ferme normande typique. Vous y d\u00e9couvrirez l&rsquo;activit\u00e9 du cidrier, l&rsquo;origine de la culture du pommier et du poirier et le processus de fabrication. La v\u00e9loroute se poursuit jusqu&rsquo;\u00e0 la petite ville dynamique de <strong>St Hilaire du Harcou\u00ebt.<\/strong><\/p>\n"},{"product_day_by_day_bloc":"<h4><strong>Jour 7 St Hilaire \u2013 Mont St Michel 61 km<\/strong><\/h4>\n<p>Ultime \u00e9tape de la V\u00e9losc\u00e9nie, la voie verte serpente jusqu&rsquo;\u00e0 <strong>Pontaubault<\/strong>. qui commence \u00e0 offrir des points de vue sur la Baie et esquisse la silhouette du <span style=\"color: #35a186\"><a style=\"color: #35a186\" href=\"https:\/\/www.normandie-tourisme.fr\/les-incontournables\/le-mont-saint-michel\/\" target=\"_blank\" rel=\"noopener\"><strong>Mont Saint Michel <\/strong><\/a><\/span>\u00e0 l&rsquo;horizon. La Merveille de l&rsquo;Occident et sa baie, th\u00e9\u00e2tre des plus grandes mar\u00e9es d&rsquo;Europe, sont class\u00e9es au Patrimoine Mondial de l&rsquo;Humanit\u00e9 par l&rsquo;UNESCO.<\/p>\n"},{"product_day_by_day_bloc":"<h4><strong>Jour 8 D\u00e9part<\/strong><\/h4>\n<p>Apr\u00e8s le petit-d\u00e9jeuner, d\u00e9part pour la gare de <strong>Saint Malo en train.\u00a0<\/strong><\/p>\n"}],"product_additional_info":"<p><strong>Caract\u00e9ristiques du parcours : <\/strong>Itin\u00e9raire \u00e9quilibr\u00e9 entre voies vertes sans difficult\u00e9s et paysages vallonn\u00e9s sur certains secteurs.<\/p>\n","product_link_product_repeat":[{"product_link_product_item":{"ID":62229,"post_author":"12","post_date":"2021-02-10 15:35:29","post_date_gmt":"2021-02-10 14:35:29","post_content":"","post_title":"V\u00e9losc\u00e9nie - Non guid\u00e9 - 9 jours - Eco","post_excerpt":"","post_status":"publish","comment_status":"open","ping_status":"closed","post_password":"","post_name":"voyage-velo-veloscenie-en-liberte-9-jours-eco","to_ping":"","pinged":"","post_modified":"2025-11-05 10:27:34","post_modified_gmt":"2025-11-05 09:27:34","post_content_filtered":"","post_parent":0,"guid":"https:\/\/www.franceavelo.com\/?post_type=product&#038;p=62229","menu_order":0,"post_type":"product","post_mime_type":"","comment_count":"0","filter":"raw"}},{"product_link_product_item":{"ID":25032,"post_author":"42","post_date":"2018-03-22 06:41:53","post_date_gmt":"2018-03-22 05:41:53","post_content":"","post_title":"V\u00e9losc\u00e9nie - Non guid\u00e9 - 10 jours - Classique","post_excerpt":"","post_status":"publish","comment_status":"open","ping_status":"closed","post_password":"","post_name":"voyage-velo-veloscenie-en-liberte-10-jours-classique","to_ping":"","pinged":"","post_modified":"2025-01-08 14:29:56","post_modified_gmt":"2025-01-08 13:29:56","post_content_filtered":"","post_parent":0,"guid":"https:\/\/www.franceavelo.com\/product\/veloscenie-10-j\/","menu_order":0,"post_type":"product","post_mime_type":"","comment_count":"0","filter":"raw"}},{"product_link_product_item":{"ID":62307,"post_author":"12","post_date":"2021-02-16 14:23:44","post_date_gmt":"2021-02-16 13:23:44","post_content":"","post_title":"V\u00e9losc\u00e9nie - Non guid\u00e9 - 10 jours - Eco","post_excerpt":"","post_status":"publish","comment_status":"open","ping_status":"closed","post_password":"","post_name":"voyage-velo-veloscenie-en-liberte-10-jours-confort-simple","to_ping":"","pinged":"","post_modified":"2025-11-05 11:08:23","post_modified_gmt":"2025-11-05 10:08:23","post_content_filtered":"","post_parent":0,"guid":"https:\/\/www.franceavelo.com\/?post_type=product&#038;p=62307","menu_order":0,"post_type":"product","post_mime_type":"","comment_count":"0","filter":"raw"}}],"product_start_date_type":"range","product_days_range":["lundi","mardi","mercredi","jeudi","vendredi","samedi","dimanche"],"product_option_third_place_available":"false","product_option_road_bike":"","product_option_children_seat":"","product_option_follow_bike":"","product_option_trailer":"","product_seasons":false,"product_how_to_come":"<table style=\"width: 98.3038%\">\n<tbody>\n<tr>\n<td style=\"width: 100%\"><strong>Avion<\/strong> : PARIS CHARLES DE GAULLE \/ PARIS ORLY \/ PARIS BEAUVAIS. Des navettes et des bus sont disponibles pour rejoindre le centre de Paris. FRANCE A VELO propose un transport priv\u00e9 depuis ces a\u00e9roports &#8211; prix sur demande<\/p>\n<p><strong>Train<\/strong> : Gare d&rsquo;arriv\u00e9e : CHARTRES. Toutes les 30 minutes, correspondance depuis Paris Montparnasse.<\/p>\n<p><strong>Voiture <\/strong>:<br \/>\nParis (A10-A11)<br \/>\nLille \/ Belgique (A1-A3-A6B-A10-A11)<br \/>\nMetz \/ Luxembourg (A4-A86-A10-A11)<br \/>\nStrasbourg \/ Allemagne (A4-A86-A10-A11)<br \/>\nGen\u00e8ve \/ Suisse (A40-A6-N104-A10-A11)<\/p>\n<p><strong>Parking <\/strong>: Notre h\u00f4tel partenaire vous propose un parking s\u00e9curis\u00e9 pour votre voiture pendant toute la dur\u00e9e de votre voyage.<\/td>\n<\/tr>\n<\/tbody>\n<\/table>\n","product_difficulty":"2","product_lodging":"<p>1 nuit\u00e9e en h\u00f4tels 2*<br \/>\n4 nuit\u00e9es en h\u00f4tels 3*<br \/>\n2 nuit\u00e9es en chambres d\u2019h\u00f4tes de charme<\/p>\n","product_dates":"<p><strong>Arriv\u00e9e<\/strong> : Quotidien 14.03. &#8211; 31.10.2026<\/p>\n","product_services":"<ul>\n<li>1 nuit\u00e9e en h\u00f4tels 2*<\/li>\n<li>4 nuit\u00e9es en h\u00f4tels 3*<\/li>\n<li>2 nuit\u00e9es en chambres d\u2019h\u00f4tes de charme<\/li>\n<li>Petit-d\u00e9jeuner copieux<\/li>\n<li>Accueil personnalis\u00e9<\/li>\n<li>Transfert de bagages quotidien<\/li>\n<li>Itin\u00e9raire sur notre application<\/li>\n<li>Carnet de route avec cartes<\/li>\n<li>Transfert en train \u00e0 la gare de St Malo<\/li>\n<li>Assistance t\u00e9l\u00e9phonique 7\/7<\/li>\n<\/ul>\n<p><em>Taxe de s\u00e9jour non comprise &#8211; \u00e0 r\u00e9gler sur place.<\/em><\/p>\n<p><strong>Options disponibles\u00a0:<\/strong><\/p>\n<p>\u2022 Location de casques, support de t\u00e9l\u00e9phone<br \/>\n\u2022 Transfert retour Saint Malo &#8211; Chartres : 150 \u20ac<br \/>\n\u2022 Transfert retour Pontorson-Chartres : 210 \u20ac<br \/>\n\u2022 Transfert retour Pontorson-Saint Malo (2 pers.) : 55 \u20ac<br \/>\n\u2022 Transfert retour Pontorson-Saint Malo (4 pers.) : 35\u20ac<\/p>\n<p><strong>Suppl\u00e9ment 2 \u2013 3 voyageurs : 206,00\u20ac par personne<\/strong><\/p>\n","product_option_add_night_double_after":"63","product_option_add_night_single_after":"112","product_price_double_room":"824","product_price_simple_room":"1153","product_option_add_night_double_before":"50","product_option_add_night_single_before":"90","product_start_date_range":"14\/03\/2026","product_end_date_range":"31\/10\/2026","product_super_small_group_price":"","product_super_small_group_number":"","product_solo_traveler_price":"","product_option_transfert_disable":false,"product_gallery_items":[{"product_gallery_item_type":"image","product_gallery_item_image":{"ID":7192,"id":7192,"title":"Mont-Saint-Michel\u00a9V\u00e9losc\u00e9nie_David Darrault (6)","filename":"Mont-Saint-Michel\u00a9V\u00e9losc\u00e9nie_David-Darrault-6-scaled.jpg","filesize":399321,"url":"https:\/\/www.franceavelo.com\/wp-content\/uploads\/2018\/03\/Mont-Saint-Michel\u00a9V\u00e9losc\u00e9nie_David-Darrault-6-scaled.jpg","link":"https:\/\/www.franceavelo.com\/fr\/product\/voyage-velo-veloscenie-en-liberte-8-jours-classique\/mont-saint-michelveloscenie_david-darrault-6-2\/","alt":"Radgruppe vor dem Mont Saint Michel","author":"42","description":"","caption":"","name":"mont-saint-michelveloscenie_david-darrault-6-2","status":"inherit","uploaded_to":24982,"date":"2018-03-22 04:40:25","modified":"2020-01-09 09:34:19","menu_order":0,"mime_type":"image\/jpeg","type":"image","subtype":"jpeg","icon":"https:\/\/www.franceavelo.com\/wp-includes\/images\/media\/default.png","width":7105,"height":4742,"sizes":{"thumbnail":"https:\/\/www.franceavelo.com\/wp-content\/uploads\/2018\/03\/Mont-Saint-Michel\u00a9V\u00e9losc\u00e9nie_David-Darrault-6-scaled.jpg","thumbnail-width":150,"thumbnail-height":100,"medium":"https:\/\/www.franceavelo.com\/wp-content\/uploads\/2018\/03\/Mont-Saint-Michel\u00a9V\u00e9losc\u00e9nie_David-Darrault-6-scaled.jpg","medium-width":300,"medium-height":200,"medium_large":"https:\/\/www.franceavelo.com\/wp-content\/uploads\/2018\/03\/Mont-Saint-Michel\u00a9V\u00e9losc\u00e9nie_David-Darrault-6-scaled.jpg","medium_large-width":768,"medium_large-height":513,"large":"https:\/\/www.franceavelo.com\/wp-content\/uploads\/2018\/03\/Mont-Saint-Michel\u00a9V\u00e9losc\u00e9nie_David-Darrault-6-scaled.jpg","large-width":1024,"large-height":683,"1536x1536":"https:\/\/www.franceavelo.com\/wp-content\/uploads\/2018\/03\/Mont-Saint-Michel\u00a9V\u00e9losc\u00e9nie_David-Darrault-6-scaled.jpg","1536x1536-width":1536,"1536x1536-height":1025,"2048x2048":"https:\/\/www.franceavelo.com\/wp-content\/uploads\/2018\/03\/Mont-Saint-Michel\u00a9V\u00e9losc\u00e9nie_David-Darrault-6-scaled.jpg","2048x2048-width":2048,"2048x2048-height":1367,"product_option_intro":"https:\/\/www.franceavelo.com\/wp-content\/uploads\/2018\/03\/Mont-Saint-Michel\u00a9V\u00e9losc\u00e9nie_David-Darrault-6-scaled.jpg","product_option_intro-width":300,"product_option_intro-height":200,"postlist_thumbnail":"https:\/\/www.franceavelo.com\/wp-content\/uploads\/2018\/03\/Mont-Saint-Michel\u00a9V\u00e9losc\u00e9nie_David-Darrault-6-scaled.jpg","postlist_thumbnail-width":200,"postlist_thumbnail-height":133,"content_full_desktop":"https:\/\/www.franceavelo.com\/wp-content\/uploads\/2018\/03\/Mont-Saint-Michel\u00a9V\u00e9losc\u00e9nie_David-Darrault-6-scaled.jpg","content_full_desktop-width":970,"content_full_desktop-height":647,"content_full_desktop_retina":"https:\/\/www.franceavelo.com\/wp-content\/uploads\/2018\/03\/Mont-Saint-Michel\u00a9V\u00e9losc\u00e9nie_David-Darrault-6-scaled.jpg","content_full_desktop_retina-width":1940,"content_full_desktop_retina-height":1295,"content_half_desktop":"https:\/\/www.franceavelo.com\/wp-content\/uploads\/2018\/03\/Mont-Saint-Michel\u00a9V\u00e9losc\u00e9nie_David-Darrault-6-scaled.jpg","content_half_desktop-width":485,"content_half_desktop-height":324,"content_full_tablet":"https:\/\/www.franceavelo.com\/wp-content\/uploads\/2018\/03\/Mont-Saint-Michel\u00a9V\u00e9losc\u00e9nie_David-Darrault-6-scaled.jpg","content_full_tablet-width":750,"content_full_tablet-height":501,"content_full_tablet_retina":"https:\/\/www.franceavelo.com\/wp-content\/uploads\/2018\/03\/Mont-Saint-Michel\u00a9V\u00e9losc\u00e9nie_David-Darrault-6-scaled.jpg","content_full_tablet_retina-width":1500,"content_full_tablet_retina-height":1001,"content_half_tablet":"https:\/\/www.franceavelo.com\/wp-content\/uploads\/2018\/03\/Mont-Saint-Michel\u00a9V\u00e9losc\u00e9nie_David-Darrault-6-scaled.jpg","content_half_tablet-width":375,"content_half_tablet-height":250,"content_full_mobile":"https:\/\/www.franceavelo.com\/wp-content\/uploads\/2018\/03\/Mont-Saint-Michel\u00a9V\u00e9losc\u00e9nie_David-Darrault-6-scaled.jpg","content_full_mobile-width":500,"content_full_mobile-height":334,"content_full_mobile_retina":"https:\/\/www.franceavelo.com\/wp-content\/uploads\/2018\/03\/Mont-Saint-Michel\u00a9V\u00e9losc\u00e9nie_David-Darrault-6-scaled.jpg","content_full_mobile_retina-width":1000,"content_full_mobile_retina-height":667,"content_full_smallmobile":"https:\/\/www.franceavelo.com\/wp-content\/uploads\/2018\/03\/Mont-Saint-Michel\u00a9V\u00e9losc\u00e9nie_David-Darrault-6-scaled.jpg","content_full_smallmobile-width":270,"content_full_smallmobile-height":180,"content_head_mobile":"https:\/\/www.franceavelo.com\/wp-content\/uploads\/2018\/03\/Mont-Saint-Michel\u00a9V\u00e9losc\u00e9nie_David-Darrault-6-scaled.jpg","content_head_mobile-width":320,"content_head_mobile-height":214,"content_head_tablet":"https:\/\/www.franceavelo.com\/wp-content\/uploads\/2018\/03\/Mont-Saint-Michel\u00a9V\u00e9losc\u00e9nie_David-Darrault-6-scaled.jpg","content_head_tablet-width":540,"content_head_tablet-height":360,"content_highlight_desktop":"https:\/\/www.franceavelo.com\/wp-content\/uploads\/2018\/03\/Mont-Saint-Michel\u00a9V\u00e9losc\u00e9nie_David-Darrault-6-scaled.jpg","content_highlight_desktop-width":350,"content_highlight_desktop-height":234,"content_highlight_desktop_retina":"https:\/\/www.franceavelo.com\/wp-content\/uploads\/2018\/03\/Mont-Saint-Michel\u00a9V\u00e9losc\u00e9nie_David-Darrault-6-scaled.jpg","content_highlight_desktop_retina-width":700,"content_highlight_desktop_retina-height":467,"content_testimony_mobile":"https:\/\/www.franceavelo.com\/wp-content\/uploads\/2018\/03\/Mont-Saint-Michel\u00a9V\u00e9losc\u00e9nie_David-Darrault-6-scaled.jpg","content_testimony_mobile-width":480,"content_testimony_mobile-height":320,"content_type_image_desktop":"https:\/\/www.franceavelo.com\/wp-content\/uploads\/2018\/03\/Mont-Saint-Michel\u00a9V\u00e9losc\u00e9nie_David-Darrault-6-600x400.jpg","content_type_image_desktop-width":600,"content_type_image_desktop-height":400,"content_type_image_desktop_retina":"https:\/\/www.franceavelo.com\/wp-content\/uploads\/2018\/03\/Mont-Saint-Michel\u00a9V\u00e9losc\u00e9nie_David-Darrault-6-1200x801.jpg","content_type_image_desktop_retina-width":1200,"content_type_image_desktop_retina-height":801,"content_type_image_mobile":"https:\/\/www.franceavelo.com\/wp-content\/uploads\/2018\/03\/Mont-Saint-Michel\u00a9V\u00e9losc\u00e9nie_David-Darrault-6-450x300.jpg","content_type_image_mobile-width":450,"content_type_image_mobile-height":300,"gform-image-choice-sm":"https:\/\/www.franceavelo.com\/wp-content\/uploads\/2018\/03\/Mont-Saint-Michel\u00a9V\u00e9losc\u00e9nie_David-Darrault-6-scaled.jpg","gform-image-choice-sm-width":300,"gform-image-choice-sm-height":200,"gform-image-choice-md":"https:\/\/www.franceavelo.com\/wp-content\/uploads\/2018\/03\/Mont-Saint-Michel\u00a9V\u00e9losc\u00e9nie_David-Darrault-6-scaled.jpg","gform-image-choice-md-width":400,"gform-image-choice-md-height":267,"gform-image-choice-lg":"https:\/\/www.franceavelo.com\/wp-content\/uploads\/2018\/03\/Mont-Saint-Michel\u00a9V\u00e9losc\u00e9nie_David-Darrault-6-scaled.jpg","gform-image-choice-lg-width":600,"gform-image-choice-lg-height":400}},"product_gallery_item_video_thumbnail":false,"product_gallery_item_video_url":""},{"product_gallery_item_type":"image","product_gallery_item_image":{"ID":73183,"id":73183,"title":"louvre-5767708_1280","filename":"louvre-5767708_1280.jpg","filesize":328458,"url":"https:\/\/www.franceavelo.com\/wp-content\/uploads\/2018\/03\/louvre-5767708_1280.jpg","link":"https:\/\/www.franceavelo.com\/fr\/product\/voyage-velo-veloscenie-en-liberte-8-jours-classique\/louvre-5767708_1280-2\/","alt":"","author":"12","description":"","caption":"","name":"louvre-5767708_1280-2","status":"inherit","uploaded_to":24982,"date":"2024-12-14 14:17:06","modified":"2024-12-14 14:17:06","menu_order":0,"mime_type":"image\/jpeg","type":"image","subtype":"jpeg","icon":"https:\/\/www.franceavelo.com\/wp-includes\/images\/media\/default.png","width":1280,"height":853,"sizes":{"thumbnail":"https:\/\/www.franceavelo.com\/wp-content\/uploads\/2018\/03\/louvre-5767708_1280-150x150.jpg","thumbnail-width":150,"thumbnail-height":150,"medium":"https:\/\/www.franceavelo.com\/wp-content\/uploads\/2018\/03\/louvre-5767708_1280-300x200.jpg","medium-width":300,"medium-height":200,"medium_large":"https:\/\/www.franceavelo.com\/wp-content\/uploads\/2018\/03\/louvre-5767708_1280-768x512.jpg","medium_large-width":768,"medium_large-height":512,"large":"https:\/\/www.franceavelo.com\/wp-content\/uploads\/2018\/03\/louvre-5767708_1280-1024x682.jpg","large-width":1024,"large-height":682,"1536x1536":"https:\/\/www.franceavelo.com\/wp-content\/uploads\/2018\/03\/louvre-5767708_1280.jpg","1536x1536-width":1280,"1536x1536-height":853,"2048x2048":"https:\/\/www.franceavelo.com\/wp-content\/uploads\/2018\/03\/louvre-5767708_1280.jpg","2048x2048-width":1280,"2048x2048-height":853,"product_option_intro":"https:\/\/www.franceavelo.com\/wp-content\/uploads\/2018\/03\/louvre-5767708_1280-300x220.jpg","product_option_intro-width":300,"product_option_intro-height":220,"postlist_thumbnail":"https:\/\/www.franceavelo.com\/wp-content\/uploads\/2018\/03\/louvre-5767708_1280-200x200.jpg","postlist_thumbnail-width":200,"postlist_thumbnail-height":200,"content_full_desktop":"https:\/\/www.franceavelo.com\/wp-content\/uploads\/2018\/03\/louvre-5767708_1280-970x646.jpg","content_full_desktop-width":970,"content_full_desktop-height":646,"content_full_desktop_retina":"https:\/\/www.franceavelo.com\/wp-content\/uploads\/2018\/03\/louvre-5767708_1280.jpg","content_full_desktop_retina-width":1280,"content_full_desktop_retina-height":853,"content_half_desktop":"https:\/\/www.franceavelo.com\/wp-content\/uploads\/2018\/03\/louvre-5767708_1280-485x323.jpg","content_half_desktop-width":485,"content_half_desktop-height":323,"content_full_tablet":"https:\/\/www.franceavelo.com\/wp-content\/uploads\/2018\/03\/louvre-5767708_1280-750x500.jpg","content_full_tablet-width":750,"content_full_tablet-height":500,"content_full_tablet_retina":"https:\/\/www.franceavelo.com\/wp-content\/uploads\/2018\/03\/louvre-5767708_1280.jpg","content_full_tablet_retina-width":1280,"content_full_tablet_retina-height":853,"content_half_tablet":"https:\/\/www.franceavelo.com\/wp-content\/uploads\/2018\/03\/louvre-5767708_1280-375x250.jpg","content_half_tablet-width":375,"content_half_tablet-height":250,"content_full_mobile":"https:\/\/www.franceavelo.com\/wp-content\/uploads\/2018\/03\/louvre-5767708_1280-500x333.jpg","content_full_mobile-width":500,"content_full_mobile-height":333,"content_full_mobile_retina":"https:\/\/www.franceavelo.com\/wp-content\/uploads\/2018\/03\/louvre-5767708_1280-1000x666.jpg","content_full_mobile_retina-width":1000,"content_full_mobile_retina-height":666,"content_full_smallmobile":"https:\/\/www.franceavelo.com\/wp-content\/uploads\/2018\/03\/louvre-5767708_1280-380x180.jpg","content_full_smallmobile-width":380,"content_full_smallmobile-height":180,"content_head_mobile":"https:\/\/www.franceavelo.com\/wp-content\/uploads\/2018\/03\/louvre-5767708_1280-320x430.jpg","content_head_mobile-width":320,"content_head_mobile-height":430,"content_head_tablet":"https:\/\/www.franceavelo.com\/wp-content\/uploads\/2018\/03\/louvre-5767708_1280-540x500.jpg","content_head_tablet-width":540,"content_head_tablet-height":500,"content_highlight_desktop":"https:\/\/www.franceavelo.com\/wp-content\/uploads\/2018\/03\/louvre-5767708_1280-350x240.jpg","content_highlight_desktop-width":350,"content_highlight_desktop-height":240,"content_highlight_desktop_retina":"https:\/\/www.franceavelo.com\/wp-content\/uploads\/2018\/03\/louvre-5767708_1280-700x480.jpg","content_highlight_desktop_retina-width":700,"content_highlight_desktop_retina-height":480,"content_testimony_mobile":"https:\/\/www.franceavelo.com\/wp-content\/uploads\/2018\/03\/louvre-5767708_1280-480x853.jpg","content_testimony_mobile-width":480,"content_testimony_mobile-height":853,"content_type_image_desktop":"https:\/\/www.franceavelo.com\/wp-content\/uploads\/2018\/03\/louvre-5767708_1280-600x400.jpg","content_type_image_desktop-width":600,"content_type_image_desktop-height":400,"content_type_image_desktop_retina":"https:\/\/www.franceavelo.com\/wp-content\/uploads\/2018\/03\/louvre-5767708_1280-1200x800.jpg","content_type_image_desktop_retina-width":1200,"content_type_image_desktop_retina-height":800,"content_type_image_mobile":"https:\/\/www.franceavelo.com\/wp-content\/uploads\/2018\/03\/louvre-5767708_1280-450x300.jpg","content_type_image_mobile-width":450,"content_type_image_mobile-height":300,"gform-image-choice-sm":"https:\/\/www.franceavelo.com\/wp-content\/uploads\/2018\/03\/louvre-5767708_1280.jpg","gform-image-choice-sm-width":300,"gform-image-choice-sm-height":200,"gform-image-choice-md":"https:\/\/www.franceavelo.com\/wp-content\/uploads\/2018\/03\/louvre-5767708_1280.jpg","gform-image-choice-md-width":400,"gform-image-choice-md-height":267,"gform-image-choice-lg":"https:\/\/www.franceavelo.com\/wp-content\/uploads\/2018\/03\/louvre-5767708_1280.jpg","gform-image-choice-lg-width":600,"gform-image-choice-lg-height":400}},"product_gallery_item_video_thumbnail":false,"product_gallery_item_video_url":""},{"product_gallery_item_type":"image","product_gallery_item_image":{"ID":73186,"id":73186,"title":"Paris 2022 (11)","filename":"Paris-2022-11-1-scaled.jpg","filesize":812913,"url":"https:\/\/www.franceavelo.com\/wp-content\/uploads\/2018\/03\/Paris-2022-11-1-scaled.jpg","link":"https:\/\/www.franceavelo.com\/fr\/product\/voyage-velo-veloscenie-en-liberte-8-jours-classique\/paris-2022-11-3\/","alt":"","author":"12","description":"","caption":"","name":"paris-2022-11-3","status":"inherit","uploaded_to":24982,"date":"2024-12-14 14:17:09","modified":"2024-12-14 14:17:09","menu_order":0,"mime_type":"image\/jpeg","type":"image","subtype":"jpeg","icon":"https:\/\/www.franceavelo.com\/wp-includes\/images\/media\/default.png","width":2560,"height":1920,"sizes":{"thumbnail":"https:\/\/www.franceavelo.com\/wp-content\/uploads\/2018\/03\/Paris-2022-11-1-150x150.jpg","thumbnail-width":150,"thumbnail-height":150,"medium":"https:\/\/www.franceavelo.com\/wp-content\/uploads\/2018\/03\/Paris-2022-11-1-300x225.jpg","medium-width":300,"medium-height":225,"medium_large":"https:\/\/www.franceavelo.com\/wp-content\/uploads\/2018\/03\/Paris-2022-11-1-768x576.jpg","medium_large-width":768,"medium_large-height":576,"large":"https:\/\/www.franceavelo.com\/wp-content\/uploads\/2018\/03\/Paris-2022-11-1-1024x768.jpg","large-width":1024,"large-height":768,"1536x1536":"https:\/\/www.franceavelo.com\/wp-content\/uploads\/2018\/03\/Paris-2022-11-1-1536x1152.jpg","1536x1536-width":1536,"1536x1536-height":1152,"2048x2048":"https:\/\/www.franceavelo.com\/wp-content\/uploads\/2018\/03\/Paris-2022-11-1-2048x1536.jpg","2048x2048-width":2048,"2048x2048-height":1536,"product_option_intro":"https:\/\/www.franceavelo.com\/wp-content\/uploads\/2018\/03\/Paris-2022-11-1-300x220.jpg","product_option_intro-width":300,"product_option_intro-height":220,"postlist_thumbnail":"https:\/\/www.franceavelo.com\/wp-content\/uploads\/2018\/03\/Paris-2022-11-1-200x200.jpg","postlist_thumbnail-width":200,"postlist_thumbnail-height":200,"content_full_desktop":"https:\/\/www.franceavelo.com\/wp-content\/uploads\/2018\/03\/Paris-2022-11-1-970x728.jpg","content_full_desktop-width":970,"content_full_desktop-height":728,"content_full_desktop_retina":"https:\/\/www.franceavelo.com\/wp-content\/uploads\/2018\/03\/Paris-2022-11-1-1940x1455.jpg","content_full_desktop_retina-width":1940,"content_full_desktop_retina-height":1455,"content_half_desktop":"https:\/\/www.franceavelo.com\/wp-content\/uploads\/2018\/03\/Paris-2022-11-1-485x364.jpg","content_half_desktop-width":485,"content_half_desktop-height":364,"content_full_tablet":"https:\/\/www.franceavelo.com\/wp-content\/uploads\/2018\/03\/Paris-2022-11-1-750x563.jpg","content_full_tablet-width":750,"content_full_tablet-height":563,"content_full_tablet_retina":"https:\/\/www.franceavelo.com\/wp-content\/uploads\/2018\/03\/Paris-2022-11-1-1500x1125.jpg","content_full_tablet_retina-width":1500,"content_full_tablet_retina-height":1125,"content_half_tablet":"https:\/\/www.franceavelo.com\/wp-content\/uploads\/2018\/03\/Paris-2022-11-1-375x281.jpg","content_half_tablet-width":375,"content_half_tablet-height":281,"content_full_mobile":"https:\/\/www.franceavelo.com\/wp-content\/uploads\/2018\/03\/Paris-2022-11-1-500x375.jpg","content_full_mobile-width":500,"content_full_mobile-height":375,"content_full_mobile_retina":"https:\/\/www.franceavelo.com\/wp-content\/uploads\/2018\/03\/Paris-2022-11-1-1000x750.jpg","content_full_mobile_retina-width":1000,"content_full_mobile_retina-height":750,"content_full_smallmobile":"https:\/\/www.franceavelo.com\/wp-content\/uploads\/2018\/03\/Paris-2022-11-1-380x180.jpg","content_full_smallmobile-width":380,"content_full_smallmobile-height":180,"content_head_mobile":"https:\/\/www.franceavelo.com\/wp-content\/uploads\/2018\/03\/Paris-2022-11-1-320x430.jpg","content_head_mobile-width":320,"content_head_mobile-height":430,"content_head_tablet":"https:\/\/www.franceavelo.com\/wp-content\/uploads\/2018\/03\/Paris-2022-11-1-540x500.jpg","content_head_tablet-width":540,"content_head_tablet-height":500,"content_highlight_desktop":"https:\/\/www.franceavelo.com\/wp-content\/uploads\/2018\/03\/Paris-2022-11-1-350x240.jpg","content_highlight_desktop-width":350,"content_highlight_desktop-height":240,"content_highlight_desktop_retina":"https:\/\/www.franceavelo.com\/wp-content\/uploads\/2018\/03\/Paris-2022-11-1-700x480.jpg","content_highlight_desktop_retina-width":700,"content_highlight_desktop_retina-height":480,"content_testimony_mobile":"https:\/\/www.franceavelo.com\/wp-content\/uploads\/2018\/03\/Paris-2022-11-1-480x1100.jpg","content_testimony_mobile-width":480,"content_testimony_mobile-height":1100,"content_type_image_desktop":"https:\/\/www.franceavelo.com\/wp-content\/uploads\/2018\/03\/Paris-2022-11-1-600x450.jpg","content_type_image_desktop-width":600,"content_type_image_desktop-height":450,"content_type_image_desktop_retina":"https:\/\/www.franceavelo.com\/wp-content\/uploads\/2018\/03\/Paris-2022-11-1-1200x900.jpg","content_type_image_desktop_retina-width":1200,"content_type_image_desktop_retina-height":900,"content_type_image_mobile":"https:\/\/www.franceavelo.com\/wp-content\/uploads\/2018\/03\/Paris-2022-11-1-450x338.jpg","content_type_image_mobile-width":450,"content_type_image_mobile-height":338,"gform-image-choice-sm":"https:\/\/www.franceavelo.com\/wp-content\/uploads\/2018\/03\/Paris-2022-11-1-scaled.jpg","gform-image-choice-sm-width":300,"gform-image-choice-sm-height":225,"gform-image-choice-md":"https:\/\/www.franceavelo.com\/wp-content\/uploads\/2018\/03\/Paris-2022-11-1-scaled.jpg","gform-image-choice-md-width":400,"gform-image-choice-md-height":300,"gform-image-choice-lg":"https:\/\/www.franceavelo.com\/wp-content\/uploads\/2018\/03\/Paris-2022-11-1-scaled.jpg","gform-image-choice-lg-width":600,"gform-image-choice-lg-height":450}},"product_gallery_item_video_thumbnail":false,"product_gallery_item_video_url":""},{"product_gallery_item_type":"image","product_gallery_item_image":{"ID":73189,"id":73189,"title":"Paris 2023 (2)","filename":"Paris-2023-2-1.jpg","filesize":356186,"url":"https:\/\/www.franceavelo.com\/wp-content\/uploads\/2018\/03\/Paris-2023-2-1.jpg","link":"https:\/\/www.franceavelo.com\/fr\/product\/voyage-velo-veloscenie-en-liberte-8-jours-classique\/paris-2023-2-3\/","alt":"","author":"12","description":"","caption":"","name":"paris-2023-2-3","status":"inherit","uploaded_to":24982,"date":"2024-12-14 14:17:14","modified":"2024-12-14 14:17:14","menu_order":0,"mime_type":"image\/jpeg","type":"image","subtype":"jpeg","icon":"https:\/\/www.franceavelo.com\/wp-includes\/images\/media\/default.png","width":1600,"height":1200,"sizes":{"thumbnail":"https:\/\/www.franceavelo.com\/wp-content\/uploads\/2018\/03\/Paris-2023-2-1-150x150.jpg","thumbnail-width":150,"thumbnail-height":150,"medium":"https:\/\/www.franceavelo.com\/wp-content\/uploads\/2018\/03\/Paris-2023-2-1-300x225.jpg","medium-width":300,"medium-height":225,"medium_large":"https:\/\/www.franceavelo.com\/wp-content\/uploads\/2018\/03\/Paris-2023-2-1-768x576.jpg","medium_large-width":768,"medium_large-height":576,"large":"https:\/\/www.franceavelo.com\/wp-content\/uploads\/2018\/03\/Paris-2023-2-1-1024x768.jpg","large-width":1024,"large-height":768,"1536x1536":"https:\/\/www.franceavelo.com\/wp-content\/uploads\/2018\/03\/Paris-2023-2-1-1536x1152.jpg","1536x1536-width":1536,"1536x1536-height":1152,"2048x2048":"https:\/\/www.franceavelo.com\/wp-content\/uploads\/2018\/03\/Paris-2023-2-1.jpg","2048x2048-width":1600,"2048x2048-height":1200,"product_option_intro":"https:\/\/www.franceavelo.com\/wp-content\/uploads\/2018\/03\/Paris-2023-2-1-300x220.jpg","product_option_intro-width":300,"product_option_intro-height":220,"postlist_thumbnail":"https:\/\/www.franceavelo.com\/wp-content\/uploads\/2018\/03\/Paris-2023-2-1-200x200.jpg","postlist_thumbnail-width":200,"postlist_thumbnail-height":200,"content_full_desktop":"https:\/\/www.franceavelo.com\/wp-content\/uploads\/2018\/03\/Paris-2023-2-1-970x728.jpg","content_full_desktop-width":970,"content_full_desktop-height":728,"content_full_desktop_retina":"https:\/\/www.franceavelo.com\/wp-content\/uploads\/2018\/03\/Paris-2023-2-1.jpg","content_full_desktop_retina-width":1600,"content_full_desktop_retina-height":1200,"content_half_desktop":"https:\/\/www.franceavelo.com\/wp-content\/uploads\/2018\/03\/Paris-2023-2-1-485x364.jpg","content_half_desktop-width":485,"content_half_desktop-height":364,"content_full_tablet":"https:\/\/www.franceavelo.com\/wp-content\/uploads\/2018\/03\/Paris-2023-2-1-750x563.jpg","content_full_tablet-width":750,"content_full_tablet-height":563,"content_full_tablet_retina":"https:\/\/www.franceavelo.com\/wp-content\/uploads\/2018\/03\/Paris-2023-2-1-1500x1125.jpg","content_full_tablet_retina-width":1500,"content_full_tablet_retina-height":1125,"content_half_tablet":"https:\/\/www.franceavelo.com\/wp-content\/uploads\/2018\/03\/Paris-2023-2-1-375x281.jpg","content_half_tablet-width":375,"content_half_tablet-height":281,"content_full_mobile":"https:\/\/www.franceavelo.com\/wp-content\/uploads\/2018\/03\/Paris-2023-2-1-500x375.jpg","content_full_mobile-width":500,"content_full_mobile-height":375,"content_full_mobile_retina":"https:\/\/www.franceavelo.com\/wp-content\/uploads\/2018\/03\/Paris-2023-2-1-1000x750.jpg","content_full_mobile_retina-width":1000,"content_full_mobile_retina-height":750,"content_full_smallmobile":"https:\/\/www.franceavelo.com\/wp-content\/uploads\/2018\/03\/Paris-2023-2-1-380x180.jpg","content_full_smallmobile-width":380,"content_full_smallmobile-height":180,"content_head_mobile":"https:\/\/www.franceavelo.com\/wp-content\/uploads\/2018\/03\/Paris-2023-2-1-320x430.jpg","content_head_mobile-width":320,"content_head_mobile-height":430,"content_head_tablet":"https:\/\/www.franceavelo.com\/wp-content\/uploads\/2018\/03\/Paris-2023-2-1-540x500.jpg","content_head_tablet-width":540,"content_head_tablet-height":500,"content_highlight_desktop":"https:\/\/www.franceavelo.com\/wp-content\/uploads\/2018\/03\/Paris-2023-2-1-350x240.jpg","content_highlight_desktop-width":350,"content_highlight_desktop-height":240,"content_highlight_desktop_retina":"https:\/\/www.franceavelo.com\/wp-content\/uploads\/2018\/03\/Paris-2023-2-1-700x480.jpg","content_highlight_desktop_retina-width":700,"content_highlight_desktop_retina-height":480,"content_testimony_mobile":"https:\/\/www.franceavelo.com\/wp-content\/uploads\/2018\/03\/Paris-2023-2-1-480x1100.jpg","content_testimony_mobile-width":480,"content_testimony_mobile-height":1100,"content_type_image_desktop":"https:\/\/www.franceavelo.com\/wp-content\/uploads\/2018\/03\/Paris-2023-2-1-600x450.jpg","content_type_image_desktop-width":600,"content_type_image_desktop-height":450,"content_type_image_desktop_retina":"https:\/\/www.franceavelo.com\/wp-content\/uploads\/2018\/03\/Paris-2023-2-1-1200x900.jpg","content_type_image_desktop_retina-width":1200,"content_type_image_desktop_retina-height":900,"content_type_image_mobile":"https:\/\/www.franceavelo.com\/wp-content\/uploads\/2018\/03\/Paris-2023-2-1-450x338.jpg","content_type_image_mobile-width":450,"content_type_image_mobile-height":338,"gform-image-choice-sm":"https:\/\/www.franceavelo.com\/wp-content\/uploads\/2018\/03\/Paris-2023-2-1.jpg","gform-image-choice-sm-width":300,"gform-image-choice-sm-height":225,"gform-image-choice-md":"https:\/\/www.franceavelo.com\/wp-content\/uploads\/2018\/03\/Paris-2023-2-1.jpg","gform-image-choice-md-width":400,"gform-image-choice-md-height":300,"gform-image-choice-lg":"https:\/\/www.franceavelo.com\/wp-content\/uploads\/2018\/03\/Paris-2023-2-1.jpg","gform-image-choice-lg-width":600,"gform-image-choice-lg-height":450}},"product_gallery_item_video_thumbnail":false,"product_gallery_item_video_url":""},{"product_gallery_item_type":"image","product_gallery_item_image":{"ID":7482,"id":7482,"title":"Mont-Saint-Michel\u00a9V\u00e9losc\u00e9nie_David Darrault (4)","filename":"Mont-Saint-Michel\u00a9V\u00e9losc\u00e9nie_David-Darrault-4-scaled.jpg","filesize":697155,"url":"https:\/\/www.franceavelo.com\/wp-content\/uploads\/2018\/03\/Mont-Saint-Michel\u00a9V\u00e9losc\u00e9nie_David-Darrault-4-scaled.jpg","link":"https:\/\/www.franceavelo.com\/fr\/product\/voyage-velo-veloscenie-en-liberte-10-jours-classique\/mont-saint-michelveloscenie_david-darrault-4-2\/","alt":"Blick auf Mont Saint Michel von der V\u00e9losc\u00e9nie","author":"42","description":"","caption":"","name":"mont-saint-michelveloscenie_david-darrault-4-2","status":"inherit","uploaded_to":25032,"date":"2018-03-22 05:25:00","modified":"2020-01-09 10:18:29","menu_order":0,"mime_type":"image\/jpeg","type":"image","subtype":"jpeg","icon":"https:\/\/www.franceavelo.com\/wp-includes\/images\/media\/default.png","width":7360,"height":4912,"sizes":{"thumbnail":"https:\/\/www.franceavelo.com\/wp-content\/uploads\/2018\/03\/Mont-Saint-Michel\u00a9V\u00e9losc\u00e9nie_David-Darrault-4-scaled.jpg","thumbnail-width":150,"thumbnail-height":100,"medium":"https:\/\/www.franceavelo.com\/wp-content\/uploads\/2018\/03\/Mont-Saint-Michel\u00a9V\u00e9losc\u00e9nie_David-Darrault-4-scaled.jpg","medium-width":300,"medium-height":200,"medium_large":"https:\/\/www.franceavelo.com\/wp-content\/uploads\/2018\/03\/Mont-Saint-Michel\u00a9V\u00e9losc\u00e9nie_David-Darrault-4-scaled.jpg","medium_large-width":768,"medium_large-height":513,"large":"https:\/\/www.franceavelo.com\/wp-content\/uploads\/2018\/03\/Mont-Saint-Michel\u00a9V\u00e9losc\u00e9nie_David-Darrault-4-scaled.jpg","large-width":1024,"large-height":683,"1536x1536":"https:\/\/www.franceavelo.com\/wp-content\/uploads\/2018\/03\/Mont-Saint-Michel\u00a9V\u00e9losc\u00e9nie_David-Darrault-4-scaled.jpg","1536x1536-width":1536,"1536x1536-height":1025,"2048x2048":"https:\/\/www.franceavelo.com\/wp-content\/uploads\/2018\/03\/Mont-Saint-Michel\u00a9V\u00e9losc\u00e9nie_David-Darrault-4-scaled.jpg","2048x2048-width":2048,"2048x2048-height":1367,"product_option_intro":"https:\/\/www.franceavelo.com\/wp-content\/uploads\/2018\/03\/Mont-Saint-Michel\u00a9V\u00e9losc\u00e9nie_David-Darrault-4-scaled.jpg","product_option_intro-width":300,"product_option_intro-height":200,"postlist_thumbnail":"https:\/\/www.franceavelo.com\/wp-content\/uploads\/2018\/03\/Mont-Saint-Michel\u00a9V\u00e9losc\u00e9nie_David-Darrault-4-scaled.jpg","postlist_thumbnail-width":200,"postlist_thumbnail-height":133,"content_full_desktop":"https:\/\/www.franceavelo.com\/wp-content\/uploads\/2018\/03\/Mont-Saint-Michel\u00a9V\u00e9losc\u00e9nie_David-Darrault-4-scaled.jpg","content_full_desktop-width":970,"content_full_desktop-height":647,"content_full_desktop_retina":"https:\/\/www.franceavelo.com\/wp-content\/uploads\/2018\/03\/Mont-Saint-Michel\u00a9V\u00e9losc\u00e9nie_David-Darrault-4-scaled.jpg","content_full_desktop_retina-width":1940,"content_full_desktop_retina-height":1295,"content_half_desktop":"https:\/\/www.franceavelo.com\/wp-content\/uploads\/2018\/03\/Mont-Saint-Michel\u00a9V\u00e9losc\u00e9nie_David-Darrault-4-scaled.jpg","content_half_desktop-width":485,"content_half_desktop-height":324,"content_full_tablet":"https:\/\/www.franceavelo.com\/wp-content\/uploads\/2018\/03\/Mont-Saint-Michel\u00a9V\u00e9losc\u00e9nie_David-Darrault-4-scaled.jpg","content_full_tablet-width":750,"content_full_tablet-height":501,"content_full_tablet_retina":"https:\/\/www.franceavelo.com\/wp-content\/uploads\/2018\/03\/Mont-Saint-Michel\u00a9V\u00e9losc\u00e9nie_David-Darrault-4-scaled.jpg","content_full_tablet_retina-width":1500,"content_full_tablet_retina-height":1001,"content_half_tablet":"https:\/\/www.franceavelo.com\/wp-content\/uploads\/2018\/03\/Mont-Saint-Michel\u00a9V\u00e9losc\u00e9nie_David-Darrault-4-scaled.jpg","content_half_tablet-width":375,"content_half_tablet-height":250,"content_full_mobile":"https:\/\/www.franceavelo.com\/wp-content\/uploads\/2018\/03\/Mont-Saint-Michel\u00a9V\u00e9losc\u00e9nie_David-Darrault-4-scaled.jpg","content_full_mobile-width":500,"content_full_mobile-height":334,"content_full_mobile_retina":"https:\/\/www.franceavelo.com\/wp-content\/uploads\/2018\/03\/Mont-Saint-Michel\u00a9V\u00e9losc\u00e9nie_David-Darrault-4-scaled.jpg","content_full_mobile_retina-width":1000,"content_full_mobile_retina-height":667,"content_full_smallmobile":"https:\/\/www.franceavelo.com\/wp-content\/uploads\/2018\/03\/Mont-Saint-Michel\u00a9V\u00e9losc\u00e9nie_David-Darrault-4-scaled.jpg","content_full_smallmobile-width":270,"content_full_smallmobile-height":180,"content_head_mobile":"https:\/\/www.franceavelo.com\/wp-content\/uploads\/2018\/03\/Mont-Saint-Michel\u00a9V\u00e9losc\u00e9nie_David-Darrault-4-scaled.jpg","content_head_mobile-width":320,"content_head_mobile-height":214,"content_head_tablet":"https:\/\/www.franceavelo.com\/wp-content\/uploads\/2018\/03\/Mont-Saint-Michel\u00a9V\u00e9losc\u00e9nie_David-Darrault-4-scaled.jpg","content_head_tablet-width":540,"content_head_tablet-height":360,"content_highlight_desktop":"https:\/\/www.franceavelo.com\/wp-content\/uploads\/2018\/03\/Mont-Saint-Michel\u00a9V\u00e9losc\u00e9nie_David-Darrault-4-scaled.jpg","content_highlight_desktop-width":350,"content_highlight_desktop-height":234,"content_highlight_desktop_retina":"https:\/\/www.franceavelo.com\/wp-content\/uploads\/2018\/03\/Mont-Saint-Michel\u00a9V\u00e9losc\u00e9nie_David-Darrault-4-scaled.jpg","content_highlight_desktop_retina-width":700,"content_highlight_desktop_retina-height":467,"content_testimony_mobile":"https:\/\/www.franceavelo.com\/wp-content\/uploads\/2018\/03\/Mont-Saint-Michel\u00a9V\u00e9losc\u00e9nie_David-Darrault-4-scaled.jpg","content_testimony_mobile-width":480,"content_testimony_mobile-height":320,"content_type_image_desktop":"https:\/\/www.franceavelo.com\/wp-content\/uploads\/2018\/03\/Mont-Saint-Michel\u00a9V\u00e9losc\u00e9nie_David-Darrault-4-600x400.jpg","content_type_image_desktop-width":600,"content_type_image_desktop-height":400,"content_type_image_desktop_retina":"https:\/\/www.franceavelo.com\/wp-content\/uploads\/2018\/03\/Mont-Saint-Michel\u00a9V\u00e9losc\u00e9nie_David-Darrault-4-1200x801.jpg","content_type_image_desktop_retina-width":1200,"content_type_image_desktop_retina-height":801,"content_type_image_mobile":"https:\/\/www.franceavelo.com\/wp-content\/uploads\/2018\/03\/Mont-Saint-Michel\u00a9V\u00e9losc\u00e9nie_David-Darrault-4-450x300.jpg","content_type_image_mobile-width":450,"content_type_image_mobile-height":300,"gform-image-choice-sm":"https:\/\/www.franceavelo.com\/wp-content\/uploads\/2018\/03\/Mont-Saint-Michel\u00a9V\u00e9losc\u00e9nie_David-Darrault-4-scaled.jpg","gform-image-choice-sm-width":300,"gform-image-choice-sm-height":200,"gform-image-choice-md":"https:\/\/www.franceavelo.com\/wp-content\/uploads\/2018\/03\/Mont-Saint-Michel\u00a9V\u00e9losc\u00e9nie_David-Darrault-4-scaled.jpg","gform-image-choice-md-width":400,"gform-image-choice-md-height":267,"gform-image-choice-lg":"https:\/\/www.franceavelo.com\/wp-content\/uploads\/2018\/03\/Mont-Saint-Michel\u00a9V\u00e9losc\u00e9nie_David-Darrault-4-scaled.jpg","gform-image-choice-lg-width":600,"gform-image-choice-lg-height":400}},"product_gallery_item_video_thumbnail":false,"product_gallery_item_video_url":""},{"product_gallery_item_type":"image","product_gallery_item_image":{"ID":73192,"id":73192,"title":"paris-4353533_1280","filename":"paris-4353533_1280-1.jpg","filesize":371731,"url":"https:\/\/www.franceavelo.com\/wp-content\/uploads\/2018\/03\/paris-4353533_1280-1.jpg","link":"https:\/\/www.franceavelo.com\/fr\/product\/voyage-velo-veloscenie-en-liberte-8-jours-classique\/paris-4353533_1280-3\/","alt":"","author":"12","description":"","caption":"","name":"paris-4353533_1280-3","status":"inherit","uploaded_to":24982,"date":"2024-12-14 14:17:17","modified":"2024-12-14 14:17:17","menu_order":0,"mime_type":"image\/jpeg","type":"image","subtype":"jpeg","icon":"https:\/\/www.franceavelo.com\/wp-includes\/images\/media\/default.png","width":1280,"height":720,"sizes":{"thumbnail":"https:\/\/www.franceavelo.com\/wp-content\/uploads\/2018\/03\/paris-4353533_1280-1-150x150.jpg","thumbnail-width":150,"thumbnail-height":150,"medium":"https:\/\/www.franceavelo.com\/wp-content\/uploads\/2018\/03\/paris-4353533_1280-1-300x169.jpg","medium-width":300,"medium-height":169,"medium_large":"https:\/\/www.franceavelo.com\/wp-content\/uploads\/2018\/03\/paris-4353533_1280-1-768x432.jpg","medium_large-width":768,"medium_large-height":432,"large":"https:\/\/www.franceavelo.com\/wp-content\/uploads\/2018\/03\/paris-4353533_1280-1-1024x576.jpg","large-width":1024,"large-height":576,"1536x1536":"https:\/\/www.franceavelo.com\/wp-content\/uploads\/2018\/03\/paris-4353533_1280-1.jpg","1536x1536-width":1280,"1536x1536-height":720,"2048x2048":"https:\/\/www.franceavelo.com\/wp-content\/uploads\/2018\/03\/paris-4353533_1280-1.jpg","2048x2048-width":1280,"2048x2048-height":720,"product_option_intro":"https:\/\/www.franceavelo.com\/wp-content\/uploads\/2018\/03\/paris-4353533_1280-1-300x220.jpg","product_option_intro-width":300,"product_option_intro-height":220,"postlist_thumbnail":"https:\/\/www.franceavelo.com\/wp-content\/uploads\/2018\/03\/paris-4353533_1280-1-200x200.jpg","postlist_thumbnail-width":200,"postlist_thumbnail-height":200,"content_full_desktop":"https:\/\/www.franceavelo.com\/wp-content\/uploads\/2018\/03\/paris-4353533_1280-1-970x546.jpg","content_full_desktop-width":970,"content_full_desktop-height":546,"content_full_desktop_retina":"https:\/\/www.franceavelo.com\/wp-content\/uploads\/2018\/03\/paris-4353533_1280-1.jpg","content_full_desktop_retina-width":1280,"content_full_desktop_retina-height":720,"content_half_desktop":"https:\/\/www.franceavelo.com\/wp-content\/uploads\/2018\/03\/paris-4353533_1280-1-485x273.jpg","content_half_desktop-width":485,"content_half_desktop-height":273,"content_full_tablet":"https:\/\/www.franceavelo.com\/wp-content\/uploads\/2018\/03\/paris-4353533_1280-1-750x422.jpg","content_full_tablet-width":750,"content_full_tablet-height":422,"content_full_tablet_retina":"https:\/\/www.franceavelo.com\/wp-content\/uploads\/2018\/03\/paris-4353533_1280-1.jpg","content_full_tablet_retina-width":1280,"content_full_tablet_retina-height":720,"content_half_tablet":"https:\/\/www.franceavelo.com\/wp-content\/uploads\/2018\/03\/paris-4353533_1280-1-375x211.jpg","content_half_tablet-width":375,"content_half_tablet-height":211,"content_full_mobile":"https:\/\/www.franceavelo.com\/wp-content\/uploads\/2018\/03\/paris-4353533_1280-1-500x281.jpg","content_full_mobile-width":500,"content_full_mobile-height":281,"content_full_mobile_retina":"https:\/\/www.franceavelo.com\/wp-content\/uploads\/2018\/03\/paris-4353533_1280-1-1000x563.jpg","content_full_mobile_retina-width":1000,"content_full_mobile_retina-height":563,"content_full_smallmobile":"https:\/\/www.franceavelo.com\/wp-content\/uploads\/2018\/03\/paris-4353533_1280-1-380x180.jpg","content_full_smallmobile-width":380,"content_full_smallmobile-height":180,"content_head_mobile":"https:\/\/www.franceavelo.com\/wp-content\/uploads\/2018\/03\/paris-4353533_1280-1-320x430.jpg","content_head_mobile-width":320,"content_head_mobile-height":430,"content_head_tablet":"https:\/\/www.franceavelo.com\/wp-content\/uploads\/2018\/03\/paris-4353533_1280-1-540x500.jpg","content_head_tablet-width":540,"content_head_tablet-height":500,"content_highlight_desktop":"https:\/\/www.franceavelo.com\/wp-content\/uploads\/2018\/03\/paris-4353533_1280-1-350x240.jpg","content_highlight_desktop-width":350,"content_highlight_desktop-height":240,"content_highlight_desktop_retina":"https:\/\/www.franceavelo.com\/wp-content\/uploads\/2018\/03\/paris-4353533_1280-1-700x480.jpg","content_highlight_desktop_retina-width":700,"content_highlight_desktop_retina-height":480,"content_testimony_mobile":"https:\/\/www.franceavelo.com\/wp-content\/uploads\/2018\/03\/paris-4353533_1280-1-480x720.jpg","content_testimony_mobile-width":480,"content_testimony_mobile-height":720,"content_type_image_desktop":"https:\/\/www.franceavelo.com\/wp-content\/uploads\/2018\/03\/paris-4353533_1280-1-600x338.jpg","content_type_image_desktop-width":600,"content_type_image_desktop-height":338,"content_type_image_desktop_retina":"https:\/\/www.franceavelo.com\/wp-content\/uploads\/2018\/03\/paris-4353533_1280-1-1200x675.jpg","content_type_image_desktop_retina-width":1200,"content_type_image_desktop_retina-height":675,"content_type_image_mobile":"https:\/\/www.franceavelo.com\/wp-content\/uploads\/2018\/03\/paris-4353533_1280-1-450x253.jpg","content_type_image_mobile-width":450,"content_type_image_mobile-height":253,"gform-image-choice-sm":"https:\/\/www.franceavelo.com\/wp-content\/uploads\/2018\/03\/paris-4353533_1280-1.jpg","gform-image-choice-sm-width":300,"gform-image-choice-sm-height":169,"gform-image-choice-md":"https:\/\/www.franceavelo.com\/wp-content\/uploads\/2018\/03\/paris-4353533_1280-1.jpg","gform-image-choice-md-width":400,"gform-image-choice-md-height":225,"gform-image-choice-lg":"https:\/\/www.franceavelo.com\/wp-content\/uploads\/2018\/03\/paris-4353533_1280-1.jpg","gform-image-choice-lg-width":600,"gform-image-choice-lg-height":338}},"product_gallery_item_video_thumbnail":false,"product_gallery_item_video_url":""},{"product_gallery_item_type":"image","product_gallery_item_image":{"ID":73195,"id":73195,"title":"V\u00e9loscenie-france-a-velo (4)","filename":"Veloscenie-france-a-velo-4-scaled.jpg","filesize":782912,"url":"https:\/\/www.franceavelo.com\/wp-content\/uploads\/2018\/03\/Veloscenie-france-a-velo-4-scaled.jpg","link":"https:\/\/www.franceavelo.com\/fr\/product\/voyage-velo-veloscenie-en-liberte-8-jours-classique\/veloscenie-france-a-velo-4-2\/","alt":"","author":"12","description":"","caption":"","name":"veloscenie-france-a-velo-4-2","status":"inherit","uploaded_to":24982,"date":"2024-12-14 14:18:36","modified":"2024-12-14 14:18:36","menu_order":0,"mime_type":"image\/jpeg","type":"image","subtype":"jpeg","icon":"https:\/\/www.franceavelo.com\/wp-includes\/images\/media\/default.png","width":2560,"height":1920,"sizes":{"thumbnail":"https:\/\/www.franceavelo.com\/wp-content\/uploads\/2018\/03\/Veloscenie-france-a-velo-4-150x150.jpg","thumbnail-width":150,"thumbnail-height":150,"medium":"https:\/\/www.franceavelo.com\/wp-content\/uploads\/2018\/03\/Veloscenie-france-a-velo-4-300x225.jpg","medium-width":300,"medium-height":225,"medium_large":"https:\/\/www.franceavelo.com\/wp-content\/uploads\/2018\/03\/Veloscenie-france-a-velo-4-768x576.jpg","medium_large-width":768,"medium_large-height":576,"large":"https:\/\/www.franceavelo.com\/wp-content\/uploads\/2018\/03\/Veloscenie-france-a-velo-4-1024x768.jpg","large-width":1024,"large-height":768,"1536x1536":"https:\/\/www.franceavelo.com\/wp-content\/uploads\/2018\/03\/Veloscenie-france-a-velo-4-1536x1152.jpg","1536x1536-width":1536,"1536x1536-height":1152,"2048x2048":"https:\/\/www.franceavelo.com\/wp-content\/uploads\/2018\/03\/Veloscenie-france-a-velo-4-2048x1536.jpg","2048x2048-width":2048,"2048x2048-height":1536,"product_option_intro":"https:\/\/www.franceavelo.com\/wp-content\/uploads\/2018\/03\/Veloscenie-france-a-velo-4-300x220.jpg","product_option_intro-width":300,"product_option_intro-height":220,"postlist_thumbnail":"https:\/\/www.franceavelo.com\/wp-content\/uploads\/2018\/03\/Veloscenie-france-a-velo-4-200x200.jpg","postlist_thumbnail-width":200,"postlist_thumbnail-height":200,"content_full_desktop":"https:\/\/www.franceavelo.com\/wp-content\/uploads\/2018\/03\/Veloscenie-france-a-velo-4-970x728.jpg","content_full_desktop-width":970,"content_full_desktop-height":728,"content_full_desktop_retina":"https:\/\/www.franceavelo.com\/wp-content\/uploads\/2018\/03\/Veloscenie-france-a-velo-4-1940x1455.jpg","content_full_desktop_retina-width":1940,"content_full_desktop_retina-height":1455,"content_half_desktop":"https:\/\/www.franceavelo.com\/wp-content\/uploads\/2018\/03\/Veloscenie-france-a-velo-4-485x364.jpg","content_half_desktop-width":485,"content_half_desktop-height":364,"content_full_tablet":"https:\/\/www.franceavelo.com\/wp-content\/uploads\/2018\/03\/Veloscenie-france-a-velo-4-750x563.jpg","content_full_tablet-width":750,"content_full_tablet-height":563,"content_full_tablet_retina":"https:\/\/www.franceavelo.com\/wp-content\/uploads\/2018\/03\/Veloscenie-france-a-velo-4-1500x1125.jpg","content_full_tablet_retina-width":1500,"content_full_tablet_retina-height":1125,"content_half_tablet":"https:\/\/www.franceavelo.com\/wp-content\/uploads\/2018\/03\/Veloscenie-france-a-velo-4-375x281.jpg","content_half_tablet-width":375,"content_half_tablet-height":281,"content_full_mobile":"https:\/\/www.franceavelo.com\/wp-content\/uploads\/2018\/03\/Veloscenie-france-a-velo-4-500x375.jpg","content_full_mobile-width":500,"content_full_mobile-height":375,"content_full_mobile_retina":"https:\/\/www.franceavelo.com\/wp-content\/uploads\/2018\/03\/Veloscenie-france-a-velo-4-1000x750.jpg","content_full_mobile_retina-width":1000,"content_full_mobile_retina-height":750,"content_full_smallmobile":"https:\/\/www.franceavelo.com\/wp-content\/uploads\/2018\/03\/Veloscenie-france-a-velo-4-380x180.jpg","content_full_smallmobile-width":380,"content_full_smallmobile-height":180,"content_head_mobile":"https:\/\/www.franceavelo.com\/wp-content\/uploads\/2018\/03\/Veloscenie-france-a-velo-4-320x430.jpg","content_head_mobile-width":320,"content_head_mobile-height":430,"content_head_tablet":"https:\/\/www.franceavelo.com\/wp-content\/uploads\/2018\/03\/Veloscenie-france-a-velo-4-540x500.jpg","content_head_tablet-width":540,"content_head_tablet-height":500,"content_highlight_desktop":"https:\/\/www.franceavelo.com\/wp-content\/uploads\/2018\/03\/Veloscenie-france-a-velo-4-350x240.jpg","content_highlight_desktop-width":350,"content_highlight_desktop-height":240,"content_highlight_desktop_retina":"https:\/\/www.franceavelo.com\/wp-content\/uploads\/2018\/03\/Veloscenie-france-a-velo-4-700x480.jpg","content_highlight_desktop_retina-width":700,"content_highlight_desktop_retina-height":480,"content_testimony_mobile":"https:\/\/www.franceavelo.com\/wp-content\/uploads\/2018\/03\/Veloscenie-france-a-velo-4-480x1100.jpg","content_testimony_mobile-width":480,"content_testimony_mobile-height":1100,"content_type_image_desktop":"https:\/\/www.franceavelo.com\/wp-content\/uploads\/2018\/03\/Veloscenie-france-a-velo-4-600x450.jpg","content_type_image_desktop-width":600,"content_type_image_desktop-height":450,"content_type_image_desktop_retina":"https:\/\/www.franceavelo.com\/wp-content\/uploads\/2018\/03\/Veloscenie-france-a-velo-4-1200x900.jpg","content_type_image_desktop_retina-width":1200,"content_type_image_desktop_retina-height":900,"content_type_image_mobile":"https:\/\/www.franceavelo.com\/wp-content\/uploads\/2018\/03\/Veloscenie-france-a-velo-4-450x338.jpg","content_type_image_mobile-width":450,"content_type_image_mobile-height":338,"gform-image-choice-sm":"https:\/\/www.franceavelo.com\/wp-content\/uploads\/2018\/03\/Veloscenie-france-a-velo-4-scaled.jpg","gform-image-choice-sm-width":300,"gform-image-choice-sm-height":225,"gform-image-choice-md":"https:\/\/www.franceavelo.com\/wp-content\/uploads\/2018\/03\/Veloscenie-france-a-velo-4-scaled.jpg","gform-image-choice-md-width":400,"gform-image-choice-md-height":300,"gform-image-choice-lg":"https:\/\/www.franceavelo.com\/wp-content\/uploads\/2018\/03\/Veloscenie-france-a-velo-4-scaled.jpg","gform-image-choice-lg-width":600,"gform-image-choice-lg-height":450}},"product_gallery_item_video_thumbnail":false,"product_gallery_item_video_url":""},{"product_gallery_item_type":"image","product_gallery_item_image":{"ID":73198,"id":73198,"title":"veloscenie-voie-verte-france-a-velo","filename":"veloscenie-voie-verte-france-a-velo-scaled.jpg","filesize":1319277,"url":"https:\/\/www.franceavelo.com\/wp-content\/uploads\/2018\/03\/veloscenie-voie-verte-france-a-velo-scaled.jpg","link":"https:\/\/www.franceavelo.com\/fr\/product\/voyage-velo-veloscenie-en-liberte-8-jours-classique\/veloscenie-voie-verte-france-a-velo-2\/","alt":"","author":"12","description":"","caption":"","name":"veloscenie-voie-verte-france-a-velo-2","status":"inherit","uploaded_to":24982,"date":"2024-12-14 14:18:43","modified":"2024-12-14 14:18:43","menu_order":0,"mime_type":"image\/jpeg","type":"image","subtype":"jpeg","icon":"https:\/\/www.franceavelo.com\/wp-includes\/images\/media\/default.png","width":2560,"height":1920,"sizes":{"thumbnail":"https:\/\/www.franceavelo.com\/wp-content\/uploads\/2018\/03\/veloscenie-voie-verte-france-a-velo-150x150.jpg","thumbnail-width":150,"thumbnail-height":150,"medium":"https:\/\/www.franceavelo.com\/wp-content\/uploads\/2018\/03\/veloscenie-voie-verte-france-a-velo-300x225.jpg","medium-width":300,"medium-height":225,"medium_large":"https:\/\/www.franceavelo.com\/wp-content\/uploads\/2018\/03\/veloscenie-voie-verte-france-a-velo-768x576.jpg","medium_large-width":768,"medium_large-height":576,"large":"https:\/\/www.franceavelo.com\/wp-content\/uploads\/2018\/03\/veloscenie-voie-verte-france-a-velo-1024x768.jpg","large-width":1024,"large-height":768,"1536x1536":"https:\/\/www.franceavelo.com\/wp-content\/uploads\/2018\/03\/veloscenie-voie-verte-france-a-velo-1536x1152.jpg","1536x1536-width":1536,"1536x1536-height":1152,"2048x2048":"https:\/\/www.franceavelo.com\/wp-content\/uploads\/2018\/03\/veloscenie-voie-verte-france-a-velo-2048x1536.jpg","2048x2048-width":2048,"2048x2048-height":1536,"product_option_intro":"https:\/\/www.franceavelo.com\/wp-content\/uploads\/2018\/03\/veloscenie-voie-verte-france-a-velo-300x220.jpg","product_option_intro-width":300,"product_option_intro-height":220,"postlist_thumbnail":"https:\/\/www.franceavelo.com\/wp-content\/uploads\/2018\/03\/veloscenie-voie-verte-france-a-velo-200x200.jpg","postlist_thumbnail-width":200,"postlist_thumbnail-height":200,"content_full_desktop":"https:\/\/www.franceavelo.com\/wp-content\/uploads\/2018\/03\/veloscenie-voie-verte-france-a-velo-970x728.jpg","content_full_desktop-width":970,"content_full_desktop-height":728,"content_full_desktop_retina":"https:\/\/www.franceavelo.com\/wp-content\/uploads\/2018\/03\/veloscenie-voie-verte-france-a-velo-1940x1455.jpg","content_full_desktop_retina-width":1940,"content_full_desktop_retina-height":1455,"content_half_desktop":"https:\/\/www.franceavelo.com\/wp-content\/uploads\/2018\/03\/veloscenie-voie-verte-france-a-velo-485x364.jpg","content_half_desktop-width":485,"content_half_desktop-height":364,"content_full_tablet":"https:\/\/www.franceavelo.com\/wp-content\/uploads\/2018\/03\/veloscenie-voie-verte-france-a-velo-750x563.jpg","content_full_tablet-width":750,"content_full_tablet-height":563,"content_full_tablet_retina":"https:\/\/www.franceavelo.com\/wp-content\/uploads\/2018\/03\/veloscenie-voie-verte-france-a-velo-1500x1125.jpg","content_full_tablet_retina-width":1500,"content_full_tablet_retina-height":1125,"content_half_tablet":"https:\/\/www.franceavelo.com\/wp-content\/uploads\/2018\/03\/veloscenie-voie-verte-france-a-velo-375x281.jpg","content_half_tablet-width":375,"content_half_tablet-height":281,"content_full_mobile":"https:\/\/www.franceavelo.com\/wp-content\/uploads\/2018\/03\/veloscenie-voie-verte-france-a-velo-500x375.jpg","content_full_mobile-width":500,"content_full_mobile-height":375,"content_full_mobile_retina":"https:\/\/www.franceavelo.com\/wp-content\/uploads\/2018\/03\/veloscenie-voie-verte-france-a-velo-1000x750.jpg","content_full_mobile_retina-width":1000,"content_full_mobile_retina-height":750,"content_full_smallmobile":"https:\/\/www.franceavelo.com\/wp-content\/uploads\/2018\/03\/veloscenie-voie-verte-france-a-velo-380x180.jpg","content_full_smallmobile-width":380,"content_full_smallmobile-height":180,"content_head_mobile":"https:\/\/www.franceavelo.com\/wp-content\/uploads\/2018\/03\/veloscenie-voie-verte-france-a-velo-320x430.jpg","content_head_mobile-width":320,"content_head_mobile-height":430,"content_head_tablet":"https:\/\/www.franceavelo.com\/wp-content\/uploads\/2018\/03\/veloscenie-voie-verte-france-a-velo-540x500.jpg","content_head_tablet-width":540,"content_head_tablet-height":500,"content_highlight_desktop":"https:\/\/www.franceavelo.com\/wp-content\/uploads\/2018\/03\/veloscenie-voie-verte-france-a-velo-350x240.jpg","content_highlight_desktop-width":350,"content_highlight_desktop-height":240,"content_highlight_desktop_retina":"https:\/\/www.franceavelo.com\/wp-content\/uploads\/2018\/03\/veloscenie-voie-verte-france-a-velo-700x480.jpg","content_highlight_desktop_retina-width":700,"content_highlight_desktop_retina-height":480,"content_testimony_mobile":"https:\/\/www.franceavelo.com\/wp-content\/uploads\/2018\/03\/veloscenie-voie-verte-france-a-velo-480x1100.jpg","content_testimony_mobile-width":480,"content_testimony_mobile-height":1100,"content_type_image_desktop":"https:\/\/www.franceavelo.com\/wp-content\/uploads\/2018\/03\/veloscenie-voie-verte-france-a-velo-600x450.jpg","content_type_image_desktop-width":600,"content_type_image_desktop-height":450,"content_type_image_desktop_retina":"https:\/\/www.franceavelo.com\/wp-content\/uploads\/2018\/03\/veloscenie-voie-verte-france-a-velo-1200x900.jpg","content_type_image_desktop_retina-width":1200,"content_type_image_desktop_retina-height":900,"content_type_image_mobile":"https:\/\/www.franceavelo.com\/wp-content\/uploads\/2018\/03\/veloscenie-voie-verte-france-a-velo-450x338.jpg","content_type_image_mobile-width":450,"content_type_image_mobile-height":338,"gform-image-choice-sm":"https:\/\/www.franceavelo.com\/wp-content\/uploads\/2018\/03\/veloscenie-voie-verte-france-a-velo-scaled.jpg","gform-image-choice-sm-width":300,"gform-image-choice-sm-height":225,"gform-image-choice-md":"https:\/\/www.franceavelo.com\/wp-content\/uploads\/2018\/03\/veloscenie-voie-verte-france-a-velo-scaled.jpg","gform-image-choice-md-width":400,"gform-image-choice-md-height":300,"gform-image-choice-lg":"https:\/\/www.franceavelo.com\/wp-content\/uploads\/2018\/03\/veloscenie-voie-verte-france-a-velo-scaled.jpg","gform-image-choice-lg-width":600,"gform-image-choice-lg-height":450}},"product_gallery_item_video_thumbnail":false,"product_gallery_item_video_url":""},{"product_gallery_item_type":"image","product_gallery_item_image":{"ID":7192,"id":7192,"title":"Mont-Saint-Michel\u00a9V\u00e9losc\u00e9nie_David Darrault (6)","filename":"Mont-Saint-Michel\u00a9V\u00e9losc\u00e9nie_David-Darrault-6-scaled.jpg","filesize":399321,"url":"https:\/\/www.franceavelo.com\/wp-content\/uploads\/2018\/03\/Mont-Saint-Michel\u00a9V\u00e9losc\u00e9nie_David-Darrault-6-scaled.jpg","link":"https:\/\/www.franceavelo.com\/fr\/product\/voyage-velo-veloscenie-en-liberte-8-jours-classique\/mont-saint-michelveloscenie_david-darrault-6-2\/","alt":"Radgruppe vor dem Mont Saint Michel","author":"42","description":"","caption":"","name":"mont-saint-michelveloscenie_david-darrault-6-2","status":"inherit","uploaded_to":24982,"date":"2018-03-22 04:40:25","modified":"2020-01-09 09:34:19","menu_order":0,"mime_type":"image\/jpeg","type":"image","subtype":"jpeg","icon":"https:\/\/www.franceavelo.com\/wp-includes\/images\/media\/default.png","width":7105,"height":4742,"sizes":{"thumbnail":"https:\/\/www.franceavelo.com\/wp-content\/uploads\/2018\/03\/Mont-Saint-Michel\u00a9V\u00e9losc\u00e9nie_David-Darrault-6-scaled.jpg","thumbnail-width":150,"thumbnail-height":100,"medium":"https:\/\/www.franceavelo.com\/wp-content\/uploads\/2018\/03\/Mont-Saint-Michel\u00a9V\u00e9losc\u00e9nie_David-Darrault-6-scaled.jpg","medium-width":300,"medium-height":200,"medium_large":"https:\/\/www.franceavelo.com\/wp-content\/uploads\/2018\/03\/Mont-Saint-Michel\u00a9V\u00e9losc\u00e9nie_David-Darrault-6-scaled.jpg","medium_large-width":768,"medium_large-height":513,"large":"https:\/\/www.franceavelo.com\/wp-content\/uploads\/2018\/03\/Mont-Saint-Michel\u00a9V\u00e9losc\u00e9nie_David-Darrault-6-scaled.jpg","large-width":1024,"large-height":683,"1536x1536":"https:\/\/www.franceavelo.com\/wp-content\/uploads\/2018\/03\/Mont-Saint-Michel\u00a9V\u00e9losc\u00e9nie_David-Darrault-6-scaled.jpg","1536x1536-width":1536,"1536x1536-height":1025,"2048x2048":"https:\/\/www.franceavelo.com\/wp-content\/uploads\/2018\/03\/Mont-Saint-Michel\u00a9V\u00e9losc\u00e9nie_David-Darrault-6-scaled.jpg","2048x2048-width":2048,"2048x2048-height":1367,"product_option_intro":"https:\/\/www.franceavelo.com\/wp-content\/uploads\/2018\/03\/Mont-Saint-Michel\u00a9V\u00e9losc\u00e9nie_David-Darrault-6-scaled.jpg","product_option_intro-width":300,"product_option_intro-height":200,"postlist_thumbnail":"https:\/\/www.franceavelo.com\/wp-content\/uploads\/2018\/03\/Mont-Saint-Michel\u00a9V\u00e9losc\u00e9nie_David-Darrault-6-scaled.jpg","postlist_thumbnail-width":200,"postlist_thumbnail-height":133,"content_full_desktop":"https:\/\/www.franceavelo.com\/wp-content\/uploads\/2018\/03\/Mont-Saint-Michel\u00a9V\u00e9losc\u00e9nie_David-Darrault-6-scaled.jpg","content_full_desktop-width":970,"content_full_desktop-height":647,"content_full_desktop_retina":"https:\/\/www.franceavelo.com\/wp-content\/uploads\/2018\/03\/Mont-Saint-Michel\u00a9V\u00e9losc\u00e9nie_David-Darrault-6-scaled.jpg","content_full_desktop_retina-width":1940,"content_full_desktop_retina-height":1295,"content_half_desktop":"https:\/\/www.franceavelo.com\/wp-content\/uploads\/2018\/03\/Mont-Saint-Michel\u00a9V\u00e9losc\u00e9nie_David-Darrault-6-scaled.jpg","content_half_desktop-width":485,"content_half_desktop-height":324,"content_full_tablet":"https:\/\/www.franceavelo.com\/wp-content\/uploads\/2018\/03\/Mont-Saint-Michel\u00a9V\u00e9losc\u00e9nie_David-Darrault-6-scaled.jpg","content_full_tablet-width":750,"content_full_tablet-height":501,"content_full_tablet_retina":"https:\/\/www.franceavelo.com\/wp-content\/uploads\/2018\/03\/Mont-Saint-Michel\u00a9V\u00e9losc\u00e9nie_David-Darrault-6-scaled.jpg","content_full_tablet_retina-width":1500,"content_full_tablet_retina-height":1001,"content_half_tablet":"https:\/\/www.franceavelo.com\/wp-content\/uploads\/2018\/03\/Mont-Saint-Michel\u00a9V\u00e9losc\u00e9nie_David-Darrault-6-scaled.jpg","content_half_tablet-width":375,"content_half_tablet-height":250,"content_full_mobile":"https:\/\/www.franceavelo.com\/wp-content\/uploads\/2018\/03\/Mont-Saint-Michel\u00a9V\u00e9losc\u00e9nie_David-Darrault-6-scaled.jpg","content_full_mobile-width":500,"content_full_mobile-height":334,"content_full_mobile_retina":"https:\/\/www.franceavelo.com\/wp-content\/uploads\/2018\/03\/Mont-Saint-Michel\u00a9V\u00e9losc\u00e9nie_David-Darrault-6-scaled.jpg","content_full_mobile_retina-width":1000,"content_full_mobile_retina-height":667,"content_full_smallmobile":"https:\/\/www.franceavelo.com\/wp-content\/uploads\/2018\/03\/Mont-Saint-Michel\u00a9V\u00e9losc\u00e9nie_David-Darrault-6-scaled.jpg","content_full_smallmobile-width":270,"content_full_smallmobile-height":180,"content_head_mobile":"https:\/\/www.franceavelo.com\/wp-content\/uploads\/2018\/03\/Mont-Saint-Michel\u00a9V\u00e9losc\u00e9nie_David-Darrault-6-scaled.jpg","content_head_mobile-width":320,"content_head_mobile-height":214,"content_head_tablet":"https:\/\/www.franceavelo.com\/wp-content\/uploads\/2018\/03\/Mont-Saint-Michel\u00a9V\u00e9losc\u00e9nie_David-Darrault-6-scaled.jpg","content_head_tablet-width":540,"content_head_tablet-height":360,"content_highlight_desktop":"https:\/\/www.franceavelo.com\/wp-content\/uploads\/2018\/03\/Mont-Saint-Michel\u00a9V\u00e9losc\u00e9nie_David-Darrault-6-scaled.jpg","content_highlight_desktop-width":350,"content_highlight_desktop-height":234,"content_highlight_desktop_retina":"https:\/\/www.franceavelo.com\/wp-content\/uploads\/2018\/03\/Mont-Saint-Michel\u00a9V\u00e9losc\u00e9nie_David-Darrault-6-scaled.jpg","content_highlight_desktop_retina-width":700,"content_highlight_desktop_retina-height":467,"content_testimony_mobile":"https:\/\/www.franceavelo.com\/wp-content\/uploads\/2018\/03\/Mont-Saint-Michel\u00a9V\u00e9losc\u00e9nie_David-Darrault-6-scaled.jpg","content_testimony_mobile-width":480,"content_testimony_mobile-height":320,"content_type_image_desktop":"https:\/\/www.franceavelo.com\/wp-content\/uploads\/2018\/03\/Mont-Saint-Michel\u00a9V\u00e9losc\u00e9nie_David-Darrault-6-600x400.jpg","content_type_image_desktop-width":600,"content_type_image_desktop-height":400,"content_type_image_desktop_retina":"https:\/\/www.franceavelo.com\/wp-content\/uploads\/2018\/03\/Mont-Saint-Michel\u00a9V\u00e9losc\u00e9nie_David-Darrault-6-1200x801.jpg","content_type_image_desktop_retina-width":1200,"content_type_image_desktop_retina-height":801,"content_type_image_mobile":"https:\/\/www.franceavelo.com\/wp-content\/uploads\/2018\/03\/Mont-Saint-Michel\u00a9V\u00e9losc\u00e9nie_David-Darrault-6-450x300.jpg","content_type_image_mobile-width":450,"content_type_image_mobile-height":300,"gform-image-choice-sm":"https:\/\/www.franceavelo.com\/wp-content\/uploads\/2018\/03\/Mont-Saint-Michel\u00a9V\u00e9losc\u00e9nie_David-Darrault-6-scaled.jpg","gform-image-choice-sm-width":300,"gform-image-choice-sm-height":200,"gform-image-choice-md":"https:\/\/www.franceavelo.com\/wp-content\/uploads\/2018\/03\/Mont-Saint-Michel\u00a9V\u00e9losc\u00e9nie_David-Darrault-6-scaled.jpg","gform-image-choice-md-width":400,"gform-image-choice-md-height":267,"gform-image-choice-lg":"https:\/\/www.franceavelo.com\/wp-content\/uploads\/2018\/03\/Mont-Saint-Michel\u00a9V\u00e9losc\u00e9nie_David-Darrault-6-scaled.jpg","gform-image-choice-lg-width":600,"gform-image-choice-lg-height":400}},"product_gallery_item_video_thumbnail":false,"product_gallery_item_video_url":""},{"product_gallery_item_type":"image","product_gallery_item_image":{"ID":7512,"id":7512,"title":"paris-veloscenie-france-a-velo","filename":"paris-veloscenie-france-a-velo-scaled.jpg","filesize":812913,"url":"https:\/\/www.franceavelo.com\/wp-content\/uploads\/2018\/03\/paris-veloscenie-france-a-velo-scaled.jpg","link":"https:\/\/www.franceavelo.com\/fr\/product\/voyage-velo-veloscenie-en-liberte-10-jours-classique\/paris-veloscenie-france-a-velo-2\/","alt":"Blick auf die V\u00e9losc\u00e9nie in Paris","author":"42","description":"","caption":"","name":"paris-veloscenie-france-a-velo-2","status":"inherit","uploaded_to":25032,"date":"2018-03-22 05:25:26","modified":"2020-01-13 13:17:37","menu_order":0,"mime_type":"image\/jpeg","type":"image","subtype":"jpeg","icon":"https:\/\/www.franceavelo.com\/wp-includes\/images\/media\/default.png","width":3264,"height":2448,"sizes":{"thumbnail":"https:\/\/www.franceavelo.com\/wp-content\/uploads\/2018\/03\/paris-veloscenie-france-a-velo-scaled.jpg","thumbnail-width":150,"thumbnail-height":113,"medium":"https:\/\/www.franceavelo.com\/wp-content\/uploads\/2018\/03\/paris-veloscenie-france-a-velo-scaled.jpg","medium-width":300,"medium-height":225,"medium_large":"https:\/\/www.franceavelo.com\/wp-content\/uploads\/2018\/03\/paris-veloscenie-france-a-velo-scaled.jpg","medium_large-width":768,"medium_large-height":576,"large":"https:\/\/www.franceavelo.com\/wp-content\/uploads\/2018\/03\/paris-veloscenie-france-a-velo-scaled.jpg","large-width":1024,"large-height":768,"1536x1536":"https:\/\/www.franceavelo.com\/wp-content\/uploads\/2018\/03\/paris-veloscenie-france-a-velo-scaled.jpg","1536x1536-width":1536,"1536x1536-height":1152,"2048x2048":"https:\/\/www.franceavelo.com\/wp-content\/uploads\/2018\/03\/paris-veloscenie-france-a-velo-scaled.jpg","2048x2048-width":2048,"2048x2048-height":1536,"product_option_intro":"https:\/\/www.franceavelo.com\/wp-content\/uploads\/2018\/03\/paris-veloscenie-france-a-velo-scaled.jpg","product_option_intro-width":293,"product_option_intro-height":220,"postlist_thumbnail":"https:\/\/www.franceavelo.com\/wp-content\/uploads\/2018\/03\/paris-veloscenie-france-a-velo-scaled.jpg","postlist_thumbnail-width":200,"postlist_thumbnail-height":150,"content_full_desktop":"https:\/\/www.franceavelo.com\/wp-content\/uploads\/2018\/03\/paris-veloscenie-france-a-velo-scaled.jpg","content_full_desktop-width":970,"content_full_desktop-height":728,"content_full_desktop_retina":"https:\/\/www.franceavelo.com\/wp-content\/uploads\/2018\/03\/paris-veloscenie-france-a-velo-scaled.jpg","content_full_desktop_retina-width":1940,"content_full_desktop_retina-height":1455,"content_half_desktop":"https:\/\/www.franceavelo.com\/wp-content\/uploads\/2018\/03\/paris-veloscenie-france-a-velo-scaled.jpg","content_half_desktop-width":485,"content_half_desktop-height":364,"content_full_tablet":"https:\/\/www.franceavelo.com\/wp-content\/uploads\/2018\/03\/paris-veloscenie-france-a-velo-scaled.jpg","content_full_tablet-width":750,"content_full_tablet-height":563,"content_full_tablet_retina":"https:\/\/www.franceavelo.com\/wp-content\/uploads\/2018\/03\/paris-veloscenie-france-a-velo-scaled.jpg","content_full_tablet_retina-width":1500,"content_full_tablet_retina-height":1125,"content_half_tablet":"https:\/\/www.franceavelo.com\/wp-content\/uploads\/2018\/03\/paris-veloscenie-france-a-velo-scaled.jpg","content_half_tablet-width":375,"content_half_tablet-height":281,"content_full_mobile":"https:\/\/www.franceavelo.com\/wp-content\/uploads\/2018\/03\/paris-veloscenie-france-a-velo-scaled.jpg","content_full_mobile-width":500,"content_full_mobile-height":375,"content_full_mobile_retina":"https:\/\/www.franceavelo.com\/wp-content\/uploads\/2018\/03\/paris-veloscenie-france-a-velo-scaled.jpg","content_full_mobile_retina-width":1000,"content_full_mobile_retina-height":750,"content_full_smallmobile":"https:\/\/www.franceavelo.com\/wp-content\/uploads\/2018\/03\/paris-veloscenie-france-a-velo-scaled.jpg","content_full_smallmobile-width":240,"content_full_smallmobile-height":180,"content_head_mobile":"https:\/\/www.franceavelo.com\/wp-content\/uploads\/2018\/03\/paris-veloscenie-france-a-velo-scaled.jpg","content_head_mobile-width":320,"content_head_mobile-height":240,"content_head_tablet":"https:\/\/www.franceavelo.com\/wp-content\/uploads\/2018\/03\/paris-veloscenie-france-a-velo-scaled.jpg","content_head_tablet-width":540,"content_head_tablet-height":405,"content_highlight_desktop":"https:\/\/www.franceavelo.com\/wp-content\/uploads\/2018\/03\/paris-veloscenie-france-a-velo-scaled.jpg","content_highlight_desktop-width":320,"content_highlight_desktop-height":240,"content_highlight_desktop_retina":"https:\/\/www.franceavelo.com\/wp-content\/uploads\/2018\/03\/paris-veloscenie-france-a-velo-scaled.jpg","content_highlight_desktop_retina-width":640,"content_highlight_desktop_retina-height":480,"content_testimony_mobile":"https:\/\/www.franceavelo.com\/wp-content\/uploads\/2018\/03\/paris-veloscenie-france-a-velo-scaled.jpg","content_testimony_mobile-width":480,"content_testimony_mobile-height":360,"content_type_image_desktop":"https:\/\/www.franceavelo.com\/wp-content\/uploads\/2018\/03\/paris-veloscenie-france-a-velo-600x450.jpg","content_type_image_desktop-width":600,"content_type_image_desktop-height":450,"content_type_image_desktop_retina":"https:\/\/www.franceavelo.com\/wp-content\/uploads\/2018\/03\/paris-veloscenie-france-a-velo-1200x900.jpg","content_type_image_desktop_retina-width":1200,"content_type_image_desktop_retina-height":900,"content_type_image_mobile":"https:\/\/www.franceavelo.com\/wp-content\/uploads\/2018\/03\/paris-veloscenie-france-a-velo-450x338.jpg","content_type_image_mobile-width":450,"content_type_image_mobile-height":338,"gform-image-choice-sm":"https:\/\/www.franceavelo.com\/wp-content\/uploads\/2018\/03\/paris-veloscenie-france-a-velo-scaled.jpg","gform-image-choice-sm-width":300,"gform-image-choice-sm-height":225,"gform-image-choice-md":"https:\/\/www.franceavelo.com\/wp-content\/uploads\/2018\/03\/paris-veloscenie-france-a-velo-scaled.jpg","gform-image-choice-md-width":400,"gform-image-choice-md-height":300,"gform-image-choice-lg":"https:\/\/www.franceavelo.com\/wp-content\/uploads\/2018\/03\/paris-veloscenie-france-a-velo-scaled.jpg","gform-image-choice-lg-width":600,"gform-image-choice-lg-height":450}},"product_gallery_item_video_thumbnail":false,"product_gallery_item_video_url":""}],"product_price_from":"824","product_ambiance":[{"value":"am_2","label":"Sportif"},{"value":"am_4","label":"E bike"},{"value":"am_5","label":"Culture\u00a0"}],"product_small_group_price":"206","product_option_vtc_bike":"130","product_option_electric_bike":"260","product_option_helmet":"","product_option_transfert_repeat":[{"product_option_transfert_city":"Transfert retour Saint Malo - Chartres","product_option_transfert_price":"150","product_option_transfert_display_as_checkbox":true},{"product_option_transfert_city":"Transfert retour Pontorson-Chartres ","product_option_transfert_price":"210","product_option_transfert_display_as_checkbox":true},{"product_option_transfert_city":"Transfert retour Pontorson-Saint Malo (2 pers.)","product_option_transfert_price":"55","product_option_transfert_display_as_checkbox":true},{"product_option_transfert_city":"Transfert retour Pontorson-Saint Malo (4 pers.)","product_option_transfert_price":"35","product_option_transfert_display_as_checkbox":true}],"product_small_group_number":"4","product_main_img":{"ID":7482,"id":7482,"title":"Mont-Saint-Michel\u00a9V\u00e9losc\u00e9nie_David Darrault (4)","filename":"Mont-Saint-Michel\u00a9V\u00e9losc\u00e9nie_David-Darrault-4-scaled.jpg","filesize":697155,"url":"https:\/\/www.franceavelo.com\/wp-content\/uploads\/2018\/03\/Mont-Saint-Michel\u00a9V\u00e9losc\u00e9nie_David-Darrault-4-scaled.jpg","link":"https:\/\/www.franceavelo.com\/fr\/product\/voyage-velo-veloscenie-en-liberte-10-jours-classique\/mont-saint-michelveloscenie_david-darrault-4-2\/","alt":"Blick auf Mont Saint Michel von der V\u00e9losc\u00e9nie","author":"42","description":"","caption":"","name":"mont-saint-michelveloscenie_david-darrault-4-2","status":"inherit","uploaded_to":25032,"date":"2018-03-22 05:25:00","modified":"2020-01-09 10:18:29","menu_order":0,"mime_type":"image\/jpeg","type":"image","subtype":"jpeg","icon":"https:\/\/www.franceavelo.com\/wp-includes\/images\/media\/default.png","width":7360,"height":4912,"sizes":{"thumbnail":"https:\/\/www.franceavelo.com\/wp-content\/uploads\/2018\/03\/Mont-Saint-Michel\u00a9V\u00e9losc\u00e9nie_David-Darrault-4-scaled.jpg","thumbnail-width":150,"thumbnail-height":100,"medium":"https:\/\/www.franceavelo.com\/wp-content\/uploads\/2018\/03\/Mont-Saint-Michel\u00a9V\u00e9losc\u00e9nie_David-Darrault-4-scaled.jpg","medium-width":300,"medium-height":200,"medium_large":"https:\/\/www.franceavelo.com\/wp-content\/uploads\/2018\/03\/Mont-Saint-Michel\u00a9V\u00e9losc\u00e9nie_David-Darrault-4-scaled.jpg","medium_large-width":768,"medium_large-height":513,"large":"https:\/\/www.franceavelo.com\/wp-content\/uploads\/2018\/03\/Mont-Saint-Michel\u00a9V\u00e9losc\u00e9nie_David-Darrault-4-scaled.jpg","large-width":1024,"large-height":683,"1536x1536":"https:\/\/www.franceavelo.com\/wp-content\/uploads\/2018\/03\/Mont-Saint-Michel\u00a9V\u00e9losc\u00e9nie_David-Darrault-4-scaled.jpg","1536x1536-width":1536,"1536x1536-height":1025,"2048x2048":"https:\/\/www.franceavelo.com\/wp-content\/uploads\/2018\/03\/Mont-Saint-Michel\u00a9V\u00e9losc\u00e9nie_David-Darrault-4-scaled.jpg","2048x2048-width":2048,"2048x2048-height":1367,"product_option_intro":"https:\/\/www.franceavelo.com\/wp-content\/uploads\/2018\/03\/Mont-Saint-Michel\u00a9V\u00e9losc\u00e9nie_David-Darrault-4-scaled.jpg","product_option_intro-width":300,"product_option_intro-height":200,"postlist_thumbnail":"https:\/\/www.franceavelo.com\/wp-content\/uploads\/2018\/03\/Mont-Saint-Michel\u00a9V\u00e9losc\u00e9nie_David-Darrault-4-scaled.jpg","postlist_thumbnail-width":200,"postlist_thumbnail-height":133,"content_full_desktop":"https:\/\/www.franceavelo.com\/wp-content\/uploads\/2018\/03\/Mont-Saint-Michel\u00a9V\u00e9losc\u00e9nie_David-Darrault-4-scaled.jpg","content_full_desktop-width":970,"content_full_desktop-height":647,"content_full_desktop_retina":"https:\/\/www.franceavelo.com\/wp-content\/uploads\/2018\/03\/Mont-Saint-Michel\u00a9V\u00e9losc\u00e9nie_David-Darrault-4-scaled.jpg","content_full_desktop_retina-width":1940,"content_full_desktop_retina-height":1295,"content_half_desktop":"https:\/\/www.franceavelo.com\/wp-content\/uploads\/2018\/03\/Mont-Saint-Michel\u00a9V\u00e9losc\u00e9nie_David-Darrault-4-scaled.jpg","content_half_desktop-width":485,"content_half_desktop-height":324,"content_full_tablet":"https:\/\/www.franceavelo.com\/wp-content\/uploads\/2018\/03\/Mont-Saint-Michel\u00a9V\u00e9losc\u00e9nie_David-Darrault-4-scaled.jpg","content_full_tablet-width":750,"content_full_tablet-height":501,"content_full_tablet_retina":"https:\/\/www.franceavelo.com\/wp-content\/uploads\/2018\/03\/Mont-Saint-Michel\u00a9V\u00e9losc\u00e9nie_David-Darrault-4-scaled.jpg","content_full_tablet_retina-width":1500,"content_full_tablet_retina-height":1001,"content_half_tablet":"https:\/\/www.franceavelo.com\/wp-content\/uploads\/2018\/03\/Mont-Saint-Michel\u00a9V\u00e9losc\u00e9nie_David-Darrault-4-scaled.jpg","content_half_tablet-width":375,"content_half_tablet-height":250,"content_full_mobile":"https:\/\/www.franceavelo.com\/wp-content\/uploads\/2018\/03\/Mont-Saint-Michel\u00a9V\u00e9losc\u00e9nie_David-Darrault-4-scaled.jpg","content_full_mobile-width":500,"content_full_mobile-height":334,"content_full_mobile_retina":"https:\/\/www.franceavelo.com\/wp-content\/uploads\/2018\/03\/Mont-Saint-Michel\u00a9V\u00e9losc\u00e9nie_David-Darrault-4-scaled.jpg","content_full_mobile_retina-width":1000,"content_full_mobile_retina-height":667,"content_full_smallmobile":"https:\/\/www.franceavelo.com\/wp-content\/uploads\/2018\/03\/Mont-Saint-Michel\u00a9V\u00e9losc\u00e9nie_David-Darrault-4-scaled.jpg","content_full_smallmobile-width":270,"content_full_smallmobile-height":180,"content_head_mobile":"https:\/\/www.franceavelo.com\/wp-content\/uploads\/2018\/03\/Mont-Saint-Michel\u00a9V\u00e9losc\u00e9nie_David-Darrault-4-scaled.jpg","content_head_mobile-width":320,"content_head_mobile-height":214,"content_head_tablet":"https:\/\/www.franceavelo.com\/wp-content\/uploads\/2018\/03\/Mont-Saint-Michel\u00a9V\u00e9losc\u00e9nie_David-Darrault-4-scaled.jpg","content_head_tablet-width":540,"content_head_tablet-height":360,"content_highlight_desktop":"https:\/\/www.franceavelo.com\/wp-content\/uploads\/2018\/03\/Mont-Saint-Michel\u00a9V\u00e9losc\u00e9nie_David-Darrault-4-scaled.jpg","content_highlight_desktop-width":350,"content_highlight_desktop-height":234,"content_highlight_desktop_retina":"https:\/\/www.franceavelo.com\/wp-content\/uploads\/2018\/03\/Mont-Saint-Michel\u00a9V\u00e9losc\u00e9nie_David-Darrault-4-scaled.jpg","content_highlight_desktop_retina-width":700,"content_highlight_desktop_retina-height":467,"content_testimony_mobile":"https:\/\/www.franceavelo.com\/wp-content\/uploads\/2018\/03\/Mont-Saint-Michel\u00a9V\u00e9losc\u00e9nie_David-Darrault-4-scaled.jpg","content_testimony_mobile-width":480,"content_testimony_mobile-height":320,"content_type_image_desktop":"https:\/\/www.franceavelo.com\/wp-content\/uploads\/2018\/03\/Mont-Saint-Michel\u00a9V\u00e9losc\u00e9nie_David-Darrault-4-600x400.jpg","content_type_image_desktop-width":600,"content_type_image_desktop-height":400,"content_type_image_desktop_retina":"https:\/\/www.franceavelo.com\/wp-content\/uploads\/2018\/03\/Mont-Saint-Michel\u00a9V\u00e9losc\u00e9nie_David-Darrault-4-1200x801.jpg","content_type_image_desktop_retina-width":1200,"content_type_image_desktop_retina-height":801,"content_type_image_mobile":"https:\/\/www.franceavelo.com\/wp-content\/uploads\/2018\/03\/Mont-Saint-Michel\u00a9V\u00e9losc\u00e9nie_David-Darrault-4-450x300.jpg","content_type_image_mobile-width":450,"content_type_image_mobile-height":300,"gform-image-choice-sm":"https:\/\/www.franceavelo.com\/wp-content\/uploads\/2018\/03\/Mont-Saint-Michel\u00a9V\u00e9losc\u00e9nie_David-Darrault-4-scaled.jpg","gform-image-choice-sm-width":300,"gform-image-choice-sm-height":200,"gform-image-choice-md":"https:\/\/www.franceavelo.com\/wp-content\/uploads\/2018\/03\/Mont-Saint-Michel\u00a9V\u00e9losc\u00e9nie_David-Darrault-4-scaled.jpg","gform-image-choice-md-width":400,"gform-image-choice-md-height":267,"gform-image-choice-lg":"https:\/\/www.franceavelo.com\/wp-content\/uploads\/2018\/03\/Mont-Saint-Michel\u00a9V\u00e9losc\u00e9nie_David-Darrault-4-scaled.jpg","gform-image-choice-lg-width":600,"gform-image-choice-lg-height":400}},"product_map_circuit":{"ID":58296,"id":58296,"title":"Karte Frankreich_Centre_Normandie","filename":"Karte-Frankreich_Centre_Normandie.png","filesize":26606,"url":"https:\/\/www.franceavelo.com\/wp-content\/uploads\/2018\/03\/Karte-Frankreich_Centre_Normandie.png","link":"https:\/\/www.franceavelo.com\/fr\/product\/voyage-velo-veloscenie-en-liberte-8-jours-classique\/karte-frankreich_centre_normandie-2\/","alt":"Karte Centre Normandie","author":"12","description":"","caption":"","name":"karte-frankreich_centre_normandie-2","status":"inherit","uploaded_to":24982,"date":"2020-03-10 10:48:29","modified":"2020-03-10 10:48:44","menu_order":0,"mime_type":"image\/png","type":"image","subtype":"png","icon":"https:\/\/www.franceavelo.com\/wp-includes\/images\/media\/default.png","width":831,"height":818,"sizes":{"thumbnail":"https:\/\/www.franceavelo.com\/wp-content\/uploads\/2018\/03\/Karte-Frankreich_Centre_Normandie-150x150.png","thumbnail-width":150,"thumbnail-height":150,"medium":"https:\/\/www.franceavelo.com\/wp-content\/uploads\/2018\/03\/Karte-Frankreich_Centre_Normandie-300x295.png","medium-width":300,"medium-height":295,"medium_large":"https:\/\/www.franceavelo.com\/wp-content\/uploads\/2018\/03\/Karte-Frankreich_Centre_Normandie-768x756.png","medium_large-width":768,"medium_large-height":756,"large":"https:\/\/www.franceavelo.com\/wp-content\/uploads\/2018\/03\/Karte-Frankreich_Centre_Normandie.png","large-width":831,"large-height":818,"1536x1536":"https:\/\/www.franceavelo.com\/wp-content\/uploads\/2018\/03\/Karte-Frankreich_Centre_Normandie.png","1536x1536-width":831,"1536x1536-height":818,"2048x2048":"https:\/\/www.franceavelo.com\/wp-content\/uploads\/2018\/03\/Karte-Frankreich_Centre_Normandie.png","2048x2048-width":831,"2048x2048-height":818,"product_option_intro":"https:\/\/www.franceavelo.com\/wp-content\/uploads\/2018\/03\/Karte-Frankreich_Centre_Normandie-300x220.png","product_option_intro-width":300,"product_option_intro-height":220,"postlist_thumbnail":"https:\/\/www.franceavelo.com\/wp-content\/uploads\/2018\/03\/Karte-Frankreich_Centre_Normandie.png","postlist_thumbnail-width":200,"postlist_thumbnail-height":197,"content_full_desktop":"https:\/\/www.franceavelo.com\/wp-content\/uploads\/2018\/03\/Karte-Frankreich_Centre_Normandie.png","content_full_desktop-width":831,"content_full_desktop-height":818,"content_full_desktop_retina":"https:\/\/www.franceavelo.com\/wp-content\/uploads\/2018\/03\/Karte-Frankreich_Centre_Normandie.png","content_full_desktop_retina-width":831,"content_full_desktop_retina-height":818,"content_half_desktop":"https:\/\/www.franceavelo.com\/wp-content\/uploads\/2018\/03\/Karte-Frankreich_Centre_Normandie-485x477.png","content_half_desktop-width":485,"content_half_desktop-height":477,"content_full_tablet":"https:\/\/www.franceavelo.com\/wp-content\/uploads\/2018\/03\/Karte-Frankreich_Centre_Normandie-750x738.png","content_full_tablet-width":750,"content_full_tablet-height":738,"content_full_tablet_retina":"https:\/\/www.franceavelo.com\/wp-content\/uploads\/2018\/03\/Karte-Frankreich_Centre_Normandie.png","content_full_tablet_retina-width":831,"content_full_tablet_retina-height":818,"content_half_tablet":"https:\/\/www.franceavelo.com\/wp-content\/uploads\/2018\/03\/Karte-Frankreich_Centre_Normandie-375x369.png","content_half_tablet-width":375,"content_half_tablet-height":369,"content_full_mobile":"https:\/\/www.franceavelo.com\/wp-content\/uploads\/2018\/03\/Karte-Frankreich_Centre_Normandie-500x492.png","content_full_mobile-width":500,"content_full_mobile-height":492,"content_full_mobile_retina":"https:\/\/www.franceavelo.com\/wp-content\/uploads\/2018\/03\/Karte-Frankreich_Centre_Normandie.png","content_full_mobile_retina-width":831,"content_full_mobile_retina-height":818,"content_full_smallmobile":"https:\/\/www.franceavelo.com\/wp-content\/uploads\/2018\/03\/Karte-Frankreich_Centre_Normandie-380x180.png","content_full_smallmobile-width":380,"content_full_smallmobile-height":180,"content_head_mobile":"https:\/\/www.franceavelo.com\/wp-content\/uploads\/2018\/03\/Karte-Frankreich_Centre_Normandie-320x430.png","content_head_mobile-width":320,"content_head_mobile-height":430,"content_head_tablet":"https:\/\/www.franceavelo.com\/wp-content\/uploads\/2018\/03\/Karte-Frankreich_Centre_Normandie-540x500.png","content_head_tablet-width":540,"content_head_tablet-height":500,"content_highlight_desktop":"https:\/\/www.franceavelo.com\/wp-content\/uploads\/2018\/03\/Karte-Frankreich_Centre_Normandie-350x240.png","content_highlight_desktop-width":350,"content_highlight_desktop-height":240,"content_highlight_desktop_retina":"https:\/\/www.franceavelo.com\/wp-content\/uploads\/2018\/03\/Karte-Frankreich_Centre_Normandie-700x480.png","content_highlight_desktop_retina-width":700,"content_highlight_desktop_retina-height":480,"content_testimony_mobile":"https:\/\/www.franceavelo.com\/wp-content\/uploads\/2018\/03\/Karte-Frankreich_Centre_Normandie-480x818.png","content_testimony_mobile-width":480,"content_testimony_mobile-height":818,"content_type_image_desktop":"https:\/\/www.franceavelo.com\/wp-content\/uploads\/2018\/03\/Karte-Frankreich_Centre_Normandie-600x591.png","content_type_image_desktop-width":600,"content_type_image_desktop-height":591,"content_type_image_desktop_retina":"https:\/\/www.franceavelo.com\/wp-content\/uploads\/2018\/03\/Karte-Frankreich_Centre_Normandie.png","content_type_image_desktop_retina-width":831,"content_type_image_desktop_retina-height":818,"content_type_image_mobile":"https:\/\/www.franceavelo.com\/wp-content\/uploads\/2018\/03\/Karte-Frankreich_Centre_Normandie-450x443.png","content_type_image_mobile-width":450,"content_type_image_mobile-height":443,"gform-image-choice-sm":"https:\/\/www.franceavelo.com\/wp-content\/uploads\/2018\/03\/Karte-Frankreich_Centre_Normandie.png","gform-image-choice-sm-width":300,"gform-image-choice-sm-height":295,"gform-image-choice-md":"https:\/\/www.franceavelo.com\/wp-content\/uploads\/2018\/03\/Karte-Frankreich_Centre_Normandie.png","gform-image-choice-md-width":400,"gform-image-choice-md-height":394,"gform-image-choice-lg":"https:\/\/www.franceavelo.com\/wp-content\/uploads\/2018\/03\/Karte-Frankreich_Centre_Normandie.png","gform-image-choice-lg-width":600,"gform-image-choice-lg-height":591}},"product_map_region":{"ID":75993,"id":75993,"title":"FAV_V\u00e9losc\u00e9nie_Chartres_8J_VS8C 820 px","filename":"FAV_Veloscenie_Chartres_8J_VS8C-820-px.png","filesize":204773,"url":"https:\/\/www.franceavelo.com\/wp-content\/uploads\/2020\/10\/FAV_Veloscenie_Chartres_8J_VS8C-820-px.png","link":"https:\/\/www.franceavelo.com\/fr\/product\/voyage-velo-veloscenie-en-liberte-8-jours-confort-simple\/fav_veloscenie_chartres_8j_vs8c-820-px-2\/","alt":"","author":"12","description":"","caption":"","name":"fav_veloscenie_chartres_8j_vs8c-820-px-2","status":"inherit","uploaded_to":60439,"date":"2025-10-27 09:29:21","modified":"2025-10-27 09:29:21","menu_order":0,"mime_type":"image\/png","type":"image","subtype":"png","icon":"https:\/\/www.franceavelo.com\/wp-includes\/images\/media\/default.png","width":1375,"height":550,"sizes":{"thumbnail":"https:\/\/www.franceavelo.com\/wp-content\/uploads\/2020\/10\/FAV_Veloscenie_Chartres_8J_VS8C-820-px-150x150.png","thumbnail-width":150,"thumbnail-height":150,"medium":"https:\/\/www.franceavelo.com\/wp-content\/uploads\/2020\/10\/FAV_Veloscenie_Chartres_8J_VS8C-820-px-300x120.png","medium-width":300,"medium-height":120,"medium_large":"https:\/\/www.franceavelo.com\/wp-content\/uploads\/2020\/10\/FAV_Veloscenie_Chartres_8J_VS8C-820-px-768x307.png","medium_large-width":768,"medium_large-height":307,"large":"https:\/\/www.franceavelo.com\/wp-content\/uploads\/2020\/10\/FAV_Veloscenie_Chartres_8J_VS8C-820-px-1024x410.png","large-width":1024,"large-height":410,"1536x1536":"https:\/\/www.franceavelo.com\/wp-content\/uploads\/2020\/10\/FAV_Veloscenie_Chartres_8J_VS8C-820-px.png","1536x1536-width":1375,"1536x1536-height":550,"2048x2048":"https:\/\/www.franceavelo.com\/wp-content\/uploads\/2020\/10\/FAV_Veloscenie_Chartres_8J_VS8C-820-px.png","2048x2048-width":1375,"2048x2048-height":550,"product_option_intro":"https:\/\/www.franceavelo.com\/wp-content\/uploads\/2020\/10\/FAV_Veloscenie_Chartres_8J_VS8C-820-px-300x220.png","product_option_intro-width":300,"product_option_intro-height":220,"postlist_thumbnail":"https:\/\/www.franceavelo.com\/wp-content\/uploads\/2020\/10\/FAV_Veloscenie_Chartres_8J_VS8C-820-px-200x200.png","postlist_thumbnail-width":200,"postlist_thumbnail-height":200,"content_full_desktop":"https:\/\/www.franceavelo.com\/wp-content\/uploads\/2020\/10\/FAV_Veloscenie_Chartres_8J_VS8C-820-px-970x388.png","content_full_desktop-width":970,"content_full_desktop-height":388,"content_full_desktop_retina":"https:\/\/www.franceavelo.com\/wp-content\/uploads\/2020\/10\/FAV_Veloscenie_Chartres_8J_VS8C-820-px.png","content_full_desktop_retina-width":1375,"content_full_desktop_retina-height":550,"content_half_desktop":"https:\/\/www.franceavelo.com\/wp-content\/uploads\/2020\/10\/FAV_Veloscenie_Chartres_8J_VS8C-820-px-485x194.png","content_half_desktop-width":485,"content_half_desktop-height":194,"content_full_tablet":"https:\/\/www.franceavelo.com\/wp-content\/uploads\/2020\/10\/FAV_Veloscenie_Chartres_8J_VS8C-820-px-750x300.png","content_full_tablet-width":750,"content_full_tablet-height":300,"content_full_tablet_retina":"https:\/\/www.franceavelo.com\/wp-content\/uploads\/2020\/10\/FAV_Veloscenie_Chartres_8J_VS8C-820-px.png","content_full_tablet_retina-width":1375,"content_full_tablet_retina-height":550,"content_half_tablet":"https:\/\/www.franceavelo.com\/wp-content\/uploads\/2020\/10\/FAV_Veloscenie_Chartres_8J_VS8C-820-px-375x150.png","content_half_tablet-width":375,"content_half_tablet-height":150,"content_full_mobile":"https:\/\/www.franceavelo.com\/wp-content\/uploads\/2020\/10\/FAV_Veloscenie_Chartres_8J_VS8C-820-px-500x200.png","content_full_mobile-width":500,"content_full_mobile-height":200,"content_full_mobile_retina":"https:\/\/www.franceavelo.com\/wp-content\/uploads\/2020\/10\/FAV_Veloscenie_Chartres_8J_VS8C-820-px-1000x400.png","content_full_mobile_retina-width":1000,"content_full_mobile_retina-height":400,"content_full_smallmobile":"https:\/\/www.franceavelo.com\/wp-content\/uploads\/2020\/10\/FAV_Veloscenie_Chartres_8J_VS8C-820-px-380x180.png","content_full_smallmobile-width":380,"content_full_smallmobile-height":180,"content_head_mobile":"https:\/\/www.franceavelo.com\/wp-content\/uploads\/2020\/10\/FAV_Veloscenie_Chartres_8J_VS8C-820-px-320x430.png","content_head_mobile-width":320,"content_head_mobile-height":430,"content_head_tablet":"https:\/\/www.franceavelo.com\/wp-content\/uploads\/2020\/10\/FAV_Veloscenie_Chartres_8J_VS8C-820-px-540x500.png","content_head_tablet-width":540,"content_head_tablet-height":500,"content_highlight_desktop":"https:\/\/www.franceavelo.com\/wp-content\/uploads\/2020\/10\/FAV_Veloscenie_Chartres_8J_VS8C-820-px-350x240.png","content_highlight_desktop-width":350,"content_highlight_desktop-height":240,"content_highlight_desktop_retina":"https:\/\/www.franceavelo.com\/wp-content\/uploads\/2020\/10\/FAV_Veloscenie_Chartres_8J_VS8C-820-px-700x480.png","content_highlight_desktop_retina-width":700,"content_highlight_desktop_retina-height":480,"content_testimony_mobile":"https:\/\/www.franceavelo.com\/wp-content\/uploads\/2020\/10\/FAV_Veloscenie_Chartres_8J_VS8C-820-px-480x550.png","content_testimony_mobile-width":480,"content_testimony_mobile-height":550,"content_type_image_desktop":"https:\/\/www.franceavelo.com\/wp-content\/uploads\/2020\/10\/FAV_Veloscenie_Chartres_8J_VS8C-820-px-600x240.png","content_type_image_desktop-width":600,"content_type_image_desktop-height":240,"content_type_image_desktop_retina":"https:\/\/www.franceavelo.com\/wp-content\/uploads\/2020\/10\/FAV_Veloscenie_Chartres_8J_VS8C-820-px-1200x480.png","content_type_image_desktop_retina-width":1200,"content_type_image_desktop_retina-height":480,"content_type_image_mobile":"https:\/\/www.franceavelo.com\/wp-content\/uploads\/2020\/10\/FAV_Veloscenie_Chartres_8J_VS8C-820-px-450x180.png","content_type_image_mobile-width":450,"content_type_image_mobile-height":180,"gform-image-choice-sm":"https:\/\/www.franceavelo.com\/wp-content\/uploads\/2020\/10\/FAV_Veloscenie_Chartres_8J_VS8C-820-px.png","gform-image-choice-sm-width":300,"gform-image-choice-sm-height":120,"gform-image-choice-md":"https:\/\/www.franceavelo.com\/wp-content\/uploads\/2020\/10\/FAV_Veloscenie_Chartres_8J_VS8C-820-px.png","gform-image-choice-md-width":400,"gform-image-choice-md-height":160,"gform-image-choice-lg":"https:\/\/www.franceavelo.com\/wp-content\/uploads\/2020\/10\/FAV_Veloscenie_Chartres_8J_VS8C-820-px.png","gform-image-choice-lg-width":600,"gform-image-choice-lg-height":240}},"product_nb_kilometer":"322"},"yoast_head":"<!-- This site is optimized with the Yoast SEO plugin v27.4 - https:\/\/yoast.com\/product\/yoast-seo-wordpress\/ -->\n<title>Voyage \u00e0 v\u00e9lo | V\u00e9losc\u00e9nie | 8J\/7N | France \u00e0 V\u00e9lo | Confort simple<\/title>\n<meta name=\"description\" content=\"De Chartres au Mont Saint Michel, deux sites list\u00e9s au Patrimoine Mondial de l&#039;Unesco. Ce circuit \u00e0 v\u00e9lo sur la voie verte est une merveilleuse combinaison entre culture et nature.\" \/>\n<meta name=\"robots\" content=\"index, follow, max-snippet:-1, max-image-preview:large, max-video-preview:-1\" \/>\n<link rel=\"canonical\" href=\"https:\/\/www.franceavelo.com\/fr\/product\/voyage-velo-veloscenie-en-liberte-8-jours-confort-simple\/\" \/>\n<meta property=\"og:locale\" content=\"fr_FR\" \/>\n<meta property=\"og:type\" content=\"article\" \/>\n<meta property=\"og:title\" content=\"Voyage \u00e0 v\u00e9lo | V\u00e9losc\u00e9nie | 8J\/7N | France \u00e0 V\u00e9lo | Confort simple\" \/>\n<meta property=\"og:description\" content=\"De Chartres au Mont Saint Michel, deux sites list\u00e9s au Patrimoine Mondial de l&#039;Unesco. Ce circuit \u00e0 v\u00e9lo sur la voie verte est une merveilleuse combinaison entre culture et nature.\" \/>\n<meta property=\"og:url\" content=\"https:\/\/www.franceavelo.com\/fr\/product\/voyage-velo-veloscenie-en-liberte-8-jours-confort-simple\/\" \/>\n<meta property=\"og:site_name\" content=\"France \u00e0 v\u00e9lo\" \/>\n<meta property=\"article:modified_time\" content=\"2025-11-04T15:57:09+00:00\" \/>\n<meta name=\"twitter:card\" content=\"summary_large_image\" \/>\n<meta name=\"twitter:label1\" content=\"Dur\u00e9e de lecture estim\u00e9e\" \/>\n\t<meta name=\"twitter:data1\" content=\"7 minutes\" \/>\n<script type=\"application\/ld+json\" class=\"yoast-schema-graph\">{\"@context\":\"https:\\\/\\\/schema.org\",\"@graph\":[{\"@type\":\"WebPage\",\"@id\":\"https:\\\/\\\/www.franceavelo.com\\\/fr\\\/product\\\/voyage-velo-veloscenie-en-liberte-8-jours-confort-simple\\\/\",\"url\":\"https:\\\/\\\/www.franceavelo.com\\\/fr\\\/product\\\/voyage-velo-veloscenie-en-liberte-8-jours-confort-simple\\\/\",\"name\":\"Voyage \u00e0 v\u00e9lo | V\u00e9losc\u00e9nie | 8J\\\/7N | France \u00e0 V\u00e9lo | Confort simple\",\"isPartOf\":{\"@id\":\"https:\\\/\\\/www.franceavelo.com\\\/fr\\\/#website\"},\"datePublished\":\"2020-10-08T14:04:42+00:00\",\"dateModified\":\"2025-11-04T15:57:09+00:00\",\"description\":\"De Chartres au Mont Saint Michel, deux sites list\u00e9s au Patrimoine Mondial de l'Unesco. Ce circuit \u00e0 v\u00e9lo sur la voie verte est une merveilleuse combinaison entre culture et nature.\",\"breadcrumb\":{\"@id\":\"https:\\\/\\\/www.franceavelo.com\\\/fr\\\/product\\\/voyage-velo-veloscenie-en-liberte-8-jours-confort-simple\\\/#breadcrumb\"},\"inLanguage\":\"fr-FR\",\"potentialAction\":[{\"@type\":\"ReadAction\",\"target\":[\"https:\\\/\\\/www.franceavelo.com\\\/fr\\\/product\\\/voyage-velo-veloscenie-en-liberte-8-jours-confort-simple\\\/\"]}]},{\"@type\":\"BreadcrumbList\",\"@id\":\"https:\\\/\\\/www.franceavelo.com\\\/fr\\\/product\\\/voyage-velo-veloscenie-en-liberte-8-jours-confort-simple\\\/#breadcrumb\",\"itemListElement\":[{\"@type\":\"ListItem\",\"position\":1,\"name\":\"Home\",\"item\":\"https:\\\/\\\/www.franceavelo.com\\\/fr\\\/\"},{\"@type\":\"ListItem\",\"position\":2,\"name\":\"Produits\",\"item\":\"https:\\\/\\\/www.franceavelo.com\\\/produits\\\/\"},{\"@type\":\"ListItem\",\"position\":3,\"name\":\"V\u00e9losc\u00e9nie &#8211; Non guid\u00e9 &#8211; 8 jours &#8211; Eco\"}]},{\"@type\":\"WebSite\",\"@id\":\"https:\\\/\\\/www.franceavelo.com\\\/fr\\\/#website\",\"url\":\"https:\\\/\\\/www.franceavelo.com\\\/fr\\\/\",\"name\":\"France \u00e0 v\u00e9lo\",\"description\":\"Un site utilisant WordPress\",\"publisher\":{\"@id\":\"https:\\\/\\\/www.franceavelo.com\\\/fr\\\/#organization\"},\"potentialAction\":[{\"@type\":\"SearchAction\",\"target\":{\"@type\":\"EntryPoint\",\"urlTemplate\":\"https:\\\/\\\/www.franceavelo.com\\\/fr\\\/?s={search_term_string}\"},\"query-input\":{\"@type\":\"PropertyValueSpecification\",\"valueRequired\":true,\"valueName\":\"search_term_string\"}}],\"inLanguage\":\"fr-FR\"},{\"@type\":\"Organization\",\"@id\":\"https:\\\/\\\/www.franceavelo.com\\\/fr\\\/#organization\",\"name\":\"France \u00e0 v\u00e9lo\",\"url\":\"https:\\\/\\\/www.franceavelo.com\\\/fr\\\/\",\"logo\":{\"@type\":\"ImageObject\",\"inLanguage\":\"fr-FR\",\"@id\":\"https:\\\/\\\/www.franceavelo.com\\\/fr\\\/#\\\/schema\\\/logo\\\/image\\\/\",\"url\":\"https:\\\/\\\/www.franceavelo.com\\\/wp-content\\\/uploads\\\/2024\\\/07\\\/favicon-large.png\",\"contentUrl\":\"https:\\\/\\\/www.franceavelo.com\\\/wp-content\\\/uploads\\\/2024\\\/07\\\/favicon-large.png\",\"width\":696,\"height\":696,\"caption\":\"France \u00e0 v\u00e9lo\"},\"image\":{\"@id\":\"https:\\\/\\\/www.franceavelo.com\\\/fr\\\/#\\\/schema\\\/logo\\\/image\\\/\"}}]}<\/script>\n<!-- \/ Yoast SEO plugin. -->","yoast_head_json":{"title":"Voyage \u00e0 v\u00e9lo | V\u00e9losc\u00e9nie | 8J\/7N | France \u00e0 V\u00e9lo | Confort simple","description":"De Chartres au Mont Saint Michel, deux sites list\u00e9s au Patrimoine Mondial de l'Unesco. Ce circuit \u00e0 v\u00e9lo sur la voie verte est une merveilleuse combinaison entre culture et nature.","robots":{"index":"index","follow":"follow","max-snippet":"max-snippet:-1","max-image-preview":"max-image-preview:large","max-video-preview":"max-video-preview:-1"},"canonical":"https:\/\/www.franceavelo.com\/fr\/product\/voyage-velo-veloscenie-en-liberte-8-jours-confort-simple\/","og_locale":"fr_FR","og_type":"article","og_title":"Voyage \u00e0 v\u00e9lo | V\u00e9losc\u00e9nie | 8J\/7N | France \u00e0 V\u00e9lo | Confort simple","og_description":"De Chartres au Mont Saint Michel, deux sites list\u00e9s au Patrimoine Mondial de l'Unesco. Ce circuit \u00e0 v\u00e9lo sur la voie verte est une merveilleuse combinaison entre culture et nature.","og_url":"https:\/\/www.franceavelo.com\/fr\/product\/voyage-velo-veloscenie-en-liberte-8-jours-confort-simple\/","og_site_name":"France \u00e0 v\u00e9lo","article_modified_time":"2025-11-04T15:57:09+00:00","twitter_card":"summary_large_image","twitter_misc":{"Dur\u00e9e de lecture estim\u00e9e":"7 minutes"},"schema":{"@context":"https:\/\/schema.org","@graph":[{"@type":"WebPage","@id":"https:\/\/www.franceavelo.com\/fr\/product\/voyage-velo-veloscenie-en-liberte-8-jours-confort-simple\/","url":"https:\/\/www.franceavelo.com\/fr\/product\/voyage-velo-veloscenie-en-liberte-8-jours-confort-simple\/","name":"Voyage \u00e0 v\u00e9lo | V\u00e9losc\u00e9nie | 8J\/7N | France \u00e0 V\u00e9lo | Confort simple","isPartOf":{"@id":"https:\/\/www.franceavelo.com\/fr\/#website"},"datePublished":"2020-10-08T14:04:42+00:00","dateModified":"2025-11-04T15:57:09+00:00","description":"De Chartres au Mont Saint Michel, deux sites list\u00e9s au Patrimoine Mondial de l'Unesco. Ce circuit \u00e0 v\u00e9lo sur la voie verte est une merveilleuse combinaison entre culture et nature.","breadcrumb":{"@id":"https:\/\/www.franceavelo.com\/fr\/product\/voyage-velo-veloscenie-en-liberte-8-jours-confort-simple\/#breadcrumb"},"inLanguage":"fr-FR","potentialAction":[{"@type":"ReadAction","target":["https:\/\/www.franceavelo.com\/fr\/product\/voyage-velo-veloscenie-en-liberte-8-jours-confort-simple\/"]}]},{"@type":"BreadcrumbList","@id":"https:\/\/www.franceavelo.com\/fr\/product\/voyage-velo-veloscenie-en-liberte-8-jours-confort-simple\/#breadcrumb","itemListElement":[{"@type":"ListItem","position":1,"name":"Home","item":"https:\/\/www.franceavelo.com\/fr\/"},{"@type":"ListItem","position":2,"name":"Produits","item":"https:\/\/www.franceavelo.com\/produits\/"},{"@type":"ListItem","position":3,"name":"V\u00e9losc\u00e9nie &#8211; Non guid\u00e9 &#8211; 8 jours &#8211; Eco"}]},{"@type":"WebSite","@id":"https:\/\/www.franceavelo.com\/fr\/#website","url":"https:\/\/www.franceavelo.com\/fr\/","name":"France \u00e0 v\u00e9lo","description":"Un site utilisant WordPress","publisher":{"@id":"https:\/\/www.franceavelo.com\/fr\/#organization"},"potentialAction":[{"@type":"SearchAction","target":{"@type":"EntryPoint","urlTemplate":"https:\/\/www.franceavelo.com\/fr\/?s={search_term_string}"},"query-input":{"@type":"PropertyValueSpecification","valueRequired":true,"valueName":"search_term_string"}}],"inLanguage":"fr-FR"},{"@type":"Organization","@id":"https:\/\/www.franceavelo.com\/fr\/#organization","name":"France \u00e0 v\u00e9lo","url":"https:\/\/www.franceavelo.com\/fr\/","logo":{"@type":"ImageObject","inLanguage":"fr-FR","@id":"https:\/\/www.franceavelo.com\/fr\/#\/schema\/logo\/image\/","url":"https:\/\/www.franceavelo.com\/wp-content\/uploads\/2024\/07\/favicon-large.png","contentUrl":"https:\/\/www.franceavelo.com\/wp-content\/uploads\/2024\/07\/favicon-large.png","width":696,"height":696,"caption":"France \u00e0 v\u00e9lo"},"image":{"@id":"https:\/\/www.franceavelo.com\/fr\/#\/schema\/logo\/image\/"}}]}},"_links":{"self":[{"href":"https:\/\/www.franceavelo.com\/fr\/wp-json\/wp\/v2\/product\/60439","targetHints":{"allow":["GET"]}}],"collection":[{"href":"https:\/\/www.franceavelo.com\/fr\/wp-json\/wp\/v2\/product"}],"about":[{"href":"https:\/\/www.franceavelo.com\/fr\/wp-json\/wp\/v2\/types\/product"}],"replies":[{"embeddable":true,"href":"https:\/\/www.franceavelo.com\/fr\/wp-json\/wp\/v2\/comments?post=60439"}],"wp:attachment":[{"href":"https:\/\/www.franceavelo.com\/fr\/wp-json\/wp\/v2\/media?parent=60439"}],"curies":[{"name":"wp","href":"https:\/\/api.w.org\/{rel}","templated":true}]}}