{"id":72924,"date":"2024-12-05T20:03:01","date_gmt":"2024-12-05T19:03:01","guid":{"rendered":"https:\/\/www.franceavelo.com\/?post_type=product&#038;p=72924"},"modified":"2026-04-04T14:04:18","modified_gmt":"2026-04-04T12:04:18","slug":"voyage-a-velo-en-oman-guide-12-jours","status":"publish","type":"product","link":"https:\/\/www.franceavelo.com\/fr\/product\/voyage-a-velo-en-oman-guide-12-jours\/","title":{"rendered":"Oman &#8211; Guid\u00e9 &#8211; 12 jours"},"comment_status":"open","ping_status":"closed","template":"","class_list":["post-72924","product","type-product","status-publish","hentry"],"acf":{"product_guide_nb_place":"14","product_landscape":[{"value":"la_1","label":"Mer\/oc\u00e9an"},{"value":"la_2","label":"Nature"},{"value":"la_3","label":"Fleuve"}],"product_link_product_repeat":[{"product_link_product_item":{"ID":16802,"post_author":"42","post_date":"2018-03-28 16:14:37","post_date_gmt":"2018-03-28 14:14:37","post_content":"","post_title":"Vietnam - Guid\u00e9 - 17 jours","post_excerpt":"","post_status":"publish","comment_status":"open","ping_status":"closed","post_password":"","post_name":"voyage-velo-vietnam-guide-18-jours-2","to_ping":"","pinged":"","post_modified":"2025-11-25 15:30:39","post_modified_gmt":"2025-11-25 14:30:39","post_content_filtered":"","post_parent":0,"guid":"https:\/\/www.franceavelo.com\/product\/vietnam-gefuehrt-18j\/","menu_order":0,"post_type":"product","post_mime_type":"","comment_count":"0","filter":"raw"}},{"product_link_product_item":{"ID":69045,"post_author":"12","post_date":"2024-06-20 10:04:40","post_date_gmt":"2024-06-20 08:04:40","post_content":"","post_title":"Br\u00e9sil - Guid\u00e9 - 15 jours","post_excerpt":"","post_status":"publish","comment_status":"open","ping_status":"closed","post_password":"","post_name":"voyage-guide-a-velo-et-croisiere-fluviale-au-bresil","to_ping":"","pinged":"","post_modified":"2025-11-25 15:24:38","post_modified_gmt":"2025-11-25 14:24:38","post_content_filtered":"","post_parent":0,"guid":"https:\/\/www.franceavelo.com\/?post_type=product&#038;p=69045","menu_order":0,"post_type":"product","post_mime_type":"","comment_count":"0","filter":"raw"}},{"product_link_product_item":{"ID":15302,"post_author":"42","post_date":"2018-03-26 10:49:23","post_date_gmt":"2018-03-26 08:49:23","post_content":"","post_title":"Costa Rica &amp; Nicaragua - Guid\u00e9 - 17 jours","post_excerpt":"","post_status":"publish","comment_status":"open","ping_status":"closed","post_password":"","post_name":"voyage-velo-costa-rica-nicaragua-guide-17-jours","to_ping":"","pinged":"","post_modified":"2025-11-25 15:25:48","post_modified_gmt":"2025-11-25 14:25:48","post_content_filtered":"","post_parent":0,"guid":"https:\/\/www.franceavelo.com\/product\/costa-rica-17j\/","menu_order":0,"post_type":"product","post_mime_type":"","comment_count":"0","filter":"raw"}}],"product_map_region":false,"product_nb_day":"12","product_nb_kilometer":"317","product_nb_night":"11","product_zone":"wo","product_travel_type":{"value":"ty_1","label":"Guid\u00e9"},"product_ambiance":[{"value":"am_3","label":"Luxe"},{"value":"am_4","label":"E bike"},{"value":"am_5","label":"Culture\u00a0"}],"product_difficulty":"2","product_gallery_items":[{"product_gallery_item_type":"image","product_gallery_item_image":{"ID":72086,"id":72086,"title":"desert-3985418_1280","filename":"desert-3985418_1280.jpg","filesize":205938,"url":"https:\/\/www.franceavelo.com\/wp-content\/uploads\/2024\/11\/desert-3985418_1280.jpg","link":"https:\/\/www.franceavelo.com\/fr\/product\/voyage-a-velo-en-oman-guide-12-jours\/desert-3985418_1280-2\/","alt":"","author":"12","description":"","caption":"","name":"desert-3985418_1280-2","status":"inherit","uploaded_to":72924,"date":"2024-11-28 10:24:10","modified":"2024-12-05 18:57:07","menu_order":0,"mime_type":"image\/jpeg","type":"image","subtype":"jpeg","icon":"https:\/\/www.franceavelo.com\/wp-includes\/images\/media\/default.png","width":1280,"height":719,"sizes":{"thumbnail":"https:\/\/www.franceavelo.com\/wp-content\/uploads\/2024\/11\/desert-3985418_1280-150x150.jpg","thumbnail-width":150,"thumbnail-height":150,"medium":"https:\/\/www.franceavelo.com\/wp-content\/uploads\/2024\/11\/desert-3985418_1280-300x169.jpg","medium-width":300,"medium-height":169,"medium_large":"https:\/\/www.franceavelo.com\/wp-content\/uploads\/2024\/11\/desert-3985418_1280-768x431.jpg","medium_large-width":768,"medium_large-height":431,"large":"https:\/\/www.franceavelo.com\/wp-content\/uploads\/2024\/11\/desert-3985418_1280-1024x575.jpg","large-width":1024,"large-height":575,"1536x1536":"https:\/\/www.franceavelo.com\/wp-content\/uploads\/2024\/11\/desert-3985418_1280.jpg","1536x1536-width":1280,"1536x1536-height":719,"2048x2048":"https:\/\/www.franceavelo.com\/wp-content\/uploads\/2024\/11\/desert-3985418_1280.jpg","2048x2048-width":1280,"2048x2048-height":719,"product_option_intro":"https:\/\/www.franceavelo.com\/wp-content\/uploads\/2024\/11\/desert-3985418_1280-300x220.jpg","product_option_intro-width":300,"product_option_intro-height":220,"postlist_thumbnail":"https:\/\/www.franceavelo.com\/wp-content\/uploads\/2024\/11\/desert-3985418_1280-200x200.jpg","postlist_thumbnail-width":200,"postlist_thumbnail-height":200,"content_full_desktop":"https:\/\/www.franceavelo.com\/wp-content\/uploads\/2024\/11\/desert-3985418_1280-970x545.jpg","content_full_desktop-width":970,"content_full_desktop-height":545,"content_full_desktop_retina":"https:\/\/www.franceavelo.com\/wp-content\/uploads\/2024\/11\/desert-3985418_1280.jpg","content_full_desktop_retina-width":1280,"content_full_desktop_retina-height":719,"content_half_desktop":"https:\/\/www.franceavelo.com\/wp-content\/uploads\/2024\/11\/desert-3985418_1280-485x272.jpg","content_half_desktop-width":485,"content_half_desktop-height":272,"content_full_tablet":"https:\/\/www.franceavelo.com\/wp-content\/uploads\/2024\/11\/desert-3985418_1280-750x421.jpg","content_full_tablet-width":750,"content_full_tablet-height":421,"content_full_tablet_retina":"https:\/\/www.franceavelo.com\/wp-content\/uploads\/2024\/11\/desert-3985418_1280.jpg","content_full_tablet_retina-width":1280,"content_full_tablet_retina-height":719,"content_half_tablet":"https:\/\/www.franceavelo.com\/wp-content\/uploads\/2024\/11\/desert-3985418_1280-375x211.jpg","content_half_tablet-width":375,"content_half_tablet-height":211,"content_full_mobile":"https:\/\/www.franceavelo.com\/wp-content\/uploads\/2024\/11\/desert-3985418_1280-500x281.jpg","content_full_mobile-width":500,"content_full_mobile-height":281,"content_full_mobile_retina":"https:\/\/www.franceavelo.com\/wp-content\/uploads\/2024\/11\/desert-3985418_1280-1000x562.jpg","content_full_mobile_retina-width":1000,"content_full_mobile_retina-height":562,"content_full_smallmobile":"https:\/\/www.franceavelo.com\/wp-content\/uploads\/2024\/11\/desert-3985418_1280-380x180.jpg","content_full_smallmobile-width":380,"content_full_smallmobile-height":180,"content_head_mobile":"https:\/\/www.franceavelo.com\/wp-content\/uploads\/2024\/11\/desert-3985418_1280-320x430.jpg","content_head_mobile-width":320,"content_head_mobile-height":430,"content_head_tablet":"https:\/\/www.franceavelo.com\/wp-content\/uploads\/2024\/11\/desert-3985418_1280-540x500.jpg","content_head_tablet-width":540,"content_head_tablet-height":500,"content_highlight_desktop":"https:\/\/www.franceavelo.com\/wp-content\/uploads\/2024\/11\/desert-3985418_1280-350x240.jpg","content_highlight_desktop-width":350,"content_highlight_desktop-height":240,"content_highlight_desktop_retina":"https:\/\/www.franceavelo.com\/wp-content\/uploads\/2024\/11\/desert-3985418_1280-700x480.jpg","content_highlight_desktop_retina-width":700,"content_highlight_desktop_retina-height":480,"content_testimony_mobile":"https:\/\/www.franceavelo.com\/wp-content\/uploads\/2024\/11\/desert-3985418_1280-480x719.jpg","content_testimony_mobile-width":480,"content_testimony_mobile-height":719,"content_type_image_desktop":"https:\/\/www.franceavelo.com\/wp-content\/uploads\/2024\/11\/desert-3985418_1280-600x337.jpg","content_type_image_desktop-width":600,"content_type_image_desktop-height":337,"content_type_image_desktop_retina":"https:\/\/www.franceavelo.com\/wp-content\/uploads\/2024\/11\/desert-3985418_1280-1200x674.jpg","content_type_image_desktop_retina-width":1200,"content_type_image_desktop_retina-height":674,"content_type_image_mobile":"https:\/\/www.franceavelo.com\/wp-content\/uploads\/2024\/11\/desert-3985418_1280-450x253.jpg","content_type_image_mobile-width":450,"content_type_image_mobile-height":253,"gform-image-choice-sm":"https:\/\/www.franceavelo.com\/wp-content\/uploads\/2024\/11\/desert-3985418_1280.jpg","gform-image-choice-sm-width":300,"gform-image-choice-sm-height":169,"gform-image-choice-md":"https:\/\/www.franceavelo.com\/wp-content\/uploads\/2024\/11\/desert-3985418_1280.jpg","gform-image-choice-md-width":400,"gform-image-choice-md-height":225,"gform-image-choice-lg":"https:\/\/www.franceavelo.com\/wp-content\/uploads\/2024\/11\/desert-3985418_1280.jpg","gform-image-choice-lg-width":600,"gform-image-choice-lg-height":337}},"product_gallery_item_video_thumbnail":false,"product_gallery_item_video_url":""},{"product_gallery_item_type":"image","product_gallery_item_image":{"ID":72077,"id":72077,"title":"0","filename":"0.jpg","filesize":135263,"url":"https:\/\/www.franceavelo.com\/wp-content\/uploads\/2024\/11\/0.jpg","link":"https:\/\/www.franceavelo.com\/fr\/product\/voyage-a-velo-en-oman-guide-12-jours\/attachment\/0\/","alt":"","author":"12","description":"","caption":"","name":"0","status":"inherit","uploaded_to":72924,"date":"2024-11-28 10:23:37","modified":"2024-12-05 18:57:07","menu_order":0,"mime_type":"image\/jpeg","type":"image","subtype":"jpeg","icon":"https:\/\/www.franceavelo.com\/wp-includes\/images\/media\/default.png","width":860,"height":553,"sizes":{"thumbnail":"https:\/\/www.franceavelo.com\/wp-content\/uploads\/2024\/11\/0-150x150.jpg","thumbnail-width":150,"thumbnail-height":150,"medium":"https:\/\/www.franceavelo.com\/wp-content\/uploads\/2024\/11\/0-300x193.jpg","medium-width":300,"medium-height":193,"medium_large":"https:\/\/www.franceavelo.com\/wp-content\/uploads\/2024\/11\/0-768x494.jpg","medium_large-width":768,"medium_large-height":494,"large":"https:\/\/www.franceavelo.com\/wp-content\/uploads\/2024\/11\/0.jpg","large-width":860,"large-height":553,"1536x1536":"https:\/\/www.franceavelo.com\/wp-content\/uploads\/2024\/11\/0.jpg","1536x1536-width":860,"1536x1536-height":553,"2048x2048":"https:\/\/www.franceavelo.com\/wp-content\/uploads\/2024\/11\/0.jpg","2048x2048-width":860,"2048x2048-height":553,"product_option_intro":"https:\/\/www.franceavelo.com\/wp-content\/uploads\/2024\/11\/0-300x220.jpg","product_option_intro-width":300,"product_option_intro-height":220,"postlist_thumbnail":"https:\/\/www.franceavelo.com\/wp-content\/uploads\/2024\/11\/0-200x200.jpg","postlist_thumbnail-width":200,"postlist_thumbnail-height":200,"content_full_desktop":"https:\/\/www.franceavelo.com\/wp-content\/uploads\/2024\/11\/0.jpg","content_full_desktop-width":860,"content_full_desktop-height":553,"content_full_desktop_retina":"https:\/\/www.franceavelo.com\/wp-content\/uploads\/2024\/11\/0.jpg","content_full_desktop_retina-width":860,"content_full_desktop_retina-height":553,"content_half_desktop":"https:\/\/www.franceavelo.com\/wp-content\/uploads\/2024\/11\/0-485x312.jpg","content_half_desktop-width":485,"content_half_desktop-height":312,"content_full_tablet":"https:\/\/www.franceavelo.com\/wp-content\/uploads\/2024\/11\/0-750x482.jpg","content_full_tablet-width":750,"content_full_tablet-height":482,"content_full_tablet_retina":"https:\/\/www.franceavelo.com\/wp-content\/uploads\/2024\/11\/0.jpg","content_full_tablet_retina-width":860,"content_full_tablet_retina-height":553,"content_half_tablet":"https:\/\/www.franceavelo.com\/wp-content\/uploads\/2024\/11\/0-375x241.jpg","content_half_tablet-width":375,"content_half_tablet-height":241,"content_full_mobile":"https:\/\/www.franceavelo.com\/wp-content\/uploads\/2024\/11\/0-500x322.jpg","content_full_mobile-width":500,"content_full_mobile-height":322,"content_full_mobile_retina":"https:\/\/www.franceavelo.com\/wp-content\/uploads\/2024\/11\/0.jpg","content_full_mobile_retina-width":860,"content_full_mobile_retina-height":553,"content_full_smallmobile":"https:\/\/www.franceavelo.com\/wp-content\/uploads\/2024\/11\/0-380x180.jpg","content_full_smallmobile-width":380,"content_full_smallmobile-height":180,"content_head_mobile":"https:\/\/www.franceavelo.com\/wp-content\/uploads\/2024\/11\/0-320x430.jpg","content_head_mobile-width":320,"content_head_mobile-height":430,"content_head_tablet":"https:\/\/www.franceavelo.com\/wp-content\/uploads\/2024\/11\/0-540x500.jpg","content_head_tablet-width":540,"content_head_tablet-height":500,"content_highlight_desktop":"https:\/\/www.franceavelo.com\/wp-content\/uploads\/2024\/11\/0-350x240.jpg","content_highlight_desktop-width":350,"content_highlight_desktop-height":240,"content_highlight_desktop_retina":"https:\/\/www.franceavelo.com\/wp-content\/uploads\/2024\/11\/0-700x480.jpg","content_highlight_desktop_retina-width":700,"content_highlight_desktop_retina-height":480,"content_testimony_mobile":"https:\/\/www.franceavelo.com\/wp-content\/uploads\/2024\/11\/0-480x553.jpg","content_testimony_mobile-width":480,"content_testimony_mobile-height":553,"content_type_image_desktop":"https:\/\/www.franceavelo.com\/wp-content\/uploads\/2024\/11\/0-600x386.jpg","content_type_image_desktop-width":600,"content_type_image_desktop-height":386,"content_type_image_desktop_retina":"https:\/\/www.franceavelo.com\/wp-content\/uploads\/2024\/11\/0.jpg","content_type_image_desktop_retina-width":860,"content_type_image_desktop_retina-height":553,"content_type_image_mobile":"https:\/\/www.franceavelo.com\/wp-content\/uploads\/2024\/11\/0-450x289.jpg","content_type_image_mobile-width":450,"content_type_image_mobile-height":289,"gform-image-choice-sm":"https:\/\/www.franceavelo.com\/wp-content\/uploads\/2024\/11\/0.jpg","gform-image-choice-sm-width":300,"gform-image-choice-sm-height":193,"gform-image-choice-md":"https:\/\/www.franceavelo.com\/wp-content\/uploads\/2024\/11\/0.jpg","gform-image-choice-md-width":400,"gform-image-choice-md-height":257,"gform-image-choice-lg":"https:\/\/www.franceavelo.com\/wp-content\/uploads\/2024\/11\/0.jpg","gform-image-choice-lg-width":600,"gform-image-choice-lg-height":386}},"product_gallery_item_video_thumbnail":false,"product_gallery_item_video_url":""},{"product_gallery_item_type":"image","product_gallery_item_image":{"ID":72080,"id":72080,"title":"Oman Radreise -FAV","filename":"Oman-Radreise-FAV.webp","filesize":263802,"url":"https:\/\/www.franceavelo.com\/wp-content\/uploads\/2024\/11\/Oman-Radreise-FAV.webp","link":"https:\/\/www.franceavelo.com\/fr\/product\/voyage-a-velo-en-oman-guide-12-jours\/oman-radreise-fav-2\/","alt":"","author":"12","description":"","caption":"","name":"oman-radreise-fav-2","status":"inherit","uploaded_to":72924,"date":"2024-11-28 10:23:39","modified":"2024-12-05 18:57:07","menu_order":0,"mime_type":"image\/webp","type":"image","subtype":"webp","icon":"https:\/\/www.franceavelo.com\/wp-includes\/images\/media\/default.png","width":985,"height":768,"sizes":{"thumbnail":"https:\/\/www.franceavelo.com\/wp-content\/uploads\/2024\/11\/Oman-Radreise-FAV-150x150.webp","thumbnail-width":150,"thumbnail-height":150,"medium":"https:\/\/www.franceavelo.com\/wp-content\/uploads\/2024\/11\/Oman-Radreise-FAV-300x234.webp","medium-width":300,"medium-height":234,"medium_large":"https:\/\/www.franceavelo.com\/wp-content\/uploads\/2024\/11\/Oman-Radreise-FAV-768x599.webp","medium_large-width":768,"medium_large-height":599,"large":"https:\/\/www.franceavelo.com\/wp-content\/uploads\/2024\/11\/Oman-Radreise-FAV.webp","large-width":985,"large-height":768,"1536x1536":"https:\/\/www.franceavelo.com\/wp-content\/uploads\/2024\/11\/Oman-Radreise-FAV.webp","1536x1536-width":985,"1536x1536-height":768,"2048x2048":"https:\/\/www.franceavelo.com\/wp-content\/uploads\/2024\/11\/Oman-Radreise-FAV.webp","2048x2048-width":985,"2048x2048-height":768,"product_option_intro":"https:\/\/www.franceavelo.com\/wp-content\/uploads\/2024\/11\/Oman-Radreise-FAV-300x220.webp","product_option_intro-width":300,"product_option_intro-height":220,"postlist_thumbnail":"https:\/\/www.franceavelo.com\/wp-content\/uploads\/2024\/11\/Oman-Radreise-FAV-200x200.webp","postlist_thumbnail-width":200,"postlist_thumbnail-height":200,"content_full_desktop":"https:\/\/www.franceavelo.com\/wp-content\/uploads\/2024\/11\/Oman-Radreise-FAV-970x756.webp","content_full_desktop-width":970,"content_full_desktop-height":756,"content_full_desktop_retina":"https:\/\/www.franceavelo.com\/wp-content\/uploads\/2024\/11\/Oman-Radreise-FAV.webp","content_full_desktop_retina-width":985,"content_full_desktop_retina-height":768,"content_half_desktop":"https:\/\/www.franceavelo.com\/wp-content\/uploads\/2024\/11\/Oman-Radreise-FAV-485x378.webp","content_half_desktop-width":485,"content_half_desktop-height":378,"content_full_tablet":"https:\/\/www.franceavelo.com\/wp-content\/uploads\/2024\/11\/Oman-Radreise-FAV-750x585.webp","content_full_tablet-width":750,"content_full_tablet-height":585,"content_full_tablet_retina":"https:\/\/www.franceavelo.com\/wp-content\/uploads\/2024\/11\/Oman-Radreise-FAV.webp","content_full_tablet_retina-width":985,"content_full_tablet_retina-height":768,"content_half_tablet":"https:\/\/www.franceavelo.com\/wp-content\/uploads\/2024\/11\/Oman-Radreise-FAV-375x292.webp","content_half_tablet-width":375,"content_half_tablet-height":292,"content_full_mobile":"https:\/\/www.franceavelo.com\/wp-content\/uploads\/2024\/11\/Oman-Radreise-FAV-500x390.webp","content_full_mobile-width":500,"content_full_mobile-height":390,"content_full_mobile_retina":"https:\/\/www.franceavelo.com\/wp-content\/uploads\/2024\/11\/Oman-Radreise-FAV.webp","content_full_mobile_retina-width":985,"content_full_mobile_retina-height":768,"content_full_smallmobile":"https:\/\/www.franceavelo.com\/wp-content\/uploads\/2024\/11\/Oman-Radreise-FAV-380x180.webp","content_full_smallmobile-width":380,"content_full_smallmobile-height":180,"content_head_mobile":"https:\/\/www.franceavelo.com\/wp-content\/uploads\/2024\/11\/Oman-Radreise-FAV-320x430.webp","content_head_mobile-width":320,"content_head_mobile-height":430,"content_head_tablet":"https:\/\/www.franceavelo.com\/wp-content\/uploads\/2024\/11\/Oman-Radreise-FAV-540x500.webp","content_head_tablet-width":540,"content_head_tablet-height":500,"content_highlight_desktop":"https:\/\/www.franceavelo.com\/wp-content\/uploads\/2024\/11\/Oman-Radreise-FAV-350x240.webp","content_highlight_desktop-width":350,"content_highlight_desktop-height":240,"content_highlight_desktop_retina":"https:\/\/www.franceavelo.com\/wp-content\/uploads\/2024\/11\/Oman-Radreise-FAV-700x480.webp","content_highlight_desktop_retina-width":700,"content_highlight_desktop_retina-height":480,"content_testimony_mobile":"https:\/\/www.franceavelo.com\/wp-content\/uploads\/2024\/11\/Oman-Radreise-FAV-480x768.webp","content_testimony_mobile-width":480,"content_testimony_mobile-height":768,"content_type_image_desktop":"https:\/\/www.franceavelo.com\/wp-content\/uploads\/2024\/11\/Oman-Radreise-FAV-600x468.webp","content_type_image_desktop-width":600,"content_type_image_desktop-height":468,"content_type_image_desktop_retina":"https:\/\/www.franceavelo.com\/wp-content\/uploads\/2024\/11\/Oman-Radreise-FAV.webp","content_type_image_desktop_retina-width":985,"content_type_image_desktop_retina-height":768,"content_type_image_mobile":"https:\/\/www.franceavelo.com\/wp-content\/uploads\/2024\/11\/Oman-Radreise-FAV-450x351.webp","content_type_image_mobile-width":450,"content_type_image_mobile-height":351,"gform-image-choice-sm":"https:\/\/www.franceavelo.com\/wp-content\/uploads\/2024\/11\/Oman-Radreise-FAV.webp","gform-image-choice-sm-width":300,"gform-image-choice-sm-height":234,"gform-image-choice-md":"https:\/\/www.franceavelo.com\/wp-content\/uploads\/2024\/11\/Oman-Radreise-FAV.webp","gform-image-choice-md-width":400,"gform-image-choice-md-height":312,"gform-image-choice-lg":"https:\/\/www.franceavelo.com\/wp-content\/uploads\/2024\/11\/Oman-Radreise-FAV.webp","gform-image-choice-lg-width":600,"gform-image-choice-lg-height":468}},"product_gallery_item_video_thumbnail":false,"product_gallery_item_video_url":""},{"product_gallery_item_type":"image","product_gallery_item_image":{"ID":72098,"id":72098,"title":"wadi-al-arbeieen","filename":"wadi-al-arbeieen.webp","filesize":622006,"url":"https:\/\/www.franceavelo.com\/wp-content\/uploads\/2024\/11\/wadi-al-arbeieen.webp","link":"https:\/\/www.franceavelo.com\/fr\/product\/voyage-a-velo-en-oman-guide-12-jours\/wadi-al-arbeieen-2\/","alt":"","author":"12","description":"","caption":"","name":"wadi-al-arbeieen-2","status":"inherit","uploaded_to":72924,"date":"2024-11-28 10:24:53","modified":"2024-12-05 18:57:07","menu_order":0,"mime_type":"image\/webp","type":"image","subtype":"webp","icon":"https:\/\/www.franceavelo.com\/wp-includes\/images\/media\/default.png","width":1920,"height":1280,"sizes":{"thumbnail":"https:\/\/www.franceavelo.com\/wp-content\/uploads\/2024\/11\/wadi-al-arbeieen-150x150.webp","thumbnail-width":150,"thumbnail-height":150,"medium":"https:\/\/www.franceavelo.com\/wp-content\/uploads\/2024\/11\/wadi-al-arbeieen-300x200.webp","medium-width":300,"medium-height":200,"medium_large":"https:\/\/www.franceavelo.com\/wp-content\/uploads\/2024\/11\/wadi-al-arbeieen-768x512.webp","medium_large-width":768,"medium_large-height":512,"large":"https:\/\/www.franceavelo.com\/wp-content\/uploads\/2024\/11\/wadi-al-arbeieen-1024x683.webp","large-width":1024,"large-height":683,"1536x1536":"https:\/\/www.franceavelo.com\/wp-content\/uploads\/2024\/11\/wadi-al-arbeieen-1536x1024.webp","1536x1536-width":1536,"1536x1536-height":1024,"2048x2048":"https:\/\/www.franceavelo.com\/wp-content\/uploads\/2024\/11\/wadi-al-arbeieen.webp","2048x2048-width":1920,"2048x2048-height":1280,"product_option_intro":"https:\/\/www.franceavelo.com\/wp-content\/uploads\/2024\/11\/wadi-al-arbeieen-300x220.webp","product_option_intro-width":300,"product_option_intro-height":220,"postlist_thumbnail":"https:\/\/www.franceavelo.com\/wp-content\/uploads\/2024\/11\/wadi-al-arbeieen-200x200.webp","postlist_thumbnail-width":200,"postlist_thumbnail-height":200,"content_full_desktop":"https:\/\/www.franceavelo.com\/wp-content\/uploads\/2024\/11\/wadi-al-arbeieen-970x647.webp","content_full_desktop-width":970,"content_full_desktop-height":647,"content_full_desktop_retina":"https:\/\/www.franceavelo.com\/wp-content\/uploads\/2024\/11\/wadi-al-arbeieen.webp","content_full_desktop_retina-width":1920,"content_full_desktop_retina-height":1280,"content_half_desktop":"https:\/\/www.franceavelo.com\/wp-content\/uploads\/2024\/11\/wadi-al-arbeieen-485x323.webp","content_half_desktop-width":485,"content_half_desktop-height":323,"content_full_tablet":"https:\/\/www.franceavelo.com\/wp-content\/uploads\/2024\/11\/wadi-al-arbeieen-750x500.webp","content_full_tablet-width":750,"content_full_tablet-height":500,"content_full_tablet_retina":"https:\/\/www.franceavelo.com\/wp-content\/uploads\/2024\/11\/wadi-al-arbeieen-1500x1000.webp","content_full_tablet_retina-width":1500,"content_full_tablet_retina-height":1000,"content_half_tablet":"https:\/\/www.franceavelo.com\/wp-content\/uploads\/2024\/11\/wadi-al-arbeieen-375x250.webp","content_half_tablet-width":375,"content_half_tablet-height":250,"content_full_mobile":"https:\/\/www.franceavelo.com\/wp-content\/uploads\/2024\/11\/wadi-al-arbeieen-500x333.webp","content_full_mobile-width":500,"content_full_mobile-height":333,"content_full_mobile_retina":"https:\/\/www.franceavelo.com\/wp-content\/uploads\/2024\/11\/wadi-al-arbeieen-1000x667.webp","content_full_mobile_retina-width":1000,"content_full_mobile_retina-height":667,"content_full_smallmobile":"https:\/\/www.franceavelo.com\/wp-content\/uploads\/2024\/11\/wadi-al-arbeieen-380x180.webp","content_full_smallmobile-width":380,"content_full_smallmobile-height":180,"content_head_mobile":"https:\/\/www.franceavelo.com\/wp-content\/uploads\/2024\/11\/wadi-al-arbeieen-320x430.webp","content_head_mobile-width":320,"content_head_mobile-height":430,"content_head_tablet":"https:\/\/www.franceavelo.com\/wp-content\/uploads\/2024\/11\/wadi-al-arbeieen-540x500.webp","content_head_tablet-width":540,"content_head_tablet-height":500,"content_highlight_desktop":"https:\/\/www.franceavelo.com\/wp-content\/uploads\/2024\/11\/wadi-al-arbeieen-350x240.webp","content_highlight_desktop-width":350,"content_highlight_desktop-height":240,"content_highlight_desktop_retina":"https:\/\/www.franceavelo.com\/wp-content\/uploads\/2024\/11\/wadi-al-arbeieen-700x480.webp","content_highlight_desktop_retina-width":700,"content_highlight_desktop_retina-height":480,"content_testimony_mobile":"https:\/\/www.franceavelo.com\/wp-content\/uploads\/2024\/11\/wadi-al-arbeieen-480x1100.webp","content_testimony_mobile-width":480,"content_testimony_mobile-height":1100,"content_type_image_desktop":"https:\/\/www.franceavelo.com\/wp-content\/uploads\/2024\/11\/wadi-al-arbeieen-600x400.webp","content_type_image_desktop-width":600,"content_type_image_desktop-height":400,"content_type_image_desktop_retina":"https:\/\/www.franceavelo.com\/wp-content\/uploads\/2024\/11\/wadi-al-arbeieen-1200x800.webp","content_type_image_desktop_retina-width":1200,"content_type_image_desktop_retina-height":800,"content_type_image_mobile":"https:\/\/www.franceavelo.com\/wp-content\/uploads\/2024\/11\/wadi-al-arbeieen-450x300.webp","content_type_image_mobile-width":450,"content_type_image_mobile-height":300,"gform-image-choice-sm":"https:\/\/www.franceavelo.com\/wp-content\/uploads\/2024\/11\/wadi-al-arbeieen.webp","gform-image-choice-sm-width":300,"gform-image-choice-sm-height":200,"gform-image-choice-md":"https:\/\/www.franceavelo.com\/wp-content\/uploads\/2024\/11\/wadi-al-arbeieen.webp","gform-image-choice-md-width":400,"gform-image-choice-md-height":267,"gform-image-choice-lg":"https:\/\/www.franceavelo.com\/wp-content\/uploads\/2024\/11\/wadi-al-arbeieen.webp","gform-image-choice-lg-width":600,"gform-image-choice-lg-height":400}},"product_gallery_item_video_thumbnail":false,"product_gallery_item_video_url":""},{"product_gallery_item_type":"image","product_gallery_item_image":{"ID":72095,"id":72095,"title":"Sur,_Oman_(7)","filename":"Sur_Oman_7.jpg","filesize":330213,"url":"https:\/\/www.franceavelo.com\/wp-content\/uploads\/2024\/11\/Sur_Oman_7.jpg","link":"https:\/\/www.franceavelo.com\/fr\/product\/voyage-a-velo-en-oman-guide-12-jours\/sur_oman_7-2\/","alt":"","author":"12","description":"","caption":"","name":"sur_oman_7-2","status":"inherit","uploaded_to":72924,"date":"2024-11-28 10:24:51","modified":"2024-12-05 18:57:07","menu_order":0,"mime_type":"image\/jpeg","type":"image","subtype":"jpeg","icon":"https:\/\/www.franceavelo.com\/wp-includes\/images\/media\/default.png","width":1200,"height":800,"sizes":{"thumbnail":"https:\/\/www.franceavelo.com\/wp-content\/uploads\/2024\/11\/Sur_Oman_7-150x150.jpg","thumbnail-width":150,"thumbnail-height":150,"medium":"https:\/\/www.franceavelo.com\/wp-content\/uploads\/2024\/11\/Sur_Oman_7-300x200.jpg","medium-width":300,"medium-height":200,"medium_large":"https:\/\/www.franceavelo.com\/wp-content\/uploads\/2024\/11\/Sur_Oman_7-768x512.jpg","medium_large-width":768,"medium_large-height":512,"large":"https:\/\/www.franceavelo.com\/wp-content\/uploads\/2024\/11\/Sur_Oman_7-1024x683.jpg","large-width":1024,"large-height":683,"1536x1536":"https:\/\/www.franceavelo.com\/wp-content\/uploads\/2024\/11\/Sur_Oman_7.jpg","1536x1536-width":1200,"1536x1536-height":800,"2048x2048":"https:\/\/www.franceavelo.com\/wp-content\/uploads\/2024\/11\/Sur_Oman_7.jpg","2048x2048-width":1200,"2048x2048-height":800,"product_option_intro":"https:\/\/www.franceavelo.com\/wp-content\/uploads\/2024\/11\/Sur_Oman_7-300x220.jpg","product_option_intro-width":300,"product_option_intro-height":220,"postlist_thumbnail":"https:\/\/www.franceavelo.com\/wp-content\/uploads\/2024\/11\/Sur_Oman_7-200x200.jpg","postlist_thumbnail-width":200,"postlist_thumbnail-height":200,"content_full_desktop":"https:\/\/www.franceavelo.com\/wp-content\/uploads\/2024\/11\/Sur_Oman_7-970x647.jpg","content_full_desktop-width":970,"content_full_desktop-height":647,"content_full_desktop_retina":"https:\/\/www.franceavelo.com\/wp-content\/uploads\/2024\/11\/Sur_Oman_7.jpg","content_full_desktop_retina-width":1200,"content_full_desktop_retina-height":800,"content_half_desktop":"https:\/\/www.franceavelo.com\/wp-content\/uploads\/2024\/11\/Sur_Oman_7-485x323.jpg","content_half_desktop-width":485,"content_half_desktop-height":323,"content_full_tablet":"https:\/\/www.franceavelo.com\/wp-content\/uploads\/2024\/11\/Sur_Oman_7-750x500.jpg","content_full_tablet-width":750,"content_full_tablet-height":500,"content_full_tablet_retina":"https:\/\/www.franceavelo.com\/wp-content\/uploads\/2024\/11\/Sur_Oman_7.jpg","content_full_tablet_retina-width":1200,"content_full_tablet_retina-height":800,"content_half_tablet":"https:\/\/www.franceavelo.com\/wp-content\/uploads\/2024\/11\/Sur_Oman_7-375x250.jpg","content_half_tablet-width":375,"content_half_tablet-height":250,"content_full_mobile":"https:\/\/www.franceavelo.com\/wp-content\/uploads\/2024\/11\/Sur_Oman_7-500x333.jpg","content_full_mobile-width":500,"content_full_mobile-height":333,"content_full_mobile_retina":"https:\/\/www.franceavelo.com\/wp-content\/uploads\/2024\/11\/Sur_Oman_7-1000x667.jpg","content_full_mobile_retina-width":1000,"content_full_mobile_retina-height":667,"content_full_smallmobile":"https:\/\/www.franceavelo.com\/wp-content\/uploads\/2024\/11\/Sur_Oman_7-380x180.jpg","content_full_smallmobile-width":380,"content_full_smallmobile-height":180,"content_head_mobile":"https:\/\/www.franceavelo.com\/wp-content\/uploads\/2024\/11\/Sur_Oman_7-320x430.jpg","content_head_mobile-width":320,"content_head_mobile-height":430,"content_head_tablet":"https:\/\/www.franceavelo.com\/wp-content\/uploads\/2024\/11\/Sur_Oman_7-540x500.jpg","content_head_tablet-width":540,"content_head_tablet-height":500,"content_highlight_desktop":"https:\/\/www.franceavelo.com\/wp-content\/uploads\/2024\/11\/Sur_Oman_7-350x240.jpg","content_highlight_desktop-width":350,"content_highlight_desktop-height":240,"content_highlight_desktop_retina":"https:\/\/www.franceavelo.com\/wp-content\/uploads\/2024\/11\/Sur_Oman_7-700x480.jpg","content_highlight_desktop_retina-width":700,"content_highlight_desktop_retina-height":480,"content_testimony_mobile":"https:\/\/www.franceavelo.com\/wp-content\/uploads\/2024\/11\/Sur_Oman_7-480x800.jpg","content_testimony_mobile-width":480,"content_testimony_mobile-height":800,"content_type_image_desktop":"https:\/\/www.franceavelo.com\/wp-content\/uploads\/2024\/11\/Sur_Oman_7-600x400.jpg","content_type_image_desktop-width":600,"content_type_image_desktop-height":400,"content_type_image_desktop_retina":"https:\/\/www.franceavelo.com\/wp-content\/uploads\/2024\/11\/Sur_Oman_7.jpg","content_type_image_desktop_retina-width":1200,"content_type_image_desktop_retina-height":800,"content_type_image_mobile":"https:\/\/www.franceavelo.com\/wp-content\/uploads\/2024\/11\/Sur_Oman_7-450x300.jpg","content_type_image_mobile-width":450,"content_type_image_mobile-height":300,"gform-image-choice-sm":"https:\/\/www.franceavelo.com\/wp-content\/uploads\/2024\/11\/Sur_Oman_7.jpg","gform-image-choice-sm-width":300,"gform-image-choice-sm-height":200,"gform-image-choice-md":"https:\/\/www.franceavelo.com\/wp-content\/uploads\/2024\/11\/Sur_Oman_7.jpg","gform-image-choice-md-width":400,"gform-image-choice-md-height":267,"gform-image-choice-lg":"https:\/\/www.franceavelo.com\/wp-content\/uploads\/2024\/11\/Sur_Oman_7.jpg","gform-image-choice-lg-width":600,"gform-image-choice-lg-height":400}},"product_gallery_item_video_thumbnail":false,"product_gallery_item_video_url":""},{"product_gallery_item_type":"image","product_gallery_item_image":{"ID":76599,"id":76599,"title":"IMG_4759","filename":"IMG_4759-scaled.jpg","filesize":1452315,"url":"https:\/\/www.franceavelo.com\/wp-content\/uploads\/2024\/11\/IMG_4759-scaled.jpg","link":"https:\/\/www.franceavelo.com\/fr\/product\/voyage-a-velo-en-oman-guide-12-jours\/img_4759-2\/","alt":"","author":"12","description":"","caption":"","name":"img_4759-2","status":"inherit","uploaded_to":72924,"date":"2025-10-31 09:09:56","modified":"2025-10-31 09:09:56","menu_order":0,"mime_type":"image\/jpeg","type":"image","subtype":"jpeg","icon":"https:\/\/www.franceavelo.com\/wp-includes\/images\/media\/default.png","width":2560,"height":1920,"sizes":{"thumbnail":"https:\/\/www.franceavelo.com\/wp-content\/uploads\/2024\/11\/IMG_4759-150x150.jpg","thumbnail-width":150,"thumbnail-height":150,"medium":"https:\/\/www.franceavelo.com\/wp-content\/uploads\/2024\/11\/IMG_4759-300x225.jpg","medium-width":300,"medium-height":225,"medium_large":"https:\/\/www.franceavelo.com\/wp-content\/uploads\/2024\/11\/IMG_4759-768x576.jpg","medium_large-width":768,"medium_large-height":576,"large":"https:\/\/www.franceavelo.com\/wp-content\/uploads\/2024\/11\/IMG_4759-1024x768.jpg","large-width":1024,"large-height":768,"1536x1536":"https:\/\/www.franceavelo.com\/wp-content\/uploads\/2024\/11\/IMG_4759-1536x1152.jpg","1536x1536-width":1536,"1536x1536-height":1152,"2048x2048":"https:\/\/www.franceavelo.com\/wp-content\/uploads\/2024\/11\/IMG_4759-2048x1536.jpg","2048x2048-width":2048,"2048x2048-height":1536,"product_option_intro":"https:\/\/www.franceavelo.com\/wp-content\/uploads\/2024\/11\/IMG_4759-300x220.jpg","product_option_intro-width":300,"product_option_intro-height":220,"postlist_thumbnail":"https:\/\/www.franceavelo.com\/wp-content\/uploads\/2024\/11\/IMG_4759-200x200.jpg","postlist_thumbnail-width":200,"postlist_thumbnail-height":200,"content_full_desktop":"https:\/\/www.franceavelo.com\/wp-content\/uploads\/2024\/11\/IMG_4759-970x728.jpg","content_full_desktop-width":970,"content_full_desktop-height":728,"content_full_desktop_retina":"https:\/\/www.franceavelo.com\/wp-content\/uploads\/2024\/11\/IMG_4759-1940x1455.jpg","content_full_desktop_retina-width":1940,"content_full_desktop_retina-height":1455,"content_half_desktop":"https:\/\/www.franceavelo.com\/wp-content\/uploads\/2024\/11\/IMG_4759-485x364.jpg","content_half_desktop-width":485,"content_half_desktop-height":364,"content_full_tablet":"https:\/\/www.franceavelo.com\/wp-content\/uploads\/2024\/11\/IMG_4759-750x563.jpg","content_full_tablet-width":750,"content_full_tablet-height":563,"content_full_tablet_retina":"https:\/\/www.franceavelo.com\/wp-content\/uploads\/2024\/11\/IMG_4759-1500x1125.jpg","content_full_tablet_retina-width":1500,"content_full_tablet_retina-height":1125,"content_half_tablet":"https:\/\/www.franceavelo.com\/wp-content\/uploads\/2024\/11\/IMG_4759-375x281.jpg","content_half_tablet-width":375,"content_half_tablet-height":281,"content_full_mobile":"https:\/\/www.franceavelo.com\/wp-content\/uploads\/2024\/11\/IMG_4759-500x375.jpg","content_full_mobile-width":500,"content_full_mobile-height":375,"content_full_mobile_retina":"https:\/\/www.franceavelo.com\/wp-content\/uploads\/2024\/11\/IMG_4759-1000x750.jpg","content_full_mobile_retina-width":1000,"content_full_mobile_retina-height":750,"content_full_smallmobile":"https:\/\/www.franceavelo.com\/wp-content\/uploads\/2024\/11\/IMG_4759-380x180.jpg","content_full_smallmobile-width":380,"content_full_smallmobile-height":180,"content_head_mobile":"https:\/\/www.franceavelo.com\/wp-content\/uploads\/2024\/11\/IMG_4759-320x430.jpg","content_head_mobile-width":320,"content_head_mobile-height":430,"content_head_tablet":"https:\/\/www.franceavelo.com\/wp-content\/uploads\/2024\/11\/IMG_4759-540x500.jpg","content_head_tablet-width":540,"content_head_tablet-height":500,"content_highlight_desktop":"https:\/\/www.franceavelo.com\/wp-content\/uploads\/2024\/11\/IMG_4759-350x240.jpg","content_highlight_desktop-width":350,"content_highlight_desktop-height":240,"content_highlight_desktop_retina":"https:\/\/www.franceavelo.com\/wp-content\/uploads\/2024\/11\/IMG_4759-700x480.jpg","content_highlight_desktop_retina-width":700,"content_highlight_desktop_retina-height":480,"content_testimony_mobile":"https:\/\/www.franceavelo.com\/wp-content\/uploads\/2024\/11\/IMG_4759-480x1100.jpg","content_testimony_mobile-width":480,"content_testimony_mobile-height":1100,"content_type_image_desktop":"https:\/\/www.franceavelo.com\/wp-content\/uploads\/2024\/11\/IMG_4759-600x450.jpg","content_type_image_desktop-width":600,"content_type_image_desktop-height":450,"content_type_image_desktop_retina":"https:\/\/www.franceavelo.com\/wp-content\/uploads\/2024\/11\/IMG_4759-1200x900.jpg","content_type_image_desktop_retina-width":1200,"content_type_image_desktop_retina-height":900,"content_type_image_mobile":"https:\/\/www.franceavelo.com\/wp-content\/uploads\/2024\/11\/IMG_4759-450x338.jpg","content_type_image_mobile-width":450,"content_type_image_mobile-height":338,"gform-image-choice-sm":"https:\/\/www.franceavelo.com\/wp-content\/uploads\/2024\/11\/IMG_4759-scaled.jpg","gform-image-choice-sm-width":300,"gform-image-choice-sm-height":225,"gform-image-choice-md":"https:\/\/www.franceavelo.com\/wp-content\/uploads\/2024\/11\/IMG_4759-scaled.jpg","gform-image-choice-md-width":400,"gform-image-choice-md-height":300,"gform-image-choice-lg":"https:\/\/www.franceavelo.com\/wp-content\/uploads\/2024\/11\/IMG_4759-scaled.jpg","gform-image-choice-lg-width":600,"gform-image-choice-lg-height":450}},"product_gallery_item_video_thumbnail":false,"product_gallery_item_video_url":""},{"product_gallery_item_type":"image","product_gallery_item_image":{"ID":76602,"id":76602,"title":"IMG_4822","filename":"IMG_4822-scaled.jpg","filesize":516605,"url":"https:\/\/www.franceavelo.com\/wp-content\/uploads\/2024\/11\/IMG_4822-scaled.jpg","link":"https:\/\/www.franceavelo.com\/fr\/product\/voyage-a-velo-en-oman-guide-12-jours\/img_4822-2\/","alt":"","author":"12","description":"","caption":"","name":"img_4822-2","status":"inherit","uploaded_to":72924,"date":"2025-10-31 09:10:04","modified":"2025-10-31 09:10:04","menu_order":0,"mime_type":"image\/jpeg","type":"image","subtype":"jpeg","icon":"https:\/\/www.franceavelo.com\/wp-includes\/images\/media\/default.png","width":2560,"height":1440,"sizes":{"thumbnail":"https:\/\/www.franceavelo.com\/wp-content\/uploads\/2024\/11\/IMG_4822-150x150.jpg","thumbnail-width":150,"thumbnail-height":150,"medium":"https:\/\/www.franceavelo.com\/wp-content\/uploads\/2024\/11\/IMG_4822-300x169.jpg","medium-width":300,"medium-height":169,"medium_large":"https:\/\/www.franceavelo.com\/wp-content\/uploads\/2024\/11\/IMG_4822-768x432.jpg","medium_large-width":768,"medium_large-height":432,"large":"https:\/\/www.franceavelo.com\/wp-content\/uploads\/2024\/11\/IMG_4822-1024x576.jpg","large-width":1024,"large-height":576,"1536x1536":"https:\/\/www.franceavelo.com\/wp-content\/uploads\/2024\/11\/IMG_4822-1536x864.jpg","1536x1536-width":1536,"1536x1536-height":864,"2048x2048":"https:\/\/www.franceavelo.com\/wp-content\/uploads\/2024\/11\/IMG_4822-2048x1152.jpg","2048x2048-width":2048,"2048x2048-height":1152,"product_option_intro":"https:\/\/www.franceavelo.com\/wp-content\/uploads\/2024\/11\/IMG_4822-300x220.jpg","product_option_intro-width":300,"product_option_intro-height":220,"postlist_thumbnail":"https:\/\/www.franceavelo.com\/wp-content\/uploads\/2024\/11\/IMG_4822-200x200.jpg","postlist_thumbnail-width":200,"postlist_thumbnail-height":200,"content_full_desktop":"https:\/\/www.franceavelo.com\/wp-content\/uploads\/2024\/11\/IMG_4822-970x546.jpg","content_full_desktop-width":970,"content_full_desktop-height":546,"content_full_desktop_retina":"https:\/\/www.franceavelo.com\/wp-content\/uploads\/2024\/11\/IMG_4822-1940x1091.jpg","content_full_desktop_retina-width":1940,"content_full_desktop_retina-height":1091,"content_half_desktop":"https:\/\/www.franceavelo.com\/wp-content\/uploads\/2024\/11\/IMG_4822-485x273.jpg","content_half_desktop-width":485,"content_half_desktop-height":273,"content_full_tablet":"https:\/\/www.franceavelo.com\/wp-content\/uploads\/2024\/11\/IMG_4822-750x422.jpg","content_full_tablet-width":750,"content_full_tablet-height":422,"content_full_tablet_retina":"https:\/\/www.franceavelo.com\/wp-content\/uploads\/2024\/11\/IMG_4822-1500x844.jpg","content_full_tablet_retina-width":1500,"content_full_tablet_retina-height":844,"content_half_tablet":"https:\/\/www.franceavelo.com\/wp-content\/uploads\/2024\/11\/IMG_4822-375x211.jpg","content_half_tablet-width":375,"content_half_tablet-height":211,"content_full_mobile":"https:\/\/www.franceavelo.com\/wp-content\/uploads\/2024\/11\/IMG_4822-500x281.jpg","content_full_mobile-width":500,"content_full_mobile-height":281,"content_full_mobile_retina":"https:\/\/www.franceavelo.com\/wp-content\/uploads\/2024\/11\/IMG_4822-1000x563.jpg","content_full_mobile_retina-width":1000,"content_full_mobile_retina-height":563,"content_full_smallmobile":"https:\/\/www.franceavelo.com\/wp-content\/uploads\/2024\/11\/IMG_4822-380x180.jpg","content_full_smallmobile-width":380,"content_full_smallmobile-height":180,"content_head_mobile":"https:\/\/www.franceavelo.com\/wp-content\/uploads\/2024\/11\/IMG_4822-320x430.jpg","content_head_mobile-width":320,"content_head_mobile-height":430,"content_head_tablet":"https:\/\/www.franceavelo.com\/wp-content\/uploads\/2024\/11\/IMG_4822-540x500.jpg","content_head_tablet-width":540,"content_head_tablet-height":500,"content_highlight_desktop":"https:\/\/www.franceavelo.com\/wp-content\/uploads\/2024\/11\/IMG_4822-350x240.jpg","content_highlight_desktop-width":350,"content_highlight_desktop-height":240,"content_highlight_desktop_retina":"https:\/\/www.franceavelo.com\/wp-content\/uploads\/2024\/11\/IMG_4822-700x480.jpg","content_highlight_desktop_retina-width":700,"content_highlight_desktop_retina-height":480,"content_testimony_mobile":"https:\/\/www.franceavelo.com\/wp-content\/uploads\/2024\/11\/IMG_4822-480x1100.jpg","content_testimony_mobile-width":480,"content_testimony_mobile-height":1100,"content_type_image_desktop":"https:\/\/www.franceavelo.com\/wp-content\/uploads\/2024\/11\/IMG_4822-600x338.jpg","content_type_image_desktop-width":600,"content_type_image_desktop-height":338,"content_type_image_desktop_retina":"https:\/\/www.franceavelo.com\/wp-content\/uploads\/2024\/11\/IMG_4822-1200x675.jpg","content_type_image_desktop_retina-width":1200,"content_type_image_desktop_retina-height":675,"content_type_image_mobile":"https:\/\/www.franceavelo.com\/wp-content\/uploads\/2024\/11\/IMG_4822-450x253.jpg","content_type_image_mobile-width":450,"content_type_image_mobile-height":253,"gform-image-choice-sm":"https:\/\/www.franceavelo.com\/wp-content\/uploads\/2024\/11\/IMG_4822-scaled.jpg","gform-image-choice-sm-width":300,"gform-image-choice-sm-height":169,"gform-image-choice-md":"https:\/\/www.franceavelo.com\/wp-content\/uploads\/2024\/11\/IMG_4822-scaled.jpg","gform-image-choice-md-width":400,"gform-image-choice-md-height":225,"gform-image-choice-lg":"https:\/\/www.franceavelo.com\/wp-content\/uploads\/2024\/11\/IMG_4822-scaled.jpg","gform-image-choice-lg-width":600,"gform-image-choice-lg-height":338}},"product_gallery_item_video_thumbnail":false,"product_gallery_item_video_url":""},{"product_gallery_item_type":"image","product_gallery_item_image":{"ID":76605,"id":76605,"title":"IMG_8228","filename":"IMG_8228-scaled.jpeg","filesize":944960,"url":"https:\/\/www.franceavelo.com\/wp-content\/uploads\/2024\/11\/IMG_8228-scaled.jpeg","link":"https:\/\/www.franceavelo.com\/fr\/product\/voyage-a-velo-en-oman-guide-12-jours\/img_8228-2\/","alt":"","author":"12","description":"","caption":"","name":"img_8228-2","status":"inherit","uploaded_to":72924,"date":"2025-10-31 09:10:13","modified":"2025-10-31 09:10:13","menu_order":0,"mime_type":"image\/jpeg","type":"image","subtype":"jpeg","icon":"https:\/\/www.franceavelo.com\/wp-includes\/images\/media\/default.png","width":2560,"height":1920,"sizes":{"thumbnail":"https:\/\/www.franceavelo.com\/wp-content\/uploads\/2024\/11\/IMG_8228-150x150.jpeg","thumbnail-width":150,"thumbnail-height":150,"medium":"https:\/\/www.franceavelo.com\/wp-content\/uploads\/2024\/11\/IMG_8228-300x225.jpeg","medium-width":300,"medium-height":225,"medium_large":"https:\/\/www.franceavelo.com\/wp-content\/uploads\/2024\/11\/IMG_8228-768x576.jpeg","medium_large-width":768,"medium_large-height":576,"large":"https:\/\/www.franceavelo.com\/wp-content\/uploads\/2024\/11\/IMG_8228-1024x768.jpeg","large-width":1024,"large-height":768,"1536x1536":"https:\/\/www.franceavelo.com\/wp-content\/uploads\/2024\/11\/IMG_8228-1536x1152.jpeg","1536x1536-width":1536,"1536x1536-height":1152,"2048x2048":"https:\/\/www.franceavelo.com\/wp-content\/uploads\/2024\/11\/IMG_8228-2048x1536.jpeg","2048x2048-width":2048,"2048x2048-height":1536,"product_option_intro":"https:\/\/www.franceavelo.com\/wp-content\/uploads\/2024\/11\/IMG_8228-300x220.jpeg","product_option_intro-width":300,"product_option_intro-height":220,"postlist_thumbnail":"https:\/\/www.franceavelo.com\/wp-content\/uploads\/2024\/11\/IMG_8228-200x200.jpeg","postlist_thumbnail-width":200,"postlist_thumbnail-height":200,"content_full_desktop":"https:\/\/www.franceavelo.com\/wp-content\/uploads\/2024\/11\/IMG_8228-970x728.jpeg","content_full_desktop-width":970,"content_full_desktop-height":728,"content_full_desktop_retina":"https:\/\/www.franceavelo.com\/wp-content\/uploads\/2024\/11\/IMG_8228-1940x1455.jpeg","content_full_desktop_retina-width":1940,"content_full_desktop_retina-height":1455,"content_half_desktop":"https:\/\/www.franceavelo.com\/wp-content\/uploads\/2024\/11\/IMG_8228-485x364.jpeg","content_half_desktop-width":485,"content_half_desktop-height":364,"content_full_tablet":"https:\/\/www.franceavelo.com\/wp-content\/uploads\/2024\/11\/IMG_8228-750x563.jpeg","content_full_tablet-width":750,"content_full_tablet-height":563,"content_full_tablet_retina":"https:\/\/www.franceavelo.com\/wp-content\/uploads\/2024\/11\/IMG_8228-1500x1125.jpeg","content_full_tablet_retina-width":1500,"content_full_tablet_retina-height":1125,"content_half_tablet":"https:\/\/www.franceavelo.com\/wp-content\/uploads\/2024\/11\/IMG_8228-375x281.jpeg","content_half_tablet-width":375,"content_half_tablet-height":281,"content_full_mobile":"https:\/\/www.franceavelo.com\/wp-content\/uploads\/2024\/11\/IMG_8228-500x375.jpeg","content_full_mobile-width":500,"content_full_mobile-height":375,"content_full_mobile_retina":"https:\/\/www.franceavelo.com\/wp-content\/uploads\/2024\/11\/IMG_8228-1000x750.jpeg","content_full_mobile_retina-width":1000,"content_full_mobile_retina-height":750,"content_full_smallmobile":"https:\/\/www.franceavelo.com\/wp-content\/uploads\/2024\/11\/IMG_8228-380x180.jpeg","content_full_smallmobile-width":380,"content_full_smallmobile-height":180,"content_head_mobile":"https:\/\/www.franceavelo.com\/wp-content\/uploads\/2024\/11\/IMG_8228-320x430.jpeg","content_head_mobile-width":320,"content_head_mobile-height":430,"content_head_tablet":"https:\/\/www.franceavelo.com\/wp-content\/uploads\/2024\/11\/IMG_8228-540x500.jpeg","content_head_tablet-width":540,"content_head_tablet-height":500,"content_highlight_desktop":"https:\/\/www.franceavelo.com\/wp-content\/uploads\/2024\/11\/IMG_8228-350x240.jpeg","content_highlight_desktop-width":350,"content_highlight_desktop-height":240,"content_highlight_desktop_retina":"https:\/\/www.franceavelo.com\/wp-content\/uploads\/2024\/11\/IMG_8228-700x480.jpeg","content_highlight_desktop_retina-width":700,"content_highlight_desktop_retina-height":480,"content_testimony_mobile":"https:\/\/www.franceavelo.com\/wp-content\/uploads\/2024\/11\/IMG_8228-480x1100.jpeg","content_testimony_mobile-width":480,"content_testimony_mobile-height":1100,"content_type_image_desktop":"https:\/\/www.franceavelo.com\/wp-content\/uploads\/2024\/11\/IMG_8228-600x450.jpeg","content_type_image_desktop-width":600,"content_type_image_desktop-height":450,"content_type_image_desktop_retina":"https:\/\/www.franceavelo.com\/wp-content\/uploads\/2024\/11\/IMG_8228-1200x900.jpeg","content_type_image_desktop_retina-width":1200,"content_type_image_desktop_retina-height":900,"content_type_image_mobile":"https:\/\/www.franceavelo.com\/wp-content\/uploads\/2024\/11\/IMG_8228-450x338.jpeg","content_type_image_mobile-width":450,"content_type_image_mobile-height":338,"gform-image-choice-sm":"https:\/\/www.franceavelo.com\/wp-content\/uploads\/2024\/11\/IMG_8228-scaled.jpeg","gform-image-choice-sm-width":300,"gform-image-choice-sm-height":225,"gform-image-choice-md":"https:\/\/www.franceavelo.com\/wp-content\/uploads\/2024\/11\/IMG_8228-scaled.jpeg","gform-image-choice-md-width":400,"gform-image-choice-md-height":300,"gform-image-choice-lg":"https:\/\/www.franceavelo.com\/wp-content\/uploads\/2024\/11\/IMG_8228-scaled.jpeg","gform-image-choice-lg-width":600,"gform-image-choice-lg-height":450}},"product_gallery_item_video_thumbnail":false,"product_gallery_item_video_url":""},{"product_gallery_item_type":"image","product_gallery_item_image":{"ID":76608,"id":76608,"title":"IMG_8284","filename":"IMG_8284-scaled.jpeg","filesize":1251934,"url":"https:\/\/www.franceavelo.com\/wp-content\/uploads\/2024\/11\/IMG_8284-scaled.jpeg","link":"https:\/\/www.franceavelo.com\/fr\/product\/voyage-a-velo-en-oman-guide-12-jours\/img_8284-2\/","alt":"","author":"12","description":"","caption":"","name":"img_8284-2","status":"inherit","uploaded_to":72924,"date":"2025-10-31 09:10:21","modified":"2025-10-31 09:10:21","menu_order":0,"mime_type":"image\/jpeg","type":"image","subtype":"jpeg","icon":"https:\/\/www.franceavelo.com\/wp-includes\/images\/media\/default.png","width":2560,"height":1920,"sizes":{"thumbnail":"https:\/\/www.franceavelo.com\/wp-content\/uploads\/2024\/11\/IMG_8284-150x150.jpeg","thumbnail-width":150,"thumbnail-height":150,"medium":"https:\/\/www.franceavelo.com\/wp-content\/uploads\/2024\/11\/IMG_8284-300x225.jpeg","medium-width":300,"medium-height":225,"medium_large":"https:\/\/www.franceavelo.com\/wp-content\/uploads\/2024\/11\/IMG_8284-768x576.jpeg","medium_large-width":768,"medium_large-height":576,"large":"https:\/\/www.franceavelo.com\/wp-content\/uploads\/2024\/11\/IMG_8284-1024x768.jpeg","large-width":1024,"large-height":768,"1536x1536":"https:\/\/www.franceavelo.com\/wp-content\/uploads\/2024\/11\/IMG_8284-1536x1152.jpeg","1536x1536-width":1536,"1536x1536-height":1152,"2048x2048":"https:\/\/www.franceavelo.com\/wp-content\/uploads\/2024\/11\/IMG_8284-2048x1536.jpeg","2048x2048-width":2048,"2048x2048-height":1536,"product_option_intro":"https:\/\/www.franceavelo.com\/wp-content\/uploads\/2024\/11\/IMG_8284-300x220.jpeg","product_option_intro-width":300,"product_option_intro-height":220,"postlist_thumbnail":"https:\/\/www.franceavelo.com\/wp-content\/uploads\/2024\/11\/IMG_8284-200x200.jpeg","postlist_thumbnail-width":200,"postlist_thumbnail-height":200,"content_full_desktop":"https:\/\/www.franceavelo.com\/wp-content\/uploads\/2024\/11\/IMG_8284-970x728.jpeg","content_full_desktop-width":970,"content_full_desktop-height":728,"content_full_desktop_retina":"https:\/\/www.franceavelo.com\/wp-content\/uploads\/2024\/11\/IMG_8284-1940x1455.jpeg","content_full_desktop_retina-width":1940,"content_full_desktop_retina-height":1455,"content_half_desktop":"https:\/\/www.franceavelo.com\/wp-content\/uploads\/2024\/11\/IMG_8284-485x364.jpeg","content_half_desktop-width":485,"content_half_desktop-height":364,"content_full_tablet":"https:\/\/www.franceavelo.com\/wp-content\/uploads\/2024\/11\/IMG_8284-750x563.jpeg","content_full_tablet-width":750,"content_full_tablet-height":563,"content_full_tablet_retina":"https:\/\/www.franceavelo.com\/wp-content\/uploads\/2024\/11\/IMG_8284-1500x1125.jpeg","content_full_tablet_retina-width":1500,"content_full_tablet_retina-height":1125,"content_half_tablet":"https:\/\/www.franceavelo.com\/wp-content\/uploads\/2024\/11\/IMG_8284-375x281.jpeg","content_half_tablet-width":375,"content_half_tablet-height":281,"content_full_mobile":"https:\/\/www.franceavelo.com\/wp-content\/uploads\/2024\/11\/IMG_8284-500x375.jpeg","content_full_mobile-width":500,"content_full_mobile-height":375,"content_full_mobile_retina":"https:\/\/www.franceavelo.com\/wp-content\/uploads\/2024\/11\/IMG_8284-1000x750.jpeg","content_full_mobile_retina-width":1000,"content_full_mobile_retina-height":750,"content_full_smallmobile":"https:\/\/www.franceavelo.com\/wp-content\/uploads\/2024\/11\/IMG_8284-380x180.jpeg","content_full_smallmobile-width":380,"content_full_smallmobile-height":180,"content_head_mobile":"https:\/\/www.franceavelo.com\/wp-content\/uploads\/2024\/11\/IMG_8284-320x430.jpeg","content_head_mobile-width":320,"content_head_mobile-height":430,"content_head_tablet":"https:\/\/www.franceavelo.com\/wp-content\/uploads\/2024\/11\/IMG_8284-540x500.jpeg","content_head_tablet-width":540,"content_head_tablet-height":500,"content_highlight_desktop":"https:\/\/www.franceavelo.com\/wp-content\/uploads\/2024\/11\/IMG_8284-350x240.jpeg","content_highlight_desktop-width":350,"content_highlight_desktop-height":240,"content_highlight_desktop_retina":"https:\/\/www.franceavelo.com\/wp-content\/uploads\/2024\/11\/IMG_8284-700x480.jpeg","content_highlight_desktop_retina-width":700,"content_highlight_desktop_retina-height":480,"content_testimony_mobile":"https:\/\/www.franceavelo.com\/wp-content\/uploads\/2024\/11\/IMG_8284-480x1100.jpeg","content_testimony_mobile-width":480,"content_testimony_mobile-height":1100,"content_type_image_desktop":"https:\/\/www.franceavelo.com\/wp-content\/uploads\/2024\/11\/IMG_8284-600x450.jpeg","content_type_image_desktop-width":600,"content_type_image_desktop-height":450,"content_type_image_desktop_retina":"https:\/\/www.franceavelo.com\/wp-content\/uploads\/2024\/11\/IMG_8284-1200x900.jpeg","content_type_image_desktop_retina-width":1200,"content_type_image_desktop_retina-height":900,"content_type_image_mobile":"https:\/\/www.franceavelo.com\/wp-content\/uploads\/2024\/11\/IMG_8284-450x338.jpeg","content_type_image_mobile-width":450,"content_type_image_mobile-height":338,"gform-image-choice-sm":"https:\/\/www.franceavelo.com\/wp-content\/uploads\/2024\/11\/IMG_8284-scaled.jpeg","gform-image-choice-sm-width":300,"gform-image-choice-sm-height":225,"gform-image-choice-md":"https:\/\/www.franceavelo.com\/wp-content\/uploads\/2024\/11\/IMG_8284-scaled.jpeg","gform-image-choice-md-width":400,"gform-image-choice-md-height":300,"gform-image-choice-lg":"https:\/\/www.franceavelo.com\/wp-content\/uploads\/2024\/11\/IMG_8284-scaled.jpeg","gform-image-choice-lg-width":600,"gform-image-choice-lg-height":450}},"product_gallery_item_video_thumbnail":false,"product_gallery_item_video_url":""},{"product_gallery_item_type":"image","product_gallery_item_image":{"ID":76596,"id":76596,"title":"IMG_1078","filename":"IMG_1078-scaled.jpeg","filesize":1081339,"url":"https:\/\/www.franceavelo.com\/wp-content\/uploads\/2024\/11\/IMG_1078-scaled.jpeg","link":"https:\/\/www.franceavelo.com\/fr\/product\/voyage-a-velo-en-oman-guide-12-jours\/img_1078-2\/","alt":"","author":"12","description":"","caption":"","name":"img_1078-2","status":"inherit","uploaded_to":72924,"date":"2025-10-31 09:09:48","modified":"2025-10-31 09:09:48","menu_order":0,"mime_type":"image\/jpeg","type":"image","subtype":"jpeg","icon":"https:\/\/www.franceavelo.com\/wp-includes\/images\/media\/default.png","width":2560,"height":1920,"sizes":{"thumbnail":"https:\/\/www.franceavelo.com\/wp-content\/uploads\/2024\/11\/IMG_1078-150x150.jpeg","thumbnail-width":150,"thumbnail-height":150,"medium":"https:\/\/www.franceavelo.com\/wp-content\/uploads\/2024\/11\/IMG_1078-300x225.jpeg","medium-width":300,"medium-height":225,"medium_large":"https:\/\/www.franceavelo.com\/wp-content\/uploads\/2024\/11\/IMG_1078-768x576.jpeg","medium_large-width":768,"medium_large-height":576,"large":"https:\/\/www.franceavelo.com\/wp-content\/uploads\/2024\/11\/IMG_1078-1024x768.jpeg","large-width":1024,"large-height":768,"1536x1536":"https:\/\/www.franceavelo.com\/wp-content\/uploads\/2024\/11\/IMG_1078-1536x1152.jpeg","1536x1536-width":1536,"1536x1536-height":1152,"2048x2048":"https:\/\/www.franceavelo.com\/wp-content\/uploads\/2024\/11\/IMG_1078-2048x1536.jpeg","2048x2048-width":2048,"2048x2048-height":1536,"product_option_intro":"https:\/\/www.franceavelo.com\/wp-content\/uploads\/2024\/11\/IMG_1078-300x220.jpeg","product_option_intro-width":300,"product_option_intro-height":220,"postlist_thumbnail":"https:\/\/www.franceavelo.com\/wp-content\/uploads\/2024\/11\/IMG_1078-200x200.jpeg","postlist_thumbnail-width":200,"postlist_thumbnail-height":200,"content_full_desktop":"https:\/\/www.franceavelo.com\/wp-content\/uploads\/2024\/11\/IMG_1078-970x728.jpeg","content_full_desktop-width":970,"content_full_desktop-height":728,"content_full_desktop_retina":"https:\/\/www.franceavelo.com\/wp-content\/uploads\/2024\/11\/IMG_1078-1940x1455.jpeg","content_full_desktop_retina-width":1940,"content_full_desktop_retina-height":1455,"content_half_desktop":"https:\/\/www.franceavelo.com\/wp-content\/uploads\/2024\/11\/IMG_1078-485x364.jpeg","content_half_desktop-width":485,"content_half_desktop-height":364,"content_full_tablet":"https:\/\/www.franceavelo.com\/wp-content\/uploads\/2024\/11\/IMG_1078-750x563.jpeg","content_full_tablet-width":750,"content_full_tablet-height":563,"content_full_tablet_retina":"https:\/\/www.franceavelo.com\/wp-content\/uploads\/2024\/11\/IMG_1078-1500x1125.jpeg","content_full_tablet_retina-width":1500,"content_full_tablet_retina-height":1125,"content_half_tablet":"https:\/\/www.franceavelo.com\/wp-content\/uploads\/2024\/11\/IMG_1078-375x281.jpeg","content_half_tablet-width":375,"content_half_tablet-height":281,"content_full_mobile":"https:\/\/www.franceavelo.com\/wp-content\/uploads\/2024\/11\/IMG_1078-500x375.jpeg","content_full_mobile-width":500,"content_full_mobile-height":375,"content_full_mobile_retina":"https:\/\/www.franceavelo.com\/wp-content\/uploads\/2024\/11\/IMG_1078-1000x750.jpeg","content_full_mobile_retina-width":1000,"content_full_mobile_retina-height":750,"content_full_smallmobile":"https:\/\/www.franceavelo.com\/wp-content\/uploads\/2024\/11\/IMG_1078-380x180.jpeg","content_full_smallmobile-width":380,"content_full_smallmobile-height":180,"content_head_mobile":"https:\/\/www.franceavelo.com\/wp-content\/uploads\/2024\/11\/IMG_1078-320x430.jpeg","content_head_mobile-width":320,"content_head_mobile-height":430,"content_head_tablet":"https:\/\/www.franceavelo.com\/wp-content\/uploads\/2024\/11\/IMG_1078-540x500.jpeg","content_head_tablet-width":540,"content_head_tablet-height":500,"content_highlight_desktop":"https:\/\/www.franceavelo.com\/wp-content\/uploads\/2024\/11\/IMG_1078-350x240.jpeg","content_highlight_desktop-width":350,"content_highlight_desktop-height":240,"content_highlight_desktop_retina":"https:\/\/www.franceavelo.com\/wp-content\/uploads\/2024\/11\/IMG_1078-700x480.jpeg","content_highlight_desktop_retina-width":700,"content_highlight_desktop_retina-height":480,"content_testimony_mobile":"https:\/\/www.franceavelo.com\/wp-content\/uploads\/2024\/11\/IMG_1078-480x1100.jpeg","content_testimony_mobile-width":480,"content_testimony_mobile-height":1100,"content_type_image_desktop":"https:\/\/www.franceavelo.com\/wp-content\/uploads\/2024\/11\/IMG_1078-600x450.jpeg","content_type_image_desktop-width":600,"content_type_image_desktop-height":450,"content_type_image_desktop_retina":"https:\/\/www.franceavelo.com\/wp-content\/uploads\/2024\/11\/IMG_1078-1200x900.jpeg","content_type_image_desktop_retina-width":1200,"content_type_image_desktop_retina-height":900,"content_type_image_mobile":"https:\/\/www.franceavelo.com\/wp-content\/uploads\/2024\/11\/IMG_1078-450x338.jpeg","content_type_image_mobile-width":450,"content_type_image_mobile-height":338,"gform-image-choice-sm":"https:\/\/www.franceavelo.com\/wp-content\/uploads\/2024\/11\/IMG_1078-scaled.jpeg","gform-image-choice-sm-width":300,"gform-image-choice-sm-height":225,"gform-image-choice-md":"https:\/\/www.franceavelo.com\/wp-content\/uploads\/2024\/11\/IMG_1078-scaled.jpeg","gform-image-choice-md-width":400,"gform-image-choice-md-height":300,"gform-image-choice-lg":"https:\/\/www.franceavelo.com\/wp-content\/uploads\/2024\/11\/IMG_1078-scaled.jpeg","gform-image-choice-lg-width":600,"gform-image-choice-lg-height":450}},"product_gallery_item_video_thumbnail":false,"product_gallery_item_video_url":""}],"product_seasons":false,"product_small_group_price":"","product_small_group_number":"","product_option_road_bike":"","product_option_vtc_bike":"","product_option_electric_bike":"","product_option_helmet":"","product_option_children_seat":"","product_option_follow_bike":"","product_option_trailer":"","product_option_transfert_repeat":false,"product_super_small_group_price":"","product_super_small_group_number":"","product_solo_traveler_price":"","product_option_transfert_disable":false,"product_lodging":"<p>&#8211; 9 nuits dans des h\u00f4tels de classe moyenne et des h\u00f4tels confortables<br \/>\n&#8211; 1 nuit en camp de toile de haute qualit\u00e9 maisons d&rsquo;h\u00f4tes<\/p>\n","product_code":"OMG","product_title":"Oman - Guid\u00e9 - 12 jours","product_subtitle":"Voyage \u00e0 v\u00e9lo \u00e0 travers le royaume d'Oman","product_description":"<p><span style=\"font-size: 12pt\"><strong>Voyage \u00e0 v\u00e9lo \u00e0 travers le royaume d&rsquo;Oman<\/strong><\/span><\/p>\n<p>Au cours de notre circuit de 12 jours, vous d\u00e9couvrirez les points forts du sultanat d&rsquo;Oman, un conte des mille et une nuits ! En partant de Mascat, vous d\u00e9couvrirez les wadis des montagnes Hajar, le paysage d\u00e9sertique du Wahiba, les villages traditionnels en terre qui contrastent avec l&rsquo;architecture moderne de Mascat. Oasis de palmiers, march\u00e9s anim\u00e9s, d\u00e9serts de pierre, gorges et paysages c\u00f4tiers \u00e0 couper le souffle, chaque jour permet de s&rsquo;immerger un peu plus dans ce royaume marqu\u00e9 par les contrastes. Non seulement les \u00e9tapes \u00e0 v\u00e9lo sont une exp\u00e9rience particuli\u00e8re, mais nos randonn\u00e9es, comme le Balkony Trail, ne laissent rien \u00e0 d\u00e9sirer. De magnifiques h\u00e9bergements et la cuisine orientale viennent parfaire cette exp\u00e9rience unique \u00e0 v\u00e9lo.<\/p>\n<p><span style=\"font-size: 12pt\"><strong>Dates de voyage :<\/strong><\/span><\/p>\n<p>\u2022 26.01 &#8211; 05.02.2026<br \/>\n\u2022 01.03 &#8211; 11.03.2026<br \/>\n\u2022 07.12 &#8211; 17.12 .2026<br \/>\n\u2022 25.01 &#8211; 04.02.2027<\/p>\n","product_day_by_day_repeat":[{"product_day_by_day_bloc":"<h4><strong>Jour 1<\/strong><\/h4>\n<p>Arriv\u00e9e le matin \u00e0 Mascate (Mascat). \u00ab Marhaba \u00bb au sultanat d&rsquo;Oman &#8211; notre guide nous souhaite la bienvenue. Notre voyage nous conduit tout d&rsquo;abord \u00e0 l&rsquo;h\u00f4tel o\u00f9 nous attend un vaste buffet de petit-d\u00e9jeuner. Le trajet jusqu&rsquo;\u00e0 l&rsquo;h\u00f4tel nous donne d\u00e9j\u00e0 un aper\u00e7u de l&rsquo;architecture arabe moderne, qui fait face \u00e0 l&rsquo;animation orientale du souk.<\/p>\n<p>En fin d&rsquo;apr\u00e8s-midi, nous commen\u00e7ons notre visite d&rsquo;une demi-journ\u00e9e en nous arr\u00eatant \u00e0 la r\u00e9sidence de sa Majest\u00e9 le sultan Haitham bin Tariq. Le palais Al Alam se pr\u00e9sente de mani\u00e8re impressionnante, flanqu\u00e9 des forteresses Al Jalali et Al Mirani. Que serait une visite sans un passage par le souk ? Nous nous rendons dans l&rsquo;un des plus anciens lieux de commerce du Proche-Orient. Aujourd&rsquo;hui encore, on y trouve des produits locaux comme des l\u00e9gumes, des herbes, des fruits, des textiles, des bijoux, de la poterie et de l&rsquo;artisanat. De l\u00e0, nous ne sommes plus tr\u00e8s loin de l&rsquo;h\u00f4tel et du premier d\u00eener au sultanat.<\/p>\n"},{"product_day_by_day_bloc":"<h4><strong>Jour<\/strong><strong> 2\u00a0 Mascat \u2013 Wadi Al Arbeieen 45 Km<\/strong><\/h4>\n<p>Avant de quitter Mascat, avec sa situation pittoresque au bord de la mer et ses montagnes brunes arides, nous visitons la mosqu\u00e9e du sultan Qaaboos. La plus grande et la plus remarquable mosqu\u00e9e du pays se pr\u00e9sente de mani\u00e8re impressionnante. Ce joyau architectural impressionne par son tapis nou\u00e9 \u00e0 la main de pr\u00e8s de 4.300 m et par son immense lustre. Apr\u00e8s la visite de la mosqu\u00e9e, nous commen\u00e7ons notre tour \u00e0 v\u00e9lo. Nous empruntons l&rsquo;ancienne route de Mascate \u00e0 Quriyat en passant par Yiti. En route vers Wadi \u00c1l Arbeieen, un canyon spectaculaire aux hautes parois montagneuses recouvertes d&rsquo;une v\u00e9g\u00e9tation luxuriante nous attend. Les \u00e9tangs d&rsquo;un bleu profond brillent et nous permettent de nous arr\u00eater un moment.<\/p>\n<p>Nous visitons un village omanais typique, encore pr\u00e9serv\u00e9 de la modernit\u00e9. L&rsquo;hospitalit\u00e9 chaleureuse des habitants nous fait rester plus longtemps. En poursuivant notre route, nous traversons de temps \u00e0 autre des ruisseaux en faisant du \u00ab water bashing \u00bb. Nous atteignons finalement une piscine naturelle, dans un amphith\u00e9\u00e2tre naturel, que nous utilisons comme pause baignade dans une nature impressionnante. Nous nous rendons ensuite au Wadi Arbeieen Resort et nous r\u00e9jouissons de passer une soir\u00e9e de d\u00e9tente.<\/p>\n"},{"product_day_by_day_bloc":"<h4><strong>Jour<\/strong><strong> 3\u00a0 Wadi Al Arbeieen 15 km<\/strong><\/h4>\n<p>La journ\u00e9e d&rsquo;aujourd&rsquo;hui est consacr\u00e9e \u00e0 profiter des commodit\u00e9s du wadi et \u00e0 une nouvelle exploration d&rsquo;une vall\u00e9e situ\u00e9e \u00e0 proximit\u00e9. Des cascades, des palmeraies et des formations rocheuses spectaculaires accompagnent notre randonn\u00e9e et nous invitent \u00e0 prendre des photos. Apr\u00e8s une magnifique baignade, retour au resort et fin de la journ\u00e9e en beaut\u00e9 avec le d\u00eener.<\/p>\n"},{"product_day_by_day_bloc":"<h4><strong>Jour<\/strong><strong> 4 <\/strong><strong>Wadi Al Arbeieen \u2013 Sur \u2013 Ras Al Jinz\u00a0 50 km<\/strong><\/h4>\n<p>Apr\u00e8s avoir quitt\u00e9 le complexe h\u00f4telier, nous entreprenons un voyage pittoresque le long de la route c\u00f4ti\u00e8re en direction de Sur. Pendant le trajet, nous nous arr\u00eatons au Bimah Sinkhole , avant de continuer vers le Wadi Tiwi. La plage \u00e0 couper le souffle invite \u00e0 la baignade et au v\u00e9lo. Le sable blanc et la brise marine garantissent une exp\u00e9rience de v\u00e9lo et de baignade inoubliable. Enfin, le voyage se poursuit vers Sur, entrecoup\u00e9 de brefs arr\u00eats \u00e0 diff\u00e9rentes attractions touristiques. C&rsquo;est \u00e0 Sur que sont construits les fameux dhau, des bateaux qui ont jou\u00e9 un r\u00f4le important dans le commerce avec l&rsquo;Inde depuis le 4e si\u00e8cle. Lors d&rsquo;une visite dans un chantier naval de dhau, nous avons un aper\u00e7u de l&rsquo;art de la construction navale, l&rsquo;ancien artisanat traditionnel du sultanat. Il n&rsquo;y a qu&rsquo;\u00e0 Sur que l&rsquo;on peut encore voir la naissance de ces bateaux traditionnels en bois.<\/p>\n<p>Notre h\u00f4tel actuel, le Ras Al Jinz Resort, se trouve pr\u00e8s de la plage dite de la Tortue. Chaque ann\u00e9e, des milliers de tortues de mer vertes viennent y pondre leurs \u0153ufs. Nous faisons une excursion dans la c\u00e9l\u00e8bre zone prot\u00e9g\u00e9e.<\/p>\n"},{"product_day_by_day_bloc":"<h4><strong>Jour<\/strong><strong> 5 <\/strong><strong>Ras Al Jinz \u2013 Wahibi Sands 40 km<\/strong><\/h4>\n<p>Notre randonn\u00e9e \u00e0 v\u00e9lo nous m\u00e8ne d&rsquo;abord \u00e0 Jalan \u00e0 travers des oasis de palmiers et de petites for\u00eats. 35 km \u00e0 travers des oasis de palmiers et de petites for\u00eats jusqu&rsquo;\u00e0 Jalan. Nous ne sommes plus tr\u00e8s loin d&rsquo;apercevoir les premi\u00e8res dunes du d\u00e9sert de sable. Naturellement, nous quittons maintenant nos v\u00e9los pour le sol sablonneux et pouvons appr\u00e9cier le jeu des motifs de sable en toute d\u00e9contraction depuis notre v\u00e9hicule. Apr\u00e8s un trajet passionnant, nous atteignons la maison d&rsquo;une famille b\u00e9douine dans le d\u00e9sert. Que diriez-vous d&rsquo;une balade \u00e0 dos de chameau ? Notre camp dans le d\u00e9sert r\u00e9pond \u00e0 tous les souhaits et offre un confort agr\u00e9able. Nous attendons avec impatience le premier coucher de soleil dans les dunes et le ciel clair du d\u00e9sert avec ses milliers d&rsquo;\u00e9toiles. Quelle belle ambiance !<\/p>\n"},{"product_day_by_day_bloc":"<h4><strong>Jour<\/strong><strong> 6 <\/strong><strong>Wahibi Sands\u00a0 42 km<\/strong><\/h4>\n<p>R\u00e9veil dans le d\u00e9sert ! Avant de partir, il nous reste encore un peu de temps libre, puis nous prenons le bus pour le Wadi Bani Khalid, une oasis au milieu des montagnes arides et s\u00e8ches. En chemin, nous enfourchons nos v\u00e9los et nous immergeons dans l&rsquo;atmosph\u00e8re si particuli\u00e8re de cette nature aride. Quel contraste \u00e0 l&rsquo;arriv\u00e9e dans l&rsquo;un des plus c\u00e9l\u00e8bres wadis d&rsquo;Oman. Les bassins d&rsquo;eau claire et d&rsquo;un bleu profond nous incitent \u00e0 entrer dans l&rsquo;eau pour prendre un bain rafra\u00eechissant. De l\u00e0, nous continuons, rafra\u00eechis, sur l&rsquo;ancienne route commerciale vers Ibra. Le paysage est vari\u00e9 et nous appr\u00e9cions la diversit\u00e9 de la nature. Nous parcourons les derniers kilom\u00e8tres en bus jusqu&rsquo;\u00e0 l&rsquo;h\u00f4tel.<\/p>\n"},{"product_day_by_day_bloc":"<h4><strong>Jour<\/strong><strong> 7 <\/strong><strong>Ibra \u2013 Jabreen &#8211; Nizwa 45 km<\/strong><\/h4>\n<p>Apr\u00e8s le petit-d\u00e9jeuner, nous nous rendons tout d&rsquo;abord au c\u00e9l\u00e8bre march\u00e9 des femmes d&rsquo;Ibra. Nous continuons ensuite \u00e0 travers un impressionnant d\u00e9cor de montagnes du Hadjar jusqu&rsquo;au palais de Jabrin, l&rsquo;un des plus beaux et des plus int\u00e9ressants b\u00e2timents d&rsquo;Oman. Le palais a retrouv\u00e9 son \u00e9tat ancien et f\u00e9erique, avec ses impressionnantes peintures au plafond, apr\u00e8s une r\u00e9novation compl\u00e8te en 1984. On y d\u00e9couvre \u00e9galement la vie de cour de l&rsquo;Oman m\u00e9di\u00e9val gr\u00e2ce \u00e0 l&rsquo;am\u00e9nagement d&rsquo;objets traditionnels et de meubles anciens. \u00c0 partir d&rsquo;ici, on se remet \u00e0 p\u00e9daler !<\/p>\n<p>Nous parcourons un peu plus de 40 km de Jabreen \u00e0 Nizwa en passant par Bahla, l&rsquo;une des plus anciennes villes d&rsquo;Oman. Au 12e si\u00e8cle, Bahla \u00e9tait la capitale de la tribu vivant dans la r\u00e9gion. Le fort du m\u00eame nom, avec ses tours construites en briques non cuites, a \u00e9t\u00e9 inscrit au patrimoine mondial de l&rsquo;UNESCO. C&rsquo;est un exemple remarquable de la construction de forteresse locale. Juste \u00e0 c\u00f4t\u00e9 se trouve la mosqu\u00e9e du vendredi avec sa niche de pri\u00e8re d\u00e9cor\u00e9e. Elle domine la cit\u00e9 de briques d&rsquo;argile et la palmeraie environnantes. Arriv\u00e9 dans la ville commer\u00e7ante de Nizwa, il reste du temps libre avant le d\u00eener pour faire des d\u00e9couvertes personnelles.<\/p>\n"},{"product_day_by_day_bloc":"<h4><strong>Jour<\/strong><strong> 8 <\/strong><strong>Jebel Shams 40 km<\/strong><\/h4>\n<p>Aujourd&rsquo;hui, une \u00e9tape de v\u00e9lo un peu \u00ab ondul\u00e9e \u00bb nous attend. Il y a des mont\u00e9es et des descentes. Nous partons de Tanuf pour Al Hamra. De l\u00e0, nous continuons en jeep dans les montagnes de Jabal Shams. Notre h\u00f4tel de vill\u00e9giature nous accueille pour les deux prochaines nuits. L&rsquo;apr\u00e8s-midi, nous laissons les v\u00e9los et partons pour une randonn\u00e9e, le Balcony Trail. Comme son nom l&rsquo;indique, nous marchons au-dessus d&rsquo;une gorge et d\u00e9couvrons de petits villages aujourd&rsquo;hui abandonn\u00e9s par leurs habitants. Une belle exp\u00e9rience dans une \u00e9poque r\u00e9volue, accompagn\u00e9e de vues grandioses. Une soir\u00e9e de d\u00e9tente nous attend au bel h\u00f4tel du complexe.<\/p>\n"},{"product_day_by_day_bloc":"<h4><strong>Jour<\/strong><strong> 9 <\/strong><strong>Misfah 40 km<\/strong><\/h4>\n<p>Apr\u00e8s le petit-d\u00e9jeuner, nous descendons le Jabal Shams \u00e0 v\u00e9lo sur environ 40 km. Un chemin facile nous m\u00e8ne au village de montagne idyllique de Misfah, avec ses magnifiques champs en terrasses sur les versants abrupts de la montagne et l&rsquo;ancien syst\u00e8me d&rsquo;irrigation Falaj (patrimoine mondial de l&rsquo;UNESCO). Son architecture traditionnelle et ses m\u00e9thodes de travail de la terre nous permettent de nous attarder un moment avant de quitter le village et de rentrer au resort en jeep. Il est temps de profiter du resort.<\/p>\n"},{"product_day_by_day_bloc":"<h4><strong>Jour<\/strong><strong> 10 <\/strong><strong>\u00a0Zur\u00fcck in die Hauptstadt nach Mascat<\/strong><\/h4>\n<p>Dernier jour de v\u00e9lo ! Apr\u00e8s un court transfert jusqu&rsquo;\u00e0 Dar al Qill, nous montons \u00e0 v\u00e9lo jusqu&rsquo;\u00e0 Jabal Hatt et descendons par des pistes tout-terrain jusqu&rsquo;\u00e0 Bilad Sayt. Ce petit village situ\u00e9 entre les montagnes protectrices de Rustaq a conserv\u00e9 son charme traditionnel gr\u00e2ce \u00e0 son isolement rural. Il est typique de la construction m\u00e9di\u00e9vale omanaise. Les anciennes maisons en pis\u00e9 sont situ\u00e9es sur des terrasses tout autour du pied de la montagne. De nombreux palmiers, une mer et des champs en terrasses caract\u00e9risent le paysage. L&rsquo;approvisionnement en eau potable est assur\u00e9 par des sources qui distribuent l&rsquo;eau via des canaux.<\/p>\n<p>Le voyage se poursuit \u00e0 v\u00e9lo \u00e0 travers une gorge profonde jusqu&rsquo;\u00e0 Al Awabi, o\u00f9 les palmiers dattiers forment un contraste vivant avec les montagnes rudes et arides. Malgr\u00e9 leur nature inhospitali\u00e8re, les montagnes offrent une protection contre le soleil br\u00fblant. Apr\u00e8s avoir atteint le Snake Canyon, nous montons dans notre bus et retournons \u00e0 Mascat. Possibilit\u00e9 d&rsquo;aller encore une fois \u00e0 la plage ou de se promener dans la ville avant le dernier d\u00eener qui marque la fin du voyage.<\/p>\n"},{"product_day_by_day_bloc":"<h4><strong>Jour<\/strong><strong> 11-12\u00a0<\/strong><\/h4>\n<p>Check-out le matin et d\u00e9part pour l&rsquo;Europe.<\/p>\n"}],"product_services":"<p>&#8211; Vols de ligne Francfort &#8211; Mascate &#8211; Francfort en classe \u00e9conomique<br \/>\n&#8211; Transferts d&rsquo;a\u00e9roport dans la zone de destination<br \/>\n&#8211; 9 nuits dans des h\u00f4tels de classe moyenne et des h\u00f4tels confortables<br \/>\n&#8211; 1 nuit dans un camp de tentes haut de gamme maisons d&rsquo;h\u00f4tes<br \/>\n&#8211; H\u00e9bergement dans des chambres avec bain\/douche\/WC<br \/>\n&#8211; Petit d\u00e9jeuner quotidien ou buffet de petit d\u00e9jeuner<br \/>\n&#8211; 3 x d\u00e9jeuner<br \/>\n&#8211; 10 x d\u00eeners<br \/>\n&#8211; Accompagnement francophone qualifi\u00e9 pour le voyage \u00e0 v\u00e9lo de FAV<br \/>\n&#8211; Guide local anglophone qualifi\u00e9<br \/>\n&#8211; Transport des bagages<br \/>\n&#8211; Location de v\u00e9los \u00e9lectriques<br \/>\n&#8211; Accompagnement francophone de France \u00e0 V\u00e9lo<br \/>\n&#8211; Visites et frais d&rsquo;entr\u00e9e selon l&rsquo;itin\u00e9raire<br \/>\n&#8211; Petit-d\u00e9jeuner et d\u00eener quotidiens<br \/>\n&#8211; Eau potable pendant les excursions \u00e0 v\u00e9lo<br \/>\n&#8211; Transport des v\u00e9los sur tous les parcours<br \/>\n&#8211; V\u00e9hicule d&rsquo;accompagnement avec transport des bagages<br \/>\n&#8211; Assistance technique<\/p>\n","product_dates":"<p>\u2022 26.01 &#8211; 05.02.2026<br \/>\n\u2022 01.03 &#8211; 11.03.2026<br \/>\n\u2022 07.12 &#8211; 17.12 .2026<br \/>\n\u2022 25.01 &#8211; 04.02.2027<\/p>\n","product_additional_info":"<p>Nous vous informons volontiers sur les vols de correspondance \u00e0 l&rsquo;int\u00e9rieur de l&rsquo;Allemagne.<\/p>\n<p>Nous vous proposons de vous rendre au lieu de d\u00e9part Francfort par Rail &amp; Fly. Prix \u00e0 partir des gares allemandes 90,00 \u20ac.<\/p>\n<p>Veuillez noter qu&rsquo;un passeport et un visa sont n\u00e9cessaires pour entrer en Oman.<\/p>\n","product_start_date_type":"repeater","product_price_double_room":"5830","product_option_third_place_available":"false","product_price_simple_room":"6490","product_subzone":"wo_6","product_how_to_come":"","product_price_from":"5830","product_start_date_repeat":[{"product_start_date":"26\/01\/2026"},{"product_start_date":"01\/03\/2026"},{"product_start_date":"07\/12\/2026"},{"product_start_date":"25\/01\/2027"}],"product_pdf_datasheet":{"ID":78796,"id":78796,"title":"OMAN_ft_fran\u00e7ais_2026","filename":"OMAN_ft_francais_2026.pdf","filesize":6554270,"url":"https:\/\/www.franceavelo.com\/wp-content\/uploads\/2024\/12\/OMAN_ft_francais_2026.pdf","link":"https:\/\/www.franceavelo.com\/fr\/product\/voyage-a-velo-en-oman-guide-12-jours\/oman_ft_francais_2026\/","alt":"","author":"12","description":"","caption":"","name":"oman_ft_francais_2026","status":"inherit","uploaded_to":72924,"date":"2025-11-25 14:27:02","modified":"2025-11-25 14:27:02","menu_order":0,"mime_type":"application\/pdf","type":"application","subtype":"pdf","icon":"https:\/\/www.franceavelo.com\/wp-includes\/images\/media\/document.png"},"product_main_img":{"ID":71016,"id":71016,"title":"Radreise Oman FAV 4","filename":"Radreise-Oman-FAV-4-scaled.jpg","filesize":962759,"url":"https:\/\/www.franceavelo.com\/wp-content\/uploads\/2024\/11\/Radreise-Oman-FAV-4-scaled.jpg","link":"https:\/\/www.franceavelo.com\/fr\/product\/voyage-a-velo-en-oman-guide-12-jours\/radreise-oman-fav-4-2\/","alt":"","author":"12","description":"","caption":"","name":"radreise-oman-fav-4-2","status":"inherit","uploaded_to":72924,"date":"2024-11-08 13:10:05","modified":"2024-12-05 18:57:07","menu_order":0,"mime_type":"image\/jpeg","type":"image","subtype":"jpeg","icon":"https:\/\/www.franceavelo.com\/wp-includes\/images\/media\/default.png","width":2560,"height":1768,"sizes":{"thumbnail":"https:\/\/www.franceavelo.com\/wp-content\/uploads\/2024\/11\/Radreise-Oman-FAV-4-150x150.jpg","thumbnail-width":150,"thumbnail-height":150,"medium":"https:\/\/www.franceavelo.com\/wp-content\/uploads\/2024\/11\/Radreise-Oman-FAV-4-300x207.jpg","medium-width":300,"medium-height":207,"medium_large":"https:\/\/www.franceavelo.com\/wp-content\/uploads\/2024\/11\/Radreise-Oman-FAV-4-768x530.jpg","medium_large-width":768,"medium_large-height":530,"large":"https:\/\/www.franceavelo.com\/wp-content\/uploads\/2024\/11\/Radreise-Oman-FAV-4-1024x707.jpg","large-width":1024,"large-height":707,"1536x1536":"https:\/\/www.franceavelo.com\/wp-content\/uploads\/2024\/11\/Radreise-Oman-FAV-4-1536x1061.jpg","1536x1536-width":1536,"1536x1536-height":1061,"2048x2048":"https:\/\/www.franceavelo.com\/wp-content\/uploads\/2024\/11\/Radreise-Oman-FAV-4-2048x1414.jpg","2048x2048-width":2048,"2048x2048-height":1414,"product_option_intro":"https:\/\/www.franceavelo.com\/wp-content\/uploads\/2024\/11\/Radreise-Oman-FAV-4-300x220.jpg","product_option_intro-width":300,"product_option_intro-height":220,"postlist_thumbnail":"https:\/\/www.franceavelo.com\/wp-content\/uploads\/2024\/11\/Radreise-Oman-FAV-4-200x200.jpg","postlist_thumbnail-width":200,"postlist_thumbnail-height":200,"content_full_desktop":"https:\/\/www.franceavelo.com\/wp-content\/uploads\/2024\/11\/Radreise-Oman-FAV-4-970x670.jpg","content_full_desktop-width":970,"content_full_desktop-height":670,"content_full_desktop_retina":"https:\/\/www.franceavelo.com\/wp-content\/uploads\/2024\/11\/Radreise-Oman-FAV-4-1940x1340.jpg","content_full_desktop_retina-width":1940,"content_full_desktop_retina-height":1340,"content_half_desktop":"https:\/\/www.franceavelo.com\/wp-content\/uploads\/2024\/11\/Radreise-Oman-FAV-4-485x335.jpg","content_half_desktop-width":485,"content_half_desktop-height":335,"content_full_tablet":"https:\/\/www.franceavelo.com\/wp-content\/uploads\/2024\/11\/Radreise-Oman-FAV-4-750x518.jpg","content_full_tablet-width":750,"content_full_tablet-height":518,"content_full_tablet_retina":"https:\/\/www.franceavelo.com\/wp-content\/uploads\/2024\/11\/Radreise-Oman-FAV-4-1500x1036.jpg","content_full_tablet_retina-width":1500,"content_full_tablet_retina-height":1036,"content_half_tablet":"https:\/\/www.franceavelo.com\/wp-content\/uploads\/2024\/11\/Radreise-Oman-FAV-4-375x259.jpg","content_half_tablet-width":375,"content_half_tablet-height":259,"content_full_mobile":"https:\/\/www.franceavelo.com\/wp-content\/uploads\/2024\/11\/Radreise-Oman-FAV-4-500x345.jpg","content_full_mobile-width":500,"content_full_mobile-height":345,"content_full_mobile_retina":"https:\/\/www.franceavelo.com\/wp-content\/uploads\/2024\/11\/Radreise-Oman-FAV-4-1000x691.jpg","content_full_mobile_retina-width":1000,"content_full_mobile_retina-height":691,"content_full_smallmobile":"https:\/\/www.franceavelo.com\/wp-content\/uploads\/2024\/11\/Radreise-Oman-FAV-4-380x180.jpg","content_full_smallmobile-width":380,"content_full_smallmobile-height":180,"content_head_mobile":"https:\/\/www.franceavelo.com\/wp-content\/uploads\/2024\/11\/Radreise-Oman-FAV-4-320x430.jpg","content_head_mobile-width":320,"content_head_mobile-height":430,"content_head_tablet":"https:\/\/www.franceavelo.com\/wp-content\/uploads\/2024\/11\/Radreise-Oman-FAV-4-540x500.jpg","content_head_tablet-width":540,"content_head_tablet-height":500,"content_highlight_desktop":"https:\/\/www.franceavelo.com\/wp-content\/uploads\/2024\/11\/Radreise-Oman-FAV-4-350x240.jpg","content_highlight_desktop-width":350,"content_highlight_desktop-height":240,"content_highlight_desktop_retina":"https:\/\/www.franceavelo.com\/wp-content\/uploads\/2024\/11\/Radreise-Oman-FAV-4-700x480.jpg","content_highlight_desktop_retina-width":700,"content_highlight_desktop_retina-height":480,"content_testimony_mobile":"https:\/\/www.franceavelo.com\/wp-content\/uploads\/2024\/11\/Radreise-Oman-FAV-4-480x1100.jpg","content_testimony_mobile-width":480,"content_testimony_mobile-height":1100,"content_type_image_desktop":"https:\/\/www.franceavelo.com\/wp-content\/uploads\/2024\/11\/Radreise-Oman-FAV-4-600x414.jpg","content_type_image_desktop-width":600,"content_type_image_desktop-height":414,"content_type_image_desktop_retina":"https:\/\/www.franceavelo.com\/wp-content\/uploads\/2024\/11\/Radreise-Oman-FAV-4-1200x829.jpg","content_type_image_desktop_retina-width":1200,"content_type_image_desktop_retina-height":829,"content_type_image_mobile":"https:\/\/www.franceavelo.com\/wp-content\/uploads\/2024\/11\/Radreise-Oman-FAV-4-450x311.jpg","content_type_image_mobile-width":450,"content_type_image_mobile-height":311,"gform-image-choice-sm":"https:\/\/www.franceavelo.com\/wp-content\/uploads\/2024\/11\/Radreise-Oman-FAV-4-scaled.jpg","gform-image-choice-sm-width":300,"gform-image-choice-sm-height":207,"gform-image-choice-md":"https:\/\/www.franceavelo.com\/wp-content\/uploads\/2024\/11\/Radreise-Oman-FAV-4-scaled.jpg","gform-image-choice-md-width":400,"gform-image-choice-md-height":276,"gform-image-choice-lg":"https:\/\/www.franceavelo.com\/wp-content\/uploads\/2024\/11\/Radreise-Oman-FAV-4-scaled.jpg","gform-image-choice-lg-width":600,"gform-image-choice-lg-height":414}},"product_map_circuit":{"ID":72933,"id":72933,"title":"carte_oman_voyage_guid\u00e9","filename":"carte_oman_voyage_guide.png","filesize":62010,"url":"https:\/\/www.franceavelo.com\/wp-content\/uploads\/2024\/11\/carte_oman_voyage_guide.png","link":"https:\/\/www.franceavelo.com\/fr\/product\/voyage-a-velo-en-oman-guide-12-jours\/carte_oman_voyage_guide-2\/","alt":"","author":"12","description":"","caption":"","name":"carte_oman_voyage_guide-2","status":"inherit","uploaded_to":72924,"date":"2024-12-12 09:20:05","modified":"2024-12-12 09:20:05","menu_order":0,"mime_type":"image\/png","type":"image","subtype":"png","icon":"https:\/\/www.franceavelo.com\/wp-includes\/images\/media\/default.png","width":741,"height":667,"sizes":{"thumbnail":"https:\/\/www.franceavelo.com\/wp-content\/uploads\/2024\/11\/carte_oman_voyage_guide-150x150.png","thumbnail-width":150,"thumbnail-height":150,"medium":"https:\/\/www.franceavelo.com\/wp-content\/uploads\/2024\/11\/carte_oman_voyage_guide-300x270.png","medium-width":300,"medium-height":270,"medium_large":"https:\/\/www.franceavelo.com\/wp-content\/uploads\/2024\/11\/carte_oman_voyage_guide.png","medium_large-width":741,"medium_large-height":667,"large":"https:\/\/www.franceavelo.com\/wp-content\/uploads\/2024\/11\/carte_oman_voyage_guide.png","large-width":741,"large-height":667,"1536x1536":"https:\/\/www.franceavelo.com\/wp-content\/uploads\/2024\/11\/carte_oman_voyage_guide.png","1536x1536-width":741,"1536x1536-height":667,"2048x2048":"https:\/\/www.franceavelo.com\/wp-content\/uploads\/2024\/11\/carte_oman_voyage_guide.png","2048x2048-width":741,"2048x2048-height":667,"product_option_intro":"https:\/\/www.franceavelo.com\/wp-content\/uploads\/2024\/11\/carte_oman_voyage_guide-300x220.png","product_option_intro-width":300,"product_option_intro-height":220,"postlist_thumbnail":"https:\/\/www.franceavelo.com\/wp-content\/uploads\/2024\/11\/carte_oman_voyage_guide-200x200.png","postlist_thumbnail-width":200,"postlist_thumbnail-height":200,"content_full_desktop":"https:\/\/www.franceavelo.com\/wp-content\/uploads\/2024\/11\/carte_oman_voyage_guide.png","content_full_desktop-width":741,"content_full_desktop-height":667,"content_full_desktop_retina":"https:\/\/www.franceavelo.com\/wp-content\/uploads\/2024\/11\/carte_oman_voyage_guide.png","content_full_desktop_retina-width":741,"content_full_desktop_retina-height":667,"content_half_desktop":"https:\/\/www.franceavelo.com\/wp-content\/uploads\/2024\/11\/carte_oman_voyage_guide-485x437.png","content_half_desktop-width":485,"content_half_desktop-height":437,"content_full_tablet":"https:\/\/www.franceavelo.com\/wp-content\/uploads\/2024\/11\/carte_oman_voyage_guide.png","content_full_tablet-width":741,"content_full_tablet-height":667,"content_full_tablet_retina":"https:\/\/www.franceavelo.com\/wp-content\/uploads\/2024\/11\/carte_oman_voyage_guide.png","content_full_tablet_retina-width":741,"content_full_tablet_retina-height":667,"content_half_tablet":"https:\/\/www.franceavelo.com\/wp-content\/uploads\/2024\/11\/carte_oman_voyage_guide-375x338.png","content_half_tablet-width":375,"content_half_tablet-height":338,"content_full_mobile":"https:\/\/www.franceavelo.com\/wp-content\/uploads\/2024\/11\/carte_oman_voyage_guide-500x450.png","content_full_mobile-width":500,"content_full_mobile-height":450,"content_full_mobile_retina":"https:\/\/www.franceavelo.com\/wp-content\/uploads\/2024\/11\/carte_oman_voyage_guide.png","content_full_mobile_retina-width":741,"content_full_mobile_retina-height":667,"content_full_smallmobile":"https:\/\/www.franceavelo.com\/wp-content\/uploads\/2024\/11\/carte_oman_voyage_guide-380x180.png","content_full_smallmobile-width":380,"content_full_smallmobile-height":180,"content_head_mobile":"https:\/\/www.franceavelo.com\/wp-content\/uploads\/2024\/11\/carte_oman_voyage_guide-320x430.png","content_head_mobile-width":320,"content_head_mobile-height":430,"content_head_tablet":"https:\/\/www.franceavelo.com\/wp-content\/uploads\/2024\/11\/carte_oman_voyage_guide-540x500.png","content_head_tablet-width":540,"content_head_tablet-height":500,"content_highlight_desktop":"https:\/\/www.franceavelo.com\/wp-content\/uploads\/2024\/11\/carte_oman_voyage_guide-350x240.png","content_highlight_desktop-width":350,"content_highlight_desktop-height":240,"content_highlight_desktop_retina":"https:\/\/www.franceavelo.com\/wp-content\/uploads\/2024\/11\/carte_oman_voyage_guide-700x480.png","content_highlight_desktop_retina-width":700,"content_highlight_desktop_retina-height":480,"content_testimony_mobile":"https:\/\/www.franceavelo.com\/wp-content\/uploads\/2024\/11\/carte_oman_voyage_guide-480x667.png","content_testimony_mobile-width":480,"content_testimony_mobile-height":667,"content_type_image_desktop":"https:\/\/www.franceavelo.com\/wp-content\/uploads\/2024\/11\/carte_oman_voyage_guide-600x540.png","content_type_image_desktop-width":600,"content_type_image_desktop-height":540,"content_type_image_desktop_retina":"https:\/\/www.franceavelo.com\/wp-content\/uploads\/2024\/11\/carte_oman_voyage_guide.png","content_type_image_desktop_retina-width":741,"content_type_image_desktop_retina-height":667,"content_type_image_mobile":"https:\/\/www.franceavelo.com\/wp-content\/uploads\/2024\/11\/carte_oman_voyage_guide-450x405.png","content_type_image_mobile-width":450,"content_type_image_mobile-height":405,"gform-image-choice-sm":"https:\/\/www.franceavelo.com\/wp-content\/uploads\/2024\/11\/carte_oman_voyage_guide.png","gform-image-choice-sm-width":300,"gform-image-choice-sm-height":270,"gform-image-choice-md":"https:\/\/www.franceavelo.com\/wp-content\/uploads\/2024\/11\/carte_oman_voyage_guide.png","gform-image-choice-md-width":400,"gform-image-choice-md-height":360,"gform-image-choice-lg":"https:\/\/www.franceavelo.com\/wp-content\/uploads\/2024\/11\/carte_oman_voyage_guide.png","gform-image-choice-lg-width":600,"gform-image-choice-lg-height":540}}},"yoast_head":"<!-- This site is optimized with the Yoast SEO plugin v27.4 - https:\/\/yoast.com\/product\/yoast-seo-wordpress\/ -->\n<title>Voyage \u00e0 v\u00e9lo en Oman - Guid\u00e9 - 12 jours<\/title>\n<meta name=\"description\" content=\"D\u00e9couvrez lors d&#039;un voyage \u00e0 v\u00e9lo en Oman, les wadis des montagnes Hajar, le paysage d\u00e9sertique du Wahiba, ou encore sa capitale, Mascate.\" \/>\n<meta name=\"robots\" content=\"index, follow, max-snippet:-1, max-image-preview:large, max-video-preview:-1\" \/>\n<link rel=\"canonical\" href=\"https:\/\/www.franceavelo.com\/fr\/product\/voyage-a-velo-en-oman-guide-12-jours\/\" \/>\n<meta property=\"og:locale\" content=\"fr_FR\" \/>\n<meta property=\"og:type\" content=\"article\" \/>\n<meta property=\"og:title\" content=\"Voyage \u00e0 v\u00e9lo en Oman - Guid\u00e9 - 12 jours\" \/>\n<meta property=\"og:description\" content=\"D\u00e9couvrez lors d&#039;un voyage \u00e0 v\u00e9lo en Oman, les wadis des montagnes Hajar, le paysage d\u00e9sertique du Wahiba, ou encore sa capitale, Mascate.\" \/>\n<meta property=\"og:url\" content=\"https:\/\/www.franceavelo.com\/fr\/product\/voyage-a-velo-en-oman-guide-12-jours\/\" \/>\n<meta property=\"og:site_name\" content=\"France \u00e0 v\u00e9lo\" \/>\n<meta property=\"article:modified_time\" content=\"2026-04-04T12:04:18+00:00\" \/>\n<meta name=\"twitter:card\" content=\"summary_large_image\" \/>\n<meta name=\"twitter:label1\" content=\"Dur\u00e9e de lecture estim\u00e9e\" \/>\n\t<meta name=\"twitter:data1\" content=\"11 minutes\" \/>\n<script type=\"application\/ld+json\" class=\"yoast-schema-graph\">{\"@context\":\"https:\\\/\\\/schema.org\",\"@graph\":[{\"@type\":\"WebPage\",\"@id\":\"https:\\\/\\\/www.franceavelo.com\\\/fr\\\/product\\\/voyage-a-velo-en-oman-guide-12-jours\\\/\",\"url\":\"https:\\\/\\\/www.franceavelo.com\\\/fr\\\/product\\\/voyage-a-velo-en-oman-guide-12-jours\\\/\",\"name\":\"Voyage \u00e0 v\u00e9lo en Oman - Guid\u00e9 - 12 jours\",\"isPartOf\":{\"@id\":\"https:\\\/\\\/www.franceavelo.com\\\/fr\\\/#website\"},\"datePublished\":\"2024-12-05T19:03:01+00:00\",\"dateModified\":\"2026-04-04T12:04:18+00:00\",\"description\":\"D\u00e9couvrez lors d'un voyage \u00e0 v\u00e9lo en Oman, les wadis des montagnes Hajar, le paysage d\u00e9sertique du Wahiba, ou encore sa capitale, Mascate.\",\"breadcrumb\":{\"@id\":\"https:\\\/\\\/www.franceavelo.com\\\/fr\\\/product\\\/voyage-a-velo-en-oman-guide-12-jours\\\/#breadcrumb\"},\"inLanguage\":\"fr-FR\",\"potentialAction\":[{\"@type\":\"ReadAction\",\"target\":[\"https:\\\/\\\/www.franceavelo.com\\\/fr\\\/product\\\/voyage-a-velo-en-oman-guide-12-jours\\\/\"]}]},{\"@type\":\"BreadcrumbList\",\"@id\":\"https:\\\/\\\/www.franceavelo.com\\\/fr\\\/product\\\/voyage-a-velo-en-oman-guide-12-jours\\\/#breadcrumb\",\"itemListElement\":[{\"@type\":\"ListItem\",\"position\":1,\"name\":\"Home\",\"item\":\"https:\\\/\\\/www.franceavelo.com\\\/fr\\\/\"},{\"@type\":\"ListItem\",\"position\":2,\"name\":\"Produits\",\"item\":\"https:\\\/\\\/www.franceavelo.com\\\/produits\\\/\"},{\"@type\":\"ListItem\",\"position\":3,\"name\":\"Oman &#8211; Guid\u00e9 &#8211; 12 jours\"}]},{\"@type\":\"WebSite\",\"@id\":\"https:\\\/\\\/www.franceavelo.com\\\/fr\\\/#website\",\"url\":\"https:\\\/\\\/www.franceavelo.com\\\/fr\\\/\",\"name\":\"France \u00e0 v\u00e9lo\",\"description\":\"Un site utilisant WordPress\",\"publisher\":{\"@id\":\"https:\\\/\\\/www.franceavelo.com\\\/fr\\\/#organization\"},\"potentialAction\":[{\"@type\":\"SearchAction\",\"target\":{\"@type\":\"EntryPoint\",\"urlTemplate\":\"https:\\\/\\\/www.franceavelo.com\\\/fr\\\/?s={search_term_string}\"},\"query-input\":{\"@type\":\"PropertyValueSpecification\",\"valueRequired\":true,\"valueName\":\"search_term_string\"}}],\"inLanguage\":\"fr-FR\"},{\"@type\":\"Organization\",\"@id\":\"https:\\\/\\\/www.franceavelo.com\\\/fr\\\/#organization\",\"name\":\"France \u00e0 v\u00e9lo\",\"url\":\"https:\\\/\\\/www.franceavelo.com\\\/fr\\\/\",\"logo\":{\"@type\":\"ImageObject\",\"inLanguage\":\"fr-FR\",\"@id\":\"https:\\\/\\\/www.franceavelo.com\\\/fr\\\/#\\\/schema\\\/logo\\\/image\\\/\",\"url\":\"https:\\\/\\\/www.franceavelo.com\\\/wp-content\\\/uploads\\\/2024\\\/07\\\/favicon-large.png\",\"contentUrl\":\"https:\\\/\\\/www.franceavelo.com\\\/wp-content\\\/uploads\\\/2024\\\/07\\\/favicon-large.png\",\"width\":696,\"height\":696,\"caption\":\"France \u00e0 v\u00e9lo\"},\"image\":{\"@id\":\"https:\\\/\\\/www.franceavelo.com\\\/fr\\\/#\\\/schema\\\/logo\\\/image\\\/\"}}]}<\/script>\n<!-- \/ Yoast SEO plugin. -->","yoast_head_json":{"title":"Voyage \u00e0 v\u00e9lo en Oman - Guid\u00e9 - 12 jours","description":"D\u00e9couvrez lors d'un voyage \u00e0 v\u00e9lo en Oman, les wadis des montagnes Hajar, le paysage d\u00e9sertique du Wahiba, ou encore sa capitale, Mascate.","robots":{"index":"index","follow":"follow","max-snippet":"max-snippet:-1","max-image-preview":"max-image-preview:large","max-video-preview":"max-video-preview:-1"},"canonical":"https:\/\/www.franceavelo.com\/fr\/product\/voyage-a-velo-en-oman-guide-12-jours\/","og_locale":"fr_FR","og_type":"article","og_title":"Voyage \u00e0 v\u00e9lo en Oman - Guid\u00e9 - 12 jours","og_description":"D\u00e9couvrez lors d'un voyage \u00e0 v\u00e9lo en Oman, les wadis des montagnes Hajar, le paysage d\u00e9sertique du Wahiba, ou encore sa capitale, Mascate.","og_url":"https:\/\/www.franceavelo.com\/fr\/product\/voyage-a-velo-en-oman-guide-12-jours\/","og_site_name":"France \u00e0 v\u00e9lo","article_modified_time":"2026-04-04T12:04:18+00:00","twitter_card":"summary_large_image","twitter_misc":{"Dur\u00e9e de lecture estim\u00e9e":"11 minutes"},"schema":{"@context":"https:\/\/schema.org","@graph":[{"@type":"WebPage","@id":"https:\/\/www.franceavelo.com\/fr\/product\/voyage-a-velo-en-oman-guide-12-jours\/","url":"https:\/\/www.franceavelo.com\/fr\/product\/voyage-a-velo-en-oman-guide-12-jours\/","name":"Voyage \u00e0 v\u00e9lo en Oman - Guid\u00e9 - 12 jours","isPartOf":{"@id":"https:\/\/www.franceavelo.com\/fr\/#website"},"datePublished":"2024-12-05T19:03:01+00:00","dateModified":"2026-04-04T12:04:18+00:00","description":"D\u00e9couvrez lors d'un voyage \u00e0 v\u00e9lo en Oman, les wadis des montagnes Hajar, le paysage d\u00e9sertique du Wahiba, ou encore sa capitale, Mascate.","breadcrumb":{"@id":"https:\/\/www.franceavelo.com\/fr\/product\/voyage-a-velo-en-oman-guide-12-jours\/#breadcrumb"},"inLanguage":"fr-FR","potentialAction":[{"@type":"ReadAction","target":["https:\/\/www.franceavelo.com\/fr\/product\/voyage-a-velo-en-oman-guide-12-jours\/"]}]},{"@type":"BreadcrumbList","@id":"https:\/\/www.franceavelo.com\/fr\/product\/voyage-a-velo-en-oman-guide-12-jours\/#breadcrumb","itemListElement":[{"@type":"ListItem","position":1,"name":"Home","item":"https:\/\/www.franceavelo.com\/fr\/"},{"@type":"ListItem","position":2,"name":"Produits","item":"https:\/\/www.franceavelo.com\/produits\/"},{"@type":"ListItem","position":3,"name":"Oman &#8211; Guid\u00e9 &#8211; 12 jours"}]},{"@type":"WebSite","@id":"https:\/\/www.franceavelo.com\/fr\/#website","url":"https:\/\/www.franceavelo.com\/fr\/","name":"France \u00e0 v\u00e9lo","description":"Un site utilisant WordPress","publisher":{"@id":"https:\/\/www.franceavelo.com\/fr\/#organization"},"potentialAction":[{"@type":"SearchAction","target":{"@type":"EntryPoint","urlTemplate":"https:\/\/www.franceavelo.com\/fr\/?s={search_term_string}"},"query-input":{"@type":"PropertyValueSpecification","valueRequired":true,"valueName":"search_term_string"}}],"inLanguage":"fr-FR"},{"@type":"Organization","@id":"https:\/\/www.franceavelo.com\/fr\/#organization","name":"France \u00e0 v\u00e9lo","url":"https:\/\/www.franceavelo.com\/fr\/","logo":{"@type":"ImageObject","inLanguage":"fr-FR","@id":"https:\/\/www.franceavelo.com\/fr\/#\/schema\/logo\/image\/","url":"https:\/\/www.franceavelo.com\/wp-content\/uploads\/2024\/07\/favicon-large.png","contentUrl":"https:\/\/www.franceavelo.com\/wp-content\/uploads\/2024\/07\/favicon-large.png","width":696,"height":696,"caption":"France \u00e0 v\u00e9lo"},"image":{"@id":"https:\/\/www.franceavelo.com\/fr\/#\/schema\/logo\/image\/"}}]}},"_links":{"self":[{"href":"https:\/\/www.franceavelo.com\/fr\/wp-json\/wp\/v2\/product\/72924","targetHints":{"allow":["GET"]}}],"collection":[{"href":"https:\/\/www.franceavelo.com\/fr\/wp-json\/wp\/v2\/product"}],"about":[{"href":"https:\/\/www.franceavelo.com\/fr\/wp-json\/wp\/v2\/types\/product"}],"replies":[{"embeddable":true,"href":"https:\/\/www.franceavelo.com\/fr\/wp-json\/wp\/v2\/comments?post=72924"}],"wp:attachment":[{"href":"https:\/\/www.franceavelo.com\/fr\/wp-json\/wp\/v2\/media?parent=72924"}],"curies":[{"name":"wp","href":"https:\/\/api.w.org\/{rel}","templated":true}]}}