{"id":74439,"date":"2024-12-20T14:23:15","date_gmt":"2024-12-20T13:23:15","guid":{"rendered":"https:\/\/www.franceavelo.com\/?post_type=product&#038;p=74439"},"modified":"2026-04-03T14:17:44","modified_gmt":"2026-04-03T12:17:44","slug":"suisse-route-1291-lucerne-non-guide-7-jours-classique","status":"publish","type":"product","link":"https:\/\/www.franceavelo.com\/fr\/product\/suisse-route-1291-lucerne-non-guide-7-jours-classique\/","title":{"rendered":"Suisse &#8211; Route 1291 &#8211; Non guid\u00e9 &#8211; 7 jours &#8211; Classique"},"comment_status":"open","ping_status":"closed","template":"","class_list":["post-74439","product","type-product","status-publish","hentry"],"acf":{"product_code":"SR7C","product_title":"Suisse - Route 1291 - Non guid\u00e9 - 7 jours - Classique","product_subtitle":"Des paysages et des panoramas \u00e0 couper le souffle !","product_description":"<p>La Suisse centrale n&rsquo;a jamais \u00e9t\u00e9 facile \u00e0 conqu\u00e9rir : apr\u00e8s une longue querelle, Guillaume Tell y a tu\u00e9 le prince Habsbourg Gessler. Apr\u00e8s une longue querelle, Guillaume Tell y a tu\u00e9 le prince habsbourgeois Gessler, les cantons ancestraux se sont unis sur la prairie du Gr\u00fctli pour former la Conf\u00e9d\u00e9ration suisse, et le Reduit, dans la r\u00e9gion du Saint-Gothard, \u00e9tait consid\u00e9r\u00e9 comme une forteresse imprenable pendant la guerre froide. La route 1291 aime aussi montrer ses dents lors de la travers\u00e9e de la Suisse centrale. Au d\u00e9part du lac de Lucerne, vous gravirez les plus hauts cols de Suisse centrale, visiterez les marais de l&rsquo;Entlebuch et traverserez les collines de l&rsquo;Emmental. Les sp\u00e9cialit\u00e9s culinaires et les vignobles du Seetal compl\u00e8tent le tour de Suisse centrale. Ce n&rsquo;est pas une promenade de sant\u00e9, mais avec le bon v\u00e9lo, la route 1291 devient une exp\u00e9rience inoubliable.<\/p>\n<p>&nbsp;<\/p>\n<h4><strong>Les +<\/strong><\/h4>\n<p><span style=\"color: #35a186\"><strong>Paysages alpins<br \/>\nPanorama sur le lac L\u00e9man<br \/>\nVillages pittoresques<br \/>\n<\/strong><strong>Air frais et t<\/strong><strong>ranquillit\u00e9<\/strong><strong><br \/>\nNature pr\u00e9serv\u00e9e<br \/>\nRoutes sinueuses<br \/>\nExp\u00e9rience authentique<br \/>\nAccessible \u00e0 tous les niveaux<br \/>\nD\u00e9couverte du patrimoine local<br \/>\n<\/strong><\/span><\/p>\n","product_zone":"eu","product_travel_type":{"value":"ty_2","label":"Non Guid\u00e9"},"product_nb_day":"7","product_nb_night":"6","product_day_by_day_repeat":[{"product_day_by_day_bloc":"<h4><strong>Jour 1 Arriv\u00e9e \u00e0 \u00e0 Lucerne | Lucerne &#8211; Brunnen | Excursion en bateau Brunnen &#8211; Fl\u00fcelen\/Altdorf 42 km<\/strong><\/h4>\n<p>D\u00e9p\u00f4t des bagages \u00e0 Lucerne. Le tour du bassin lacustre de K\u00fcssnacht marque le coup d&rsquo;envoi du voyage \u00e0 travers la Suisse centrale. De retour au bord du lac, un fantastique panorama de montagnes et des promenades anim\u00e9es au bord du lac vous attendent. Vous \u00e9viterez l&rsquo;Axenstrasse en faisant un tour en bateau de Brunnen \u00e0 Fl\u00fcelen. Le monument Tell \u00e0 Altdorf n&rsquo;est plus qu&rsquo;\u00e0 un jet de pierre.<\/p>\n"},{"product_day_by_day_bloc":"<h4><strong>Jour 2 Altdorf \u2013 Andermatt 36 km<\/strong><\/h4>\n<p>Alors que l&rsquo;axe nord-sud est toujours au centre de l&rsquo;attention dans la vall\u00e9e de la Reuss, les montagnes d&rsquo;Uri apparaissent \u00e0 partir d&rsquo;Amsteg. Viaducs, ponts et murs de sout\u00e8nement dominent ici l&rsquo;image, tandis qu&rsquo;au fond de la vall\u00e9e, la Reuss fait rage et rugit. Les gorges de Sch\u00f6llenen racontent des histoires sinistres avec les gorges du Diable et les monuments de la campagne de l&rsquo;amiral Suworow. Un paysage changeant vous attend autour du village de montagne d&rsquo;Andermatt.<\/p>\n"},{"product_day_by_day_bloc":"<h4><strong>Jour 3 Andermatt \u2013 Meiringen \u00a070 km<\/strong><\/h4>\n<p>Tour apr\u00e8s tour, la route se faufile hors de la vall\u00e9e d&rsquo;Urseren. Une descente rapide vous fait passer devant le glacier du Rh\u00f4ne et vous m\u00e8ne tout droit au prochain col. Sur le Grimsel, un v\u00e9ritable ch\u00e2teau d&rsquo;eau vous attend avec ses innombrables lacs et ses imposants murs de barrage. Dans la descente, l&rsquo;Aar gagne en puissance kilom\u00e8tre apr\u00e8s kilom\u00e8tre, ce qui vous permet de vous \u00e9merveiller dans les gorges de l&rsquo;Aar.<\/p>\n"},{"product_day_by_day_bloc":"<h4><strong>Jour 4 Meiringen \u2013 S\u00f6renberg 41 km<\/strong><\/h4>\n<p>Aujourd&rsquo;hui encore, deux cols sont au programme. Le Br\u00fcnig offre une vue magnifique sur le lac de Lungern, et la vue depuis la route panoramique jusqu&rsquo;au col du Glaubenbielen n&rsquo;a rien \u00e0 envier \u00e0 la pr\u00e9c\u00e9dente. Le village de S\u00f6renberg se trouve dans un cadre montagneux idyllique, au pied du Brienzer Rothorn.<\/p>\n"},{"product_day_by_day_bloc":"<h4><strong>Jour 5 S\u00f6renberg \u2013 Entlebuch 59 km<\/strong><\/h4>\n<p>L&rsquo;\u00e9tape d&rsquo;aujourd&rsquo;hui m\u00e8ne \u00e0 Schangnau par des chemins quelque peu accident\u00e9s, le long des parois rocheuses des massifs du Schrattenfluh et du Hohgant. Vous apercevrez ensuite la haute tour de l&rsquo;\u00e9glise d&rsquo;Escholzmatt et vous roulerez dans des mont\u00e9es et des descentes constantes \u00e0 travers l&rsquo;Entlebuch.<\/p>\n"},{"product_day_by_day_bloc":"<h4><strong>Jour 6 Entlebuch \u2013 Sursee 68 km<\/strong><\/h4>\n<p>L&rsquo;\u00e9tape d&rsquo;aujourd&rsquo;hui est domin\u00e9e par le Napf. Vous suivez la boucle cardiaque homonyme dans des mont\u00e9es et descentes constantes jusqu&rsquo;\u00e0 Willisau. Vous vous offrez un Willisauer Ringli pour vous rafra\u00eechir, puis vous continuez dans le Seetal. La petite ville de Sursee, sur les rives du lac de Sempach, est la destination du jour.<\/p>\n"},{"product_day_by_day_bloc":"<h4><strong>Jour 7 Sursee &#8211; Lucerne | 59 km | D\u00e9part ou prolongation<\/strong><\/h4>\n<p>Le lac de Sempach s&rsquo;\u00e9tend derri\u00e8re vous de mani\u00e8re r\u00eaveuse et pittoresque, le clocher rouge du berceau du village de Berom\u00fcnster s&rsquo;\u00e9l\u00e8ve dans le ciel devant vous. La derni\u00e8re \u00e9tape de la route 1291 est \u00e9galement caract\u00e9ris\u00e9e par quelques mont\u00e9es difficiles. A partir de Hohenrain, la descente est totale et le retour \u00e0 Lucerne se fait en toute d\u00e9contraction. R\u00e9cup\u00e9ration des bagages \u00e0 Lucerne et d\u00e9part.<\/p>\n"}],"product_lodging":"<p>\u2022 6 nuit\u00e9es dans des hotels de charme<\/p>\n","product_services":"<p>\u2022 6 nuit\u00e9es dans des hotels de charme<br \/>\n\u2022 Petit-d\u00e9jeuner copieux<br \/>\n\u2022 Transport quotidien des bagages<br \/>\n\u2022 Frais de retrait des bagages \u00e0 la gare (en cas d\u2019arriv\u00e9e et de d\u00e9part directs)<br \/>\n\u2022 Bon pour le voyage en train<br \/>\n\u2022 Croisi\u00e8re de Brunnen \u00e0 Fl\u00fcelen, v\u00e9lo compris<br \/>\n\u2022 Abonnement suisse Mobil-Plus pour un an<br \/>\n\u2022 Itin\u00e9raire sur notre application<br \/>\n\u2022 Carnet de route avec cartes<br \/>\n\u2022 Assistance t\u00e9l\u00e9phonique 7\/7<\/p>\n<p><em>Taxe de s\u00e9jour non comprise &#8211; \u00e0 r\u00e9gler sur place<\/em><\/p>\n","product_additional_info":"<p><strong>Caract\u00e9ristiques du parcours <\/strong><strong>:\u00a0<\/strong><\/p>\n<p><span style=\"font-weight: 400\">L&rsquo;itin\u00e9raire est naturellement plat le long des nombreux lacs &#8211; mais il y a des pentes de plus en plus grandes \u00e0 franchir entre les plans d&rsquo;eau : il est donc conseill\u00e9 aux cyclistes moins sportifs d&rsquo;utiliser un v\u00e9lo \u00e9lectrique, particuli\u00e8rement adapt\u00e9 \u00e0 cet itin\u00e9raire. Les cyclistes sportifs abordent les \u00e9tapes sur des v\u00e9los de tourisme et raccourcissent le parcours en transports publics si n\u00e9cessaire.\u00a0<\/span><\/p>\n","product_start_date_repeat":[{"product_start_date":"12\/04\/2019"}],"product_option_third_place_available":"false","product_option_road_bike":"","product_option_follow_bike":"","product_option_trailer":"","product_dates":"<p><strong>Arriv\u00e9e<\/strong> : <strong>Quotidien<\/strong> <strong>27.06 \u2013 13.09.2026<\/strong><\/p>\n","product_start_date_type":"range","product_days_range":["lundi","mardi","mercredi","jeudi","vendredi","samedi","dimanche"],"product_link_product_repeat":[{"product_link_product_item":{"ID":42572,"post_author":"12","post_date":"2018-12-03 11:56:39","post_date_gmt":"2018-12-03 10:56:39","post_content":"","post_title":"Hollande - Utrecht \u00e0 Amsterdam - Non guid\u00e9 - 5 jours - Classique","post_excerpt":"","post_status":"publish","comment_status":"open","ping_status":"closed","post_password":"","post_name":"voyage-velo-coeur-vert-hollande-en-liberte-5-jours-classique","to_ping":"","pinged":"","post_modified":"2025-11-26 15:38:50","post_modified_gmt":"2025-11-26 14:38:50","post_content_filtered":"","post_parent":0,"guid":"https:\/\/www.franceavelo.com\/?post_type=product&#038;p=42572","menu_order":0,"post_type":"product","post_mime_type":"","comment_count":"0","filter":"raw"}},{"product_link_product_item":{"ID":73520,"post_author":"12","post_date":"2024-12-16 15:51:22","post_date_gmt":"2024-12-16 14:51:22","post_content":"","post_title":"De l'Allemagne \u00e0 l'Hongrie - Passau \u00e0 Budapest - Non guid\u00e9 - 10 jours - Classique","post_excerpt":"","post_status":"publish","comment_status":"open","ping_status":"closed","post_password":"","post_name":"voyage-velo-passau-budapest-de-lallemagne-a-lhongrie-10jours-2","to_ping":"","pinged":"","post_modified":"2026-04-04 11:48:14","post_modified_gmt":"2026-04-04 09:48:14","post_content_filtered":"","post_parent":0,"guid":"https:\/\/www.franceavelo.com\/?post_type=product&#038;p=73520","menu_order":0,"post_type":"product","post_mime_type":"","comment_count":"0","filter":"raw"}},{"product_link_product_item":{"ID":74046,"post_author":"12","post_date":"2024-12-18 15:53:15","post_date_gmt":"2024-12-18 14:53:15","post_content":"","post_title":"Autriche - Tour du Lac Neusiedl - Non guid\u00e9 - 8 jours - Classique","post_excerpt":"","post_status":"publish","comment_status":"open","ping_status":"closed","post_password":"","post_name":"voyage-velo-tour-du-lac-neusiedl-8jours","to_ping":"","pinged":"","post_modified":"2026-04-04 10:17:49","post_modified_gmt":"2026-04-04 08:17:49","post_content_filtered":"","post_parent":0,"guid":"https:\/\/www.franceavelo.com\/?post_type=product&#038;p=74046","menu_order":0,"post_type":"product","post_mime_type":"","comment_count":"0","filter":"raw"}}],"product_small_group_price":"","product_small_group_number":"","product_how_to_come":"<p><strong>Transports :\u00a0<\/strong><\/p>\n<p>&#8211; Arriv\u00e9e par les transports publics \u00e0 Lucerne. Si vous arrivez directement, d\u00e9posez vos bagages au guichet des bagages au plus tard \u00e0 10h00.<br \/>\n&#8211; D\u00e9part de Lucerne en transports publics. En cas de d\u00e9part direct, les bagages doivent \u00eatre remis \u00e0 la consigne au plus tard \u00e0 17 heures.<\/p>\n","product_option_add_night_single_before":"220","product_start_date_range":"27\/06\/2026","product_end_date_range":"13\/09\/2026","product_price_double_room":"1545","product_price_simple_room":"1862","product_option_add_night_double_before":"145","product_gallery_items":[{"product_gallery_item_type":"image","product_gallery_item_image":{"ID":74407,"id":74407,"title":"church-4850405_1920","filename":"church-4850405_1920.jpg","filesize":642573,"url":"https:\/\/www.franceavelo.com\/wp-content\/uploads\/2024\/12\/church-4850405_1920.jpg","link":"https:\/\/www.franceavelo.com\/fr\/product\/voyage-velo-suisse-route-des-lacs-vevey-lucerne-7jours-classique\/church-4850405_1920-2\/","alt":"Eglise - Circuit Suisse - Route 1291 - Lucerne","author":"12","description":"","caption":"","name":"church-4850405_1920-2","status":"inherit","uploaded_to":74321,"date":"2024-12-20 12:59:52","modified":"2026-04-03 12:09:42","menu_order":0,"mime_type":"image\/jpeg","type":"image","subtype":"jpeg","icon":"https:\/\/www.franceavelo.com\/wp-includes\/images\/media\/default.png","width":1920,"height":1280,"sizes":{"thumbnail":"https:\/\/www.franceavelo.com\/wp-content\/uploads\/2024\/12\/church-4850405_1920-150x150.jpg","thumbnail-width":150,"thumbnail-height":150,"medium":"https:\/\/www.franceavelo.com\/wp-content\/uploads\/2024\/12\/church-4850405_1920-300x200.jpg","medium-width":300,"medium-height":200,"medium_large":"https:\/\/www.franceavelo.com\/wp-content\/uploads\/2024\/12\/church-4850405_1920-768x512.jpg","medium_large-width":768,"medium_large-height":512,"large":"https:\/\/www.franceavelo.com\/wp-content\/uploads\/2024\/12\/church-4850405_1920-1024x683.jpg","large-width":1024,"large-height":683,"1536x1536":"https:\/\/www.franceavelo.com\/wp-content\/uploads\/2024\/12\/church-4850405_1920-1536x1024.jpg","1536x1536-width":1536,"1536x1536-height":1024,"2048x2048":"https:\/\/www.franceavelo.com\/wp-content\/uploads\/2024\/12\/church-4850405_1920.jpg","2048x2048-width":1920,"2048x2048-height":1280,"product_option_intro":"https:\/\/www.franceavelo.com\/wp-content\/uploads\/2024\/12\/church-4850405_1920-300x220.jpg","product_option_intro-width":300,"product_option_intro-height":220,"postlist_thumbnail":"https:\/\/www.franceavelo.com\/wp-content\/uploads\/2024\/12\/church-4850405_1920-200x200.jpg","postlist_thumbnail-width":200,"postlist_thumbnail-height":200,"content_full_desktop":"https:\/\/www.franceavelo.com\/wp-content\/uploads\/2024\/12\/church-4850405_1920-970x647.jpg","content_full_desktop-width":970,"content_full_desktop-height":647,"content_full_desktop_retina":"https:\/\/www.franceavelo.com\/wp-content\/uploads\/2024\/12\/church-4850405_1920.jpg","content_full_desktop_retina-width":1920,"content_full_desktop_retina-height":1280,"content_half_desktop":"https:\/\/www.franceavelo.com\/wp-content\/uploads\/2024\/12\/church-4850405_1920-485x323.jpg","content_half_desktop-width":485,"content_half_desktop-height":323,"content_full_tablet":"https:\/\/www.franceavelo.com\/wp-content\/uploads\/2024\/12\/church-4850405_1920-750x500.jpg","content_full_tablet-width":750,"content_full_tablet-height":500,"content_full_tablet_retina":"https:\/\/www.franceavelo.com\/wp-content\/uploads\/2024\/12\/church-4850405_1920-1500x1000.jpg","content_full_tablet_retina-width":1500,"content_full_tablet_retina-height":1000,"content_half_tablet":"https:\/\/www.franceavelo.com\/wp-content\/uploads\/2024\/12\/church-4850405_1920-375x250.jpg","content_half_tablet-width":375,"content_half_tablet-height":250,"content_full_mobile":"https:\/\/www.franceavelo.com\/wp-content\/uploads\/2024\/12\/church-4850405_1920-500x333.jpg","content_full_mobile-width":500,"content_full_mobile-height":333,"content_full_mobile_retina":"https:\/\/www.franceavelo.com\/wp-content\/uploads\/2024\/12\/church-4850405_1920-1000x667.jpg","content_full_mobile_retina-width":1000,"content_full_mobile_retina-height":667,"content_full_smallmobile":"https:\/\/www.franceavelo.com\/wp-content\/uploads\/2024\/12\/church-4850405_1920-380x180.jpg","content_full_smallmobile-width":380,"content_full_smallmobile-height":180,"content_head_mobile":"https:\/\/www.franceavelo.com\/wp-content\/uploads\/2024\/12\/church-4850405_1920-320x430.jpg","content_head_mobile-width":320,"content_head_mobile-height":430,"content_head_tablet":"https:\/\/www.franceavelo.com\/wp-content\/uploads\/2024\/12\/church-4850405_1920-540x500.jpg","content_head_tablet-width":540,"content_head_tablet-height":500,"content_highlight_desktop":"https:\/\/www.franceavelo.com\/wp-content\/uploads\/2024\/12\/church-4850405_1920-350x240.jpg","content_highlight_desktop-width":350,"content_highlight_desktop-height":240,"content_highlight_desktop_retina":"https:\/\/www.franceavelo.com\/wp-content\/uploads\/2024\/12\/church-4850405_1920-700x480.jpg","content_highlight_desktop_retina-width":700,"content_highlight_desktop_retina-height":480,"content_testimony_mobile":"https:\/\/www.franceavelo.com\/wp-content\/uploads\/2024\/12\/church-4850405_1920-480x1100.jpg","content_testimony_mobile-width":480,"content_testimony_mobile-height":1100,"content_type_image_desktop":"https:\/\/www.franceavelo.com\/wp-content\/uploads\/2024\/12\/church-4850405_1920-600x400.jpg","content_type_image_desktop-width":600,"content_type_image_desktop-height":400,"content_type_image_desktop_retina":"https:\/\/www.franceavelo.com\/wp-content\/uploads\/2024\/12\/church-4850405_1920-1200x800.jpg","content_type_image_desktop_retina-width":1200,"content_type_image_desktop_retina-height":800,"content_type_image_mobile":"https:\/\/www.franceavelo.com\/wp-content\/uploads\/2024\/12\/church-4850405_1920-450x300.jpg","content_type_image_mobile-width":450,"content_type_image_mobile-height":300,"gform-image-choice-sm":"https:\/\/www.franceavelo.com\/wp-content\/uploads\/2024\/12\/church-4850405_1920.jpg","gform-image-choice-sm-width":300,"gform-image-choice-sm-height":200,"gform-image-choice-md":"https:\/\/www.franceavelo.com\/wp-content\/uploads\/2024\/12\/church-4850405_1920.jpg","gform-image-choice-md-width":400,"gform-image-choice-md-height":267,"gform-image-choice-lg":"https:\/\/www.franceavelo.com\/wp-content\/uploads\/2024\/12\/church-4850405_1920.jpg","gform-image-choice-lg-width":600,"gform-image-choice-lg-height":400}},"product_gallery_item_video_thumbnail":false,"product_gallery_item_video_url":""},{"product_gallery_item_type":"image","product_gallery_item_image":{"ID":74410,"id":74410,"title":"fork-4876734_1920","filename":"fork-4876734_1920.jpg","filesize":731120,"url":"https:\/\/www.franceavelo.com\/wp-content\/uploads\/2024\/12\/fork-4876734_1920.jpg","link":"https:\/\/www.franceavelo.com\/fr\/product\/voyage-velo-suisse-route-des-lacs-vevey-lucerne-7jours-classique\/fork-4876734_1920-2\/","alt":"Lac circuit Suisse - Route 1291 - Lucerne","author":"12","description":"","caption":"","name":"fork-4876734_1920-2","status":"inherit","uploaded_to":74321,"date":"2024-12-20 12:59:55","modified":"2026-04-03 12:10:11","menu_order":0,"mime_type":"image\/jpeg","type":"image","subtype":"jpeg","icon":"https:\/\/www.franceavelo.com\/wp-includes\/images\/media\/default.png","width":1920,"height":1080,"sizes":{"thumbnail":"https:\/\/www.franceavelo.com\/wp-content\/uploads\/2024\/12\/fork-4876734_1920-150x150.jpg","thumbnail-width":150,"thumbnail-height":150,"medium":"https:\/\/www.franceavelo.com\/wp-content\/uploads\/2024\/12\/fork-4876734_1920-300x169.jpg","medium-width":300,"medium-height":169,"medium_large":"https:\/\/www.franceavelo.com\/wp-content\/uploads\/2024\/12\/fork-4876734_1920-768x432.jpg","medium_large-width":768,"medium_large-height":432,"large":"https:\/\/www.franceavelo.com\/wp-content\/uploads\/2024\/12\/fork-4876734_1920-1024x576.jpg","large-width":1024,"large-height":576,"1536x1536":"https:\/\/www.franceavelo.com\/wp-content\/uploads\/2024\/12\/fork-4876734_1920-1536x864.jpg","1536x1536-width":1536,"1536x1536-height":864,"2048x2048":"https:\/\/www.franceavelo.com\/wp-content\/uploads\/2024\/12\/fork-4876734_1920.jpg","2048x2048-width":1920,"2048x2048-height":1080,"product_option_intro":"https:\/\/www.franceavelo.com\/wp-content\/uploads\/2024\/12\/fork-4876734_1920-300x220.jpg","product_option_intro-width":300,"product_option_intro-height":220,"postlist_thumbnail":"https:\/\/www.franceavelo.com\/wp-content\/uploads\/2024\/12\/fork-4876734_1920-200x200.jpg","postlist_thumbnail-width":200,"postlist_thumbnail-height":200,"content_full_desktop":"https:\/\/www.franceavelo.com\/wp-content\/uploads\/2024\/12\/fork-4876734_1920-970x546.jpg","content_full_desktop-width":970,"content_full_desktop-height":546,"content_full_desktop_retina":"https:\/\/www.franceavelo.com\/wp-content\/uploads\/2024\/12\/fork-4876734_1920.jpg","content_full_desktop_retina-width":1920,"content_full_desktop_retina-height":1080,"content_half_desktop":"https:\/\/www.franceavelo.com\/wp-content\/uploads\/2024\/12\/fork-4876734_1920-485x273.jpg","content_half_desktop-width":485,"content_half_desktop-height":273,"content_full_tablet":"https:\/\/www.franceavelo.com\/wp-content\/uploads\/2024\/12\/fork-4876734_1920-750x422.jpg","content_full_tablet-width":750,"content_full_tablet-height":422,"content_full_tablet_retina":"https:\/\/www.franceavelo.com\/wp-content\/uploads\/2024\/12\/fork-4876734_1920-1500x844.jpg","content_full_tablet_retina-width":1500,"content_full_tablet_retina-height":844,"content_half_tablet":"https:\/\/www.franceavelo.com\/wp-content\/uploads\/2024\/12\/fork-4876734_1920-375x211.jpg","content_half_tablet-width":375,"content_half_tablet-height":211,"content_full_mobile":"https:\/\/www.franceavelo.com\/wp-content\/uploads\/2024\/12\/fork-4876734_1920-500x281.jpg","content_full_mobile-width":500,"content_full_mobile-height":281,"content_full_mobile_retina":"https:\/\/www.franceavelo.com\/wp-content\/uploads\/2024\/12\/fork-4876734_1920-1000x563.jpg","content_full_mobile_retina-width":1000,"content_full_mobile_retina-height":563,"content_full_smallmobile":"https:\/\/www.franceavelo.com\/wp-content\/uploads\/2024\/12\/fork-4876734_1920-380x180.jpg","content_full_smallmobile-width":380,"content_full_smallmobile-height":180,"content_head_mobile":"https:\/\/www.franceavelo.com\/wp-content\/uploads\/2024\/12\/fork-4876734_1920-320x430.jpg","content_head_mobile-width":320,"content_head_mobile-height":430,"content_head_tablet":"https:\/\/www.franceavelo.com\/wp-content\/uploads\/2024\/12\/fork-4876734_1920-540x500.jpg","content_head_tablet-width":540,"content_head_tablet-height":500,"content_highlight_desktop":"https:\/\/www.franceavelo.com\/wp-content\/uploads\/2024\/12\/fork-4876734_1920-350x240.jpg","content_highlight_desktop-width":350,"content_highlight_desktop-height":240,"content_highlight_desktop_retina":"https:\/\/www.franceavelo.com\/wp-content\/uploads\/2024\/12\/fork-4876734_1920-700x480.jpg","content_highlight_desktop_retina-width":700,"content_highlight_desktop_retina-height":480,"content_testimony_mobile":"https:\/\/www.franceavelo.com\/wp-content\/uploads\/2024\/12\/fork-4876734_1920-480x1080.jpg","content_testimony_mobile-width":480,"content_testimony_mobile-height":1080,"content_type_image_desktop":"https:\/\/www.franceavelo.com\/wp-content\/uploads\/2024\/12\/fork-4876734_1920-600x338.jpg","content_type_image_desktop-width":600,"content_type_image_desktop-height":338,"content_type_image_desktop_retina":"https:\/\/www.franceavelo.com\/wp-content\/uploads\/2024\/12\/fork-4876734_1920-1200x675.jpg","content_type_image_desktop_retina-width":1200,"content_type_image_desktop_retina-height":675,"content_type_image_mobile":"https:\/\/www.franceavelo.com\/wp-content\/uploads\/2024\/12\/fork-4876734_1920-450x253.jpg","content_type_image_mobile-width":450,"content_type_image_mobile-height":253,"gform-image-choice-sm":"https:\/\/www.franceavelo.com\/wp-content\/uploads\/2024\/12\/fork-4876734_1920.jpg","gform-image-choice-sm-width":300,"gform-image-choice-sm-height":169,"gform-image-choice-md":"https:\/\/www.franceavelo.com\/wp-content\/uploads\/2024\/12\/fork-4876734_1920.jpg","gform-image-choice-md-width":400,"gform-image-choice-md-height":225,"gform-image-choice-lg":"https:\/\/www.franceavelo.com\/wp-content\/uploads\/2024\/12\/fork-4876734_1920.jpg","gform-image-choice-lg-width":600,"gform-image-choice-lg-height":338}},"product_gallery_item_video_thumbnail":false,"product_gallery_item_video_url":""},{"product_gallery_item_type":"image","product_gallery_item_image":{"ID":74416,"id":74416,"title":"lake-4882411_1920","filename":"lake-4882411_1920.jpg","filesize":945444,"url":"https:\/\/www.franceavelo.com\/wp-content\/uploads\/2024\/12\/lake-4882411_1920.jpg","link":"https:\/\/www.franceavelo.com\/fr\/product\/voyage-velo-suisse-route-des-lacs-vevey-lucerne-7jours-classique\/lake-4882411_1920-2\/","alt":"","author":"12","description":"","caption":"","name":"lake-4882411_1920-2","status":"inherit","uploaded_to":74321,"date":"2024-12-20 13:00:01","modified":"2024-12-20 13:00:01","menu_order":0,"mime_type":"image\/jpeg","type":"image","subtype":"jpeg","icon":"https:\/\/www.franceavelo.com\/wp-includes\/images\/media\/default.png","width":1920,"height":1280,"sizes":{"thumbnail":"https:\/\/www.franceavelo.com\/wp-content\/uploads\/2024\/12\/lake-4882411_1920-150x150.jpg","thumbnail-width":150,"thumbnail-height":150,"medium":"https:\/\/www.franceavelo.com\/wp-content\/uploads\/2024\/12\/lake-4882411_1920-300x200.jpg","medium-width":300,"medium-height":200,"medium_large":"https:\/\/www.franceavelo.com\/wp-content\/uploads\/2024\/12\/lake-4882411_1920-768x512.jpg","medium_large-width":768,"medium_large-height":512,"large":"https:\/\/www.franceavelo.com\/wp-content\/uploads\/2024\/12\/lake-4882411_1920-1024x683.jpg","large-width":1024,"large-height":683,"1536x1536":"https:\/\/www.franceavelo.com\/wp-content\/uploads\/2024\/12\/lake-4882411_1920-1536x1024.jpg","1536x1536-width":1536,"1536x1536-height":1024,"2048x2048":"https:\/\/www.franceavelo.com\/wp-content\/uploads\/2024\/12\/lake-4882411_1920.jpg","2048x2048-width":1920,"2048x2048-height":1280,"product_option_intro":"https:\/\/www.franceavelo.com\/wp-content\/uploads\/2024\/12\/lake-4882411_1920-300x220.jpg","product_option_intro-width":300,"product_option_intro-height":220,"postlist_thumbnail":"https:\/\/www.franceavelo.com\/wp-content\/uploads\/2024\/12\/lake-4882411_1920-200x200.jpg","postlist_thumbnail-width":200,"postlist_thumbnail-height":200,"content_full_desktop":"https:\/\/www.franceavelo.com\/wp-content\/uploads\/2024\/12\/lake-4882411_1920-970x647.jpg","content_full_desktop-width":970,"content_full_desktop-height":647,"content_full_desktop_retina":"https:\/\/www.franceavelo.com\/wp-content\/uploads\/2024\/12\/lake-4882411_1920.jpg","content_full_desktop_retina-width":1920,"content_full_desktop_retina-height":1280,"content_half_desktop":"https:\/\/www.franceavelo.com\/wp-content\/uploads\/2024\/12\/lake-4882411_1920-485x323.jpg","content_half_desktop-width":485,"content_half_desktop-height":323,"content_full_tablet":"https:\/\/www.franceavelo.com\/wp-content\/uploads\/2024\/12\/lake-4882411_1920-750x500.jpg","content_full_tablet-width":750,"content_full_tablet-height":500,"content_full_tablet_retina":"https:\/\/www.franceavelo.com\/wp-content\/uploads\/2024\/12\/lake-4882411_1920-1500x1000.jpg","content_full_tablet_retina-width":1500,"content_full_tablet_retina-height":1000,"content_half_tablet":"https:\/\/www.franceavelo.com\/wp-content\/uploads\/2024\/12\/lake-4882411_1920-375x250.jpg","content_half_tablet-width":375,"content_half_tablet-height":250,"content_full_mobile":"https:\/\/www.franceavelo.com\/wp-content\/uploads\/2024\/12\/lake-4882411_1920-500x333.jpg","content_full_mobile-width":500,"content_full_mobile-height":333,"content_full_mobile_retina":"https:\/\/www.franceavelo.com\/wp-content\/uploads\/2024\/12\/lake-4882411_1920-1000x667.jpg","content_full_mobile_retina-width":1000,"content_full_mobile_retina-height":667,"content_full_smallmobile":"https:\/\/www.franceavelo.com\/wp-content\/uploads\/2024\/12\/lake-4882411_1920-380x180.jpg","content_full_smallmobile-width":380,"content_full_smallmobile-height":180,"content_head_mobile":"https:\/\/www.franceavelo.com\/wp-content\/uploads\/2024\/12\/lake-4882411_1920-320x430.jpg","content_head_mobile-width":320,"content_head_mobile-height":430,"content_head_tablet":"https:\/\/www.franceavelo.com\/wp-content\/uploads\/2024\/12\/lake-4882411_1920-540x500.jpg","content_head_tablet-width":540,"content_head_tablet-height":500,"content_highlight_desktop":"https:\/\/www.franceavelo.com\/wp-content\/uploads\/2024\/12\/lake-4882411_1920-350x240.jpg","content_highlight_desktop-width":350,"content_highlight_desktop-height":240,"content_highlight_desktop_retina":"https:\/\/www.franceavelo.com\/wp-content\/uploads\/2024\/12\/lake-4882411_1920-700x480.jpg","content_highlight_desktop_retina-width":700,"content_highlight_desktop_retina-height":480,"content_testimony_mobile":"https:\/\/www.franceavelo.com\/wp-content\/uploads\/2024\/12\/lake-4882411_1920-480x1100.jpg","content_testimony_mobile-width":480,"content_testimony_mobile-height":1100,"content_type_image_desktop":"https:\/\/www.franceavelo.com\/wp-content\/uploads\/2024\/12\/lake-4882411_1920-600x400.jpg","content_type_image_desktop-width":600,"content_type_image_desktop-height":400,"content_type_image_desktop_retina":"https:\/\/www.franceavelo.com\/wp-content\/uploads\/2024\/12\/lake-4882411_1920-1200x800.jpg","content_type_image_desktop_retina-width":1200,"content_type_image_desktop_retina-height":800,"content_type_image_mobile":"https:\/\/www.franceavelo.com\/wp-content\/uploads\/2024\/12\/lake-4882411_1920-450x300.jpg","content_type_image_mobile-width":450,"content_type_image_mobile-height":300,"gform-image-choice-sm":"https:\/\/www.franceavelo.com\/wp-content\/uploads\/2024\/12\/lake-4882411_1920.jpg","gform-image-choice-sm-width":300,"gform-image-choice-sm-height":200,"gform-image-choice-md":"https:\/\/www.franceavelo.com\/wp-content\/uploads\/2024\/12\/lake-4882411_1920.jpg","gform-image-choice-md-width":400,"gform-image-choice-md-height":267,"gform-image-choice-lg":"https:\/\/www.franceavelo.com\/wp-content\/uploads\/2024\/12\/lake-4882411_1920.jpg","gform-image-choice-lg-width":600,"gform-image-choice-lg-height":400}},"product_gallery_item_video_thumbnail":false,"product_gallery_item_video_url":""},{"product_gallery_item_type":"image","product_gallery_item_image":{"ID":74422,"id":74422,"title":"lake-7022344_1920","filename":"lake-7022344_1920.jpg","filesize":907151,"url":"https:\/\/www.franceavelo.com\/wp-content\/uploads\/2024\/12\/lake-7022344_1920.jpg","link":"https:\/\/www.franceavelo.com\/fr\/product\/voyage-velo-suisse-route-des-lacs-vevey-lucerne-7jours-classique\/lake-7022344_1920-2\/","alt":"Ville vue sur lac","author":"12","description":"","caption":"","name":"lake-7022344_1920-2","status":"inherit","uploaded_to":74321,"date":"2024-12-20 13:00:07","modified":"2026-04-03 12:10:31","menu_order":0,"mime_type":"image\/jpeg","type":"image","subtype":"jpeg","icon":"https:\/\/www.franceavelo.com\/wp-includes\/images\/media\/default.png","width":1920,"height":1280,"sizes":{"thumbnail":"https:\/\/www.franceavelo.com\/wp-content\/uploads\/2024\/12\/lake-7022344_1920-150x150.jpg","thumbnail-width":150,"thumbnail-height":150,"medium":"https:\/\/www.franceavelo.com\/wp-content\/uploads\/2024\/12\/lake-7022344_1920-300x200.jpg","medium-width":300,"medium-height":200,"medium_large":"https:\/\/www.franceavelo.com\/wp-content\/uploads\/2024\/12\/lake-7022344_1920-768x512.jpg","medium_large-width":768,"medium_large-height":512,"large":"https:\/\/www.franceavelo.com\/wp-content\/uploads\/2024\/12\/lake-7022344_1920-1024x683.jpg","large-width":1024,"large-height":683,"1536x1536":"https:\/\/www.franceavelo.com\/wp-content\/uploads\/2024\/12\/lake-7022344_1920-1536x1024.jpg","1536x1536-width":1536,"1536x1536-height":1024,"2048x2048":"https:\/\/www.franceavelo.com\/wp-content\/uploads\/2024\/12\/lake-7022344_1920.jpg","2048x2048-width":1920,"2048x2048-height":1280,"product_option_intro":"https:\/\/www.franceavelo.com\/wp-content\/uploads\/2024\/12\/lake-7022344_1920-300x220.jpg","product_option_intro-width":300,"product_option_intro-height":220,"postlist_thumbnail":"https:\/\/www.franceavelo.com\/wp-content\/uploads\/2024\/12\/lake-7022344_1920-200x200.jpg","postlist_thumbnail-width":200,"postlist_thumbnail-height":200,"content_full_desktop":"https:\/\/www.franceavelo.com\/wp-content\/uploads\/2024\/12\/lake-7022344_1920-970x647.jpg","content_full_desktop-width":970,"content_full_desktop-height":647,"content_full_desktop_retina":"https:\/\/www.franceavelo.com\/wp-content\/uploads\/2024\/12\/lake-7022344_1920.jpg","content_full_desktop_retina-width":1920,"content_full_desktop_retina-height":1280,"content_half_desktop":"https:\/\/www.franceavelo.com\/wp-content\/uploads\/2024\/12\/lake-7022344_1920-485x323.jpg","content_half_desktop-width":485,"content_half_desktop-height":323,"content_full_tablet":"https:\/\/www.franceavelo.com\/wp-content\/uploads\/2024\/12\/lake-7022344_1920-750x500.jpg","content_full_tablet-width":750,"content_full_tablet-height":500,"content_full_tablet_retina":"https:\/\/www.franceavelo.com\/wp-content\/uploads\/2024\/12\/lake-7022344_1920-1500x1000.jpg","content_full_tablet_retina-width":1500,"content_full_tablet_retina-height":1000,"content_half_tablet":"https:\/\/www.franceavelo.com\/wp-content\/uploads\/2024\/12\/lake-7022344_1920-375x250.jpg","content_half_tablet-width":375,"content_half_tablet-height":250,"content_full_mobile":"https:\/\/www.franceavelo.com\/wp-content\/uploads\/2024\/12\/lake-7022344_1920-500x333.jpg","content_full_mobile-width":500,"content_full_mobile-height":333,"content_full_mobile_retina":"https:\/\/www.franceavelo.com\/wp-content\/uploads\/2024\/12\/lake-7022344_1920-1000x667.jpg","content_full_mobile_retina-width":1000,"content_full_mobile_retina-height":667,"content_full_smallmobile":"https:\/\/www.franceavelo.com\/wp-content\/uploads\/2024\/12\/lake-7022344_1920-380x180.jpg","content_full_smallmobile-width":380,"content_full_smallmobile-height":180,"content_head_mobile":"https:\/\/www.franceavelo.com\/wp-content\/uploads\/2024\/12\/lake-7022344_1920-320x430.jpg","content_head_mobile-width":320,"content_head_mobile-height":430,"content_head_tablet":"https:\/\/www.franceavelo.com\/wp-content\/uploads\/2024\/12\/lake-7022344_1920-540x500.jpg","content_head_tablet-width":540,"content_head_tablet-height":500,"content_highlight_desktop":"https:\/\/www.franceavelo.com\/wp-content\/uploads\/2024\/12\/lake-7022344_1920-350x240.jpg","content_highlight_desktop-width":350,"content_highlight_desktop-height":240,"content_highlight_desktop_retina":"https:\/\/www.franceavelo.com\/wp-content\/uploads\/2024\/12\/lake-7022344_1920-700x480.jpg","content_highlight_desktop_retina-width":700,"content_highlight_desktop_retina-height":480,"content_testimony_mobile":"https:\/\/www.franceavelo.com\/wp-content\/uploads\/2024\/12\/lake-7022344_1920-480x1100.jpg","content_testimony_mobile-width":480,"content_testimony_mobile-height":1100,"content_type_image_desktop":"https:\/\/www.franceavelo.com\/wp-content\/uploads\/2024\/12\/lake-7022344_1920-600x400.jpg","content_type_image_desktop-width":600,"content_type_image_desktop-height":400,"content_type_image_desktop_retina":"https:\/\/www.franceavelo.com\/wp-content\/uploads\/2024\/12\/lake-7022344_1920-1200x800.jpg","content_type_image_desktop_retina-width":1200,"content_type_image_desktop_retina-height":800,"content_type_image_mobile":"https:\/\/www.franceavelo.com\/wp-content\/uploads\/2024\/12\/lake-7022344_1920-450x300.jpg","content_type_image_mobile-width":450,"content_type_image_mobile-height":300,"gform-image-choice-sm":"https:\/\/www.franceavelo.com\/wp-content\/uploads\/2024\/12\/lake-7022344_1920.jpg","gform-image-choice-sm-width":300,"gform-image-choice-sm-height":200,"gform-image-choice-md":"https:\/\/www.franceavelo.com\/wp-content\/uploads\/2024\/12\/lake-7022344_1920.jpg","gform-image-choice-md-width":400,"gform-image-choice-md-height":267,"gform-image-choice-lg":"https:\/\/www.franceavelo.com\/wp-content\/uploads\/2024\/12\/lake-7022344_1920.jpg","gform-image-choice-lg-width":600,"gform-image-choice-lg-height":400}},"product_gallery_item_video_thumbnail":false,"product_gallery_item_video_url":""},{"product_gallery_item_type":"image","product_gallery_item_image":{"ID":74425,"id":74425,"title":"mountains-1645078_1920","filename":"mountains-1645078_1920.jpg","filesize":798077,"url":"https:\/\/www.franceavelo.com\/wp-content\/uploads\/2024\/12\/mountains-1645078_1920.jpg","link":"https:\/\/www.franceavelo.com\/fr\/product\/voyage-velo-suisse-route-des-lacs-vevey-lucerne-7jours-classique\/mountains-1645078_1920-2\/","alt":"Lac au milieu des montagnes","author":"12","description":"","caption":"","name":"mountains-1645078_1920-2","status":"inherit","uploaded_to":74321,"date":"2024-12-20 13:00:10","modified":"2026-04-03 12:10:40","menu_order":0,"mime_type":"image\/jpeg","type":"image","subtype":"jpeg","icon":"https:\/\/www.franceavelo.com\/wp-includes\/images\/media\/default.png","width":1920,"height":1104,"sizes":{"thumbnail":"https:\/\/www.franceavelo.com\/wp-content\/uploads\/2024\/12\/mountains-1645078_1920-150x150.jpg","thumbnail-width":150,"thumbnail-height":150,"medium":"https:\/\/www.franceavelo.com\/wp-content\/uploads\/2024\/12\/mountains-1645078_1920-300x173.jpg","medium-width":300,"medium-height":173,"medium_large":"https:\/\/www.franceavelo.com\/wp-content\/uploads\/2024\/12\/mountains-1645078_1920-768x442.jpg","medium_large-width":768,"medium_large-height":442,"large":"https:\/\/www.franceavelo.com\/wp-content\/uploads\/2024\/12\/mountains-1645078_1920-1024x589.jpg","large-width":1024,"large-height":589,"1536x1536":"https:\/\/www.franceavelo.com\/wp-content\/uploads\/2024\/12\/mountains-1645078_1920-1536x883.jpg","1536x1536-width":1536,"1536x1536-height":883,"2048x2048":"https:\/\/www.franceavelo.com\/wp-content\/uploads\/2024\/12\/mountains-1645078_1920.jpg","2048x2048-width":1920,"2048x2048-height":1104,"product_option_intro":"https:\/\/www.franceavelo.com\/wp-content\/uploads\/2024\/12\/mountains-1645078_1920-300x220.jpg","product_option_intro-width":300,"product_option_intro-height":220,"postlist_thumbnail":"https:\/\/www.franceavelo.com\/wp-content\/uploads\/2024\/12\/mountains-1645078_1920-200x200.jpg","postlist_thumbnail-width":200,"postlist_thumbnail-height":200,"content_full_desktop":"https:\/\/www.franceavelo.com\/wp-content\/uploads\/2024\/12\/mountains-1645078_1920-970x558.jpg","content_full_desktop-width":970,"content_full_desktop-height":558,"content_full_desktop_retina":"https:\/\/www.franceavelo.com\/wp-content\/uploads\/2024\/12\/mountains-1645078_1920.jpg","content_full_desktop_retina-width":1920,"content_full_desktop_retina-height":1104,"content_half_desktop":"https:\/\/www.franceavelo.com\/wp-content\/uploads\/2024\/12\/mountains-1645078_1920-485x279.jpg","content_half_desktop-width":485,"content_half_desktop-height":279,"content_full_tablet":"https:\/\/www.franceavelo.com\/wp-content\/uploads\/2024\/12\/mountains-1645078_1920-750x431.jpg","content_full_tablet-width":750,"content_full_tablet-height":431,"content_full_tablet_retina":"https:\/\/www.franceavelo.com\/wp-content\/uploads\/2024\/12\/mountains-1645078_1920-1500x863.jpg","content_full_tablet_retina-width":1500,"content_full_tablet_retina-height":863,"content_half_tablet":"https:\/\/www.franceavelo.com\/wp-content\/uploads\/2024\/12\/mountains-1645078_1920-375x216.jpg","content_half_tablet-width":375,"content_half_tablet-height":216,"content_full_mobile":"https:\/\/www.franceavelo.com\/wp-content\/uploads\/2024\/12\/mountains-1645078_1920-500x288.jpg","content_full_mobile-width":500,"content_full_mobile-height":288,"content_full_mobile_retina":"https:\/\/www.franceavelo.com\/wp-content\/uploads\/2024\/12\/mountains-1645078_1920-1000x575.jpg","content_full_mobile_retina-width":1000,"content_full_mobile_retina-height":575,"content_full_smallmobile":"https:\/\/www.franceavelo.com\/wp-content\/uploads\/2024\/12\/mountains-1645078_1920-380x180.jpg","content_full_smallmobile-width":380,"content_full_smallmobile-height":180,"content_head_mobile":"https:\/\/www.franceavelo.com\/wp-content\/uploads\/2024\/12\/mountains-1645078_1920-320x430.jpg","content_head_mobile-width":320,"content_head_mobile-height":430,"content_head_tablet":"https:\/\/www.franceavelo.com\/wp-content\/uploads\/2024\/12\/mountains-1645078_1920-540x500.jpg","content_head_tablet-width":540,"content_head_tablet-height":500,"content_highlight_desktop":"https:\/\/www.franceavelo.com\/wp-content\/uploads\/2024\/12\/mountains-1645078_1920-350x240.jpg","content_highlight_desktop-width":350,"content_highlight_desktop-height":240,"content_highlight_desktop_retina":"https:\/\/www.franceavelo.com\/wp-content\/uploads\/2024\/12\/mountains-1645078_1920-700x480.jpg","content_highlight_desktop_retina-width":700,"content_highlight_desktop_retina-height":480,"content_testimony_mobile":"https:\/\/www.franceavelo.com\/wp-content\/uploads\/2024\/12\/mountains-1645078_1920-480x1100.jpg","content_testimony_mobile-width":480,"content_testimony_mobile-height":1100,"content_type_image_desktop":"https:\/\/www.franceavelo.com\/wp-content\/uploads\/2024\/12\/mountains-1645078_1920-600x345.jpg","content_type_image_desktop-width":600,"content_type_image_desktop-height":345,"content_type_image_desktop_retina":"https:\/\/www.franceavelo.com\/wp-content\/uploads\/2024\/12\/mountains-1645078_1920-1200x690.jpg","content_type_image_desktop_retina-width":1200,"content_type_image_desktop_retina-height":690,"content_type_image_mobile":"https:\/\/www.franceavelo.com\/wp-content\/uploads\/2024\/12\/mountains-1645078_1920-450x259.jpg","content_type_image_mobile-width":450,"content_type_image_mobile-height":259,"gform-image-choice-sm":"https:\/\/www.franceavelo.com\/wp-content\/uploads\/2024\/12\/mountains-1645078_1920.jpg","gform-image-choice-sm-width":300,"gform-image-choice-sm-height":173,"gform-image-choice-md":"https:\/\/www.franceavelo.com\/wp-content\/uploads\/2024\/12\/mountains-1645078_1920.jpg","gform-image-choice-md-width":400,"gform-image-choice-md-height":230,"gform-image-choice-lg":"https:\/\/www.franceavelo.com\/wp-content\/uploads\/2024\/12\/mountains-1645078_1920.jpg","gform-image-choice-lg-width":600,"gform-image-choice-lg-height":345}},"product_gallery_item_video_thumbnail":false,"product_gallery_item_video_url":""},{"product_gallery_item_type":"image","product_gallery_item_image":{"ID":74428,"id":74428,"title":"sarnen-4693767_1920","filename":"sarnen-4693767_1920.jpg","filesize":888908,"url":"https:\/\/www.franceavelo.com\/wp-content\/uploads\/2024\/12\/sarnen-4693767_1920.jpg","link":"https:\/\/www.franceavelo.com\/fr\/product\/voyage-velo-suisse-route-des-lacs-vevey-lucerne-7jours-classique\/sarnen-4693767_1920-2\/","alt":"Lac au milieu des montagnes","author":"12","description":"","caption":"","name":"sarnen-4693767_1920-2","status":"inherit","uploaded_to":74321,"date":"2024-12-20 13:00:13","modified":"2026-04-03 12:10:48","menu_order":0,"mime_type":"image\/jpeg","type":"image","subtype":"jpeg","icon":"https:\/\/www.franceavelo.com\/wp-includes\/images\/media\/default.png","width":1920,"height":1080,"sizes":{"thumbnail":"https:\/\/www.franceavelo.com\/wp-content\/uploads\/2024\/12\/sarnen-4693767_1920-150x150.jpg","thumbnail-width":150,"thumbnail-height":150,"medium":"https:\/\/www.franceavelo.com\/wp-content\/uploads\/2024\/12\/sarnen-4693767_1920-300x169.jpg","medium-width":300,"medium-height":169,"medium_large":"https:\/\/www.franceavelo.com\/wp-content\/uploads\/2024\/12\/sarnen-4693767_1920-768x432.jpg","medium_large-width":768,"medium_large-height":432,"large":"https:\/\/www.franceavelo.com\/wp-content\/uploads\/2024\/12\/sarnen-4693767_1920-1024x576.jpg","large-width":1024,"large-height":576,"1536x1536":"https:\/\/www.franceavelo.com\/wp-content\/uploads\/2024\/12\/sarnen-4693767_1920-1536x864.jpg","1536x1536-width":1536,"1536x1536-height":864,"2048x2048":"https:\/\/www.franceavelo.com\/wp-content\/uploads\/2024\/12\/sarnen-4693767_1920.jpg","2048x2048-width":1920,"2048x2048-height":1080,"product_option_intro":"https:\/\/www.franceavelo.com\/wp-content\/uploads\/2024\/12\/sarnen-4693767_1920-300x220.jpg","product_option_intro-width":300,"product_option_intro-height":220,"postlist_thumbnail":"https:\/\/www.franceavelo.com\/wp-content\/uploads\/2024\/12\/sarnen-4693767_1920-200x200.jpg","postlist_thumbnail-width":200,"postlist_thumbnail-height":200,"content_full_desktop":"https:\/\/www.franceavelo.com\/wp-content\/uploads\/2024\/12\/sarnen-4693767_1920-970x546.jpg","content_full_desktop-width":970,"content_full_desktop-height":546,"content_full_desktop_retina":"https:\/\/www.franceavelo.com\/wp-content\/uploads\/2024\/12\/sarnen-4693767_1920.jpg","content_full_desktop_retina-width":1920,"content_full_desktop_retina-height":1080,"content_half_desktop":"https:\/\/www.franceavelo.com\/wp-content\/uploads\/2024\/12\/sarnen-4693767_1920-485x273.jpg","content_half_desktop-width":485,"content_half_desktop-height":273,"content_full_tablet":"https:\/\/www.franceavelo.com\/wp-content\/uploads\/2024\/12\/sarnen-4693767_1920-750x422.jpg","content_full_tablet-width":750,"content_full_tablet-height":422,"content_full_tablet_retina":"https:\/\/www.franceavelo.com\/wp-content\/uploads\/2024\/12\/sarnen-4693767_1920-1500x844.jpg","content_full_tablet_retina-width":1500,"content_full_tablet_retina-height":844,"content_half_tablet":"https:\/\/www.franceavelo.com\/wp-content\/uploads\/2024\/12\/sarnen-4693767_1920-375x211.jpg","content_half_tablet-width":375,"content_half_tablet-height":211,"content_full_mobile":"https:\/\/www.franceavelo.com\/wp-content\/uploads\/2024\/12\/sarnen-4693767_1920-500x281.jpg","content_full_mobile-width":500,"content_full_mobile-height":281,"content_full_mobile_retina":"https:\/\/www.franceavelo.com\/wp-content\/uploads\/2024\/12\/sarnen-4693767_1920-1000x563.jpg","content_full_mobile_retina-width":1000,"content_full_mobile_retina-height":563,"content_full_smallmobile":"https:\/\/www.franceavelo.com\/wp-content\/uploads\/2024\/12\/sarnen-4693767_1920-380x180.jpg","content_full_smallmobile-width":380,"content_full_smallmobile-height":180,"content_head_mobile":"https:\/\/www.franceavelo.com\/wp-content\/uploads\/2024\/12\/sarnen-4693767_1920-320x430.jpg","content_head_mobile-width":320,"content_head_mobile-height":430,"content_head_tablet":"https:\/\/www.franceavelo.com\/wp-content\/uploads\/2024\/12\/sarnen-4693767_1920-540x500.jpg","content_head_tablet-width":540,"content_head_tablet-height":500,"content_highlight_desktop":"https:\/\/www.franceavelo.com\/wp-content\/uploads\/2024\/12\/sarnen-4693767_1920-350x240.jpg","content_highlight_desktop-width":350,"content_highlight_desktop-height":240,"content_highlight_desktop_retina":"https:\/\/www.franceavelo.com\/wp-content\/uploads\/2024\/12\/sarnen-4693767_1920-700x480.jpg","content_highlight_desktop_retina-width":700,"content_highlight_desktop_retina-height":480,"content_testimony_mobile":"https:\/\/www.franceavelo.com\/wp-content\/uploads\/2024\/12\/sarnen-4693767_1920-480x1080.jpg","content_testimony_mobile-width":480,"content_testimony_mobile-height":1080,"content_type_image_desktop":"https:\/\/www.franceavelo.com\/wp-content\/uploads\/2024\/12\/sarnen-4693767_1920-600x338.jpg","content_type_image_desktop-width":600,"content_type_image_desktop-height":338,"content_type_image_desktop_retina":"https:\/\/www.franceavelo.com\/wp-content\/uploads\/2024\/12\/sarnen-4693767_1920-1200x675.jpg","content_type_image_desktop_retina-width":1200,"content_type_image_desktop_retina-height":675,"content_type_image_mobile":"https:\/\/www.franceavelo.com\/wp-content\/uploads\/2024\/12\/sarnen-4693767_1920-450x253.jpg","content_type_image_mobile-width":450,"content_type_image_mobile-height":253,"gform-image-choice-sm":"https:\/\/www.franceavelo.com\/wp-content\/uploads\/2024\/12\/sarnen-4693767_1920.jpg","gform-image-choice-sm-width":300,"gform-image-choice-sm-height":169,"gform-image-choice-md":"https:\/\/www.franceavelo.com\/wp-content\/uploads\/2024\/12\/sarnen-4693767_1920.jpg","gform-image-choice-md-width":400,"gform-image-choice-md-height":225,"gform-image-choice-lg":"https:\/\/www.franceavelo.com\/wp-content\/uploads\/2024\/12\/sarnen-4693767_1920.jpg","gform-image-choice-lg-width":600,"gform-image-choice-lg-height":338}},"product_gallery_item_video_thumbnail":false,"product_gallery_item_video_url":""},{"product_gallery_item_type":"image","product_gallery_item_image":{"ID":74431,"id":74431,"title":"swiss-1560616_1920","filename":"swiss-1560616_1920.jpg","filesize":1252549,"url":"https:\/\/www.franceavelo.com\/wp-content\/uploads\/2024\/12\/swiss-1560616_1920.jpg","link":"https:\/\/www.franceavelo.com\/fr\/product\/voyage-velo-suisse-route-des-lacs-vevey-lucerne-7jours-classique\/swiss-1560616_1920-2\/","alt":"Vignes sur la c\u00f4te","author":"12","description":"","caption":"","name":"swiss-1560616_1920-2","status":"inherit","uploaded_to":74321,"date":"2024-12-20 13:00:16","modified":"2026-04-03 12:03:00","menu_order":0,"mime_type":"image\/jpeg","type":"image","subtype":"jpeg","icon":"https:\/\/www.franceavelo.com\/wp-includes\/images\/media\/default.png","width":1920,"height":1280,"sizes":{"thumbnail":"https:\/\/www.franceavelo.com\/wp-content\/uploads\/2024\/12\/swiss-1560616_1920-150x150.jpg","thumbnail-width":150,"thumbnail-height":150,"medium":"https:\/\/www.franceavelo.com\/wp-content\/uploads\/2024\/12\/swiss-1560616_1920-300x200.jpg","medium-width":300,"medium-height":200,"medium_large":"https:\/\/www.franceavelo.com\/wp-content\/uploads\/2024\/12\/swiss-1560616_1920-768x512.jpg","medium_large-width":768,"medium_large-height":512,"large":"https:\/\/www.franceavelo.com\/wp-content\/uploads\/2024\/12\/swiss-1560616_1920-1024x683.jpg","large-width":1024,"large-height":683,"1536x1536":"https:\/\/www.franceavelo.com\/wp-content\/uploads\/2024\/12\/swiss-1560616_1920-1536x1024.jpg","1536x1536-width":1536,"1536x1536-height":1024,"2048x2048":"https:\/\/www.franceavelo.com\/wp-content\/uploads\/2024\/12\/swiss-1560616_1920.jpg","2048x2048-width":1920,"2048x2048-height":1280,"product_option_intro":"https:\/\/www.franceavelo.com\/wp-content\/uploads\/2024\/12\/swiss-1560616_1920-300x220.jpg","product_option_intro-width":300,"product_option_intro-height":220,"postlist_thumbnail":"https:\/\/www.franceavelo.com\/wp-content\/uploads\/2024\/12\/swiss-1560616_1920-200x200.jpg","postlist_thumbnail-width":200,"postlist_thumbnail-height":200,"content_full_desktop":"https:\/\/www.franceavelo.com\/wp-content\/uploads\/2024\/12\/swiss-1560616_1920-970x647.jpg","content_full_desktop-width":970,"content_full_desktop-height":647,"content_full_desktop_retina":"https:\/\/www.franceavelo.com\/wp-content\/uploads\/2024\/12\/swiss-1560616_1920.jpg","content_full_desktop_retina-width":1920,"content_full_desktop_retina-height":1280,"content_half_desktop":"https:\/\/www.franceavelo.com\/wp-content\/uploads\/2024\/12\/swiss-1560616_1920-485x323.jpg","content_half_desktop-width":485,"content_half_desktop-height":323,"content_full_tablet":"https:\/\/www.franceavelo.com\/wp-content\/uploads\/2024\/12\/swiss-1560616_1920-750x500.jpg","content_full_tablet-width":750,"content_full_tablet-height":500,"content_full_tablet_retina":"https:\/\/www.franceavelo.com\/wp-content\/uploads\/2024\/12\/swiss-1560616_1920-1500x1000.jpg","content_full_tablet_retina-width":1500,"content_full_tablet_retina-height":1000,"content_half_tablet":"https:\/\/www.franceavelo.com\/wp-content\/uploads\/2024\/12\/swiss-1560616_1920-375x250.jpg","content_half_tablet-width":375,"content_half_tablet-height":250,"content_full_mobile":"https:\/\/www.franceavelo.com\/wp-content\/uploads\/2024\/12\/swiss-1560616_1920-500x333.jpg","content_full_mobile-width":500,"content_full_mobile-height":333,"content_full_mobile_retina":"https:\/\/www.franceavelo.com\/wp-content\/uploads\/2024\/12\/swiss-1560616_1920-1000x667.jpg","content_full_mobile_retina-width":1000,"content_full_mobile_retina-height":667,"content_full_smallmobile":"https:\/\/www.franceavelo.com\/wp-content\/uploads\/2024\/12\/swiss-1560616_1920-380x180.jpg","content_full_smallmobile-width":380,"content_full_smallmobile-height":180,"content_head_mobile":"https:\/\/www.franceavelo.com\/wp-content\/uploads\/2024\/12\/swiss-1560616_1920-320x430.jpg","content_head_mobile-width":320,"content_head_mobile-height":430,"content_head_tablet":"https:\/\/www.franceavelo.com\/wp-content\/uploads\/2024\/12\/swiss-1560616_1920-540x500.jpg","content_head_tablet-width":540,"content_head_tablet-height":500,"content_highlight_desktop":"https:\/\/www.franceavelo.com\/wp-content\/uploads\/2024\/12\/swiss-1560616_1920-350x240.jpg","content_highlight_desktop-width":350,"content_highlight_desktop-height":240,"content_highlight_desktop_retina":"https:\/\/www.franceavelo.com\/wp-content\/uploads\/2024\/12\/swiss-1560616_1920-700x480.jpg","content_highlight_desktop_retina-width":700,"content_highlight_desktop_retina-height":480,"content_testimony_mobile":"https:\/\/www.franceavelo.com\/wp-content\/uploads\/2024\/12\/swiss-1560616_1920-480x1100.jpg","content_testimony_mobile-width":480,"content_testimony_mobile-height":1100,"content_type_image_desktop":"https:\/\/www.franceavelo.com\/wp-content\/uploads\/2024\/12\/swiss-1560616_1920-600x400.jpg","content_type_image_desktop-width":600,"content_type_image_desktop-height":400,"content_type_image_desktop_retina":"https:\/\/www.franceavelo.com\/wp-content\/uploads\/2024\/12\/swiss-1560616_1920-1200x800.jpg","content_type_image_desktop_retina-width":1200,"content_type_image_desktop_retina-height":800,"content_type_image_mobile":"https:\/\/www.franceavelo.com\/wp-content\/uploads\/2024\/12\/swiss-1560616_1920-450x300.jpg","content_type_image_mobile-width":450,"content_type_image_mobile-height":300,"gform-image-choice-sm":"https:\/\/www.franceavelo.com\/wp-content\/uploads\/2024\/12\/swiss-1560616_1920.jpg","gform-image-choice-sm-width":300,"gform-image-choice-sm-height":200,"gform-image-choice-md":"https:\/\/www.franceavelo.com\/wp-content\/uploads\/2024\/12\/swiss-1560616_1920.jpg","gform-image-choice-md-width":400,"gform-image-choice-md-height":267,"gform-image-choice-lg":"https:\/\/www.franceavelo.com\/wp-content\/uploads\/2024\/12\/swiss-1560616_1920.jpg","gform-image-choice-lg-width":600,"gform-image-choice-lg-height":400}},"product_gallery_item_video_thumbnail":false,"product_gallery_item_video_url":""},{"product_gallery_item_type":"image","product_gallery_item_image":{"ID":74434,"id":74434,"title":"truebsee-5337646_1920","filename":"truebsee-5337646_1920.jpg","filesize":888580,"url":"https:\/\/www.franceavelo.com\/wp-content\/uploads\/2024\/12\/truebsee-5337646_1920.jpg","link":"https:\/\/www.franceavelo.com\/fr\/product\/voyage-velo-suisse-route-des-lacs-vevey-lucerne-7jours-classique\/truebsee-5337646_1920-2\/","alt":"Lac et montagnes - circuit Suisse - Route 1291 - Lucerne","author":"12","description":"","caption":"","name":"truebsee-5337646_1920-2","status":"inherit","uploaded_to":74321,"date":"2024-12-20 13:00:19","modified":"2026-04-03 12:12:12","menu_order":0,"mime_type":"image\/jpeg","type":"image","subtype":"jpeg","icon":"https:\/\/www.franceavelo.com\/wp-includes\/images\/media\/default.png","width":1920,"height":1281,"sizes":{"thumbnail":"https:\/\/www.franceavelo.com\/wp-content\/uploads\/2024\/12\/truebsee-5337646_1920-150x150.jpg","thumbnail-width":150,"thumbnail-height":150,"medium":"https:\/\/www.franceavelo.com\/wp-content\/uploads\/2024\/12\/truebsee-5337646_1920-300x200.jpg","medium-width":300,"medium-height":200,"medium_large":"https:\/\/www.franceavelo.com\/wp-content\/uploads\/2024\/12\/truebsee-5337646_1920-768x512.jpg","medium_large-width":768,"medium_large-height":512,"large":"https:\/\/www.franceavelo.com\/wp-content\/uploads\/2024\/12\/truebsee-5337646_1920-1024x683.jpg","large-width":1024,"large-height":683,"1536x1536":"https:\/\/www.franceavelo.com\/wp-content\/uploads\/2024\/12\/truebsee-5337646_1920-1536x1025.jpg","1536x1536-width":1536,"1536x1536-height":1025,"2048x2048":"https:\/\/www.franceavelo.com\/wp-content\/uploads\/2024\/12\/truebsee-5337646_1920.jpg","2048x2048-width":1920,"2048x2048-height":1281,"product_option_intro":"https:\/\/www.franceavelo.com\/wp-content\/uploads\/2024\/12\/truebsee-5337646_1920-300x220.jpg","product_option_intro-width":300,"product_option_intro-height":220,"postlist_thumbnail":"https:\/\/www.franceavelo.com\/wp-content\/uploads\/2024\/12\/truebsee-5337646_1920-200x200.jpg","postlist_thumbnail-width":200,"postlist_thumbnail-height":200,"content_full_desktop":"https:\/\/www.franceavelo.com\/wp-content\/uploads\/2024\/12\/truebsee-5337646_1920-970x647.jpg","content_full_desktop-width":970,"content_full_desktop-height":647,"content_full_desktop_retina":"https:\/\/www.franceavelo.com\/wp-content\/uploads\/2024\/12\/truebsee-5337646_1920.jpg","content_full_desktop_retina-width":1920,"content_full_desktop_retina-height":1281,"content_half_desktop":"https:\/\/www.franceavelo.com\/wp-content\/uploads\/2024\/12\/truebsee-5337646_1920-485x324.jpg","content_half_desktop-width":485,"content_half_desktop-height":324,"content_full_tablet":"https:\/\/www.franceavelo.com\/wp-content\/uploads\/2024\/12\/truebsee-5337646_1920-750x500.jpg","content_full_tablet-width":750,"content_full_tablet-height":500,"content_full_tablet_retina":"https:\/\/www.franceavelo.com\/wp-content\/uploads\/2024\/12\/truebsee-5337646_1920-1500x1001.jpg","content_full_tablet_retina-width":1500,"content_full_tablet_retina-height":1001,"content_half_tablet":"https:\/\/www.franceavelo.com\/wp-content\/uploads\/2024\/12\/truebsee-5337646_1920-375x250.jpg","content_half_tablet-width":375,"content_half_tablet-height":250,"content_full_mobile":"https:\/\/www.franceavelo.com\/wp-content\/uploads\/2024\/12\/truebsee-5337646_1920-500x334.jpg","content_full_mobile-width":500,"content_full_mobile-height":334,"content_full_mobile_retina":"https:\/\/www.franceavelo.com\/wp-content\/uploads\/2024\/12\/truebsee-5337646_1920-1000x667.jpg","content_full_mobile_retina-width":1000,"content_full_mobile_retina-height":667,"content_full_smallmobile":"https:\/\/www.franceavelo.com\/wp-content\/uploads\/2024\/12\/truebsee-5337646_1920-380x180.jpg","content_full_smallmobile-width":380,"content_full_smallmobile-height":180,"content_head_mobile":"https:\/\/www.franceavelo.com\/wp-content\/uploads\/2024\/12\/truebsee-5337646_1920-320x430.jpg","content_head_mobile-width":320,"content_head_mobile-height":430,"content_head_tablet":"https:\/\/www.franceavelo.com\/wp-content\/uploads\/2024\/12\/truebsee-5337646_1920-540x500.jpg","content_head_tablet-width":540,"content_head_tablet-height":500,"content_highlight_desktop":"https:\/\/www.franceavelo.com\/wp-content\/uploads\/2024\/12\/truebsee-5337646_1920-350x240.jpg","content_highlight_desktop-width":350,"content_highlight_desktop-height":240,"content_highlight_desktop_retina":"https:\/\/www.franceavelo.com\/wp-content\/uploads\/2024\/12\/truebsee-5337646_1920-700x480.jpg","content_highlight_desktop_retina-width":700,"content_highlight_desktop_retina-height":480,"content_testimony_mobile":"https:\/\/www.franceavelo.com\/wp-content\/uploads\/2024\/12\/truebsee-5337646_1920-480x1100.jpg","content_testimony_mobile-width":480,"content_testimony_mobile-height":1100,"content_type_image_desktop":"https:\/\/www.franceavelo.com\/wp-content\/uploads\/2024\/12\/truebsee-5337646_1920-600x400.jpg","content_type_image_desktop-width":600,"content_type_image_desktop-height":400,"content_type_image_desktop_retina":"https:\/\/www.franceavelo.com\/wp-content\/uploads\/2024\/12\/truebsee-5337646_1920-1200x801.jpg","content_type_image_desktop_retina-width":1200,"content_type_image_desktop_retina-height":801,"content_type_image_mobile":"https:\/\/www.franceavelo.com\/wp-content\/uploads\/2024\/12\/truebsee-5337646_1920-450x300.jpg","content_type_image_mobile-width":450,"content_type_image_mobile-height":300,"gform-image-choice-sm":"https:\/\/www.franceavelo.com\/wp-content\/uploads\/2024\/12\/truebsee-5337646_1920.jpg","gform-image-choice-sm-width":300,"gform-image-choice-sm-height":200,"gform-image-choice-md":"https:\/\/www.franceavelo.com\/wp-content\/uploads\/2024\/12\/truebsee-5337646_1920.jpg","gform-image-choice-md-width":400,"gform-image-choice-md-height":267,"gform-image-choice-lg":"https:\/\/www.franceavelo.com\/wp-content\/uploads\/2024\/12\/truebsee-5337646_1920.jpg","gform-image-choice-lg-width":600,"gform-image-choice-lg-height":400}},"product_gallery_item_video_thumbnail":false,"product_gallery_item_video_url":""},{"product_gallery_item_type":"image","product_gallery_item_image":{"ID":74437,"id":74437,"title":"lake-3918137_1920","filename":"lake-3918137_1920.jpg","filesize":1018328,"url":"https:\/\/www.franceavelo.com\/wp-content\/uploads\/2024\/12\/lake-3918137_1920.jpg","link":"https:\/\/www.franceavelo.com\/fr\/product\/voyage-velo-suisse-route-des-lacs-vevey-lucerne-7jours-classique\/lake-3918137_1920-2\/","alt":"Ville vue sur lac -","author":"12","description":"","caption":"","name":"lake-3918137_1920-2","status":"inherit","uploaded_to":74321,"date":"2024-12-20 13:00:22","modified":"2026-04-03 12:11:46","menu_order":0,"mime_type":"image\/jpeg","type":"image","subtype":"jpeg","icon":"https:\/\/www.franceavelo.com\/wp-includes\/images\/media\/default.png","width":1920,"height":1280,"sizes":{"thumbnail":"https:\/\/www.franceavelo.com\/wp-content\/uploads\/2024\/12\/lake-3918137_1920-150x150.jpg","thumbnail-width":150,"thumbnail-height":150,"medium":"https:\/\/www.franceavelo.com\/wp-content\/uploads\/2024\/12\/lake-3918137_1920-300x200.jpg","medium-width":300,"medium-height":200,"medium_large":"https:\/\/www.franceavelo.com\/wp-content\/uploads\/2024\/12\/lake-3918137_1920-768x512.jpg","medium_large-width":768,"medium_large-height":512,"large":"https:\/\/www.franceavelo.com\/wp-content\/uploads\/2024\/12\/lake-3918137_1920-1024x683.jpg","large-width":1024,"large-height":683,"1536x1536":"https:\/\/www.franceavelo.com\/wp-content\/uploads\/2024\/12\/lake-3918137_1920-1536x1024.jpg","1536x1536-width":1536,"1536x1536-height":1024,"2048x2048":"https:\/\/www.franceavelo.com\/wp-content\/uploads\/2024\/12\/lake-3918137_1920.jpg","2048x2048-width":1920,"2048x2048-height":1280,"product_option_intro":"https:\/\/www.franceavelo.com\/wp-content\/uploads\/2024\/12\/lake-3918137_1920-300x220.jpg","product_option_intro-width":300,"product_option_intro-height":220,"postlist_thumbnail":"https:\/\/www.franceavelo.com\/wp-content\/uploads\/2024\/12\/lake-3918137_1920-200x200.jpg","postlist_thumbnail-width":200,"postlist_thumbnail-height":200,"content_full_desktop":"https:\/\/www.franceavelo.com\/wp-content\/uploads\/2024\/12\/lake-3918137_1920-970x647.jpg","content_full_desktop-width":970,"content_full_desktop-height":647,"content_full_desktop_retina":"https:\/\/www.franceavelo.com\/wp-content\/uploads\/2024\/12\/lake-3918137_1920.jpg","content_full_desktop_retina-width":1920,"content_full_desktop_retina-height":1280,"content_half_desktop":"https:\/\/www.franceavelo.com\/wp-content\/uploads\/2024\/12\/lake-3918137_1920-485x323.jpg","content_half_desktop-width":485,"content_half_desktop-height":323,"content_full_tablet":"https:\/\/www.franceavelo.com\/wp-content\/uploads\/2024\/12\/lake-3918137_1920-750x500.jpg","content_full_tablet-width":750,"content_full_tablet-height":500,"content_full_tablet_retina":"https:\/\/www.franceavelo.com\/wp-content\/uploads\/2024\/12\/lake-3918137_1920-1500x1000.jpg","content_full_tablet_retina-width":1500,"content_full_tablet_retina-height":1000,"content_half_tablet":"https:\/\/www.franceavelo.com\/wp-content\/uploads\/2024\/12\/lake-3918137_1920-375x250.jpg","content_half_tablet-width":375,"content_half_tablet-height":250,"content_full_mobile":"https:\/\/www.franceavelo.com\/wp-content\/uploads\/2024\/12\/lake-3918137_1920-500x333.jpg","content_full_mobile-width":500,"content_full_mobile-height":333,"content_full_mobile_retina":"https:\/\/www.franceavelo.com\/wp-content\/uploads\/2024\/12\/lake-3918137_1920-1000x667.jpg","content_full_mobile_retina-width":1000,"content_full_mobile_retina-height":667,"content_full_smallmobile":"https:\/\/www.franceavelo.com\/wp-content\/uploads\/2024\/12\/lake-3918137_1920-380x180.jpg","content_full_smallmobile-width":380,"content_full_smallmobile-height":180,"content_head_mobile":"https:\/\/www.franceavelo.com\/wp-content\/uploads\/2024\/12\/lake-3918137_1920-320x430.jpg","content_head_mobile-width":320,"content_head_mobile-height":430,"content_head_tablet":"https:\/\/www.franceavelo.com\/wp-content\/uploads\/2024\/12\/lake-3918137_1920-540x500.jpg","content_head_tablet-width":540,"content_head_tablet-height":500,"content_highlight_desktop":"https:\/\/www.franceavelo.com\/wp-content\/uploads\/2024\/12\/lake-3918137_1920-350x240.jpg","content_highlight_desktop-width":350,"content_highlight_desktop-height":240,"content_highlight_desktop_retina":"https:\/\/www.franceavelo.com\/wp-content\/uploads\/2024\/12\/lake-3918137_1920-700x480.jpg","content_highlight_desktop_retina-width":700,"content_highlight_desktop_retina-height":480,"content_testimony_mobile":"https:\/\/www.franceavelo.com\/wp-content\/uploads\/2024\/12\/lake-3918137_1920-480x1100.jpg","content_testimony_mobile-width":480,"content_testimony_mobile-height":1100,"content_type_image_desktop":"https:\/\/www.franceavelo.com\/wp-content\/uploads\/2024\/12\/lake-3918137_1920-600x400.jpg","content_type_image_desktop-width":600,"content_type_image_desktop-height":400,"content_type_image_desktop_retina":"https:\/\/www.franceavelo.com\/wp-content\/uploads\/2024\/12\/lake-3918137_1920-1200x800.jpg","content_type_image_desktop_retina-width":1200,"content_type_image_desktop_retina-height":800,"content_type_image_mobile":"https:\/\/www.franceavelo.com\/wp-content\/uploads\/2024\/12\/lake-3918137_1920-450x300.jpg","content_type_image_mobile-width":450,"content_type_image_mobile-height":300,"gform-image-choice-sm":"https:\/\/www.franceavelo.com\/wp-content\/uploads\/2024\/12\/lake-3918137_1920.jpg","gform-image-choice-sm-width":300,"gform-image-choice-sm-height":200,"gform-image-choice-md":"https:\/\/www.franceavelo.com\/wp-content\/uploads\/2024\/12\/lake-3918137_1920.jpg","gform-image-choice-md-width":400,"gform-image-choice-md-height":267,"gform-image-choice-lg":"https:\/\/www.franceavelo.com\/wp-content\/uploads\/2024\/12\/lake-3918137_1920.jpg","gform-image-choice-lg-width":600,"gform-image-choice-lg-height":400}},"product_gallery_item_video_thumbnail":false,"product_gallery_item_video_url":""},{"product_gallery_item_type":"image","product_gallery_item_image":{"ID":74413,"id":74413,"title":"lake-4425606_1920","filename":"lake-4425606_1920.jpg","filesize":794327,"url":"https:\/\/www.franceavelo.com\/wp-content\/uploads\/2024\/12\/lake-4425606_1920.jpg","link":"https:\/\/www.franceavelo.com\/fr\/product\/voyage-velo-suisse-route-des-lacs-vevey-lucerne-7jours-classique\/lake-4425606_1920-2\/","alt":"Lac au milieu des montagnes - Circuit Suisse - Route 1291 - Lucerne","author":"12","description":"","caption":"","name":"lake-4425606_1920-2","status":"inherit","uploaded_to":74321,"date":"2024-12-20 12:59:58","modified":"2026-04-03 12:12:21","menu_order":0,"mime_type":"image\/jpeg","type":"image","subtype":"jpeg","icon":"https:\/\/www.franceavelo.com\/wp-includes\/images\/media\/default.png","width":1920,"height":1187,"sizes":{"thumbnail":"https:\/\/www.franceavelo.com\/wp-content\/uploads\/2024\/12\/lake-4425606_1920-150x150.jpg","thumbnail-width":150,"thumbnail-height":150,"medium":"https:\/\/www.franceavelo.com\/wp-content\/uploads\/2024\/12\/lake-4425606_1920-300x185.jpg","medium-width":300,"medium-height":185,"medium_large":"https:\/\/www.franceavelo.com\/wp-content\/uploads\/2024\/12\/lake-4425606_1920-768x475.jpg","medium_large-width":768,"medium_large-height":475,"large":"https:\/\/www.franceavelo.com\/wp-content\/uploads\/2024\/12\/lake-4425606_1920-1024x633.jpg","large-width":1024,"large-height":633,"1536x1536":"https:\/\/www.franceavelo.com\/wp-content\/uploads\/2024\/12\/lake-4425606_1920-1536x950.jpg","1536x1536-width":1536,"1536x1536-height":950,"2048x2048":"https:\/\/www.franceavelo.com\/wp-content\/uploads\/2024\/12\/lake-4425606_1920.jpg","2048x2048-width":1920,"2048x2048-height":1187,"product_option_intro":"https:\/\/www.franceavelo.com\/wp-content\/uploads\/2024\/12\/lake-4425606_1920-300x220.jpg","product_option_intro-width":300,"product_option_intro-height":220,"postlist_thumbnail":"https:\/\/www.franceavelo.com\/wp-content\/uploads\/2024\/12\/lake-4425606_1920-200x200.jpg","postlist_thumbnail-width":200,"postlist_thumbnail-height":200,"content_full_desktop":"https:\/\/www.franceavelo.com\/wp-content\/uploads\/2024\/12\/lake-4425606_1920-970x600.jpg","content_full_desktop-width":970,"content_full_desktop-height":600,"content_full_desktop_retina":"https:\/\/www.franceavelo.com\/wp-content\/uploads\/2024\/12\/lake-4425606_1920.jpg","content_full_desktop_retina-width":1920,"content_full_desktop_retina-height":1187,"content_half_desktop":"https:\/\/www.franceavelo.com\/wp-content\/uploads\/2024\/12\/lake-4425606_1920-485x300.jpg","content_half_desktop-width":485,"content_half_desktop-height":300,"content_full_tablet":"https:\/\/www.franceavelo.com\/wp-content\/uploads\/2024\/12\/lake-4425606_1920-750x464.jpg","content_full_tablet-width":750,"content_full_tablet-height":464,"content_full_tablet_retina":"https:\/\/www.franceavelo.com\/wp-content\/uploads\/2024\/12\/lake-4425606_1920-1500x927.jpg","content_full_tablet_retina-width":1500,"content_full_tablet_retina-height":927,"content_half_tablet":"https:\/\/www.franceavelo.com\/wp-content\/uploads\/2024\/12\/lake-4425606_1920-375x232.jpg","content_half_tablet-width":375,"content_half_tablet-height":232,"content_full_mobile":"https:\/\/www.franceavelo.com\/wp-content\/uploads\/2024\/12\/lake-4425606_1920-500x309.jpg","content_full_mobile-width":500,"content_full_mobile-height":309,"content_full_mobile_retina":"https:\/\/www.franceavelo.com\/wp-content\/uploads\/2024\/12\/lake-4425606_1920-1000x618.jpg","content_full_mobile_retina-width":1000,"content_full_mobile_retina-height":618,"content_full_smallmobile":"https:\/\/www.franceavelo.com\/wp-content\/uploads\/2024\/12\/lake-4425606_1920-380x180.jpg","content_full_smallmobile-width":380,"content_full_smallmobile-height":180,"content_head_mobile":"https:\/\/www.franceavelo.com\/wp-content\/uploads\/2024\/12\/lake-4425606_1920-320x430.jpg","content_head_mobile-width":320,"content_head_mobile-height":430,"content_head_tablet":"https:\/\/www.franceavelo.com\/wp-content\/uploads\/2024\/12\/lake-4425606_1920-540x500.jpg","content_head_tablet-width":540,"content_head_tablet-height":500,"content_highlight_desktop":"https:\/\/www.franceavelo.com\/wp-content\/uploads\/2024\/12\/lake-4425606_1920-350x240.jpg","content_highlight_desktop-width":350,"content_highlight_desktop-height":240,"content_highlight_desktop_retina":"https:\/\/www.franceavelo.com\/wp-content\/uploads\/2024\/12\/lake-4425606_1920-700x480.jpg","content_highlight_desktop_retina-width":700,"content_highlight_desktop_retina-height":480,"content_testimony_mobile":"https:\/\/www.franceavelo.com\/wp-content\/uploads\/2024\/12\/lake-4425606_1920-480x1100.jpg","content_testimony_mobile-width":480,"content_testimony_mobile-height":1100,"content_type_image_desktop":"https:\/\/www.franceavelo.com\/wp-content\/uploads\/2024\/12\/lake-4425606_1920-600x371.jpg","content_type_image_desktop-width":600,"content_type_image_desktop-height":371,"content_type_image_desktop_retina":"https:\/\/www.franceavelo.com\/wp-content\/uploads\/2024\/12\/lake-4425606_1920-1200x742.jpg","content_type_image_desktop_retina-width":1200,"content_type_image_desktop_retina-height":742,"content_type_image_mobile":"https:\/\/www.franceavelo.com\/wp-content\/uploads\/2024\/12\/lake-4425606_1920-450x278.jpg","content_type_image_mobile-width":450,"content_type_image_mobile-height":278,"gform-image-choice-sm":"https:\/\/www.franceavelo.com\/wp-content\/uploads\/2024\/12\/lake-4425606_1920.jpg","gform-image-choice-sm-width":300,"gform-image-choice-sm-height":185,"gform-image-choice-md":"https:\/\/www.franceavelo.com\/wp-content\/uploads\/2024\/12\/lake-4425606_1920.jpg","gform-image-choice-md-width":400,"gform-image-choice-md-height":247,"gform-image-choice-lg":"https:\/\/www.franceavelo.com\/wp-content\/uploads\/2024\/12\/lake-4425606_1920.jpg","gform-image-choice-lg-width":600,"gform-image-choice-lg-height":371}},"product_gallery_item_video_thumbnail":false,"product_gallery_item_video_url":""}],"product_super_small_group_price":"","product_super_small_group_number":"","product_solo_traveler_price":"","product_option_transfert_disable":false,"product_option_helmet":"","product_map_circuit":false,"product_option_add_night_double_after":"145","product_option_add_night_single_after":"220","product_map_region":{"ID":79150,"id":79150,"title":"Suisse Route 1291 Classic","filename":"Suisse-Route-1291-Classic.png","filesize":111815,"url":"https:\/\/www.franceavelo.com\/wp-content\/uploads\/2024\/12\/Suisse-Route-1291-Classic.png","link":"https:\/\/www.franceavelo.com\/fr\/product\/suisse-route-1291-lucerne-non-guide-7-jours-classique\/suisse-route-1291-classic\/","alt":"Plan circuit \u00e0 v\u00e9lo : Suisse - Route 1291 - Lucerne","author":"12","description":"","caption":"","name":"suisse-route-1291-classic","status":"inherit","uploaded_to":74439,"date":"2025-11-26 14:10:55","modified":"2026-04-03 12:03:21","menu_order":0,"mime_type":"image\/png","type":"image","subtype":"png","icon":"https:\/\/www.franceavelo.com\/wp-includes\/images\/media\/default.png","width":919,"height":550,"sizes":{"thumbnail":"https:\/\/www.franceavelo.com\/wp-content\/uploads\/2024\/12\/Suisse-Route-1291-Classic-150x150.png","thumbnail-width":150,"thumbnail-height":150,"medium":"https:\/\/www.franceavelo.com\/wp-content\/uploads\/2024\/12\/Suisse-Route-1291-Classic-300x180.png","medium-width":300,"medium-height":180,"medium_large":"https:\/\/www.franceavelo.com\/wp-content\/uploads\/2024\/12\/Suisse-Route-1291-Classic-768x460.png","medium_large-width":768,"medium_large-height":460,"large":"https:\/\/www.franceavelo.com\/wp-content\/uploads\/2024\/12\/Suisse-Route-1291-Classic.png","large-width":919,"large-height":550,"1536x1536":"https:\/\/www.franceavelo.com\/wp-content\/uploads\/2024\/12\/Suisse-Route-1291-Classic.png","1536x1536-width":919,"1536x1536-height":550,"2048x2048":"https:\/\/www.franceavelo.com\/wp-content\/uploads\/2024\/12\/Suisse-Route-1291-Classic.png","2048x2048-width":919,"2048x2048-height":550,"product_option_intro":"https:\/\/www.franceavelo.com\/wp-content\/uploads\/2024\/12\/Suisse-Route-1291-Classic-300x220.png","product_option_intro-width":300,"product_option_intro-height":220,"postlist_thumbnail":"https:\/\/www.franceavelo.com\/wp-content\/uploads\/2024\/12\/Suisse-Route-1291-Classic-200x200.png","postlist_thumbnail-width":200,"postlist_thumbnail-height":200,"content_full_desktop":"https:\/\/www.franceavelo.com\/wp-content\/uploads\/2024\/12\/Suisse-Route-1291-Classic.png","content_full_desktop-width":919,"content_full_desktop-height":550,"content_full_desktop_retina":"https:\/\/www.franceavelo.com\/wp-content\/uploads\/2024\/12\/Suisse-Route-1291-Classic.png","content_full_desktop_retina-width":919,"content_full_desktop_retina-height":550,"content_half_desktop":"https:\/\/www.franceavelo.com\/wp-content\/uploads\/2024\/12\/Suisse-Route-1291-Classic-485x290.png","content_half_desktop-width":485,"content_half_desktop-height":290,"content_full_tablet":"https:\/\/www.franceavelo.com\/wp-content\/uploads\/2024\/12\/Suisse-Route-1291-Classic-750x449.png","content_full_tablet-width":750,"content_full_tablet-height":449,"content_full_tablet_retina":"https:\/\/www.franceavelo.com\/wp-content\/uploads\/2024\/12\/Suisse-Route-1291-Classic.png","content_full_tablet_retina-width":919,"content_full_tablet_retina-height":550,"content_half_tablet":"https:\/\/www.franceavelo.com\/wp-content\/uploads\/2024\/12\/Suisse-Route-1291-Classic-375x224.png","content_half_tablet-width":375,"content_half_tablet-height":224,"content_full_mobile":"https:\/\/www.franceavelo.com\/wp-content\/uploads\/2024\/12\/Suisse-Route-1291-Classic-500x299.png","content_full_mobile-width":500,"content_full_mobile-height":299,"content_full_mobile_retina":"https:\/\/www.franceavelo.com\/wp-content\/uploads\/2024\/12\/Suisse-Route-1291-Classic.png","content_full_mobile_retina-width":919,"content_full_mobile_retina-height":550,"content_full_smallmobile":"https:\/\/www.franceavelo.com\/wp-content\/uploads\/2024\/12\/Suisse-Route-1291-Classic-380x180.png","content_full_smallmobile-width":380,"content_full_smallmobile-height":180,"content_head_mobile":"https:\/\/www.franceavelo.com\/wp-content\/uploads\/2024\/12\/Suisse-Route-1291-Classic-320x430.png","content_head_mobile-width":320,"content_head_mobile-height":430,"content_head_tablet":"https:\/\/www.franceavelo.com\/wp-content\/uploads\/2024\/12\/Suisse-Route-1291-Classic-540x500.png","content_head_tablet-width":540,"content_head_tablet-height":500,"content_highlight_desktop":"https:\/\/www.franceavelo.com\/wp-content\/uploads\/2024\/12\/Suisse-Route-1291-Classic-350x240.png","content_highlight_desktop-width":350,"content_highlight_desktop-height":240,"content_highlight_desktop_retina":"https:\/\/www.franceavelo.com\/wp-content\/uploads\/2024\/12\/Suisse-Route-1291-Classic-700x480.png","content_highlight_desktop_retina-width":700,"content_highlight_desktop_retina-height":480,"content_testimony_mobile":"https:\/\/www.franceavelo.com\/wp-content\/uploads\/2024\/12\/Suisse-Route-1291-Classic-480x550.png","content_testimony_mobile-width":480,"content_testimony_mobile-height":550,"content_type_image_desktop":"https:\/\/www.franceavelo.com\/wp-content\/uploads\/2024\/12\/Suisse-Route-1291-Classic-600x359.png","content_type_image_desktop-width":600,"content_type_image_desktop-height":359,"content_type_image_desktop_retina":"https:\/\/www.franceavelo.com\/wp-content\/uploads\/2024\/12\/Suisse-Route-1291-Classic.png","content_type_image_desktop_retina-width":919,"content_type_image_desktop_retina-height":550,"content_type_image_mobile":"https:\/\/www.franceavelo.com\/wp-content\/uploads\/2024\/12\/Suisse-Route-1291-Classic-450x269.png","content_type_image_mobile-width":450,"content_type_image_mobile-height":269,"gform-image-choice-sm":"https:\/\/www.franceavelo.com\/wp-content\/uploads\/2024\/12\/Suisse-Route-1291-Classic.png","gform-image-choice-sm-width":300,"gform-image-choice-sm-height":180,"gform-image-choice-md":"https:\/\/www.franceavelo.com\/wp-content\/uploads\/2024\/12\/Suisse-Route-1291-Classic.png","gform-image-choice-md-width":400,"gform-image-choice-md-height":239,"gform-image-choice-lg":"https:\/\/www.franceavelo.com\/wp-content\/uploads\/2024\/12\/Suisse-Route-1291-Classic.png","gform-image-choice-lg-width":600,"gform-image-choice-lg-height":359}},"product_landscape":[{"value":"la_1","label":"Mer\/oc\u00e9an"},{"value":"la_2","label":"Nature"},{"value":"la_3","label":"Fleuve"},{"value":"la_4","label":"Ville"},{"value":"la_6","label":"Voie verte"}],"product_subzone":"eu_3","product_ambiance":[{"value":"am_2","label":"Sportif"},{"value":"am_4","label":"E bike"},{"value":"am_5","label":"Culture\u00a0"}],"product_difficulty":"3","product_seasons":[{"product_seasons_begin_date":"20260829","product_seasons_end_date":"20260913","product_seasons_double_room_price":"1545","product_seasons_option_add_night_double_before":"145","product_seasons_option_add_night_double_after":"145","product_seasons_single_room_price":"1862","product_seasons_option_add_night_single_before":"220","product_seasons_option_add_night_single_after":"220"},{"product_seasons_begin_date":"20260627","product_seasons_end_date":"20260828","product_seasons_double_room_price":"1599","product_seasons_option_add_night_double_before":"145","product_seasons_option_add_night_double_after":"145","product_seasons_single_room_price":"1916","product_seasons_option_add_night_single_before":"220","product_seasons_option_add_night_single_after":"220"}],"product_option_vtc_bike":"204","product_option_electric_bike":"368","product_option_children_seat":"","product_nb_kilometer":"375","product_price_from":"1545","product_option_transfert_repeat":[{"product_option_transfert_city":"Journal de voyage imprim\u00e9 par chambre","product_option_transfert_price":"30","product_option_transfert_display_as_checkbox":true}],"product_main_img":{"ID":74431,"id":74431,"title":"swiss-1560616_1920","filename":"swiss-1560616_1920.jpg","filesize":1252549,"url":"https:\/\/www.franceavelo.com\/wp-content\/uploads\/2024\/12\/swiss-1560616_1920.jpg","link":"https:\/\/www.franceavelo.com\/fr\/product\/voyage-velo-suisse-route-des-lacs-vevey-lucerne-7jours-classique\/swiss-1560616_1920-2\/","alt":"Vignes sur la c\u00f4te","author":"12","description":"","caption":"","name":"swiss-1560616_1920-2","status":"inherit","uploaded_to":74321,"date":"2024-12-20 13:00:16","modified":"2026-04-03 12:03:00","menu_order":0,"mime_type":"image\/jpeg","type":"image","subtype":"jpeg","icon":"https:\/\/www.franceavelo.com\/wp-includes\/images\/media\/default.png","width":1920,"height":1280,"sizes":{"thumbnail":"https:\/\/www.franceavelo.com\/wp-content\/uploads\/2024\/12\/swiss-1560616_1920-150x150.jpg","thumbnail-width":150,"thumbnail-height":150,"medium":"https:\/\/www.franceavelo.com\/wp-content\/uploads\/2024\/12\/swiss-1560616_1920-300x200.jpg","medium-width":300,"medium-height":200,"medium_large":"https:\/\/www.franceavelo.com\/wp-content\/uploads\/2024\/12\/swiss-1560616_1920-768x512.jpg","medium_large-width":768,"medium_large-height":512,"large":"https:\/\/www.franceavelo.com\/wp-content\/uploads\/2024\/12\/swiss-1560616_1920-1024x683.jpg","large-width":1024,"large-height":683,"1536x1536":"https:\/\/www.franceavelo.com\/wp-content\/uploads\/2024\/12\/swiss-1560616_1920-1536x1024.jpg","1536x1536-width":1536,"1536x1536-height":1024,"2048x2048":"https:\/\/www.franceavelo.com\/wp-content\/uploads\/2024\/12\/swiss-1560616_1920.jpg","2048x2048-width":1920,"2048x2048-height":1280,"product_option_intro":"https:\/\/www.franceavelo.com\/wp-content\/uploads\/2024\/12\/swiss-1560616_1920-300x220.jpg","product_option_intro-width":300,"product_option_intro-height":220,"postlist_thumbnail":"https:\/\/www.franceavelo.com\/wp-content\/uploads\/2024\/12\/swiss-1560616_1920-200x200.jpg","postlist_thumbnail-width":200,"postlist_thumbnail-height":200,"content_full_desktop":"https:\/\/www.franceavelo.com\/wp-content\/uploads\/2024\/12\/swiss-1560616_1920-970x647.jpg","content_full_desktop-width":970,"content_full_desktop-height":647,"content_full_desktop_retina":"https:\/\/www.franceavelo.com\/wp-content\/uploads\/2024\/12\/swiss-1560616_1920.jpg","content_full_desktop_retina-width":1920,"content_full_desktop_retina-height":1280,"content_half_desktop":"https:\/\/www.franceavelo.com\/wp-content\/uploads\/2024\/12\/swiss-1560616_1920-485x323.jpg","content_half_desktop-width":485,"content_half_desktop-height":323,"content_full_tablet":"https:\/\/www.franceavelo.com\/wp-content\/uploads\/2024\/12\/swiss-1560616_1920-750x500.jpg","content_full_tablet-width":750,"content_full_tablet-height":500,"content_full_tablet_retina":"https:\/\/www.franceavelo.com\/wp-content\/uploads\/2024\/12\/swiss-1560616_1920-1500x1000.jpg","content_full_tablet_retina-width":1500,"content_full_tablet_retina-height":1000,"content_half_tablet":"https:\/\/www.franceavelo.com\/wp-content\/uploads\/2024\/12\/swiss-1560616_1920-375x250.jpg","content_half_tablet-width":375,"content_half_tablet-height":250,"content_full_mobile":"https:\/\/www.franceavelo.com\/wp-content\/uploads\/2024\/12\/swiss-1560616_1920-500x333.jpg","content_full_mobile-width":500,"content_full_mobile-height":333,"content_full_mobile_retina":"https:\/\/www.franceavelo.com\/wp-content\/uploads\/2024\/12\/swiss-1560616_1920-1000x667.jpg","content_full_mobile_retina-width":1000,"content_full_mobile_retina-height":667,"content_full_smallmobile":"https:\/\/www.franceavelo.com\/wp-content\/uploads\/2024\/12\/swiss-1560616_1920-380x180.jpg","content_full_smallmobile-width":380,"content_full_smallmobile-height":180,"content_head_mobile":"https:\/\/www.franceavelo.com\/wp-content\/uploads\/2024\/12\/swiss-1560616_1920-320x430.jpg","content_head_mobile-width":320,"content_head_mobile-height":430,"content_head_tablet":"https:\/\/www.franceavelo.com\/wp-content\/uploads\/2024\/12\/swiss-1560616_1920-540x500.jpg","content_head_tablet-width":540,"content_head_tablet-height":500,"content_highlight_desktop":"https:\/\/www.franceavelo.com\/wp-content\/uploads\/2024\/12\/swiss-1560616_1920-350x240.jpg","content_highlight_desktop-width":350,"content_highlight_desktop-height":240,"content_highlight_desktop_retina":"https:\/\/www.franceavelo.com\/wp-content\/uploads\/2024\/12\/swiss-1560616_1920-700x480.jpg","content_highlight_desktop_retina-width":700,"content_highlight_desktop_retina-height":480,"content_testimony_mobile":"https:\/\/www.franceavelo.com\/wp-content\/uploads\/2024\/12\/swiss-1560616_1920-480x1100.jpg","content_testimony_mobile-width":480,"content_testimony_mobile-height":1100,"content_type_image_desktop":"https:\/\/www.franceavelo.com\/wp-content\/uploads\/2024\/12\/swiss-1560616_1920-600x400.jpg","content_type_image_desktop-width":600,"content_type_image_desktop-height":400,"content_type_image_desktop_retina":"https:\/\/www.franceavelo.com\/wp-content\/uploads\/2024\/12\/swiss-1560616_1920-1200x800.jpg","content_type_image_desktop_retina-width":1200,"content_type_image_desktop_retina-height":800,"content_type_image_mobile":"https:\/\/www.franceavelo.com\/wp-content\/uploads\/2024\/12\/swiss-1560616_1920-450x300.jpg","content_type_image_mobile-width":450,"content_type_image_mobile-height":300,"gform-image-choice-sm":"https:\/\/www.franceavelo.com\/wp-content\/uploads\/2024\/12\/swiss-1560616_1920.jpg","gform-image-choice-sm-width":300,"gform-image-choice-sm-height":200,"gform-image-choice-md":"https:\/\/www.franceavelo.com\/wp-content\/uploads\/2024\/12\/swiss-1560616_1920.jpg","gform-image-choice-md-width":400,"gform-image-choice-md-height":267,"gform-image-choice-lg":"https:\/\/www.franceavelo.com\/wp-content\/uploads\/2024\/12\/swiss-1560616_1920.jpg","gform-image-choice-lg-width":600,"gform-image-choice-lg-height":400}},"product_pdf_datasheet":{"ID":79153,"id":79153,"title":"Suisse_Route 1291_SR7C_7 jours_Classique_2026","filename":"Suisse_Route-1291_SR7C_7-jours_Classique_2026.pdf","filesize":2764650,"url":"https:\/\/www.franceavelo.com\/wp-content\/uploads\/2024\/12\/Suisse_Route-1291_SR7C_7-jours_Classique_2026.pdf","link":"https:\/\/www.franceavelo.com\/fr\/product\/suisse-route-1291-lucerne-non-guide-7-jours-classique\/suisse_route-1291_sr7c_7-jours_classique_2026\/","alt":"","author":"12","description":"","caption":"","name":"suisse_route-1291_sr7c_7-jours_classique_2026","status":"inherit","uploaded_to":74439,"date":"2025-11-26 14:11:11","modified":"2025-11-26 14:11:11","menu_order":0,"mime_type":"application\/pdf","type":"application","subtype":"pdf","icon":"https:\/\/www.franceavelo.com\/wp-includes\/images\/media\/document.png"}},"yoast_head":"<!-- This site is optimized with the Yoast SEO plugin v27.4 - https:\/\/yoast.com\/product\/yoast-seo-wordpress\/ -->\n<title>Suisse - Route 1291 - Lucerne Non guid\u00e9 - 7 jours - Classique<\/title>\n<meta name=\"description\" content=\"Parcourez la Route 1291 en Suisse \u00e0 v\u00e9lo jusqu&#039;\u00e0 Lucerne, un parcours o\u00f9 vous traversez des villages charmants et des sentiers pittoresques.\" \/>\n<meta name=\"robots\" content=\"index, follow, max-snippet:-1, max-image-preview:large, max-video-preview:-1\" \/>\n<link rel=\"canonical\" href=\"https:\/\/www.franceavelo.com\/fr\/product\/suisse-route-1291-lucerne-non-guide-7-jours-classique\/\" \/>\n<meta property=\"og:locale\" content=\"fr_FR\" \/>\n<meta property=\"og:type\" content=\"article\" \/>\n<meta property=\"og:title\" content=\"Suisse - Route 1291 - Lucerne Non guid\u00e9 - 7 jours - Classique\" \/>\n<meta property=\"og:description\" content=\"Parcourez la Route 1291 en Suisse \u00e0 v\u00e9lo jusqu&#039;\u00e0 Lucerne, un parcours o\u00f9 vous traversez des villages charmants et des sentiers pittoresques.\" \/>\n<meta property=\"og:url\" content=\"https:\/\/www.franceavelo.com\/fr\/product\/suisse-route-1291-lucerne-non-guide-7-jours-classique\/\" \/>\n<meta property=\"og:site_name\" content=\"France \u00e0 v\u00e9lo\" \/>\n<meta property=\"article:modified_time\" content=\"2026-04-03T12:17:44+00:00\" \/>\n<meta name=\"twitter:card\" content=\"summary_large_image\" \/>\n<meta name=\"twitter:label1\" content=\"Dur\u00e9e de lecture estim\u00e9e\" \/>\n\t<meta name=\"twitter:data1\" content=\"7 minutes\" \/>\n<script type=\"application\/ld+json\" class=\"yoast-schema-graph\">{\"@context\":\"https:\\\/\\\/schema.org\",\"@graph\":[{\"@type\":\"WebPage\",\"@id\":\"https:\\\/\\\/www.franceavelo.com\\\/fr\\\/product\\\/suisse-route-1291-lucerne-non-guide-7-jours-classique\\\/\",\"url\":\"https:\\\/\\\/www.franceavelo.com\\\/fr\\\/product\\\/suisse-route-1291-lucerne-non-guide-7-jours-classique\\\/\",\"name\":\"Suisse - Route 1291 - Lucerne Non guid\u00e9 - 7 jours - Classique\",\"isPartOf\":{\"@id\":\"https:\\\/\\\/www.franceavelo.com\\\/fr\\\/#website\"},\"datePublished\":\"2024-12-20T13:23:15+00:00\",\"dateModified\":\"2026-04-03T12:17:44+00:00\",\"description\":\"Parcourez la Route 1291 en Suisse \u00e0 v\u00e9lo jusqu'\u00e0 Lucerne, un parcours o\u00f9 vous traversez des villages charmants et des sentiers pittoresques.\",\"breadcrumb\":{\"@id\":\"https:\\\/\\\/www.franceavelo.com\\\/fr\\\/product\\\/suisse-route-1291-lucerne-non-guide-7-jours-classique\\\/#breadcrumb\"},\"inLanguage\":\"fr-FR\",\"potentialAction\":[{\"@type\":\"ReadAction\",\"target\":[\"https:\\\/\\\/www.franceavelo.com\\\/fr\\\/product\\\/suisse-route-1291-lucerne-non-guide-7-jours-classique\\\/\"]}]},{\"@type\":\"BreadcrumbList\",\"@id\":\"https:\\\/\\\/www.franceavelo.com\\\/fr\\\/product\\\/suisse-route-1291-lucerne-non-guide-7-jours-classique\\\/#breadcrumb\",\"itemListElement\":[{\"@type\":\"ListItem\",\"position\":1,\"name\":\"Home\",\"item\":\"https:\\\/\\\/www.franceavelo.com\\\/fr\\\/\"},{\"@type\":\"ListItem\",\"position\":2,\"name\":\"Produits\",\"item\":\"https:\\\/\\\/www.franceavelo.com\\\/produits\\\/\"},{\"@type\":\"ListItem\",\"position\":3,\"name\":\"Suisse &#8211; Route 1291 &#8211; Non guid\u00e9 &#8211; 7 jours &#8211; Classique\"}]},{\"@type\":\"WebSite\",\"@id\":\"https:\\\/\\\/www.franceavelo.com\\\/fr\\\/#website\",\"url\":\"https:\\\/\\\/www.franceavelo.com\\\/fr\\\/\",\"name\":\"France \u00e0 v\u00e9lo\",\"description\":\"Un site utilisant WordPress\",\"publisher\":{\"@id\":\"https:\\\/\\\/www.franceavelo.com\\\/fr\\\/#organization\"},\"potentialAction\":[{\"@type\":\"SearchAction\",\"target\":{\"@type\":\"EntryPoint\",\"urlTemplate\":\"https:\\\/\\\/www.franceavelo.com\\\/fr\\\/?s={search_term_string}\"},\"query-input\":{\"@type\":\"PropertyValueSpecification\",\"valueRequired\":true,\"valueName\":\"search_term_string\"}}],\"inLanguage\":\"fr-FR\"},{\"@type\":\"Organization\",\"@id\":\"https:\\\/\\\/www.franceavelo.com\\\/fr\\\/#organization\",\"name\":\"France \u00e0 v\u00e9lo\",\"url\":\"https:\\\/\\\/www.franceavelo.com\\\/fr\\\/\",\"logo\":{\"@type\":\"ImageObject\",\"inLanguage\":\"fr-FR\",\"@id\":\"https:\\\/\\\/www.franceavelo.com\\\/fr\\\/#\\\/schema\\\/logo\\\/image\\\/\",\"url\":\"https:\\\/\\\/www.franceavelo.com\\\/wp-content\\\/uploads\\\/2024\\\/07\\\/favicon-large.png\",\"contentUrl\":\"https:\\\/\\\/www.franceavelo.com\\\/wp-content\\\/uploads\\\/2024\\\/07\\\/favicon-large.png\",\"width\":696,\"height\":696,\"caption\":\"France \u00e0 v\u00e9lo\"},\"image\":{\"@id\":\"https:\\\/\\\/www.franceavelo.com\\\/fr\\\/#\\\/schema\\\/logo\\\/image\\\/\"}}]}<\/script>\n<!-- \/ Yoast SEO plugin. -->","yoast_head_json":{"title":"Suisse - Route 1291 - Lucerne Non guid\u00e9 - 7 jours - Classique","description":"Parcourez la Route 1291 en Suisse \u00e0 v\u00e9lo jusqu'\u00e0 Lucerne, un parcours o\u00f9 vous traversez des villages charmants et des sentiers pittoresques.","robots":{"index":"index","follow":"follow","max-snippet":"max-snippet:-1","max-image-preview":"max-image-preview:large","max-video-preview":"max-video-preview:-1"},"canonical":"https:\/\/www.franceavelo.com\/fr\/product\/suisse-route-1291-lucerne-non-guide-7-jours-classique\/","og_locale":"fr_FR","og_type":"article","og_title":"Suisse - Route 1291 - Lucerne Non guid\u00e9 - 7 jours - Classique","og_description":"Parcourez la Route 1291 en Suisse \u00e0 v\u00e9lo jusqu'\u00e0 Lucerne, un parcours o\u00f9 vous traversez des villages charmants et des sentiers pittoresques.","og_url":"https:\/\/www.franceavelo.com\/fr\/product\/suisse-route-1291-lucerne-non-guide-7-jours-classique\/","og_site_name":"France \u00e0 v\u00e9lo","article_modified_time":"2026-04-03T12:17:44+00:00","twitter_card":"summary_large_image","twitter_misc":{"Dur\u00e9e de lecture estim\u00e9e":"7 minutes"},"schema":{"@context":"https:\/\/schema.org","@graph":[{"@type":"WebPage","@id":"https:\/\/www.franceavelo.com\/fr\/product\/suisse-route-1291-lucerne-non-guide-7-jours-classique\/","url":"https:\/\/www.franceavelo.com\/fr\/product\/suisse-route-1291-lucerne-non-guide-7-jours-classique\/","name":"Suisse - Route 1291 - Lucerne Non guid\u00e9 - 7 jours - Classique","isPartOf":{"@id":"https:\/\/www.franceavelo.com\/fr\/#website"},"datePublished":"2024-12-20T13:23:15+00:00","dateModified":"2026-04-03T12:17:44+00:00","description":"Parcourez la Route 1291 en Suisse \u00e0 v\u00e9lo jusqu'\u00e0 Lucerne, un parcours o\u00f9 vous traversez des villages charmants et des sentiers pittoresques.","breadcrumb":{"@id":"https:\/\/www.franceavelo.com\/fr\/product\/suisse-route-1291-lucerne-non-guide-7-jours-classique\/#breadcrumb"},"inLanguage":"fr-FR","potentialAction":[{"@type":"ReadAction","target":["https:\/\/www.franceavelo.com\/fr\/product\/suisse-route-1291-lucerne-non-guide-7-jours-classique\/"]}]},{"@type":"BreadcrumbList","@id":"https:\/\/www.franceavelo.com\/fr\/product\/suisse-route-1291-lucerne-non-guide-7-jours-classique\/#breadcrumb","itemListElement":[{"@type":"ListItem","position":1,"name":"Home","item":"https:\/\/www.franceavelo.com\/fr\/"},{"@type":"ListItem","position":2,"name":"Produits","item":"https:\/\/www.franceavelo.com\/produits\/"},{"@type":"ListItem","position":3,"name":"Suisse &#8211; Route 1291 &#8211; Non guid\u00e9 &#8211; 7 jours &#8211; Classique"}]},{"@type":"WebSite","@id":"https:\/\/www.franceavelo.com\/fr\/#website","url":"https:\/\/www.franceavelo.com\/fr\/","name":"France \u00e0 v\u00e9lo","description":"Un site utilisant WordPress","publisher":{"@id":"https:\/\/www.franceavelo.com\/fr\/#organization"},"potentialAction":[{"@type":"SearchAction","target":{"@type":"EntryPoint","urlTemplate":"https:\/\/www.franceavelo.com\/fr\/?s={search_term_string}"},"query-input":{"@type":"PropertyValueSpecification","valueRequired":true,"valueName":"search_term_string"}}],"inLanguage":"fr-FR"},{"@type":"Organization","@id":"https:\/\/www.franceavelo.com\/fr\/#organization","name":"France \u00e0 v\u00e9lo","url":"https:\/\/www.franceavelo.com\/fr\/","logo":{"@type":"ImageObject","inLanguage":"fr-FR","@id":"https:\/\/www.franceavelo.com\/fr\/#\/schema\/logo\/image\/","url":"https:\/\/www.franceavelo.com\/wp-content\/uploads\/2024\/07\/favicon-large.png","contentUrl":"https:\/\/www.franceavelo.com\/wp-content\/uploads\/2024\/07\/favicon-large.png","width":696,"height":696,"caption":"France \u00e0 v\u00e9lo"},"image":{"@id":"https:\/\/www.franceavelo.com\/fr\/#\/schema\/logo\/image\/"}}]}},"_links":{"self":[{"href":"https:\/\/www.franceavelo.com\/fr\/wp-json\/wp\/v2\/product\/74439","targetHints":{"allow":["GET"]}}],"collection":[{"href":"https:\/\/www.franceavelo.com\/fr\/wp-json\/wp\/v2\/product"}],"about":[{"href":"https:\/\/www.franceavelo.com\/fr\/wp-json\/wp\/v2\/types\/product"}],"replies":[{"embeddable":true,"href":"https:\/\/www.franceavelo.com\/fr\/wp-json\/wp\/v2\/comments?post=74439"}],"wp:attachment":[{"href":"https:\/\/www.franceavelo.com\/fr\/wp-json\/wp\/v2\/media?parent=74439"}],"curies":[{"name":"wp","href":"https:\/\/api.w.org\/{rel}","templated":true}]}}