{"id":76054,"date":"2026-03-16T14:46:26","date_gmt":"2026-03-16T13:46:26","guid":{"rendered":"https:\/\/www.franceavelo.com\/?post_type=product&#038;p=76054"},"modified":"2026-03-16T14:46:26","modified_gmt":"2026-03-16T13:46:26","slug":"voyage-velo-vietnam-guide-18-jours","status":"publish","type":"product","link":"https:\/\/www.franceavelo.com\/fr\/product\/voyage-velo-vietnam-guide-18-jours\/","title":{"rendered":"Vietnam &#8211; Guid\u00e9 &#8211; 17 jours"},"comment_status":"open","ping_status":"closed","template":"","class_list":["post-76054","product","type-product","status-publish","hentry"],"acf":{"product_code":"VTG","product_title":"Vietnam - Guid\u00e9 - 17 jours","product_subtitle":"Fascinant Vietnam \u00e0 v\u00e9lo et en bateau","product_description":"<p>Des empereurs chinois, \u00e0 la colonisation europ\u00e9enne, un voyage dans le temps vous attend. Pass\u00e9, pr\u00e9sent et futur se m\u00ealent pour vous offrir un fabuleux contraste entre tradition et modernit\u00e9. Vous d\u00e9couvrirez la beaut\u00e9 naturelle et culturelle du pays, la baie d&rsquo;Halong, les villages traditionnels et ses rencontres \u00e9mouvantes, la cit\u00e9 imp\u00e9riale de Hue et le fleuve des parfums&#8230;<br \/>\nUn voyage unique pour les sens.<\/p>\n<p><strong>Dates:<\/strong><\/p>\n<p>\u2022 14.11 \u2013 30.11.2025<\/p>\n<p>\u2022 13.11. &#8211; 29.11.2026<\/p>\n<p>\u2022 12.02. &#8211; 28.02.2027<\/p>\n<p>&nbsp;<\/p>\n<p>&nbsp;<\/p>\n","product_pdf_datasheet":{"ID":79385,"id":79385,"title":"VIETNAM_ft_fran\u00e7ais_2025","filename":"VIETNAM_ft_francais_2025-1.pdf","filesize":9178128,"url":"https:\/\/www.franceavelo.com\/wp-content\/uploads\/2025\/10\/VIETNAM_ft_francais_2025-1.pdf","link":"https:\/\/www.franceavelo.com\/fr\/product\/voyage-velo-vietnam-guide-18-jours\/vietnam_ft_francais_2025-3\/","alt":"","author":"12","description":"","caption":"","name":"vietnam_ft_francais_2025-3","status":"inherit","uploaded_to":76054,"date":"2026-03-16 13:40:30","modified":"2026-03-16 13:40:30","menu_order":0,"mime_type":"application\/pdf","type":"application","subtype":"pdf","icon":"https:\/\/www.franceavelo.com\/wp-includes\/images\/media\/document.png"},"product_zone":"wo","product_subzone":"wo_7","product_travel_type":{"value":"ty_1","label":"Guid\u00e9"},"product_difficulty":"1","product_gallery_items":[{"product_gallery_item_type":"image","product_gallery_item_image":{"ID":75538,"id":75538,"title":"Traditional-Sri-Lankan-Village-Life-header","filename":"Traditional-Sri-Lankan-Village-Life-header.jpg","filesize":196856,"url":"https:\/\/www.franceavelo.com\/wp-content\/uploads\/2025\/10\/Traditional-Sri-Lankan-Village-Life-header.jpg","link":"https:\/\/www.franceavelo.com\/fr\/product\/voyage-velo-sri-lanka-guide-15jours\/traditional-sri-lankan-village-life-header-2\/","alt":"","author":"12","description":"","caption":"","name":"traditional-sri-lankan-village-life-header-2","status":"inherit","uploaded_to":75526,"date":"2025-10-16 10:12:11","modified":"2025-10-16 10:12:11","menu_order":0,"mime_type":"image\/jpeg","type":"image","subtype":"jpeg","icon":"https:\/\/www.franceavelo.com\/wp-includes\/images\/media\/default.png","width":1920,"height":850,"sizes":{"thumbnail":"https:\/\/www.franceavelo.com\/wp-content\/uploads\/2025\/10\/Traditional-Sri-Lankan-Village-Life-header-150x150.jpg","thumbnail-width":150,"thumbnail-height":150,"medium":"https:\/\/www.franceavelo.com\/wp-content\/uploads\/2025\/10\/Traditional-Sri-Lankan-Village-Life-header-300x133.jpg","medium-width":300,"medium-height":133,"medium_large":"https:\/\/www.franceavelo.com\/wp-content\/uploads\/2025\/10\/Traditional-Sri-Lankan-Village-Life-header-768x340.jpg","medium_large-width":768,"medium_large-height":340,"large":"https:\/\/www.franceavelo.com\/wp-content\/uploads\/2025\/10\/Traditional-Sri-Lankan-Village-Life-header-1024x453.jpg","large-width":1024,"large-height":453,"1536x1536":"https:\/\/www.franceavelo.com\/wp-content\/uploads\/2025\/10\/Traditional-Sri-Lankan-Village-Life-header-1536x680.jpg","1536x1536-width":1536,"1536x1536-height":680,"2048x2048":"https:\/\/www.franceavelo.com\/wp-content\/uploads\/2025\/10\/Traditional-Sri-Lankan-Village-Life-header.jpg","2048x2048-width":1920,"2048x2048-height":850,"product_option_intro":"https:\/\/www.franceavelo.com\/wp-content\/uploads\/2025\/10\/Traditional-Sri-Lankan-Village-Life-header-300x220.jpg","product_option_intro-width":300,"product_option_intro-height":220,"postlist_thumbnail":"https:\/\/www.franceavelo.com\/wp-content\/uploads\/2025\/10\/Traditional-Sri-Lankan-Village-Life-header-200x200.jpg","postlist_thumbnail-width":200,"postlist_thumbnail-height":200,"content_full_desktop":"https:\/\/www.franceavelo.com\/wp-content\/uploads\/2025\/10\/Traditional-Sri-Lankan-Village-Life-header-970x429.jpg","content_full_desktop-width":970,"content_full_desktop-height":429,"content_full_desktop_retina":"https:\/\/www.franceavelo.com\/wp-content\/uploads\/2025\/10\/Traditional-Sri-Lankan-Village-Life-header.jpg","content_full_desktop_retina-width":1920,"content_full_desktop_retina-height":850,"content_half_desktop":"https:\/\/www.franceavelo.com\/wp-content\/uploads\/2025\/10\/Traditional-Sri-Lankan-Village-Life-header-485x215.jpg","content_half_desktop-width":485,"content_half_desktop-height":215,"content_full_tablet":"https:\/\/www.franceavelo.com\/wp-content\/uploads\/2025\/10\/Traditional-Sri-Lankan-Village-Life-header-750x332.jpg","content_full_tablet-width":750,"content_full_tablet-height":332,"content_full_tablet_retina":"https:\/\/www.franceavelo.com\/wp-content\/uploads\/2025\/10\/Traditional-Sri-Lankan-Village-Life-header-1500x664.jpg","content_full_tablet_retina-width":1500,"content_full_tablet_retina-height":664,"content_half_tablet":"https:\/\/www.franceavelo.com\/wp-content\/uploads\/2025\/10\/Traditional-Sri-Lankan-Village-Life-header-375x166.jpg","content_half_tablet-width":375,"content_half_tablet-height":166,"content_full_mobile":"https:\/\/www.franceavelo.com\/wp-content\/uploads\/2025\/10\/Traditional-Sri-Lankan-Village-Life-header-500x221.jpg","content_full_mobile-width":500,"content_full_mobile-height":221,"content_full_mobile_retina":"https:\/\/www.franceavelo.com\/wp-content\/uploads\/2025\/10\/Traditional-Sri-Lankan-Village-Life-header-1000x443.jpg","content_full_mobile_retina-width":1000,"content_full_mobile_retina-height":443,"content_full_smallmobile":"https:\/\/www.franceavelo.com\/wp-content\/uploads\/2025\/10\/Traditional-Sri-Lankan-Village-Life-header-380x180.jpg","content_full_smallmobile-width":380,"content_full_smallmobile-height":180,"content_head_mobile":"https:\/\/www.franceavelo.com\/wp-content\/uploads\/2025\/10\/Traditional-Sri-Lankan-Village-Life-header-320x430.jpg","content_head_mobile-width":320,"content_head_mobile-height":430,"content_head_tablet":"https:\/\/www.franceavelo.com\/wp-content\/uploads\/2025\/10\/Traditional-Sri-Lankan-Village-Life-header-540x500.jpg","content_head_tablet-width":540,"content_head_tablet-height":500,"content_highlight_desktop":"https:\/\/www.franceavelo.com\/wp-content\/uploads\/2025\/10\/Traditional-Sri-Lankan-Village-Life-header-350x240.jpg","content_highlight_desktop-width":350,"content_highlight_desktop-height":240,"content_highlight_desktop_retina":"https:\/\/www.franceavelo.com\/wp-content\/uploads\/2025\/10\/Traditional-Sri-Lankan-Village-Life-header-700x480.jpg","content_highlight_desktop_retina-width":700,"content_highlight_desktop_retina-height":480,"content_testimony_mobile":"https:\/\/www.franceavelo.com\/wp-content\/uploads\/2025\/10\/Traditional-Sri-Lankan-Village-Life-header-480x850.jpg","content_testimony_mobile-width":480,"content_testimony_mobile-height":850,"content_type_image_desktop":"https:\/\/www.franceavelo.com\/wp-content\/uploads\/2025\/10\/Traditional-Sri-Lankan-Village-Life-header-600x266.jpg","content_type_image_desktop-width":600,"content_type_image_desktop-height":266,"content_type_image_desktop_retina":"https:\/\/www.franceavelo.com\/wp-content\/uploads\/2025\/10\/Traditional-Sri-Lankan-Village-Life-header-1200x531.jpg","content_type_image_desktop_retina-width":1200,"content_type_image_desktop_retina-height":531,"content_type_image_mobile":"https:\/\/www.franceavelo.com\/wp-content\/uploads\/2025\/10\/Traditional-Sri-Lankan-Village-Life-header-450x199.jpg","content_type_image_mobile-width":450,"content_type_image_mobile-height":199,"gform-image-choice-sm":"https:\/\/www.franceavelo.com\/wp-content\/uploads\/2025\/10\/Traditional-Sri-Lankan-Village-Life-header.jpg","gform-image-choice-sm-width":300,"gform-image-choice-sm-height":133,"gform-image-choice-md":"https:\/\/www.franceavelo.com\/wp-content\/uploads\/2025\/10\/Traditional-Sri-Lankan-Village-Life-header.jpg","gform-image-choice-md-width":400,"gform-image-choice-md-height":177,"gform-image-choice-lg":"https:\/\/www.franceavelo.com\/wp-content\/uploads\/2025\/10\/Traditional-Sri-Lankan-Village-Life-header.jpg","gform-image-choice-lg-width":600,"gform-image-choice-lg-height":266}},"product_gallery_item_video_thumbnail":false,"product_gallery_item_video_url":""},{"product_gallery_item_type":"image","product_gallery_item_image":{"ID":75541,"id":75541,"title":"elephant-7112151_1280","filename":"elephant-7112151_1280.jpg","filesize":492638,"url":"https:\/\/www.franceavelo.com\/wp-content\/uploads\/2025\/10\/elephant-7112151_1280.jpg","link":"https:\/\/www.franceavelo.com\/fr\/product\/voyage-velo-sri-lanka-guide-15jours\/elephant-7112151_1280-2\/","alt":"","author":"12","description":"","caption":"","name":"elephant-7112151_1280-2","status":"inherit","uploaded_to":75526,"date":"2025-10-16 10:12:28","modified":"2025-10-16 10:12:28","menu_order":0,"mime_type":"image\/jpeg","type":"image","subtype":"jpeg","icon":"https:\/\/www.franceavelo.com\/wp-includes\/images\/media\/default.png","width":1280,"height":853,"sizes":{"thumbnail":"https:\/\/www.franceavelo.com\/wp-content\/uploads\/2025\/10\/elephant-7112151_1280-150x150.jpg","thumbnail-width":150,"thumbnail-height":150,"medium":"https:\/\/www.franceavelo.com\/wp-content\/uploads\/2025\/10\/elephant-7112151_1280-300x200.jpg","medium-width":300,"medium-height":200,"medium_large":"https:\/\/www.franceavelo.com\/wp-content\/uploads\/2025\/10\/elephant-7112151_1280-768x512.jpg","medium_large-width":768,"medium_large-height":512,"large":"https:\/\/www.franceavelo.com\/wp-content\/uploads\/2025\/10\/elephant-7112151_1280-1024x682.jpg","large-width":1024,"large-height":682,"1536x1536":"https:\/\/www.franceavelo.com\/wp-content\/uploads\/2025\/10\/elephant-7112151_1280.jpg","1536x1536-width":1280,"1536x1536-height":853,"2048x2048":"https:\/\/www.franceavelo.com\/wp-content\/uploads\/2025\/10\/elephant-7112151_1280.jpg","2048x2048-width":1280,"2048x2048-height":853,"product_option_intro":"https:\/\/www.franceavelo.com\/wp-content\/uploads\/2025\/10\/elephant-7112151_1280-300x220.jpg","product_option_intro-width":300,"product_option_intro-height":220,"postlist_thumbnail":"https:\/\/www.franceavelo.com\/wp-content\/uploads\/2025\/10\/elephant-7112151_1280-200x200.jpg","postlist_thumbnail-width":200,"postlist_thumbnail-height":200,"content_full_desktop":"https:\/\/www.franceavelo.com\/wp-content\/uploads\/2025\/10\/elephant-7112151_1280-970x646.jpg","content_full_desktop-width":970,"content_full_desktop-height":646,"content_full_desktop_retina":"https:\/\/www.franceavelo.com\/wp-content\/uploads\/2025\/10\/elephant-7112151_1280.jpg","content_full_desktop_retina-width":1280,"content_full_desktop_retina-height":853,"content_half_desktop":"https:\/\/www.franceavelo.com\/wp-content\/uploads\/2025\/10\/elephant-7112151_1280-485x323.jpg","content_half_desktop-width":485,"content_half_desktop-height":323,"content_full_tablet":"https:\/\/www.franceavelo.com\/wp-content\/uploads\/2025\/10\/elephant-7112151_1280-750x500.jpg","content_full_tablet-width":750,"content_full_tablet-height":500,"content_full_tablet_retina":"https:\/\/www.franceavelo.com\/wp-content\/uploads\/2025\/10\/elephant-7112151_1280.jpg","content_full_tablet_retina-width":1280,"content_full_tablet_retina-height":853,"content_half_tablet":"https:\/\/www.franceavelo.com\/wp-content\/uploads\/2025\/10\/elephant-7112151_1280-375x250.jpg","content_half_tablet-width":375,"content_half_tablet-height":250,"content_full_mobile":"https:\/\/www.franceavelo.com\/wp-content\/uploads\/2025\/10\/elephant-7112151_1280-500x333.jpg","content_full_mobile-width":500,"content_full_mobile-height":333,"content_full_mobile_retina":"https:\/\/www.franceavelo.com\/wp-content\/uploads\/2025\/10\/elephant-7112151_1280-1000x666.jpg","content_full_mobile_retina-width":1000,"content_full_mobile_retina-height":666,"content_full_smallmobile":"https:\/\/www.franceavelo.com\/wp-content\/uploads\/2025\/10\/elephant-7112151_1280-380x180.jpg","content_full_smallmobile-width":380,"content_full_smallmobile-height":180,"content_head_mobile":"https:\/\/www.franceavelo.com\/wp-content\/uploads\/2025\/10\/elephant-7112151_1280-320x430.jpg","content_head_mobile-width":320,"content_head_mobile-height":430,"content_head_tablet":"https:\/\/www.franceavelo.com\/wp-content\/uploads\/2025\/10\/elephant-7112151_1280-540x500.jpg","content_head_tablet-width":540,"content_head_tablet-height":500,"content_highlight_desktop":"https:\/\/www.franceavelo.com\/wp-content\/uploads\/2025\/10\/elephant-7112151_1280-350x240.jpg","content_highlight_desktop-width":350,"content_highlight_desktop-height":240,"content_highlight_desktop_retina":"https:\/\/www.franceavelo.com\/wp-content\/uploads\/2025\/10\/elephant-7112151_1280-700x480.jpg","content_highlight_desktop_retina-width":700,"content_highlight_desktop_retina-height":480,"content_testimony_mobile":"https:\/\/www.franceavelo.com\/wp-content\/uploads\/2025\/10\/elephant-7112151_1280-480x853.jpg","content_testimony_mobile-width":480,"content_testimony_mobile-height":853,"content_type_image_desktop":"https:\/\/www.franceavelo.com\/wp-content\/uploads\/2025\/10\/elephant-7112151_1280-600x400.jpg","content_type_image_desktop-width":600,"content_type_image_desktop-height":400,"content_type_image_desktop_retina":"https:\/\/www.franceavelo.com\/wp-content\/uploads\/2025\/10\/elephant-7112151_1280-1200x800.jpg","content_type_image_desktop_retina-width":1200,"content_type_image_desktop_retina-height":800,"content_type_image_mobile":"https:\/\/www.franceavelo.com\/wp-content\/uploads\/2025\/10\/elephant-7112151_1280-450x300.jpg","content_type_image_mobile-width":450,"content_type_image_mobile-height":300,"gform-image-choice-sm":"https:\/\/www.franceavelo.com\/wp-content\/uploads\/2025\/10\/elephant-7112151_1280.jpg","gform-image-choice-sm-width":300,"gform-image-choice-sm-height":200,"gform-image-choice-md":"https:\/\/www.franceavelo.com\/wp-content\/uploads\/2025\/10\/elephant-7112151_1280.jpg","gform-image-choice-md-width":400,"gform-image-choice-md-height":267,"gform-image-choice-lg":"https:\/\/www.franceavelo.com\/wp-content\/uploads\/2025\/10\/elephant-7112151_1280.jpg","gform-image-choice-lg-width":600,"gform-image-choice-lg-height":400}},"product_gallery_item_video_thumbnail":false,"product_gallery_item_video_url":""},{"product_gallery_item_type":"image","product_gallery_item_image":{"ID":75544,"id":75544,"title":"Fishermen_in_Sri_Lanka","filename":"Fishermen_in_Sri_Lanka.jpg","filesize":279210,"url":"https:\/\/www.franceavelo.com\/wp-content\/uploads\/2025\/10\/Fishermen_in_Sri_Lanka.jpg","link":"https:\/\/www.franceavelo.com\/fr\/product\/voyage-velo-sri-lanka-guide-15jours\/fishermen_in_sri_lanka-2\/","alt":"","author":"12","description":"","caption":"","name":"fishermen_in_sri_lanka-2","status":"inherit","uploaded_to":75526,"date":"2025-10-16 10:12:37","modified":"2025-10-16 10:12:37","menu_order":0,"mime_type":"image\/jpeg","type":"image","subtype":"jpeg","icon":"https:\/\/www.franceavelo.com\/wp-includes\/images\/media\/default.png","width":1600,"height":1073,"sizes":{"thumbnail":"https:\/\/www.franceavelo.com\/wp-content\/uploads\/2025\/10\/Fishermen_in_Sri_Lanka-150x150.jpg","thumbnail-width":150,"thumbnail-height":150,"medium":"https:\/\/www.franceavelo.com\/wp-content\/uploads\/2025\/10\/Fishermen_in_Sri_Lanka-300x201.jpg","medium-width":300,"medium-height":201,"medium_large":"https:\/\/www.franceavelo.com\/wp-content\/uploads\/2025\/10\/Fishermen_in_Sri_Lanka-768x515.jpg","medium_large-width":768,"medium_large-height":515,"large":"https:\/\/www.franceavelo.com\/wp-content\/uploads\/2025\/10\/Fishermen_in_Sri_Lanka-1024x687.jpg","large-width":1024,"large-height":687,"1536x1536":"https:\/\/www.franceavelo.com\/wp-content\/uploads\/2025\/10\/Fishermen_in_Sri_Lanka-1536x1030.jpg","1536x1536-width":1536,"1536x1536-height":1030,"2048x2048":"https:\/\/www.franceavelo.com\/wp-content\/uploads\/2025\/10\/Fishermen_in_Sri_Lanka.jpg","2048x2048-width":1600,"2048x2048-height":1073,"product_option_intro":"https:\/\/www.franceavelo.com\/wp-content\/uploads\/2025\/10\/Fishermen_in_Sri_Lanka-300x220.jpg","product_option_intro-width":300,"product_option_intro-height":220,"postlist_thumbnail":"https:\/\/www.franceavelo.com\/wp-content\/uploads\/2025\/10\/Fishermen_in_Sri_Lanka-200x200.jpg","postlist_thumbnail-width":200,"postlist_thumbnail-height":200,"content_full_desktop":"https:\/\/www.franceavelo.com\/wp-content\/uploads\/2025\/10\/Fishermen_in_Sri_Lanka-970x651.jpg","content_full_desktop-width":970,"content_full_desktop-height":651,"content_full_desktop_retina":"https:\/\/www.franceavelo.com\/wp-content\/uploads\/2025\/10\/Fishermen_in_Sri_Lanka.jpg","content_full_desktop_retina-width":1600,"content_full_desktop_retina-height":1073,"content_half_desktop":"https:\/\/www.franceavelo.com\/wp-content\/uploads\/2025\/10\/Fishermen_in_Sri_Lanka-485x325.jpg","content_half_desktop-width":485,"content_half_desktop-height":325,"content_full_tablet":"https:\/\/www.franceavelo.com\/wp-content\/uploads\/2025\/10\/Fishermen_in_Sri_Lanka-750x503.jpg","content_full_tablet-width":750,"content_full_tablet-height":503,"content_full_tablet_retina":"https:\/\/www.franceavelo.com\/wp-content\/uploads\/2025\/10\/Fishermen_in_Sri_Lanka-1500x1006.jpg","content_full_tablet_retina-width":1500,"content_full_tablet_retina-height":1006,"content_half_tablet":"https:\/\/www.franceavelo.com\/wp-content\/uploads\/2025\/10\/Fishermen_in_Sri_Lanka-375x251.jpg","content_half_tablet-width":375,"content_half_tablet-height":251,"content_full_mobile":"https:\/\/www.franceavelo.com\/wp-content\/uploads\/2025\/10\/Fishermen_in_Sri_Lanka-500x335.jpg","content_full_mobile-width":500,"content_full_mobile-height":335,"content_full_mobile_retina":"https:\/\/www.franceavelo.com\/wp-content\/uploads\/2025\/10\/Fishermen_in_Sri_Lanka-1000x671.jpg","content_full_mobile_retina-width":1000,"content_full_mobile_retina-height":671,"content_full_smallmobile":"https:\/\/www.franceavelo.com\/wp-content\/uploads\/2025\/10\/Fishermen_in_Sri_Lanka-380x180.jpg","content_full_smallmobile-width":380,"content_full_smallmobile-height":180,"content_head_mobile":"https:\/\/www.franceavelo.com\/wp-content\/uploads\/2025\/10\/Fishermen_in_Sri_Lanka-320x430.jpg","content_head_mobile-width":320,"content_head_mobile-height":430,"content_head_tablet":"https:\/\/www.franceavelo.com\/wp-content\/uploads\/2025\/10\/Fishermen_in_Sri_Lanka-540x500.jpg","content_head_tablet-width":540,"content_head_tablet-height":500,"content_highlight_desktop":"https:\/\/www.franceavelo.com\/wp-content\/uploads\/2025\/10\/Fishermen_in_Sri_Lanka-350x240.jpg","content_highlight_desktop-width":350,"content_highlight_desktop-height":240,"content_highlight_desktop_retina":"https:\/\/www.franceavelo.com\/wp-content\/uploads\/2025\/10\/Fishermen_in_Sri_Lanka-700x480.jpg","content_highlight_desktop_retina-width":700,"content_highlight_desktop_retina-height":480,"content_testimony_mobile":"https:\/\/www.franceavelo.com\/wp-content\/uploads\/2025\/10\/Fishermen_in_Sri_Lanka-480x1073.jpg","content_testimony_mobile-width":480,"content_testimony_mobile-height":1073,"content_type_image_desktop":"https:\/\/www.franceavelo.com\/wp-content\/uploads\/2025\/10\/Fishermen_in_Sri_Lanka-600x402.jpg","content_type_image_desktop-width":600,"content_type_image_desktop-height":402,"content_type_image_desktop_retina":"https:\/\/www.franceavelo.com\/wp-content\/uploads\/2025\/10\/Fishermen_in_Sri_Lanka-1200x805.jpg","content_type_image_desktop_retina-width":1200,"content_type_image_desktop_retina-height":805,"content_type_image_mobile":"https:\/\/www.franceavelo.com\/wp-content\/uploads\/2025\/10\/Fishermen_in_Sri_Lanka-450x302.jpg","content_type_image_mobile-width":450,"content_type_image_mobile-height":302,"gform-image-choice-sm":"https:\/\/www.franceavelo.com\/wp-content\/uploads\/2025\/10\/Fishermen_in_Sri_Lanka.jpg","gform-image-choice-sm-width":300,"gform-image-choice-sm-height":201,"gform-image-choice-md":"https:\/\/www.franceavelo.com\/wp-content\/uploads\/2025\/10\/Fishermen_in_Sri_Lanka.jpg","gform-image-choice-md-width":400,"gform-image-choice-md-height":268,"gform-image-choice-lg":"https:\/\/www.franceavelo.com\/wp-content\/uploads\/2025\/10\/Fishermen_in_Sri_Lanka.jpg","gform-image-choice-lg-width":600,"gform-image-choice-lg-height":402}},"product_gallery_item_video_thumbnail":false,"product_gallery_item_video_url":""},{"product_gallery_item_type":"image","product_gallery_item_image":{"ID":75547,"id":75547,"title":"food sri lanka","filename":"food-sri-lanka.jpg","filesize":57977,"url":"https:\/\/www.franceavelo.com\/wp-content\/uploads\/2025\/10\/food-sri-lanka.jpg","link":"https:\/\/www.franceavelo.com\/fr\/product\/voyage-velo-sri-lanka-guide-15jours\/food-sri-lanka-2\/","alt":"","author":"12","description":"","caption":"","name":"food-sri-lanka-2","status":"inherit","uploaded_to":75526,"date":"2025-10-16 10:12:46","modified":"2025-10-16 10:12:46","menu_order":0,"mime_type":"image\/jpeg","type":"image","subtype":"jpeg","icon":"https:\/\/www.franceavelo.com\/wp-includes\/images\/media\/default.png","width":338,"height":459,"sizes":{"thumbnail":"https:\/\/www.franceavelo.com\/wp-content\/uploads\/2025\/10\/food-sri-lanka-150x150.jpg","thumbnail-width":150,"thumbnail-height":150,"medium":"https:\/\/www.franceavelo.com\/wp-content\/uploads\/2025\/10\/food-sri-lanka-221x300.jpg","medium-width":221,"medium-height":300,"medium_large":"https:\/\/www.franceavelo.com\/wp-content\/uploads\/2025\/10\/food-sri-lanka.jpg","medium_large-width":338,"medium_large-height":459,"large":"https:\/\/www.franceavelo.com\/wp-content\/uploads\/2025\/10\/food-sri-lanka.jpg","large-width":338,"large-height":459,"1536x1536":"https:\/\/www.franceavelo.com\/wp-content\/uploads\/2025\/10\/food-sri-lanka.jpg","1536x1536-width":338,"1536x1536-height":459,"2048x2048":"https:\/\/www.franceavelo.com\/wp-content\/uploads\/2025\/10\/food-sri-lanka.jpg","2048x2048-width":338,"2048x2048-height":459,"product_option_intro":"https:\/\/www.franceavelo.com\/wp-content\/uploads\/2025\/10\/food-sri-lanka-300x220.jpg","product_option_intro-width":300,"product_option_intro-height":220,"postlist_thumbnail":"https:\/\/www.franceavelo.com\/wp-content\/uploads\/2025\/10\/food-sri-lanka-200x200.jpg","postlist_thumbnail-width":200,"postlist_thumbnail-height":200,"content_full_desktop":"https:\/\/www.franceavelo.com\/wp-content\/uploads\/2025\/10\/food-sri-lanka.jpg","content_full_desktop-width":338,"content_full_desktop-height":459,"content_full_desktop_retina":"https:\/\/www.franceavelo.com\/wp-content\/uploads\/2025\/10\/food-sri-lanka.jpg","content_full_desktop_retina-width":338,"content_full_desktop_retina-height":459,"content_half_desktop":"https:\/\/www.franceavelo.com\/wp-content\/uploads\/2025\/10\/food-sri-lanka.jpg","content_half_desktop-width":338,"content_half_desktop-height":459,"content_full_tablet":"https:\/\/www.franceavelo.com\/wp-content\/uploads\/2025\/10\/food-sri-lanka.jpg","content_full_tablet-width":338,"content_full_tablet-height":459,"content_full_tablet_retina":"https:\/\/www.franceavelo.com\/wp-content\/uploads\/2025\/10\/food-sri-lanka.jpg","content_full_tablet_retina-width":338,"content_full_tablet_retina-height":459,"content_half_tablet":"https:\/\/www.franceavelo.com\/wp-content\/uploads\/2025\/10\/food-sri-lanka.jpg","content_half_tablet-width":338,"content_half_tablet-height":459,"content_full_mobile":"https:\/\/www.franceavelo.com\/wp-content\/uploads\/2025\/10\/food-sri-lanka.jpg","content_full_mobile-width":338,"content_full_mobile-height":459,"content_full_mobile_retina":"https:\/\/www.franceavelo.com\/wp-content\/uploads\/2025\/10\/food-sri-lanka.jpg","content_full_mobile_retina-width":338,"content_full_mobile_retina-height":459,"content_full_smallmobile":"https:\/\/www.franceavelo.com\/wp-content\/uploads\/2025\/10\/food-sri-lanka-338x180.jpg","content_full_smallmobile-width":338,"content_full_smallmobile-height":180,"content_head_mobile":"https:\/\/www.franceavelo.com\/wp-content\/uploads\/2025\/10\/food-sri-lanka-320x430.jpg","content_head_mobile-width":320,"content_head_mobile-height":430,"content_head_tablet":"https:\/\/www.franceavelo.com\/wp-content\/uploads\/2025\/10\/food-sri-lanka.jpg","content_head_tablet-width":338,"content_head_tablet-height":459,"content_highlight_desktop":"https:\/\/www.franceavelo.com\/wp-content\/uploads\/2025\/10\/food-sri-lanka-338x240.jpg","content_highlight_desktop-width":338,"content_highlight_desktop-height":240,"content_highlight_desktop_retina":"https:\/\/www.franceavelo.com\/wp-content\/uploads\/2025\/10\/food-sri-lanka.jpg","content_highlight_desktop_retina-width":338,"content_highlight_desktop_retina-height":459,"content_testimony_mobile":"https:\/\/www.franceavelo.com\/wp-content\/uploads\/2025\/10\/food-sri-lanka.jpg","content_testimony_mobile-width":338,"content_testimony_mobile-height":459,"content_type_image_desktop":"https:\/\/www.franceavelo.com\/wp-content\/uploads\/2025\/10\/food-sri-lanka.jpg","content_type_image_desktop-width":338,"content_type_image_desktop-height":459,"content_type_image_desktop_retina":"https:\/\/www.franceavelo.com\/wp-content\/uploads\/2025\/10\/food-sri-lanka.jpg","content_type_image_desktop_retina-width":338,"content_type_image_desktop_retina-height":459,"content_type_image_mobile":"https:\/\/www.franceavelo.com\/wp-content\/uploads\/2025\/10\/food-sri-lanka.jpg","content_type_image_mobile-width":338,"content_type_image_mobile-height":459,"gform-image-choice-sm":"https:\/\/www.franceavelo.com\/wp-content\/uploads\/2025\/10\/food-sri-lanka.jpg","gform-image-choice-sm-width":221,"gform-image-choice-sm-height":300,"gform-image-choice-md":"https:\/\/www.franceavelo.com\/wp-content\/uploads\/2025\/10\/food-sri-lanka.jpg","gform-image-choice-md-width":295,"gform-image-choice-md-height":400,"gform-image-choice-lg":"https:\/\/www.franceavelo.com\/wp-content\/uploads\/2025\/10\/food-sri-lanka.jpg","gform-image-choice-lg-width":338,"gform-image-choice-lg-height":459}},"product_gallery_item_video_thumbnail":false,"product_gallery_item_video_url":""},{"product_gallery_item_type":"image","product_gallery_item_image":{"ID":75550,"id":75550,"title":"Tea picker in a tea plantation in the 'tea country' of Sri Lanka, Asia, by documentary travel photographer Matthew Williams-Ellis","filename":"image-result-for-sri-lankan-tea-workers.jpeg","filesize":210843,"url":"https:\/\/www.franceavelo.com\/wp-content\/uploads\/2025\/10\/image-result-for-sri-lankan-tea-workers.jpeg","link":"https:\/\/www.franceavelo.com\/fr\/product\/voyage-velo-sri-lanka-guide-15jours\/tea-picker-in-a-tea-plantation-in-the-tea-country-of-sri-lanka-asia-by-documentary-travel-photographer-matthew-williams-ellis-2\/","alt":"","author":"12","description":"","caption":"Tea picker in a tea plantation in the 'tea country' of Sri Lanka, Asia, by documentary travel photographer Matthew Williams-Ellis","name":"tea-picker-in-a-tea-plantation-in-the-tea-country-of-sri-lanka-asia-by-documentary-travel-photographer-matthew-williams-ellis-2","status":"inherit","uploaded_to":75526,"date":"2025-10-16 10:12:54","modified":"2025-10-16 10:12:54","menu_order":0,"mime_type":"image\/jpeg","type":"image","subtype":"jpeg","icon":"https:\/\/www.franceavelo.com\/wp-includes\/images\/media\/default.png","width":1618,"height":1080,"sizes":{"thumbnail":"https:\/\/www.franceavelo.com\/wp-content\/uploads\/2025\/10\/image-result-for-sri-lankan-tea-workers-150x150.jpeg","thumbnail-width":150,"thumbnail-height":150,"medium":"https:\/\/www.franceavelo.com\/wp-content\/uploads\/2025\/10\/image-result-for-sri-lankan-tea-workers-300x200.jpeg","medium-width":300,"medium-height":200,"medium_large":"https:\/\/www.franceavelo.com\/wp-content\/uploads\/2025\/10\/image-result-for-sri-lankan-tea-workers-768x513.jpeg","medium_large-width":768,"medium_large-height":513,"large":"https:\/\/www.franceavelo.com\/wp-content\/uploads\/2025\/10\/image-result-for-sri-lankan-tea-workers-1024x684.jpeg","large-width":1024,"large-height":684,"1536x1536":"https:\/\/www.franceavelo.com\/wp-content\/uploads\/2025\/10\/image-result-for-sri-lankan-tea-workers-1536x1025.jpeg","1536x1536-width":1536,"1536x1536-height":1025,"2048x2048":"https:\/\/www.franceavelo.com\/wp-content\/uploads\/2025\/10\/image-result-for-sri-lankan-tea-workers.jpeg","2048x2048-width":1618,"2048x2048-height":1080,"product_option_intro":"https:\/\/www.franceavelo.com\/wp-content\/uploads\/2025\/10\/image-result-for-sri-lankan-tea-workers-300x220.jpeg","product_option_intro-width":300,"product_option_intro-height":220,"postlist_thumbnail":"https:\/\/www.franceavelo.com\/wp-content\/uploads\/2025\/10\/image-result-for-sri-lankan-tea-workers-200x200.jpeg","postlist_thumbnail-width":200,"postlist_thumbnail-height":200,"content_full_desktop":"https:\/\/www.franceavelo.com\/wp-content\/uploads\/2025\/10\/image-result-for-sri-lankan-tea-workers-970x647.jpeg","content_full_desktop-width":970,"content_full_desktop-height":647,"content_full_desktop_retina":"https:\/\/www.franceavelo.com\/wp-content\/uploads\/2025\/10\/image-result-for-sri-lankan-tea-workers.jpeg","content_full_desktop_retina-width":1618,"content_full_desktop_retina-height":1080,"content_half_desktop":"https:\/\/www.franceavelo.com\/wp-content\/uploads\/2025\/10\/image-result-for-sri-lankan-tea-workers-485x324.jpeg","content_half_desktop-width":485,"content_half_desktop-height":324,"content_full_tablet":"https:\/\/www.franceavelo.com\/wp-content\/uploads\/2025\/10\/image-result-for-sri-lankan-tea-workers-750x501.jpeg","content_full_tablet-width":750,"content_full_tablet-height":501,"content_full_tablet_retina":"https:\/\/www.franceavelo.com\/wp-content\/uploads\/2025\/10\/image-result-for-sri-lankan-tea-workers-1500x1001.jpeg","content_full_tablet_retina-width":1500,"content_full_tablet_retina-height":1001,"content_half_tablet":"https:\/\/www.franceavelo.com\/wp-content\/uploads\/2025\/10\/image-result-for-sri-lankan-tea-workers-375x250.jpeg","content_half_tablet-width":375,"content_half_tablet-height":250,"content_full_mobile":"https:\/\/www.franceavelo.com\/wp-content\/uploads\/2025\/10\/image-result-for-sri-lankan-tea-workers-500x334.jpeg","content_full_mobile-width":500,"content_full_mobile-height":334,"content_full_mobile_retina":"https:\/\/www.franceavelo.com\/wp-content\/uploads\/2025\/10\/image-result-for-sri-lankan-tea-workers-1000x667.jpeg","content_full_mobile_retina-width":1000,"content_full_mobile_retina-height":667,"content_full_smallmobile":"https:\/\/www.franceavelo.com\/wp-content\/uploads\/2025\/10\/image-result-for-sri-lankan-tea-workers-380x180.jpeg","content_full_smallmobile-width":380,"content_full_smallmobile-height":180,"content_head_mobile":"https:\/\/www.franceavelo.com\/wp-content\/uploads\/2025\/10\/image-result-for-sri-lankan-tea-workers-320x430.jpeg","content_head_mobile-width":320,"content_head_mobile-height":430,"content_head_tablet":"https:\/\/www.franceavelo.com\/wp-content\/uploads\/2025\/10\/image-result-for-sri-lankan-tea-workers-540x500.jpeg","content_head_tablet-width":540,"content_head_tablet-height":500,"content_highlight_desktop":"https:\/\/www.franceavelo.com\/wp-content\/uploads\/2025\/10\/image-result-for-sri-lankan-tea-workers-350x240.jpeg","content_highlight_desktop-width":350,"content_highlight_desktop-height":240,"content_highlight_desktop_retina":"https:\/\/www.franceavelo.com\/wp-content\/uploads\/2025\/10\/image-result-for-sri-lankan-tea-workers-700x480.jpeg","content_highlight_desktop_retina-width":700,"content_highlight_desktop_retina-height":480,"content_testimony_mobile":"https:\/\/www.franceavelo.com\/wp-content\/uploads\/2025\/10\/image-result-for-sri-lankan-tea-workers-480x1080.jpeg","content_testimony_mobile-width":480,"content_testimony_mobile-height":1080,"content_type_image_desktop":"https:\/\/www.franceavelo.com\/wp-content\/uploads\/2025\/10\/image-result-for-sri-lankan-tea-workers-600x400.jpeg","content_type_image_desktop-width":600,"content_type_image_desktop-height":400,"content_type_image_desktop_retina":"https:\/\/www.franceavelo.com\/wp-content\/uploads\/2025\/10\/image-result-for-sri-lankan-tea-workers-1200x801.jpeg","content_type_image_desktop_retina-width":1200,"content_type_image_desktop_retina-height":801,"content_type_image_mobile":"https:\/\/www.franceavelo.com\/wp-content\/uploads\/2025\/10\/image-result-for-sri-lankan-tea-workers-450x300.jpeg","content_type_image_mobile-width":450,"content_type_image_mobile-height":300,"gform-image-choice-sm":"https:\/\/www.franceavelo.com\/wp-content\/uploads\/2025\/10\/image-result-for-sri-lankan-tea-workers.jpeg","gform-image-choice-sm-width":300,"gform-image-choice-sm-height":200,"gform-image-choice-md":"https:\/\/www.franceavelo.com\/wp-content\/uploads\/2025\/10\/image-result-for-sri-lankan-tea-workers.jpeg","gform-image-choice-md-width":400,"gform-image-choice-md-height":267,"gform-image-choice-lg":"https:\/\/www.franceavelo.com\/wp-content\/uploads\/2025\/10\/image-result-for-sri-lankan-tea-workers.jpeg","gform-image-choice-lg-width":600,"gform-image-choice-lg-height":400}},"product_gallery_item_video_thumbnail":false,"product_gallery_item_video_url":""},{"product_gallery_item_type":"image","product_gallery_item_image":{"ID":75556,"id":75556,"title":"monkey-2360022_1280","filename":"monkey-2360022_1280.jpg","filesize":330170,"url":"https:\/\/www.franceavelo.com\/wp-content\/uploads\/2025\/10\/monkey-2360022_1280.jpg","link":"https:\/\/www.franceavelo.com\/fr\/product\/voyage-velo-sri-lanka-guide-15jours\/monkey-2360022_1280-2\/","alt":"","author":"12","description":"","caption":"","name":"monkey-2360022_1280-2","status":"inherit","uploaded_to":75526,"date":"2025-10-16 10:13:14","modified":"2025-10-16 10:13:14","menu_order":0,"mime_type":"image\/jpeg","type":"image","subtype":"jpeg","icon":"https:\/\/www.franceavelo.com\/wp-includes\/images\/media\/default.png","width":853,"height":1280,"sizes":{"thumbnail":"https:\/\/www.franceavelo.com\/wp-content\/uploads\/2025\/10\/monkey-2360022_1280-150x150.jpg","thumbnail-width":150,"thumbnail-height":150,"medium":"https:\/\/www.franceavelo.com\/wp-content\/uploads\/2025\/10\/monkey-2360022_1280-200x300.jpg","medium-width":200,"medium-height":300,"medium_large":"https:\/\/www.franceavelo.com\/wp-content\/uploads\/2025\/10\/monkey-2360022_1280-768x1152.jpg","medium_large-width":768,"medium_large-height":1152,"large":"https:\/\/www.franceavelo.com\/wp-content\/uploads\/2025\/10\/monkey-2360022_1280-682x1024.jpg","large-width":682,"large-height":1024,"1536x1536":"https:\/\/www.franceavelo.com\/wp-content\/uploads\/2025\/10\/monkey-2360022_1280.jpg","1536x1536-width":853,"1536x1536-height":1280,"2048x2048":"https:\/\/www.franceavelo.com\/wp-content\/uploads\/2025\/10\/monkey-2360022_1280.jpg","2048x2048-width":853,"2048x2048-height":1280,"product_option_intro":"https:\/\/www.franceavelo.com\/wp-content\/uploads\/2025\/10\/monkey-2360022_1280-300x220.jpg","product_option_intro-width":300,"product_option_intro-height":220,"postlist_thumbnail":"https:\/\/www.franceavelo.com\/wp-content\/uploads\/2025\/10\/monkey-2360022_1280-200x200.jpg","postlist_thumbnail-width":200,"postlist_thumbnail-height":200,"content_full_desktop":"https:\/\/www.franceavelo.com\/wp-content\/uploads\/2025\/10\/monkey-2360022_1280.jpg","content_full_desktop-width":853,"content_full_desktop-height":1280,"content_full_desktop_retina":"https:\/\/www.franceavelo.com\/wp-content\/uploads\/2025\/10\/monkey-2360022_1280.jpg","content_full_desktop_retina-width":853,"content_full_desktop_retina-height":1280,"content_half_desktop":"https:\/\/www.franceavelo.com\/wp-content\/uploads\/2025\/10\/monkey-2360022_1280-485x728.jpg","content_half_desktop-width":485,"content_half_desktop-height":728,"content_full_tablet":"https:\/\/www.franceavelo.com\/wp-content\/uploads\/2025\/10\/monkey-2360022_1280-750x1125.jpg","content_full_tablet-width":750,"content_full_tablet-height":1125,"content_full_tablet_retina":"https:\/\/www.franceavelo.com\/wp-content\/uploads\/2025\/10\/monkey-2360022_1280.jpg","content_full_tablet_retina-width":853,"content_full_tablet_retina-height":1280,"content_half_tablet":"https:\/\/www.franceavelo.com\/wp-content\/uploads\/2025\/10\/monkey-2360022_1280-375x563.jpg","content_half_tablet-width":375,"content_half_tablet-height":563,"content_full_mobile":"https:\/\/www.franceavelo.com\/wp-content\/uploads\/2025\/10\/monkey-2360022_1280-500x750.jpg","content_full_mobile-width":500,"content_full_mobile-height":750,"content_full_mobile_retina":"https:\/\/www.franceavelo.com\/wp-content\/uploads\/2025\/10\/monkey-2360022_1280.jpg","content_full_mobile_retina-width":853,"content_full_mobile_retina-height":1280,"content_full_smallmobile":"https:\/\/www.franceavelo.com\/wp-content\/uploads\/2025\/10\/monkey-2360022_1280-380x180.jpg","content_full_smallmobile-width":380,"content_full_smallmobile-height":180,"content_head_mobile":"https:\/\/www.franceavelo.com\/wp-content\/uploads\/2025\/10\/monkey-2360022_1280-320x430.jpg","content_head_mobile-width":320,"content_head_mobile-height":430,"content_head_tablet":"https:\/\/www.franceavelo.com\/wp-content\/uploads\/2025\/10\/monkey-2360022_1280-540x500.jpg","content_head_tablet-width":540,"content_head_tablet-height":500,"content_highlight_desktop":"https:\/\/www.franceavelo.com\/wp-content\/uploads\/2025\/10\/monkey-2360022_1280-350x240.jpg","content_highlight_desktop-width":350,"content_highlight_desktop-height":240,"content_highlight_desktop_retina":"https:\/\/www.franceavelo.com\/wp-content\/uploads\/2025\/10\/monkey-2360022_1280-700x480.jpg","content_highlight_desktop_retina-width":700,"content_highlight_desktop_retina-height":480,"content_testimony_mobile":"https:\/\/www.franceavelo.com\/wp-content\/uploads\/2025\/10\/monkey-2360022_1280-480x1100.jpg","content_testimony_mobile-width":480,"content_testimony_mobile-height":1100,"content_type_image_desktop":"https:\/\/www.franceavelo.com\/wp-content\/uploads\/2025\/10\/monkey-2360022_1280-600x900.jpg","content_type_image_desktop-width":600,"content_type_image_desktop-height":900,"content_type_image_desktop_retina":"https:\/\/www.franceavelo.com\/wp-content\/uploads\/2025\/10\/monkey-2360022_1280.jpg","content_type_image_desktop_retina-width":853,"content_type_image_desktop_retina-height":1280,"content_type_image_mobile":"https:\/\/www.franceavelo.com\/wp-content\/uploads\/2025\/10\/monkey-2360022_1280-450x675.jpg","content_type_image_mobile-width":450,"content_type_image_mobile-height":675,"gform-image-choice-sm":"https:\/\/www.franceavelo.com\/wp-content\/uploads\/2025\/10\/monkey-2360022_1280.jpg","gform-image-choice-sm-width":200,"gform-image-choice-sm-height":300,"gform-image-choice-md":"https:\/\/www.franceavelo.com\/wp-content\/uploads\/2025\/10\/monkey-2360022_1280.jpg","gform-image-choice-md-width":267,"gform-image-choice-md-height":400,"gform-image-choice-lg":"https:\/\/www.franceavelo.com\/wp-content\/uploads\/2025\/10\/monkey-2360022_1280.jpg","gform-image-choice-lg-width":400,"gform-image-choice-lg-height":600}},"product_gallery_item_video_thumbnail":false,"product_gallery_item_video_url":""},{"product_gallery_item_type":"image","product_gallery_item_image":{"ID":75562,"id":75562,"title":"shutterstock_1437467039(2)","filename":"shutterstock_14374670392.jpg","filesize":116940,"url":"https:\/\/www.franceavelo.com\/wp-content\/uploads\/2025\/10\/shutterstock_14374670392.jpg","link":"https:\/\/www.franceavelo.com\/fr\/product\/voyage-velo-sri-lanka-guide-15jours\/shutterstock_14374670392-2\/","alt":"","author":"12","description":"","caption":"","name":"shutterstock_14374670392-2","status":"inherit","uploaded_to":75526,"date":"2025-10-16 10:13:40","modified":"2025-10-16 10:13:40","menu_order":0,"mime_type":"image\/jpeg","type":"image","subtype":"jpeg","icon":"https:\/\/www.franceavelo.com\/wp-includes\/images\/media\/default.png","width":800,"height":600,"sizes":{"thumbnail":"https:\/\/www.franceavelo.com\/wp-content\/uploads\/2025\/10\/shutterstock_14374670392-150x150.jpg","thumbnail-width":150,"thumbnail-height":150,"medium":"https:\/\/www.franceavelo.com\/wp-content\/uploads\/2025\/10\/shutterstock_14374670392-300x225.jpg","medium-width":300,"medium-height":225,"medium_large":"https:\/\/www.franceavelo.com\/wp-content\/uploads\/2025\/10\/shutterstock_14374670392-768x576.jpg","medium_large-width":768,"medium_large-height":576,"large":"https:\/\/www.franceavelo.com\/wp-content\/uploads\/2025\/10\/shutterstock_14374670392.jpg","large-width":800,"large-height":600,"1536x1536":"https:\/\/www.franceavelo.com\/wp-content\/uploads\/2025\/10\/shutterstock_14374670392.jpg","1536x1536-width":800,"1536x1536-height":600,"2048x2048":"https:\/\/www.franceavelo.com\/wp-content\/uploads\/2025\/10\/shutterstock_14374670392.jpg","2048x2048-width":800,"2048x2048-height":600,"product_option_intro":"https:\/\/www.franceavelo.com\/wp-content\/uploads\/2025\/10\/shutterstock_14374670392-300x220.jpg","product_option_intro-width":300,"product_option_intro-height":220,"postlist_thumbnail":"https:\/\/www.franceavelo.com\/wp-content\/uploads\/2025\/10\/shutterstock_14374670392-200x200.jpg","postlist_thumbnail-width":200,"postlist_thumbnail-height":200,"content_full_desktop":"https:\/\/www.franceavelo.com\/wp-content\/uploads\/2025\/10\/shutterstock_14374670392.jpg","content_full_desktop-width":800,"content_full_desktop-height":600,"content_full_desktop_retina":"https:\/\/www.franceavelo.com\/wp-content\/uploads\/2025\/10\/shutterstock_14374670392.jpg","content_full_desktop_retina-width":800,"content_full_desktop_retina-height":600,"content_half_desktop":"https:\/\/www.franceavelo.com\/wp-content\/uploads\/2025\/10\/shutterstock_14374670392-485x364.jpg","content_half_desktop-width":485,"content_half_desktop-height":364,"content_full_tablet":"https:\/\/www.franceavelo.com\/wp-content\/uploads\/2025\/10\/shutterstock_14374670392-750x563.jpg","content_full_tablet-width":750,"content_full_tablet-height":563,"content_full_tablet_retina":"https:\/\/www.franceavelo.com\/wp-content\/uploads\/2025\/10\/shutterstock_14374670392.jpg","content_full_tablet_retina-width":800,"content_full_tablet_retina-height":600,"content_half_tablet":"https:\/\/www.franceavelo.com\/wp-content\/uploads\/2025\/10\/shutterstock_14374670392-375x281.jpg","content_half_tablet-width":375,"content_half_tablet-height":281,"content_full_mobile":"https:\/\/www.franceavelo.com\/wp-content\/uploads\/2025\/10\/shutterstock_14374670392-500x375.jpg","content_full_mobile-width":500,"content_full_mobile-height":375,"content_full_mobile_retina":"https:\/\/www.franceavelo.com\/wp-content\/uploads\/2025\/10\/shutterstock_14374670392.jpg","content_full_mobile_retina-width":800,"content_full_mobile_retina-height":600,"content_full_smallmobile":"https:\/\/www.franceavelo.com\/wp-content\/uploads\/2025\/10\/shutterstock_14374670392-380x180.jpg","content_full_smallmobile-width":380,"content_full_smallmobile-height":180,"content_head_mobile":"https:\/\/www.franceavelo.com\/wp-content\/uploads\/2025\/10\/shutterstock_14374670392-320x430.jpg","content_head_mobile-width":320,"content_head_mobile-height":430,"content_head_tablet":"https:\/\/www.franceavelo.com\/wp-content\/uploads\/2025\/10\/shutterstock_14374670392-540x500.jpg","content_head_tablet-width":540,"content_head_tablet-height":500,"content_highlight_desktop":"https:\/\/www.franceavelo.com\/wp-content\/uploads\/2025\/10\/shutterstock_14374670392-350x240.jpg","content_highlight_desktop-width":350,"content_highlight_desktop-height":240,"content_highlight_desktop_retina":"https:\/\/www.franceavelo.com\/wp-content\/uploads\/2025\/10\/shutterstock_14374670392-700x480.jpg","content_highlight_desktop_retina-width":700,"content_highlight_desktop_retina-height":480,"content_testimony_mobile":"https:\/\/www.franceavelo.com\/wp-content\/uploads\/2025\/10\/shutterstock_14374670392-480x600.jpg","content_testimony_mobile-width":480,"content_testimony_mobile-height":600,"content_type_image_desktop":"https:\/\/www.franceavelo.com\/wp-content\/uploads\/2025\/10\/shutterstock_14374670392-600x450.jpg","content_type_image_desktop-width":600,"content_type_image_desktop-height":450,"content_type_image_desktop_retina":"https:\/\/www.franceavelo.com\/wp-content\/uploads\/2025\/10\/shutterstock_14374670392.jpg","content_type_image_desktop_retina-width":800,"content_type_image_desktop_retina-height":600,"content_type_image_mobile":"https:\/\/www.franceavelo.com\/wp-content\/uploads\/2025\/10\/shutterstock_14374670392-450x338.jpg","content_type_image_mobile-width":450,"content_type_image_mobile-height":338,"gform-image-choice-sm":"https:\/\/www.franceavelo.com\/wp-content\/uploads\/2025\/10\/shutterstock_14374670392.jpg","gform-image-choice-sm-width":300,"gform-image-choice-sm-height":225,"gform-image-choice-md":"https:\/\/www.franceavelo.com\/wp-content\/uploads\/2025\/10\/shutterstock_14374670392.jpg","gform-image-choice-md-width":400,"gform-image-choice-md-height":300,"gform-image-choice-lg":"https:\/\/www.franceavelo.com\/wp-content\/uploads\/2025\/10\/shutterstock_14374670392.jpg","gform-image-choice-lg-width":600,"gform-image-choice-lg-height":450}},"product_gallery_item_video_thumbnail":false,"product_gallery_item_video_url":""},{"product_gallery_item_type":"image","product_gallery_item_image":{"ID":75568,"id":75568,"title":"Sri-Lankan-life","filename":"Sri-Lankan-life.jpg","filesize":111226,"url":"https:\/\/www.franceavelo.com\/wp-content\/uploads\/2025\/10\/Sri-Lankan-life.jpg","link":"https:\/\/www.franceavelo.com\/fr\/product\/voyage-velo-sri-lanka-guide-15jours\/sri-lankan-life-2\/","alt":"","author":"12","description":"","caption":"","name":"sri-lankan-life-2","status":"inherit","uploaded_to":75526,"date":"2025-10-16 10:13:58","modified":"2025-10-16 10:13:58","menu_order":0,"mime_type":"image\/jpeg","type":"image","subtype":"jpeg","icon":"https:\/\/www.franceavelo.com\/wp-includes\/images\/media\/default.png","width":900,"height":612,"sizes":{"thumbnail":"https:\/\/www.franceavelo.com\/wp-content\/uploads\/2025\/10\/Sri-Lankan-life-150x150.jpg","thumbnail-width":150,"thumbnail-height":150,"medium":"https:\/\/www.franceavelo.com\/wp-content\/uploads\/2025\/10\/Sri-Lankan-life-300x204.jpg","medium-width":300,"medium-height":204,"medium_large":"https:\/\/www.franceavelo.com\/wp-content\/uploads\/2025\/10\/Sri-Lankan-life-768x522.jpg","medium_large-width":768,"medium_large-height":522,"large":"https:\/\/www.franceavelo.com\/wp-content\/uploads\/2025\/10\/Sri-Lankan-life.jpg","large-width":900,"large-height":612,"1536x1536":"https:\/\/www.franceavelo.com\/wp-content\/uploads\/2025\/10\/Sri-Lankan-life.jpg","1536x1536-width":900,"1536x1536-height":612,"2048x2048":"https:\/\/www.franceavelo.com\/wp-content\/uploads\/2025\/10\/Sri-Lankan-life.jpg","2048x2048-width":900,"2048x2048-height":612,"product_option_intro":"https:\/\/www.franceavelo.com\/wp-content\/uploads\/2025\/10\/Sri-Lankan-life-300x220.jpg","product_option_intro-width":300,"product_option_intro-height":220,"postlist_thumbnail":"https:\/\/www.franceavelo.com\/wp-content\/uploads\/2025\/10\/Sri-Lankan-life-200x200.jpg","postlist_thumbnail-width":200,"postlist_thumbnail-height":200,"content_full_desktop":"https:\/\/www.franceavelo.com\/wp-content\/uploads\/2025\/10\/Sri-Lankan-life.jpg","content_full_desktop-width":900,"content_full_desktop-height":612,"content_full_desktop_retina":"https:\/\/www.franceavelo.com\/wp-content\/uploads\/2025\/10\/Sri-Lankan-life.jpg","content_full_desktop_retina-width":900,"content_full_desktop_retina-height":612,"content_half_desktop":"https:\/\/www.franceavelo.com\/wp-content\/uploads\/2025\/10\/Sri-Lankan-life-485x330.jpg","content_half_desktop-width":485,"content_half_desktop-height":330,"content_full_tablet":"https:\/\/www.franceavelo.com\/wp-content\/uploads\/2025\/10\/Sri-Lankan-life-750x510.jpg","content_full_tablet-width":750,"content_full_tablet-height":510,"content_full_tablet_retina":"https:\/\/www.franceavelo.com\/wp-content\/uploads\/2025\/10\/Sri-Lankan-life.jpg","content_full_tablet_retina-width":900,"content_full_tablet_retina-height":612,"content_half_tablet":"https:\/\/www.franceavelo.com\/wp-content\/uploads\/2025\/10\/Sri-Lankan-life-375x255.jpg","content_half_tablet-width":375,"content_half_tablet-height":255,"content_full_mobile":"https:\/\/www.franceavelo.com\/wp-content\/uploads\/2025\/10\/Sri-Lankan-life-500x340.jpg","content_full_mobile-width":500,"content_full_mobile-height":340,"content_full_mobile_retina":"https:\/\/www.franceavelo.com\/wp-content\/uploads\/2025\/10\/Sri-Lankan-life.jpg","content_full_mobile_retina-width":900,"content_full_mobile_retina-height":612,"content_full_smallmobile":"https:\/\/www.franceavelo.com\/wp-content\/uploads\/2025\/10\/Sri-Lankan-life-380x180.jpg","content_full_smallmobile-width":380,"content_full_smallmobile-height":180,"content_head_mobile":"https:\/\/www.franceavelo.com\/wp-content\/uploads\/2025\/10\/Sri-Lankan-life-320x430.jpg","content_head_mobile-width":320,"content_head_mobile-height":430,"content_head_tablet":"https:\/\/www.franceavelo.com\/wp-content\/uploads\/2025\/10\/Sri-Lankan-life-540x500.jpg","content_head_tablet-width":540,"content_head_tablet-height":500,"content_highlight_desktop":"https:\/\/www.franceavelo.com\/wp-content\/uploads\/2025\/10\/Sri-Lankan-life-350x240.jpg","content_highlight_desktop-width":350,"content_highlight_desktop-height":240,"content_highlight_desktop_retina":"https:\/\/www.franceavelo.com\/wp-content\/uploads\/2025\/10\/Sri-Lankan-life-700x480.jpg","content_highlight_desktop_retina-width":700,"content_highlight_desktop_retina-height":480,"content_testimony_mobile":"https:\/\/www.franceavelo.com\/wp-content\/uploads\/2025\/10\/Sri-Lankan-life-480x612.jpg","content_testimony_mobile-width":480,"content_testimony_mobile-height":612,"content_type_image_desktop":"https:\/\/www.franceavelo.com\/wp-content\/uploads\/2025\/10\/Sri-Lankan-life-600x408.jpg","content_type_image_desktop-width":600,"content_type_image_desktop-height":408,"content_type_image_desktop_retina":"https:\/\/www.franceavelo.com\/wp-content\/uploads\/2025\/10\/Sri-Lankan-life.jpg","content_type_image_desktop_retina-width":900,"content_type_image_desktop_retina-height":612,"content_type_image_mobile":"https:\/\/www.franceavelo.com\/wp-content\/uploads\/2025\/10\/Sri-Lankan-life-450x306.jpg","content_type_image_mobile-width":450,"content_type_image_mobile-height":306,"gform-image-choice-sm":"https:\/\/www.franceavelo.com\/wp-content\/uploads\/2025\/10\/Sri-Lankan-life.jpg","gform-image-choice-sm-width":300,"gform-image-choice-sm-height":204,"gform-image-choice-md":"https:\/\/www.franceavelo.com\/wp-content\/uploads\/2025\/10\/Sri-Lankan-life.jpg","gform-image-choice-md-width":400,"gform-image-choice-md-height":272,"gform-image-choice-lg":"https:\/\/www.franceavelo.com\/wp-content\/uploads\/2025\/10\/Sri-Lankan-life.jpg","gform-image-choice-lg-width":600,"gform-image-choice-lg-height":408}},"product_gallery_item_video_thumbnail":false,"product_gallery_item_video_url":""},{"product_gallery_item_type":"image","product_gallery_item_image":{"ID":75571,"id":75571,"title":"Sri-Lanka-ruig-strand","filename":"Sri-Lanka-ruig-strand.jpg","filesize":626505,"url":"https:\/\/www.franceavelo.com\/wp-content\/uploads\/2025\/10\/Sri-Lanka-ruig-strand.jpg","link":"https:\/\/www.franceavelo.com\/fr\/product\/voyage-velo-sri-lanka-guide-15jours\/sri-lanka-ruig-strand-2\/","alt":"","author":"12","description":"","caption":"","name":"sri-lanka-ruig-strand-2","status":"inherit","uploaded_to":75526,"date":"2025-10-16 10:14:23","modified":"2025-10-16 10:14:23","menu_order":0,"mime_type":"image\/jpeg","type":"image","subtype":"jpeg","icon":"https:\/\/www.franceavelo.com\/wp-includes\/images\/media\/default.png","width":2000,"height":1500,"sizes":{"thumbnail":"https:\/\/www.franceavelo.com\/wp-content\/uploads\/2025\/10\/Sri-Lanka-ruig-strand-150x150.jpg","thumbnail-width":150,"thumbnail-height":150,"medium":"https:\/\/www.franceavelo.com\/wp-content\/uploads\/2025\/10\/Sri-Lanka-ruig-strand-300x225.jpg","medium-width":300,"medium-height":225,"medium_large":"https:\/\/www.franceavelo.com\/wp-content\/uploads\/2025\/10\/Sri-Lanka-ruig-strand-768x576.jpg","medium_large-width":768,"medium_large-height":576,"large":"https:\/\/www.franceavelo.com\/wp-content\/uploads\/2025\/10\/Sri-Lanka-ruig-strand-1024x768.jpg","large-width":1024,"large-height":768,"1536x1536":"https:\/\/www.franceavelo.com\/wp-content\/uploads\/2025\/10\/Sri-Lanka-ruig-strand-1536x1152.jpg","1536x1536-width":1536,"1536x1536-height":1152,"2048x2048":"https:\/\/www.franceavelo.com\/wp-content\/uploads\/2025\/10\/Sri-Lanka-ruig-strand.jpg","2048x2048-width":2000,"2048x2048-height":1500,"product_option_intro":"https:\/\/www.franceavelo.com\/wp-content\/uploads\/2025\/10\/Sri-Lanka-ruig-strand-300x220.jpg","product_option_intro-width":300,"product_option_intro-height":220,"postlist_thumbnail":"https:\/\/www.franceavelo.com\/wp-content\/uploads\/2025\/10\/Sri-Lanka-ruig-strand-200x200.jpg","postlist_thumbnail-width":200,"postlist_thumbnail-height":200,"content_full_desktop":"https:\/\/www.franceavelo.com\/wp-content\/uploads\/2025\/10\/Sri-Lanka-ruig-strand-970x728.jpg","content_full_desktop-width":970,"content_full_desktop-height":728,"content_full_desktop_retina":"https:\/\/www.franceavelo.com\/wp-content\/uploads\/2025\/10\/Sri-Lanka-ruig-strand-1940x1455.jpg","content_full_desktop_retina-width":1940,"content_full_desktop_retina-height":1455,"content_half_desktop":"https:\/\/www.franceavelo.com\/wp-content\/uploads\/2025\/10\/Sri-Lanka-ruig-strand-485x364.jpg","content_half_desktop-width":485,"content_half_desktop-height":364,"content_full_tablet":"https:\/\/www.franceavelo.com\/wp-content\/uploads\/2025\/10\/Sri-Lanka-ruig-strand-750x563.jpg","content_full_tablet-width":750,"content_full_tablet-height":563,"content_full_tablet_retina":"https:\/\/www.franceavelo.com\/wp-content\/uploads\/2025\/10\/Sri-Lanka-ruig-strand-1500x1125.jpg","content_full_tablet_retina-width":1500,"content_full_tablet_retina-height":1125,"content_half_tablet":"https:\/\/www.franceavelo.com\/wp-content\/uploads\/2025\/10\/Sri-Lanka-ruig-strand-375x281.jpg","content_half_tablet-width":375,"content_half_tablet-height":281,"content_full_mobile":"https:\/\/www.franceavelo.com\/wp-content\/uploads\/2025\/10\/Sri-Lanka-ruig-strand-500x375.jpg","content_full_mobile-width":500,"content_full_mobile-height":375,"content_full_mobile_retina":"https:\/\/www.franceavelo.com\/wp-content\/uploads\/2025\/10\/Sri-Lanka-ruig-strand-1000x750.jpg","content_full_mobile_retina-width":1000,"content_full_mobile_retina-height":750,"content_full_smallmobile":"https:\/\/www.franceavelo.com\/wp-content\/uploads\/2025\/10\/Sri-Lanka-ruig-strand-380x180.jpg","content_full_smallmobile-width":380,"content_full_smallmobile-height":180,"content_head_mobile":"https:\/\/www.franceavelo.com\/wp-content\/uploads\/2025\/10\/Sri-Lanka-ruig-strand-320x430.jpg","content_head_mobile-width":320,"content_head_mobile-height":430,"content_head_tablet":"https:\/\/www.franceavelo.com\/wp-content\/uploads\/2025\/10\/Sri-Lanka-ruig-strand-540x500.jpg","content_head_tablet-width":540,"content_head_tablet-height":500,"content_highlight_desktop":"https:\/\/www.franceavelo.com\/wp-content\/uploads\/2025\/10\/Sri-Lanka-ruig-strand-350x240.jpg","content_highlight_desktop-width":350,"content_highlight_desktop-height":240,"content_highlight_desktop_retina":"https:\/\/www.franceavelo.com\/wp-content\/uploads\/2025\/10\/Sri-Lanka-ruig-strand-700x480.jpg","content_highlight_desktop_retina-width":700,"content_highlight_desktop_retina-height":480,"content_testimony_mobile":"https:\/\/www.franceavelo.com\/wp-content\/uploads\/2025\/10\/Sri-Lanka-ruig-strand-480x1100.jpg","content_testimony_mobile-width":480,"content_testimony_mobile-height":1100,"content_type_image_desktop":"https:\/\/www.franceavelo.com\/wp-content\/uploads\/2025\/10\/Sri-Lanka-ruig-strand-600x450.jpg","content_type_image_desktop-width":600,"content_type_image_desktop-height":450,"content_type_image_desktop_retina":"https:\/\/www.franceavelo.com\/wp-content\/uploads\/2025\/10\/Sri-Lanka-ruig-strand-1200x900.jpg","content_type_image_desktop_retina-width":1200,"content_type_image_desktop_retina-height":900,"content_type_image_mobile":"https:\/\/www.franceavelo.com\/wp-content\/uploads\/2025\/10\/Sri-Lanka-ruig-strand-450x338.jpg","content_type_image_mobile-width":450,"content_type_image_mobile-height":338,"gform-image-choice-sm":"https:\/\/www.franceavelo.com\/wp-content\/uploads\/2025\/10\/Sri-Lanka-ruig-strand.jpg","gform-image-choice-sm-width":300,"gform-image-choice-sm-height":225,"gform-image-choice-md":"https:\/\/www.franceavelo.com\/wp-content\/uploads\/2025\/10\/Sri-Lanka-ruig-strand.jpg","gform-image-choice-md-width":400,"gform-image-choice-md-height":300,"gform-image-choice-lg":"https:\/\/www.franceavelo.com\/wp-content\/uploads\/2025\/10\/Sri-Lanka-ruig-strand.jpg","gform-image-choice-lg-width":600,"gform-image-choice-lg-height":450}},"product_gallery_item_video_thumbnail":false,"product_gallery_item_video_url":""},{"product_gallery_item_type":"image","product_gallery_item_image":{"ID":75565,"id":75565,"title":"sri-lanka-822613_1280","filename":"sri-lanka-822613_1280.jpg","filesize":488807,"url":"https:\/\/www.franceavelo.com\/wp-content\/uploads\/2025\/10\/sri-lanka-822613_1280.jpg","link":"https:\/\/www.franceavelo.com\/fr\/product\/voyage-velo-sri-lanka-guide-15jours\/sri-lanka-822613_1280-2\/","alt":"","author":"12","description":"","caption":"","name":"sri-lanka-822613_1280-2","status":"inherit","uploaded_to":75526,"date":"2025-10-16 10:13:54","modified":"2025-10-16 10:13:54","menu_order":0,"mime_type":"image\/jpeg","type":"image","subtype":"jpeg","icon":"https:\/\/www.franceavelo.com\/wp-includes\/images\/media\/default.png","width":1280,"height":853,"sizes":{"thumbnail":"https:\/\/www.franceavelo.com\/wp-content\/uploads\/2025\/10\/sri-lanka-822613_1280-150x150.jpg","thumbnail-width":150,"thumbnail-height":150,"medium":"https:\/\/www.franceavelo.com\/wp-content\/uploads\/2025\/10\/sri-lanka-822613_1280-300x200.jpg","medium-width":300,"medium-height":200,"medium_large":"https:\/\/www.franceavelo.com\/wp-content\/uploads\/2025\/10\/sri-lanka-822613_1280-768x512.jpg","medium_large-width":768,"medium_large-height":512,"large":"https:\/\/www.franceavelo.com\/wp-content\/uploads\/2025\/10\/sri-lanka-822613_1280-1024x682.jpg","large-width":1024,"large-height":682,"1536x1536":"https:\/\/www.franceavelo.com\/wp-content\/uploads\/2025\/10\/sri-lanka-822613_1280.jpg","1536x1536-width":1280,"1536x1536-height":853,"2048x2048":"https:\/\/www.franceavelo.com\/wp-content\/uploads\/2025\/10\/sri-lanka-822613_1280.jpg","2048x2048-width":1280,"2048x2048-height":853,"product_option_intro":"https:\/\/www.franceavelo.com\/wp-content\/uploads\/2025\/10\/sri-lanka-822613_1280-300x220.jpg","product_option_intro-width":300,"product_option_intro-height":220,"postlist_thumbnail":"https:\/\/www.franceavelo.com\/wp-content\/uploads\/2025\/10\/sri-lanka-822613_1280-200x200.jpg","postlist_thumbnail-width":200,"postlist_thumbnail-height":200,"content_full_desktop":"https:\/\/www.franceavelo.com\/wp-content\/uploads\/2025\/10\/sri-lanka-822613_1280-970x646.jpg","content_full_desktop-width":970,"content_full_desktop-height":646,"content_full_desktop_retina":"https:\/\/www.franceavelo.com\/wp-content\/uploads\/2025\/10\/sri-lanka-822613_1280.jpg","content_full_desktop_retina-width":1280,"content_full_desktop_retina-height":853,"content_half_desktop":"https:\/\/www.franceavelo.com\/wp-content\/uploads\/2025\/10\/sri-lanka-822613_1280-485x323.jpg","content_half_desktop-width":485,"content_half_desktop-height":323,"content_full_tablet":"https:\/\/www.franceavelo.com\/wp-content\/uploads\/2025\/10\/sri-lanka-822613_1280-750x500.jpg","content_full_tablet-width":750,"content_full_tablet-height":500,"content_full_tablet_retina":"https:\/\/www.franceavelo.com\/wp-content\/uploads\/2025\/10\/sri-lanka-822613_1280.jpg","content_full_tablet_retina-width":1280,"content_full_tablet_retina-height":853,"content_half_tablet":"https:\/\/www.franceavelo.com\/wp-content\/uploads\/2025\/10\/sri-lanka-822613_1280-375x250.jpg","content_half_tablet-width":375,"content_half_tablet-height":250,"content_full_mobile":"https:\/\/www.franceavelo.com\/wp-content\/uploads\/2025\/10\/sri-lanka-822613_1280-500x333.jpg","content_full_mobile-width":500,"content_full_mobile-height":333,"content_full_mobile_retina":"https:\/\/www.franceavelo.com\/wp-content\/uploads\/2025\/10\/sri-lanka-822613_1280-1000x666.jpg","content_full_mobile_retina-width":1000,"content_full_mobile_retina-height":666,"content_full_smallmobile":"https:\/\/www.franceavelo.com\/wp-content\/uploads\/2025\/10\/sri-lanka-822613_1280-380x180.jpg","content_full_smallmobile-width":380,"content_full_smallmobile-height":180,"content_head_mobile":"https:\/\/www.franceavelo.com\/wp-content\/uploads\/2025\/10\/sri-lanka-822613_1280-320x430.jpg","content_head_mobile-width":320,"content_head_mobile-height":430,"content_head_tablet":"https:\/\/www.franceavelo.com\/wp-content\/uploads\/2025\/10\/sri-lanka-822613_1280-540x500.jpg","content_head_tablet-width":540,"content_head_tablet-height":500,"content_highlight_desktop":"https:\/\/www.franceavelo.com\/wp-content\/uploads\/2025\/10\/sri-lanka-822613_1280-350x240.jpg","content_highlight_desktop-width":350,"content_highlight_desktop-height":240,"content_highlight_desktop_retina":"https:\/\/www.franceavelo.com\/wp-content\/uploads\/2025\/10\/sri-lanka-822613_1280-700x480.jpg","content_highlight_desktop_retina-width":700,"content_highlight_desktop_retina-height":480,"content_testimony_mobile":"https:\/\/www.franceavelo.com\/wp-content\/uploads\/2025\/10\/sri-lanka-822613_1280-480x853.jpg","content_testimony_mobile-width":480,"content_testimony_mobile-height":853,"content_type_image_desktop":"https:\/\/www.franceavelo.com\/wp-content\/uploads\/2025\/10\/sri-lanka-822613_1280-600x400.jpg","content_type_image_desktop-width":600,"content_type_image_desktop-height":400,"content_type_image_desktop_retina":"https:\/\/www.franceavelo.com\/wp-content\/uploads\/2025\/10\/sri-lanka-822613_1280-1200x800.jpg","content_type_image_desktop_retina-width":1200,"content_type_image_desktop_retina-height":800,"content_type_image_mobile":"https:\/\/www.franceavelo.com\/wp-content\/uploads\/2025\/10\/sri-lanka-822613_1280-450x300.jpg","content_type_image_mobile-width":450,"content_type_image_mobile-height":300,"gform-image-choice-sm":"https:\/\/www.franceavelo.com\/wp-content\/uploads\/2025\/10\/sri-lanka-822613_1280.jpg","gform-image-choice-sm-width":300,"gform-image-choice-sm-height":200,"gform-image-choice-md":"https:\/\/www.franceavelo.com\/wp-content\/uploads\/2025\/10\/sri-lanka-822613_1280.jpg","gform-image-choice-md-width":400,"gform-image-choice-md-height":267,"gform-image-choice-lg":"https:\/\/www.franceavelo.com\/wp-content\/uploads\/2025\/10\/sri-lanka-822613_1280.jpg","gform-image-choice-lg-width":600,"gform-image-choice-lg-height":400}},"product_gallery_item_video_thumbnail":false,"product_gallery_item_video_url":""}],"product_day_by_day_repeat":[{"product_day_by_day_bloc":"<h4><strong>Jour 1<\/strong><\/h4>\n<p>Rendez-vous \u00e0 l\u2019a\u00e9roport avec le groupe. D\u00e9part pour Hanoi.<\/p>\n"},{"product_day_by_day_bloc":"<h4><strong>Jour 2\u00a0 Bonjour Vietnam !<br \/>\n<\/strong><\/h4>\n<p>Accueil \u00e0 l&rsquo;a\u00e9roport d&rsquo;<strong>Hanoi<\/strong> par votre guide et transfert en bus jusqu&rsquo;\u00e0 votre h\u00f4tel. Temps libre pour vous familiariser avec le pays et se relaxer. Dans l&rsquo;apr\u00e8s-midi, une balade \u00e0 pied vous permettra de d\u00e9couvrir le vieux quartier d&rsquo;Hanoi. D\u00eener de bienvenue et nuit \u00e0 l&rsquo;h\u00f4tel.<\/p>\n"},{"product_day_by_day_bloc":"<h4><strong>Jour 3\u00a0 Mai Chau\u00a0 30 km\u00a0<\/strong><\/h4>\n<p>Lors du transfert en bus jusqu&rsquo;\u00e0 Mai Chau, vous traverserez les spectaculaires montagnes du nord o\u00f9 vous ne manquerez pas d&rsquo;\u00eatre enchant\u00e9s par la sublime beaut\u00e9 et la spiritualit\u00e9 du paysage. D\u00e9part de Mai Chau pour une magnifique balade \u00e0 v\u00e9lo. Apr\u00e8s une pause pour le d\u00e9jeuner, l\u2019apr\u00e8s-midi, se poursuit \u00e0 travers des villages typiques pr\u00e9serv\u00e9s avec leurs belles maisons sur pilotis, au fil des rizi\u00e8res miroitantes de la vall\u00e9e de <strong>Mai Chau<\/strong>.<\/p>\n"},{"product_day_by_day_bloc":"<h4><strong>Jour 4\u00a0 Tam Coc\u00a0 env. 25 km<\/strong><\/h4>\n<p>Apr\u00e8s le petit d\u00e9jeuner, transfert en bus pour <strong>Tam Coc<\/strong> , nomm\u00e9 aussi \u00ab Halong terrestre \u00bb avec les v\u00e9los, vous traverserez uniquement des villages typiques avec un d\u00e9jeuner sur le chemin.<\/p>\n"},{"product_day_by_day_bloc":"<h4><strong>Jour 5\u00a0 Le Fleuve rouge\u00a0 30 km<\/strong><\/h4>\n<p>A bord d&#8217;embarcations, vous naviguerez dans la baie, les roches myst\u00e9rieuses et les rizi\u00e8res d\u00e9fileront sous vos yeux. Vous serez ensuite conduits en bus pour explorer le delta du <strong>fleuve rouge<\/strong>, au c\u0153ur d&rsquo;un des plus beaux et luxuriants paysages du Vietnam. Une pause est pr\u00e9vue en chemin pour le d\u00e9jeuner.<\/p>\n"},{"product_day_by_day_bloc":"<h4><strong>Jour 6 Baie d&rsquo;Halong<\/strong><\/h4>\n<p>Aujourd\u2019hui, vous red\u00e9couvrez l\u2019impressionnante baie Hanoi en bateau. Le delta compte plus de 3000 \u00eeles qui appartiennent au patrimoine mondial de l\u2019UNESCO. La <a href=\"http:\/\/fr.wikipedia.org\/wiki\/L%C3%A9gende\">l\u00e9gende<\/a> raconte que le paysage exceptionnel de cette baie est d\u00fb au dragon, \u00eatre merveilleux et b\u00e9n\u00e9fique au Vietnam, qui serait descendu dans la mer pour domestiquer les courants marins. Se d\u00e9battant, il aurait ainsi entaill\u00e9 la montagne avec sa queue. Et comme le niveau de l&rsquo;eau serait mont\u00e9, seuls les sommets les plus \u00e9lev\u00e9s auraient \u00e9merg\u00e9. Pas de v\u00e9lo aujourd\u2019hui. De retour sur la terre ferme, vous serez conduits \u00e0 Hano\u00ef.<\/p>\n"},{"product_day_by_day_bloc":"<h4><strong>Jour 7\u00a0 Hano\u00ef<\/strong><\/h4>\n<p><strong>Hano\u00ef<\/strong> : La journ\u00e9e sera d\u00e9di\u00e9e \u00e0 la visite de l\u2019importante m\u00e9tropole vietnamienne. Les vendeurs de riz ainsi que les villas d\u2019un style vieux colonial et les vendeurs de rue contrastent avec les nouveaux buildings. Dans la vieille ville, chacune des 36 ruelles correspond \u00e0 un m\u00e9tier pr\u00e9cis et le cadre confuc\u00e9en de ce temple de la litt\u00e9rature compl\u00e8te le tableau. Dans la soir\u00e9e vous embarquerez \u00e0 bord du <strong>Train Bleu<\/strong> pour un voyage de nuit confortable \u00e0 destination de Hue.<\/p>\n"},{"product_day_by_day_bloc":"<h4><strong>Jour 8\u00a0 Hu\u00eb<\/strong><\/h4>\n<p>Arriv\u00e9e \u00e0 <strong>Hue<\/strong> le matin, ville \u00e9galement inscrite au patrimoine mondial de l\u2019UNESCO. Apr\u00e8s un bon repas, nous visitons \u00e0 v\u00e9lo la <strong>ville imp\u00e9riale<\/strong> en passant par les principales attractions touristiques. C\u2019est \u00e9galement l\u2019occasion id\u00e9ale pour entrer en contact avec des personnes natives de la r\u00e9gion et d\u2019en apprendre encore plus sur leur culture. D\u00e9jeuner en cours de route dans la ville.<\/p>\n"},{"product_day_by_day_bloc":"<p><span style=\"font-size: 14pt\"><strong>Jour 9\u00a0 <span lang=\"DE\">Hu\u00eb<\/span><span lang=\"DE\">\u00a0 env. 30 km<\/span><\/strong><\/span><\/p>\n<p>Une journ\u00e9e pleine de nouvelles exp\u00e9riences peut commencer. Vous embarquerez tout d\u2019abord \u00e0 bord d&rsquo;un bateau pour une douce croisi\u00e8re sur la <strong>Rivi\u00e8re des Parfums<\/strong>. \u00c0 midi, introduction aux arts culinaires vietnamiens puis, dans l\u2019apr\u00e8s-midi visite \u00e0 v\u00e9lo du village <strong>Thuy Bieu.\u00a0 <\/strong>Pour terminer la journ\u00e9e, nous nous rendons sur la tombe de l&rsquo;<strong>Empereur Tu Duc<\/strong>.<\/p>\n"},{"product_day_by_day_bloc":"<h4><strong>Jour 10\u00a0 Hoi An<\/strong><\/h4>\n<p>Aujourd\u2019hui le bus vous am\u00e8ne par le col des nuages jusqu\u2019\u00e0<strong> Hoi An<\/strong>. Nous entamons une excursion vers la ville templi\u00e8re <strong>My Son<\/strong>, centre hindouiste de la culture <strong>Cham<\/strong>. Des tr\u00e9sors oubli\u00e9s reposent au milieu des lianes et des broussailles. L\u2019UNESCO a appos\u00e9 ici aussi son sceau de patrimoine mondial. Nous passons 2 nuits \u00e0 Hoi An.<\/p>\n"},{"product_day_by_day_bloc":"<h4><strong>Jour 11\u00a0 Hoi An\u00a0 40 km<\/strong><\/h4>\n<p>Les marchands de soie venus de Japon et de Chine ont contribu\u00e9 \u00e0 la richesse de cette ville. \u00c0 l\u2019\u00e9poque, de nombreux vaisseaux europ\u00e9ens ont mis le cap sur Hoi An. Apr\u00e8s une visite de la ville, notre excursion \u00e0 v\u00e9lo nous m\u00e8ne vers les alentours idylliques de la charmante ville. Nous mettons ensuite le cap, apr\u00e8s le d\u00e9jeuner, vers notre destination\u00a0: plage de r\u00eave et station baln\u00e9aire de la paradisiaque mer de Chine m\u00e9ridionale.<\/p>\n"},{"product_day_by_day_bloc":"<h4><strong>Jour 12\u00a0 Hoi An \u2013 Saigon<\/strong><\/h4>\n<p>La journ\u00e9e commence t\u00f4t le matin avec un vol interne en direction de <strong>Saigon<\/strong>. Une visite guid\u00e9e nous permet d\u2019admirer les fa\u00e7ades scintillantes de la ville moderne ainsi que <strong>Notre Dame<\/strong>, vestige de l\u2019\u00e9poque coloniale et le quartier chinois dans lequel pr\u00e8s de 700\u00a0000 chinois vivent et travaillent entre Temples et Pagodes<strong>. <\/strong>Transfert en bus jusqu\u2019\u00e0 <strong>Cho Gao<\/strong> et arriv\u00e9e \u00e0 notre Lodge \u00e0 Mekong Delta.<\/p>\n"},{"product_day_by_day_bloc":"<h4><strong>Jour 13\u00a0 Mekong Delta<\/strong><\/h4>\n<p>Une magnifique journ\u00e9e \u00e0 v\u00e9lo vous attend \u00e0 <strong>Mekong Delta<\/strong>. Les motifs photographiques pittoresques de ce fantastique paysage sont tr\u00e8s attractifs. Les passionn\u00e9s d\u2019orchid\u00e9es y trouveront particuli\u00e8rement leur bonheur. Voyage en bateau jusqu\u2019\u00e0 <strong>Tra On<\/strong>. Le coucher de soleil sur le fleuve est magnifique. \u00c0 la fin de la journ\u00e9e, nous nous enregistrons \u00e0 bord de notre beau bateau.<\/p>\n"},{"product_day_by_day_bloc":"<h4><strong>Jour 14\u00a0 Cai Be &#8211; Tra On\u00a0 env. 25 km<\/strong><\/h4>\n<p>R\u00e9veil au son du march\u00e9 flottant. Depuis notre place sur le pont, nous pouvons admirer tout \u00e0 notre aise ces centaines de petites barques et bateaux se bousculant pour avoir un peu d&rsquo;espace tandis que les propri\u00e9taires essaient de vendre leurs marchandises Durant la croisi\u00e8re, nous d\u00e9couvrirons le Delta Mekong \u00e0 v\u00e9lo en passant par de nombreux petits villages et vergers. Des arr\u00eats seront effectu\u00e9s par endroits pour rejoindre notre bateau et y prendre les repas du midi et du soir.<\/p>\n"},{"product_day_by_day_bloc":"<h4><strong>Jour 15\u00a0 Tra On &#8211; Can Tho &#8211; Saigon\u00a0 25 km<\/strong><\/h4>\n<p>La journ\u00e9e continue en bateau sur le fleuve tranquille. Le repas de midi sera pris en chemin et en fin d\u2019apr\u00e8s-midi, transfert jusqu\u2019\u00e0 <strong>Saigon.<\/strong><\/p>\n"},{"product_day_by_day_bloc":"<h4><strong>Jour 16\u00a0 Saigon<\/strong><\/h4>\n<p>La matin\u00e9e reste libre pour quelques emplettes avant un transport jusqu\u2019\u00e0 l\u2019a\u00e9roport suivi du vol retour<\/p>\n"},{"product_day_by_day_bloc":"<h4><strong>Jour 17<\/strong><\/h4>\n<p>Arriv\u00e9e en Europe<\/p>\n"}],"product_lodging":"<p>12 nuit\u00e9es en h\u00f4tels de bonne cat\u00e9gorie avec air conditionn\u00e9<br \/>\n1 nuit\u00e9e en chambre partag\u00e9e dans une maison sur pilotis de la tribu des Tha\u00ef Blancs<br \/>\n1 nuit\u00e9e dans le train en wagon couchette 4 personnes.<br \/>\n1 nuit\u00e9e en cabine double avec air conditionn\u00e9 sur un bateau<\/p>\n","product_services":"<p>Vol vers Hano\u00ef avec Vietnam Airlines<br \/>\nVol int\u00e9rieur Dangan \u2013 Saigon avec Vietnam Airlines<br \/>\nVol retour de Sa\u00efgon avec Vietnam Airlines<br \/>\n12 Nuit\u00e9es en h\u00f4tel 3 \u00e9toiles, la plupart avec air conditionn\u00e9<br \/>\n1 nuit\u00e9e dans un h\u00f4tel traditionnel sur pilotis<br \/>\n1 nuit\u00e9e sur un bateau dans une cabine double avec air conditionn\u00e9<br \/>\n1 nuit\u00e9e dans le train, en cabine de 4 personnes<br \/>\nPetit-d\u00e9jeuner quotidien<br \/>\n11 d\u00e9jeuners<br \/>\n5 d\u00eeners<br \/>\nAccompagnateur FRANCE A VELO<br \/>\nGuide local parlant fran\u00e7ais<br \/>\n1 v\u00e9hicule suiveur durant tout le voyage<br \/>\nToutes les croisi\u00e8res en bateau mentionn\u00e9es dans le programme<br \/>\nTous les transferts en bus mentionn\u00e9s dans le programme<br \/>\nToutes les entr\u00e9es de visites<br \/>\nSpectacle de danses traditionnelles<br \/>\nSpectacle de Marionnettes \u00e0 Hanoi<br \/>\nVTT 21 vitesses (tr\u00e8s confortables)<\/p>\n","product_additional_info":"<p><strong>Nombre de participants:<\/strong> minimum 10 \/ maximum 22<\/p>\n<p><strong>Caract\u00e9ristiques du parcours :<\/strong><\/p>\n<p>Etapes faciles et courtes, tant\u00f4t sur des routes, tant\u00f4t sur des chemins<\/p>\n<p>La m\u00e9t\u00e9o dans le Nord, le Centre et le Sud, est tr\u00e8s diff\u00e9rente. La meilleur p\u00e9riode pour se rendre au Vietnam est de Novembre \u00e0 Mai. Les temp\u00e9ratures varient de 20 \u00e0 35\u00b0C<\/p>\n","product_start_date_type":"repeater","product_option_third_place_available":"false","product_option_road_bike":"","product_option_vtc_bike":"","product_option_electric_bike":"","product_option_helmet":"","product_option_children_seat":"","product_option_follow_bike":"","product_option_trailer":"","product_option_transfert_repeat":false,"product_link_product_repeat":[{"product_link_product_item":{"ID":72924,"post_author":"12","post_date":"2024-12-05 20:03:01","post_date_gmt":"2024-12-05 19:03:01","post_content":"","post_title":"Oman - Guid\u00e9 - 12 jours","post_excerpt":"","post_status":"publish","comment_status":"open","ping_status":"closed","post_password":"","post_name":"voyage-a-velo-en-oman-guide-12-jours","to_ping":"","pinged":"","post_modified":"2026-04-04 14:04:18","post_modified_gmt":"2026-04-04 12:04:18","post_content_filtered":"","post_parent":0,"guid":"https:\/\/www.franceavelo.com\/?post_type=product&#038;p=72924","menu_order":0,"post_type":"product","post_mime_type":"","comment_count":"0","filter":"raw"}},{"product_link_product_item":{"ID":69045,"post_author":"12","post_date":"2024-06-20 10:04:40","post_date_gmt":"2024-06-20 08:04:40","post_content":"","post_title":"Br\u00e9sil - Guid\u00e9 - 15 jours","post_excerpt":"","post_status":"publish","comment_status":"open","ping_status":"closed","post_password":"","post_name":"voyage-guide-a-velo-et-croisiere-fluviale-au-bresil","to_ping":"","pinged":"","post_modified":"2025-11-25 15:24:38","post_modified_gmt":"2025-11-25 14:24:38","post_content_filtered":"","post_parent":0,"guid":"https:\/\/www.franceavelo.com\/?post_type=product&#038;p=69045","menu_order":0,"post_type":"product","post_mime_type":"","comment_count":"0","filter":"raw"}},{"product_link_product_item":{"ID":15302,"post_author":"42","post_date":"2018-03-26 10:49:23","post_date_gmt":"2018-03-26 08:49:23","post_content":"","post_title":"Costa Rica &amp; Nicaragua - Guid\u00e9 - 17 jours","post_excerpt":"","post_status":"publish","comment_status":"open","ping_status":"closed","post_password":"","post_name":"voyage-velo-costa-rica-nicaragua-guide-17-jours","to_ping":"","pinged":"","post_modified":"2025-11-25 15:25:48","post_modified_gmt":"2025-11-25 14:25:48","post_content_filtered":"","post_parent":0,"guid":"https:\/\/www.franceavelo.com\/product\/costa-rica-17j\/","menu_order":0,"post_type":"product","post_mime_type":"","comment_count":"0","filter":"raw"}}],"product_small_group_price":"","product_small_group_number":"","product_dates":"<p><strong>DATES DES SEJOURS : <\/strong><\/p>\n<p>\u2022 07.02 \u2013 23.02.2025<br \/>\n\u2022 14.11 \u2013 30.11.2025<br \/>\n\u2022 13.02.2026<\/p>\n","product_how_to_come":"<p>Vol international pour Hanoi<\/p>\n","product_price_double_room":"3520","product_price_simple_room":"3810","product_map_region":false,"product_super_small_group_price":"","product_super_small_group_number":"","product_solo_traveler_price":"","product_option_transfert_disable":false,"product_guide_nb_place":"14","product_landscape":[{"value":"la_1","label":"Mer\/oc\u00e9an"},{"value":"la_2","label":"Nature"},{"value":"la_3","label":"Fleuve"},{"value":"la_4","label":"Ville"}],"product_nb_day":"15","product_nb_kilometer":"285","product_nb_night":"14","product_price_from":"4380","product_ambiance":[{"value":"am_3","label":"Luxe"},{"value":"am_4","label":"E bike"},{"value":"am_5","label":"Culture\u00a0"}],"product_main_img":{"ID":75571,"id":75571,"title":"Sri-Lanka-ruig-strand","filename":"Sri-Lanka-ruig-strand.jpg","filesize":626505,"url":"https:\/\/www.franceavelo.com\/wp-content\/uploads\/2025\/10\/Sri-Lanka-ruig-strand.jpg","link":"https:\/\/www.franceavelo.com\/fr\/product\/voyage-velo-sri-lanka-guide-15jours\/sri-lanka-ruig-strand-2\/","alt":"","author":"12","description":"","caption":"","name":"sri-lanka-ruig-strand-2","status":"inherit","uploaded_to":75526,"date":"2025-10-16 10:14:23","modified":"2025-10-16 10:14:23","menu_order":0,"mime_type":"image\/jpeg","type":"image","subtype":"jpeg","icon":"https:\/\/www.franceavelo.com\/wp-includes\/images\/media\/default.png","width":2000,"height":1500,"sizes":{"thumbnail":"https:\/\/www.franceavelo.com\/wp-content\/uploads\/2025\/10\/Sri-Lanka-ruig-strand-150x150.jpg","thumbnail-width":150,"thumbnail-height":150,"medium":"https:\/\/www.franceavelo.com\/wp-content\/uploads\/2025\/10\/Sri-Lanka-ruig-strand-300x225.jpg","medium-width":300,"medium-height":225,"medium_large":"https:\/\/www.franceavelo.com\/wp-content\/uploads\/2025\/10\/Sri-Lanka-ruig-strand-768x576.jpg","medium_large-width":768,"medium_large-height":576,"large":"https:\/\/www.franceavelo.com\/wp-content\/uploads\/2025\/10\/Sri-Lanka-ruig-strand-1024x768.jpg","large-width":1024,"large-height":768,"1536x1536":"https:\/\/www.franceavelo.com\/wp-content\/uploads\/2025\/10\/Sri-Lanka-ruig-strand-1536x1152.jpg","1536x1536-width":1536,"1536x1536-height":1152,"2048x2048":"https:\/\/www.franceavelo.com\/wp-content\/uploads\/2025\/10\/Sri-Lanka-ruig-strand.jpg","2048x2048-width":2000,"2048x2048-height":1500,"product_option_intro":"https:\/\/www.franceavelo.com\/wp-content\/uploads\/2025\/10\/Sri-Lanka-ruig-strand-300x220.jpg","product_option_intro-width":300,"product_option_intro-height":220,"postlist_thumbnail":"https:\/\/www.franceavelo.com\/wp-content\/uploads\/2025\/10\/Sri-Lanka-ruig-strand-200x200.jpg","postlist_thumbnail-width":200,"postlist_thumbnail-height":200,"content_full_desktop":"https:\/\/www.franceavelo.com\/wp-content\/uploads\/2025\/10\/Sri-Lanka-ruig-strand-970x728.jpg","content_full_desktop-width":970,"content_full_desktop-height":728,"content_full_desktop_retina":"https:\/\/www.franceavelo.com\/wp-content\/uploads\/2025\/10\/Sri-Lanka-ruig-strand-1940x1455.jpg","content_full_desktop_retina-width":1940,"content_full_desktop_retina-height":1455,"content_half_desktop":"https:\/\/www.franceavelo.com\/wp-content\/uploads\/2025\/10\/Sri-Lanka-ruig-strand-485x364.jpg","content_half_desktop-width":485,"content_half_desktop-height":364,"content_full_tablet":"https:\/\/www.franceavelo.com\/wp-content\/uploads\/2025\/10\/Sri-Lanka-ruig-strand-750x563.jpg","content_full_tablet-width":750,"content_full_tablet-height":563,"content_full_tablet_retina":"https:\/\/www.franceavelo.com\/wp-content\/uploads\/2025\/10\/Sri-Lanka-ruig-strand-1500x1125.jpg","content_full_tablet_retina-width":1500,"content_full_tablet_retina-height":1125,"content_half_tablet":"https:\/\/www.franceavelo.com\/wp-content\/uploads\/2025\/10\/Sri-Lanka-ruig-strand-375x281.jpg","content_half_tablet-width":375,"content_half_tablet-height":281,"content_full_mobile":"https:\/\/www.franceavelo.com\/wp-content\/uploads\/2025\/10\/Sri-Lanka-ruig-strand-500x375.jpg","content_full_mobile-width":500,"content_full_mobile-height":375,"content_full_mobile_retina":"https:\/\/www.franceavelo.com\/wp-content\/uploads\/2025\/10\/Sri-Lanka-ruig-strand-1000x750.jpg","content_full_mobile_retina-width":1000,"content_full_mobile_retina-height":750,"content_full_smallmobile":"https:\/\/www.franceavelo.com\/wp-content\/uploads\/2025\/10\/Sri-Lanka-ruig-strand-380x180.jpg","content_full_smallmobile-width":380,"content_full_smallmobile-height":180,"content_head_mobile":"https:\/\/www.franceavelo.com\/wp-content\/uploads\/2025\/10\/Sri-Lanka-ruig-strand-320x430.jpg","content_head_mobile-width":320,"content_head_mobile-height":430,"content_head_tablet":"https:\/\/www.franceavelo.com\/wp-content\/uploads\/2025\/10\/Sri-Lanka-ruig-strand-540x500.jpg","content_head_tablet-width":540,"content_head_tablet-height":500,"content_highlight_desktop":"https:\/\/www.franceavelo.com\/wp-content\/uploads\/2025\/10\/Sri-Lanka-ruig-strand-350x240.jpg","content_highlight_desktop-width":350,"content_highlight_desktop-height":240,"content_highlight_desktop_retina":"https:\/\/www.franceavelo.com\/wp-content\/uploads\/2025\/10\/Sri-Lanka-ruig-strand-700x480.jpg","content_highlight_desktop_retina-width":700,"content_highlight_desktop_retina-height":480,"content_testimony_mobile":"https:\/\/www.franceavelo.com\/wp-content\/uploads\/2025\/10\/Sri-Lanka-ruig-strand-480x1100.jpg","content_testimony_mobile-width":480,"content_testimony_mobile-height":1100,"content_type_image_desktop":"https:\/\/www.franceavelo.com\/wp-content\/uploads\/2025\/10\/Sri-Lanka-ruig-strand-600x450.jpg","content_type_image_desktop-width":600,"content_type_image_desktop-height":450,"content_type_image_desktop_retina":"https:\/\/www.franceavelo.com\/wp-content\/uploads\/2025\/10\/Sri-Lanka-ruig-strand-1200x900.jpg","content_type_image_desktop_retina-width":1200,"content_type_image_desktop_retina-height":900,"content_type_image_mobile":"https:\/\/www.franceavelo.com\/wp-content\/uploads\/2025\/10\/Sri-Lanka-ruig-strand-450x338.jpg","content_type_image_mobile-width":450,"content_type_image_mobile-height":338,"gform-image-choice-sm":"https:\/\/www.franceavelo.com\/wp-content\/uploads\/2025\/10\/Sri-Lanka-ruig-strand.jpg","gform-image-choice-sm-width":300,"gform-image-choice-sm-height":225,"gform-image-choice-md":"https:\/\/www.franceavelo.com\/wp-content\/uploads\/2025\/10\/Sri-Lanka-ruig-strand.jpg","gform-image-choice-md-width":400,"gform-image-choice-md-height":300,"gform-image-choice-lg":"https:\/\/www.franceavelo.com\/wp-content\/uploads\/2025\/10\/Sri-Lanka-ruig-strand.jpg","gform-image-choice-lg-width":600,"gform-image-choice-lg-height":450}},"product_map_circuit":{"ID":75532,"id":75532,"title":"Sri Lanka - guid\u00e9","filename":"Sri-Lanka-guide.png","filesize":76583,"url":"https:\/\/www.franceavelo.com\/wp-content\/uploads\/2025\/10\/Sri-Lanka-guide.png","link":"https:\/\/www.franceavelo.com\/fr\/product\/voyage-velo-sri-lanka-guide-15jours\/sri-lanka-guide-2\/","alt":"","author":"12","description":"","caption":"","name":"sri-lanka-guide-2","status":"inherit","uploaded_to":75526,"date":"2025-10-16 10:08:11","modified":"2025-10-16 10:08:11","menu_order":0,"mime_type":"image\/png","type":"image","subtype":"png","icon":"https:\/\/www.franceavelo.com\/wp-includes\/images\/media\/default.png","width":649,"height":559,"sizes":{"thumbnail":"https:\/\/www.franceavelo.com\/wp-content\/uploads\/2025\/10\/Sri-Lanka-guide-150x150.png","thumbnail-width":150,"thumbnail-height":150,"medium":"https:\/\/www.franceavelo.com\/wp-content\/uploads\/2025\/10\/Sri-Lanka-guide-300x258.png","medium-width":300,"medium-height":258,"medium_large":"https:\/\/www.franceavelo.com\/wp-content\/uploads\/2025\/10\/Sri-Lanka-guide.png","medium_large-width":649,"medium_large-height":559,"large":"https:\/\/www.franceavelo.com\/wp-content\/uploads\/2025\/10\/Sri-Lanka-guide.png","large-width":649,"large-height":559,"1536x1536":"https:\/\/www.franceavelo.com\/wp-content\/uploads\/2025\/10\/Sri-Lanka-guide.png","1536x1536-width":649,"1536x1536-height":559,"2048x2048":"https:\/\/www.franceavelo.com\/wp-content\/uploads\/2025\/10\/Sri-Lanka-guide.png","2048x2048-width":649,"2048x2048-height":559,"product_option_intro":"https:\/\/www.franceavelo.com\/wp-content\/uploads\/2025\/10\/Sri-Lanka-guide-300x220.png","product_option_intro-width":300,"product_option_intro-height":220,"postlist_thumbnail":"https:\/\/www.franceavelo.com\/wp-content\/uploads\/2025\/10\/Sri-Lanka-guide-200x200.png","postlist_thumbnail-width":200,"postlist_thumbnail-height":200,"content_full_desktop":"https:\/\/www.franceavelo.com\/wp-content\/uploads\/2025\/10\/Sri-Lanka-guide.png","content_full_desktop-width":649,"content_full_desktop-height":559,"content_full_desktop_retina":"https:\/\/www.franceavelo.com\/wp-content\/uploads\/2025\/10\/Sri-Lanka-guide.png","content_full_desktop_retina-width":649,"content_full_desktop_retina-height":559,"content_half_desktop":"https:\/\/www.franceavelo.com\/wp-content\/uploads\/2025\/10\/Sri-Lanka-guide-485x418.png","content_half_desktop-width":485,"content_half_desktop-height":418,"content_full_tablet":"https:\/\/www.franceavelo.com\/wp-content\/uploads\/2025\/10\/Sri-Lanka-guide.png","content_full_tablet-width":649,"content_full_tablet-height":559,"content_full_tablet_retina":"https:\/\/www.franceavelo.com\/wp-content\/uploads\/2025\/10\/Sri-Lanka-guide.png","content_full_tablet_retina-width":649,"content_full_tablet_retina-height":559,"content_half_tablet":"https:\/\/www.franceavelo.com\/wp-content\/uploads\/2025\/10\/Sri-Lanka-guide-375x323.png","content_half_tablet-width":375,"content_half_tablet-height":323,"content_full_mobile":"https:\/\/www.franceavelo.com\/wp-content\/uploads\/2025\/10\/Sri-Lanka-guide-500x431.png","content_full_mobile-width":500,"content_full_mobile-height":431,"content_full_mobile_retina":"https:\/\/www.franceavelo.com\/wp-content\/uploads\/2025\/10\/Sri-Lanka-guide.png","content_full_mobile_retina-width":649,"content_full_mobile_retina-height":559,"content_full_smallmobile":"https:\/\/www.franceavelo.com\/wp-content\/uploads\/2025\/10\/Sri-Lanka-guide-380x180.png","content_full_smallmobile-width":380,"content_full_smallmobile-height":180,"content_head_mobile":"https:\/\/www.franceavelo.com\/wp-content\/uploads\/2025\/10\/Sri-Lanka-guide-320x430.png","content_head_mobile-width":320,"content_head_mobile-height":430,"content_head_tablet":"https:\/\/www.franceavelo.com\/wp-content\/uploads\/2025\/10\/Sri-Lanka-guide-540x500.png","content_head_tablet-width":540,"content_head_tablet-height":500,"content_highlight_desktop":"https:\/\/www.franceavelo.com\/wp-content\/uploads\/2025\/10\/Sri-Lanka-guide-350x240.png","content_highlight_desktop-width":350,"content_highlight_desktop-height":240,"content_highlight_desktop_retina":"https:\/\/www.franceavelo.com\/wp-content\/uploads\/2025\/10\/Sri-Lanka-guide-649x480.png","content_highlight_desktop_retina-width":649,"content_highlight_desktop_retina-height":480,"content_testimony_mobile":"https:\/\/www.franceavelo.com\/wp-content\/uploads\/2025\/10\/Sri-Lanka-guide-480x559.png","content_testimony_mobile-width":480,"content_testimony_mobile-height":559,"content_type_image_desktop":"https:\/\/www.franceavelo.com\/wp-content\/uploads\/2025\/10\/Sri-Lanka-guide-600x517.png","content_type_image_desktop-width":600,"content_type_image_desktop-height":517,"content_type_image_desktop_retina":"https:\/\/www.franceavelo.com\/wp-content\/uploads\/2025\/10\/Sri-Lanka-guide.png","content_type_image_desktop_retina-width":649,"content_type_image_desktop_retina-height":559,"content_type_image_mobile":"https:\/\/www.franceavelo.com\/wp-content\/uploads\/2025\/10\/Sri-Lanka-guide-450x388.png","content_type_image_mobile-width":450,"content_type_image_mobile-height":388,"gform-image-choice-sm":"https:\/\/www.franceavelo.com\/wp-content\/uploads\/2025\/10\/Sri-Lanka-guide.png","gform-image-choice-sm-width":300,"gform-image-choice-sm-height":258,"gform-image-choice-md":"https:\/\/www.franceavelo.com\/wp-content\/uploads\/2025\/10\/Sri-Lanka-guide.png","gform-image-choice-md-width":400,"gform-image-choice-md-height":345,"gform-image-choice-lg":"https:\/\/www.franceavelo.com\/wp-content\/uploads\/2025\/10\/Sri-Lanka-guide.png","gform-image-choice-lg-width":600,"gform-image-choice-lg-height":517}},"product_start_date_repeat":[{"product_start_date":"13\/02\/2026"},{"product_start_date":"12\/02\/2027"},{"product_start_date":null}],"product_seasons":[{"product_seasons_begin_date":"20270101","product_seasons_end_date":"20271231","product_seasons_double_room_price":"3590","product_seasons_option_add_night_double_before":"","product_seasons_option_add_night_double_after":"","product_seasons_single_room_price":"3880","product_seasons_option_add_night_single_before":"0","product_seasons_option_add_night_single_after":""},{"product_seasons_begin_date":"20270316","product_seasons_end_date":"20270328","product_seasons_double_room_price":"4450","product_seasons_option_add_night_double_before":"","product_seasons_option_add_night_double_after":"","product_seasons_single_room_price":"4900","product_seasons_option_add_night_single_before":"","product_seasons_option_add_night_single_after":""}]},"yoast_head":"<!-- This site is optimized with the Yoast SEO plugin v27.4 - https:\/\/yoast.com\/product\/yoast-seo-wordpress\/ -->\n<title>Voyage guid\u00e9 \u00e0 v\u00e9lo | Vietnam | 17 jours | France \u00e0 V\u00e9lo<\/title>\n<meta name=\"description\" content=\"Que vous soyez dans la Baie d&#039;Halong, dans le Delta du M\u00e9kong \u00e0 Hano\u00ef, Hue ou Hoi An, chaque jour vous \u00e9blouit. Dans le nord, Mai Chau et ses rizi\u00e8res, les fleuves du centre et la v\u00e9g\u00e9tation luxuriante du sud. Chaque \u00e9tape est un ravissement de couleurs, senteurs et patrimoine historique.\" \/>\n<meta name=\"robots\" content=\"index, follow, max-snippet:-1, max-image-preview:large, max-video-preview:-1\" \/>\n<link rel=\"canonical\" href=\"https:\/\/www.franceavelo.com\/fr\/product\/voyage-velo-vietnam-guide-18-jours\/\" \/>\n<meta property=\"og:locale\" content=\"fr_FR\" \/>\n<meta property=\"og:type\" content=\"article\" \/>\n<meta property=\"og:title\" content=\"Voyage guid\u00e9 \u00e0 v\u00e9lo | Vietnam | 17 jours | France \u00e0 V\u00e9lo\" \/>\n<meta property=\"og:description\" content=\"Que vous soyez dans la Baie d&#039;Halong, dans le Delta du M\u00e9kong \u00e0 Hano\u00ef, Hue ou Hoi An, chaque jour vous \u00e9blouit. Dans le nord, Mai Chau et ses rizi\u00e8res, les fleuves du centre et la v\u00e9g\u00e9tation luxuriante du sud. Chaque \u00e9tape est un ravissement de couleurs, senteurs et patrimoine historique.\" \/>\n<meta property=\"og:url\" content=\"https:\/\/www.franceavelo.com\/fr\/product\/voyage-velo-vietnam-guide-18-jours\/\" \/>\n<meta property=\"og:site_name\" content=\"France \u00e0 v\u00e9lo\" \/>\n<meta name=\"twitter:card\" content=\"summary_large_image\" \/>\n<meta name=\"twitter:label1\" content=\"Dur\u00e9e de lecture estim\u00e9e\" \/>\n\t<meta name=\"twitter:data1\" content=\"9 minutes\" \/>\n<script type=\"application\/ld+json\" class=\"yoast-schema-graph\">{\"@context\":\"https:\\\/\\\/schema.org\",\"@graph\":[{\"@type\":\"WebPage\",\"@id\":\"https:\\\/\\\/www.franceavelo.com\\\/fr\\\/product\\\/voyage-velo-vietnam-guide-18-jours\\\/\",\"url\":\"https:\\\/\\\/www.franceavelo.com\\\/fr\\\/product\\\/voyage-velo-vietnam-guide-18-jours\\\/\",\"name\":\"Voyage guid\u00e9 \u00e0 v\u00e9lo | Vietnam | 17 jours | France \u00e0 V\u00e9lo\",\"isPartOf\":{\"@id\":\"https:\\\/\\\/www.franceavelo.com\\\/fr\\\/#website\"},\"datePublished\":\"2026-03-16T13:46:26+00:00\",\"description\":\"Que vous soyez dans la Baie d'Halong, dans le Delta du M\u00e9kong \u00e0 Hano\u00ef, Hue ou Hoi An, chaque jour vous \u00e9blouit. Dans le nord, Mai Chau et ses rizi\u00e8res, les fleuves du centre et la v\u00e9g\u00e9tation luxuriante du sud. Chaque \u00e9tape est un ravissement de couleurs, senteurs et patrimoine historique.\",\"breadcrumb\":{\"@id\":\"https:\\\/\\\/www.franceavelo.com\\\/fr\\\/product\\\/voyage-velo-vietnam-guide-18-jours\\\/#breadcrumb\"},\"inLanguage\":\"fr-FR\",\"potentialAction\":[{\"@type\":\"ReadAction\",\"target\":[\"https:\\\/\\\/www.franceavelo.com\\\/fr\\\/product\\\/voyage-velo-vietnam-guide-18-jours\\\/\"]}]},{\"@type\":\"BreadcrumbList\",\"@id\":\"https:\\\/\\\/www.franceavelo.com\\\/fr\\\/product\\\/voyage-velo-vietnam-guide-18-jours\\\/#breadcrumb\",\"itemListElement\":[{\"@type\":\"ListItem\",\"position\":1,\"name\":\"Home\",\"item\":\"https:\\\/\\\/www.franceavelo.com\\\/fr\\\/\"},{\"@type\":\"ListItem\",\"position\":2,\"name\":\"Produits\",\"item\":\"https:\\\/\\\/www.franceavelo.com\\\/produits\\\/\"},{\"@type\":\"ListItem\",\"position\":3,\"name\":\"Vietnam &#8211; Guid\u00e9 &#8211; 17 jours\"}]},{\"@type\":\"WebSite\",\"@id\":\"https:\\\/\\\/www.franceavelo.com\\\/fr\\\/#website\",\"url\":\"https:\\\/\\\/www.franceavelo.com\\\/fr\\\/\",\"name\":\"France \u00e0 v\u00e9lo\",\"description\":\"Un site utilisant WordPress\",\"publisher\":{\"@id\":\"https:\\\/\\\/www.franceavelo.com\\\/fr\\\/#organization\"},\"potentialAction\":[{\"@type\":\"SearchAction\",\"target\":{\"@type\":\"EntryPoint\",\"urlTemplate\":\"https:\\\/\\\/www.franceavelo.com\\\/fr\\\/?s={search_term_string}\"},\"query-input\":{\"@type\":\"PropertyValueSpecification\",\"valueRequired\":true,\"valueName\":\"search_term_string\"}}],\"inLanguage\":\"fr-FR\"},{\"@type\":\"Organization\",\"@id\":\"https:\\\/\\\/www.franceavelo.com\\\/fr\\\/#organization\",\"name\":\"France \u00e0 v\u00e9lo\",\"url\":\"https:\\\/\\\/www.franceavelo.com\\\/fr\\\/\",\"logo\":{\"@type\":\"ImageObject\",\"inLanguage\":\"fr-FR\",\"@id\":\"https:\\\/\\\/www.franceavelo.com\\\/fr\\\/#\\\/schema\\\/logo\\\/image\\\/\",\"url\":\"https:\\\/\\\/www.franceavelo.com\\\/wp-content\\\/uploads\\\/2024\\\/07\\\/favicon-large.png\",\"contentUrl\":\"https:\\\/\\\/www.franceavelo.com\\\/wp-content\\\/uploads\\\/2024\\\/07\\\/favicon-large.png\",\"width\":696,\"height\":696,\"caption\":\"France \u00e0 v\u00e9lo\"},\"image\":{\"@id\":\"https:\\\/\\\/www.franceavelo.com\\\/fr\\\/#\\\/schema\\\/logo\\\/image\\\/\"}}]}<\/script>\n<!-- \/ Yoast SEO plugin. -->","yoast_head_json":{"title":"Voyage guid\u00e9 \u00e0 v\u00e9lo | Vietnam | 17 jours | France \u00e0 V\u00e9lo","description":"Que vous soyez dans la Baie d'Halong, dans le Delta du M\u00e9kong \u00e0 Hano\u00ef, Hue ou Hoi An, chaque jour vous \u00e9blouit. Dans le nord, Mai Chau et ses rizi\u00e8res, les fleuves du centre et la v\u00e9g\u00e9tation luxuriante du sud. Chaque \u00e9tape est un ravissement de couleurs, senteurs et patrimoine historique.","robots":{"index":"index","follow":"follow","max-snippet":"max-snippet:-1","max-image-preview":"max-image-preview:large","max-video-preview":"max-video-preview:-1"},"canonical":"https:\/\/www.franceavelo.com\/fr\/product\/voyage-velo-vietnam-guide-18-jours\/","og_locale":"fr_FR","og_type":"article","og_title":"Voyage guid\u00e9 \u00e0 v\u00e9lo | Vietnam | 17 jours | France \u00e0 V\u00e9lo","og_description":"Que vous soyez dans la Baie d'Halong, dans le Delta du M\u00e9kong \u00e0 Hano\u00ef, Hue ou Hoi An, chaque jour vous \u00e9blouit. Dans le nord, Mai Chau et ses rizi\u00e8res, les fleuves du centre et la v\u00e9g\u00e9tation luxuriante du sud. Chaque \u00e9tape est un ravissement de couleurs, senteurs et patrimoine historique.","og_url":"https:\/\/www.franceavelo.com\/fr\/product\/voyage-velo-vietnam-guide-18-jours\/","og_site_name":"France \u00e0 v\u00e9lo","twitter_card":"summary_large_image","twitter_misc":{"Dur\u00e9e de lecture estim\u00e9e":"9 minutes"},"schema":{"@context":"https:\/\/schema.org","@graph":[{"@type":"WebPage","@id":"https:\/\/www.franceavelo.com\/fr\/product\/voyage-velo-vietnam-guide-18-jours\/","url":"https:\/\/www.franceavelo.com\/fr\/product\/voyage-velo-vietnam-guide-18-jours\/","name":"Voyage guid\u00e9 \u00e0 v\u00e9lo | Vietnam | 17 jours | France \u00e0 V\u00e9lo","isPartOf":{"@id":"https:\/\/www.franceavelo.com\/fr\/#website"},"datePublished":"2026-03-16T13:46:26+00:00","description":"Que vous soyez dans la Baie d'Halong, dans le Delta du M\u00e9kong \u00e0 Hano\u00ef, Hue ou Hoi An, chaque jour vous \u00e9blouit. Dans le nord, Mai Chau et ses rizi\u00e8res, les fleuves du centre et la v\u00e9g\u00e9tation luxuriante du sud. Chaque \u00e9tape est un ravissement de couleurs, senteurs et patrimoine historique.","breadcrumb":{"@id":"https:\/\/www.franceavelo.com\/fr\/product\/voyage-velo-vietnam-guide-18-jours\/#breadcrumb"},"inLanguage":"fr-FR","potentialAction":[{"@type":"ReadAction","target":["https:\/\/www.franceavelo.com\/fr\/product\/voyage-velo-vietnam-guide-18-jours\/"]}]},{"@type":"BreadcrumbList","@id":"https:\/\/www.franceavelo.com\/fr\/product\/voyage-velo-vietnam-guide-18-jours\/#breadcrumb","itemListElement":[{"@type":"ListItem","position":1,"name":"Home","item":"https:\/\/www.franceavelo.com\/fr\/"},{"@type":"ListItem","position":2,"name":"Produits","item":"https:\/\/www.franceavelo.com\/produits\/"},{"@type":"ListItem","position":3,"name":"Vietnam &#8211; Guid\u00e9 &#8211; 17 jours"}]},{"@type":"WebSite","@id":"https:\/\/www.franceavelo.com\/fr\/#website","url":"https:\/\/www.franceavelo.com\/fr\/","name":"France \u00e0 v\u00e9lo","description":"Un site utilisant WordPress","publisher":{"@id":"https:\/\/www.franceavelo.com\/fr\/#organization"},"potentialAction":[{"@type":"SearchAction","target":{"@type":"EntryPoint","urlTemplate":"https:\/\/www.franceavelo.com\/fr\/?s={search_term_string}"},"query-input":{"@type":"PropertyValueSpecification","valueRequired":true,"valueName":"search_term_string"}}],"inLanguage":"fr-FR"},{"@type":"Organization","@id":"https:\/\/www.franceavelo.com\/fr\/#organization","name":"France \u00e0 v\u00e9lo","url":"https:\/\/www.franceavelo.com\/fr\/","logo":{"@type":"ImageObject","inLanguage":"fr-FR","@id":"https:\/\/www.franceavelo.com\/fr\/#\/schema\/logo\/image\/","url":"https:\/\/www.franceavelo.com\/wp-content\/uploads\/2024\/07\/favicon-large.png","contentUrl":"https:\/\/www.franceavelo.com\/wp-content\/uploads\/2024\/07\/favicon-large.png","width":696,"height":696,"caption":"France \u00e0 v\u00e9lo"},"image":{"@id":"https:\/\/www.franceavelo.com\/fr\/#\/schema\/logo\/image\/"}}]}},"_links":{"self":[{"href":"https:\/\/www.franceavelo.com\/fr\/wp-json\/wp\/v2\/product\/76054","targetHints":{"allow":["GET"]}}],"collection":[{"href":"https:\/\/www.franceavelo.com\/fr\/wp-json\/wp\/v2\/product"}],"about":[{"href":"https:\/\/www.franceavelo.com\/fr\/wp-json\/wp\/v2\/types\/product"}],"replies":[{"embeddable":true,"href":"https:\/\/www.franceavelo.com\/fr\/wp-json\/wp\/v2\/comments?post=76054"}],"wp:attachment":[{"href":"https:\/\/www.franceavelo.com\/fr\/wp-json\/wp\/v2\/media?parent=76054"}],"curies":[{"name":"wp","href":"https:\/\/api.w.org\/{rel}","templated":true}]}}