{"id":79201,"date":"2025-11-28T12:02:32","date_gmt":"2025-11-28T11:02:32","guid":{"rendered":"https:\/\/www.franceavelo.com\/?post_type=product&#038;p=79201"},"modified":"2026-03-30T16:31:32","modified_gmt":"2026-03-30T14:31:32","slug":"voyage-velo-bretagne-rennes-8-jours-classique-france-a-velo","status":"publish","type":"product","link":"https:\/\/www.franceavelo.com\/fr\/product\/voyage-velo-bretagne-rennes-8-jours-classique-france-a-velo\/","title":{"rendered":"Bretagne Nord &#8211; D\u00e9part de Rennes &#8211; 8 jours &#8211; Classique &#8211; Cat\u00e9gorie B"},"comment_status":"open","ping_status":"closed","template":"","class_list":["post-79201","product","type-product","status-publish","hentry"],"acf":{"product_code":"BTN8RC","product_title":"Bretagne Nord - D\u00e9part de Rennes - 8 jours - Classique - Cat\u00e9gorie B","product_subtitle":"MILLES ET UNE FACETTES DE LA BRETAGNE | CATEGORIE B | CLASSIQUE","product_description":"<p><strong>La Bretagne, ce lieu charg\u00e9 d\u2019histoire et de magie, sublim\u00e9 par des paysages \u00e0 couper le souffle ne vous laissera pas indiff\u00e9rent. Venez explorer cette r\u00e9gion \u00e0 v\u00e9lo, le long des c\u00f4tes et au milieu de la bruy\u00e8re, tout en embrassant cette culture si particuli\u00e8re propre aux bretons, o\u00f9 la convivialit\u00e9 et les traditions populaires sont \u00e0 l\u2019honneur.<\/strong><\/p>\n<p>&nbsp;<\/p>\n<h4><strong>Les +<\/strong><\/h4>\n<p><span style=\"color: #35a186\"><strong>Canal de la Rance et du Couesnon<\/strong><\/span><br \/>\n<span style=\"color: #35a186\"><strong>Villes d\u2019Art et d\u2019Histoire<\/strong><\/span><br \/>\n<span style=\"color: #35a186\"><strong>Mont-Saint-Michel<\/strong><\/span><br \/>\n<span style=\"color: #35a186\"><strong>Sites class\u00e9s UNESCO<\/strong><\/span><br \/>\n<span style=\"color: #35a186\"><strong>R\u00e9serve ornithologique<\/strong><\/span><br \/>\n<span style=\"color: #35a186\"><strong>Ostr\u00e9iculture<\/strong><\/span><\/p>\n","product_pdf_datasheet":{"ID":79268,"id":79268,"title":"Offre_Bretagne Nord_Rennes_BTN8RC_8 Jours_Classique_Categorie B_2026","filename":"Offre_Bretagne-Nord_Rennes_BTN8RC_8-Jours_Classique_Categorie-B_2026-2.pdf","filesize":5388962,"url":"https:\/\/www.franceavelo.com\/wp-content\/uploads\/2025\/11\/Offre_Bretagne-Nord_Rennes_BTN8RC_8-Jours_Classique_Categorie-B_2026-2.pdf","link":"https:\/\/www.franceavelo.com\/fr\/product\/voyage-velo-bretagne-rennes-8-jours-classique-france-a-velo\/offre_bretagne-nord_rennes_btn8rc_8-jours_classique_categorie-b_2026-3\/","alt":"","author":"12","description":"","caption":"","name":"offre_bretagne-nord_rennes_btn8rc_8-jours_classique_categorie-b_2026-3","status":"inherit","uploaded_to":79201,"date":"2025-12-08 14:19:03","modified":"2025-12-08 14:19:03","menu_order":0,"mime_type":"application\/pdf","type":"application","subtype":"pdf","icon":"https:\/\/www.franceavelo.com\/wp-includes\/images\/media\/document.png"},"product_zone":"fr","product_subzone":"fr_4","product_travel_type":{"value":"ty_2","label":"Non Guid\u00e9"},"product_landscape":[{"value":"la_1","label":"Mer\/oc\u00e9an"},{"value":"la_2","label":"Nature"},{"value":"la_4","label":"Ville"}],"product_difficulty":"2","product_nb_day":"8","product_nb_night":"7","product_day_by_day_repeat":[{"product_day_by_day_bloc":"<h4><strong>Jour 1 Arriv\u00e9e \u00e0 Rennes<\/strong><\/h4>\n<p>Arriv\u00e9e \u00e0 Rennes. D\u00e9couvrez la capitale de la Bretagne en parcourant ses rues en visitant les portes mordelaises, ancienne entr\u00e9e principale de la ville, le Parlement de Bretagne, l\u2019h\u00f4tel de ville, les maisons \u00e0 pans de bois\u2026D\u00e9guster votre premier d\u00eener breton comme l\u2019incontournable galette \u00ab compl\u00e8te \u00bb.<\/p>\n"},{"product_day_by_day_bloc":"<h4><strong>Jour 2 Rennes \u2013 Dinan 57 km<\/strong><\/h4>\n<p>Apr\u00e8s le petit-d\u00e9jeuner, vous quittez Rennes et traversez les paysages bucoliques et le Canal de la Rance jusqu\u2019\u00e0 Dinan. D\u00e9couvrez le charme pittoresque de Dinan, une des plus belles villes de Bretagne. Ses imposantes remparts et son quartier m\u00e9di\u00e9val t\u00e9moignent de son importance d\u00e8s le Moyen-Age.<\/p>\n"},{"product_day_by_day_bloc":"<h4><strong>Jour 3 Dinan \u2013 Saint-Malo 32 km<\/strong><\/h4>\n<p>L\u2019\u00e9tape du jour vous fait quitter Dinan et vous longez le Canal de la Rance avec vue sur les voiliers en suivant le chemin de halage. Votre route traversera des villages traditionnels, anciennement p\u00eacheurs, comme Saint-Suliac o\u00f9 l\u2019\u00e9glise du 13\u00e8me si\u00e8cle qui raconte \u00e0 travers ses vitraux l\u2019histoire des p\u00eacheurs. La cit\u00e9 corsaire de St Malo vous attend pour cl\u00f4turer cette journ\u00e9e. Sa d\u00e9couverte vous enchantera.<\/p>\n"},{"product_day_by_day_bloc":"<h4><strong>Jour 4 Saint-Malo \u2013 Le Mont-Saint-Michel \u2013 Pontorson 54 km<\/strong><\/h4>\n<p>Apr\u00e8s le petit-d\u00e9jeuner, vous partez en direction du Mont-Saint-Michel. Votre route vous permet de longer la Manche et vous offre de magnifiques paysages \u00e0 admirer. Une halte s\u2019impose au port de Cancale, haut lieu de l\u2019ostr\u00e9iculture, pour d\u00e9guster des huitres. Quelle merveilleuse perspective que cette abbaye mondialement connue comme la \u00ab Merveille de l\u2019Occident \u00bb, inscrite au Patrimoine Mondial de l\u2019UNESCO. A partir du Mont-Saint-Michel, vous commencez \u00e0 parcourir la v\u00e9loroute La R\u00e9galante qui relie le Mont-Michel jusqu\u2019\u00e0 Nantes. Faites vos derniers adieux \u00e0 la silhouette inoubliable du Mont-Saint-Michel et suivez la v\u00e9loroute vers l\u2019int\u00e9rieur des terres au milieu d\u2019un paysage de polders. Vous finissez votre \u00e9tape \u00e0 Pontorson, ancienne cit\u00e9 m\u00e9di\u00e9vale.<\/p>\n"},{"product_day_by_day_bloc":"<h4><strong>Jour 5 Pontorson \u2013 Foug\u00e8res 44 km<\/strong><\/h4>\n<p>Voie verte et parcours bucolique est ce qui vous attend pour cette \u00e9tape. D\u00e9couvrez sur le chemin Antrain, Maen Roch, jalonn\u00e9 d\u2019un patrimoine ferroviaire remarquable. Pour conclure cette \u00e9tape, vous arrivez \u00e0 Foug\u00e8res o\u00f9 vous pourrez visiter sa forteresse m\u00e9di\u00e9vale une des plus importantes d\u2019Europe, qui m\u00e9rite un long temps de visite ! Les v\u00e9los stationn\u00e9s, il sera facile ensuite de fl\u00e2ner \u00e0 pied dans le quartier m\u00e9di\u00e9val, ou de se d\u00e9lasser \u00e0 la terrasse d\u2019un caf\u00e9 avec vue imprenable sur la forteresse. Vous allez vous r\u00e9galer dans cette cit\u00e9 mill\u00e9naire.<\/p>\n"},{"product_day_by_day_bloc":"<h4><strong>Jour 6 Foug\u00e8res \u2013 Vitr\u00e9 \u2013 Chateaubourg 48 km<\/strong><\/h4>\n<p>Cette \u00e9tape \u00e0 v\u00e9lo fait le lien entre deux cit\u00e9s m\u00e9di\u00e9vales embl\u00e9matiques de la r\u00e9gion historique des Marches de Bretagne : Foug\u00e8res et Vitr\u00e9. La voie verte traverse la campagne et vous guide \u00e0 travers les lacs tels que ceux de Ch\u00e2tillon et de la Cantache, des lieux propices au pique-nique. Comme l\u2019\u00e9tape pr\u00e9c\u00e9dente, celle-ci est \u00e9galement marqu\u00e9e par des vestiges du pass\u00e9 ferroviaire notamment les anciennes gares de la Selle-en-Luitr\u00e9 et de Ch\u00e2tillon-en-Vendelais. Une halte s\u2019impose \u00e0 Vitr\u00e9 avec son majestueux ch\u00e2teau : la carte postale iconique de votre voyage \u00e0 v\u00e9lo sur la R\u00e9galante ! Prosp\u00e8re d\u00e8s le Moyen \u00c2ge, vous roulez ici dans l&rsquo;histoire de cette cit\u00e9 marchande au riche patrimoine \u00e0 d\u00e9couvrir. Le parcours se termine \u00e0 Chateaubourg o\u00f9 un ancien moulin devenu h\u00f4tel, entour\u00e9 d\u2019un \u00e9crin de 5 hectares, vous attend pour la nuit.<\/p>\n"},{"product_day_by_day_bloc":"<h4><strong>Jour 7 Chateaubourg- Rennes 24 km<\/strong><\/h4>\n<p>Cette derni\u00e8re \u00e9tape vous permet de p\u00e9daler tranquillement jusqu\u2019\u00e0 Rennes et de profiter une derni\u00e8re fois de tout ce qu\u2019\u00e0 vous offrir Rennes, entre fl\u00e2nerie et souvenirs \u00e0 ramener de cette belle r\u00e9gion qu\u2019est la Bretagne.<\/p>\n"},{"product_day_by_day_bloc":"<h4><strong>Jour 8 D\u00e9part<\/strong><\/h4>\n<p>Apr\u00e8s un copieux petit-d\u00e9jeuner, il est l\u2019heure de dire au revoir \u00e0 la Bretagne. A bient\u00f4t !<\/p>\n"}],"product_lodging":"<p>\u2022 7\u00a0nuits en hotels 3*<\/p>\n","product_services":"<p>\u2022 7\u00a0nuits en hotels 3*<br \/>\n\u2022 Petit-d\u00e9jeuner copieux<br \/>\n\u2022 Accueil personnalis\u00e9<br \/>\n\u2022 Transfert de bagages quotidien<br \/>\n\u2022 Itin\u00e9raire sur notre application<br \/>\n\u2022 Carnet de routes avec cartes<br \/>\n\u2022 Assistance t\u00e9l\u00e9phonique 7\/7<\/p>\n<p><strong>Options disponibles:<\/strong><br \/>\nLocation de v\u00e9los, casques, support de t\u00e9l\u00e9phone<\/p>\n<p><em>Taxe de s\u00e9jour non comprise &#8211; \u00e0 r\u00e9gler sur place<\/em><\/p>\n","product_additional_info":"<p><strong>Caract\u00e9ristiques du parcours :<\/strong> De belles petites routes asphalt\u00e9es, peu fr\u00e9quent\u00e9es, avec des d\u00e9nivel\u00e9s plus ou moins importants, ainsi que quelques pistes cyclables.<\/p>\n","product_start_date_repeat":[{"product_start_date":"17\/03\/2018"}],"product_option_third_place_available":"false","product_option_road_bike":"","product_option_helmet":"","product_option_children_seat":"","product_option_follow_bike":"","product_option_trailer":"","product_option_transfert_repeat":false,"product_start_date_type":"range","product_days_range":["lundi","mardi","mercredi","jeudi","vendredi","samedi","dimanche"],"product_dates":"<p><strong>Arriv\u00e9e<\/strong> : Quotidien 01.04 &#8211; 31.10.2026<\/p>\n","product_small_group_price":"","product_small_group_number":"","product_gallery_items":[{"product_gallery_item_type":"image","product_gallery_item_image":{"ID":79192,"id":79192,"title":"bretagne-saint-malo","filename":"bretagne-saint-malo.jpg","filesize":129550,"url":"https:\/\/www.franceavelo.com\/wp-content\/uploads\/2025\/11\/bretagne-saint-malo.jpg","link":"https:\/\/www.franceavelo.com\/fr\/product\/voyage-velo-bretagne-rennes-8-jours-classique-2\/bretagne-saint-malo\/","alt":"Voyage \u00e0 v\u00e9lo Bretagne Nord- Vue a\u00e9rienne de Saint Malo","author":"12","description":"","caption":"","name":"bretagne-saint-malo","status":"inherit","uploaded_to":79180,"date":"2025-11-28 09:59:04","modified":"2026-03-30 12:15:35","menu_order":0,"mime_type":"image\/jpeg","type":"image","subtype":"jpeg","icon":"https:\/\/www.franceavelo.com\/wp-includes\/images\/media\/default.png","width":850,"height":637,"sizes":{"thumbnail":"https:\/\/www.franceavelo.com\/wp-content\/uploads\/2025\/11\/bretagne-saint-malo-150x150.jpg","thumbnail-width":150,"thumbnail-height":150,"medium":"https:\/\/www.franceavelo.com\/wp-content\/uploads\/2025\/11\/bretagne-saint-malo-300x225.jpg","medium-width":300,"medium-height":225,"medium_large":"https:\/\/www.franceavelo.com\/wp-content\/uploads\/2025\/11\/bretagne-saint-malo-768x576.jpg","medium_large-width":768,"medium_large-height":576,"large":"https:\/\/www.franceavelo.com\/wp-content\/uploads\/2025\/11\/bretagne-saint-malo.jpg","large-width":850,"large-height":637,"1536x1536":"https:\/\/www.franceavelo.com\/wp-content\/uploads\/2025\/11\/bretagne-saint-malo.jpg","1536x1536-width":850,"1536x1536-height":637,"2048x2048":"https:\/\/www.franceavelo.com\/wp-content\/uploads\/2025\/11\/bretagne-saint-malo.jpg","2048x2048-width":850,"2048x2048-height":637,"product_option_intro":"https:\/\/www.franceavelo.com\/wp-content\/uploads\/2025\/11\/bretagne-saint-malo-300x220.jpg","product_option_intro-width":300,"product_option_intro-height":220,"postlist_thumbnail":"https:\/\/www.franceavelo.com\/wp-content\/uploads\/2025\/11\/bretagne-saint-malo-200x200.jpg","postlist_thumbnail-width":200,"postlist_thumbnail-height":200,"content_full_desktop":"https:\/\/www.franceavelo.com\/wp-content\/uploads\/2025\/11\/bretagne-saint-malo.jpg","content_full_desktop-width":850,"content_full_desktop-height":637,"content_full_desktop_retina":"https:\/\/www.franceavelo.com\/wp-content\/uploads\/2025\/11\/bretagne-saint-malo.jpg","content_full_desktop_retina-width":850,"content_full_desktop_retina-height":637,"content_half_desktop":"https:\/\/www.franceavelo.com\/wp-content\/uploads\/2025\/11\/bretagne-saint-malo-485x363.jpg","content_half_desktop-width":485,"content_half_desktop-height":363,"content_full_tablet":"https:\/\/www.franceavelo.com\/wp-content\/uploads\/2025\/11\/bretagne-saint-malo-750x562.jpg","content_full_tablet-width":750,"content_full_tablet-height":562,"content_full_tablet_retina":"https:\/\/www.franceavelo.com\/wp-content\/uploads\/2025\/11\/bretagne-saint-malo.jpg","content_full_tablet_retina-width":850,"content_full_tablet_retina-height":637,"content_half_tablet":"https:\/\/www.franceavelo.com\/wp-content\/uploads\/2025\/11\/bretagne-saint-malo-375x281.jpg","content_half_tablet-width":375,"content_half_tablet-height":281,"content_full_mobile":"https:\/\/www.franceavelo.com\/wp-content\/uploads\/2025\/11\/bretagne-saint-malo-500x375.jpg","content_full_mobile-width":500,"content_full_mobile-height":375,"content_full_mobile_retina":"https:\/\/www.franceavelo.com\/wp-content\/uploads\/2025\/11\/bretagne-saint-malo.jpg","content_full_mobile_retina-width":850,"content_full_mobile_retina-height":637,"content_full_smallmobile":"https:\/\/www.franceavelo.com\/wp-content\/uploads\/2025\/11\/bretagne-saint-malo-380x180.jpg","content_full_smallmobile-width":380,"content_full_smallmobile-height":180,"content_head_mobile":"https:\/\/www.franceavelo.com\/wp-content\/uploads\/2025\/11\/bretagne-saint-malo-320x430.jpg","content_head_mobile-width":320,"content_head_mobile-height":430,"content_head_tablet":"https:\/\/www.franceavelo.com\/wp-content\/uploads\/2025\/11\/bretagne-saint-malo-540x500.jpg","content_head_tablet-width":540,"content_head_tablet-height":500,"content_highlight_desktop":"https:\/\/www.franceavelo.com\/wp-content\/uploads\/2025\/11\/bretagne-saint-malo-350x240.jpg","content_highlight_desktop-width":350,"content_highlight_desktop-height":240,"content_highlight_desktop_retina":"https:\/\/www.franceavelo.com\/wp-content\/uploads\/2025\/11\/bretagne-saint-malo-700x480.jpg","content_highlight_desktop_retina-width":700,"content_highlight_desktop_retina-height":480,"content_testimony_mobile":"https:\/\/www.franceavelo.com\/wp-content\/uploads\/2025\/11\/bretagne-saint-malo-480x637.jpg","content_testimony_mobile-width":480,"content_testimony_mobile-height":637,"content_type_image_desktop":"https:\/\/www.franceavelo.com\/wp-content\/uploads\/2025\/11\/bretagne-saint-malo-600x450.jpg","content_type_image_desktop-width":600,"content_type_image_desktop-height":450,"content_type_image_desktop_retina":"https:\/\/www.franceavelo.com\/wp-content\/uploads\/2025\/11\/bretagne-saint-malo.jpg","content_type_image_desktop_retina-width":850,"content_type_image_desktop_retina-height":637,"content_type_image_mobile":"https:\/\/www.franceavelo.com\/wp-content\/uploads\/2025\/11\/bretagne-saint-malo-450x337.jpg","content_type_image_mobile-width":450,"content_type_image_mobile-height":337,"gform-image-choice-sm":"https:\/\/www.franceavelo.com\/wp-content\/uploads\/2025\/11\/bretagne-saint-malo.jpg","gform-image-choice-sm-width":300,"gform-image-choice-sm-height":225,"gform-image-choice-md":"https:\/\/www.franceavelo.com\/wp-content\/uploads\/2025\/11\/bretagne-saint-malo.jpg","gform-image-choice-md-width":400,"gform-image-choice-md-height":300,"gform-image-choice-lg":"https:\/\/www.franceavelo.com\/wp-content\/uploads\/2025\/11\/bretagne-saint-malo.jpg","gform-image-choice-lg-width":600,"gform-image-choice-lg-height":450}},"product_gallery_item_video_thumbnail":false,"product_gallery_item_video_url":""},{"product_gallery_item_type":"image","product_gallery_item_image":{"ID":4472,"id":4472,"title":"bretagne-fahrradtouren-france-a-velo","filename":"bretagne-fahrradtouren-france-a-velo.jpg","filesize":454501,"url":"https:\/\/www.franceavelo.com\/wp-content\/uploads\/2018\/03\/bretagne-fahrradtouren-france-a-velo.jpg","link":"https:\/\/www.franceavelo.com\/fr\/product\/voyage-velo-bretagne-en-liberte-8-jours-classique\/bretagne-fahrradtouren-france-a-velo-2\/","alt":"Voyage \u00e0 v\u00e9lo Bretagne Nord - Vue sur une plage du nord de la Bretagne \u00e0 v\u00e9lo","author":"42","description":"","caption":"","name":"bretagne-fahrradtouren-france-a-velo-2","status":"inherit","uploaded_to":15752,"date":"2018-03-21 09:29:14","modified":"2026-03-30 12:15:40","menu_order":0,"mime_type":"image\/jpeg","type":"image","subtype":"jpeg","icon":"https:\/\/www.franceavelo.com\/wp-includes\/images\/media\/default.png","width":2922,"height":1374,"sizes":{"thumbnail":"https:\/\/www.franceavelo.com\/wp-content\/uploads\/2018\/03\/bretagne-fahrradtouren-france-a-velo-150x150.jpg","thumbnail-width":150,"thumbnail-height":150,"medium":"https:\/\/www.franceavelo.com\/wp-content\/uploads\/2018\/03\/bretagne-fahrradtouren-france-a-velo-300x141.jpg","medium-width":300,"medium-height":141,"medium_large":"https:\/\/www.franceavelo.com\/wp-content\/uploads\/2018\/03\/bretagne-fahrradtouren-france-a-velo-768x361.jpg","medium_large-width":768,"medium_large-height":361,"large":"https:\/\/www.franceavelo.com\/wp-content\/uploads\/2018\/03\/bretagne-fahrradtouren-france-a-velo-1024x482.jpg","large-width":1024,"large-height":482,"1536x1536":"https:\/\/www.franceavelo.com\/wp-content\/uploads\/2018\/03\/bretagne-fahrradtouren-france-a-velo.jpg","1536x1536-width":1536,"1536x1536-height":722,"2048x2048":"https:\/\/www.franceavelo.com\/wp-content\/uploads\/2018\/03\/bretagne-fahrradtouren-france-a-velo.jpg","2048x2048-width":2048,"2048x2048-height":963,"product_option_intro":"https:\/\/www.franceavelo.com\/wp-content\/uploads\/2018\/03\/bretagne-fahrradtouren-france-a-velo-300x220.jpg","product_option_intro-width":300,"product_option_intro-height":220,"postlist_thumbnail":"https:\/\/www.franceavelo.com\/wp-content\/uploads\/2018\/03\/bretagne-fahrradtouren-france-a-velo.jpg","postlist_thumbnail-width":200,"postlist_thumbnail-height":94,"content_full_desktop":"https:\/\/www.franceavelo.com\/wp-content\/uploads\/2018\/03\/bretagne-fahrradtouren-france-a-velo-970x456.jpg","content_full_desktop-width":970,"content_full_desktop-height":456,"content_full_desktop_retina":"https:\/\/www.franceavelo.com\/wp-content\/uploads\/2018\/03\/bretagne-fahrradtouren-france-a-velo-1940x912.jpg","content_full_desktop_retina-width":1940,"content_full_desktop_retina-height":912,"content_half_desktop":"https:\/\/www.franceavelo.com\/wp-content\/uploads\/2018\/03\/bretagne-fahrradtouren-france-a-velo-485x228.jpg","content_half_desktop-width":485,"content_half_desktop-height":228,"content_full_tablet":"https:\/\/www.franceavelo.com\/wp-content\/uploads\/2018\/03\/bretagne-fahrradtouren-france-a-velo-750x353.jpg","content_full_tablet-width":750,"content_full_tablet-height":353,"content_full_tablet_retina":"https:\/\/www.franceavelo.com\/wp-content\/uploads\/2018\/03\/bretagne-fahrradtouren-france-a-velo-1500x705.jpg","content_full_tablet_retina-width":1500,"content_full_tablet_retina-height":705,"content_half_tablet":"https:\/\/www.franceavelo.com\/wp-content\/uploads\/2018\/03\/bretagne-fahrradtouren-france-a-velo-375x176.jpg","content_half_tablet-width":375,"content_half_tablet-height":176,"content_full_mobile":"https:\/\/www.franceavelo.com\/wp-content\/uploads\/2018\/03\/bretagne-fahrradtouren-france-a-velo-500x235.jpg","content_full_mobile-width":500,"content_full_mobile-height":235,"content_full_mobile_retina":"https:\/\/www.franceavelo.com\/wp-content\/uploads\/2018\/03\/bretagne-fahrradtouren-france-a-velo-1000x470.jpg","content_full_mobile_retina-width":1000,"content_full_mobile_retina-height":470,"content_full_smallmobile":"https:\/\/www.franceavelo.com\/wp-content\/uploads\/2018\/03\/bretagne-fahrradtouren-france-a-velo-380x180.jpg","content_full_smallmobile-width":380,"content_full_smallmobile-height":180,"content_head_mobile":"https:\/\/www.franceavelo.com\/wp-content\/uploads\/2018\/03\/bretagne-fahrradtouren-france-a-velo-320x430.jpg","content_head_mobile-width":320,"content_head_mobile-height":430,"content_head_tablet":"https:\/\/www.franceavelo.com\/wp-content\/uploads\/2018\/03\/bretagne-fahrradtouren-france-a-velo-540x500.jpg","content_head_tablet-width":540,"content_head_tablet-height":500,"content_highlight_desktop":"https:\/\/www.franceavelo.com\/wp-content\/uploads\/2018\/03\/bretagne-fahrradtouren-france-a-velo-350x240.jpg","content_highlight_desktop-width":350,"content_highlight_desktop-height":240,"content_highlight_desktop_retina":"https:\/\/www.franceavelo.com\/wp-content\/uploads\/2018\/03\/bretagne-fahrradtouren-france-a-velo-700x480.jpg","content_highlight_desktop_retina-width":700,"content_highlight_desktop_retina-height":480,"content_testimony_mobile":"https:\/\/www.franceavelo.com\/wp-content\/uploads\/2018\/03\/bretagne-fahrradtouren-france-a-velo-480x1100.jpg","content_testimony_mobile-width":480,"content_testimony_mobile-height":1100,"content_type_image_desktop":"https:\/\/www.franceavelo.com\/wp-content\/uploads\/2018\/03\/bretagne-fahrradtouren-france-a-velo-600x380.jpg","content_type_image_desktop-width":600,"content_type_image_desktop-height":380,"content_type_image_desktop_retina":"https:\/\/www.franceavelo.com\/wp-content\/uploads\/2018\/03\/bretagne-fahrradtouren-france-a-velo-1200x760.jpg","content_type_image_desktop_retina-width":1200,"content_type_image_desktop_retina-height":760,"content_type_image_mobile":"https:\/\/www.franceavelo.com\/wp-content\/uploads\/2018\/03\/bretagne-fahrradtouren-france-a-velo-450x280.jpg","content_type_image_mobile-width":450,"content_type_image_mobile-height":280,"gform-image-choice-sm":"https:\/\/www.franceavelo.com\/wp-content\/uploads\/2018\/03\/bretagne-fahrradtouren-france-a-velo.jpg","gform-image-choice-sm-width":300,"gform-image-choice-sm-height":141,"gform-image-choice-md":"https:\/\/www.franceavelo.com\/wp-content\/uploads\/2018\/03\/bretagne-fahrradtouren-france-a-velo.jpg","gform-image-choice-md-width":400,"gform-image-choice-md-height":188,"gform-image-choice-lg":"https:\/\/www.franceavelo.com\/wp-content\/uploads\/2018\/03\/bretagne-fahrradtouren-france-a-velo.jpg","gform-image-choice-lg-width":600,"gform-image-choice-lg-height":282}},"product_gallery_item_video_thumbnail":false,"product_gallery_item_video_url":""},{"product_gallery_item_type":"image","product_gallery_item_image":{"ID":4502,"id":4502,"title":"bretonische-kueste-france-a-velo","filename":"bretonische-kueste-france-a-velo.jpg","filesize":2934373,"url":"https:\/\/www.franceavelo.com\/wp-content\/uploads\/2018\/03\/bretonische-kueste-france-a-velo.jpg","link":"https:\/\/www.franceavelo.com\/fr\/product\/voyage-velo-bretagne-en-liberte-8-jours-classique\/bretonische-kueste-france-a-velo-2\/","alt":"Blick auf Blumen und K\u00fcste in der Nordbretagne","author":"42","description":"","caption":"","name":"bretonische-kueste-france-a-velo-2","status":"inherit","uploaded_to":15752,"date":"2018-03-21 09:29:23","modified":"2020-01-08 09:11:47","menu_order":0,"mime_type":"image\/jpeg","type":"image","subtype":"jpeg","icon":"https:\/\/www.franceavelo.com\/wp-includes\/images\/media\/default.png","width":3264,"height":2448,"sizes":{"thumbnail":"https:\/\/www.franceavelo.com\/wp-content\/uploads\/2018\/03\/bretonische-kueste-france-a-velo-150x150.jpg","thumbnail-width":150,"thumbnail-height":150,"medium":"https:\/\/www.franceavelo.com\/wp-content\/uploads\/2018\/03\/bretonische-kueste-france-a-velo-300x225.jpg","medium-width":300,"medium-height":225,"medium_large":"https:\/\/www.franceavelo.com\/wp-content\/uploads\/2018\/03\/bretonische-kueste-france-a-velo-768x576.jpg","medium_large-width":768,"medium_large-height":576,"large":"https:\/\/www.franceavelo.com\/wp-content\/uploads\/2018\/03\/bretonische-kueste-france-a-velo-1024x768.jpg","large-width":1024,"large-height":768,"1536x1536":"https:\/\/www.franceavelo.com\/wp-content\/uploads\/2018\/03\/bretonische-kueste-france-a-velo.jpg","1536x1536-width":1536,"1536x1536-height":1152,"2048x2048":"https:\/\/www.franceavelo.com\/wp-content\/uploads\/2018\/03\/bretonische-kueste-france-a-velo.jpg","2048x2048-width":2048,"2048x2048-height":1536,"product_option_intro":"https:\/\/www.franceavelo.com\/wp-content\/uploads\/2018\/03\/bretonische-kueste-france-a-velo-300x220.jpg","product_option_intro-width":300,"product_option_intro-height":220,"postlist_thumbnail":"https:\/\/www.franceavelo.com\/wp-content\/uploads\/2018\/03\/bretonische-kueste-france-a-velo.jpg","postlist_thumbnail-width":200,"postlist_thumbnail-height":150,"content_full_desktop":"https:\/\/www.franceavelo.com\/wp-content\/uploads\/2018\/03\/bretonische-kueste-france-a-velo-970x728.jpg","content_full_desktop-width":970,"content_full_desktop-height":728,"content_full_desktop_retina":"https:\/\/www.franceavelo.com\/wp-content\/uploads\/2018\/03\/bretonische-kueste-france-a-velo-1940x1455.jpg","content_full_desktop_retina-width":1940,"content_full_desktop_retina-height":1455,"content_half_desktop":"https:\/\/www.franceavelo.com\/wp-content\/uploads\/2018\/03\/bretonische-kueste-france-a-velo-485x364.jpg","content_half_desktop-width":485,"content_half_desktop-height":364,"content_full_tablet":"https:\/\/www.franceavelo.com\/wp-content\/uploads\/2018\/03\/bretonische-kueste-france-a-velo-750x563.jpg","content_full_tablet-width":750,"content_full_tablet-height":563,"content_full_tablet_retina":"https:\/\/www.franceavelo.com\/wp-content\/uploads\/2018\/03\/bretonische-kueste-france-a-velo-1500x1125.jpg","content_full_tablet_retina-width":1500,"content_full_tablet_retina-height":1125,"content_half_tablet":"https:\/\/www.franceavelo.com\/wp-content\/uploads\/2018\/03\/bretonische-kueste-france-a-velo-375x281.jpg","content_half_tablet-width":375,"content_half_tablet-height":281,"content_full_mobile":"https:\/\/www.franceavelo.com\/wp-content\/uploads\/2018\/03\/bretonische-kueste-france-a-velo-500x375.jpg","content_full_mobile-width":500,"content_full_mobile-height":375,"content_full_mobile_retina":"https:\/\/www.franceavelo.com\/wp-content\/uploads\/2018\/03\/bretonische-kueste-france-a-velo-1000x750.jpg","content_full_mobile_retina-width":1000,"content_full_mobile_retina-height":750,"content_full_smallmobile":"https:\/\/www.franceavelo.com\/wp-content\/uploads\/2018\/03\/bretonische-kueste-france-a-velo-380x180.jpg","content_full_smallmobile-width":380,"content_full_smallmobile-height":180,"content_head_mobile":"https:\/\/www.franceavelo.com\/wp-content\/uploads\/2018\/03\/bretonische-kueste-france-a-velo-320x430.jpg","content_head_mobile-width":320,"content_head_mobile-height":430,"content_head_tablet":"https:\/\/www.franceavelo.com\/wp-content\/uploads\/2018\/03\/bretonische-kueste-france-a-velo-540x500.jpg","content_head_tablet-width":540,"content_head_tablet-height":500,"content_highlight_desktop":"https:\/\/www.franceavelo.com\/wp-content\/uploads\/2018\/03\/bretonische-kueste-france-a-velo-350x240.jpg","content_highlight_desktop-width":350,"content_highlight_desktop-height":240,"content_highlight_desktop_retina":"https:\/\/www.franceavelo.com\/wp-content\/uploads\/2018\/03\/bretonische-kueste-france-a-velo-700x480.jpg","content_highlight_desktop_retina-width":700,"content_highlight_desktop_retina-height":480,"content_testimony_mobile":"https:\/\/www.franceavelo.com\/wp-content\/uploads\/2018\/03\/bretonische-kueste-france-a-velo-480x1100.jpg","content_testimony_mobile-width":480,"content_testimony_mobile-height":1100,"content_type_image_desktop":"https:\/\/www.franceavelo.com\/wp-content\/uploads\/2018\/03\/bretonische-kueste-france-a-velo-600x380.jpg","content_type_image_desktop-width":600,"content_type_image_desktop-height":380,"content_type_image_desktop_retina":"https:\/\/www.franceavelo.com\/wp-content\/uploads\/2018\/03\/bretonische-kueste-france-a-velo-1200x760.jpg","content_type_image_desktop_retina-width":1200,"content_type_image_desktop_retina-height":760,"content_type_image_mobile":"https:\/\/www.franceavelo.com\/wp-content\/uploads\/2018\/03\/bretonische-kueste-france-a-velo-450x280.jpg","content_type_image_mobile-width":450,"content_type_image_mobile-height":280,"gform-image-choice-sm":"https:\/\/www.franceavelo.com\/wp-content\/uploads\/2018\/03\/bretonische-kueste-france-a-velo.jpg","gform-image-choice-sm-width":300,"gform-image-choice-sm-height":225,"gform-image-choice-md":"https:\/\/www.franceavelo.com\/wp-content\/uploads\/2018\/03\/bretonische-kueste-france-a-velo.jpg","gform-image-choice-md-width":400,"gform-image-choice-md-height":300,"gform-image-choice-lg":"https:\/\/www.franceavelo.com\/wp-content\/uploads\/2018\/03\/bretonische-kueste-france-a-velo.jpg","gform-image-choice-lg-width":600,"gform-image-choice-lg-height":450}},"product_gallery_item_video_thumbnail":false,"product_gallery_item_video_url":""},{"product_gallery_item_type":"image","product_gallery_item_image":{"ID":4532,"id":4532,"title":"cancale-austern-france-a-velo","filename":"cancale-austern-france-a-velo.jpg","filesize":740625,"url":"https:\/\/www.franceavelo.com\/wp-content\/uploads\/2018\/03\/cancale-austern-france-a-velo.jpg","link":"https:\/\/www.franceavelo.com\/fr\/product\/voyage-velo-bretagne-en-liberte-8-jours-classique\/cancale-austern-france-a-velo-2\/","alt":"Austern in der Nordbretagne","author":"42","description":"","caption":"","name":"cancale-austern-france-a-velo-2","status":"inherit","uploaded_to":15752,"date":"2018-03-21 09:29:33","modified":"2020-01-08 09:12:20","menu_order":0,"mime_type":"image\/jpeg","type":"image","subtype":"jpeg","icon":"https:\/\/www.franceavelo.com\/wp-includes\/images\/media\/default.png","width":2580,"height":1641,"sizes":{"thumbnail":"https:\/\/www.franceavelo.com\/wp-content\/uploads\/2018\/03\/cancale-austern-france-a-velo-150x150.jpg","thumbnail-width":150,"thumbnail-height":150,"medium":"https:\/\/www.franceavelo.com\/wp-content\/uploads\/2018\/03\/cancale-austern-france-a-velo-300x191.jpg","medium-width":300,"medium-height":191,"medium_large":"https:\/\/www.franceavelo.com\/wp-content\/uploads\/2018\/03\/cancale-austern-france-a-velo-768x488.jpg","medium_large-width":768,"medium_large-height":488,"large":"https:\/\/www.franceavelo.com\/wp-content\/uploads\/2018\/03\/cancale-austern-france-a-velo-1024x651.jpg","large-width":1024,"large-height":651,"1536x1536":"https:\/\/www.franceavelo.com\/wp-content\/uploads\/2018\/03\/cancale-austern-france-a-velo.jpg","1536x1536-width":1536,"1536x1536-height":977,"2048x2048":"https:\/\/www.franceavelo.com\/wp-content\/uploads\/2018\/03\/cancale-austern-france-a-velo.jpg","2048x2048-width":2048,"2048x2048-height":1303,"product_option_intro":"https:\/\/www.franceavelo.com\/wp-content\/uploads\/2018\/03\/cancale-austern-france-a-velo-300x220.jpg","product_option_intro-width":300,"product_option_intro-height":220,"postlist_thumbnail":"https:\/\/www.franceavelo.com\/wp-content\/uploads\/2018\/03\/cancale-austern-france-a-velo.jpg","postlist_thumbnail-width":200,"postlist_thumbnail-height":127,"content_full_desktop":"https:\/\/www.franceavelo.com\/wp-content\/uploads\/2018\/03\/cancale-austern-france-a-velo-970x617.jpg","content_full_desktop-width":970,"content_full_desktop-height":617,"content_full_desktop_retina":"https:\/\/www.franceavelo.com\/wp-content\/uploads\/2018\/03\/cancale-austern-france-a-velo-1940x1234.jpg","content_full_desktop_retina-width":1940,"content_full_desktop_retina-height":1234,"content_half_desktop":"https:\/\/www.franceavelo.com\/wp-content\/uploads\/2018\/03\/cancale-austern-france-a-velo-485x308.jpg","content_half_desktop-width":485,"content_half_desktop-height":308,"content_full_tablet":"https:\/\/www.franceavelo.com\/wp-content\/uploads\/2018\/03\/cancale-austern-france-a-velo-750x477.jpg","content_full_tablet-width":750,"content_full_tablet-height":477,"content_full_tablet_retina":"https:\/\/www.franceavelo.com\/wp-content\/uploads\/2018\/03\/cancale-austern-france-a-velo-1500x954.jpg","content_full_tablet_retina-width":1500,"content_full_tablet_retina-height":954,"content_half_tablet":"https:\/\/www.franceavelo.com\/wp-content\/uploads\/2018\/03\/cancale-austern-france-a-velo-375x239.jpg","content_half_tablet-width":375,"content_half_tablet-height":239,"content_full_mobile":"https:\/\/www.franceavelo.com\/wp-content\/uploads\/2018\/03\/cancale-austern-france-a-velo-500x318.jpg","content_full_mobile-width":500,"content_full_mobile-height":318,"content_full_mobile_retina":"https:\/\/www.franceavelo.com\/wp-content\/uploads\/2018\/03\/cancale-austern-france-a-velo-1000x636.jpg","content_full_mobile_retina-width":1000,"content_full_mobile_retina-height":636,"content_full_smallmobile":"https:\/\/www.franceavelo.com\/wp-content\/uploads\/2018\/03\/cancale-austern-france-a-velo-380x180.jpg","content_full_smallmobile-width":380,"content_full_smallmobile-height":180,"content_head_mobile":"https:\/\/www.franceavelo.com\/wp-content\/uploads\/2018\/03\/cancale-austern-france-a-velo-320x430.jpg","content_head_mobile-width":320,"content_head_mobile-height":430,"content_head_tablet":"https:\/\/www.franceavelo.com\/wp-content\/uploads\/2018\/03\/cancale-austern-france-a-velo-540x500.jpg","content_head_tablet-width":540,"content_head_tablet-height":500,"content_highlight_desktop":"https:\/\/www.franceavelo.com\/wp-content\/uploads\/2018\/03\/cancale-austern-france-a-velo-350x240.jpg","content_highlight_desktop-width":350,"content_highlight_desktop-height":240,"content_highlight_desktop_retina":"https:\/\/www.franceavelo.com\/wp-content\/uploads\/2018\/03\/cancale-austern-france-a-velo-700x480.jpg","content_highlight_desktop_retina-width":700,"content_highlight_desktop_retina-height":480,"content_testimony_mobile":"https:\/\/www.franceavelo.com\/wp-content\/uploads\/2018\/03\/cancale-austern-france-a-velo-480x1100.jpg","content_testimony_mobile-width":480,"content_testimony_mobile-height":1100,"content_type_image_desktop":"https:\/\/www.franceavelo.com\/wp-content\/uploads\/2018\/03\/cancale-austern-france-a-velo-600x380.jpg","content_type_image_desktop-width":600,"content_type_image_desktop-height":380,"content_type_image_desktop_retina":"https:\/\/www.franceavelo.com\/wp-content\/uploads\/2018\/03\/cancale-austern-france-a-velo-1200x760.jpg","content_type_image_desktop_retina-width":1200,"content_type_image_desktop_retina-height":760,"content_type_image_mobile":"https:\/\/www.franceavelo.com\/wp-content\/uploads\/2018\/03\/cancale-austern-france-a-velo-450x280.jpg","content_type_image_mobile-width":450,"content_type_image_mobile-height":280,"gform-image-choice-sm":"https:\/\/www.franceavelo.com\/wp-content\/uploads\/2018\/03\/cancale-austern-france-a-velo.jpg","gform-image-choice-sm-width":300,"gform-image-choice-sm-height":191,"gform-image-choice-md":"https:\/\/www.franceavelo.com\/wp-content\/uploads\/2018\/03\/cancale-austern-france-a-velo.jpg","gform-image-choice-md-width":400,"gform-image-choice-md-height":254,"gform-image-choice-lg":"https:\/\/www.franceavelo.com\/wp-content\/uploads\/2018\/03\/cancale-austern-france-a-velo.jpg","gform-image-choice-lg-width":600,"gform-image-choice-lg-height":382}},"product_gallery_item_video_thumbnail":false,"product_gallery_item_video_url":""},{"product_gallery_item_type":"image","product_gallery_item_image":{"ID":4562,"id":4562,"title":"dinan-radfahren-france-a-velo","filename":"dinan-radfahren-france-a-velo.jpg","filesize":2760173,"url":"https:\/\/www.franceavelo.com\/wp-content\/uploads\/2018\/03\/dinan-radfahren-france-a-velo.jpg","link":"https:\/\/www.franceavelo.com\/fr\/product\/voyage-velo-bretagne-en-liberte-8-jours-classique\/dinan-radfahren-france-a-velo-2\/","alt":"Fachwerkh\u00e4user in Dinon in der Nordbretagne","author":"42","description":"","caption":"","name":"dinan-radfahren-france-a-velo-2","status":"inherit","uploaded_to":15752,"date":"2018-03-21 09:29:39","modified":"2020-01-08 09:12:47","menu_order":0,"mime_type":"image\/jpeg","type":"image","subtype":"jpeg","icon":"https:\/\/www.franceavelo.com\/wp-includes\/images\/media\/default.png","width":2816,"height":2112,"sizes":{"thumbnail":"https:\/\/www.franceavelo.com\/wp-content\/uploads\/2018\/03\/dinan-radfahren-france-a-velo-150x150.jpg","thumbnail-width":150,"thumbnail-height":150,"medium":"https:\/\/www.franceavelo.com\/wp-content\/uploads\/2018\/03\/dinan-radfahren-france-a-velo-300x225.jpg","medium-width":300,"medium-height":225,"medium_large":"https:\/\/www.franceavelo.com\/wp-content\/uploads\/2018\/03\/dinan-radfahren-france-a-velo-768x576.jpg","medium_large-width":768,"medium_large-height":576,"large":"https:\/\/www.franceavelo.com\/wp-content\/uploads\/2018\/03\/dinan-radfahren-france-a-velo-1024x768.jpg","large-width":1024,"large-height":768,"1536x1536":"https:\/\/www.franceavelo.com\/wp-content\/uploads\/2018\/03\/dinan-radfahren-france-a-velo.jpg","1536x1536-width":1536,"1536x1536-height":1152,"2048x2048":"https:\/\/www.franceavelo.com\/wp-content\/uploads\/2018\/03\/dinan-radfahren-france-a-velo.jpg","2048x2048-width":2048,"2048x2048-height":1536,"product_option_intro":"https:\/\/www.franceavelo.com\/wp-content\/uploads\/2018\/03\/dinan-radfahren-france-a-velo-300x220.jpg","product_option_intro-width":300,"product_option_intro-height":220,"postlist_thumbnail":"https:\/\/www.franceavelo.com\/wp-content\/uploads\/2018\/03\/dinan-radfahren-france-a-velo.jpg","postlist_thumbnail-width":200,"postlist_thumbnail-height":150,"content_full_desktop":"https:\/\/www.franceavelo.com\/wp-content\/uploads\/2018\/03\/dinan-radfahren-france-a-velo-970x728.jpg","content_full_desktop-width":970,"content_full_desktop-height":728,"content_full_desktop_retina":"https:\/\/www.franceavelo.com\/wp-content\/uploads\/2018\/03\/dinan-radfahren-france-a-velo-1940x1455.jpg","content_full_desktop_retina-width":1940,"content_full_desktop_retina-height":1455,"content_half_desktop":"https:\/\/www.franceavelo.com\/wp-content\/uploads\/2018\/03\/dinan-radfahren-france-a-velo-485x364.jpg","content_half_desktop-width":485,"content_half_desktop-height":364,"content_full_tablet":"https:\/\/www.franceavelo.com\/wp-content\/uploads\/2018\/03\/dinan-radfahren-france-a-velo-750x563.jpg","content_full_tablet-width":750,"content_full_tablet-height":563,"content_full_tablet_retina":"https:\/\/www.franceavelo.com\/wp-content\/uploads\/2018\/03\/dinan-radfahren-france-a-velo-1500x1125.jpg","content_full_tablet_retina-width":1500,"content_full_tablet_retina-height":1125,"content_half_tablet":"https:\/\/www.franceavelo.com\/wp-content\/uploads\/2018\/03\/dinan-radfahren-france-a-velo-375x281.jpg","content_half_tablet-width":375,"content_half_tablet-height":281,"content_full_mobile":"https:\/\/www.franceavelo.com\/wp-content\/uploads\/2018\/03\/dinan-radfahren-france-a-velo-500x375.jpg","content_full_mobile-width":500,"content_full_mobile-height":375,"content_full_mobile_retina":"https:\/\/www.franceavelo.com\/wp-content\/uploads\/2018\/03\/dinan-radfahren-france-a-velo-1000x750.jpg","content_full_mobile_retina-width":1000,"content_full_mobile_retina-height":750,"content_full_smallmobile":"https:\/\/www.franceavelo.com\/wp-content\/uploads\/2018\/03\/dinan-radfahren-france-a-velo-380x180.jpg","content_full_smallmobile-width":380,"content_full_smallmobile-height":180,"content_head_mobile":"https:\/\/www.franceavelo.com\/wp-content\/uploads\/2018\/03\/dinan-radfahren-france-a-velo-320x430.jpg","content_head_mobile-width":320,"content_head_mobile-height":430,"content_head_tablet":"https:\/\/www.franceavelo.com\/wp-content\/uploads\/2018\/03\/dinan-radfahren-france-a-velo-540x500.jpg","content_head_tablet-width":540,"content_head_tablet-height":500,"content_highlight_desktop":"https:\/\/www.franceavelo.com\/wp-content\/uploads\/2018\/03\/dinan-radfahren-france-a-velo-350x240.jpg","content_highlight_desktop-width":350,"content_highlight_desktop-height":240,"content_highlight_desktop_retina":"https:\/\/www.franceavelo.com\/wp-content\/uploads\/2018\/03\/dinan-radfahren-france-a-velo-700x480.jpg","content_highlight_desktop_retina-width":700,"content_highlight_desktop_retina-height":480,"content_testimony_mobile":"https:\/\/www.franceavelo.com\/wp-content\/uploads\/2018\/03\/dinan-radfahren-france-a-velo-480x1100.jpg","content_testimony_mobile-width":480,"content_testimony_mobile-height":1100,"content_type_image_desktop":"https:\/\/www.franceavelo.com\/wp-content\/uploads\/2018\/03\/dinan-radfahren-france-a-velo-600x380.jpg","content_type_image_desktop-width":600,"content_type_image_desktop-height":380,"content_type_image_desktop_retina":"https:\/\/www.franceavelo.com\/wp-content\/uploads\/2018\/03\/dinan-radfahren-france-a-velo-1200x760.jpg","content_type_image_desktop_retina-width":1200,"content_type_image_desktop_retina-height":760,"content_type_image_mobile":"https:\/\/www.franceavelo.com\/wp-content\/uploads\/2018\/03\/dinan-radfahren-france-a-velo-450x280.jpg","content_type_image_mobile-width":450,"content_type_image_mobile-height":280,"gform-image-choice-sm":"https:\/\/www.franceavelo.com\/wp-content\/uploads\/2018\/03\/dinan-radfahren-france-a-velo.jpg","gform-image-choice-sm-width":300,"gform-image-choice-sm-height":225,"gform-image-choice-md":"https:\/\/www.franceavelo.com\/wp-content\/uploads\/2018\/03\/dinan-radfahren-france-a-velo.jpg","gform-image-choice-md-width":400,"gform-image-choice-md-height":300,"gform-image-choice-lg":"https:\/\/www.franceavelo.com\/wp-content\/uploads\/2018\/03\/dinan-radfahren-france-a-velo.jpg","gform-image-choice-lg-width":600,"gform-image-choice-lg-height":450}},"product_gallery_item_video_thumbnail":false,"product_gallery_item_video_url":""},{"product_gallery_item_type":"image","product_gallery_item_image":{"ID":4592,"id":4592,"title":"dinan-radurlaub-france-a-velo","filename":"dinan-radurlaub-france-a-velo.jpg","filesize":4170859,"url":"https:\/\/www.franceavelo.com\/wp-content\/uploads\/2018\/03\/dinan-radurlaub-france-a-velo.jpg","link":"https:\/\/www.franceavelo.com\/fr\/product\/voyage-velo-bretagne-en-liberte-8-jours-classique\/dinan-radurlaub-france-a-velo-2\/","alt":"Gesch\u00e4ft in Dinon","author":"42","description":"","caption":"","name":"dinan-radurlaub-france-a-velo-2","status":"inherit","uploaded_to":15752,"date":"2018-03-21 09:29:46","modified":"2020-01-08 09:13:21","menu_order":0,"mime_type":"image\/jpeg","type":"image","subtype":"jpeg","icon":"https:\/\/www.franceavelo.com\/wp-includes\/images\/media\/default.png","width":2736,"height":3648,"sizes":{"thumbnail":"https:\/\/www.franceavelo.com\/wp-content\/uploads\/2018\/03\/dinan-radurlaub-france-a-velo-150x150.jpg","thumbnail-width":150,"thumbnail-height":150,"medium":"https:\/\/www.franceavelo.com\/wp-content\/uploads\/2018\/03\/dinan-radurlaub-france-a-velo-225x300.jpg","medium-width":225,"medium-height":300,"medium_large":"https:\/\/www.franceavelo.com\/wp-content\/uploads\/2018\/03\/dinan-radurlaub-france-a-velo-768x1024.jpg","medium_large-width":768,"medium_large-height":1024,"large":"https:\/\/www.franceavelo.com\/wp-content\/uploads\/2018\/03\/dinan-radurlaub-france-a-velo-768x1024.jpg","large-width":768,"large-height":1024,"1536x1536":"https:\/\/www.franceavelo.com\/wp-content\/uploads\/2018\/03\/dinan-radurlaub-france-a-velo.jpg","1536x1536-width":1152,"1536x1536-height":1536,"2048x2048":"https:\/\/www.franceavelo.com\/wp-content\/uploads\/2018\/03\/dinan-radurlaub-france-a-velo.jpg","2048x2048-width":1536,"2048x2048-height":2048,"product_option_intro":"https:\/\/www.franceavelo.com\/wp-content\/uploads\/2018\/03\/dinan-radurlaub-france-a-velo-300x220.jpg","product_option_intro-width":300,"product_option_intro-height":220,"postlist_thumbnail":"https:\/\/www.franceavelo.com\/wp-content\/uploads\/2018\/03\/dinan-radurlaub-france-a-velo.jpg","postlist_thumbnail-width":150,"postlist_thumbnail-height":200,"content_full_desktop":"https:\/\/www.franceavelo.com\/wp-content\/uploads\/2018\/03\/dinan-radurlaub-france-a-velo-970x1293.jpg","content_full_desktop-width":970,"content_full_desktop-height":1293,"content_full_desktop_retina":"https:\/\/www.franceavelo.com\/wp-content\/uploads\/2018\/03\/dinan-radurlaub-france-a-velo-1940x2587.jpg","content_full_desktop_retina-width":1940,"content_full_desktop_retina-height":2587,"content_half_desktop":"https:\/\/www.franceavelo.com\/wp-content\/uploads\/2018\/03\/dinan-radurlaub-france-a-velo-485x647.jpg","content_half_desktop-width":485,"content_half_desktop-height":647,"content_full_tablet":"https:\/\/www.franceavelo.com\/wp-content\/uploads\/2018\/03\/dinan-radurlaub-france-a-velo-750x1000.jpg","content_full_tablet-width":750,"content_full_tablet-height":1000,"content_full_tablet_retina":"https:\/\/www.franceavelo.com\/wp-content\/uploads\/2018\/03\/dinan-radurlaub-france-a-velo-1500x2000.jpg","content_full_tablet_retina-width":1500,"content_full_tablet_retina-height":2000,"content_half_tablet":"https:\/\/www.franceavelo.com\/wp-content\/uploads\/2018\/03\/dinan-radurlaub-france-a-velo-375x500.jpg","content_half_tablet-width":375,"content_half_tablet-height":500,"content_full_mobile":"https:\/\/www.franceavelo.com\/wp-content\/uploads\/2018\/03\/dinan-radurlaub-france-a-velo-500x667.jpg","content_full_mobile-width":500,"content_full_mobile-height":667,"content_full_mobile_retina":"https:\/\/www.franceavelo.com\/wp-content\/uploads\/2018\/03\/dinan-radurlaub-france-a-velo-1000x1333.jpg","content_full_mobile_retina-width":1000,"content_full_mobile_retina-height":1333,"content_full_smallmobile":"https:\/\/www.franceavelo.com\/wp-content\/uploads\/2018\/03\/dinan-radurlaub-france-a-velo-380x180.jpg","content_full_smallmobile-width":380,"content_full_smallmobile-height":180,"content_head_mobile":"https:\/\/www.franceavelo.com\/wp-content\/uploads\/2018\/03\/dinan-radurlaub-france-a-velo-320x430.jpg","content_head_mobile-width":320,"content_head_mobile-height":430,"content_head_tablet":"https:\/\/www.franceavelo.com\/wp-content\/uploads\/2018\/03\/dinan-radurlaub-france-a-velo-540x500.jpg","content_head_tablet-width":540,"content_head_tablet-height":500,"content_highlight_desktop":"https:\/\/www.franceavelo.com\/wp-content\/uploads\/2018\/03\/dinan-radurlaub-france-a-velo-350x240.jpg","content_highlight_desktop-width":350,"content_highlight_desktop-height":240,"content_highlight_desktop_retina":"https:\/\/www.franceavelo.com\/wp-content\/uploads\/2018\/03\/dinan-radurlaub-france-a-velo-700x480.jpg","content_highlight_desktop_retina-width":700,"content_highlight_desktop_retina-height":480,"content_testimony_mobile":"https:\/\/www.franceavelo.com\/wp-content\/uploads\/2018\/03\/dinan-radurlaub-france-a-velo-480x1100.jpg","content_testimony_mobile-width":480,"content_testimony_mobile-height":1100,"content_type_image_desktop":"https:\/\/www.franceavelo.com\/wp-content\/uploads\/2018\/03\/dinan-radurlaub-france-a-velo-600x380.jpg","content_type_image_desktop-width":600,"content_type_image_desktop-height":380,"content_type_image_desktop_retina":"https:\/\/www.franceavelo.com\/wp-content\/uploads\/2018\/03\/dinan-radurlaub-france-a-velo-1200x760.jpg","content_type_image_desktop_retina-width":1200,"content_type_image_desktop_retina-height":760,"content_type_image_mobile":"https:\/\/www.franceavelo.com\/wp-content\/uploads\/2018\/03\/dinan-radurlaub-france-a-velo-450x280.jpg","content_type_image_mobile-width":450,"content_type_image_mobile-height":280,"gform-image-choice-sm":"https:\/\/www.franceavelo.com\/wp-content\/uploads\/2018\/03\/dinan-radurlaub-france-a-velo.jpg","gform-image-choice-sm-width":225,"gform-image-choice-sm-height":300,"gform-image-choice-md":"https:\/\/www.franceavelo.com\/wp-content\/uploads\/2018\/03\/dinan-radurlaub-france-a-velo.jpg","gform-image-choice-md-width":300,"gform-image-choice-md-height":400,"gform-image-choice-lg":"https:\/\/www.franceavelo.com\/wp-content\/uploads\/2018\/03\/dinan-radurlaub-france-a-velo.jpg","gform-image-choice-lg-width":450,"gform-image-choice-lg-height":600}},"product_gallery_item_video_thumbnail":false,"product_gallery_item_video_url":""},{"product_gallery_item_type":"image","product_gallery_item_image":{"ID":4622,"id":4622,"title":"dinan-radweg-france-a-velo","filename":"dinan-radweg-france-a-velo.jpg","filesize":4866357,"url":"https:\/\/www.franceavelo.com\/wp-content\/uploads\/2018\/03\/dinan-radweg-france-a-velo.jpg","link":"https:\/\/www.franceavelo.com\/fr\/product\/voyage-velo-bretagne-en-liberte-8-jours-classique\/dinan-radweg-france-a-velo-2\/","alt":"Cr\u00eaperie in Dinan","author":"42","description":"","caption":"","name":"dinan-radweg-france-a-velo-2","status":"inherit","uploaded_to":15752,"date":"2018-03-21 09:29:58","modified":"2020-01-08 09:13:54","menu_order":0,"mime_type":"image\/jpeg","type":"image","subtype":"jpeg","icon":"https:\/\/www.franceavelo.com\/wp-includes\/images\/media\/default.png","width":2736,"height":3648,"sizes":{"thumbnail":"https:\/\/www.franceavelo.com\/wp-content\/uploads\/2018\/03\/dinan-radweg-france-a-velo-150x150.jpg","thumbnail-width":150,"thumbnail-height":150,"medium":"https:\/\/www.franceavelo.com\/wp-content\/uploads\/2018\/03\/dinan-radweg-france-a-velo-225x300.jpg","medium-width":225,"medium-height":300,"medium_large":"https:\/\/www.franceavelo.com\/wp-content\/uploads\/2018\/03\/dinan-radweg-france-a-velo-768x1024.jpg","medium_large-width":768,"medium_large-height":1024,"large":"https:\/\/www.franceavelo.com\/wp-content\/uploads\/2018\/03\/dinan-radweg-france-a-velo-768x1024.jpg","large-width":768,"large-height":1024,"1536x1536":"https:\/\/www.franceavelo.com\/wp-content\/uploads\/2018\/03\/dinan-radweg-france-a-velo.jpg","1536x1536-width":1152,"1536x1536-height":1536,"2048x2048":"https:\/\/www.franceavelo.com\/wp-content\/uploads\/2018\/03\/dinan-radweg-france-a-velo.jpg","2048x2048-width":1536,"2048x2048-height":2048,"product_option_intro":"https:\/\/www.franceavelo.com\/wp-content\/uploads\/2018\/03\/dinan-radweg-france-a-velo-300x220.jpg","product_option_intro-width":300,"product_option_intro-height":220,"postlist_thumbnail":"https:\/\/www.franceavelo.com\/wp-content\/uploads\/2018\/03\/dinan-radweg-france-a-velo.jpg","postlist_thumbnail-width":150,"postlist_thumbnail-height":200,"content_full_desktop":"https:\/\/www.franceavelo.com\/wp-content\/uploads\/2018\/03\/dinan-radweg-france-a-velo-970x1293.jpg","content_full_desktop-width":970,"content_full_desktop-height":1293,"content_full_desktop_retina":"https:\/\/www.franceavelo.com\/wp-content\/uploads\/2018\/03\/dinan-radweg-france-a-velo-1940x2587.jpg","content_full_desktop_retina-width":1940,"content_full_desktop_retina-height":2587,"content_half_desktop":"https:\/\/www.franceavelo.com\/wp-content\/uploads\/2018\/03\/dinan-radweg-france-a-velo-485x647.jpg","content_half_desktop-width":485,"content_half_desktop-height":647,"content_full_tablet":"https:\/\/www.franceavelo.com\/wp-content\/uploads\/2018\/03\/dinan-radweg-france-a-velo-750x1000.jpg","content_full_tablet-width":750,"content_full_tablet-height":1000,"content_full_tablet_retina":"https:\/\/www.franceavelo.com\/wp-content\/uploads\/2018\/03\/dinan-radweg-france-a-velo-1500x2000.jpg","content_full_tablet_retina-width":1500,"content_full_tablet_retina-height":2000,"content_half_tablet":"https:\/\/www.franceavelo.com\/wp-content\/uploads\/2018\/03\/dinan-radweg-france-a-velo-375x500.jpg","content_half_tablet-width":375,"content_half_tablet-height":500,"content_full_mobile":"https:\/\/www.franceavelo.com\/wp-content\/uploads\/2018\/03\/dinan-radweg-france-a-velo-500x667.jpg","content_full_mobile-width":500,"content_full_mobile-height":667,"content_full_mobile_retina":"https:\/\/www.franceavelo.com\/wp-content\/uploads\/2018\/03\/dinan-radweg-france-a-velo-1000x1333.jpg","content_full_mobile_retina-width":1000,"content_full_mobile_retina-height":1333,"content_full_smallmobile":"https:\/\/www.franceavelo.com\/wp-content\/uploads\/2018\/03\/dinan-radweg-france-a-velo-380x180.jpg","content_full_smallmobile-width":380,"content_full_smallmobile-height":180,"content_head_mobile":"https:\/\/www.franceavelo.com\/wp-content\/uploads\/2018\/03\/dinan-radweg-france-a-velo-320x430.jpg","content_head_mobile-width":320,"content_head_mobile-height":430,"content_head_tablet":"https:\/\/www.franceavelo.com\/wp-content\/uploads\/2018\/03\/dinan-radweg-france-a-velo-540x500.jpg","content_head_tablet-width":540,"content_head_tablet-height":500,"content_highlight_desktop":"https:\/\/www.franceavelo.com\/wp-content\/uploads\/2018\/03\/dinan-radweg-france-a-velo-350x240.jpg","content_highlight_desktop-width":350,"content_highlight_desktop-height":240,"content_highlight_desktop_retina":"https:\/\/www.franceavelo.com\/wp-content\/uploads\/2018\/03\/dinan-radweg-france-a-velo-700x480.jpg","content_highlight_desktop_retina-width":700,"content_highlight_desktop_retina-height":480,"content_testimony_mobile":"https:\/\/www.franceavelo.com\/wp-content\/uploads\/2018\/03\/dinan-radweg-france-a-velo-480x1100.jpg","content_testimony_mobile-width":480,"content_testimony_mobile-height":1100,"content_type_image_desktop":"https:\/\/www.franceavelo.com\/wp-content\/uploads\/2018\/03\/dinan-radweg-france-a-velo-600x380.jpg","content_type_image_desktop-width":600,"content_type_image_desktop-height":380,"content_type_image_desktop_retina":"https:\/\/www.franceavelo.com\/wp-content\/uploads\/2018\/03\/dinan-radweg-france-a-velo-1200x760.jpg","content_type_image_desktop_retina-width":1200,"content_type_image_desktop_retina-height":760,"content_type_image_mobile":"https:\/\/www.franceavelo.com\/wp-content\/uploads\/2018\/03\/dinan-radweg-france-a-velo-450x280.jpg","content_type_image_mobile-width":450,"content_type_image_mobile-height":280,"gform-image-choice-sm":"https:\/\/www.franceavelo.com\/wp-content\/uploads\/2018\/03\/dinan-radweg-france-a-velo.jpg","gform-image-choice-sm-width":225,"gform-image-choice-sm-height":300,"gform-image-choice-md":"https:\/\/www.franceavelo.com\/wp-content\/uploads\/2018\/03\/dinan-radweg-france-a-velo.jpg","gform-image-choice-md-width":300,"gform-image-choice-md-height":400,"gform-image-choice-lg":"https:\/\/www.franceavelo.com\/wp-content\/uploads\/2018\/03\/dinan-radweg-france-a-velo.jpg","gform-image-choice-lg-width":450,"gform-image-choice-lg-height":600}},"product_gallery_item_video_thumbnail":false,"product_gallery_item_video_url":""},{"product_gallery_item_type":"image","product_gallery_item_image":{"ID":4652,"id":4652,"title":"mont-saint-michel-radfahren-france-a-velo","filename":"mont-saint-michel-radfahren-france-a-velo.jpg","filesize":1737240,"url":"https:\/\/www.franceavelo.com\/wp-content\/uploads\/2018\/03\/mont-saint-michel-radfahren-france-a-velo.jpg","link":"https:\/\/www.franceavelo.com\/fr\/product\/voyage-velo-bretagne-en-liberte-8-jours-classique\/mont-saint-michel-radfahren-france-a-velo-2\/","alt":"Radfahrer mit dem Mont Saint Michel im Hintergrund","author":"42","description":"","caption":"","name":"mont-saint-michel-radfahren-france-a-velo-2","status":"inherit","uploaded_to":15752,"date":"2018-03-21 09:30:09","modified":"2020-08-21 13:48:02","menu_order":0,"mime_type":"image\/jpeg","type":"image","subtype":"jpeg","icon":"https:\/\/www.franceavelo.com\/wp-includes\/images\/media\/default.png","width":3264,"height":2448,"sizes":{"thumbnail":"https:\/\/www.franceavelo.com\/wp-content\/uploads\/2018\/03\/mont-saint-michel-radfahren-france-a-velo-150x150.jpg","thumbnail-width":150,"thumbnail-height":150,"medium":"https:\/\/www.franceavelo.com\/wp-content\/uploads\/2018\/03\/mont-saint-michel-radfahren-france-a-velo-300x225.jpg","medium-width":300,"medium-height":225,"medium_large":"https:\/\/www.franceavelo.com\/wp-content\/uploads\/2018\/03\/mont-saint-michel-radfahren-france-a-velo-768x576.jpg","medium_large-width":768,"medium_large-height":576,"large":"https:\/\/www.franceavelo.com\/wp-content\/uploads\/2018\/03\/mont-saint-michel-radfahren-france-a-velo-1024x768.jpg","large-width":1024,"large-height":768,"1536x1536":"https:\/\/www.franceavelo.com\/wp-content\/uploads\/2018\/03\/mont-saint-michel-radfahren-france-a-velo.jpg","1536x1536-width":1536,"1536x1536-height":1152,"2048x2048":"https:\/\/www.franceavelo.com\/wp-content\/uploads\/2018\/03\/mont-saint-michel-radfahren-france-a-velo.jpg","2048x2048-width":2048,"2048x2048-height":1536,"product_option_intro":"https:\/\/www.franceavelo.com\/wp-content\/uploads\/2018\/03\/mont-saint-michel-radfahren-france-a-velo-300x220.jpg","product_option_intro-width":300,"product_option_intro-height":220,"postlist_thumbnail":"https:\/\/www.franceavelo.com\/wp-content\/uploads\/2018\/03\/mont-saint-michel-radfahren-france-a-velo.jpg","postlist_thumbnail-width":200,"postlist_thumbnail-height":150,"content_full_desktop":"https:\/\/www.franceavelo.com\/wp-content\/uploads\/2018\/03\/mont-saint-michel-radfahren-france-a-velo-970x728.jpg","content_full_desktop-width":970,"content_full_desktop-height":728,"content_full_desktop_retina":"https:\/\/www.franceavelo.com\/wp-content\/uploads\/2018\/03\/mont-saint-michel-radfahren-france-a-velo-1940x1455.jpg","content_full_desktop_retina-width":1940,"content_full_desktop_retina-height":1455,"content_half_desktop":"https:\/\/www.franceavelo.com\/wp-content\/uploads\/2018\/03\/mont-saint-michel-radfahren-france-a-velo-485x364.jpg","content_half_desktop-width":485,"content_half_desktop-height":364,"content_full_tablet":"https:\/\/www.franceavelo.com\/wp-content\/uploads\/2018\/03\/mont-saint-michel-radfahren-france-a-velo-750x563.jpg","content_full_tablet-width":750,"content_full_tablet-height":563,"content_full_tablet_retina":"https:\/\/www.franceavelo.com\/wp-content\/uploads\/2018\/03\/mont-saint-michel-radfahren-france-a-velo-1500x1125.jpg","content_full_tablet_retina-width":1500,"content_full_tablet_retina-height":1125,"content_half_tablet":"https:\/\/www.franceavelo.com\/wp-content\/uploads\/2018\/03\/mont-saint-michel-radfahren-france-a-velo-375x281.jpg","content_half_tablet-width":375,"content_half_tablet-height":281,"content_full_mobile":"https:\/\/www.franceavelo.com\/wp-content\/uploads\/2018\/03\/mont-saint-michel-radfahren-france-a-velo-500x375.jpg","content_full_mobile-width":500,"content_full_mobile-height":375,"content_full_mobile_retina":"https:\/\/www.franceavelo.com\/wp-content\/uploads\/2018\/03\/mont-saint-michel-radfahren-france-a-velo-1000x750.jpg","content_full_mobile_retina-width":1000,"content_full_mobile_retina-height":750,"content_full_smallmobile":"https:\/\/www.franceavelo.com\/wp-content\/uploads\/2018\/03\/mont-saint-michel-radfahren-france-a-velo-380x180.jpg","content_full_smallmobile-width":380,"content_full_smallmobile-height":180,"content_head_mobile":"https:\/\/www.franceavelo.com\/wp-content\/uploads\/2018\/03\/mont-saint-michel-radfahren-france-a-velo-320x430.jpg","content_head_mobile-width":320,"content_head_mobile-height":430,"content_head_tablet":"https:\/\/www.franceavelo.com\/wp-content\/uploads\/2018\/03\/mont-saint-michel-radfahren-france-a-velo-540x500.jpg","content_head_tablet-width":540,"content_head_tablet-height":500,"content_highlight_desktop":"https:\/\/www.franceavelo.com\/wp-content\/uploads\/2018\/03\/mont-saint-michel-radfahren-france-a-velo-350x240.jpg","content_highlight_desktop-width":350,"content_highlight_desktop-height":240,"content_highlight_desktop_retina":"https:\/\/www.franceavelo.com\/wp-content\/uploads\/2018\/03\/mont-saint-michel-radfahren-france-a-velo-700x480.jpg","content_highlight_desktop_retina-width":700,"content_highlight_desktop_retina-height":480,"content_testimony_mobile":"https:\/\/www.franceavelo.com\/wp-content\/uploads\/2018\/03\/mont-saint-michel-radfahren-france-a-velo-480x1100.jpg","content_testimony_mobile-width":480,"content_testimony_mobile-height":1100,"content_type_image_desktop":"https:\/\/www.franceavelo.com\/wp-content\/uploads\/2018\/03\/mont-saint-michel-radfahren-france-a-velo-600x380.jpg","content_type_image_desktop-width":600,"content_type_image_desktop-height":380,"content_type_image_desktop_retina":"https:\/\/www.franceavelo.com\/wp-content\/uploads\/2018\/03\/mont-saint-michel-radfahren-france-a-velo-1200x760.jpg","content_type_image_desktop_retina-width":1200,"content_type_image_desktop_retina-height":760,"content_type_image_mobile":"https:\/\/www.franceavelo.com\/wp-content\/uploads\/2018\/03\/mont-saint-michel-radfahren-france-a-velo-450x280.jpg","content_type_image_mobile-width":450,"content_type_image_mobile-height":280,"gform-image-choice-sm":"https:\/\/www.franceavelo.com\/wp-content\/uploads\/2018\/03\/mont-saint-michel-radfahren-france-a-velo.jpg","gform-image-choice-sm-width":300,"gform-image-choice-sm-height":225,"gform-image-choice-md":"https:\/\/www.franceavelo.com\/wp-content\/uploads\/2018\/03\/mont-saint-michel-radfahren-france-a-velo.jpg","gform-image-choice-md-width":400,"gform-image-choice-md-height":300,"gform-image-choice-lg":"https:\/\/www.franceavelo.com\/wp-content\/uploads\/2018\/03\/mont-saint-michel-radfahren-france-a-velo.jpg","gform-image-choice-lg-width":600,"gform-image-choice-lg-height":450}},"product_gallery_item_video_thumbnail":false,"product_gallery_item_video_url":""}],"product_how_to_come":"<p><strong>Par avion<\/strong>: Les a\u00e9roports internationaux les plus proches sont NANTES, PARIS ORLY ou PARIS CHARLES DE GAULLE.<\/p>\n<p><strong>En train \/ TGV : <\/strong>Arriv\u00e9e gare : Rennes<\/p>\n<p>Liaison TGV directe depuis Paris Montparnasse, liaison ferroviaire depuis Rennes.<\/p>\n<p><strong>En voiture :<\/strong><\/p>\n<p>Paris (A6B-A10-A11-A81-N157-N136-D137)<\/p>\n<p>Lille \/ Belgique (A1-A29-A13-A84-N175-N176)<\/p>\n<p>Metz \/ Luxembourg (A4-A86-A10-A11-A81-N157-N136-D137)<\/p>\n<p>Strasbourg \/ Allemagne (A4-A86-A10-A11-A81-N157-N136-D137)<\/p>\n<p>Gen\u00e8ve \/ Suisse (A40-A6-A10-A11-A81-N157-N136-D137)<\/p>\n<p>&nbsp;<\/p>\n<p>&nbsp;<\/p>\n","product_nb_kilometer":"311","product_price_double_room":"1264","product_price_simple_room":"1721","product_start_date_range":"01\/04\/2026","product_end_date_range":"31\/10\/2026","product_ambiance":[{"value":"am_4","label":"E bike"},{"value":"am_5","label":"Culture\u00a0"}],"product_super_small_group_price":"","product_super_small_group_number":"","product_solo_traveler_price":"400","product_option_transfert_disable":false,"product_option_add_night_double_after":"88","product_option_add_night_double_before":"88","product_option_add_night_single_before":"159","product_option_add_night_single_after":"159","product_seasons":[{"product_seasons_begin_date":"20260401","product_seasons_end_date":"20260531","product_seasons_double_room_price":"1264","product_seasons_option_add_night_double_before":"88","product_seasons_option_add_night_double_after":"88","product_seasons_single_room_price":"1721","product_seasons_option_add_night_single_before":"159","product_seasons_option_add_night_single_after":"159"},{"product_seasons_begin_date":"20260921","product_seasons_end_date":"20261031","product_seasons_double_room_price":"1264","product_seasons_option_add_night_double_before":"88","product_seasons_option_add_night_double_after":"88","product_seasons_single_room_price":"1721","product_seasons_option_add_night_single_before":"159","product_seasons_option_add_night_single_after":"159"},{"product_seasons_begin_date":"20260601","product_seasons_end_date":"20260920","product_seasons_double_room_price":"1291","product_seasons_option_add_night_double_before":"99","product_seasons_option_add_night_double_after":"99","product_seasons_single_room_price":"1769","product_seasons_option_add_night_single_before":"180","product_seasons_option_add_night_single_after":"180"}],"product_link_product_repeat":[{"product_link_product_item":{"ID":15732,"post_author":"42","post_date":"2018-03-21 13:58:12","post_date_gmt":"2018-03-21 12:58:12","post_content":"","post_title":"Bretagne Sud - Non guid\u00e9 - 8 jours - Classique","post_excerpt":"","post_status":"publish","comment_status":"open","ping_status":"closed","post_password":"","post_name":"voyage-velo-bretagne-sud-en-liberte-8-jours","to_ping":"","pinged":"","post_modified":"2025-10-31 15:52:43","post_modified_gmt":"2025-10-31 14:52:43","post_content_filtered":"","post_parent":0,"guid":"https:\/\/www.franceavelo.com\/product\/bretagne-sud-indiv-8jc\/","menu_order":0,"post_type":"product","post_mime_type":"","comment_count":"1","filter":"raw"}},{"product_link_product_item":{"ID":15752,"post_author":"42","post_date":"2018-03-21 12:12:40","post_date_gmt":"2018-03-21 11:12:40","post_content":"","post_title":"Bretagne Nord - Non guid\u00e9 - 8 jours - Classique","post_excerpt":"","post_status":"publish","comment_status":"open","ping_status":"closed","post_password":"","post_name":"voyage-velo-bretagne-en-liberte-8-jours-classique","to_ping":"","pinged":"","post_modified":"2025-10-31 15:27:14","post_modified_gmt":"2025-10-31 14:27:14","post_content_filtered":"","post_parent":0,"guid":"https:\/\/www.franceavelo.com\/product\/bretagne-nord-8jc\/","menu_order":0,"post_type":"product","post_mime_type":"","comment_count":"1","filter":"raw"}},{"product_link_product_item":{"ID":16012,"post_author":"42","post_date":"2018-03-19 17:59:52","post_date_gmt":"2018-03-19 16:59:52","post_content":"","post_title":"C\u00f4te Atlantique - Non guid\u00e9 - 8 jours - Classique","post_excerpt":"","post_status":"publish","comment_status":"open","ping_status":"closed","post_password":"","post_name":"voyage-velo-cote-atlantique-en-liberte-8-jours-classique","to_ping":"","pinged":"","post_modified":"2025-11-12 13:48:49","post_modified_gmt":"2025-11-12 12:48:49","post_content_filtered":"","post_parent":0,"guid":"https:\/\/www.franceavelo.com\/product\/atlantische-kuste-indiv-8-j-c\/","menu_order":0,"post_type":"product","post_mime_type":"","comment_count":"0","filter":"raw"}}],"product_price_from":"1264","product_option_vtc_bike":"150","product_option_electric_bike":"220","product_main_img":{"ID":79207,"id":79207,"title":"bretagne-nord","filename":"bretagne-nord.jpg","filesize":256405,"url":"https:\/\/www.franceavelo.com\/wp-content\/uploads\/2025\/11\/bretagne-nord.jpg","link":"https:\/\/www.franceavelo.com\/fr\/product\/voyage-velo-bretagne-rennes-8-jours-classique-france-a-velo\/bretagne-nord\/","alt":"Voyage \u00e0 v\u00e9lo Bretagne Nord- Belle plage ensoleill\u00e9e de la Bretagne Nord","author":"12","description":"","caption":"","name":"bretagne-nord","status":"inherit","uploaded_to":79201,"date":"2025-11-28 11:04:35","modified":"2026-03-30 12:15:55","menu_order":0,"mime_type":"image\/jpeg","type":"image","subtype":"jpeg","icon":"https:\/\/www.franceavelo.com\/wp-includes\/images\/media\/default.png","width":1920,"height":1080,"sizes":{"thumbnail":"https:\/\/www.franceavelo.com\/wp-content\/uploads\/2025\/11\/bretagne-nord-150x150.jpg","thumbnail-width":150,"thumbnail-height":150,"medium":"https:\/\/www.franceavelo.com\/wp-content\/uploads\/2025\/11\/bretagne-nord-300x169.jpg","medium-width":300,"medium-height":169,"medium_large":"https:\/\/www.franceavelo.com\/wp-content\/uploads\/2025\/11\/bretagne-nord-768x432.jpg","medium_large-width":768,"medium_large-height":432,"large":"https:\/\/www.franceavelo.com\/wp-content\/uploads\/2025\/11\/bretagne-nord-1024x576.jpg","large-width":1024,"large-height":576,"1536x1536":"https:\/\/www.franceavelo.com\/wp-content\/uploads\/2025\/11\/bretagne-nord-1536x864.jpg","1536x1536-width":1536,"1536x1536-height":864,"2048x2048":"https:\/\/www.franceavelo.com\/wp-content\/uploads\/2025\/11\/bretagne-nord.jpg","2048x2048-width":1920,"2048x2048-height":1080,"product_option_intro":"https:\/\/www.franceavelo.com\/wp-content\/uploads\/2025\/11\/bretagne-nord-300x220.jpg","product_option_intro-width":300,"product_option_intro-height":220,"postlist_thumbnail":"https:\/\/www.franceavelo.com\/wp-content\/uploads\/2025\/11\/bretagne-nord-200x200.jpg","postlist_thumbnail-width":200,"postlist_thumbnail-height":200,"content_full_desktop":"https:\/\/www.franceavelo.com\/wp-content\/uploads\/2025\/11\/bretagne-nord-970x546.jpg","content_full_desktop-width":970,"content_full_desktop-height":546,"content_full_desktop_retina":"https:\/\/www.franceavelo.com\/wp-content\/uploads\/2025\/11\/bretagne-nord.jpg","content_full_desktop_retina-width":1920,"content_full_desktop_retina-height":1080,"content_half_desktop":"https:\/\/www.franceavelo.com\/wp-content\/uploads\/2025\/11\/bretagne-nord-485x273.jpg","content_half_desktop-width":485,"content_half_desktop-height":273,"content_full_tablet":"https:\/\/www.franceavelo.com\/wp-content\/uploads\/2025\/11\/bretagne-nord-750x422.jpg","content_full_tablet-width":750,"content_full_tablet-height":422,"content_full_tablet_retina":"https:\/\/www.franceavelo.com\/wp-content\/uploads\/2025\/11\/bretagne-nord-1500x844.jpg","content_full_tablet_retina-width":1500,"content_full_tablet_retina-height":844,"content_half_tablet":"https:\/\/www.franceavelo.com\/wp-content\/uploads\/2025\/11\/bretagne-nord-375x211.jpg","content_half_tablet-width":375,"content_half_tablet-height":211,"content_full_mobile":"https:\/\/www.franceavelo.com\/wp-content\/uploads\/2025\/11\/bretagne-nord-500x281.jpg","content_full_mobile-width":500,"content_full_mobile-height":281,"content_full_mobile_retina":"https:\/\/www.franceavelo.com\/wp-content\/uploads\/2025\/11\/bretagne-nord-1000x563.jpg","content_full_mobile_retina-width":1000,"content_full_mobile_retina-height":563,"content_full_smallmobile":"https:\/\/www.franceavelo.com\/wp-content\/uploads\/2025\/11\/bretagne-nord-380x180.jpg","content_full_smallmobile-width":380,"content_full_smallmobile-height":180,"content_head_mobile":"https:\/\/www.franceavelo.com\/wp-content\/uploads\/2025\/11\/bretagne-nord-320x430.jpg","content_head_mobile-width":320,"content_head_mobile-height":430,"content_head_tablet":"https:\/\/www.franceavelo.com\/wp-content\/uploads\/2025\/11\/bretagne-nord-540x500.jpg","content_head_tablet-width":540,"content_head_tablet-height":500,"content_highlight_desktop":"https:\/\/www.franceavelo.com\/wp-content\/uploads\/2025\/11\/bretagne-nord-350x240.jpg","content_highlight_desktop-width":350,"content_highlight_desktop-height":240,"content_highlight_desktop_retina":"https:\/\/www.franceavelo.com\/wp-content\/uploads\/2025\/11\/bretagne-nord-700x480.jpg","content_highlight_desktop_retina-width":700,"content_highlight_desktop_retina-height":480,"content_testimony_mobile":"https:\/\/www.franceavelo.com\/wp-content\/uploads\/2025\/11\/bretagne-nord-480x1080.jpg","content_testimony_mobile-width":480,"content_testimony_mobile-height":1080,"content_type_image_desktop":"https:\/\/www.franceavelo.com\/wp-content\/uploads\/2025\/11\/bretagne-nord-600x338.jpg","content_type_image_desktop-width":600,"content_type_image_desktop-height":338,"content_type_image_desktop_retina":"https:\/\/www.franceavelo.com\/wp-content\/uploads\/2025\/11\/bretagne-nord-1200x675.jpg","content_type_image_desktop_retina-width":1200,"content_type_image_desktop_retina-height":675,"content_type_image_mobile":"https:\/\/www.franceavelo.com\/wp-content\/uploads\/2025\/11\/bretagne-nord-450x253.jpg","content_type_image_mobile-width":450,"content_type_image_mobile-height":253,"gform-image-choice-sm":"https:\/\/www.franceavelo.com\/wp-content\/uploads\/2025\/11\/bretagne-nord.jpg","gform-image-choice-sm-width":300,"gform-image-choice-sm-height":169,"gform-image-choice-md":"https:\/\/www.franceavelo.com\/wp-content\/uploads\/2025\/11\/bretagne-nord.jpg","gform-image-choice-md-width":400,"gform-image-choice-md-height":225,"gform-image-choice-lg":"https:\/\/www.franceavelo.com\/wp-content\/uploads\/2025\/11\/bretagne-nord.jpg","gform-image-choice-lg-width":600,"gform-image-choice-lg-height":338}},"product_map_circuit":{"ID":58291,"id":58291,"title":"Karte Frankreich_Bretagne","filename":"Karte-Frankreich_Bretagne.png","filesize":22303,"url":"https:\/\/www.franceavelo.com\/wp-content\/uploads\/2018\/03\/Karte-Frankreich_Bretagne.png","link":"https:\/\/www.franceavelo.com\/fr\/?attachment_id=58291","alt":"Voyage \u00e0 v\u00e9lo Bretagne Nord - Carte de la Bretagne","author":"12","description":"","caption":"","name":"karte-frankreich_bretagne-2","status":"inherit","uploaded_to":15532,"date":"2020-03-10 10:28:57","modified":"2026-03-30 12:16:03","menu_order":0,"mime_type":"image\/png","type":"image","subtype":"png","icon":"https:\/\/www.franceavelo.com\/wp-includes\/images\/media\/default.png","width":831,"height":818,"sizes":{"thumbnail":"https:\/\/www.franceavelo.com\/wp-content\/uploads\/2018\/03\/Karte-Frankreich_Bretagne-150x150.png","thumbnail-width":150,"thumbnail-height":150,"medium":"https:\/\/www.franceavelo.com\/wp-content\/uploads\/2018\/03\/Karte-Frankreich_Bretagne-300x295.png","medium-width":300,"medium-height":295,"medium_large":"https:\/\/www.franceavelo.com\/wp-content\/uploads\/2018\/03\/Karte-Frankreich_Bretagne-768x756.png","medium_large-width":768,"medium_large-height":756,"large":"https:\/\/www.franceavelo.com\/wp-content\/uploads\/2018\/03\/Karte-Frankreich_Bretagne.png","large-width":831,"large-height":818,"1536x1536":"https:\/\/www.franceavelo.com\/wp-content\/uploads\/2018\/03\/Karte-Frankreich_Bretagne.png","1536x1536-width":831,"1536x1536-height":818,"2048x2048":"https:\/\/www.franceavelo.com\/wp-content\/uploads\/2018\/03\/Karte-Frankreich_Bretagne.png","2048x2048-width":831,"2048x2048-height":818,"product_option_intro":"https:\/\/www.franceavelo.com\/wp-content\/uploads\/2018\/03\/Karte-Frankreich_Bretagne-300x220.png","product_option_intro-width":300,"product_option_intro-height":220,"postlist_thumbnail":"https:\/\/www.franceavelo.com\/wp-content\/uploads\/2018\/03\/Karte-Frankreich_Bretagne.png","postlist_thumbnail-width":200,"postlist_thumbnail-height":197,"content_full_desktop":"https:\/\/www.franceavelo.com\/wp-content\/uploads\/2018\/03\/Karte-Frankreich_Bretagne.png","content_full_desktop-width":831,"content_full_desktop-height":818,"content_full_desktop_retina":"https:\/\/www.franceavelo.com\/wp-content\/uploads\/2018\/03\/Karte-Frankreich_Bretagne.png","content_full_desktop_retina-width":831,"content_full_desktop_retina-height":818,"content_half_desktop":"https:\/\/www.franceavelo.com\/wp-content\/uploads\/2018\/03\/Karte-Frankreich_Bretagne-485x477.png","content_half_desktop-width":485,"content_half_desktop-height":477,"content_full_tablet":"https:\/\/www.franceavelo.com\/wp-content\/uploads\/2018\/03\/Karte-Frankreich_Bretagne-750x738.png","content_full_tablet-width":750,"content_full_tablet-height":738,"content_full_tablet_retina":"https:\/\/www.franceavelo.com\/wp-content\/uploads\/2018\/03\/Karte-Frankreich_Bretagne.png","content_full_tablet_retina-width":831,"content_full_tablet_retina-height":818,"content_half_tablet":"https:\/\/www.franceavelo.com\/wp-content\/uploads\/2018\/03\/Karte-Frankreich_Bretagne-375x369.png","content_half_tablet-width":375,"content_half_tablet-height":369,"content_full_mobile":"https:\/\/www.franceavelo.com\/wp-content\/uploads\/2018\/03\/Karte-Frankreich_Bretagne-500x492.png","content_full_mobile-width":500,"content_full_mobile-height":492,"content_full_mobile_retina":"https:\/\/www.franceavelo.com\/wp-content\/uploads\/2018\/03\/Karte-Frankreich_Bretagne.png","content_full_mobile_retina-width":831,"content_full_mobile_retina-height":818,"content_full_smallmobile":"https:\/\/www.franceavelo.com\/wp-content\/uploads\/2018\/03\/Karte-Frankreich_Bretagne-380x180.png","content_full_smallmobile-width":380,"content_full_smallmobile-height":180,"content_head_mobile":"https:\/\/www.franceavelo.com\/wp-content\/uploads\/2018\/03\/Karte-Frankreich_Bretagne-320x430.png","content_head_mobile-width":320,"content_head_mobile-height":430,"content_head_tablet":"https:\/\/www.franceavelo.com\/wp-content\/uploads\/2018\/03\/Karte-Frankreich_Bretagne-540x500.png","content_head_tablet-width":540,"content_head_tablet-height":500,"content_highlight_desktop":"https:\/\/www.franceavelo.com\/wp-content\/uploads\/2018\/03\/Karte-Frankreich_Bretagne-350x240.png","content_highlight_desktop-width":350,"content_highlight_desktop-height":240,"content_highlight_desktop_retina":"https:\/\/www.franceavelo.com\/wp-content\/uploads\/2018\/03\/Karte-Frankreich_Bretagne-700x480.png","content_highlight_desktop_retina-width":700,"content_highlight_desktop_retina-height":480,"content_testimony_mobile":"https:\/\/www.franceavelo.com\/wp-content\/uploads\/2018\/03\/Karte-Frankreich_Bretagne-480x818.png","content_testimony_mobile-width":480,"content_testimony_mobile-height":818,"content_type_image_desktop":"https:\/\/www.franceavelo.com\/wp-content\/uploads\/2018\/03\/Karte-Frankreich_Bretagne-600x591.png","content_type_image_desktop-width":600,"content_type_image_desktop-height":591,"content_type_image_desktop_retina":"https:\/\/www.franceavelo.com\/wp-content\/uploads\/2018\/03\/Karte-Frankreich_Bretagne.png","content_type_image_desktop_retina-width":831,"content_type_image_desktop_retina-height":818,"content_type_image_mobile":"https:\/\/www.franceavelo.com\/wp-content\/uploads\/2018\/03\/Karte-Frankreich_Bretagne-450x443.png","content_type_image_mobile-width":450,"content_type_image_mobile-height":443,"gform-image-choice-sm":"https:\/\/www.franceavelo.com\/wp-content\/uploads\/2018\/03\/Karte-Frankreich_Bretagne.png","gform-image-choice-sm-width":300,"gform-image-choice-sm-height":295,"gform-image-choice-md":"https:\/\/www.franceavelo.com\/wp-content\/uploads\/2018\/03\/Karte-Frankreich_Bretagne.png","gform-image-choice-md-width":400,"gform-image-choice-md-height":394,"gform-image-choice-lg":"https:\/\/www.franceavelo.com\/wp-content\/uploads\/2018\/03\/Karte-Frankreich_Bretagne.png","gform-image-choice-lg-width":600,"gform-image-choice-lg-height":591}},"product_map_region":{"ID":79183,"id":79183,"title":"Bretagne nord - BTN8CR - D\u00e9part de Rennes","filename":"Bretagne-nord-BTN8CR-Depart-de-Rennes.png","filesize":98616,"url":"https:\/\/www.franceavelo.com\/wp-content\/uploads\/2025\/11\/Bretagne-nord-BTN8CR-Depart-de-Rennes.png","link":"https:\/\/www.franceavelo.com\/fr\/product\/voyage-velo-bretagne-rennes-8-jours-classique-2\/bretagne-nord-btn8cr-depart-de-rennes\/","alt":"Voyage \u00e0 v\u00e9lo Bretagne Nord- Carte du s\u00e9jour \u00e0 v\u00e9lo - Bretagne Nord","author":"12","description":"","caption":"","name":"bretagne-nord-btn8cr-depart-de-rennes","status":"inherit","uploaded_to":79180,"date":"2025-11-28 09:56:27","modified":"2026-03-30 12:16:12","menu_order":0,"mime_type":"image\/png","type":"image","subtype":"png","icon":"https:\/\/www.franceavelo.com\/wp-includes\/images\/media\/default.png","width":1357,"height":1009,"sizes":{"thumbnail":"https:\/\/www.franceavelo.com\/wp-content\/uploads\/2025\/11\/Bretagne-nord-BTN8CR-Depart-de-Rennes-150x150.png","thumbnail-width":150,"thumbnail-height":150,"medium":"https:\/\/www.franceavelo.com\/wp-content\/uploads\/2025\/11\/Bretagne-nord-BTN8CR-Depart-de-Rennes-300x223.png","medium-width":300,"medium-height":223,"medium_large":"https:\/\/www.franceavelo.com\/wp-content\/uploads\/2025\/11\/Bretagne-nord-BTN8CR-Depart-de-Rennes-768x571.png","medium_large-width":768,"medium_large-height":571,"large":"https:\/\/www.franceavelo.com\/wp-content\/uploads\/2025\/11\/Bretagne-nord-BTN8CR-Depart-de-Rennes-1024x761.png","large-width":1024,"large-height":761,"1536x1536":"https:\/\/www.franceavelo.com\/wp-content\/uploads\/2025\/11\/Bretagne-nord-BTN8CR-Depart-de-Rennes.png","1536x1536-width":1357,"1536x1536-height":1009,"2048x2048":"https:\/\/www.franceavelo.com\/wp-content\/uploads\/2025\/11\/Bretagne-nord-BTN8CR-Depart-de-Rennes.png","2048x2048-width":1357,"2048x2048-height":1009,"product_option_intro":"https:\/\/www.franceavelo.com\/wp-content\/uploads\/2025\/11\/Bretagne-nord-BTN8CR-Depart-de-Rennes-300x220.png","product_option_intro-width":300,"product_option_intro-height":220,"postlist_thumbnail":"https:\/\/www.franceavelo.com\/wp-content\/uploads\/2025\/11\/Bretagne-nord-BTN8CR-Depart-de-Rennes-200x200.png","postlist_thumbnail-width":200,"postlist_thumbnail-height":200,"content_full_desktop":"https:\/\/www.franceavelo.com\/wp-content\/uploads\/2025\/11\/Bretagne-nord-BTN8CR-Depart-de-Rennes-970x721.png","content_full_desktop-width":970,"content_full_desktop-height":721,"content_full_desktop_retina":"https:\/\/www.franceavelo.com\/wp-content\/uploads\/2025\/11\/Bretagne-nord-BTN8CR-Depart-de-Rennes.png","content_full_desktop_retina-width":1357,"content_full_desktop_retina-height":1009,"content_half_desktop":"https:\/\/www.franceavelo.com\/wp-content\/uploads\/2025\/11\/Bretagne-nord-BTN8CR-Depart-de-Rennes-485x361.png","content_half_desktop-width":485,"content_half_desktop-height":361,"content_full_tablet":"https:\/\/www.franceavelo.com\/wp-content\/uploads\/2025\/11\/Bretagne-nord-BTN8CR-Depart-de-Rennes-750x558.png","content_full_tablet-width":750,"content_full_tablet-height":558,"content_full_tablet_retina":"https:\/\/www.franceavelo.com\/wp-content\/uploads\/2025\/11\/Bretagne-nord-BTN8CR-Depart-de-Rennes.png","content_full_tablet_retina-width":1357,"content_full_tablet_retina-height":1009,"content_half_tablet":"https:\/\/www.franceavelo.com\/wp-content\/uploads\/2025\/11\/Bretagne-nord-BTN8CR-Depart-de-Rennes-375x279.png","content_half_tablet-width":375,"content_half_tablet-height":279,"content_full_mobile":"https:\/\/www.franceavelo.com\/wp-content\/uploads\/2025\/11\/Bretagne-nord-BTN8CR-Depart-de-Rennes-500x372.png","content_full_mobile-width":500,"content_full_mobile-height":372,"content_full_mobile_retina":"https:\/\/www.franceavelo.com\/wp-content\/uploads\/2025\/11\/Bretagne-nord-BTN8CR-Depart-de-Rennes-1000x744.png","content_full_mobile_retina-width":1000,"content_full_mobile_retina-height":744,"content_full_smallmobile":"https:\/\/www.franceavelo.com\/wp-content\/uploads\/2025\/11\/Bretagne-nord-BTN8CR-Depart-de-Rennes-380x180.png","content_full_smallmobile-width":380,"content_full_smallmobile-height":180,"content_head_mobile":"https:\/\/www.franceavelo.com\/wp-content\/uploads\/2025\/11\/Bretagne-nord-BTN8CR-Depart-de-Rennes-320x430.png","content_head_mobile-width":320,"content_head_mobile-height":430,"content_head_tablet":"https:\/\/www.franceavelo.com\/wp-content\/uploads\/2025\/11\/Bretagne-nord-BTN8CR-Depart-de-Rennes-540x500.png","content_head_tablet-width":540,"content_head_tablet-height":500,"content_highlight_desktop":"https:\/\/www.franceavelo.com\/wp-content\/uploads\/2025\/11\/Bretagne-nord-BTN8CR-Depart-de-Rennes-350x240.png","content_highlight_desktop-width":350,"content_highlight_desktop-height":240,"content_highlight_desktop_retina":"https:\/\/www.franceavelo.com\/wp-content\/uploads\/2025\/11\/Bretagne-nord-BTN8CR-Depart-de-Rennes-700x480.png","content_highlight_desktop_retina-width":700,"content_highlight_desktop_retina-height":480,"content_testimony_mobile":"https:\/\/www.franceavelo.com\/wp-content\/uploads\/2025\/11\/Bretagne-nord-BTN8CR-Depart-de-Rennes-480x1009.png","content_testimony_mobile-width":480,"content_testimony_mobile-height":1009,"content_type_image_desktop":"https:\/\/www.franceavelo.com\/wp-content\/uploads\/2025\/11\/Bretagne-nord-BTN8CR-Depart-de-Rennes-600x446.png","content_type_image_desktop-width":600,"content_type_image_desktop-height":446,"content_type_image_desktop_retina":"https:\/\/www.franceavelo.com\/wp-content\/uploads\/2025\/11\/Bretagne-nord-BTN8CR-Depart-de-Rennes-1200x892.png","content_type_image_desktop_retina-width":1200,"content_type_image_desktop_retina-height":892,"content_type_image_mobile":"https:\/\/www.franceavelo.com\/wp-content\/uploads\/2025\/11\/Bretagne-nord-BTN8CR-Depart-de-Rennes-450x335.png","content_type_image_mobile-width":450,"content_type_image_mobile-height":335,"gform-image-choice-sm":"https:\/\/www.franceavelo.com\/wp-content\/uploads\/2025\/11\/Bretagne-nord-BTN8CR-Depart-de-Rennes.png","gform-image-choice-sm-width":300,"gform-image-choice-sm-height":223,"gform-image-choice-md":"https:\/\/www.franceavelo.com\/wp-content\/uploads\/2025\/11\/Bretagne-nord-BTN8CR-Depart-de-Rennes.png","gform-image-choice-md-width":400,"gform-image-choice-md-height":297,"gform-image-choice-lg":"https:\/\/www.franceavelo.com\/wp-content\/uploads\/2025\/11\/Bretagne-nord-BTN8CR-Depart-de-Rennes.png","gform-image-choice-lg-width":600,"gform-image-choice-lg-height":446}}},"yoast_head":"<!-- This site is optimized with the Yoast SEO plugin v27.4 - https:\/\/yoast.com\/product\/yoast-seo-wordpress\/ -->\n<title>Voyage \u00e0 v\u00e9lo - Bretagne Nord - 8J\/7N - Cat B - France \u00e0 V\u00e9lo<\/title>\n<meta name=\"description\" content=\"D\u00e9couvrez lors d&#039;un voyage \u00e0 v\u00e9lo la Bretagne Nord avec ses beaut\u00e9s naturelles, ses parcs \u00e0 hu\u00eetres, Dinan et le Mont St Michel.\" \/>\n<meta name=\"robots\" content=\"index, follow, max-snippet:-1, max-image-preview:large, max-video-preview:-1\" \/>\n<link rel=\"canonical\" href=\"https:\/\/www.franceavelo.com\/fr\/product\/voyage-velo-bretagne-rennes-8-jours-classique-france-a-velo\/\" \/>\n<meta property=\"og:locale\" content=\"fr_FR\" \/>\n<meta property=\"og:type\" content=\"article\" \/>\n<meta property=\"og:title\" content=\"Voyage \u00e0 v\u00e9lo - Bretagne Nord - 8J\/7N - Cat B - France \u00e0 V\u00e9lo\" \/>\n<meta property=\"og:description\" content=\"D\u00e9couvrez lors d&#039;un voyage \u00e0 v\u00e9lo la Bretagne Nord avec ses beaut\u00e9s naturelles, ses parcs \u00e0 hu\u00eetres, Dinan et le Mont St Michel.\" \/>\n<meta property=\"og:url\" content=\"https:\/\/www.franceavelo.com\/fr\/product\/voyage-velo-bretagne-rennes-8-jours-classique-france-a-velo\/\" \/>\n<meta property=\"og:site_name\" content=\"France \u00e0 v\u00e9lo\" \/>\n<meta property=\"article:modified_time\" content=\"2026-03-30T14:31:32+00:00\" \/>\n<meta name=\"twitter:card\" content=\"summary_large_image\" \/>\n<meta name=\"twitter:label1\" content=\"Dur\u00e9e de lecture estim\u00e9e\" \/>\n\t<meta name=\"twitter:data1\" content=\"6 minutes\" \/>\n<script type=\"application\/ld+json\" class=\"yoast-schema-graph\">{\"@context\":\"https:\\\/\\\/schema.org\",\"@graph\":[{\"@type\":\"WebPage\",\"@id\":\"https:\\\/\\\/www.franceavelo.com\\\/fr\\\/product\\\/voyage-velo-bretagne-rennes-8-jours-classique-france-a-velo\\\/\",\"url\":\"https:\\\/\\\/www.franceavelo.com\\\/fr\\\/product\\\/voyage-velo-bretagne-rennes-8-jours-classique-france-a-velo\\\/\",\"name\":\"Voyage \u00e0 v\u00e9lo - Bretagne Nord - 8J\\\/7N - Cat B - France \u00e0 V\u00e9lo\",\"isPartOf\":{\"@id\":\"https:\\\/\\\/www.franceavelo.com\\\/fr\\\/#website\"},\"datePublished\":\"2025-11-28T11:02:32+00:00\",\"dateModified\":\"2026-03-30T14:31:32+00:00\",\"description\":\"D\u00e9couvrez lors d'un voyage \u00e0 v\u00e9lo la Bretagne Nord avec ses beaut\u00e9s naturelles, ses parcs \u00e0 hu\u00eetres, Dinan et le Mont St Michel.\",\"breadcrumb\":{\"@id\":\"https:\\\/\\\/www.franceavelo.com\\\/fr\\\/product\\\/voyage-velo-bretagne-rennes-8-jours-classique-france-a-velo\\\/#breadcrumb\"},\"inLanguage\":\"fr-FR\",\"potentialAction\":[{\"@type\":\"ReadAction\",\"target\":[\"https:\\\/\\\/www.franceavelo.com\\\/fr\\\/product\\\/voyage-velo-bretagne-rennes-8-jours-classique-france-a-velo\\\/\"]}]},{\"@type\":\"BreadcrumbList\",\"@id\":\"https:\\\/\\\/www.franceavelo.com\\\/fr\\\/product\\\/voyage-velo-bretagne-rennes-8-jours-classique-france-a-velo\\\/#breadcrumb\",\"itemListElement\":[{\"@type\":\"ListItem\",\"position\":1,\"name\":\"Home\",\"item\":\"https:\\\/\\\/www.franceavelo.com\\\/fr\\\/\"},{\"@type\":\"ListItem\",\"position\":2,\"name\":\"Produits\",\"item\":\"https:\\\/\\\/www.franceavelo.com\\\/produits\\\/\"},{\"@type\":\"ListItem\",\"position\":3,\"name\":\"Bretagne Nord &#8211; D\u00e9part de Rennes &#8211; 8 jours &#8211; Classique &#8211; Cat\u00e9gorie B\"}]},{\"@type\":\"WebSite\",\"@id\":\"https:\\\/\\\/www.franceavelo.com\\\/fr\\\/#website\",\"url\":\"https:\\\/\\\/www.franceavelo.com\\\/fr\\\/\",\"name\":\"France \u00e0 v\u00e9lo\",\"description\":\"Un site utilisant WordPress\",\"publisher\":{\"@id\":\"https:\\\/\\\/www.franceavelo.com\\\/fr\\\/#organization\"},\"potentialAction\":[{\"@type\":\"SearchAction\",\"target\":{\"@type\":\"EntryPoint\",\"urlTemplate\":\"https:\\\/\\\/www.franceavelo.com\\\/fr\\\/?s={search_term_string}\"},\"query-input\":{\"@type\":\"PropertyValueSpecification\",\"valueRequired\":true,\"valueName\":\"search_term_string\"}}],\"inLanguage\":\"fr-FR\"},{\"@type\":\"Organization\",\"@id\":\"https:\\\/\\\/www.franceavelo.com\\\/fr\\\/#organization\",\"name\":\"France \u00e0 v\u00e9lo\",\"url\":\"https:\\\/\\\/www.franceavelo.com\\\/fr\\\/\",\"logo\":{\"@type\":\"ImageObject\",\"inLanguage\":\"fr-FR\",\"@id\":\"https:\\\/\\\/www.franceavelo.com\\\/fr\\\/#\\\/schema\\\/logo\\\/image\\\/\",\"url\":\"https:\\\/\\\/www.franceavelo.com\\\/wp-content\\\/uploads\\\/2024\\\/07\\\/favicon-large.png\",\"contentUrl\":\"https:\\\/\\\/www.franceavelo.com\\\/wp-content\\\/uploads\\\/2024\\\/07\\\/favicon-large.png\",\"width\":696,\"height\":696,\"caption\":\"France \u00e0 v\u00e9lo\"},\"image\":{\"@id\":\"https:\\\/\\\/www.franceavelo.com\\\/fr\\\/#\\\/schema\\\/logo\\\/image\\\/\"}}]}<\/script>\n<!-- \/ Yoast SEO plugin. -->","yoast_head_json":{"title":"Voyage \u00e0 v\u00e9lo - Bretagne Nord - 8J\/7N - Cat B - France \u00e0 V\u00e9lo","description":"D\u00e9couvrez lors d'un voyage \u00e0 v\u00e9lo la Bretagne Nord avec ses beaut\u00e9s naturelles, ses parcs \u00e0 hu\u00eetres, Dinan et le Mont St Michel.","robots":{"index":"index","follow":"follow","max-snippet":"max-snippet:-1","max-image-preview":"max-image-preview:large","max-video-preview":"max-video-preview:-1"},"canonical":"https:\/\/www.franceavelo.com\/fr\/product\/voyage-velo-bretagne-rennes-8-jours-classique-france-a-velo\/","og_locale":"fr_FR","og_type":"article","og_title":"Voyage \u00e0 v\u00e9lo - Bretagne Nord - 8J\/7N - Cat B - France \u00e0 V\u00e9lo","og_description":"D\u00e9couvrez lors d'un voyage \u00e0 v\u00e9lo la Bretagne Nord avec ses beaut\u00e9s naturelles, ses parcs \u00e0 hu\u00eetres, Dinan et le Mont St Michel.","og_url":"https:\/\/www.franceavelo.com\/fr\/product\/voyage-velo-bretagne-rennes-8-jours-classique-france-a-velo\/","og_site_name":"France \u00e0 v\u00e9lo","article_modified_time":"2026-03-30T14:31:32+00:00","twitter_card":"summary_large_image","twitter_misc":{"Dur\u00e9e de lecture estim\u00e9e":"6 minutes"},"schema":{"@context":"https:\/\/schema.org","@graph":[{"@type":"WebPage","@id":"https:\/\/www.franceavelo.com\/fr\/product\/voyage-velo-bretagne-rennes-8-jours-classique-france-a-velo\/","url":"https:\/\/www.franceavelo.com\/fr\/product\/voyage-velo-bretagne-rennes-8-jours-classique-france-a-velo\/","name":"Voyage \u00e0 v\u00e9lo - Bretagne Nord - 8J\/7N - Cat B - France \u00e0 V\u00e9lo","isPartOf":{"@id":"https:\/\/www.franceavelo.com\/fr\/#website"},"datePublished":"2025-11-28T11:02:32+00:00","dateModified":"2026-03-30T14:31:32+00:00","description":"D\u00e9couvrez lors d'un voyage \u00e0 v\u00e9lo la Bretagne Nord avec ses beaut\u00e9s naturelles, ses parcs \u00e0 hu\u00eetres, Dinan et le Mont St Michel.","breadcrumb":{"@id":"https:\/\/www.franceavelo.com\/fr\/product\/voyage-velo-bretagne-rennes-8-jours-classique-france-a-velo\/#breadcrumb"},"inLanguage":"fr-FR","potentialAction":[{"@type":"ReadAction","target":["https:\/\/www.franceavelo.com\/fr\/product\/voyage-velo-bretagne-rennes-8-jours-classique-france-a-velo\/"]}]},{"@type":"BreadcrumbList","@id":"https:\/\/www.franceavelo.com\/fr\/product\/voyage-velo-bretagne-rennes-8-jours-classique-france-a-velo\/#breadcrumb","itemListElement":[{"@type":"ListItem","position":1,"name":"Home","item":"https:\/\/www.franceavelo.com\/fr\/"},{"@type":"ListItem","position":2,"name":"Produits","item":"https:\/\/www.franceavelo.com\/produits\/"},{"@type":"ListItem","position":3,"name":"Bretagne Nord &#8211; D\u00e9part de Rennes &#8211; 8 jours &#8211; Classique &#8211; Cat\u00e9gorie B"}]},{"@type":"WebSite","@id":"https:\/\/www.franceavelo.com\/fr\/#website","url":"https:\/\/www.franceavelo.com\/fr\/","name":"France \u00e0 v\u00e9lo","description":"Un site utilisant WordPress","publisher":{"@id":"https:\/\/www.franceavelo.com\/fr\/#organization"},"potentialAction":[{"@type":"SearchAction","target":{"@type":"EntryPoint","urlTemplate":"https:\/\/www.franceavelo.com\/fr\/?s={search_term_string}"},"query-input":{"@type":"PropertyValueSpecification","valueRequired":true,"valueName":"search_term_string"}}],"inLanguage":"fr-FR"},{"@type":"Organization","@id":"https:\/\/www.franceavelo.com\/fr\/#organization","name":"France \u00e0 v\u00e9lo","url":"https:\/\/www.franceavelo.com\/fr\/","logo":{"@type":"ImageObject","inLanguage":"fr-FR","@id":"https:\/\/www.franceavelo.com\/fr\/#\/schema\/logo\/image\/","url":"https:\/\/www.franceavelo.com\/wp-content\/uploads\/2024\/07\/favicon-large.png","contentUrl":"https:\/\/www.franceavelo.com\/wp-content\/uploads\/2024\/07\/favicon-large.png","width":696,"height":696,"caption":"France \u00e0 v\u00e9lo"},"image":{"@id":"https:\/\/www.franceavelo.com\/fr\/#\/schema\/logo\/image\/"}}]}},"_links":{"self":[{"href":"https:\/\/www.franceavelo.com\/fr\/wp-json\/wp\/v2\/product\/79201","targetHints":{"allow":["GET"]}}],"collection":[{"href":"https:\/\/www.franceavelo.com\/fr\/wp-json\/wp\/v2\/product"}],"about":[{"href":"https:\/\/www.franceavelo.com\/fr\/wp-json\/wp\/v2\/types\/product"}],"replies":[{"embeddable":true,"href":"https:\/\/www.franceavelo.com\/fr\/wp-json\/wp\/v2\/comments?post=79201"}],"wp:attachment":[{"href":"https:\/\/www.franceavelo.com\/fr\/wp-json\/wp\/v2\/media?parent=79201"}],"curies":[{"name":"wp","href":"https:\/\/api.w.org\/{rel}","templated":true}]}}